{"id":154,"date":"2022-05-10T11:39:27","date_gmt":"2022-05-10T09:39:27","guid":{"rendered":"https:\/\/www.efaflex.com\/\/?page_id=154"},"modified":"2025-09-30T14:14:30","modified_gmt":"2025-09-30T12:14:30","slug":"mediathek","status":"publish","type":"page","link":"https:\/\/www.efaflex.com\/de\/mediathek\/","title":{"rendered":"Mediathek"},"content":{"rendered":"\n<div style=\"height:60px\" aria-hidden=\"true\" class=\"wp-block-spacer\"><\/div>\n\n\n\r\n\r\n<div id=\"breadcrump-block_0c328998d5fab6f50fce9bf26333c697\" class=\"inner\">\r\n        <nav class=\"breadcrumb\"><a href=\"https:\/\/www.efaflex.com\/de\/\">Startseite<\/a> \/ <span class=\"current-page\">Seite<\/span><\/nav>    <\/div>\n\n\n<div style=\"height:120px\" aria-hidden=\"true\" class=\"wp-block-spacer\"><\/div>\n\n\n\r\n\r\n<div id=\"textmodul-3-spalten-block_56c43beaa5a87d85da482e3b0f8096b9\" class=\"textmodul-3-spalten\">\r\n    <div class=\"inner\">\r\n        <div class=\"custom-flex-box\">\r\n                            <h1 class=\"flex-box-thirty break headline-two\">Machen Sie sich selbst ein Bild.<\/h1>                        <div class=\"flex-box-thirty\"><p>In unserer Mediathek finden Sie Filme zu unseren verschiedenen Toranlagen im Betrieb, Energieeinsparung bei EFAFLEX Schnelllauftoren und zu unseren Peripherie-Systemen zur Vorfeld\u00fcberwachung.<\/p>\n<\/div>\r\n            <div class=\"flex-box-thirty\"><\/div>\r\n        <\/div>\r\n    <\/div>\r\n<\/div>\r\n\n\n\n<div style=\"height:130px\" aria-hidden=\"true\" class=\"wp-block-spacer\"><\/div>\n\n\n\r\n\r\n<div class=\"inner\">\r\n    <div class=\"custom-flex-box\" style=\"justify-content: center\">\r\n                    \r\n                <div class=\"single-mediathek-block flex-box-twentyfive\">\r\n                                                    <div class=\"image-content\">\r\n                                                                                                                                    <img decoding=\"async\" width=\"382\" height=\"254\" src=\"https:\/\/www.efaflex.com\/wp-content\/uploads\/2022\/07\/serie-s-schnelllauf-spiraltore-produkte-header-efaflex-382x254.jpg\" class=\"attachment-slider-produktvergleich-thumbnail size-slider-produktvergleich-thumbnail\" alt=\"\" srcset=\"https:\/\/www.efaflex.com\/wp-content\/uploads\/2022\/07\/serie-s-schnelllauf-spiraltore-produkte-header-efaflex-382x254.jpg 382w, https:\/\/www.efaflex.com\/wp-content\/uploads\/2022\/07\/serie-s-schnelllauf-spiraltore-produkte-header-efaflex-1083x720.jpg 1083w\" sizes=\"(max-width: 382px) 100vw, 382px\" \/>                                                            <\/div>\r\n                        \r\n                    <div class=\"text-content small-padding\">\r\n                        <h2 class=\"medium-h2\">Serie S<\/h2>\r\n                        <p><\/p>\r\n                                                                            <a href=\"https:\/\/www.efaflex.com\/de\/mediathek\/serie-s\/\" class=\"load-more-button\">Mehr erfahren<\/a>\r\n                                            <\/div>\r\n                <\/div>\r\n\r\n            \r\n                <div class=\"single-mediathek-block flex-box-twentyfive\">\r\n                                                    <div class=\"image-content\">\r\n                                                                                                                                    <img decoding=\"async\" width=\"382\" height=\"254\" src=\"https:\/\/www.efaflex.com\/wp-content\/uploads\/2022\/06\/serie-r-schnelllauf-rolltore-efa-srt-value-header-efaflex-382x254.jpg\" class=\"attachment-slider-produktvergleich-thumbnail size-slider-produktvergleich-thumbnail\" alt=\"\" srcset=\"https:\/\/www.efaflex.com\/wp-content\/uploads\/2022\/06\/serie-r-schnelllauf-rolltore-efa-srt-value-header-efaflex-382x254.jpg 382w, https:\/\/www.efaflex.com\/wp-content\/uploads\/2022\/06\/serie-r-schnelllauf-rolltore-efa-srt-value-header-efaflex-1083x720.jpg 1083w\" sizes=\"(max-width: 382px) 100vw, 382px\" \/>                                                            <\/div>\r\n                        \r\n                    <div class=\"text-content small-padding\">\r\n                        <h2 class=\"medium-h2\">Serie R<\/h2>\r\n                        <p><\/p>\r\n                                                                            <a href=\"https:\/\/www.efaflex.com\/de\/mediathek\/serie-r\/\" class=\"load-more-button\">Mehr erfahren<\/a>\r\n                                            <\/div>\r\n                <\/div>\r\n\r\n            \r\n                <div class=\"single-mediathek-block flex-box-twentyfive\">\r\n                                                    <div class=\"image-content\">\r\n                                                                                                                                    <img decoding=\"async\" width=\"382\" height=\"254\" src=\"https:\/\/www.efaflex.com\/wp-content\/uploads\/2022\/07\/titelbild-serie-ms-maschinenschutztore-382x254.jpg\" class=\"attachment-slider-produktvergleich-thumbnail size-slider-produktvergleich-thumbnail\" alt=\"\" srcset=\"https:\/\/www.efaflex.com\/wp-content\/uploads\/2022\/07\/titelbild-serie-ms-maschinenschutztore-382x254.jpg 382w, https:\/\/www.efaflex.com\/wp-content\/uploads\/2022\/07\/titelbild-serie-ms-maschinenschutztore-1083x720.jpg 1083w\" sizes=\"(max-width: 382px) 100vw, 382px\" \/>                                                            <\/div>\r\n                        \r\n                    <div class=\"text-content small-padding\">\r\n                        <h2 class=\"medium-h2\">Serie MS<\/h2>\r\n                        <p><\/p>\r\n                                                                            <a href=\"https:\/\/www.efaflex.com\/de\/mediathek\/serie-ms\/\" class=\"load-more-button\">Mehr erfahren<\/a>\r\n                                            <\/div>\r\n                <\/div>\r\n\r\n            \r\n                <div class=\"single-mediathek-block flex-box-twentyfive\">\r\n                                                    <div class=\"image-content\">\r\n                                                                                                                                    <img decoding=\"async\" width=\"382\" height=\"254\" src=\"https:\/\/www.efaflex.com\/wp-content\/uploads\/2022\/07\/serie-efaprotect-sicherheitstore-produkte-vorschau-efaflex-382x254.jpg\" class=\"attachment-slider-produktvergleich-thumbnail size-slider-produktvergleich-thumbnail\" alt=\"\" srcset=\"https:\/\/www.efaflex.com\/wp-content\/uploads\/2022\/07\/serie-efaprotect-sicherheitstore-produkte-vorschau-efaflex-382x254.jpg 382w, https:\/\/www.efaflex.com\/wp-content\/uploads\/2022\/07\/serie-efaprotect-sicherheitstore-produkte-vorschau-efaflex-1083x720.jpg 1083w\" sizes=\"(max-width: 382px) 100vw, 382px\" \/>                                                            <\/div>\r\n                        \r\n                    <div class=\"text-content small-padding\">\r\n                        <h2 class=\"medium-h2\">Serie EFAPROTECT<\/h2>\r\n                        <p><\/p>\r\n                                                                            <a href=\"https:\/\/www.efaflex.com\/de\/mediathek\/serie-efaprotect\/\" class=\"load-more-button\">Mehr erfahren<\/a>\r\n                                            <\/div>\r\n                <\/div>\r\n\r\n            \r\n                <div class=\"single-mediathek-block flex-box-twentyfive\">\r\n                                                    <div class=\"image-content\">\r\n                                                                                                                                    <img decoding=\"async\" width=\"382\" height=\"254\" src=\"https:\/\/www.efaflex.com\/wp-content\/uploads\/2022\/06\/serie-cr-rolltor-efa-srt-cr-premium-seitenansicht-efaflex-382x254.jpg\" class=\"attachment-slider-produktvergleich-thumbnail size-slider-produktvergleich-thumbnail\" alt=\"\" srcset=\"https:\/\/www.efaflex.com\/wp-content\/uploads\/2022\/06\/serie-cr-rolltor-efa-srt-cr-premium-seitenansicht-efaflex-382x254.jpg 382w, https:\/\/www.efaflex.com\/wp-content\/uploads\/2022\/06\/serie-cr-rolltor-efa-srt-cr-premium-seitenansicht-efaflex-300x200.jpg 300w, https:\/\/www.efaflex.com\/wp-content\/uploads\/2022\/06\/serie-cr-rolltor-efa-srt-cr-premium-seitenansicht-efaflex-1024x683.jpg 1024w, https:\/\/www.efaflex.com\/wp-content\/uploads\/2022\/06\/serie-cr-rolltor-efa-srt-cr-premium-seitenansicht-efaflex-768x512.jpg 768w, https:\/\/www.efaflex.com\/wp-content\/uploads\/2022\/06\/serie-cr-rolltor-efa-srt-cr-premium-seitenansicht-efaflex-1536x1024.jpg 1536w, https:\/\/www.efaflex.com\/wp-content\/uploads\/2022\/06\/serie-cr-rolltor-efa-srt-cr-premium-seitenansicht-efaflex-1083x720.jpg 1083w, https:\/\/www.efaflex.com\/wp-content\/uploads\/2022\/06\/serie-cr-rolltor-efa-srt-cr-premium-seitenansicht-efaflex.jpg 1920w\" sizes=\"(max-width: 382px) 100vw, 382px\" \/>                                                            <\/div>\r\n                        \r\n                    <div class=\"text-content small-padding\">\r\n                        <h2 class=\"medium-h2\">Serie CR<\/h2>\r\n                        <p><\/p>\r\n                                                                            <a href=\"https:\/\/www.efaflex.com\/de\/mediathek\/serie-cr\/\" class=\"load-more-button\">Mehr erfahren<\/a>\r\n                                            <\/div>\r\n                <\/div>\r\n\r\n            \r\n                <div class=\"single-mediathek-block flex-box-twentyfive\">\r\n                                                    <div class=\"image-content\">\r\n                                                                                                                                    <img decoding=\"async\" width=\"382\" height=\"254\" src=\"https:\/\/www.efaflex.com\/wp-content\/uploads\/2022\/07\/titelbild-serie-mtl-schnelllauftore-material-transport-logistik-382x254.jpg\" class=\"attachment-slider-produktvergleich-thumbnail size-slider-produktvergleich-thumbnail\" alt=\"\" srcset=\"https:\/\/www.efaflex.com\/wp-content\/uploads\/2022\/07\/titelbild-serie-mtl-schnelllauftore-material-transport-logistik-382x254.jpg 382w, https:\/\/www.efaflex.com\/wp-content\/uploads\/2022\/07\/titelbild-serie-mtl-schnelllauftore-material-transport-logistik-300x200.jpg 300w, https:\/\/www.efaflex.com\/wp-content\/uploads\/2022\/07\/titelbild-serie-mtl-schnelllauftore-material-transport-logistik-1024x683.jpg 1024w, https:\/\/www.efaflex.com\/wp-content\/uploads\/2022\/07\/titelbild-serie-mtl-schnelllauftore-material-transport-logistik-768x512.jpg 768w, https:\/\/www.efaflex.com\/wp-content\/uploads\/2022\/07\/titelbild-serie-mtl-schnelllauftore-material-transport-logistik-1536x1024.jpg 1536w, https:\/\/www.efaflex.com\/wp-content\/uploads\/2022\/07\/titelbild-serie-mtl-schnelllauftore-material-transport-logistik-1083x720.jpg 1083w, https:\/\/www.efaflex.com\/wp-content\/uploads\/2022\/07\/titelbild-serie-mtl-schnelllauftore-material-transport-logistik.jpg 1920w\" sizes=\"(max-width: 382px) 100vw, 382px\" \/>                                                            <\/div>\r\n                        \r\n                    <div class=\"text-content small-padding\">\r\n                        <h2 class=\"medium-h2\">Serie MTL<\/h2>\r\n                        <p><\/p>\r\n                                                                            <a href=\"https:\/\/www.efaflex.com\/de\/mediathek\/serie-mtl\/\" class=\"load-more-button\">Mehr erfahren<\/a>\r\n                                            <\/div>\r\n                <\/div>\r\n\r\n            \r\n                <div class=\"single-mediathek-block flex-box-twentyfive\">\r\n                                                    <div class=\"image-content\">\r\n                                                                                                                                    <img decoding=\"async\" width=\"382\" height=\"254\" src=\"https:\/\/www.efaflex.com\/wp-content\/uploads\/2022\/07\/Digitales_Tor_Tablet_A3-12-1-382x254.jpg\" class=\"attachment-slider-produktvergleich-thumbnail size-slider-produktvergleich-thumbnail\" alt=\"\" \/>                                                            <\/div>\r\n                        \r\n                    <div class=\"text-content small-padding\">\r\n                        <h2 class=\"medium-h2\">Schulungsvideos<\/h2>\r\n                        <p><\/p>\r\n                                                                            <a href=\"https:\/\/www.efaflex.com\/de\/mediathek\/tutorials\" class=\"load-more-button\">Mehr erfahren<\/a>\r\n                                            <\/div>\r\n                <\/div>\r\n\r\n            \r\n                <div class=\"single-mediathek-block flex-box-twentyfive\">\r\n                                                    <div class=\"image-content\">\r\n                                                                                                                                    <img decoding=\"async\" width=\"382\" height=\"254\" src=\"https:\/\/www.efaflex.com\/wp-content\/uploads\/2023\/07\/referenzen-schnelllauftor-grau-efaflex-quicklink-382x254.jpg\" class=\"attachment-slider-produktvergleich-thumbnail size-slider-produktvergleich-thumbnail\" alt=\"\" \/>                                                            <\/div>\r\n                        \r\n                    <div class=\"text-content small-padding\">\r\n                        <h2 class=\"medium-h2\">Referenzvideos<\/h2>\r\n                        <p><\/p>\r\n                                                                            <a href=\"https:\/\/www.efaflex.com\/de\/mediathek\/referenzvideos\/\" class=\"load-more-button\">Mehr erfahren<\/a>\r\n                                            <\/div>\r\n                <\/div>\r\n\r\n            \r\n                <div class=\"single-mediathek-block flex-box-twentyfive\">\r\n                                                    <div class=\"image-content\">\r\n                                                                                                                                    <img decoding=\"async\" width=\"382\" height=\"254\" src=\"https:\/\/www.efaflex.com\/wp-content\/uploads\/2022\/07\/titelbild-serie-efaprotect-schnelllauf-spiraltor-efficient-382x254.jpg\" class=\"attachment-slider-produktvergleich-thumbnail size-slider-produktvergleich-thumbnail\" alt=\"\" srcset=\"https:\/\/www.efaflex.com\/wp-content\/uploads\/2022\/07\/titelbild-serie-efaprotect-schnelllauf-spiraltor-efficient-382x254.jpg 382w, https:\/\/www.efaflex.com\/wp-content\/uploads\/2022\/07\/titelbild-serie-efaprotect-schnelllauf-spiraltor-efficient-1083x720.jpg 1083w\" sizes=\"(max-width: 382px) 100vw, 382px\" \/>                                                            <\/div>\r\n                        \r\n                    <div class=\"text-content small-padding\">\r\n                        <h2 class=\"medium-h2\">Allgemeine Videos <\/h2>\r\n                        <p><\/p>\r\n                                                                            <a href=\"https:\/\/www.efaflex.com\/de\/mediathek\/allgemeine-videos\/\" class=\"load-more-button\">Mehr erfahren <\/a>\r\n                                            <\/div>\r\n                <\/div>\r\n\r\n                        <\/div>\r\n<\/div>\n\n\n<div style=\"height:200px\" aria-hidden=\"true\" class=\"wp-block-spacer\"><\/div>\n\n\n<div class=\"inner\">\r\n    <div id=\"bild-text-modul-1-3-block_6a0c182f43be67b010f565fa921f4f19\" class=\"themen-container custom-flex-box\">\r\n                                    <div class=\"thema-box flex-box-thirty\">\r\n                                            <div class=\"bild-box\">\r\n                                                                                                                    <img decoding=\"async\" width=\"1246\" height=\"966\" src=\"https:\/\/www.efaflex.com\/wp-content\/uploads\/2022\/08\/produkte-industrietore-header-efaflex.jpg\" class=\"attachment-thementease-thumbnail size-thementease-thumbnail\" alt=\"\" srcset=\"https:\/\/www.efaflex.com\/wp-content\/uploads\/2022\/08\/produkte-industrietore-header-efaflex.jpg 1246w, https:\/\/www.efaflex.com\/wp-content\/uploads\/2022\/08\/produkte-industrietore-header-efaflex-300x233.jpg 300w, https:\/\/www.efaflex.com\/wp-content\/uploads\/2022\/08\/produkte-industrietore-header-efaflex-1024x794.jpg 1024w, https:\/\/www.efaflex.com\/wp-content\/uploads\/2022\/08\/produkte-industrietore-header-efaflex-768x595.jpg 768w\" sizes=\"(max-width: 1246px) 100vw, 1246px\" \/>                                                    <\/div>\r\n                                            \r\n                                                                <h2 class=\"headline-two\">\r\n                                                        Produkte                        <\/h2>\r\n                    \r\n                        <p class=\"normal-font\">Unsere Premium-Tore sind schnell und effizient, sicher und zuverl\u00e4ssig. Dank unserer eigenen Forschung &amp; Entwicklung sind wir in der Lage, f\u00fcr alle Kundenbed\u00fcrfnisse die passende, perfekte L\u00f6sung zu finden \u2013 und zu bauen.<\/p>\r\n                                                                                                                                                                                                        <a href=\"https:\/\/www.efaflex.com\/de\/produkte\/\" class=\"load-more-button\">Mehr erfahren<\/a>\r\n                                                                                                                                    <\/div>\r\n                            <div class=\"thema-box flex-box-thirty\">\r\n                                            <div class=\"bild-box\">\r\n                                                                                                                    <img decoding=\"async\" width=\"1920\" height=\"1275\" src=\"https:\/\/www.efaflex.com\/wp-content\/uploads\/2022\/07\/downloadbereich-efaflex-1.jpg\" class=\"attachment-thementease-thumbnail size-thementease-thumbnail\" alt=\"\" srcset=\"https:\/\/www.efaflex.com\/wp-content\/uploads\/2022\/07\/downloadbereich-efaflex-1.jpg 1920w, https:\/\/www.efaflex.com\/wp-content\/uploads\/2022\/07\/downloadbereich-efaflex-1-300x199.jpg 300w, https:\/\/www.efaflex.com\/wp-content\/uploads\/2022\/07\/downloadbereich-efaflex-1-1024x680.jpg 1024w, https:\/\/www.efaflex.com\/wp-content\/uploads\/2022\/07\/downloadbereich-efaflex-1-768x510.jpg 768w, https:\/\/www.efaflex.com\/wp-content\/uploads\/2022\/07\/downloadbereich-efaflex-1-1536x1020.jpg 1536w, https:\/\/www.efaflex.com\/wp-content\/uploads\/2022\/07\/downloadbereich-efaflex-1-1083x720.jpg 1083w, https:\/\/www.efaflex.com\/wp-content\/uploads\/2022\/07\/downloadbereich-efaflex-1-382x254.jpg 382w\" sizes=\"(max-width: 1920px) 100vw, 1920px\" \/>                                                    <\/div>\r\n                                            \r\n                                                                <h2 class=\"headline-two\">\r\n                                                        Downloadbereich                        <\/h2>\r\n                    \r\n                        <p class=\"normal-font\">Produktinformationen und Ausschreibungstexte k\u00f6nnen Sie hier einfach und bequem als PDF-Datei herunterladen.<\/p>\r\n                                                                                                                                                                                                        <a href=\"https:\/\/www.efaflex.com\/de\/downloadbereich\/\" class=\"load-more-button\">Mehr erfahren<\/a>\r\n                                                                                                                                    <\/div>\r\n                            <div class=\"thema-box flex-box-thirty\">\r\n                                            <div class=\"bild-box\">\r\n                                                                                                                    <img decoding=\"async\" width=\"923\" height=\"556\" src=\"https:\/\/www.efaflex.com\/wp-content\/uploads\/2022\/07\/Digitales_Tor_Tablet_A3-1.jpg\" class=\"attachment-thementease-thumbnail size-thementease-thumbnail\" alt=\"\" srcset=\"https:\/\/www.efaflex.com\/wp-content\/uploads\/2022\/07\/Digitales_Tor_Tablet_A3-1.jpg 923w, https:\/\/www.efaflex.com\/wp-content\/uploads\/2022\/07\/Digitales_Tor_Tablet_A3-1-300x181.jpg 300w, https:\/\/www.efaflex.com\/wp-content\/uploads\/2022\/07\/Digitales_Tor_Tablet_A3-1-768x463.jpg 768w\" sizes=\"(max-width: 923px) 100vw, 923px\" \/>                                                    <\/div>\r\n                                            \r\n                                                                <h2 class=\"headline-two\">\r\n                                                        Kontakt                        <\/h2>\r\n                    \r\n                        <p class=\"normal-font\">Sie erreichen unsere fachkompetenten EFAFLEX Servicemitarbeiter:innen \u00fcber unseren durchgehend besetzten deutschsprachigen Telefonsupport, per E-Mail und nat\u00fcrlich \u00fcber Ihren pers\u00f6nlichen Ansprechpartner vor Ort.<\/p>\r\n                                                                                                                                                                                                        <a href=\"https:\/\/www.efaflex.com\/de\/kontakt\/\" class=\"load-more-button\">Mehr erfahren<\/a>\r\n                                                                                                                                    <\/div>\r\n                        <\/div>\r\n<\/div>\r\n\n\n\n<div style=\"height:200px\" aria-hidden=\"true\" class=\"wp-block-spacer\"><\/div>\n","protected":false},"excerpt":{"rendered":"","protected":false},"author":2,"featured_media":0,"parent":0,"menu_order":64,"comment_status":"closed","ping_status":"closed","template":"","meta":{"_acf_changed":false,"footnotes":""},"categories":[],"tags":[],"class_list":["post-154","page","type-page","status-publish","hentry"],"acf":[],"_links":{"self":[{"href":"https:\/\/www.efaflex.com\/de\/wp-json\/wp\/v2\/pages\/154","targetHints":{"allow":["GET"]}}],"collection":[{"href":"https:\/\/www.efaflex.com\/de\/wp-json\/wp\/v2\/pages"}],"about":[{"href":"https:\/\/www.efaflex.com\/de\/wp-json\/wp\/v2\/types\/page"}],"author":[{"embeddable":true,"href":"https:\/\/www.efaflex.com\/de\/wp-json\/wp\/v2\/users\/2"}],"replies":[{"embeddable":true,"href":"https:\/\/www.efaflex.com\/de\/wp-json\/wp\/v2\/comments?post=154"}],"version-history":[{"count":18,"href":"https:\/\/www.efaflex.com\/de\/wp-json\/wp\/v2\/pages\/154\/revisions"}],"predecessor-version":[{"id":33904,"href":"https:\/\/www.efaflex.com\/de\/wp-json\/wp\/v2\/pages\/154\/revisions\/33904"}],"wp:attachment":[{"href":"https:\/\/www.efaflex.com\/de\/wp-json\/wp\/v2\/media?parent=154"}],"wp:term":[{"taxonomy":"category","embeddable":true,"href":"https:\/\/www.efaflex.com\/de\/wp-json\/wp\/v2\/categories?post=154"},{"taxonomy":"post_tag","embeddable":true,"href":"https:\/\/www.efaflex.com\/de\/wp-json\/wp\/v2\/tags?post=154"}],"curies":[{"name":"wp","href":"https:\/\/api.w.org\/{rel}","templated":true}]}}