{"id":17,"date":"2022-05-09T13:12:09","date_gmt":"2022-05-09T11:12:09","guid":{"rendered":"https:\/\/www.efaflex.com\/\/?page_id=17"},"modified":"2026-02-11T13:31:34","modified_gmt":"2026-02-11T12:31:34","slug":"service","status":"publish","type":"page","link":"https:\/\/www.efaflex.com\/de\/service\/","title":{"rendered":"Service"},"content":{"rendered":"\r\n<script type=\"application\/javascript\">\r\n    window.addEventListener('DOMContentLoaded', function() {\r\n        jQuery(document).ready(function($){\r\n            var sliderid = \"block_079ad261c9d6e67a3fcaabda5c6a5e1e\";\r\n            $('#'+sliderid).slick({\r\n                infinite: true,\r\n                dots: false,\r\n                lazyLoad: 'ondemand',\r\n                autoplay: false,\r\n                arrows: true,\r\n                fade: true,\r\n                speed: 500,\r\n                pauseOnHover: false,\r\n                prevArrow: '<div class=\"slick-prev slick-button\"><svg xmlns=\"http:\/\/www.w3.org\/2000\/svg\" viewBox=\"0 0 448 512\"><!--! Font Awesome Pro 6.1.1 by @fontawesome - https:\/\/fontawesome.com License - https:\/\/fontawesome.com\/license (Commercial License) Copyright 2022 Fonticons, Inc. --><path d=\"M77.25 256l137.4-137.4c12.5-12.5 12.5-32.75 0-45.25s-32.75-12.5-45.25 0l-160 160c-12.5 12.5-12.5 32.75 0 45.25l160 160C175.6 444.9 183.8 448 192 448s16.38-3.125 22.62-9.375c12.5-12.5 12.5-32.75 0-45.25L77.25 256zM269.3 256l137.4-137.4c12.5-12.5 12.5-32.75 0-45.25s-32.75-12.5-45.25 0l-160 160c-12.5 12.5-12.5 32.75 0 45.25l160 160C367.6 444.9 375.8 448 384 448s16.38-3.125 22.62-9.375c12.5-12.5 12.5-32.75 0-45.25L269.3 256z\"\/><\/svg><\/div>',\r\n                nextArrow: '<div class=\"slick-next slick-button\"><svg xmlns=\"http:\/\/www.w3.org\/2000\/svg\" viewBox=\"0 0 448 512\"><!--! Font Awesome Pro 6.1.1 by @fontawesome - https:\/\/fontawesome.com License - https:\/\/fontawesome.com\/license (Commercial License) Copyright 2022 Fonticons, Inc. --><path fill=\"ff0000\" style=\"height: 22px\" d=\"M246.6 233.4l-160-160c-12.5-12.5-32.75-12.5-45.25 0s-12.5 32.75 0 45.25L178.8 256l-137.4 137.4c-12.5 12.5-12.5 32.75 0 45.25C47.63 444.9 55.81 448 64 448s16.38-3.125 22.62-9.375l160-160C259.1 266.1 259.1 245.9 246.6 233.4zM438.6 233.4l-160-160c-12.5-12.5-32.75-12.5-45.25 0s-12.5 32.75 0 45.25L370.8 256l-137.4 137.4c-12.5 12.5-12.5 32.75 0 45.25C239.6 444.9 247.8 448 256 448s16.38-3.125 22.62-9.375l160-160C451.1 266.1 451.1 245.9 438.6 233.4z\"\/><\/svg><\/div>',\r\n            });\r\n        });\r\n    });\r\n<\/script>\r\n\r\n<div id=\"block_079ad261c9d6e67a3fcaabda5c6a5e1e\" class=\"bild-video-text-slider block-header-bild-video-text-slider\">\r\n                        <div>\r\n                <div class=\"bild-video-text-slider--slide\">\r\n                                            <div class=\"img-vid-box\">\r\n                            <div class=\"img-sizer\">\r\n                                <img decoding=\"async\" width=\"1243\" height=\"800\" src=\"https:\/\/www.efaflex.com\/wp-content\/uploads\/2022\/07\/service-header-1243x800.jpg\" class=\"attachment-image-big size-image-big\" alt=\"\" \/>                            <\/div>\r\n                        <\/div>\r\n                        <div class=\"video-text\">\r\n                            <h1><span class=\"highlighted\"><\/span>Top Service f\u00fcr <span class=\"highlighted\">H\u00f6chste Anspr\u00fcche.<\/span><\/h1>\n                        <\/div>\r\n                                    <\/div>\r\n\r\n            <\/div>\r\n            <\/div>\n\n\r\n\r\n<div id=\"breadcrump-block_6e3acbecaaaca0738360739cfe32e87a\" class=\"inner\">\r\n        <nav class=\"breadcrumb\"><a href=\"https:\/\/www.efaflex.com\/de\/\">Startseite<\/a> \/ <span class=\"current-page\">Seite<\/span><\/nav>    <\/div>\n\n\n<div style=\"height:100px\" aria-hidden=\"true\" class=\"wp-block-spacer\"><\/div>\n\n\n\r\n\r\n<div id=\"textmodul-3-spalten-block_c2a69786e68b32c3ac6d72aa9e2f151e\" class=\"textmodul-3-spalten\">\r\n    <div class=\"inner\">\r\n        <div class=\"custom-flex-box\">\r\n                            <h2 class=\"flex-box-thirty break headline-two false\">Die EFAFLEX <br \/>\r\nService-Vision.<\/h2>\r\n                        <div class=\"flex-box-thirty\"><p>Unser Anspruch als Weltmarkt- und Technologief\u00fchrer ist die permanente Weiterentwicklung unserer Qualit\u00e4t, Kompetenz, Zuverl\u00e4ssigkeit und Schnelligkeit zur Erf\u00fcllung der Kundenw\u00fcnsche. Gemeinsam leben wir bei EFAFLEX eine vertrauensvolle Zusammenarbeit mit dem Ziel zukunftsorientierten Erfolges. Hohe Identifikation und Motivation aller Mitarbeiter sind das Fundament f\u00fcr den besten Service am Markt.<\/p>\n<\/div>\r\n            <div class=\"flex-box-thirty\"><\/div>\r\n        <\/div>\r\n    <\/div>\r\n<\/div>\r\n\n\n\n<div style=\"height:200px\" aria-hidden=\"true\" class=\"wp-block-spacer\"><\/div>\n\n\n\r\n<div id=\"bild-modul-1-3-quicklink-block_7553bbb17971ceb1235fc4fa6f66be98\" class=\"bild-modul-1-3-quicklink\">\r\n    <div class=\"inner\">\r\n                <div class=\"custom-flex-box\">\r\n                                                                                                                                    <div class=\"flex-box-thirty bild-modul\">\r\n                                                                                                                    <a class=\"bild-link\" href=\"https:\/\/www.efaflex.com\/de\/service\/service-deutschland\/\">\r\n                                                                                                                                                                                                            <img decoding=\"async\" width=\"517\" height=\"720\" src=\"https:\/\/www.efaflex.com\/wp-content\/uploads\/2022\/07\/Group-1046.jpg\" class=\"attachment-bild-modul-1-3-quicklink size-bild-modul-1-3-quicklink\" alt=\"\" srcset=\"https:\/\/www.efaflex.com\/wp-content\/uploads\/2022\/07\/Group-1046.jpg 517w, https:\/\/www.efaflex.com\/wp-content\/uploads\/2022\/07\/Group-1046-215x300.jpg 215w\" sizes=\"(max-width: 517px) 100vw, 517px\" \/>                                                                                <h2>Service Deutschland<\/h2>\r\n                                                                                    <div class=\"bild-modul-1-3-quicklink--linktext load-more-button\">\r\n                                               Mehr erfahren                                            <\/div>\r\n                                                                                <div class=\"bild-modul-1-3-quicklink--background\"><\/div>\r\n                                                                                         <\/a>\r\n                                                                            <\/div>\r\n                                                    \r\n                                                                                                                                                <div class=\"flex-box-thirty bild-modul\">\r\n                                                                                                                    <a class=\"bild-link\" href=\"https:\/\/www.efaflex.com\/de\/service\/service-international\/\">\r\n                                                                                                                                                                                                            <img decoding=\"async\" width=\"517\" height=\"720\" src=\"https:\/\/www.efaflex.com\/wp-content\/uploads\/2022\/07\/Group-1047.jpg\" class=\"attachment-bild-modul-1-3-quicklink size-bild-modul-1-3-quicklink\" alt=\"\" srcset=\"https:\/\/www.efaflex.com\/wp-content\/uploads\/2022\/07\/Group-1047.jpg 517w, https:\/\/www.efaflex.com\/wp-content\/uploads\/2022\/07\/Group-1047-215x300.jpg 215w\" sizes=\"(max-width: 517px) 100vw, 517px\" \/>                                                                                <h2>Service International<\/h2>\r\n                                                                                    <div class=\"bild-modul-1-3-quicklink--linktext load-more-button\">\r\n                                               Mehr erfahren                                            <\/div>\r\n                                                                                <div class=\"bild-modul-1-3-quicklink--background\"><\/div>\r\n                                                                                         <\/a>\r\n                                                                            <\/div>\r\n                                                    \r\n                                                            \r\n                                                                                    <div class=\"flex-box-thirty text-modul\">\r\n                                    <h2>Gerne beraten <br \/>\r\nwir Sie <br \/>\r\npers\u00f6nlich.<\/h2>\r\n                                    <span>Nehmen Sie Kontakt auf.<\/span>\r\n                                    <p>Wir sind f\u00fcr Sie da!<\/p>\r\n                                    <div class=\"button-box\">\r\n                                                                                                                            <a href=\"https:\/\/www.efaflex.com\/de\/kontakt\/\" target=\"\" class=\"load-more-button\">Zum Online-Kontaktformular<\/a>\r\n                                                                            <\/div>\r\n                                <\/div>\r\n                                                                                                            <\/div>\r\n    <\/div>\r\n<\/div>\n\n\n\n\n<div style=\"height:200px\" aria-hidden=\"true\" class=\"wp-block-spacer\"><\/div>\n\n\n\r\n<div id=\"bild-text-modul-links-rechts-block_cf0c3f3fc181394c74cf1d6658228df4\" class=\"bild-text-modul-container\">\r\n    <div class=\"inner\">\r\n                                                                                        <div id=\"\" class=\"bild-text-modul-links bild-text-modul\">\r\n                                <div class=\"custom-flex-box\">\r\n                                    <div class=\"flex-box-sixty bild-container\">\r\n                                                                                                                                                                                                                                                                                        <img decoding=\"async\" width=\"1920\" height=\"1366\" src=\"https:\/\/www.efaflex.com\/wp-content\/uploads\/2025\/11\/bim.jpg\" class=\"attachment-full size-full\" alt=\"\" srcset=\"https:\/\/www.efaflex.com\/wp-content\/uploads\/2025\/11\/bim.jpg 1920w, https:\/\/www.efaflex.com\/wp-content\/uploads\/2025\/11\/bim-300x213.jpg 300w, https:\/\/www.efaflex.com\/wp-content\/uploads\/2025\/11\/bim-768x546.jpg 768w, https:\/\/www.efaflex.com\/wp-content\/uploads\/2025\/11\/bim-1024x729.jpg 1024w, https:\/\/www.efaflex.com\/wp-content\/uploads\/2025\/11\/bim-1536x1093.jpg 1536w\" sizes=\"(max-width: 1920px) 100vw, 1920px\" \/>                                                                                                                                                                        <\/div>\r\n\r\n                                    <div class=\"flex-box-fourty text-container\">\r\n                                        <div class=\"text-container-flex\">\r\n                                            <div class=\"text-inner\">\r\n                                                                                                                                                            <div class=\"text-left-border\">\r\n                                                            <div class=\"text-cut\">\r\n                                                                                                                                    <span>Smarte Services<\/span>\r\n                                                                 \r\n\r\n                                                                                                                                          <h3 class=\"headline-two\">Digitale L\u00f6sungen f\u00fcr vernetzte und effiziente Toranlagen<\/h3>                                                                   \r\n\r\n                                                                <p class=\"normal-font\"><p>Mit unseren Smarten Services \u2013 EFA-SmartConnect\u00ae, EFA-SmartBuilding und EFA-SmartAssist\u00ae \u2013 bringen wir die Digitalisierung direkt an Ihre Schnelllauftore. Von der intelligenten Geb\u00e4udeintegration \u00fcber die Vernetzung Ihrer Toranlagen bis hin zur digitalen Fernwartung bieten wir L\u00f6sungen, die Prozesse optimieren, Ausfallzeiten minimieren und Transparenz schaffen. So wird Digitalisierung bei uns nicht nur sichtbar, sondern sp\u00fcrbar wirksam \u2013 f\u00fcr mehr Effizienz, Sicherheit und Komfort im t\u00e4glichen Betrieb.<\/p>\n<\/p>\r\n                                                            <\/div>\r\n                                                            <div class=\"button-box\">\r\n                                                                                                                                                                                                                                                                                                                                                              <a class=\"load-more-button\" href=\"https:\/\/www.efaflex.com\/de\/service\/smarte-services\/\">Mehr erfahren<\/a>\r\n                                                                                                                                                                                                                                                                        <\/div>\r\n                                                        <\/div>\r\n                                                                                                                                                <\/div>\r\n                                        <\/div>\r\n                                    <\/div>\r\n                                <\/div>\r\n                            <\/div>\r\n\r\n                                    \r\n            \r\n\r\n        \r\n\r\n\r\n        <\/div>\r\n<\/div>\r\n\r\n<style>\r\n    .bild-text-modul {\r\n        scroll-margin-top: 143px;\r\n    }\r\n<\/style>\n\n\n<div style=\"height:200px\" aria-hidden=\"true\" class=\"wp-block-spacer\"><\/div>\n\n\n\r\n<div id=\"bild-text-modul-links-rechts-block_b5109fa2f279d4de8bacbe2380c3d27f\" class=\"bild-text-modul-container\">\r\n    <div class=\"inner\">\r\n                        \r\n                                    \r\n                            <div id=\"\" class=\"bild-text-modul-rechts bild-text-modul\">\r\n                                <div class=\"custom-flex-box\">\r\n                                    <div class=\"flex-box-fourty text-container\">\r\n                                        <div class=\"text-container-flex\">\r\n                                            <div class=\"text-inner\">\r\n\r\n                                                                                                                                                            <div class=\"text-left-border\">\r\n                                                            <div class=\"text-cut\">\r\n                                                                                                                                    <span>Ausschreibungstexte<\/span>\r\n                                                                \r\n\r\n                                                                                                                                    <h3 class=\"headline-two\">Detaillierte Ausschreibungstexte.<\/h3>                                                                \r\n\r\n                                                                <p class=\"normal-font full-text\"><p>Architekten und Planern stellen wir detaillierte Ausschreibungstexte unserer Produkte zur Verf\u00fcgung. Es m\u00fcssen lediglich variable Merkmale wie z.B. Durchfahrtsh\u00f6he, Durchfahrtsbreite, Farbe oder Motoranordnung der Toranlage erg\u00e4nzt werden.<\/p>\n<\/p>\r\n\r\n                                                            <\/div>\r\n                                                            <div class=\"button-box\">\r\n                                                                                                                                \r\n                                                                                                                                                                                                                                                                                                                                                                <a class=\"load-more-button\" href=\"https:\/\/www.efaflex.com\/de\/service\/ausschreibungstexte\/\">Mehr erfahren<\/a>\r\n                                                                                                                                                                                                                                                                        <\/div>\r\n                                                        <\/div>\r\n                                                                                                    \r\n                                            <\/div>\r\n                                        <\/div>\r\n                                    <\/div>\r\n                                    <div class=\"flex-box-sixty bild-container\">\r\n                                                                                                                                                                                                                                                                                        <img decoding=\"async\" width=\"923\" height=\"556\" src=\"https:\/\/www.efaflex.com\/wp-content\/uploads\/2022\/07\/ausschreibungstexte-service-efaflex.jpg\" class=\"attachment-full size-full\" alt=\"\" srcset=\"https:\/\/www.efaflex.com\/wp-content\/uploads\/2022\/07\/ausschreibungstexte-service-efaflex.jpg 923w, https:\/\/www.efaflex.com\/wp-content\/uploads\/2022\/07\/ausschreibungstexte-service-efaflex-300x181.jpg 300w, https:\/\/www.efaflex.com\/wp-content\/uploads\/2022\/07\/ausschreibungstexte-service-efaflex-768x463.jpg 768w\" sizes=\"(max-width: 923px) 100vw, 923px\" \/>                                                                                                                                                                        <\/div>\r\n                                <\/div>\r\n                            <\/div>\r\n                                    \r\n            \r\n\r\n        \r\n\r\n\r\n        <\/div>\r\n<\/div>\r\n\r\n<style>\r\n    .bild-text-modul {\r\n        scroll-margin-top: 143px;\r\n    }\r\n<\/style>\n\n\n<div style=\"height:200px\" aria-hidden=\"true\" class=\"wp-block-spacer\"><\/div>\n\n\n\r\n    <div class=\"inner\">\r\n        <div  class=\"dan_akkordeon block_2e26b7a5bb8305a1445b64e67da731d6\">\r\n            <h2>H\u00e4ufig gestellte Fragen \/ FAQ<\/h2>\r\n                            <div class=\"dan_akkordeon_wrapper\">\r\n                    <div class=\"dan_akkordeon_wrapper--header\">\r\n                        <div class=\"content--title\">\r\n                            Wenn sich Probleme mit meinem Tor ergeben, mit wem trete ich in Kontakt?                            <img decoding=\"async\" class=\"dan_akkordeon_wrapper--open\" src=\"https:\/\/www.efaflex.com\/wp-content\/themes\/efaflex\/assets\/img\/after-button-arrows.svg\" alt=\"Open\">\r\n                        <\/div>\r\n                    <\/div>\r\n                    <div class=\"dan_akkordeon_wrapper--content\">\r\n                        <p>Nehmen Sie Kontakt zu der f\u00fcr Sie zust\u00e4ndigen Kundendienstniederlassung auf oder wenden Sie sich an unsere Service-Hotline unter 0800\/3323539.\u00a0Au\u00dferhalb Deutschlands erhalten Sie die erforderlichen Kontaktdaten, in dem Sie Ihr Land ausw\u00e4hlen.<\/p>\n                                            <\/div>\r\n                <\/div>\r\n                            <div class=\"dan_akkordeon_wrapper\">\r\n                    <div class=\"dan_akkordeon_wrapper--header\">\r\n                        <div class=\"content--title\">\r\n                            Wenn ich Wartungsarbeiten oder eine UVV an meinem Tor durchf\u00fchren lassen m\u00f6chte, mit wem trete ich in Kontakt?                            <img decoding=\"async\" class=\"dan_akkordeon_wrapper--open\" src=\"https:\/\/www.efaflex.com\/wp-content\/themes\/efaflex\/assets\/img\/after-button-arrows.svg\" alt=\"Open\">\r\n                        <\/div>\r\n                    <\/div>\r\n                    <div class=\"dan_akkordeon_wrapper--content\">\r\n                        <p>Nehmen Sie Kontakt zu der f\u00fcr Sie zust\u00e4ndigen Kundendienstniederlassung auf oder wenden Sie sich an unsere Service-Hotline unter 0800\/3323539. Au\u00dferhalb Deutschlands erhalten Sie die erforderlichen Kontaktdaten, in dem Sie Ihr Land ausw\u00e4hlen.<\/p>\n                                            <\/div>\r\n                <\/div>\r\n                            <div class=\"dan_akkordeon_wrapper\">\r\n                    <div class=\"dan_akkordeon_wrapper--header\">\r\n                        <div class=\"content--title\">\r\n                            \u00dcbernimmt EFAFLEX auch die Wartung an Toren anderer Hersteller?                            <img decoding=\"async\" class=\"dan_akkordeon_wrapper--open\" src=\"https:\/\/www.efaflex.com\/wp-content\/themes\/efaflex\/assets\/img\/after-button-arrows.svg\" alt=\"Open\">\r\n                        <\/div>\r\n                    <\/div>\r\n                    <div class=\"dan_akkordeon_wrapper--content\">\r\n                        <p>Innerhalb empfehlenswerter Wartungsvereinbarungen \u00fcbernimmt unser Service die vorgeschriebenen \u00dcberpr\u00fcfungen f\u00fcr kraftbet\u00e4tigte Tore, sowohl an EFAFLEX Toren, als auch an Toren anderer Hersteller.<\/p>\n                                            <\/div>\r\n                <\/div>\r\n                    <\/div>\r\n    <\/div>\r\n    <script type=\"application\/ld+json\">{\"@context\":\"https:\/\/schema.org\",\"@type\":\"FAQPage\",\"mainEntity\":[{\"@type\":\"Question\",\"name\":\"Wenn sich Probleme mit meinem Tor ergeben, mit wem trete ich in Kontakt?\",\"acceptedAnswer\":{\"@type\":\"Answer\",\"text\":\"Nehmen Sie Kontakt zu der f\u00fcr Sie zust\u00e4ndigen Kundendienstniederlassung auf oder wenden Sie sich an unsere Service-Hotline unter 0800\/3323539.\u00a0Au\u00dferhalb Deutschlands erhalten Sie die erforderlichen Kontaktdaten, in dem Sie Ihr Land ausw\u00e4hlen.\"}},{\"@type\":\"Question\",\"name\":\"Wenn ich Wartungsarbeiten oder eine UVV an meinem Tor durchf\u00fchren lassen m\u00f6chte, mit wem trete ich in Kontakt?\",\"acceptedAnswer\":{\"@type\":\"Answer\",\"text\":\"Nehmen Sie Kontakt zu der f\u00fcr Sie zust\u00e4ndigen Kundendienstniederlassung auf oder wenden Sie sich an unsere Service-Hotline unter 0800\/3323539. Au\u00dferhalb Deutschlands erhalten Sie die erforderlichen Kontaktdaten, in dem Sie Ihr Land ausw\u00e4hlen.\"}},{\"@type\":\"Question\",\"name\":\"\u00dcbernimmt EFAFLEX auch die Wartung an Toren anderer Hersteller?\",\"acceptedAnswer\":{\"@type\":\"Answer\",\"text\":\"Innerhalb empfehlenswerter Wartungsvereinbarungen \u00fcbernimmt unser Service die vorgeschriebenen \u00dcberpr\u00fcfungen f\u00fcr kraftbet\u00e4tigte Tore, sowohl an EFAFLEX Toren, als auch an Toren anderer Hersteller.\"}}]}<\/script><script type=\"application\/javascript\">\r\n    window.addEventListener('DOMContentLoaded', function() {\r\n        jQuery(document).ready(function($) {\r\n            $(\".block_2e26b7a5bb8305a1445b64e67da731d6\").danAkkordeon({\r\n                \"animate\": true, \/\/ \u00d6ffnet mit Slide Effekt\r\n                \"close\": true, \/\/ Schliesst automatisch das ge\u00f6ffneten Akkordeon bei \u00f6ffnen eines anderen Tabs\r\n                \"focus\": false, \/\/ Scrollt zum ge\u00f6ffnete Akkoredon\r\n                \"offset\": 200 \/\/ Abstand von Top zum ge\u00f6ffneten Akkordeon, Focus muss True sein\r\n            });\r\n        });\r\n    });\r\n<\/script>\r\n\n\n\n<div style=\"height:142px\" aria-hidden=\"true\" class=\"wp-block-spacer\"><\/div>\n\n\n<div class=\"inner\">\r\n    <div id=\"bild-text-modul-1-3-block_4dd40cdb98bc69e84e5e9942e09b9ee4\" class=\"themen-container custom-flex-box\">\r\n                                    <div class=\"thema-box flex-box-thirty\">\r\n                                            <div class=\"bild-box\">\r\n                                                                                                                    <img decoding=\"async\" width=\"1920\" height=\"1280\" src=\"https:\/\/www.efaflex.com\/wp-content\/uploads\/2023\/01\/EFAFLEX_Voegele_177.jpg\" class=\"attachment-thementease-thumbnail size-thementease-thumbnail\" alt=\"\" srcset=\"https:\/\/www.efaflex.com\/wp-content\/uploads\/2023\/01\/EFAFLEX_Voegele_177.jpg 1920w, https:\/\/www.efaflex.com\/wp-content\/uploads\/2023\/01\/EFAFLEX_Voegele_177-300x200.jpg 300w, https:\/\/www.efaflex.com\/wp-content\/uploads\/2023\/01\/EFAFLEX_Voegele_177-1024x683.jpg 1024w, https:\/\/www.efaflex.com\/wp-content\/uploads\/2023\/01\/EFAFLEX_Voegele_177-768x512.jpg 768w, https:\/\/www.efaflex.com\/wp-content\/uploads\/2023\/01\/EFAFLEX_Voegele_177-1536x1024.jpg 1536w, https:\/\/www.efaflex.com\/wp-content\/uploads\/2023\/01\/EFAFLEX_Voegele_177-382x254.jpg 382w\" sizes=\"(max-width: 1920px) 100vw, 1920px\" \/>                                                    <\/div>\r\n                                            \r\n                                                                <h2 class=\"headline-two\">\r\n                                                        Produkte                        <\/h2>\r\n                    \r\n                        <p class=\"normal-font\">Unsere Premium-Tore sind schnell und effizient, sicher und zuverl\u00e4ssig. Dank unserer eigenen Forschung &amp; Entwicklung sind wir in der Lage, f\u00fcr alle Kundenbed\u00fcrfnisse die passende, perfekte L\u00f6sung zu finden \u2013 und zu bauen.<\/p>\r\n                                                                                                                                                                                                        <a href=\"https:\/\/www.efaflex.com\/de\/produkte\/\" class=\"load-more-button\">Mehr erfahren<\/a>\r\n                                                                                                                                    <\/div>\r\n                            <div class=\"thema-box flex-box-thirty\">\r\n                                            <div class=\"bild-box\">\r\n                                                                                                                    <img decoding=\"async\" width=\"517\" height=\"306\" src=\"https:\/\/www.efaflex.com\/wp-content\/uploads\/2022\/07\/Rectangle-478.jpg\" class=\"attachment-thementease-thumbnail size-thementease-thumbnail\" alt=\"\" srcset=\"https:\/\/www.efaflex.com\/wp-content\/uploads\/2022\/07\/Rectangle-478.jpg 517w, https:\/\/www.efaflex.com\/wp-content\/uploads\/2022\/07\/Rectangle-478-300x178.jpg 300w\" sizes=\"(max-width: 517px) 100vw, 517px\" \/>                                                    <\/div>\r\n                                            \r\n                                                                <h2 class=\"headline-two\">\r\n                                                        L\u00f6sungen                        <\/h2>\r\n                    \r\n                        <p class=\"normal-font\">Wir produzieren keine Standardprodukte, sondern entwickeln f\u00fcr jede Herausforderung individuelle, perfekt passende L\u00f6sungen \u2013 f\u00fcr alle Branchen und Anwendungsgebiete, f\u00fcr unsere Kunden weltweit.<\/p>\r\n                                                                                                                                                                                                        <a href=\"https:\/\/www.efaflex.com\/de\/loesungen\/\" class=\"load-more-button\">Mehr erfahren<\/a>\r\n                                                                                                                                    <\/div>\r\n                        <\/div>\r\n<\/div>\r\n\n\n\n<div style=\"height:100px\" aria-hidden=\"true\" class=\"wp-block-spacer\"><\/div>\n","protected":false},"excerpt":{"rendered":"","protected":false},"author":2,"featured_media":0,"parent":0,"menu_order":42,"comment_status":"closed","ping_status":"closed","template":"","meta":{"_acf_changed":false,"footnotes":""},"categories":[],"tags":[],"class_list":["post-17","page","type-page","status-publish","hentry"],"acf":[],"_links":{"self":[{"href":"https:\/\/www.efaflex.com\/de\/wp-json\/wp\/v2\/pages\/17","targetHints":{"allow":["GET"]}}],"collection":[{"href":"https:\/\/www.efaflex.com\/de\/wp-json\/wp\/v2\/pages"}],"about":[{"href":"https:\/\/www.efaflex.com\/de\/wp-json\/wp\/v2\/types\/page"}],"author":[{"embeddable":true,"href":"https:\/\/www.efaflex.com\/de\/wp-json\/wp\/v2\/users\/2"}],"replies":[{"embeddable":true,"href":"https:\/\/www.efaflex.com\/de\/wp-json\/wp\/v2\/comments?post=17"}],"version-history":[{"count":20,"href":"https:\/\/www.efaflex.com\/de\/wp-json\/wp\/v2\/pages\/17\/revisions"}],"predecessor-version":[{"id":36989,"href":"https:\/\/www.efaflex.com\/de\/wp-json\/wp\/v2\/pages\/17\/revisions\/36989"}],"wp:attachment":[{"href":"https:\/\/www.efaflex.com\/de\/wp-json\/wp\/v2\/media?parent=17"}],"wp:term":[{"taxonomy":"category","embeddable":true,"href":"https:\/\/www.efaflex.com\/de\/wp-json\/wp\/v2\/categories?post=17"},{"taxonomy":"post_tag","embeddable":true,"href":"https:\/\/www.efaflex.com\/de\/wp-json\/wp\/v2\/tags?post=17"}],"curies":[{"name":"wp","href":"https:\/\/api.w.org\/{rel}","templated":true}]}}