{"id":21,"date":"2022-05-09T13:12:22","date_gmt":"2022-05-09T11:12:22","guid":{"rendered":"https:\/\/www.efaflex.com\/\/?page_id=21"},"modified":"2025-08-06T17:26:27","modified_gmt":"2025-08-06T15:26:27","slug":"karriere","status":"publish","type":"page","link":"https:\/\/www.efaflex.com\/de\/karriere\/","title":{"rendered":"Karriere"},"content":{"rendered":"\r\n<script type=\"application\/javascript\">\r\n    window.addEventListener('DOMContentLoaded', function() {\r\n        jQuery(document).ready(function($){\r\n            var sliderid = \"block_725738c02e845ee784ee3a4ac4f4331a\";\r\n            $('#'+sliderid).slick({\r\n                infinite: true,\r\n                dots: false,\r\n                lazyLoad: 'ondemand',\r\n                autoplay: false,\r\n                arrows: true,\r\n                fade: true,\r\n                speed: 500,\r\n                pauseOnHover: false,\r\n                prevArrow: '<div class=\"slick-prev slick-button\"><svg xmlns=\"http:\/\/www.w3.org\/2000\/svg\" viewBox=\"0 0 448 512\"><!--! Font Awesome Pro 6.1.1 by @fontawesome - https:\/\/fontawesome.com License - https:\/\/fontawesome.com\/license (Commercial License) Copyright 2022 Fonticons, Inc. --><path d=\"M77.25 256l137.4-137.4c12.5-12.5 12.5-32.75 0-45.25s-32.75-12.5-45.25 0l-160 160c-12.5 12.5-12.5 32.75 0 45.25l160 160C175.6 444.9 183.8 448 192 448s16.38-3.125 22.62-9.375c12.5-12.5 12.5-32.75 0-45.25L77.25 256zM269.3 256l137.4-137.4c12.5-12.5 12.5-32.75 0-45.25s-32.75-12.5-45.25 0l-160 160c-12.5 12.5-12.5 32.75 0 45.25l160 160C367.6 444.9 375.8 448 384 448s16.38-3.125 22.62-9.375c12.5-12.5 12.5-32.75 0-45.25L269.3 256z\"\/><\/svg><\/div>',\r\n                nextArrow: '<div class=\"slick-next slick-button\"><svg xmlns=\"http:\/\/www.w3.org\/2000\/svg\" viewBox=\"0 0 448 512\"><!--! Font Awesome Pro 6.1.1 by @fontawesome - https:\/\/fontawesome.com License - https:\/\/fontawesome.com\/license (Commercial License) Copyright 2022 Fonticons, Inc. --><path fill=\"ff0000\" style=\"height: 22px\" d=\"M246.6 233.4l-160-160c-12.5-12.5-32.75-12.5-45.25 0s-12.5 32.75 0 45.25L178.8 256l-137.4 137.4c-12.5 12.5-12.5 32.75 0 45.25C47.63 444.9 55.81 448 64 448s16.38-3.125 22.62-9.375l160-160C259.1 266.1 259.1 245.9 246.6 233.4zM438.6 233.4l-160-160c-12.5-12.5-32.75-12.5-45.25 0s-12.5 32.75 0 45.25L370.8 256l-137.4 137.4c-12.5 12.5-12.5 32.75 0 45.25C239.6 444.9 247.8 448 256 448s16.38-3.125 22.62-9.375l160-160C451.1 266.1 451.1 245.9 438.6 233.4z\"\/><\/svg><\/div>',\r\n            });\r\n        });\r\n    });\r\n<\/script>\r\n\r\n<div id=\"block_725738c02e845ee784ee3a4ac4f4331a\" class=\"bild-video-text-slider block-header-bild-video-text-slider\">\r\n                        <div>\r\n                <div class=\"bild-video-text-slider--slide\">\r\n                                            <div class=\"img-vid-box\">\r\n                            <div class=\"img-sizer\">\r\n                                <img decoding=\"async\" width=\"959\" height=\"720\" src=\"https:\/\/www.efaflex.com\/wp-content\/uploads\/2022\/07\/startseite_bild_links_2.jpg\" class=\"attachment-image-big size-image-big\" alt=\"\" srcset=\"https:\/\/www.efaflex.com\/wp-content\/uploads\/2022\/07\/startseite_bild_links_2.jpg 959w, https:\/\/www.efaflex.com\/wp-content\/uploads\/2022\/07\/startseite_bild_links_2-300x225.jpg 300w, https:\/\/www.efaflex.com\/wp-content\/uploads\/2022\/07\/startseite_bild_links_2-768x577.jpg 768w\" sizes=\"(max-width: 959px) 100vw, 959px\" \/>                            <\/div>\r\n                        <\/div>\r\n                        <div class=\"video-text\">\r\n                            <h1><span class=\"highlighted\">EFAFLEX<\/span> als Ihr Arbeitgeber.<\/h1>\n                        <\/div>\r\n                                    <\/div>\r\n\r\n            <\/div>\r\n            <\/div>\n\n\r\n\r\n<div id=\"breadcrump-block_58034abb07f939e0d77d258f93f4a148\" class=\"inner\">\r\n        <nav class=\"breadcrumb\"><a href=\"https:\/\/www.efaflex.com\/de\/\">Startseite<\/a> \/ <span class=\"current-page\">Seite<\/span><\/nav>    <\/div>\n\n\n<div style=\"height:150px\" aria-hidden=\"true\" class=\"wp-block-spacer\"><\/div>\n\n\n\r\n\r\n<div id=\"textmodul-3-spalten-block_9bb81f28e720feaf39eb5176673a9366\" class=\"textmodul-3-spalten\">\r\n    <div class=\"inner\">\r\n        <div class=\"custom-flex-box\">\r\n                            <h2 class=\"flex-box-thirty break headline-two\">Arbeitgeber mit Zukunft.<\/h2>                        <div class=\"flex-box-thirty\"><p>EFAFLEX entwickelt und konstruiert seit 50 Jahren zuverl\u00e4ssige Schnelllauftore f\u00fcr den Weltmarkt \u2013 Schnelllauftore mit einem H\u00f6chstma\u00df an Sicherheit und Effizienz.<\/p>\n<p>Wir sind ein Familienunternehmen mit weltweit \u00fcber 1.600 Mitarbeiter:innen, die ihre Talente und F\u00e4higkeiten jeden Tag f\u00fcr uns einsetzen.<\/p>\n<\/div>\r\n            <div class=\"flex-box-thirty\"><p>Deshalb setzen wir alles daran, dass unsere Mitarbeiter:innen sich bei uns wohlf\u00fchlen \u2013 nicht nur heute, sondern ein ganzes Berufsleben lang.<\/p>\n<p>EFAFLEX geh\u00f6rt zu den international f\u00fchrenden Technologieunternehmen der Branche. Dies verdanken wir unserer hoch motivierten Belegschaft, die auch in Zukunft f\u00fcr kontinuierliches Wachstum und damit f\u00fcr sichere Arbeitspl\u00e4tze sorgen wird.<\/p>\n<\/div>\r\n        <\/div>\r\n    <\/div>\r\n<\/div>\r\n\n\n\n<div style=\"height:200px\" aria-hidden=\"true\" class=\"wp-block-spacer\"><\/div>\n\n\n<div class=\"inner\">\r\n    <div id=\"bild-text-modul-1-3-block_d5baae838322c6e4c13cb5b28e171776\" class=\"themen-container custom-flex-box\">\r\n                                    <div class=\"thema-box flex-box-thirty\">\r\n                                            <div class=\"bild-box\">\r\n                                                                                                                    <img decoding=\"async\" width=\"1243\" height=\"966\" src=\"https:\/\/www.efaflex.com\/wp-content\/uploads\/2022\/07\/Digitales_Tor_Tablet_A3-9-1.jpg\" class=\"attachment-thementease-thumbnail size-thementease-thumbnail\" alt=\"\" srcset=\"https:\/\/www.efaflex.com\/wp-content\/uploads\/2022\/07\/Digitales_Tor_Tablet_A3-9-1.jpg 1243w, https:\/\/www.efaflex.com\/wp-content\/uploads\/2022\/07\/Digitales_Tor_Tablet_A3-9-1-300x233.jpg 300w, https:\/\/www.efaflex.com\/wp-content\/uploads\/2022\/07\/Digitales_Tor_Tablet_A3-9-1-1024x796.jpg 1024w, https:\/\/www.efaflex.com\/wp-content\/uploads\/2022\/07\/Digitales_Tor_Tablet_A3-9-1-768x597.jpg 768w\" sizes=\"(max-width: 1243px) 100vw, 1243px\" \/>                                                    <\/div>\r\n                                            \r\n                                                                <h2 class=\"headline-two\">\r\n                                                        Warum wir zu Ihnen passen                        <\/h2>\r\n                    \r\n                        <p class=\"normal-font\">Weil wir Technologie- und Innovationsf\u00fchrer in einer zukunftstr\u00e4chtigen Branche sind. Weil wir in unserem Familienunternehmen Wert legen auf engagierte und motivierte, auf kompetente und neugierige Mitarbeiter:innen.<\/p>\r\n                                                                                                                                                                                                        <a href=\"https:\/\/www.efaflex.com\/de\/karriere\/warum-wir-zu-ihnen-passen\/\" class=\"load-more-button\">Mehr erfahren<\/a>\r\n                                                                                                                                    <\/div>\r\n                            <div class=\"thema-box flex-box-thirty\">\r\n                                            <div class=\"bild-box\">\r\n                                                                                                                    <img decoding=\"async\" width=\"1243\" height=\"966\" src=\"https:\/\/www.efaflex.com\/wp-content\/uploads\/2022\/07\/karriere_header.jpg\" class=\"attachment-thementease-thumbnail size-thementease-thumbnail\" alt=\"\" srcset=\"https:\/\/www.efaflex.com\/wp-content\/uploads\/2022\/07\/karriere_header.jpg 1243w, https:\/\/www.efaflex.com\/wp-content\/uploads\/2022\/07\/karriere_header-300x233.jpg 300w, https:\/\/www.efaflex.com\/wp-content\/uploads\/2022\/07\/karriere_header-1024x796.jpg 1024w, https:\/\/www.efaflex.com\/wp-content\/uploads\/2022\/07\/karriere_header-768x597.jpg 768w\" sizes=\"(max-width: 1243px) 100vw, 1243px\" \/>                                                    <\/div>\r\n                                            \r\n                                                                <h2 class=\"headline-two\">\r\n                                                        Warum Sie zu uns passen                        <\/h2>\r\n                    \r\n                        <p class=\"normal-font\">Weil Sie was bewegen wollen. Weil Sie Freude am Gestalten haben. Weil Sie sich mit Teamarbeit genauso wohlf\u00fchlen wie beim eigenverantwortlichen Arbeiten. Weil auch Sie erfolgreich sein wollen.<\/p>\r\n                                                                                                                                                                                                        <a href=\"https:\/\/www.efaflex.com\/de\/karriere\/warum-sie-zu-uns-passen\/\" class=\"load-more-button\">Mehr erfahren<\/a>\r\n                                                                                                                                    <\/div>\r\n                            <div class=\"thema-box flex-box-thirty\">\r\n                                            <div class=\"bild-box\">\r\n                                                                                                                    <img decoding=\"async\" width=\"960\" height=\"720\" src=\"https:\/\/www.efaflex.com\/wp-content\/uploads\/2022\/07\/Digitales_Tor_Tablet_A3-11.jpg\" class=\"attachment-thementease-thumbnail size-thementease-thumbnail\" alt=\"\" srcset=\"https:\/\/www.efaflex.com\/wp-content\/uploads\/2022\/07\/Digitales_Tor_Tablet_A3-11.jpg 960w, https:\/\/www.efaflex.com\/wp-content\/uploads\/2022\/07\/Digitales_Tor_Tablet_A3-11-300x225.jpg 300w, https:\/\/www.efaflex.com\/wp-content\/uploads\/2022\/07\/Digitales_Tor_Tablet_A3-11-768x576.jpg 768w\" sizes=\"(max-width: 960px) 100vw, 960px\" \/>                                                    <\/div>\r\n                                            \r\n                                                                <h2 class=\"headline-two\">\r\n                                                        Offene Stellen \/  Initiativbewerbung                        <\/h2>\r\n                    \r\n                        <p class=\"normal-font\">Bewerben Sie sich auf eine unserer offenen Stellen. Oder zeigen Sie Initiative und \u00fcberzeugen Sie uns, warum Sie und EFAFLEX ein erfolgreiches Team sind.<\/p>\r\n                                                                                                                                                                                                        <a href=\"https:\/\/www.efaflex.com\/de\/karriere\/offene-stellen-initiativbewerbung\/\" class=\"load-more-button\">Mehr erfahren<\/a>\r\n                                                                                                                                    <\/div>\r\n                        <\/div>\r\n<\/div>\r\n\n\n\n<div style=\"height:200px\" aria-hidden=\"true\" class=\"wp-block-spacer\"><\/div>\n\n\n\r\n\r\n<div id=\"textmodul-3-spalten-block_f0ddf1327a675770d6a10e2a54f8b197\" class=\"textmodul-3-spalten\">\r\n    <div class=\"inner\">\r\n        <div class=\"custom-flex-box\">\r\n                            <h2 class=\"flex-box-thirty break headline-two false\">Lassen Sie sich von<br \/>\r\nuns begeistern.<\/h2>\r\n                        <div class=\"flex-box-thirty\"><p>Wir bieten Ihnen einen sicheren Arbeitsplatz in einem interessanten T\u00e4tigkeitsfeld. Der Umgang in unserem mittelst\u00e4ndischen Familienunternehmen ist von einem respektvollen, kollegialen Miteinander gepr\u00e4gt.<\/p>\n<\/div>\r\n            <div class=\"flex-box-thirty\"><p>F\u00fcr Ihre erfolgreiche Zukunft schaffen wir die besten Voraussetzungen: Regelm\u00e4\u00dfige Fortbildungen, gute Aufstiegschancen, attraktive Verg\u00fctung, Sonderleistungen und Pr\u00e4mien. H\u00f6rt sich gut an? Dann freuen wir uns auf Ihre Bewerbung!<\/p>\n<\/div>\r\n        <\/div>\r\n    <\/div>\r\n<\/div>\r\n\n\n\n<div style=\"height:50px\" aria-hidden=\"true\" class=\"wp-block-spacer\"><\/div>\n\n\n\r\n<div id=\"bild-modul-1-3-quicklink-block_2bb7fb888313311bca371d5f97cfa8ae\" class=\"bild-modul-1-3-quicklink\">\r\n    <div class=\"inner\">\r\n                <div class=\"custom-flex-box\">\r\n                                                                                                                                    <div class=\"flex-box-thirty bild-modul\">\r\n                                                                                                                    <a class=\"bild-link\" href=\"https:\/\/www.efaflex.com\/de\/karriere\/schueler\/\">\r\n                                                                                                                                                                                                            <img decoding=\"async\" width=\"520\" height=\"720\" src=\"https:\/\/www.efaflex.com\/wp-content\/uploads\/2022\/10\/schueler-berufsausbildung-karriere-efaflex-headerbild-e1666099729376-520x720.jpg\" class=\"attachment-bild-modul-1-3-quicklink size-bild-modul-1-3-quicklink\" alt=\"Ausbildung bei Efaflex\" \/>                                                                                <h2>Sch\u00fcler<\/h2>\r\n                                                                                    <div class=\"bild-modul-1-3-quicklink--linktext load-more-button\">\r\n                                               Mehr erfahren                                            <\/div>\r\n                                                                                <div class=\"bild-modul-1-3-quicklink--background\"><\/div>\r\n                                                                                         <\/a>\r\n                                                                            <\/div>\r\n                                                    \r\n                                                                                                                                                <div class=\"flex-box-thirty bild-modul\">\r\n                                                                                                                    <a class=\"bild-link\" href=\"https:\/\/www.efaflex.com\/de\/karriere\/studenten-absolventen\/\">\r\n                                                                                                                                                                                                            <img decoding=\"async\" width=\"520\" height=\"720\" src=\"https:\/\/www.efaflex.com\/wp-content\/uploads\/2022\/07\/studenten-absolventen-berufsausbildung-karriere-efaflex-1-520x720.jpg\" class=\"attachment-bild-modul-1-3-quicklink size-bild-modul-1-3-quicklink\" alt=\"\" \/>                                                                                <h2>Studenten<\/h2>\r\n                                                                                    <div class=\"bild-modul-1-3-quicklink--linktext load-more-button\">\r\n                                               Mehr erfahren                                            <\/div>\r\n                                                                                <div class=\"bild-modul-1-3-quicklink--background\"><\/div>\r\n                                                                                         <\/a>\r\n                                                                            <\/div>\r\n                                                    \r\n                                                                                                                                                <div class=\"flex-box-thirty bild-modul\">\r\n                                                                                                                    <a class=\"bild-link\" href=\"https:\/\/www.efaflex.com\/de\/karriere\/professionals-berufserfahrene\/\">\r\n                                                                                                                                                                                                            <img decoding=\"async\" width=\"517\" height=\"720\" src=\"https:\/\/www.efaflex.com\/wp-content\/uploads\/2022\/07\/professionals-berufsausbildung-karriere-vorschau-efaflex.jpg\" class=\"attachment-bild-modul-1-3-quicklink size-bild-modul-1-3-quicklink\" alt=\"\" srcset=\"https:\/\/www.efaflex.com\/wp-content\/uploads\/2022\/07\/professionals-berufsausbildung-karriere-vorschau-efaflex.jpg 517w, https:\/\/www.efaflex.com\/wp-content\/uploads\/2022\/07\/professionals-berufsausbildung-karriere-vorschau-efaflex-215x300.jpg 215w\" sizes=\"(max-width: 517px) 100vw, 517px\" \/>                                                                                <h2>Professionals<\/h2>\r\n                                                                                    <div class=\"bild-modul-1-3-quicklink--linktext load-more-button\">\r\n                                               Mehr erfahren                                            <\/div>\r\n                                                                                <div class=\"bild-modul-1-3-quicklink--background\"><\/div>\r\n                                                                                         <\/a>\r\n                                                                            <\/div>\r\n                                                    \r\n                                                            <\/div>\r\n    <\/div>\r\n<\/div>\n\n\n<div style=\"height:200px\" aria-hidden=\"true\" class=\"wp-block-spacer\"><\/div>\n\n\n\r\n\r\n<div id=\"bild-text-modul-rechts-zweizeilig-block_dcecfa4d0019cbd7498733fd168a97db\" class=\"bild-text-modul-zweizeilig-container\">\r\n            \r\n\r\n\r\n            \r\n                                    \r\n\r\n                            <div class=\"bild-text-modul-links-zweizeilig bild-text-modul-zweizeilig\">\r\n                                <div class=\"custom-flex-box-no-margin\">\r\n\r\n                                    <div class=\"flex-box-fifty-no-margin bild-container\">\r\n                                                                                                                                                                                                                                                                                        <img decoding=\"async\" width=\"960\" height=\"720\" src=\"https:\/\/www.efaflex.com\/wp-content\/uploads\/2022\/07\/Digitales_Tor_Tablet_A3-8.jpg\" class=\"attachment-full size-full\" alt=\"\" srcset=\"https:\/\/www.efaflex.com\/wp-content\/uploads\/2022\/07\/Digitales_Tor_Tablet_A3-8.jpg 960w, https:\/\/www.efaflex.com\/wp-content\/uploads\/2022\/07\/Digitales_Tor_Tablet_A3-8-300x225.jpg 300w, https:\/\/www.efaflex.com\/wp-content\/uploads\/2022\/07\/Digitales_Tor_Tablet_A3-8-768x576.jpg 768w\" sizes=\"(max-width: 960px) 100vw, 960px\" \/>                                                                                                                                                                        <\/div>\r\n\r\n                                    <div class=\"flex-box-fifty-no-margin text-container\">\r\n                                        <div class=\"text-container-flex\">\r\n                                            <div class=\"text-inner\">\r\n                                                                                                                                                            <div class=\"text-left-border\">\r\n                                                            <div class=\"text-cut\">\r\n                                                                \r\n                                                                                                                                    <h3 class=\"headline-two medium-h2\">Ihre Ansprechpartnerin.<\/h3>                                                                \r\n<!--                                                                <h2 class=\"medium-h2\">--><!--<\/h2>-->\r\n                                                                <p class=\"normal-font\">Name: Beate Hammerl<br \/>\r\nE-Mail: karriere@efaflex.com<\/p>\r\n                                                            <\/div>\r\n                                                            <div class=\"button-box\">\r\n                                                                                                                                                                                            <\/div>\r\n                                                        <\/div>\r\n                                                                                                                                                <\/div>\r\n                                        <\/div>\r\n                                    <\/div>\r\n                                <\/div>\r\n                            <\/div>\r\n\r\n                                    \r\n            \r\n\r\n        \r\n\r\n\r\n    <\/div>\n\n\n<div style=\"height:200px\" aria-hidden=\"true\" class=\"wp-block-spacer\"><\/div>\n\n\n<div id=\"contact-modul-block_582cc71dbcd09e93018e3b3341f52299\" class=\"contact-modul contact-modul-thirty\">\r\n    <div class=\"inner\">\r\n        <div class=\"custom-flex-box\">\r\n            <div class=\"flex-box-thirty\">\r\n                                                            <h2>Haben Sie noch<br \/>\r\nFragen?<\/h2>\r\n                                                                        <\/div>\r\n            <div class=\"flex-box-thirty contact-modul--contact\">\r\n                                                            <span>Nehmen Sie Kontakt auf.<\/span>\r\n                        <p>Wir sind f\u00fcr Sie da!<\/p>\r\n                                                                            <a class=\"load-more-button\" href=\"https:\/\/www.efaflex.com\/de\/kontakt\/\" target=\"\">Zum Online-Kontaktformular<\/a>\r\n                                                                        <\/div>\r\n        <\/div>\r\n    <\/div>\r\n<\/div>\n\n\n<div style=\"height:200px\" aria-hidden=\"true\" class=\"wp-block-spacer\"><\/div>\n","protected":false},"excerpt":{"rendered":"","protected":false},"author":2,"featured_media":0,"parent":0,"menu_order":55,"comment_status":"closed","ping_status":"closed","template":"","meta":{"_acf_changed":false,"footnotes":""},"categories":[],"tags":[],"class_list":["post-21","page","type-page","status-publish","hentry"],"acf":[],"_links":{"self":[{"href":"https:\/\/www.efaflex.com\/de\/wp-json\/wp\/v2\/pages\/21","targetHints":{"allow":["GET"]}}],"collection":[{"href":"https:\/\/www.efaflex.com\/de\/wp-json\/wp\/v2\/pages"}],"about":[{"href":"https:\/\/www.efaflex.com\/de\/wp-json\/wp\/v2\/types\/page"}],"author":[{"embeddable":true,"href":"https:\/\/www.efaflex.com\/de\/wp-json\/wp\/v2\/users\/2"}],"replies":[{"embeddable":true,"href":"https:\/\/www.efaflex.com\/de\/wp-json\/wp\/v2\/comments?post=21"}],"version-history":[{"count":17,"href":"https:\/\/www.efaflex.com\/de\/wp-json\/wp\/v2\/pages\/21\/revisions"}],"predecessor-version":[{"id":33076,"href":"https:\/\/www.efaflex.com\/de\/wp-json\/wp\/v2\/pages\/21\/revisions\/33076"}],"wp:attachment":[{"href":"https:\/\/www.efaflex.com\/de\/wp-json\/wp\/v2\/media?parent=21"}],"wp:term":[{"taxonomy":"category","embeddable":true,"href":"https:\/\/www.efaflex.com\/de\/wp-json\/wp\/v2\/categories?post=21"},{"taxonomy":"post_tag","embeddable":true,"href":"https:\/\/www.efaflex.com\/de\/wp-json\/wp\/v2\/tags?post=21"}],"curies":[{"name":"wp","href":"https:\/\/api.w.org\/{rel}","templated":true}]}}