{"id":3821,"date":"2022-07-05T17:06:52","date_gmt":"2022-07-05T15:06:52","guid":{"rendered":"https:\/\/www.efaflex.com\/?page_id=3821"},"modified":"2024-07-12T11:20:05","modified_gmt":"2024-07-12T09:20:05","slug":"generalunternehmer","status":"publish","type":"page","link":"https:\/\/www.efaflex.com\/de\/anwender\/generalunternehmer\/","title":{"rendered":"Generalunternehmer"},"content":{"rendered":"\r\n<script type=\"application\/javascript\">\r\n    window.addEventListener('DOMContentLoaded', function() {\r\n        jQuery(document).ready(function($){\r\n            var sliderid = \"block_01363f18cfc298025470188aef39a6e1\";\r\n            $('#'+sliderid).slick({\r\n                infinite: true,\r\n                dots: false,\r\n                lazyLoad: 'ondemand',\r\n                autoplay: false,\r\n                arrows: true,\r\n                fade: true,\r\n                speed: 500,\r\n                pauseOnHover: false,\r\n                prevArrow: '<div class=\"slick-prev slick-button\"><svg xmlns=\"http:\/\/www.w3.org\/2000\/svg\" viewBox=\"0 0 448 512\"><!--! Font Awesome Pro 6.1.1 by @fontawesome - https:\/\/fontawesome.com License - https:\/\/fontawesome.com\/license (Commercial License) Copyright 2022 Fonticons, Inc. --><path d=\"M77.25 256l137.4-137.4c12.5-12.5 12.5-32.75 0-45.25s-32.75-12.5-45.25 0l-160 160c-12.5 12.5-12.5 32.75 0 45.25l160 160C175.6 444.9 183.8 448 192 448s16.38-3.125 22.62-9.375c12.5-12.5 12.5-32.75 0-45.25L77.25 256zM269.3 256l137.4-137.4c12.5-12.5 12.5-32.75 0-45.25s-32.75-12.5-45.25 0l-160 160c-12.5 12.5-12.5 32.75 0 45.25l160 160C367.6 444.9 375.8 448 384 448s16.38-3.125 22.62-9.375c12.5-12.5 12.5-32.75 0-45.25L269.3 256z\"\/><\/svg><\/div>',\r\n                nextArrow: '<div class=\"slick-next slick-button\"><svg xmlns=\"http:\/\/www.w3.org\/2000\/svg\" viewBox=\"0 0 448 512\"><!--! Font Awesome Pro 6.1.1 by @fontawesome - https:\/\/fontawesome.com License - https:\/\/fontawesome.com\/license (Commercial License) Copyright 2022 Fonticons, Inc. --><path fill=\"ff0000\" style=\"height: 22px\" d=\"M246.6 233.4l-160-160c-12.5-12.5-32.75-12.5-45.25 0s-12.5 32.75 0 45.25L178.8 256l-137.4 137.4c-12.5 12.5-12.5 32.75 0 45.25C47.63 444.9 55.81 448 64 448s16.38-3.125 22.62-9.375l160-160C259.1 266.1 259.1 245.9 246.6 233.4zM438.6 233.4l-160-160c-12.5-12.5-32.75-12.5-45.25 0s-12.5 32.75 0 45.25L370.8 256l-137.4 137.4c-12.5 12.5-12.5 32.75 0 45.25C239.6 444.9 247.8 448 256 448s16.38-3.125 22.62-9.375l160-160C451.1 266.1 451.1 245.9 438.6 233.4z\"\/><\/svg><\/div>',\r\n            });\r\n        });\r\n    });\r\n<\/script>\r\n\r\n<div id=\"block_01363f18cfc298025470188aef39a6e1\" class=\"bild-video-text-slider block-header-bild-video-text-slider\">\r\n                        <div>\r\n                <div class=\"bild-video-text-slider--slide\">\r\n                                            <div class=\"img-vid-box\">\r\n                            <div class=\"img-sizer\">\r\n                                <img decoding=\"async\" width=\"1920\" height=\"800\" src=\"https:\/\/www.efaflex.com\/wp-content\/uploads\/2022\/07\/generalunternehmer-anwender-efaflex-1920x800.jpg\" class=\"attachment-image-big size-image-big\" alt=\"\" \/>                            <\/div>\r\n                        <\/div>\r\n                        <div class=\"video-text\">\r\n                            <h1>Zuverl\u00e4ssige Schnelllauftore f\u00fcr <span class=\"highlighted\">Generalunternehmer.<\/span><\/h1>\n                        <\/div>\r\n                                    <\/div>\r\n\r\n            <\/div>\r\n            <\/div>\n\n\r\n\r\n<div id=\"breadcrump-block_119d853c58604f76fb1c160dad1e4678\" class=\"inner\">\r\n        <nav class=\"breadcrumb\"><a href=\"https:\/\/www.efaflex.com\/de\/\">Startseite<\/a> \/ <span class=\"current-page\">Seite<\/span><\/nav>    <\/div>\n\n\n<div style=\"height:100px\" aria-hidden=\"true\" class=\"wp-block-spacer\"><\/div>\n\n\n\r\n\r\n<div id=\"textmodul-3-spalten-block_fdbe2cd54ce2265f8330bf4815f97f11\" class=\"textmodul-3-spalten\">\r\n    <div class=\"inner\">\r\n        <div class=\"custom-flex-box\">\r\n                            <h2 class=\"flex-box-thirty break headline-two\">Innovative Torl\u00f6sungen und erstklassiger BIM-Service.<\/h2>                        <div class=\"flex-box-thirty\"><p>Nutzen Sie die Vorz\u00fcge unseres Rundum-Service-Pakets: Unser Experten-Team begleitet Sie von Anfang an und unterst\u00fctzt Sie sowohl mit ausf\u00fchrlicher Beratung als auch beim Einbau der richtigen Toranlage am Ende des Projekts. Dar\u00fcber hinaus stellen wir Ihnen alle wichtigen Materialien, wie Ausschreibungstexte und digitale Daten zur Verf\u00fcgung und gehen auf Ihre individuellen W\u00fcnsche und Bed\u00fcrfnisse ein.<\/p>\n<\/div>\r\n            <div class=\"flex-box-thirty\"><\/div>\r\n        <\/div>\r\n    <\/div>\r\n<\/div>\r\n\n\n\n<div style=\"height:100px\" aria-hidden=\"true\" class=\"wp-block-spacer\"><\/div>\n\n\n\n\n\r\n<div id=\"benefits-modul-block_829897923f1576fef3aba31aea8dc3d8\" class=\"benefits-modul inner\">\r\n    <h2><\/h2>\r\n            <div class=\"custom-flex-box\">\r\n                            <div class=\"flex-box-fifty benefits-modul--benefit\">\r\n                    <img decoding=\"async\" width=\"49\" height=\"49\" src=\"https:\/\/www.efaflex.com\/wp-content\/themes\/efaflex\/assets\/img\/benefits-check.svg\" alt=\"Benefits Check Icon\">\r\n                    <div>\r\n                        Sichere Anlage                                                    <p>Eine Investition in unsere Tore ist eine clevere wirtschaftliche Entscheidung. Unsere Produkte zeichnen sich durch hervorragende Qualit\u00e4t und eine ausgesprochen lange Lebensdauer aus. So sichern Sie Ihre Produktion ab, vermeiden Stillstandzeiten und es entstehen keine \u00fcberfl\u00fcssigen Kosten.<\/p>\r\n                                            <\/div>\r\n                <\/div>\r\n                            <div class=\"flex-box-fifty benefits-modul--benefit\">\r\n                    <img decoding=\"async\" width=\"49\" height=\"49\" src=\"https:\/\/www.efaflex.com\/wp-content\/themes\/efaflex\/assets\/img\/benefits-check.svg\" alt=\"Benefits Check Icon\">\r\n                    <div>\r\n                        Digitaler Zwilling                                                    <p>Profitieren Sie von unserem BIM-Service: Wir stellen die neuesten technischen Zeichnungen in den Formaten AutoCAD, Revit und ArchiCAD direkt zum Download zur Verf\u00fcgung. Dadurch reduzieren Sie Baukosten und Zeit, sowie die Kollision von Gewerken bei der Bauausf\u00fchrung.<\/p>\r\n                                            <\/div>\r\n                <\/div>\r\n                            <div class=\"flex-box-fifty benefits-modul--benefit\">\r\n                    <img decoding=\"async\" width=\"49\" height=\"49\" src=\"https:\/\/www.efaflex.com\/wp-content\/themes\/efaflex\/assets\/img\/benefits-check.svg\" alt=\"Benefits Check Icon\">\r\n                    <div>\r\n                        Beratungsleistung                                                    <p>Unsere ausf\u00fchrliche Beratungsleistung reicht vom pers\u00f6nlichen Termin vor Ort \u00fcber kurzfristige digitale Unterst\u00fctzung in Web-Konferenzen bis hin zu kleineren Telefonaten. Die EFAFLEX Experten vom Au\u00dfendienst stehen Ihnen jederzeit zur Verf\u00fcgung und beantworten gerne alle Ihre Fragen zum Projekt und zu Ihren individuellen W\u00fcnschen und Vorstellungen. <\/p>\r\n                                            <\/div>\r\n                <\/div>\r\n                            <div class=\"flex-box-fifty benefits-modul--benefit\">\r\n                    <img decoding=\"async\" width=\"49\" height=\"49\" src=\"https:\/\/www.efaflex.com\/wp-content\/themes\/efaflex\/assets\/img\/benefits-check.svg\" alt=\"Benefits Check Icon\">\r\n                    <div>\r\n                        Projektunterst\u00fctzung                                                    <p>Unsere Experten begleiten Sie von Anfang an und unterst\u00fctzen Sie bei jeder Phase Ihres Projekts. Von der Ausschreibung bis hin zur Abwicklung und Bereitstellung der richtigen Schnelllauftor-L\u00f6sung steht Ihnen eine Vielzahl von Mitarbeitern aus allen Bereichen zur Verf\u00fcgung. Dabei zeichnet sich unser Team durch reichlich Erfahrung mit Gro\u00dfbauprojekten und l\u00f6sungsorientiertes Denken aus.<\/p>\r\n                                            <\/div>\r\n                <\/div>\r\n                    <\/div>\r\n        <div class=\"benefits-modul--links\">\r\n                                    <\/div>\r\n<\/div>\n\n\n<div style=\"height:200px\" aria-hidden=\"true\" class=\"wp-block-spacer\"><\/div>\n\n\n<div id=\"contact-modul-block_e915dd74037ba2633749b1023e6d58b0\" class=\"contact-modul contact-modul-thirty\">\r\n    <div class=\"inner\">\r\n        <div class=\"custom-flex-box\">\r\n            <div class=\"flex-box-thirty\">\r\n                                                            <h2>Haben Sie noch<br \/>\r\nFragen?<\/h2>\r\n                                                                        <\/div>\r\n            <div class=\"flex-box-thirty contact-modul--contact\">\r\n                                                            <span>Nehmen Sie Kontakt auf.<\/span>\r\n                        <p>Wir sind f\u00fcr Sie da!<\/p>\r\n                                                                            <a class=\"load-more-button\" href=\"https:\/\/www.efaflex.com\/de\/kontakt\/\" target=\"\">Zum Online-Kontaktformular<\/a>\r\n                                                                        <\/div>\r\n        <\/div>\r\n    <\/div>\r\n<\/div>\n\n\n<div style=\"height:200px\" aria-hidden=\"true\" class=\"wp-block-spacer\"><\/div>\n\n\n\r\n<div id=\"bild-text-modul-links-rechts-block_3b5b55149436d43898a31357977badff\" class=\"bild-text-modul-container\">\r\n    <div class=\"inner\">\r\n                        \r\n                                    \r\n                            <div id=\"\" class=\"bild-text-modul-rechts bild-text-modul\">\r\n                                <div class=\"custom-flex-box\">\r\n                                    <div class=\"flex-box-fourty text-container\">\r\n                                        <div class=\"text-container-flex\">\r\n                                            <div class=\"text-inner\">\r\n\r\n                                                                                                                                                            <div class=\"text-left-border\">\r\n                                                            <div class=\"text-cut\">\r\n                                                                                                                                    <span>Produkte<\/span>\r\n                                                                \r\n\r\n                                                                                                                                    <h3 class=\"headline-two\">Schneller. Sicher. Effizienter.<\/h3>                                                                \r\n\r\n                                                                <p class=\"normal-font full-text\"><\/p>\r\n\r\n                                                            <\/div>\r\n                                                            <div class=\"button-box\">\r\n                                                                                                                                \r\n                                                                                                                                                                                                                                                                                                                                                                <a class=\"load-more-button\" href=\"https:\/\/www.efaflex.com\/de\/schnelllauftore\/\">Mehr erfahren<\/a>\r\n                                                                                                                                                                                                                                                                        <\/div>\r\n                                                        <\/div>\r\n                                                                                                    \r\n                                            <\/div>\r\n                                        <\/div>\r\n                                    <\/div>\r\n                                    <div class=\"flex-box-sixty bild-container\">\r\n                                                                                                                                                                                                                                                                                        <img decoding=\"async\" width=\"1920\" height=\"1280\" src=\"https:\/\/www.efaflex.com\/wp-content\/uploads\/2023\/01\/EFAFLEX_Voegele_177.jpg\" class=\"attachment-full size-full\" alt=\"\" srcset=\"https:\/\/www.efaflex.com\/wp-content\/uploads\/2023\/01\/EFAFLEX_Voegele_177.jpg 1920w, https:\/\/www.efaflex.com\/wp-content\/uploads\/2023\/01\/EFAFLEX_Voegele_177-300x200.jpg 300w, https:\/\/www.efaflex.com\/wp-content\/uploads\/2023\/01\/EFAFLEX_Voegele_177-1024x683.jpg 1024w, https:\/\/www.efaflex.com\/wp-content\/uploads\/2023\/01\/EFAFLEX_Voegele_177-768x512.jpg 768w, https:\/\/www.efaflex.com\/wp-content\/uploads\/2023\/01\/EFAFLEX_Voegele_177-1536x1024.jpg 1536w, https:\/\/www.efaflex.com\/wp-content\/uploads\/2023\/01\/EFAFLEX_Voegele_177-382x254.jpg 382w\" sizes=\"(max-width: 1920px) 100vw, 1920px\" \/>                                                                                                                                                                        <\/div>\r\n                                <\/div>\r\n                            <\/div>\r\n                                    \r\n            \r\n\r\n        \r\n\r\n\r\n        <\/div>\r\n<\/div>\r\n\r\n<style>\r\n    .bild-text-modul {\r\n        scroll-margin-top: 143px;\r\n    }\r\n<\/style>\n\n\n<div style=\"height:200px\" aria-hidden=\"true\" class=\"wp-block-spacer\"><\/div>\n\n\n\r\n<div id=\"bild-text-modul-links-rechts-block_a9434851b0d5b5f3d18b477a38ee04c7\" class=\"bild-text-modul-container\">\r\n    <div class=\"inner\">\r\n                                                                                        <div id=\"\" class=\"bild-text-modul-links bild-text-modul\">\r\n                                <div class=\"custom-flex-box\">\r\n                                    <div class=\"flex-box-sixty bild-container\">\r\n                                                                                                                                                                                                                                                                                        <img decoding=\"async\" width=\"1920\" height=\"966\" src=\"https:\/\/www.efaflex.com\/wp-content\/uploads\/2022\/07\/efaflex-unternehmen-philosophie.jpg\" class=\"attachment-full size-full\" alt=\"\" srcset=\"https:\/\/www.efaflex.com\/wp-content\/uploads\/2022\/07\/efaflex-unternehmen-philosophie.jpg 1920w, https:\/\/www.efaflex.com\/wp-content\/uploads\/2022\/07\/efaflex-unternehmen-philosophie-300x151.jpg 300w, https:\/\/www.efaflex.com\/wp-content\/uploads\/2022\/07\/efaflex-unternehmen-philosophie-768x386.jpg 768w, https:\/\/www.efaflex.com\/wp-content\/uploads\/2022\/07\/efaflex-unternehmen-philosophie-1024x515.jpg 1024w, https:\/\/www.efaflex.com\/wp-content\/uploads\/2022\/07\/efaflex-unternehmen-philosophie-1536x773.jpg 1536w\" sizes=\"(max-width: 1920px) 100vw, 1920px\" \/>                                                                                                                                                                        <\/div>\r\n\r\n                                    <div class=\"flex-box-fourty text-container\">\r\n                                        <div class=\"text-container-flex\">\r\n                                            <div class=\"text-inner\">\r\n                                                                                                                                                            <div class=\"text-left-border\">\r\n                                                            <div class=\"text-cut\">\r\n                                                                                                                                    <span>Unternehmensphilosophie<\/span>\r\n                                                                 \r\n\r\n                                                                                                                                          <h3 class=\"headline-two\">Werte, die uns ausmachen.<\/h3>                                                                   \r\n\r\n                                                                \r\n                                                            <\/div>\r\n                                                            <div class=\"button-box\">\r\n                                                                                                                                                                                                                                                                                                                                                              <a class=\"load-more-button\" href=\"https:\/\/www.efaflex.com\/de\/unternehmen\/unternehmensphilosophie\/\" target=\"_blank\">Mehr erfahren<\/a>\r\n                                                                                                                                                                                                                                                                        <\/div>\r\n                                                        <\/div>\r\n                                                                                                                                                <\/div>\r\n                                        <\/div>\r\n                                    <\/div>\r\n                                <\/div>\r\n                            <\/div>\r\n\r\n                                    \r\n            \r\n\r\n        \r\n\r\n\r\n        <\/div>\r\n<\/div>\r\n\r\n<style>\r\n    .bild-text-modul {\r\n        scroll-margin-top: 143px;\r\n    }\r\n<\/style>\n\n\n<div style=\"height:200px\" aria-hidden=\"true\" class=\"wp-block-spacer\"><\/div>\n\n\n\r\n\r\n<div id=\"bild-text-modul-rechts-zweizeilig-block_9ad62e99e20aae696f3cf60549b5db31\" class=\"bild-text-modul-zweizeilig-container\">\r\n            \r\n\r\n\r\n            \r\n                                    \r\n                            <div class=\"bild-text-modul-rechts-zweizeilig bild-text-modul-zweizeilig\">\r\n                                <div class=\"custom-flex-box-no-margin\">\r\n                                    <div class=\"flex-box-fifty-no-margin text-container\">\r\n                                        <div class=\"text-container-flex\">\r\n                                            <div class=\"text-inner\">\r\n\r\n                                                                                                                                                            <div class=\"text-left-border\">\r\n                                                            <div class=\"text-cut\">\r\n                                                                                                                                    <span>BIM<\/span>\r\n                                                                \r\n                                                                                                                                    <h3 class=\"headline-two medium-h2\">Einfache und schnelle Planung mit BIM.<\/h3>                                                                \r\n<!--                                                                <h2 class=\"medium-h2\">--><!--<\/h2>-->\r\n                                                                <p class=\"normal-font full-text\">\u00dcber unser eigenes Downloadportal stellen wir hochwertige BIM-Dateien f\u00fcr die digitale Planung bereit. Architekten, Ingenieure und Generalunternehmer profitieren von gepr\u00fcften Modellen, die ein hohes Ma\u00df an Transparenz schaffen und eine stabile Planungsgrundlage in Bezug auf Qualit\u00e4t, Nachvollziehbarkeit und technische Informationen bieten. <\/p>\r\n                                                            <\/div>\r\n                                                            <div class=\"button-box\">\r\n                                                                                                                                                                                                    <a href=\"https:\/\/www.efaflex.com\/de\/schnelllauftore\/bim\/\" target=\"\" class=\"load-more-button\">\r\n                                                                        Mehr erfahren                                                                    <\/a>\r\n                                                                                                                            <\/div>\r\n                                                        <\/div>\r\n                                                                                                    \r\n                                            <\/div>\r\n                                        <\/div>\r\n                                    <\/div>\r\n                                    <div class=\"flex-box-fifty-no-margin bild-container\">\r\n                                                                                                                                                                                                                                                                                        <img decoding=\"async\" width=\"960\" height=\"720\" src=\"https:\/\/www.efaflex.com\/wp-content\/uploads\/2022\/07\/unternehmen_innovation_last.jpg\" class=\"attachment-full size-full\" alt=\"\" srcset=\"https:\/\/www.efaflex.com\/wp-content\/uploads\/2022\/07\/unternehmen_innovation_last.jpg 960w, https:\/\/www.efaflex.com\/wp-content\/uploads\/2022\/07\/unternehmen_innovation_last-300x225.jpg 300w, https:\/\/www.efaflex.com\/wp-content\/uploads\/2022\/07\/unternehmen_innovation_last-768x576.jpg 768w\" sizes=\"(max-width: 960px) 100vw, 960px\" \/>                                                                                                                                                                        <\/div>\r\n                                <\/div>\r\n                            <\/div>\r\n                                    \r\n            \r\n\r\n        \r\n\r\n\r\n    <\/div>\n\n\n<div style=\"height:100px\" aria-hidden=\"true\" class=\"wp-block-spacer\"><\/div>\n\n\n<div class=\"inner\">\r\n    <div id=\"bild-text-modul-1-3-block_cc7786487cc4113f084a63f190f3b8d6\" class=\"themen-container custom-flex-box\">\r\n                                    <div class=\"thema-box flex-box-thirty\">\r\n                                            <div class=\"bild-box\">\r\n                                                                                                                    <img decoding=\"async\" width=\"1920\" height=\"1275\" src=\"https:\/\/www.efaflex.com\/wp-content\/uploads\/2022\/07\/downloadbereich-efaflex-1.jpg\" class=\"attachment-thementease-thumbnail size-thementease-thumbnail\" alt=\"\" srcset=\"https:\/\/www.efaflex.com\/wp-content\/uploads\/2022\/07\/downloadbereich-efaflex-1.jpg 1920w, https:\/\/www.efaflex.com\/wp-content\/uploads\/2022\/07\/downloadbereich-efaflex-1-300x199.jpg 300w, https:\/\/www.efaflex.com\/wp-content\/uploads\/2022\/07\/downloadbereich-efaflex-1-1024x680.jpg 1024w, https:\/\/www.efaflex.com\/wp-content\/uploads\/2022\/07\/downloadbereich-efaflex-1-768x510.jpg 768w, https:\/\/www.efaflex.com\/wp-content\/uploads\/2022\/07\/downloadbereich-efaflex-1-1536x1020.jpg 1536w, https:\/\/www.efaflex.com\/wp-content\/uploads\/2022\/07\/downloadbereich-efaflex-1-1083x720.jpg 1083w, https:\/\/www.efaflex.com\/wp-content\/uploads\/2022\/07\/downloadbereich-efaflex-1-382x254.jpg 382w\" sizes=\"(max-width: 1920px) 100vw, 1920px\" \/>                                                    <\/div>\r\n                                            \r\n                                                                <h2 class=\"headline-two\">\r\n                                                        Downloadbereich                        <\/h2>\r\n                    \r\n                        <p class=\"normal-font\">Produktinformationen und Ausschreibungstexte k\u00f6nnen Sie hier einfach und bequem als PDF-Datei herunterladen.<\/p>\r\n                                                                                                                                                                                                        <a href=\"https:\/\/www.efaflex.com\/de\/downloadbereich\/\" class=\"load-more-button\">Mehr erfahren<\/a>\r\n                                                                                                                                    <\/div>\r\n                            <div class=\"thema-box flex-box-thirty\">\r\n                                            <div class=\"bild-box\">\r\n                                                                                                                    <img decoding=\"async\" width=\"1920\" height=\"1080\" src=\"https:\/\/www.efaflex.com\/wp-content\/uploads\/2022\/07\/mediathek-efaflex.jpg\" class=\"attachment-thementease-thumbnail size-thementease-thumbnail\" alt=\"\" srcset=\"https:\/\/www.efaflex.com\/wp-content\/uploads\/2022\/07\/mediathek-efaflex.jpg 1920w, https:\/\/www.efaflex.com\/wp-content\/uploads\/2022\/07\/mediathek-efaflex-300x169.jpg 300w, https:\/\/www.efaflex.com\/wp-content\/uploads\/2022\/07\/mediathek-efaflex-1024x576.jpg 1024w, https:\/\/www.efaflex.com\/wp-content\/uploads\/2022\/07\/mediathek-efaflex-768x432.jpg 768w, https:\/\/www.efaflex.com\/wp-content\/uploads\/2022\/07\/mediathek-efaflex-1536x864.jpg 1536w, https:\/\/www.efaflex.com\/wp-content\/uploads\/2022\/07\/mediathek-efaflex-1280x720.jpg 1280w\" sizes=\"(max-width: 1920px) 100vw, 1920px\" \/>                                                    <\/div>\r\n                                            \r\n                                                                <h2 class=\"headline-two\">\r\n                                                        Mediathek                        <\/h2>\r\n                    \r\n                        <p class=\"normal-font\">Machen Sie sich selbst ein Bild: In der Mediathek finden Sie Filme zu Toranlagen im Betrieb, Energieeinsparung bei EFAFLEX Schnelllauftoren und zu unseren Peripherie-Systemen zur Vorfeld\u00fcberwachung.<\/p>\r\n                                                                                                                                                                                                        <a href=\"https:\/\/www.efaflex.com\/de\/mediathek\/\" class=\"load-more-button\">Mehr erfahren<\/a>\r\n                                                                                                                                    <\/div>\r\n                        <\/div>\r\n<\/div>\r\n\n\n\n<div style=\"height:100px\" aria-hidden=\"true\" class=\"wp-block-spacer\"><\/div>\n","protected":false},"excerpt":{"rendered":"","protected":false},"author":10,"featured_media":0,"parent":15,"menu_order":31,"comment_status":"closed","ping_status":"closed","template":"","meta":{"_acf_changed":false,"footnotes":""},"categories":[],"tags":[],"class_list":["post-3821","page","type-page","status-publish","hentry"],"acf":[],"_links":{"self":[{"href":"https:\/\/www.efaflex.com\/de\/wp-json\/wp\/v2\/pages\/3821","targetHints":{"allow":["GET"]}}],"collection":[{"href":"https:\/\/www.efaflex.com\/de\/wp-json\/wp\/v2\/pages"}],"about":[{"href":"https:\/\/www.efaflex.com\/de\/wp-json\/wp\/v2\/types\/page"}],"author":[{"embeddable":true,"href":"https:\/\/www.efaflex.com\/de\/wp-json\/wp\/v2\/users\/10"}],"replies":[{"embeddable":true,"href":"https:\/\/www.efaflex.com\/de\/wp-json\/wp\/v2\/comments?post=3821"}],"version-history":[{"count":13,"href":"https:\/\/www.efaflex.com\/de\/wp-json\/wp\/v2\/pages\/3821\/revisions"}],"predecessor-version":[{"id":25420,"href":"https:\/\/www.efaflex.com\/de\/wp-json\/wp\/v2\/pages\/3821\/revisions\/25420"}],"up":[{"embeddable":true,"href":"https:\/\/www.efaflex.com\/de\/wp-json\/wp\/v2\/pages\/15"}],"wp:attachment":[{"href":"https:\/\/www.efaflex.com\/de\/wp-json\/wp\/v2\/media?parent=3821"}],"wp:term":[{"taxonomy":"category","embeddable":true,"href":"https:\/\/www.efaflex.com\/de\/wp-json\/wp\/v2\/categories?post=3821"},{"taxonomy":"post_tag","embeddable":true,"href":"https:\/\/www.efaflex.com\/de\/wp-json\/wp\/v2\/tags?post=3821"}],"curies":[{"name":"wp","href":"https:\/\/api.w.org\/{rel}","templated":true}]}}