{"id":48,"date":"2022-05-10T09:38:18","date_gmt":"2022-05-10T07:38:18","guid":{"rendered":"https:\/\/www.efaflex.com\/\/?page_id=48"},"modified":"2026-02-19T08:27:08","modified_gmt":"2026-02-19T07:27:08","slug":"rolltore","status":"publish","type":"page","link":"https:\/\/www.efaflex.com\/de\/schnelllauftore\/rolltore\/","title":{"rendered":"Schnelllauf-Rolltore"},"content":{"rendered":"\r\n<script type=\"application\/javascript\">\r\n    window.addEventListener('DOMContentLoaded', function() {\r\n        jQuery(document).ready(function($){\r\n            var sliderid = \"block_cd4f1c04971355e3975d5e4873ac4ff8\";\r\n            $('#'+sliderid).slick({\r\n                infinite: true,\r\n                dots: false,\r\n                lazyLoad: 'ondemand',\r\n                autoplay: false,\r\n                arrows: true,\r\n                fade: true,\r\n                speed: 500,\r\n                pauseOnHover: false,\r\n                prevArrow: '<div class=\"slick-prev slick-button\"><svg xmlns=\"http:\/\/www.w3.org\/2000\/svg\" viewBox=\"0 0 448 512\"><!--! Font Awesome Pro 6.1.1 by @fontawesome - https:\/\/fontawesome.com License - https:\/\/fontawesome.com\/license (Commercial License) Copyright 2022 Fonticons, Inc. --><path d=\"M77.25 256l137.4-137.4c12.5-12.5 12.5-32.75 0-45.25s-32.75-12.5-45.25 0l-160 160c-12.5 12.5-12.5 32.75 0 45.25l160 160C175.6 444.9 183.8 448 192 448s16.38-3.125 22.62-9.375c12.5-12.5 12.5-32.75 0-45.25L77.25 256zM269.3 256l137.4-137.4c12.5-12.5 12.5-32.75 0-45.25s-32.75-12.5-45.25 0l-160 160c-12.5 12.5-12.5 32.75 0 45.25l160 160C367.6 444.9 375.8 448 384 448s16.38-3.125 22.62-9.375c12.5-12.5 12.5-32.75 0-45.25L269.3 256z\"\/><\/svg><\/div>',\r\n                nextArrow: '<div class=\"slick-next slick-button\"><svg xmlns=\"http:\/\/www.w3.org\/2000\/svg\" viewBox=\"0 0 448 512\"><!--! Font Awesome Pro 6.1.1 by @fontawesome - https:\/\/fontawesome.com License - https:\/\/fontawesome.com\/license (Commercial License) Copyright 2022 Fonticons, Inc. --><path fill=\"ff0000\" style=\"height: 22px\" d=\"M246.6 233.4l-160-160c-12.5-12.5-32.75-12.5-45.25 0s-12.5 32.75 0 45.25L178.8 256l-137.4 137.4c-12.5 12.5-12.5 32.75 0 45.25C47.63 444.9 55.81 448 64 448s16.38-3.125 22.62-9.375l160-160C259.1 266.1 259.1 245.9 246.6 233.4zM438.6 233.4l-160-160c-12.5-12.5-32.75-12.5-45.25 0s-12.5 32.75 0 45.25L370.8 256l-137.4 137.4c-12.5 12.5-12.5 32.75 0 45.25C239.6 444.9 247.8 448 256 448s16.38-3.125 22.62-9.375l160-160C451.1 266.1 451.1 245.9 438.6 233.4z\"\/><\/svg><\/div>',\r\n            });\r\n        });\r\n    });\r\n<\/script>\r\n\r\n<div id=\"block_cd4f1c04971355e3975d5e4873ac4ff8\" class=\"bild-video-text-slider block-header-bild-video-text-slider\">\r\n                        <div>\r\n                <div class=\"bild-video-text-slider--slide\">\r\n                                            <div class=\"img-vid-box\">\r\n                            <div class=\"img-sizer\">\r\n                                <img decoding=\"async\" width=\"1246\" height=\"800\" src=\"https:\/\/www.efaflex.com\/wp-content\/uploads\/2022\/07\/schnelllauf-rolltore-produkte-header-efaflex-1246x800.jpg\" class=\"attachment-image-big size-image-big\" alt=\"\" \/>                            <\/div>\r\n                        <\/div>\r\n                        <div class=\"video-text\">\r\n                            <h1><span class=\"highlighted\">Schnelllauf-Rolltore<\/span><\/h1>\n<h2>Elektrische Rolltore f\u00fcr h\u00f6chste Anspr\u00fcche, Industrie, Logistik und mehr.<\/h2>\n                        <\/div>\r\n                                    <\/div>\r\n\r\n            <\/div>\r\n            <\/div>\n\n\r\n\r\n<div id=\"breadcrump-block_fb183cc8e362dce51a9cd95f009a9586\" class=\"inner\">\r\n        <nav class=\"breadcrumb\"><a href=\"https:\/\/www.efaflex.com\/de\/\">Startseite<\/a> \/ <span class=\"current-page\">Seite<\/span><\/nav>    <\/div>\n\n\n<div style=\"height:100px\" aria-hidden=\"true\" class=\"wp-block-spacer\"><\/div>\n\n\n\r\n\r\n<div id=\"textmodul-3-spalten-block_2f5f4f5861f2ae085b95af950ad7eddc\" class=\"textmodul-3-spalten\">\r\n    <div class=\"inner\">\r\n        <div class=\"custom-flex-box\">\r\n                            <h2 class=\"flex-box-thirty break headline-two\">EFAFLEX Schnelllauf-Rolltore: <br \/>\r\nL\u00f6sungen f\u00fcr innen und au\u00dfen <\/h2>                        <div class=\"flex-box-thirty\"><p>Von elektrischen Rolltore f\u00fcr den Au\u00dfenbereich bis hin zu praktischen L\u00f6sungen f\u00fcr Hallen, Lager und Produktionsst\u00e4tten: EFALEX bietet ma\u00dfgeschneiderte Industrietore, die Geschwindigkeit, Sicherheit und Langlebigkeit vereinen. Unsere Schnelllauf-Rolltore wurden speziell f\u00fcr den hochfrequentierten Einsatz konzipiert, \u00fcberzeugen mit besonders hohen \u00d6ffnungsgeschwindigkeiten und sind sowohl im gesch\u00fctzten<\/p>\n<\/div>\r\n            <div class=\"flex-box-thirty\"><p>Au\u00dfen- als auch im Innenbereich einsetzbar. F\u00fcr besondere Sicherheit lassen sich EFAFLEX Rolltore au\u00dferdem mit Lichtgittern, Schlie\u00dfkantensicherung und weiteren praktischen Extras ausr\u00fcsten. So ist der Schutz Ihrer Mitarbeiter, Maschinen und Fahrzeuge ebenso gew\u00e4hrleistet wie hohe Produktivit\u00e4t dank reibungsloser Prozesse.<\/p>\n<\/div>\r\n        <\/div>\r\n    <\/div>\r\n<\/div>\r\n\n\n\n<div style=\"height:200px\" aria-hidden=\"true\" class=\"wp-block-spacer\"><\/div>\n\n\n<div id=\"text-eispaltig-block_8f53bfa79406479100e0111fda94a28b\" class=\"block-text-eispaltig inner\">\r\n    <div class=\"block-text-eispaltig-content\">\r\n                    <h2 class=\"headline-two\">Vorteile der Schnelllauf-Rolltore von EFAFLEX<\/h2>                <p>L\u00f6sungen von EFAFLEX erf\u00fcllen die hohen Anspr\u00fcche unterschiedlicher Branchen. Entwickelt mit einem Fokus auf Effizienz, Zuverl\u00e4ssigkeit und Sicherheit bieten unsere Schnelllauf-Rolltore eine Vielzahl durchdachter Vorteile.<\/p>    <\/div>\r\n<\/div>\n\n\n<div style=\"height:100px\" aria-hidden=\"true\" class=\"wp-block-spacer\"><\/div>\n\n\n\r\n<div class=\"inner\">\r\n    <div class=\"zweispaltig-bild-text-modul custom-flex-box\" id=\"zweispaltig-bild-text-modul-block_32e3c274ae5cc40b709c07148722e2bc\">\r\n        \r\n                    \r\n                <div class=\"single-block flex-box-fifty\">\r\n                    <div class=\"img-box\">\r\n                                                                            <img decoding=\"async\" src=\"https:\/\/www.efaflex.com\/wp-content\/uploads\/2025\/06\/efx-2206il-icons-vorteile-rgb-rz-1.png\" alt=\"\" \/>\r\n                                            <\/div>\r\n                    <div class=\"text-box\">\r\n                                                                                    <h2 class=\"medium-h2\">Schnelligkeit f\u00fcr mehr Effizienz:<\/h2>                                <p class=\"desktop-text\">Mit \u00d6ffnungsgeschwindigkeiten von bis zu 2,0 m\/s erm\u00f6glichen unsere Schnelllauf-Rolltore einen reibungslosen Materialfluss \u2013 ideal f\u00fcr Logistikzentren, Produktionshallen oder Schleusen, die oft genutzt werden. Das spart Zeit und optimiert Abl\u00e4ufe.<\/p>\r\n\r\n                                                                                                        <\/div>\r\n                    <div class=\"button-box\">\r\n                        <img decoding=\"async\" src=\"\/wp-content\/themes\/efaflex\/assets\/img\/after-button-arrows.svg\" alt=\"arrow-down\">\r\n                    <\/div>\r\n                    <div class=\"mobile-text-box\">\r\n                                                                                    <p class=\"desktop-text\">Mit \u00d6ffnungsgeschwindigkeiten von bis zu 2,0 m\/s erm\u00f6glichen unsere Schnelllauf-Rolltore einen reibungslosen Materialfluss \u2013 ideal f\u00fcr Logistikzentren, Produktionshallen oder Schleusen, die oft genutzt werden. Das spart Zeit und optimiert Abl\u00e4ufe.<\/p>\r\n\r\n                                                                                                        <\/div>\r\n                <\/div>\r\n\r\n            \r\n                <div class=\"single-block flex-box-fifty\">\r\n                    <div class=\"img-box\">\r\n                                                                            <img decoding=\"async\" src=\"https:\/\/www.efaflex.com\/wp-content\/uploads\/2025\/06\/efx-2206il-icons-vorteile-rgb-rz-2.png\" alt=\"\" \/>\r\n                                            <\/div>\r\n                    <div class=\"text-box\">\r\n                                                                                    <h2 class=\"medium-h2\">Zuverl\u00e4ssige Funktion im Notfall:<\/h2>                                <p class=\"desktop-text\">Im Gegensatz zu anderen g\u00e4ngigen Rolltoren k\u00f6nnen Schnelllauf-Rolltore von EFAFLEX durch den serienm\u00e4\u00dfigen Gewichtsausgleich auch bei Stromausfall oder Rauchentwicklung schnell und einfach manuell ge\u00f6ffnet werden.<\/p>\r\n\r\n                                                                                                        <\/div>\r\n                    <div class=\"button-box\">\r\n                        <img decoding=\"async\" src=\"\/wp-content\/themes\/efaflex\/assets\/img\/after-button-arrows.svg\" alt=\"arrow-down\">\r\n                    <\/div>\r\n                    <div class=\"mobile-text-box\">\r\n                                                                                    <p class=\"desktop-text\">Im Gegensatz zu anderen g\u00e4ngigen Rolltoren k\u00f6nnen Schnelllauf-Rolltore von EFAFLEX durch den serienm\u00e4\u00dfigen Gewichtsausgleich auch bei Stromausfall oder Rauchentwicklung schnell und einfach manuell ge\u00f6ffnet werden.<\/p>\r\n\r\n                                                                                                        <\/div>\r\n                <\/div>\r\n\r\n            \r\n                <div class=\"single-block flex-box-fifty\">\r\n                    <div class=\"img-box\">\r\n                                                                            <img decoding=\"async\" src=\"https:\/\/www.efaflex.com\/wp-content\/uploads\/2025\/06\/efx-2206il-icons-karriere-rgb-rz-9.png\" alt=\"\" \/>\r\n                                            <\/div>\r\n                    <div class=\"text-box\">\r\n                                                                                    <h2 class=\"medium-h2\">Individualisierbarkeit bis ins Detail:<\/h2>                                <p class=\"desktop-text\">Sie erhalten Ihr Rolltor exakt nach Ma\u00df und gem\u00e4\u00df Ihren Vorgaben. Unsere L\u00f6sungen sind in verschiedenen Ausf\u00fchrungen verf\u00fcgbar, beispielsweise mit verzinktem Stahl oder Edelstahl sowie mit farbigem, transparentem oder bedrucktem Behang. Zus\u00e4tzlich k\u00f6nnen Sie aus vielen optionalen Ausstattungen f\u00fcr Ihr Rolltor w\u00e4hlen.<\/p>\r\n\r\n                                                                                                        <\/div>\r\n                    <div class=\"button-box\">\r\n                        <img decoding=\"async\" src=\"\/wp-content\/themes\/efaflex\/assets\/img\/after-button-arrows.svg\" alt=\"arrow-down\">\r\n                    <\/div>\r\n                    <div class=\"mobile-text-box\">\r\n                                                                                    <p class=\"desktop-text\">Sie erhalten Ihr Rolltor exakt nach Ma\u00df und gem\u00e4\u00df Ihren Vorgaben. Unsere L\u00f6sungen sind in verschiedenen Ausf\u00fchrungen verf\u00fcgbar, beispielsweise mit verzinktem Stahl oder Edelstahl sowie mit farbigem, transparentem oder bedrucktem Behang. Zus\u00e4tzlich k\u00f6nnen Sie aus vielen optionalen Ausstattungen f\u00fcr Ihr Rolltor w\u00e4hlen.<\/p>\r\n\r\n                                                                                                        <\/div>\r\n                <\/div>\r\n\r\n            \r\n                <div class=\"single-block flex-box-fifty\">\r\n                    <div class=\"img-box\">\r\n                                                                            <img decoding=\"async\" src=\"https:\/\/www.efaflex.com\/wp-content\/uploads\/2025\/06\/efx-2206il-icons-nachhaltigkeit-rgb-rz-6.png\" alt=\"\" \/>\r\n                                            <\/div>\r\n                    <div class=\"text-box\">\r\n                                                                                    <h2 class=\"medium-h2\">Besonders wartungsarm und langlebig:<\/h2>                                <p class=\"desktop-text\">Rolltore von EFAFLEX zeichnen sich durch eine besondere Wartungsfreundlichkeit aus und sind f\u00fcr den hochfrequentierten Einsatz konzipiert. Alle Komponenten sind aufeinander abgestimmt und auf Langlebigkeit ausgelegt. Die robuste Konstruktion reduziert Stillstandzeiten und Instandhaltungskosten. Ein Rolltor von EFAFLEX kaufen bedeutet, in langfristige Zuverl\u00e4ssigkeit zu investieren.<\/p>\r\n\r\n                                                                                                        <\/div>\r\n                    <div class=\"button-box\">\r\n                        <img decoding=\"async\" src=\"\/wp-content\/themes\/efaflex\/assets\/img\/after-button-arrows.svg\" alt=\"arrow-down\">\r\n                    <\/div>\r\n                    <div class=\"mobile-text-box\">\r\n                                                                                    <p class=\"desktop-text\">Rolltore von EFAFLEX zeichnen sich durch eine besondere Wartungsfreundlichkeit aus und sind f\u00fcr den hochfrequentierten Einsatz konzipiert. Alle Komponenten sind aufeinander abgestimmt und auf Langlebigkeit ausgelegt. Die robuste Konstruktion reduziert Stillstandzeiten und Instandhaltungskosten. Ein Rolltor von EFAFLEX kaufen bedeutet, in langfristige Zuverl\u00e4ssigkeit zu investieren.<\/p>\r\n\r\n                                                                                                        <\/div>\r\n                <\/div>\r\n\r\n                        <\/div>\r\n<\/div>\r\n\r\n<script>\r\n    window.addEventListener('DOMContentLoaded', function() {\r\n        jQuery(document).ready(function($) {\r\n            $('#zweispaltig-bild-text-modul-block_32e3c274ae5cc40b709c07148722e2bc .button-box').click(function () {\r\n                if($(this).parent('.single-block').hasClass(\"active\"))\r\n                {\r\n                    $('.single-block').removeClass('active');\r\n                    $('.mobile-text-box').slideUp();\r\n                }\r\n                else\r\n                {\r\n                    $('.single-block').removeClass('active');\r\n                    $('.mobile-text-box').slideUp();\r\n                    $(this).parent('.single-block').addClass('active');\r\n                    $(this).parent().children('.mobile-text-box').slideDown();\r\n                }\r\n            });\r\n            $(window).resize(function() {\r\n                if ($(window).width() <= 1024) {\r\n                    $('#zweispaltig-bild-text-modul-block_32e3c274ae5cc40b709c07148722e2bc .single-block').removeClass('active');\r\n                    $('#zweispaltig-bild-text-modul-block_32e3c274ae5cc40b709c07148722e2bc .mobile-text-box').hide();\r\n                }\r\n            });\r\n        });\r\n    });\r\n<\/script>\n\n\n<div style=\"height:200px\" aria-hidden=\"true\" class=\"wp-block-spacer\"><\/div>\n\n\n<div id=\"text-eispaltig-block_d185983e415a08b1974a15c7aa9fd8a1\" class=\"block-text-eispaltig inner\">\r\n    <div class=\"block-text-eispaltig-content\">\r\n                    <h2 class=\"headline-two\">Rolltore f\u00fcr jede Anforderung und Situation<\/h2>                <p>Ganz gleich, wo ihr Rolltor gebraucht wird: EFAFLEX bietet L\u00f6sungen f\u00fcr die unterschiedlichsten Anwendungssituationen. Unsere Schnelllauf-Rolltore sind so vielf\u00e4ltig wie die Anforderungen unserer Kunden. Entdecken Sie unsere verschiedenen Modellvarianten und finden Sie die L\u00f6sung, die perfekt zu Ihrem Einsatzbereich passt.<\/p>    <\/div>\r\n<\/div>\n\n\n<div style=\"height:100px\" aria-hidden=\"true\" class=\"wp-block-spacer\"><\/div>\n\n\n<div class=\"inner\">\r\n    <div id=\"bild-text-modul-1-3-block_2792411b0f030a68b024a6a18f58ea86\" class=\"themen-container custom-flex-box aligned-left\">\r\n                                    <div class=\"thema-box flex-box-thirty\">\r\n                                            <div class=\"bild-box\">\r\n                                                                                                                    <img decoding=\"async\" width=\"1920\" height=\"1440\" src=\"https:\/\/www.efaflex.com\/wp-content\/uploads\/2023\/04\/efaflex-efa-srt-cellofoam-1_bearbeitet.jpg\" class=\"attachment-thementease-thumbnail size-thementease-thumbnail\" alt=\"\" srcset=\"https:\/\/www.efaflex.com\/wp-content\/uploads\/2023\/04\/efaflex-efa-srt-cellofoam-1_bearbeitet.jpg 1920w, https:\/\/www.efaflex.com\/wp-content\/uploads\/2023\/04\/efaflex-efa-srt-cellofoam-1_bearbeitet-300x225.jpg 300w, https:\/\/www.efaflex.com\/wp-content\/uploads\/2023\/04\/efaflex-efa-srt-cellofoam-1_bearbeitet-1024x768.jpg 1024w, https:\/\/www.efaflex.com\/wp-content\/uploads\/2023\/04\/efaflex-efa-srt-cellofoam-1_bearbeitet-768x576.jpg 768w, https:\/\/www.efaflex.com\/wp-content\/uploads\/2023\/04\/efaflex-efa-srt-cellofoam-1_bearbeitet-1536x1152.jpg 1536w\" sizes=\"(max-width: 1920px) 100vw, 1920px\" \/>                                                    <\/div>\r\n                                            \r\n                                                                <h2 class=\"headline-two\">\r\n                            <span>Das wirtschaftliche Allround-Rolltor<\/span>                            Serie R                        <\/h2>\r\n                    \r\n                        <p class=\"normal-font\">Die Schnelllauf-Rolltore der Serie R sind die ideale L\u00f6sung f\u00fcr den Innenbereich mit hoher Nutzung. Sie zeichnen sich durch schnelle \u00d6ffnungs- und Schlie\u00dfzyklen, eine platzsparende Bauweise und hohe Wirtschaftlichkeit aus. Die Rolltore sind in zahlreichen Varianten erh\u00e4ltlich und lassen sich individuell an Ihre Anforderungen anpassen.<\/p>\r\n                                                                                                                                                                                                        <a href=\"https:\/\/www.efaflex.com\/de\/schnelllauftore\/rolltore\/serie-r\/\" class=\"load-more-button\">Mehr erfahren<\/a>\r\n                                                                                                                                    <\/div>\r\n                            <div class=\"thema-box flex-box-thirty\">\r\n                                            <div class=\"bild-box\">\r\n                                                                                                                    <img decoding=\"async\" width=\"1920\" height=\"1280\" src=\"https:\/\/www.efaflex.com\/wp-content\/uploads\/2022\/06\/serie-cr-rolltor-efa-srt-cr-premium-seitenansicht-efaflex.jpg\" class=\"attachment-thementease-thumbnail size-thementease-thumbnail\" alt=\"\" srcset=\"https:\/\/www.efaflex.com\/wp-content\/uploads\/2022\/06\/serie-cr-rolltor-efa-srt-cr-premium-seitenansicht-efaflex.jpg 1920w, https:\/\/www.efaflex.com\/wp-content\/uploads\/2022\/06\/serie-cr-rolltor-efa-srt-cr-premium-seitenansicht-efaflex-300x200.jpg 300w, https:\/\/www.efaflex.com\/wp-content\/uploads\/2022\/06\/serie-cr-rolltor-efa-srt-cr-premium-seitenansicht-efaflex-1024x683.jpg 1024w, https:\/\/www.efaflex.com\/wp-content\/uploads\/2022\/06\/serie-cr-rolltor-efa-srt-cr-premium-seitenansicht-efaflex-768x512.jpg 768w, https:\/\/www.efaflex.com\/wp-content\/uploads\/2022\/06\/serie-cr-rolltor-efa-srt-cr-premium-seitenansicht-efaflex-1536x1024.jpg 1536w, https:\/\/www.efaflex.com\/wp-content\/uploads\/2022\/06\/serie-cr-rolltor-efa-srt-cr-premium-seitenansicht-efaflex-382x254.jpg 382w\" sizes=\"(max-width: 1920px) 100vw, 1920px\" \/>                                                    <\/div>\r\n                                            \r\n                                                                <h2 class=\"headline-two\">\r\n                            <span>L\u00f6sung f\u00fcr h\u00f6chste Hygieneanspr\u00fcche<\/span>                            Serie CR                        <\/h2>\r\n                    \r\n                        <p class=\"normal-font\">F\u00fcr den Einsatz in Reinr\u00e4umen oder hygienesensiblen Zonen wurde die Serie CR entwickelt. Die glatten Oberfl\u00e4chen, die korrosionsfreien Materialien und die speziell abgedichtete Bauweise erf\u00fcllen selbst strengste Vorgaben. Damit eignen sich diese Rolltore optimal f\u00fcr die Lebensmittel-, Pharma- oder Elektronikindustrie.<\/p>\r\n                                                                                                                                                                                                        <a href=\"https:\/\/www.efaflex.com\/de\/schnelllauftore\/rolltore\/serie-cr\/\" class=\"load-more-button\">Mehr erfahren<\/a>\r\n                                                                                                                                    <\/div>\r\n                            <div class=\"thema-box flex-box-thirty\">\r\n                                            <div class=\"bild-box\">\r\n                                                                                                                    <img decoding=\"async\" width=\"1039\" height=\"707\" src=\"https:\/\/www.efaflex.com\/wp-content\/uploads\/2023\/11\/efaflex-efa-srt-ms-performance-10.jpg\" class=\"attachment-thementease-thumbnail size-thementease-thumbnail\" alt=\"\" srcset=\"https:\/\/www.efaflex.com\/wp-content\/uploads\/2023\/11\/efaflex-efa-srt-ms-performance-10.jpg 1039w, https:\/\/www.efaflex.com\/wp-content\/uploads\/2023\/11\/efaflex-efa-srt-ms-performance-10-300x204.jpg 300w, https:\/\/www.efaflex.com\/wp-content\/uploads\/2023\/11\/efaflex-efa-srt-ms-performance-10-768x523.jpg 768w, https:\/\/www.efaflex.com\/wp-content\/uploads\/2023\/11\/efaflex-efa-srt-ms-performance-10-1024x697.jpg 1024w\" sizes=\"(max-width: 1039px) 100vw, 1039px\" \/>                                                    <\/div>\r\n                                            \r\n                                                                <h2 class=\"headline-two\">\r\n                            <span>Sicherheit f\u00fcr Mensch und Maschine<\/span>                            Serie MS                        <\/h2>\r\n                    \r\n                        <p class=\"normal-font\">Die Schnelllauf-Rolltore der Serie MS wurden speziell f\u00fcr den Einsatz als Maschinenschutztore konzipiert. Sie sch\u00fctzen zuverl\u00e4ssig vor Eingriffen in Gefahrenbereiche und unterst\u00fctzen stabile und automatisierte Produktionsprozesse. Ihre robuste Bauweise sorgt f\u00fcr maximale Betriebssicherheit bei gleichzeitig hoher \u00d6ffnungsfrequenz.<\/p>\r\n                                                                                                                                                                                                        <a href=\"https:\/\/www.efaflex.com\/de\/schnelllauftore\/rolltore\/serie-ms\/\" class=\"load-more-button\">Mehr erfahren<\/a>\r\n                                                                                                                                    <\/div>\r\n                            <div class=\"thema-box flex-box-thirty\">\r\n                                            <div class=\"bild-box\">\r\n                                                                                                                    <img decoding=\"async\" width=\"1920\" height=\"1280\" src=\"https:\/\/www.efaflex.com\/wp-content\/uploads\/2022\/07\/titelbild-serie-mtl-schnelllauftore-material-transport-logistik.jpg\" class=\"attachment-thementease-thumbnail size-thementease-thumbnail\" alt=\"\" srcset=\"https:\/\/www.efaflex.com\/wp-content\/uploads\/2022\/07\/titelbild-serie-mtl-schnelllauftore-material-transport-logistik.jpg 1920w, https:\/\/www.efaflex.com\/wp-content\/uploads\/2022\/07\/titelbild-serie-mtl-schnelllauftore-material-transport-logistik-300x200.jpg 300w, https:\/\/www.efaflex.com\/wp-content\/uploads\/2022\/07\/titelbild-serie-mtl-schnelllauftore-material-transport-logistik-1024x683.jpg 1024w, https:\/\/www.efaflex.com\/wp-content\/uploads\/2022\/07\/titelbild-serie-mtl-schnelllauftore-material-transport-logistik-768x512.jpg 768w, https:\/\/www.efaflex.com\/wp-content\/uploads\/2022\/07\/titelbild-serie-mtl-schnelllauftore-material-transport-logistik-1536x1024.jpg 1536w, https:\/\/www.efaflex.com\/wp-content\/uploads\/2022\/07\/titelbild-serie-mtl-schnelllauftore-material-transport-logistik-382x254.jpg 382w\" sizes=\"(max-width: 1920px) 100vw, 1920px\" \/>                                                    <\/div>\r\n                                            \r\n                                                                <h2 class=\"headline-two\">\r\n                            <span>F\u00fcr Materialfluss und Logistik optimiert<\/span>                            Serie MTL                        <\/h2>\r\n                    \r\n                        <p class=\"normal-font\">Die Serie MTL ist die perfekte Rolltorl\u00f6sung f\u00fcr Transport- und Lagerprozesse mit hoher Taktung. Ihre hohe Geschwindigkeit und Zuverl\u00e4ssigkeit gew\u00e4hrleisten einen ununterbrochenen Warenfluss. Gleichzeitig sch\u00fctzt das System vor Zugluft und unbefugtem Zutritt.<\/p>\r\n                                                                                                                                                                                                        <a href=\"https:\/\/www.efaflex.com\/de\/schnelllauftore\/rolltore\/serie-mtl\/\" class=\"load-more-button\">Mehr erfahren<\/a>\r\n                                                                                                                                    <\/div>\r\n                            <div class=\"thema-box flex-box-thirty\">\r\n                                            <div class=\"bild-box\">\r\n                                                                                                                    <img decoding=\"async\" width=\"1005\" height=\"670\" src=\"https:\/\/www.efaflex.com\/wp-content\/uploads\/2022\/06\/serie-r-rolltore-efa-srt-ex-anwendung-efaflex.jpg\" class=\"attachment-thementease-thumbnail size-thementease-thumbnail\" alt=\"\" srcset=\"https:\/\/www.efaflex.com\/wp-content\/uploads\/2022\/06\/serie-r-rolltore-efa-srt-ex-anwendung-efaflex.jpg 1005w, https:\/\/www.efaflex.com\/wp-content\/uploads\/2022\/06\/serie-r-rolltore-efa-srt-ex-anwendung-efaflex-300x200.jpg 300w, https:\/\/www.efaflex.com\/wp-content\/uploads\/2022\/06\/serie-r-rolltore-efa-srt-ex-anwendung-efaflex-768x512.jpg 768w, https:\/\/www.efaflex.com\/wp-content\/uploads\/2022\/06\/serie-r-rolltore-efa-srt-ex-anwendung-efaflex-382x254.jpg 382w\" sizes=\"(max-width: 1005px) 100vw, 1005px\" \/>                                                    <\/div>\r\n                                            \r\n                                                                <h2 class=\"headline-two\">\r\n                            <span>Rolltore f\u00fcr explosionsgef\u00e4hrdete Bereiche<\/span>                            Serie EX                        <\/h2>\r\n                    \r\n                        <p class=\"normal-font\">Die Rolltore der Serie EX sind gem\u00e4\u00df ATEX-Richtlinie f\u00fcr den Einsatz in explosionsgef\u00e4hrdeten Zonen konzipiert. Sie bieten maximale Sicherheit bei gleichzeitig hoher Performance und Verf\u00fcgbarkeit. Damit sind sie die erste Wahl f\u00fcr Chemie-, Pharma- und weitere sensible Industriebereiche.<\/p>\r\n                                                                                                                                                                                                        <a href=\"https:\/\/www.efaflex.com\/de\/schnelllauftore\/rolltore\/serie-ex\/\" class=\"load-more-button\">Mehr erfahren<\/a>\r\n                                                                                                                                    <\/div>\r\n                        <\/div>\r\n<\/div>\r\n\n\n\n<div style=\"height:200px\" aria-hidden=\"true\" class=\"wp-block-spacer\"><\/div>\n\n\n\r\n<div id=\"bild-text-modul-links-rechts-block_7c82dc451e7164454c25b663ff170940\" class=\"bild-text-modul-container\">\r\n    <div class=\"inner\">\r\n                                                                                        <div id=\"\" class=\"bild-text-modul-links bild-text-modul\">\r\n                                <div class=\"custom-flex-box\">\r\n                                    <div class=\"flex-box-sixty bild-container\">\r\n                                                                                                                                                                                                                                                                                        <img decoding=\"async\" width=\"1920\" height=\"966\" src=\"https:\/\/www.efaflex.com\/wp-content\/uploads\/2022\/07\/partnerprogramm-service-international-efaflex.jpg\" class=\"attachment-full size-full\" alt=\"\" srcset=\"https:\/\/www.efaflex.com\/wp-content\/uploads\/2022\/07\/partnerprogramm-service-international-efaflex.jpg 1920w, https:\/\/www.efaflex.com\/wp-content\/uploads\/2022\/07\/partnerprogramm-service-international-efaflex-300x151.jpg 300w, https:\/\/www.efaflex.com\/wp-content\/uploads\/2022\/07\/partnerprogramm-service-international-efaflex-1024x515.jpg 1024w, https:\/\/www.efaflex.com\/wp-content\/uploads\/2022\/07\/partnerprogramm-service-international-efaflex-768x386.jpg 768w, https:\/\/www.efaflex.com\/wp-content\/uploads\/2022\/07\/partnerprogramm-service-international-efaflex-1536x773.jpg 1536w\" sizes=\"(max-width: 1920px) 100vw, 1920px\" \/>                                                                                                                                                                        <\/div>\r\n\r\n                                    <div class=\"flex-box-fourty text-container\">\r\n                                        <div class=\"text-container-flex\">\r\n                                            <div class=\"text-inner\">\r\n                                                                                                                                                            <div class=\"text-left-border\">\r\n                                                            <div class=\"text-cut\">\r\n                                                                                                                                    <span>Alle Tordaten an einem Ort<\/span>\r\n                                                                 \r\n\r\n                                                                                                                                          <h2 class=\"headline-two\">Downloads f\u00fcr die optimale Planung mit EFAFLEX Rolltoren<\/h2>                                                                   \r\n\r\n                                                                <p class=\"normal-font\"><p>Im Downloadbereich von EFAFLEX stehen Ihnen umfassende Planungsunterlagen f\u00fcr unsere Schnelllauf-Rolltore zur Verf\u00fcgung. Hier finden Sie alles Wichtige: von Ausschreibungstexten bis hin zu BIM-Daten f\u00fcr unsere elektrischen Rolltore. Alle Tordaten sind aktuell, \u00fcbersichtlich aufbereitet und stehen zum direkten Download bereit.<\/p>\n<\/p>\r\n                                                            <\/div>\r\n                                                            <div class=\"button-box\">\r\n                                                                                                                                                                                                                                                                                                                                                              <a class=\"load-more-button\" href=\"https:\/\/www.efaflex.com\/de\/downloadbereich\/\">Jetzt herunterladen<\/a>\r\n                                                                                                                                                                                                                                                                        <\/div>\r\n                                                        <\/div>\r\n                                                                                                                                                <\/div>\r\n                                        <\/div>\r\n                                    <\/div>\r\n                                <\/div>\r\n                            <\/div>\r\n\r\n                                    \r\n            \r\n\r\n        \r\n\r\n\r\n        <\/div>\r\n<\/div>\r\n\r\n<style>\r\n    .bild-text-modul {\r\n        scroll-margin-top: 143px;\r\n    }\r\n<\/style>\n\n\n<div style=\"height:200px\" aria-hidden=\"true\" class=\"wp-block-spacer\"><\/div>\n\n\n\r\n<div  class=\"plz-schnellsuche\">\r\n            <div class=\"inner\">\r\n            <div class=\"custom-flex-box\">\r\n                <div class=\"flex-box-fifty\">\r\n                    <h2>Vertriebsstandorte Deutschland<br \/>\r\nSchnellsuche<\/h2>\r\n                <\/div>\r\n                <div class=\"flex-box-fifty\">\r\n                    <input id=\"postalsearch\" type=\"search\" placeholder=\"Postleitzahl\" maxlength=\"5\">\r\n                    <a id=\"loadmorebutton\"\r\n                       class=\"load-more-button\">Jetzt finden<\/a>\r\n                <\/div>\r\n            <\/div>\r\n        <\/div>\r\n    <\/div>\r\n\r\n<div class=\"inner\">\r\n    <div class=\"standorte_plz custom-flex-box\">\r\n        \r\n                    \r\n                    \r\n                    \r\n                    \r\n                    \r\n                    \r\n                    \r\n                    \r\n                    \r\n                    \r\n                    \r\n                    \r\n                    \r\n                    \r\n                    \r\n                    \r\n                    \r\n                            <div class=\"flex-box-thirty standort_plz\" data-id=\"9632\"data-postal='[{\"von\":\"19000\",\"bis\":\"19089\"},{\"von\":\"19200\",\"bis\":\"19419\"},{\"von\":\"20000\",\"bis\":\"20539\"},{\"von\":\"21000\",\"bis\":\"21279\"},{\"von\":\"21300\",\"bis\":\"21529\"},{\"von\":\"21600\",\"bis\":\"21789\"},{\"von\":\"22000\",\"bis\":\"22889\"},{\"von\":\"22900\",\"bis\":\"22969\"},{\"von\":\"23500\",\"bis\":\"23629\"},{\"von\":\"23660\",\"bis\":\"24259\"},{\"von\":\"24300\",\"bis\":\"24409\"},{\"von\":\"24500\",\"bis\":\"24649\"},{\"von\":\"24750\",\"bis\":\"24999\"},{\"von\":\"25300\",\"bis\":\"25379\"},{\"von\":\"25400\",\"bis\":\"25599\"},{\"von\":\"25690\",\"bis\":\"25999\"},{\"von\":\"29430\",\"bis\":\"29649\"}]'>\r\n                                        <h3>Vertriebsau\u00dfendienst<\/h3>\r\n                                                            <p>\r\n                                                    Herr Dipl. Ing. R\u00fcdiger Gehrke<br>\r\n                                                                                                21357 Bardowick                    <\/p>\r\n                                                                <p>\r\n                            \r\n                            \r\n                                                            <span class=\"cb-icon cb-icon-mobile\"><a href=\"tel:+491716952391\">+491716952391<\/a><\/span>\r\n                                                    <\/p>\r\n                                                                <p>\r\n                                                            <span class=\"cb-icon cb-icon-email\"><a href=\"mailto:ruediger.gehrke@efaflex.com\">ruediger.gehrke@efaflex.com<\/a><\/span>\r\n                                                                                <\/p>\r\n                                                        <\/div>\r\n                    \r\n                            <div class=\"flex-box-thirty standort_plz\" data-id=\"9633\"data-postal='[{\"von\":\"35200\",\"bis\":\"35239\"},{\"von\":\"35660\",\"bis\":\"35799\"},{\"von\":\"51530\",\"bis\":\"51599\"},{\"von\":\"53000\",\"bis\":\"53359\"},{\"von\":\"53400\",\"bis\":\"53509\"},{\"von\":\"53510\",\"bis\":\"53539\"},{\"von\":\"53540\",\"bis\":\"53639\"},{\"von\":\"53700\",\"bis\":\"53859\"},{\"von\":\"53860\",\"bis\":\"53949\"},{\"von\":\"54500\",\"bis\":\"54689\"},{\"von\":\"56000\",\"bis\":\"56379\"},{\"von\":\"56400\",\"bis\":\"56479\"},{\"von\":\"56500\",\"bis\":\"56659\"},{\"von\":\"56700\",\"bis\":\"56769\"},{\"von\":\"56800\",\"bis\":\"56869\"},{\"von\":\"57000\",\"bis\":\"57399\"},{\"von\":\"57440\",\"bis\":\"57489\"},{\"von\":\"57500\",\"bis\":\"57589\"},{\"von\":\"57600\",\"bis\":\"57649\"},{\"von\":\"65530\",\"bis\":\"65629\"}]'>\r\n                                        <h3>Vertriebsau\u00dfendienst<\/h3>\r\n                                                            <p>\r\n                                                    Herr Marcel Hehl<br>\r\n                                                                                                56410 Montabaur                    <\/p>\r\n                                                                <p>\r\n                            \r\n                            \r\n                                                            <span class=\"cb-icon cb-icon-mobile\"><a href=\"tel:+4915119546337\">+4915119546337<\/a><\/span>\r\n                                                    <\/p>\r\n                                                                <p>\r\n                                                            <span class=\"cb-icon cb-icon-email\"><a href=\"mailto:marcel.hehl@efaflex.com\">marcel.hehl@efaflex.com<\/a><\/span>\r\n                                                                                <\/p>\r\n                                                        <\/div>\r\n                    \r\n                            <div class=\"flex-box-thirty standort_plz\" data-id=\"9643\"data-postal='[{\"von\":\"84307\",\"bis\":\"84307\"},{\"von\":\"84326\",\"bis\":\"84389\"},{\"von\":\"93086\",\"bis\":\"93086\"},{\"von\":\"93090\",\"bis\":\"93090\"},{\"von\":\"93099\",\"bis\":\"93099\"},{\"von\":\"93102\",\"bis\":\"93104\"},{\"von\":\"93109\",\"bis\":\"93109\"},{\"von\":\"93167\",\"bis\":\"93167\"},{\"von\":\"93177\",\"bis\":\"93179\"},{\"von\":\"93185\",\"bis\":\"93185\"},{\"von\":\"93189\",\"bis\":\"93194\"},{\"von\":\"93199\",\"bis\":\"93199\"},{\"von\":\"93400\",\"bis\":\"94341\"},{\"von\":\"94343\",\"bis\":\"94579\"}]'>\r\n                                        <h3>Vertriebsau\u00dfendienst<\/h3>\r\n                                                            <p>\r\n                                                    Herr Igor Polovic<br>\r\n                                                                                                94469 Deggendorf                    <\/p>\r\n                                                                <p>\r\n                            \r\n                            \r\n                                                            <span class=\"cb-icon cb-icon-mobile\"><a href=\"tel:+491703756880\">+491703756880<\/a><\/span>\r\n                                                    <\/p>\r\n                                                                <p>\r\n                                                            <span class=\"cb-icon cb-icon-email\"><a href=\"mailto:igor.polovic@efaflex.com\">igor.polovic@efaflex.com<\/a><\/span>\r\n                                                                                <\/p>\r\n                                                        <\/div>\r\n                    \r\n                            <div class=\"flex-box-thirty standort_plz\" data-id=\"9644\"data-postal='[{\"von\":\"80001\",\"bis\":\"80999\"},{\"von\":\"81201\",\"bis\":\"81249\"},{\"von\":\"81301\",\"bis\":\"81379\"},{\"von\":\"81451\",\"bis\":\"81479\"},{\"von\":\"81501\",\"bis\":\"81549\"},{\"von\":\"81601\",\"bis\":\"81679\"},{\"von\":\"81701\",\"bis\":\"81739\"},{\"von\":\"81801\",\"bis\":\"81829\"},{\"von\":\"81901\",\"bis\":\"81929\"},{\"von\":\"82000\",\"bis\":\"82069\"},{\"von\":\"82100\",\"bis\":\"82239\"},{\"von\":\"82300\",\"bis\":\"82549\"},{\"von\":\"83000\",\"bis\":\"83139\"},{\"von\":\"83200\",\"bis\":\"83489\"},{\"von\":\"83500\",\"bis\":\"83569\"},{\"von\":\"83600\",\"bis\":\"83739\"},{\"von\":\"84400\",\"bis\":\"84579\"},{\"von\":\"85200\",\"bis\":\"85259\"},{\"von\":\"85500\",\"bis\":\"85669\"},{\"von\":\"85700\",\"bis\":\"85779\"},{\"von\":\"85045\",\"bis\":\"85045\"}]'>\r\n                                        <h3>Vertriebsau\u00dfendienst<\/h3>\r\n                                                            <p>\r\n                                                    Herr Oliver Chadt<br>\r\n                                                                                                85435 Erding                    <\/p>\r\n                                                                <p>\r\n                            \r\n                            \r\n                                                            <span class=\"cb-icon cb-icon-mobile\"><a href=\"tel:+491707811175\">+491707811175<\/a><\/span>\r\n                                                    <\/p>\r\n                                                                <p>\r\n                                                            <span class=\"cb-icon cb-icon-email\"><a href=\"mailto:oliver.chadt@efaflex.com\">oliver.chadt@efaflex.com<\/a><\/span>\r\n                                                                                <\/p>\r\n                                                        <\/div>\r\n                    \r\n                            <div class=\"flex-box-thirty standort_plz\" data-id=\"9645\"data-postal='[{\"von\":\"72150\",\"bis\":\"72299\"},{\"von\":\"75000\",\"bis\":\"75059\"},{\"von\":\"75100\",\"bis\":\"75249\"},{\"von\":\"75300\",\"bis\":\"75339\"},{\"von\":\"75400\",\"bis\":\"75449\"},{\"von\":\"76000\",\"bis\":\"76359\"},{\"von\":\"76400\",\"bis\":\"76599\"},{\"von\":\"76600\",\"bis\":\"76779\"},{\"von\":\"76800\",\"bis\":\"76899\"},{\"von\":\"77600\",\"bis\":\"77889\"},{\"von\":\"77900\",\"bis\":\"77979\"},{\"von\":\"78090\",\"bis\":\"78149\"},{\"von\":\"78700\",\"bis\":\"78739\"},{\"von\":\"79000\",\"bis\":\"79429\"},{\"von\":\"79500\",\"bis\":\"79879\"}]'>\r\n                                        <h3>Vertriebsau\u00dfendienst<\/h3>\r\n                                                            <p>\r\n                                                    Herr Dipl. Wirt. Ing. Christoph Jaspers<br>\r\n                                                                                                76534 Baden - Baden                    <\/p>\r\n                                                                <p>\r\n                            \r\n                            \r\n                                                            <span class=\"cb-icon cb-icon-mobile\"><a href=\"tel:+491714757069\">+491714757069<\/a><\/span>\r\n                                                    <\/p>\r\n                                                                <p>\r\n                                                            <span class=\"cb-icon cb-icon-email\"><a href=\"mailto:christoph.jaspers@efaflex.com\">christoph.jaspers@efaflex.com<\/a><\/span>\r\n                                                                                <\/p>\r\n                                                        <\/div>\r\n                    \r\n                            <div class=\"flex-box-thirty standort_plz\" data-id=\"9646\"data-postal='[{\"von\":\"73470\",\"bis\":\"73499\"},{\"von\":\"74000\",\"bis\":\"74259\"},{\"von\":\"74550\",\"bis\":\"74679\"},{\"von\":\"74700\",\"bis\":\"74749\"},{\"von\":\"90000\",\"bis\":\"90619\"},{\"von\":\"90700\",\"bis\":\"90769\"},{\"von\":\"91100\",\"bis\":\"91249\"},{\"von\":\"91400\",\"bis\":\"91489\"},{\"von\":\"91500\",\"bis\":\"91639\"},{\"von\":\"91700\",\"bis\":\"91809\"},{\"von\":\"92200\",\"bis\":\"92289\"},{\"von\":\"92300\",\"bis\":\"92369\"},{\"von\":\"92400\",\"bis\":\"92449\"},{\"von\":\"92500\",\"bis\":\"92559\"},{\"von\":\"92600\",\"bis\":\"92729\"},{\"von\":\"97860\",\"bis\":\"97999\"}]'>\r\n                                        <h3>Vertriebsau\u00dfendienst<\/h3>\r\n                                                            <p>\r\n                                                    Herr Christoph Maul<br>\r\n                                                                                                90607 R\u00fcckersdorf                    <\/p>\r\n                                                                <p>\r\n                            \r\n                            \r\n                                                            <span class=\"cb-icon cb-icon-mobile\"><a href=\"tel:+491607038312\">+491607038312<\/a><\/span>\r\n                                                    <\/p>\r\n                                                                <p>\r\n                                                            <span class=\"cb-icon cb-icon-email\"><a href=\"mailto:christoph.maul@efaflex.com\">christoph.maul@efaflex.com<\/a><\/span>\r\n                                                                                <\/p>\r\n                                                        <\/div>\r\n                    \r\n                            <div class=\"flex-box-thirty standort_plz\" data-id=\"9647\"data-postal='[{\"von\":\"82240\",\"bis\":\"82299\"},{\"von\":\"86000\",\"bis\":\"86579\"},{\"von\":\"86600\",\"bis\":\"86759\"},{\"von\":\"86800\",\"bis\":\"86949\"},{\"von\":\"86950\",\"bis\":\"86989\"},{\"von\":\"87400\",\"bis\":\"87789\"},{\"von\":\"88100\",\"bis\":\"88179\"},{\"von\":\"88290\",\"bis\":\"88319\"},{\"von\":\"89200\",\"bis\":\"89369\"},{\"von\":\"89400\",\"bis\":\"89449\"}]'>\r\n                                        <h3>Vertriebsau\u00dfendienst<\/h3>\r\n                                                            <p>\r\n                                                    Herr Reinhold Eckert<br>\r\n                                                                                                86574 Alsmoos                    <\/p>\r\n                                                                <p>\r\n                            \r\n                            \r\n                                                            <span class=\"cb-icon cb-icon-mobile\"><a href=\"tel:+491702223519\">+491702223519<\/a><\/span>\r\n                                                    <\/p>\r\n                                                                <p>\r\n                                                            <span class=\"cb-icon cb-icon-email\"><a href=\"mailto:reinhold.eckert@efaflex.com\">reinhold.eckert@efaflex.com<\/a><\/span>\r\n                                                                                <\/p>\r\n                                                        <\/div>\r\n                    \r\n                            <div class=\"flex-box-thirty standort_plz\" data-id=\"9648\"data-postal='[{\"von\":\"70000\",\"bis\":\"70629\"},{\"von\":\"70700\",\"bis\":\"70839\"},{\"von\":\"71000\",\"bis\":\"71159\"},{\"von\":\"71200\",\"bis\":\"71409\"},{\"von\":\"71500\",\"bis\":\"71579\"},{\"von\":\"71600\",\"bis\":\"71739\"},{\"von\":\"72000\",\"bis\":\"72149\"},{\"von\":\"72370\",\"bis\":\"72419\"},{\"von\":\"72540\",\"bis\":\"72589\"},{\"von\":\"72600\",\"bis\":\"72669\"},{\"von\":\"72700\",\"bis\":\"72829\"},{\"von\":\"73000\",\"bis\":\"73119\"},{\"von\":\"73200\",\"bis\":\"73279\"},{\"von\":\"73300\",\"bis\":\"73349\"},{\"von\":\"73400\",\"bis\":\"73469\"},{\"von\":\"73500\",\"bis\":\"73579\"},{\"von\":\"73600\",\"bis\":\"73669\"},{\"von\":\"73700\",\"bis\":\"73779\"},{\"von\":\"74300\",\"bis\":\"74429\"},{\"von\":\"74500\",\"bis\":\"74549\"},{\"von\":\"75350\",\"bis\":\"75399\"}]'>\r\n                                        <h3>Vertriebsau\u00dfendienst<\/h3>\r\n                                                            <p>\r\n                                                    Herr Dietmar Schurr<br>\r\n                                                                                                73312 Geislingen \/ Steige                    <\/p>\r\n                                                                <p>\r\n                            \r\n                            \r\n                                                            <span class=\"cb-icon cb-icon-mobile\"><a href=\"tel:+491607038314\">+491607038314<\/a><\/span>\r\n                                                    <\/p>\r\n                                                                <p>\r\n                                                            <span class=\"cb-icon cb-icon-email\"><a href=\"mailto:dietmar.schurr@efaflex.com\">dietmar.schurr@efaflex.com<\/a><\/span>\r\n                                                                                <\/p>\r\n                                                        <\/div>\r\n                    \r\n                            <div class=\"flex-box-thirty standort_plz\" data-id=\"9649\"data-postal='[{\"von\":\"01000\",\"bis\":\"01329\"},{\"von\":\"01430\",\"bis\":\"01479\"},{\"von\":\"01550\",\"bis\":\"01859\"},{\"von\":\"01870\",\"bis\":\"01999\"},{\"von\":\"02600\",\"bis\":\"02999\"},{\"von\":\"03000\",\"bis\":\"03259\"},{\"von\":\"04620\",\"bis\":\"04639\"},{\"von\":\"04700\",\"bis\":\"04749\"},{\"von\":\"07300\",\"bis\":\"07429\"},{\"von\":\"07500\",\"bis\":\"07589\"},{\"von\":\"07600\",\"bis\":\"07649\"},{\"von\":\"07700\",\"bis\":\"07779\"},{\"von\":\"07800\",\"bis\":\"07819\"},{\"von\":\"07900\",\"bis\":\"07989\"},{\"von\":\"08000\",\"bis\":\"08069\"},{\"von\":\"08100\",\"bis\":\"08149\"},{\"von\":\"08200\",\"bis\":\"08549\"},{\"von\":\"08600\",\"bis\":\"08609\"},{\"von\":\"08620\",\"bis\":\"08649\"},{\"von\":\"09000\",\"bis\":\"09249\"},{\"von\":\"09300\",\"bis\":\"09669\"}]'>\r\n                                        <h3>Vertriebsau\u00dfendienst<\/h3>\r\n                                                            <p>\r\n                                                    Herr Thomas Weile<br>\r\n                                                                                                01257 Dresden                    <\/p>\r\n                                                                <p>\r\n                            \r\n                            \r\n                                                            <span class=\"cb-icon cb-icon-mobile\"><a href=\"tel:+491718620569\">+491718620569<\/a><\/span>\r\n                                                    <\/p>\r\n                                                                <p>\r\n                                                            <span class=\"cb-icon cb-icon-email\"><a href=\"mailto:thomas.weile@efaflex.com\">thomas.weile@efaflex.com<\/a><\/span>\r\n                                                                                <\/p>\r\n                                                        <\/div>\r\n                    \r\n                            <div class=\"flex-box-thirty standort_plz\" data-id=\"9650\"data-postal='[{\"von\":\"04000\",\"bis\":\"04469\"},{\"von\":\"04500\",\"bis\":\"04619\"},{\"von\":\"04640\",\"bis\":\"04689\"},{\"von\":\"04750\",\"bis\":\"04779\"},{\"von\":\"04800\",\"bis\":\"04939\"},{\"von\":\"06000\",\"bis\":\"06139\"},{\"von\":\"06170\",\"bis\":\"06579\"},{\"von\":\"06600\",\"bis\":\"06929\"},{\"von\":\"36400\",\"bis\":\"36469\"},{\"von\":\"37300\",\"bis\":\"37359\"},{\"von\":\"96500\",\"bis\":\"96529\"},{\"von\":\"98500\",\"bis\":\"98749\"},{\"von\":\"99000\",\"bis\":\"99109\"},{\"von\":\"99180\",\"bis\":\"99199\"},{\"von\":\"99300\",\"bis\":\"99339\"},{\"von\":\"99400\",\"bis\":\"99449\"},{\"von\":\"99500\",\"bis\":\"99519\"},{\"von\":\"99600\",\"bis\":\"99639\"},{\"von\":\"99700\",\"bis\":\"99769\"},{\"von\":\"99800\",\"bis\":\"99899\"},{\"von\":\"99940\",\"bis\":\"99999\"}]'>\r\n                                        <h3>Vertriebsau\u00dfendienst<\/h3>\r\n                                                            <p>\r\n                                                    Herr Falk Posse<br>\r\n                                                                                                99094 Erfurt                    <\/p>\r\n                                                                <p>\r\n                            \r\n                            \r\n                                                            <span class=\"cb-icon cb-icon-mobile\"><a href=\"tel:+491718620570\">+491718620570<\/a><\/span>\r\n                                                    <\/p>\r\n                                                                <p>\r\n                                                            <span class=\"cb-icon cb-icon-email\"><a href=\"mailto:falk.posse@efaflex.com\">falk.posse@efaflex.com<\/a><\/span>\r\n                                                                                <\/p>\r\n                                                        <\/div>\r\n                    \r\n                            <div class=\"flex-box-thirty standort_plz\" data-id=\"9651\"data-postal='[{\"von\":\"40000\",\"bis\":\"40789\"},{\"von\":\"40800\",\"bis\":\"40889\"},{\"von\":\"41000\",\"bis\":\"41379\"},{\"von\":\"41400\",\"bis\":\"41569\"},{\"von\":\"41700\",\"bis\":\"41759\"},{\"von\":\"41800\",\"bis\":\"41849\"},{\"von\":\"42500\",\"bis\":\"42579\"},{\"von\":\"45000\",\"bis\":\"45359\"},{\"von\":\"45400\",\"bis\":\"45489\"},{\"von\":\"45600\",\"bis\":\"45779\"},{\"von\":\"45800\",\"bis\":\"45899\"},{\"von\":\"45950\",\"bis\":\"45969\"},{\"von\":\"46000\",\"bis\":\"46149\"},{\"von\":\"46200\",\"bis\":\"46289\"},{\"von\":\"46420\",\"bis\":\"46569\"},{\"von\":\"47000\",\"bis\":\"47279\"},{\"von\":\"47400\",\"bis\":\"47669\"},{\"von\":\"47700\",\"bis\":\"47929\"},{\"von\":\"50100\",\"bis\":\"50189\"},{\"von\":\"50200\",\"bis\":\"50259\"},{\"von\":\"50300\",\"bis\":\"50389\"},{\"von\":\"50440\",\"bis\":\"50999\"},{\"von\":\"52000\",\"bis\":\"52159\"},{\"von\":\"52200\",\"bis\":\"52249\"},{\"von\":\"52300\",\"bis\":\"52539\"}]'>\r\n                                        <h3>Vertriebsau\u00dfendienst<\/h3>\r\n                                                            <p>\r\n                                                    Herr Torsten Emde<br>\r\n                                                                                                42549 Velbert                    <\/p>\r\n                                                                <p>\r\n                            \r\n                            \r\n                                                            <span class=\"cb-icon cb-icon-mobile\"><a href=\"tel:+491757227924\">+491757227924<\/a><\/span>\r\n                                                    <\/p>\r\n                                                                <p>\r\n                                                            <span class=\"cb-icon cb-icon-email\"><a href=\"mailto:torsten.emde@efaflex.com\">torsten.emde@efaflex.com<\/a><\/span>\r\n                                                                                <\/p>\r\n                                                        <\/div>\r\n                    \r\n                            <div class=\"flex-box-thirty standort_plz\" data-id=\"9652\"data-postal='[{\"von\":\"42000\",\"bis\":\"42499\"},{\"von\":\"42600\",\"bis\":\"42929\"},{\"von\":\"44000\",\"bis\":\"44389\"},{\"von\":\"44500\",\"bis\":\"44589\"},{\"von\":\"44598\",\"bis\":\"44659\"},{\"von\":\"44700\",\"bis\":\"44899\"},{\"von\":\"45501\",\"bis\":\"45549\"},{\"von\":\"51000\",\"bis\":\"51149\"},{\"von\":\"51300\",\"bis\":\"51519\"},{\"von\":\"57400\",\"bis\":\"57439\"},{\"von\":\"51600\",\"bis\":\"51709\"},{\"von\":\"51750\",\"bis\":\"51789\"},{\"von\":\"58000\",\"bis\":\"58339\"},{\"von\":\"58400\",\"bis\":\"58849\"},{\"von\":\"59000\",\"bis\":\"59229\"},{\"von\":\"59240\",\"bis\":\"59329\"},{\"von\":\"59400\",\"bis\":\"59469\"},{\"von\":\"59470\",\"bis\":\"59609\"},{\"von\":\"59700\",\"bis\":\"59889\"},{\"von\":\"59900\",\"bis\":\"59969\"}]'>\r\n                                        <h3>Vertriebsau\u00dfendienst<\/h3>\r\n                                                            <p>\r\n                                                    Herr Henning Krause<br>\r\n                                                                                                44791 Bochum                    <\/p>\r\n                                                                <p>\r\n                            \r\n                            \r\n                                                            <span class=\"cb-icon cb-icon-mobile\"><a href=\"tel:+491702234468\">+491702234468<\/a><\/span>\r\n                                                    <\/p>\r\n                                                                <p>\r\n                                                            <span class=\"cb-icon cb-icon-email\"><a href=\"mailto:henning.krause@efaflex.com\">henning.krause@efaflex.com<\/a><\/span>\r\n                                                                                <\/p>\r\n                                                        <\/div>\r\n                    \r\n                            <div class=\"flex-box-thirty standort_plz\" data-id=\"9653\"data-postal='[{\"von\":\"54200\",\"bis\":\"54349\"},{\"von\":\"54400\",\"bis\":\"54499\"},{\"von\":\"55380\",\"bis\":\"55629\"},{\"von\":\"55700\",\"bis\":\"55779\"},{\"von\":\"66000\",\"bis\":\"66999\"},{\"von\":\"67000\",\"bis\":\"67169\"},{\"von\":\"67200\",\"bis\":\"67379\"},{\"von\":\"67400\",\"bis\":\"67489\"},{\"von\":\"67600\",\"bis\":\"67759\"},{\"von\":\"67800\",\"bis\":\"67829\"},{\"von\":\"68000\",\"bis\":\"68549\"},{\"von\":\"68700\",\"bis\":\"68809\"},{\"von\":\"69000\",\"bis\":\"69259\"},{\"von\":\"69400\",\"bis\":\"69519\"},{\"von\":\"74800\",\"bis\":\"74939\"}]'>\r\n                                        <h3>Vertriebsau\u00dfendienst<\/h3>\r\n                                                            <p>\r\n                                                    Herr Serdal Koccu<br>\r\n                                                                                                76726 Germersheim                    <\/p>\r\n                                                                <p>\r\n                            \r\n                            \r\n                                                            <span class=\"cb-icon cb-icon-mobile\"><a href=\"tel:+491703731801\">+491703731801<\/a><\/span>\r\n                                                    <\/p>\r\n                                                                <p>\r\n                                                            <span class=\"cb-icon cb-icon-email\"><a href=\"mailto:serdal.koccu@efaflex.com\">serdal.koccu@efaflex.com<\/a><\/span>\r\n                                                                                <\/p>\r\n                                                        <\/div>\r\n                    \r\n                            <div class=\"flex-box-thirty standort_plz\" data-id=\"9654\"data-postal='[{\"von\":\"34520\",\"bis\":\"34639\"},{\"von\":\"35000\",\"bis\":\"35119\"},{\"von\":\"35250\",\"bis\":\"35289\"},{\"von\":\"35300\",\"bis\":\"35469\"},{\"von\":\"35500\",\"bis\":\"35649\"},{\"von\":\"36000\",\"bis\":\"36399\"},{\"von\":\"37200\",\"bis\":\"37299\"},{\"von\":\"55000\",\"bis\":\"55299\"},{\"von\":\"60000\",\"bis\":\"60599\"},{\"von\":\"61100\",\"bis\":\"61389\"},{\"von\":\"61400\",\"bis\":\"61479\"},{\"von\":\"63000\",\"bis\":\"63179\"},{\"von\":\"63200\",\"bis\":\"63329\"},{\"von\":\"63400\",\"bis\":\"63549\"},{\"von\":\"63550\",\"bis\":\"63599\"},{\"von\":\"63600\",\"bis\":\"63639\"},{\"von\":\"63640\",\"bis\":\"63699\"},{\"von\":\"63700\",\"bis\":\"63939\"},{\"von\":\"64200\",\"bis\":\"64409\"},{\"von\":\"64500\",\"bis\":\"64589\"},{\"von\":\"64600\",\"bis\":\"64689\"},{\"von\":\"64700\",\"bis\":\"64759\"},{\"von\":\"64800\",\"bis\":\"64859\"},{\"von\":\"65000\",\"bis\":\"65239\"},{\"von\":\"65300\",\"bis\":\"65479\"},{\"von\":\"65500\",\"bis\":\"65529\"},{\"von\":\"65700\",\"bis\":\"65939\"},{\"von\":\"67500\",\"bis\":\"67599\"},{\"von\":\"68600\",\"bis\":\"68649\"}]'>\r\n                                        <h3>Vertriebsau\u00dfendienst<\/h3>\r\n                                                            <p>\r\n                                                    Herr Dipl. Ing. Wolfgang Rauch<br>\r\n                                                                                                65474 Bischofsheim                    <\/p>\r\n                                                                <p>\r\n                            \r\n                            \r\n                                                            <span class=\"cb-icon cb-icon-mobile\"><a href=\"tel:+491716857715\">+491716857715<\/a><\/span>\r\n                                                    <\/p>\r\n                                                                <p>\r\n                                                            <span class=\"cb-icon cb-icon-email\"><a href=\"mailto:wolfgang.rauch@efaflex.com\">wolfgang.rauch@efaflex.com<\/a><\/span>\r\n                                                                                <\/p>\r\n                                                        <\/div>\r\n                    \r\n                            <div class=\"flex-box-thirty standort_plz\" data-id=\"9655\"data-postal='[{\"von\":\"72300\",\"bis\":\"72369\"},{\"von\":\"72420\",\"bis\":\"72539\"},{\"von\":\"78000\",\"bis\":\"78089\"},{\"von\":\"78150\",\"bis\":\"78199\"},{\"von\":\"78200\",\"bis\":\"78269\"},{\"von\":\"78300\",\"bis\":\"78359\"},{\"von\":\"78400\",\"bis\":\"78479\"},{\"von\":\"78500\",\"bis\":\"78669\"},{\"von\":\"88000\",\"bis\":\"88099\"},{\"von\":\"88180\",\"bis\":\"88289\"},{\"von\":\"88320\",\"bis\":\"88529\"},{\"von\":\"88600\",\"bis\":\"88719\"},{\"von\":\"89000\",\"bis\":\"89199\"},{\"von\":\"89500\",\"bis\":\"89619\"}]'>\r\n                                        <h3>Vertriebsau\u00dfendienst<\/h3>\r\n                                                            <p>\r\n                                                    Herr Benjamin Laub<br>\r\n                                                                                                72810 Gomaringen                    <\/p>\r\n                                                                <p>\r\n                            \r\n                            \r\n                                                            <span class=\"cb-icon cb-icon-mobile\"><a href=\"tel:+491703702441\">+491703702441<\/a><\/span>\r\n                                                    <\/p>\r\n                                                                <p>\r\n                                                            <span class=\"cb-icon cb-icon-email\"><a href=\"mailto:benjamin.laub@efaflex.com\">benjamin.laub@efaflex.com<\/a><\/span>\r\n                                                                                <\/p>\r\n                                                        <\/div>\r\n                    \r\n                            <div class=\"flex-box-thirty standort_plz\" data-id=\"9558\"data-postal='[{\"von\":\"29200\",\"bis\":\"29419\"},{\"von\":\"29650\",\"bis\":\"29699\"},{\"von\":\"31000\",\"bis\":\"31319\"},{\"von\":\"37000\",\"bis\":\"37199\"},{\"von\":\"37400\",\"bis\":\"37449\"},{\"von\":\"37500\",\"bis\":\"37589\"},{\"von\":\"38000\",\"bis\":\"38179\"},{\"von\":\"38200\",\"bis\":\"38389\"},{\"von\":\"38400\",\"bis\":\"38489\"},{\"von\":\"38500\",\"bis\":\"38559\"},{\"von\":\"38600\",\"bis\":\"38729\"},{\"von\":\"38800\",\"bis\":\"38899\"},{\"von\":\"39000\",\"bis\":\"39139\"},{\"von\":\"39150\",\"bis\":\"39179\"},{\"von\":\"39200\",\"bis\":\"39279\"},{\"von\":\"39280\",\"bis\":\"39399\"},{\"von\":\"39400\",\"bis\":\"39449\"},{\"von\":\"39510\",\"bis\":\"39539\"},{\"von\":\"39550\",\"bis\":\"39649\"}]'>\r\n                                        <h3>Vertriebsau\u00dfendienst<\/h3>\r\n                                                            <p>\r\n                                                    Herr Lars Barthel<br>\r\n                                                                                                39279 Leitzkau                    <\/p>\r\n                                                                <p>\r\n                            \r\n                            \r\n                                                            <span class=\"cb-icon cb-icon-mobile\"><a href=\"tel:+491752093170\">+491752093170<\/a><\/span>\r\n                                                    <\/p>\r\n                                                                <p>\r\n                                                            <span class=\"cb-icon cb-icon-email\"><a href=\"mailto:lars.barthel@efaflex.com\">lars.barthel@efaflex.com<\/a><\/span>\r\n                                                                                <\/p>\r\n                                                        <\/div>\r\n                    \r\n                            <div class=\"flex-box-thirty standort_plz\" data-id=\"9559\"data-postal='[{\"von\":\"30000\",\"bis\":\"30989\"},{\"von\":\"31500\",\"bis\":\"31869\"},{\"von\":\"34000\",\"bis\":\"34399\"},{\"von\":\"34440\",\"bis\":\"34519\"},{\"von\":\"37590\",\"bis\":\"37649\"},{\"von\":\"32000\",\"bis\":\"32139\"},{\"von\":\"32210\",\"bis\":\"32289\"},{\"von\":\"32370\",\"bis\":\"32479\"},{\"von\":\"32500\",\"bis\":\"32609\"},{\"von\":\"32630\",\"bis\":\"32839\"},{\"von\":\"33000\",\"bis\":\"33039\"},{\"von\":\"33040\",\"bis\":\"33189\"},{\"von\":\"33240\",\"bis\":\"33449\"},{\"von\":\"33500\",\"bis\":\"33829\"},{\"von\":\"34400\",\"bis\":\"34439\"},{\"von\":\"37650\",\"bis\":\"37699\"}]'>\r\n                                        <h3>Vertriebsau\u00dfendienst<\/h3>\r\n                                                            <p>\r\n                                                    Herr Martin Beinlich<br>\r\n                                                                                                49124 Georgsmarienh\u00fctte                    <\/p>\r\n                                                                <p>\r\n                            \r\n                            \r\n                                                            <span class=\"cb-icon cb-icon-mobile\"><a href=\"tel:+491703757541\">+491703757541<\/a><\/span>\r\n                                                    <\/p>\r\n                                                                <p>\r\n                                                            <span class=\"cb-icon cb-icon-email\"><a href=\"mailto:martin.beinlich@efaflex.com\">martin.beinlich@efaflex.com<\/a><\/span>\r\n                                                                                <\/p>\r\n                                                        <\/div>\r\n                    \r\n                            <div class=\"flex-box-thirty standort_plz\" data-id=\"9560\"data-postal='[{\"von\":\"91000\",\"bis\":\"91099\"},{\"von\":\"91250\",\"bis\":\"91369\"},{\"von\":\"95000\",\"bis\":\"95239\"},{\"von\":\"95300\",\"bis\":\"95369\"},{\"von\":\"95400\",\"bis\":\"95519\"},{\"von\":\"95600\",\"bis\":\"95709\"},{\"von\":\"96000\",\"bis\":\"96279\"},{\"von\":\"96300\",\"bis\":\"96369\"},{\"von\":\"96400\",\"bis\":\"96489\"},{\"von\":\"97000\",\"bis\":\"97359\"},{\"von\":\"97400\",\"bis\":\"97539\"},{\"von\":\"97600\",\"bis\":\"97859\"}]'>\r\n                                        <h3>Vertriebsau\u00dfendienst<\/h3>\r\n                                                            <p>\r\n                                                    Herr Marcel Martin<br>\r\n                                                                                                97631 Bad K\u00f6nigshofen                    <\/p>\r\n                                                                <p>\r\n                            \r\n                            \r\n                                                            <span class=\"cb-icon cb-icon-mobile\"><a href=\"tel:+4916094475829\">+4916094475829<\/a><\/span>\r\n                                                    <\/p>\r\n                                                                <p>\r\n                                                            <span class=\"cb-icon cb-icon-email\"><a href=\"mailto:marcel.martin@efaflex.com\">marcel.martin@efaflex.com<\/a><\/span>\r\n                                                                                <\/p>\r\n                                                        <\/div>\r\n                    \r\n                            <div class=\"flex-box-thirty standort_plz\" data-id=\"19794\"data-postal='[{\"von\":\"84000\",\"bis\":\"84189\"},{\"von\":\"84323\",\"bis\":\"84323\"},{\"von\":\"85000\",\"bis\":\"85044\"},{\"von\":\"85046\",\"bis\":\"85139\"},{\"von\":\"85260\",\"bis\":\"85469\"},{\"von\":\"93000\",\"bis\":\"93083\"},{\"von\":\"93087\",\"bis\":\"93089\"},{\"von\":\"93092\",\"bis\":\"93098\"},{\"von\":\"93101\",\"bis\":\"93101\"},{\"von\":\"93105\",\"bis\":\"93107\"},{\"von\":\"93120\",\"bis\":\"93164\"},{\"von\":\"93170\",\"bis\":\"93176\"},{\"von\":\"93180\",\"bis\":\"93183\"},{\"von\":\"93186\",\"bis\":\"93188\"},{\"von\":\"93195\",\"bis\":\"93197\"},{\"von\":\"93300\",\"bis\":\"93359\"},{\"von\":\"80788\",\"bis\":\"80788\"},{\"von\":\"94342\",\"bis\":\"94342\"}]'>\r\n                                        <h3>Vertriebsau\u00dfendienst<\/h3>\r\n                                                            <p>\r\n                                                    Herr Dominik Rompf<br>\r\n                                                                                                84435 Lengdorf                    <\/p>\r\n                                                                <p>\r\n                            \r\n                            \r\n                                                            <span class=\"cb-icon cb-icon-mobile\"><a href=\"tel:+491703702471\">+491703702471<\/a><\/span>\r\n                                                    <\/p>\r\n                                                                <p>\r\n                                                            <span class=\"cb-icon cb-icon-email\"><a href=\"mailto:dominik.rompf@efaflex.com\">dominik.rompf@efaflex.com<\/a><\/span>\r\n                                                                                <\/p>\r\n                                                        <\/div>\r\n                    \r\n                            <div class=\"flex-box-thirty standort_plz\" data-id=\"9634\"data-postal='[{\"von\":\"10000\",\"bis\":\"10999\"},{\"von\":\"12000\",\"bis\":\"12689\"},{\"von\":\"13000\",\"bis\":\"13629\"},{\"von\":\"14000\",\"bis\":\"14199\"},{\"von\":\"14400\",\"bis\":\"14559\"},{\"von\":\"14600\",\"bis\":\"14669\"},{\"von\":\"14700\",\"bis\":\"14799\"},{\"von\":\"14800\",\"bis\":\"14829\"},{\"von\":\"14900\",\"bis\":\"14929\"},{\"von\":\"14930\",\"bis\":\"14979\"},{\"von\":\"15200\",\"bis\":\"15379\"},{\"von\":\"15500\",\"bis\":\"15569\"},{\"von\":\"15700\",\"bis\":\"15759\"},{\"von\":\"15800\",\"bis\":\"15899\"},{\"von\":\"15900\",\"bis\":\"15939\"},{\"von\":\"16200\",\"bis\":\"16359\"},{\"von\":\"16500\",\"bis\":\"16569\"},{\"von\":\"16720\",\"bis\":\"16869\"},{\"von\":\"16900\",\"bis\":\"16949\"},{\"von\":\"17000\",\"bis\":\"17509\"},{\"von\":\"18000\",\"bis\":\"18379\"},{\"von\":\"18400\",\"bis\":\"18469\"},{\"von\":\"18500\",\"bis\":\"18609\"}]'>\r\n                                        <h3>Vertriebsau\u00dfendienst<\/h3>\r\n                                                            <p>\r\n                                                    Herr Torsten Anders<br>\r\n                                                                                                15834 Rangsdorf                    <\/p>\r\n                                                                <p>\r\n                            \r\n                            \r\n                                                            <span class=\"cb-icon cb-icon-mobile\"><a href=\"tel:+491607038305\">+491607038305<\/a><\/span>\r\n                                                    <\/p>\r\n                                                                <p>\r\n                                                            <span class=\"cb-icon cb-icon-email\"><a href=\"mailto:torsten.anders@efaflex.com\">torsten.anders@efaflex.com<\/a><\/span>\r\n                                                                                <\/p>\r\n                                                        <\/div>\r\n                    \r\n                    \r\n                    \r\n                    \r\n                    \r\n                    \r\n                    \r\n                    \r\n                    \r\n                    \r\n                    \r\n                    \r\n                    \r\n                    \r\n                    \r\n                    \r\n                    \r\n                    \r\n                    \r\n                    \r\n                    \r\n                    \r\n                    \r\n                    \r\n                    \r\n                    \r\n                    \r\n                    \r\n                    \r\n                    \r\n                    \r\n                    \r\n                    \r\n                    \r\n                    \r\n                    \r\n                    \r\n                    \r\n                            <div class=\"flex-box-thirty standort_plz\" data-id=\"9561\"data-postal='[{\"von\":\"26000\",\"bis\":\"26219\"},{\"von\":\"26300\",\"bis\":\"26969\"},{\"von\":\"27200\",\"bis\":\"27449\"},{\"von\":\"27450\",\"bis\":\"27499\"},{\"von\":\"27500\",\"bis\":\"27639\"},{\"von\":\"27700\",\"bis\":\"27809\"},{\"von\":\"28000\",\"bis\":\"28359\"},{\"von\":\"28700\",\"bis\":\"28879\"},{\"von\":\"32290\",\"bis\":\"32369\"},{\"von\":\"46300\",\"bis\":\"46419\"},{\"von\":\"48000\",\"bis\":\"48369\"},{\"von\":\"48400\",\"bis\":\"48739\"},{\"von\":\"49000\",\"bis\":\"49219\"},{\"von\":\"49300\",\"bis\":\"49329\"},{\"von\":\"49340\",\"bis\":\"49849\"},{\"von\":\"59330\",\"bis\":\"59399\"}]'>\r\n                                        <h3>EFAFLEX Werksvertretung<\/h3>\r\n                                                            <p>\r\n                                                    Herr Dipl.-Wirt. Ing. (FH) Stefan K\u00f6nig<br>\r\n                                                                                                    Otto K\u00f6nig GmbH<br>\r\n                                                48431 Rheine                    <\/p>\r\n                                                                <p>\r\n                            \r\n                            \r\n                                                            <span class=\"cb-icon cb-icon-mobile\"><a href=\"tel:+491715342645\">+491715342645<\/a><\/span>\r\n                                                    <\/p>\r\n                                                                <p>\r\n                                                            <span class=\"cb-icon cb-icon-email\"><a href=\"mailto:info@ottokoenig.de\">info@ottokoenig.de<\/a><\/span>\r\n                                                                                <\/p>\r\n                                                        <\/div>\r\n                    \r\n                    \r\n                    \r\n                    \r\n                    \r\n                    \r\n                    \r\n                    \r\n                    \r\n                    \r\n                    \r\n                    \r\n                    \r\n                    \r\n                    \r\n                    \r\n                    \r\n                    \r\n                    \r\n                    \r\n                    \r\n                    \r\n                    \r\n                    \r\n                    \r\n                    \r\n                    \r\n                    \r\n                    \r\n                    \r\n                    \r\n                    \r\n                    \r\n                    \r\n                    \r\n                    \r\n                    \r\n                    \r\n                    \r\n                    \r\n                    \r\n                    \r\n                    \r\n                    \r\n                    \r\n                    \r\n                    \r\n                    \r\n                    \r\n                    \r\n                    \r\n                    \r\n                    \r\n                    \r\n                    \r\n                    \r\n                    \r\n                        <\/div>\r\n<\/div>\r\n\n\n\n<div style=\"height:200px\" aria-hidden=\"true\" class=\"wp-block-spacer\"><\/div>\n\n\n\r\n    <div class=\"inner\">\r\n        <div  class=\"dan_akkordeon block_e335fab2ddbb24d42d32e1d453dc2bc0\">\r\n            <h2>H\u00e4ufige Fragen zu Rolltoren<\/h2>\r\n                            <div class=\"dan_akkordeon_wrapper\">\r\n                    <div class=\"dan_akkordeon_wrapper--header\">\r\n                        <div class=\"content--title\">\r\n                            Wie funktioniert ein Rolltor?                            <img decoding=\"async\" class=\"dan_akkordeon_wrapper--open\" src=\"https:\/\/www.efaflex.com\/wp-content\/themes\/efaflex\/assets\/img\/after-button-arrows.svg\" alt=\"Open\">\r\n                        <\/div>\r\n                    <\/div>\r\n                    <div class=\"dan_akkordeon_wrapper--content\">\r\n                        <p>Ein Rolltor funktioniert nach einem einfachen, aber effektiven Prinzip: Beim \u00d6ffnen wird das Torblatt senkrecht nach oben gef\u00fchrt und platzsparend aufgewickelt. Ein Elektromotor treibt das Tor an, wobei Sensoren, Lichtgitter oder Scanner die sichere Bewegung steuern. Die \u00d6ffnung kann manuell, \u00fcber Taster, Fernbedienung, Bewegungsmelder oder via Zutrittskontrolle ausgel\u00f6st werden.<\/p>\n<p>Je nach Modell kann ein elektrisches Rolltor mit Sicherheitsfunktionen wie Notentriegelung, Anfahrschutz oder automatischer Hinderniserkennung ausgestattet sein. Bei EFAFLEX sorgt ein integrierter Gewichtsausgleich daf\u00fcr, dass das Tor auch bei Stromausfall leicht ge\u00f6ffnet werden kann. Rolltore von EFAFLEX sind speziell f\u00fcr hohe Lastwechselzahlen konzipiert \u2013 und garantieren maximale Zuverl\u00e4ssigkeit auch unter extremen Bedingungen.<\/p>\n                                            <\/div>\r\n                <\/div>\r\n                            <div class=\"dan_akkordeon_wrapper\">\r\n                    <div class=\"dan_akkordeon_wrapper--header\">\r\n                        <div class=\"content--title\">\r\n                            Was ist der Unterschied zwischen Sektionaltor und Rolltor?                            <img decoding=\"async\" class=\"dan_akkordeon_wrapper--open\" src=\"https:\/\/www.efaflex.com\/wp-content\/themes\/efaflex\/assets\/img\/after-button-arrows.svg\" alt=\"Open\">\r\n                        <\/div>\r\n                    <\/div>\r\n                    <div class=\"dan_akkordeon_wrapper--content\">\r\n                        <p>Sowohl Sektionaltore als auch Rolltore dienen dem sicheren Verschluss von Durchfahrten, unterscheiden sich aber grundlegend in ihrer Bauweise und Funktion. Ein Sektionaltor besteht aus mehreren, miteinander verbundenen Paneelen, die beim \u00d6ffnen unter die Decke der Garage oder Halle geschoben werden. Das ben\u00f6tigt meist mehr Platz im Innenraum.<\/p>\n<p>Ein Rolltor hingegen besteht aus einem flexiblen Behang, der sich platzsparend \u00fcber der Tor\u00f6ffnung aufrollt. Der gro\u00dfe Vorteil: Rolltore beanspruchen kaum Platz und eignen sich besonders gut f\u00fcr niedrige Deckenh\u00f6hen oder enge Baur\u00e4ume. Auch sind f\u00fcr ein Rolltor keine Laufschienen beziehungsweise F\u00fchrungsschienen notwendig. EFAFLEX Schnelllauf-Rolltore sind speziell f\u00fcr hohe Nutzungsh\u00e4ufigkeit und anspruchsvolle Umgebungen entwickelt worden \u2013 etwa in Logistikzentren oder Produktionshallen.<\/p>\n                                            <\/div>\r\n                <\/div>\r\n                            <div class=\"dan_akkordeon_wrapper\">\r\n                    <div class=\"dan_akkordeon_wrapper--header\">\r\n                        <div class=\"content--title\">\r\n                            Was kostet ein elektrisches Rolltor mit Einbau?                            <img decoding=\"async\" class=\"dan_akkordeon_wrapper--open\" src=\"https:\/\/www.efaflex.com\/wp-content\/themes\/efaflex\/assets\/img\/after-button-arrows.svg\" alt=\"Open\">\r\n                        <\/div>\r\n                    <\/div>\r\n                    <div class=\"dan_akkordeon_wrapper--content\">\r\n                        <p>Die Kosten f\u00fcr ein elektrisches Rolltor mit Einbau h\u00e4ngen von verschiedenen Faktoren ab: etwa von der Torgr\u00f6\u00dfe, der gew\u00fcnschten Ausstattung, dem Einsatzbereich (zum Beispiel Industriehalle oder Hygienebereich) und den baulichen Gegebenheiten vor Ort. Pauschale Aussagen zum Preis eines Rolltors mit Montage sind daher nur schwer m\u00f6glich.<\/p>\n<p>Denn: Bei EFAFLEX erhalten Sie kein Produkt \u201evon der Stange\u201c, sondern ein Rolltor nach Ma\u00df, das exakt auf Ihre Anforderungen abgestimmt ist. So k\u00f6nnen Sie Ihr Rolltor mit Extras wie beispielsweise speziellen Behangvarianten oder besonderen Sicherheitsfeatures genau auf Ihre Vorstellungen zuschneiden. Individualisierungen beeinflussen Preis und Kosten eines Rolltors nat\u00fcrlich entsprechend.<\/p>\n                                            <\/div>\r\n                <\/div>\r\n                            <div class=\"dan_akkordeon_wrapper\">\r\n                    <div class=\"dan_akkordeon_wrapper--header\">\r\n                        <div class=\"content--title\">\r\n                            Wie lange h\u00e4lt ein Rolltor?                            <img decoding=\"async\" class=\"dan_akkordeon_wrapper--open\" src=\"https:\/\/www.efaflex.com\/wp-content\/themes\/efaflex\/assets\/img\/after-button-arrows.svg\" alt=\"Open\">\r\n                        <\/div>\r\n                    <\/div>\r\n                    <div class=\"dan_akkordeon_wrapper--content\">\r\n                        <p>Die hochwertigen Schnelllauf-Rolltore von EFAFLEX sind auf eine besonders lange Lebensdauer ausgelegt \u2013 auch bei intensiver t\u00e4glicher Nutzung. Je nach Modell sind unsere Tore f\u00fcr bis zu 150.000 Lastwechsel pro Jahr konstruiert, was deutlich \u00fcber dem Branchendurchschnitt liegt. Dank robuster Materialien, pr\u00e4ziser Verarbeitung und intelligenter Technik wie dem integrierten Gewichtsausgleich erreichen EFAFLEX Rolltore in der Praxis oft eine Nutzungsdauer von 10 bis 20 Jahren \u2013 bei entsprechender Wartung auch dar\u00fcber hinaus.<\/p>\n<p>Ein entscheidender Vorteil: Viele Bauteile sind modular austauschbar und besonders wartungsfreundlich konstruiert. Das reduziert Ausfallzeiten und sorgt f\u00fcr langfristig wirtschaftlichen Betrieb. Durch regelm\u00e4\u00dfige Inspektionen im Rahmen unseres Serviceangebots l\u00e4sst sich die Lebensdauer zus\u00e4tzlich verl\u00e4ngern. Unsere Technik ist darauf ausgelegt, mit Ihrem Betrieb mitzuwachsen. Zuverl\u00e4ssig, langlebig und nachhaltig.<\/p>\n                                            <\/div>\r\n                <\/div>\r\n                            <div class=\"dan_akkordeon_wrapper\">\r\n                    <div class=\"dan_akkordeon_wrapper--header\">\r\n                        <div class=\"content--title\">\r\n                            Wie sicher ist ein Rolltor?                            <img decoding=\"async\" class=\"dan_akkordeon_wrapper--open\" src=\"https:\/\/www.efaflex.com\/wp-content\/themes\/efaflex\/assets\/img\/after-button-arrows.svg\" alt=\"Open\">\r\n                        <\/div>\r\n                    <\/div>\r\n                    <div class=\"dan_akkordeon_wrapper--content\">\r\n                        <p>Sicherheit ist bei EFAFLEX kein optionales Extra, sondern fester Bestandteil jedes Rolltors. Schon in der Standardausstattung verf\u00fcgen unsere Schnelllauf-Rolltore \u00fcber moderne Sicherheitssysteme wie das EFA-TLG\u00ae Lichtgitter oder optionale Laserscanner, die Hindernisse zuverl\u00e4ssig erkennen. Damit sch\u00fctzen sie nicht nur Maschinen und Waren, sondern vor allem Personen im Torbereich.<\/p>\n<p>Dar\u00fcber hinaus bieten wir f\u00fcr unsere Rolltore zahlreiche Erweiterungen wie mechanische Verriegelungssysteme oder eine Integration in bestehende Alarmanlagen. F\u00fcr besondere Einsatzbereiche \u2013 etwa in explosionsgef\u00e4hrdeten Zonen \u2013 liefern wir zertifizierte EX-Rolltore gem\u00e4\u00df ATEX-Richtlinie. Und: Auch bei Stromausfall oder Rauchentwicklung bleiben unsere Tore dank Gewichtsausgleich manuell bedienbar \u2013 ganz ohne zus\u00e4tzliche Hilfsmittel.<\/p>\n                                            <\/div>\r\n                <\/div>\r\n                            <div class=\"dan_akkordeon_wrapper\">\r\n                    <div class=\"dan_akkordeon_wrapper--header\">\r\n                        <div class=\"content--title\">\r\n                            Wie oft muss ein Rolltor gewartet werden?                            <img decoding=\"async\" class=\"dan_akkordeon_wrapper--open\" src=\"https:\/\/www.efaflex.com\/wp-content\/themes\/efaflex\/assets\/img\/after-button-arrows.svg\" alt=\"Open\">\r\n                        <\/div>\r\n                    <\/div>\r\n                    <div class=\"dan_akkordeon_wrapper--content\">\r\n                        <p>Die Wartungsintervalle eines Rolltors h\u00e4ngen ma\u00dfgeblich von der Nutzungsfrequenz, der Einsatzumgebung und dem Modell ab. Grunds\u00e4tzlich ist eine j\u00e4hrliche Wartung durch geschulte Servicetechniker empfehlenswert. So lassen sich Funktionssicherheit und Langlebigkeit dauerhaft gew\u00e4hrleisten. Bei besonders intensiv genutzten Rolltoren \u2013 etwa im Schichtbetrieb oder in Hochfrequenzbereichen \u2013 kann auch eine halbj\u00e4hrliche Kontrolle sinnvoll sein.<\/p>\n<p>Schnelllauf-Rolltore von EFAFLEX sind besonders wartungsarm und f\u00fcr besonders langlebige Nutzung gemacht. Gleichzeitig k\u00f6nnen Sie sich jederzeit auf unsere Wartungsservices verlassen: Diese beinhalten unter anderem die Pr\u00fcfung der Steuerung, der Sicherheitskomponenten, des Gewichtsausgleichs sowie die Kontrolle mechanischer Bauteile auf Verschlei\u00df. Durch die fr\u00fchzeitige Erkennung von Abnutzung k\u00f6nnen gr\u00f6\u00dfere Reparaturen und l\u00e4ngere Ausfallzeiten effektiv vermieden werden. EFAFLEX bietet hierf\u00fcr individuell abgestimmte Wartungspakete mit hoher Verf\u00fcgbarkeit und kurzen Reaktionszeiten. So bleibt Ihr Rolltor jederzeit sicher und einsatzbereit ohne unerwartete Stillst\u00e4nde.<\/p>\n                                            <\/div>\r\n                <\/div>\r\n                    <\/div>\r\n    <\/div>\r\n    <script type=\"application\/ld+json\">{\"@context\":\"https:\/\/schema.org\",\"@type\":\"FAQPage\",\"mainEntity\":[{\"@type\":\"Question\",\"name\":\"Wie funktioniert ein Rolltor?\",\"acceptedAnswer\":{\"@type\":\"Answer\",\"text\":\"Ein Rolltor funktioniert nach einem einfachen, aber effektiven Prinzip: Beim \u00d6ffnen wird das Torblatt senkrecht nach oben gef\u00fchrt und platzsparend aufgewickelt. Ein Elektromotor treibt das Tor an, wobei Sensoren, Lichtgitter oder Scanner die sichere Bewegung steuern. Die \u00d6ffnung kann manuell, \u00fcber Taster, Fernbedienung, Bewegungsmelder oder via Zutrittskontrolle ausgel\u00f6st werden.\\nJe nach Modell kann ein elektrisches Rolltor mit Sicherheitsfunktionen wie Notentriegelung, Anfahrschutz oder automatischer Hinderniserkennung ausgestattet sein. Bei EFAFLEX sorgt ein integrierter Gewichtsausgleich daf\u00fcr, dass das Tor auch bei Stromausfall leicht ge\u00f6ffnet werden kann. Rolltore von EFAFLEX sind speziell f\u00fcr hohe Lastwechselzahlen konzipiert \u2013 und garantieren maximale Zuverl\u00e4ssigkeit auch unter extremen Bedingungen.\"}},{\"@type\":\"Question\",\"name\":\"Was ist der Unterschied zwischen Sektionaltor und Rolltor?\",\"acceptedAnswer\":{\"@type\":\"Answer\",\"text\":\"Sowohl Sektionaltore als auch Rolltore dienen dem sicheren Verschluss von Durchfahrten, unterscheiden sich aber grundlegend in ihrer Bauweise und Funktion. Ein Sektionaltor besteht aus mehreren, miteinander verbundenen Paneelen, die beim \u00d6ffnen unter die Decke der Garage oder Halle geschoben werden. Das ben\u00f6tigt meist mehr Platz im Innenraum.\\nEin Rolltor hingegen besteht aus einem flexiblen Behang, der sich platzsparend \u00fcber der Tor\u00f6ffnung aufrollt. Der gro\u00dfe Vorteil: Rolltore beanspruchen kaum Platz und eignen sich besonders gut f\u00fcr niedrige Deckenh\u00f6hen oder enge Baur\u00e4ume. Auch sind f\u00fcr ein Rolltor keine Laufschienen beziehungsweise F\u00fchrungsschienen notwendig. EFAFLEX Schnelllauf-Rolltore sind speziell f\u00fcr hohe Nutzungsh\u00e4ufigkeit und anspruchsvolle Umgebungen entwickelt worden \u2013 etwa in Logistikzentren oder Produktionshallen.\"}},{\"@type\":\"Question\",\"name\":\"Was kostet ein elektrisches Rolltor mit Einbau?\",\"acceptedAnswer\":{\"@type\":\"Answer\",\"text\":\"Die Kosten f\u00fcr ein elektrisches Rolltor mit Einbau h\u00e4ngen von verschiedenen Faktoren ab: etwa von der Torgr\u00f6\u00dfe, der gew\u00fcnschten Ausstattung, dem Einsatzbereich (zum Beispiel Industriehalle oder Hygienebereich) und den baulichen Gegebenheiten vor Ort. Pauschale Aussagen zum Preis eines Rolltors mit Montage sind daher nur schwer m\u00f6glich.\\nDenn: Bei EFAFLEX erhalten Sie kein Produkt \u201evon der Stange\u201c, sondern ein Rolltor nach Ma\u00df, das exakt auf Ihre Anforderungen abgestimmt ist. So k\u00f6nnen Sie Ihr Rolltor mit Extras wie beispielsweise speziellen Behangvarianten oder besonderen Sicherheitsfeatures genau auf Ihre Vorstellungen zuschneiden. Individualisierungen beeinflussen Preis und Kosten eines Rolltors nat\u00fcrlich entsprechend.\"}},{\"@type\":\"Question\",\"name\":\"Wie lange h\u00e4lt ein Rolltor?\",\"acceptedAnswer\":{\"@type\":\"Answer\",\"text\":\"Die hochwertigen Schnelllauf-Rolltore von EFAFLEX sind auf eine besonders lange Lebensdauer ausgelegt \u2013 auch bei intensiver t\u00e4glicher Nutzung. Je nach Modell sind unsere Tore f\u00fcr bis zu 150.000 Lastwechsel pro Jahr konstruiert, was deutlich \u00fcber dem Branchendurchschnitt liegt. Dank robuster Materialien, pr\u00e4ziser Verarbeitung und intelligenter Technik wie dem integrierten Gewichtsausgleich erreichen EFAFLEX Rolltore in der Praxis oft eine Nutzungsdauer von 10 bis 20 Jahren \u2013 bei entsprechender Wartung auch dar\u00fcber hinaus.\\nEin entscheidender Vorteil: Viele Bauteile sind modular austauschbar und besonders wartungsfreundlich konstruiert. Das reduziert Ausfallzeiten und sorgt f\u00fcr langfristig wirtschaftlichen Betrieb. Durch regelm\u00e4\u00dfige Inspektionen im Rahmen unseres Serviceangebots l\u00e4sst sich die Lebensdauer zus\u00e4tzlich verl\u00e4ngern. Unsere Technik ist darauf ausgelegt, mit Ihrem Betrieb mitzuwachsen. Zuverl\u00e4ssig, langlebig und nachhaltig.\"}},{\"@type\":\"Question\",\"name\":\"Wie sicher ist ein Rolltor?\",\"acceptedAnswer\":{\"@type\":\"Answer\",\"text\":\"Sicherheit ist bei EFAFLEX kein optionales Extra, sondern fester Bestandteil jedes Rolltors. Schon in der Standardausstattung verf\u00fcgen unsere Schnelllauf-Rolltore \u00fcber moderne Sicherheitssysteme wie das EFA-TLG\u00ae Lichtgitter oder optionale Laserscanner, die Hindernisse zuverl\u00e4ssig erkennen. Damit sch\u00fctzen sie nicht nur Maschinen und Waren, sondern vor allem Personen im Torbereich.\\nDar\u00fcber hinaus bieten wir f\u00fcr unsere Rolltore zahlreiche Erweiterungen wie mechanische Verriegelungssysteme oder eine Integration in bestehende Alarmanlagen. F\u00fcr besondere Einsatzbereiche \u2013 etwa in explosionsgef\u00e4hrdeten Zonen \u2013 liefern wir zertifizierte EX-Rolltore gem\u00e4\u00df ATEX-Richtlinie. Und: Auch bei Stromausfall oder Rauchentwicklung bleiben unsere Tore dank Gewichtsausgleich manuell bedienbar \u2013 ganz ohne zus\u00e4tzliche Hilfsmittel.\"}},{\"@type\":\"Question\",\"name\":\"Wie oft muss ein Rolltor gewartet werden?\",\"acceptedAnswer\":{\"@type\":\"Answer\",\"text\":\"Die Wartungsintervalle eines Rolltors h\u00e4ngen ma\u00dfgeblich von der Nutzungsfrequenz, der Einsatzumgebung und dem Modell ab. Grunds\u00e4tzlich ist eine j\u00e4hrliche Wartung durch geschulte Servicetechniker empfehlenswert. So lassen sich Funktionssicherheit und Langlebigkeit dauerhaft gew\u00e4hrleisten. Bei besonders intensiv genutzten Rolltoren \u2013 etwa im Schichtbetrieb oder in Hochfrequenzbereichen \u2013 kann auch eine halbj\u00e4hrliche Kontrolle sinnvoll sein.\\nSchnelllauf-Rolltore von EFAFLEX sind besonders wartungsarm und f\u00fcr besonders langlebige Nutzung gemacht. Gleichzeitig k\u00f6nnen Sie sich jederzeit auf unsere Wartungsservices verlassen: Diese beinhalten unter anderem die Pr\u00fcfung der Steuerung, der Sicherheitskomponenten, des Gewichtsausgleichs sowie die Kontrolle mechanischer Bauteile auf Verschlei\u00df. Durch die fr\u00fchzeitige Erkennung von Abnutzung k\u00f6nnen gr\u00f6\u00dfere Reparaturen und l\u00e4ngere Ausfallzeiten effektiv vermieden werden. EFAFLEX bietet hierf\u00fcr individuell abgestimmte Wartungspakete mit hoher Verf\u00fcgbarkeit und kurzen Reaktionszeiten. So bleibt Ihr Rolltor jederzeit sicher und einsatzbereit ohne unerwartete Stillst\u00e4nde.\"}}]}<\/script><script type=\"application\/javascript\">\r\n    window.addEventListener('DOMContentLoaded', function() {\r\n        jQuery(document).ready(function($) {\r\n            $(\".block_e335fab2ddbb24d42d32e1d453dc2bc0\").danAkkordeon({\r\n                \"animate\": true, \/\/ \u00d6ffnet mit Slide Effekt\r\n                \"close\": true, \/\/ Schliesst automatisch das ge\u00f6ffneten Akkordeon bei \u00f6ffnen eines anderen Tabs\r\n                \"focus\": false, \/\/ Scrollt zum ge\u00f6ffnete Akkoredon\r\n                \"offset\": 200 \/\/ Abstand von Top zum ge\u00f6ffneten Akkordeon, Focus muss True sein\r\n            });\r\n        });\r\n    });\r\n<\/script>\r\n\n\n\n<div style=\"height:200px\" aria-hidden=\"true\" class=\"wp-block-spacer\"><\/div>\n\n\n<div class=\"inner\">\r\n    <div id=\"bild-text-modul-1-3-block_c004c26a284571f7744f853598f85469\" class=\"themen-container custom-flex-box\">\r\n                                    <div class=\"thema-box flex-box-thirty\">\r\n                                            <div class=\"bild-box\">\r\n                                                                                                                    <img decoding=\"async\" width=\"517\" height=\"306\" src=\"https:\/\/www.efaflex.com\/wp-content\/uploads\/2022\/07\/ausschreibungstexte-service-klein-efaflex.jpg\" class=\"attachment-thementease-thumbnail size-thementease-thumbnail\" alt=\"\" srcset=\"https:\/\/www.efaflex.com\/wp-content\/uploads\/2022\/07\/ausschreibungstexte-service-klein-efaflex.jpg 517w, https:\/\/www.efaflex.com\/wp-content\/uploads\/2022\/07\/ausschreibungstexte-service-klein-efaflex-300x178.jpg 300w\" sizes=\"(max-width: 517px) 100vw, 517px\" \/>                                                    <\/div>\r\n                                            \r\n                                                                <h2 class=\"headline-two\">\r\n                                                        Ausschreibungstexte                        <\/h2>\r\n                    \r\n                        <p class=\"normal-font\">Architekten und Planern stellen wir detaillierte Ausschreibungstexte unserer Produkte zur Verf\u00fcgung. Erg\u00e4nzen Sie nur Durchfahrtsh\u00f6he, Durchfahrtsbreite, Farbe oder Motoranordnung.<\/p>\r\n                                                                                                                                                                                                        <a href=\"https:\/\/www.efaflex.com\/de\/service\/ausschreibungstexte\/\" class=\"load-more-button\">Mehr erfahren<\/a>\r\n                                                                                                                                    <\/div>\r\n                            <div class=\"thema-box flex-box-thirty\">\r\n                                            <div class=\"bild-box\">\r\n                                                                                                                    <img decoding=\"async\" width=\"517\" height=\"306\" src=\"https:\/\/www.efaflex.com\/wp-content\/uploads\/2023\/07\/referenzen-schnelllauftor-grau-efaflex-quicklink.jpg\" class=\"attachment-thementease-thumbnail size-thementease-thumbnail\" alt=\"\" srcset=\"https:\/\/www.efaflex.com\/wp-content\/uploads\/2023\/07\/referenzen-schnelllauftor-grau-efaflex-quicklink.jpg 517w, https:\/\/www.efaflex.com\/wp-content\/uploads\/2023\/07\/referenzen-schnelllauftor-grau-efaflex-quicklink-300x178.jpg 300w\" sizes=\"(max-width: 517px) 100vw, 517px\" \/>                                                    <\/div>\r\n                                            \r\n                                                                <h2 class=\"headline-two\">\r\n                                                        Referenzen                        <\/h2>\r\n                    \r\n                        <p class=\"normal-font\">EFAFLEX ist eine weltweit anerkannte Marke nicht nur im Bereich Schnelllauftore. National und international f\u00fchrende Unternehmen aus allen Branchen vertrauen auf unsere Produkte.<\/p>\r\n                                                                                                                                                                                                        <a href=\"https:\/\/www.efaflex.com\/de\/schnelllauftore\/referenzen\/\" class=\"load-more-button\">Mehr erfahren<\/a>\r\n                                                                                                                                    <\/div>\r\n                            <div class=\"thema-box flex-box-thirty\">\r\n                                            <div class=\"bild-box\">\r\n                                                                                                                    <img decoding=\"async\" width=\"517\" height=\"306\" src=\"https:\/\/www.efaflex.com\/wp-content\/uploads\/2022\/07\/Digitales_Tor_Tablet_A3-5-1.jpg\" class=\"attachment-thementease-thumbnail size-thementease-thumbnail\" alt=\"\" srcset=\"https:\/\/www.efaflex.com\/wp-content\/uploads\/2022\/07\/Digitales_Tor_Tablet_A3-5-1.jpg 517w, https:\/\/www.efaflex.com\/wp-content\/uploads\/2022\/07\/Digitales_Tor_Tablet_A3-5-1-300x178.jpg 300w\" sizes=\"(max-width: 517px) 100vw, 517px\" \/>                                                    <\/div>\r\n                                            \r\n                                                                <h2 class=\"headline-two\">\r\n                                                        Kontakt                        <\/h2>\r\n                    \r\n                        <p class=\"normal-font\">Sie erreichen unsere fachkompetenten EFAFLEX Servicemitarbeiter:innen \u00fcber unseren durchgehend besetzten deutschsprachigen Telefonsupport, per E-Mail und nat\u00fcrlich \u00fcber Ihren pers\u00f6nlichen Ansprechpartner vor Ort.<\/p>\r\n                                                                                                                                                                                                        <a href=\"https:\/\/www.efaflex.com\/de\/kontakt\/\" class=\"load-more-button\">Mehr erfahren<\/a>\r\n                                                                                                                                    <\/div>\r\n                        <\/div>\r\n<\/div>\r\n\n\n\n<div style=\"height:100px\" aria-hidden=\"true\" class=\"wp-block-spacer\"><\/div>\n","protected":false},"excerpt":{"rendered":"","protected":false},"author":2,"featured_media":0,"parent":10,"menu_order":16,"comment_status":"closed","ping_status":"closed","template":"","meta":{"_acf_changed":false,"footnotes":""},"categories":[],"tags":[],"class_list":["post-48","page","type-page","status-publish","hentry"],"acf":[],"_links":{"self":[{"href":"https:\/\/www.efaflex.com\/de\/wp-json\/wp\/v2\/pages\/48","targetHints":{"allow":["GET"]}}],"collection":[{"href":"https:\/\/www.efaflex.com\/de\/wp-json\/wp\/v2\/pages"}],"about":[{"href":"https:\/\/www.efaflex.com\/de\/wp-json\/wp\/v2\/types\/page"}],"author":[{"embeddable":true,"href":"https:\/\/www.efaflex.com\/de\/wp-json\/wp\/v2\/users\/2"}],"replies":[{"embeddable":true,"href":"https:\/\/www.efaflex.com\/de\/wp-json\/wp\/v2\/comments?post=48"}],"version-history":[{"count":20,"href":"https:\/\/www.efaflex.com\/de\/wp-json\/wp\/v2\/pages\/48\/revisions"}],"predecessor-version":[{"id":37074,"href":"https:\/\/www.efaflex.com\/de\/wp-json\/wp\/v2\/pages\/48\/revisions\/37074"}],"up":[{"embeddable":true,"href":"https:\/\/www.efaflex.com\/de\/wp-json\/wp\/v2\/pages\/10"}],"wp:attachment":[{"href":"https:\/\/www.efaflex.com\/de\/wp-json\/wp\/v2\/media?parent=48"}],"wp:term":[{"taxonomy":"category","embeddable":true,"href":"https:\/\/www.efaflex.com\/de\/wp-json\/wp\/v2\/categories?post=48"},{"taxonomy":"post_tag","embeddable":true,"href":"https:\/\/www.efaflex.com\/de\/wp-json\/wp\/v2\/tags?post=48"}],"curies":[{"name":"wp","href":"https:\/\/api.w.org\/{rel}","templated":true}]}}