{"id":50,"date":"2022-05-10T09:38:37","date_gmt":"2022-05-10T07:38:37","guid":{"rendered":"https:\/\/www.efaflex.com\/\/?page_id=50"},"modified":"2026-04-08T15:58:31","modified_gmt":"2026-04-08T13:58:31","slug":"falttore","status":"publish","type":"page","link":"https:\/\/www.efaflex.com\/de\/schnelllauftore\/falttore\/","title":{"rendered":"Falttore"},"content":{"rendered":"\r\n<script type=\"application\/javascript\">\r\n    window.addEventListener('DOMContentLoaded', function() {\r\n        jQuery(document).ready(function($){\r\n            var sliderid = \"block_05f0143333feea467497ad50217e033c\";\r\n            $('#'+sliderid).slick({\r\n                infinite: true,\r\n                dots: false,\r\n                lazyLoad: 'ondemand',\r\n                autoplay: false,\r\n                arrows: true,\r\n                fade: true,\r\n                speed: 500,\r\n                pauseOnHover: false,\r\n                prevArrow: '<div class=\"slick-prev slick-button\"><svg xmlns=\"http:\/\/www.w3.org\/2000\/svg\" viewBox=\"0 0 448 512\"><!--! Font Awesome Pro 6.1.1 by @fontawesome - https:\/\/fontawesome.com License - https:\/\/fontawesome.com\/license (Commercial License) Copyright 2022 Fonticons, Inc. --><path d=\"M77.25 256l137.4-137.4c12.5-12.5 12.5-32.75 0-45.25s-32.75-12.5-45.25 0l-160 160c-12.5 12.5-12.5 32.75 0 45.25l160 160C175.6 444.9 183.8 448 192 448s16.38-3.125 22.62-9.375c12.5-12.5 12.5-32.75 0-45.25L77.25 256zM269.3 256l137.4-137.4c12.5-12.5 12.5-32.75 0-45.25s-32.75-12.5-45.25 0l-160 160c-12.5 12.5-12.5 32.75 0 45.25l160 160C367.6 444.9 375.8 448 384 448s16.38-3.125 22.62-9.375c12.5-12.5 12.5-32.75 0-45.25L269.3 256z\"\/><\/svg><\/div>',\r\n                nextArrow: '<div class=\"slick-next slick-button\"><svg xmlns=\"http:\/\/www.w3.org\/2000\/svg\" viewBox=\"0 0 448 512\"><!--! Font Awesome Pro 6.1.1 by @fontawesome - https:\/\/fontawesome.com License - https:\/\/fontawesome.com\/license (Commercial License) Copyright 2022 Fonticons, Inc. --><path fill=\"ff0000\" style=\"height: 22px\" d=\"M246.6 233.4l-160-160c-12.5-12.5-32.75-12.5-45.25 0s-12.5 32.75 0 45.25L178.8 256l-137.4 137.4c-12.5 12.5-12.5 32.75 0 45.25C47.63 444.9 55.81 448 64 448s16.38-3.125 22.62-9.375l160-160C259.1 266.1 259.1 245.9 246.6 233.4zM438.6 233.4l-160-160c-12.5-12.5-32.75-12.5-45.25 0s-12.5 32.75 0 45.25L370.8 256l-137.4 137.4c-12.5 12.5-12.5 32.75 0 45.25C239.6 444.9 247.8 448 256 448s16.38-3.125 22.62-9.375l160-160C451.1 266.1 451.1 245.9 438.6 233.4z\"\/><\/svg><\/div>',\r\n            });\r\n        });\r\n    });\r\n<\/script>\r\n\r\n<div id=\"block_05f0143333feea467497ad50217e033c\" class=\"bild-video-text-slider block-header-bild-video-text-slider\">\r\n                        <div>\r\n                <div class=\"bild-video-text-slider--slide\">\r\n                                            <div class=\"img-vid-box\">\r\n                            <div class=\"img-sizer\">\r\n                                <img decoding=\"async\" width=\"1920\" height=\"800\" src=\"https:\/\/www.efaflex.com\/wp-content\/uploads\/2026\/02\/schnelllauf-falttor-efaflex-alpgate-bahnverkehr-1920x800.jpg\" class=\"attachment-image-big size-image-big\" alt=\"\" \/>                            <\/div>\r\n                        <\/div>\r\n                        <div class=\"video-text\">\r\n                            <h1><strong><span class=\"highlighted\">Falttore<\/span><\/strong><\/h1>\n<h2>Elektrische Falttore nach Ma\u00df f\u00fcr Hallen, Parkgaragen, Einfahrten und mehr.<\/h2>\n                        <\/div>\r\n                                    <\/div>\r\n\r\n            <\/div>\r\n            <\/div>\n\n\r\n\r\n<div id=\"breadcrump-block_77c4839b1084fa13897a7d47fb1f5a7d\" class=\"inner\">\r\n        <nav class=\"breadcrumb\"><a href=\"https:\/\/www.efaflex.com\/de\/\">Startseite<\/a> \/ <span class=\"current-page\">Seite<\/span><\/nav>    <\/div>\n\n\n<div style=\"height:100px\" aria-hidden=\"true\" class=\"wp-block-spacer\"><\/div>\n\n\n\r\n\r\n<div id=\"textmodul-3-spalten-block_b5c6dfaa73f6bc94d99f7931694f0c86\" class=\"textmodul-3-spalten\">\r\n    <div class=\"inner\">\r\n        <div class=\"custom-flex-box\">\r\n                            <h2 class=\"flex-box-thirty break headline-two\">Hohe Effizienz auf kleinem Raum: Leistungsstarke Falttore <\/h2>                        <div class=\"flex-box-thirty\"><p>Sicherer und effizienter: In modernen Industrieanlagen, Logistikhallen oder Feuerwehrgeb\u00e4uden steigen die Anforderungen an Torl\u00f6sungen kontinuierlich. Die Falttore zahlen auf diese hohen Anspr\u00fcche ein und erm\u00f6glichen kurze \u00d6ffnungszyklen bei gleichzeitig kompakter Bauweise \u2013 ein enormer Vorteile \u00fcberall dort, wo wenig Platz zur Verf\u00fcgung steht, aber hohe Durchsatzleistung gefragt ist. Als weltweit f\u00fchrender Hersteller von Schnelllauf-Industrietoren steht EFAFLEX f\u00fcr zuverl\u00e4ssige und leistungsstarke L\u00f6sungen. Elektrische Falttore sind f\u00fcr den anspruchsvollen Dauereinsatz konzipiert und \u00fcberzeugen durch Langlebigkeit und wartungsarmen Betrieb.<\/p>\n<\/div>\r\n            <div class=\"flex-box-thirty\"><p>Durchdachte Technik, robuste Materialien und intelligente Steuerungssysteme sorgen f\u00fcr einen reibungslosen Ablauf. Au\u00dferdem bestehen die Torfl\u00fcgel der Falttore aus einer Rahmen-Sprossenkonstruktion und sind mit Echtglas ausgestattet, so dass ausreichend Tageslicht ins Geb\u00e4udeinnere einfallen kann. Ganz gleich, ob die Falttore als Einfahrtstore oder als Feuerwehrtore, in der Logistik, im Bahnverkehr oder in der Industrie zum Einsatz kommen: Unsere L\u00f6sungen lassen sich an jede Fassade und jede Anforderung anpassen.<\/p>\n<\/div>\r\n        <\/div>\r\n    <\/div>\r\n<\/div>\r\n\n\n\n<div style=\"height:200px\" aria-hidden=\"true\" class=\"wp-block-spacer\"><\/div>\n\n\n\r\n<div id=\"bild-text-modul-links-rechts-block_37a639b41720889f7fc73739560f91b6\" class=\"bild-text-modul-container\">\r\n    <div class=\"inner\">\r\n                                                                                        <div id=\"\" class=\"bild-text-modul-links bild-text-modul\">\r\n                                <div class=\"custom-flex-box\">\r\n                                    <div class=\"flex-box-sixty bild-container\">\r\n                                                                                                                                                                                                                                                                                        <img decoding=\"async\" width=\"1920\" height=\"1048\" src=\"https:\/\/www.efaflex.com\/wp-content\/uploads\/2026\/04\/schnelllauf-falttor-alpgate-efaflex-partner.jpg\" class=\"attachment-full size-full\" alt=\"\" srcset=\"https:\/\/www.efaflex.com\/wp-content\/uploads\/2026\/04\/schnelllauf-falttor-alpgate-efaflex-partner.jpg 1920w, https:\/\/www.efaflex.com\/wp-content\/uploads\/2026\/04\/schnelllauf-falttor-alpgate-efaflex-partner-300x164.jpg 300w, https:\/\/www.efaflex.com\/wp-content\/uploads\/2026\/04\/schnelllauf-falttor-alpgate-efaflex-partner-1024x559.jpg 1024w, https:\/\/www.efaflex.com\/wp-content\/uploads\/2026\/04\/schnelllauf-falttor-alpgate-efaflex-partner-768x419.jpg 768w, https:\/\/www.efaflex.com\/wp-content\/uploads\/2026\/04\/schnelllauf-falttor-alpgate-efaflex-partner-1536x838.jpg 1536w\" sizes=\"(max-width: 1920px) 100vw, 1920px\" \/>                                                                                                                                                                        <\/div>\r\n\r\n                                    <div class=\"flex-box-fourty text-container\">\r\n                                        <div class=\"text-container-flex\">\r\n                                            <div class=\"text-inner\">\r\n                                                                                                                                                            <div class=\"text-left-border\">\r\n                                                            <div class=\"text-cut\">\r\n                                                                                                                                    <span>Alpgate powered by EFAFLEX<\/span>\r\n                                                                 \r\n\r\n                                                                                                                                          <h2 class=\"headline-two\">Starker Partner f\u00fcr Falttore<\/h2>                                                                   \r\n\r\n                                                                <p class=\"normal-font\"><p>Mit Alpgate haben wir einen starken und verl\u00e4sslichen Partner an unserer Seite. Alpgate steht f\u00fcr langj\u00e4hrige Erfahrung, hohe Qualit\u00e4tsstandards und technische Kompetenz. Diese Partnerschaft erm\u00f6glicht es uns, unseren Kunden hochwertige und leistungsstarke Falttorl\u00f6sungen anzubieten \u2013 ausgelegt auf h\u00f6chste Anforderungen.<\/p>\n<\/p>\r\n                                                            <\/div>\r\n                                                            <div class=\"button-box\">\r\n                                                                                                                                                                                                                                                              <\/div>\r\n                                                        <\/div>\r\n                                                                                                                                                <\/div>\r\n                                        <\/div>\r\n                                    <\/div>\r\n                                <\/div>\r\n                            <\/div>\r\n\r\n                                    \r\n            \r\n\r\n        \r\n\r\n\r\n        <\/div>\r\n<\/div>\r\n\r\n<style>\r\n    .bild-text-modul {\r\n        scroll-margin-top: 143px;\r\n    }\r\n<\/style>\n\n\n<div style=\"height:200px\" aria-hidden=\"true\" class=\"wp-block-spacer\"><\/div>\n\n\n<div id=\"text-eispaltig-block_a04bb062a9f0803c02979245b0981f79\" class=\"block-text-eispaltig inner\">\r\n    <div class=\"block-text-eispaltig-content\">\r\n                    <h2 class=\"headline-two\">Vorteile der Falttore von Alpgate powered by EFAFLEX<\/h2>                <p>Die Falttore sind mehr als nur funktionale Zugangsl\u00f6sungen: Sie sind das Ergebnis kreativer Ingenieurskunst, gezielt entwickelt f\u00fcr anspruchsvolle Einsatzbereiche. Auch bei beengten Platzverh\u00e4ltnissen, hoher Taktfrequenz oder besonderen Sicherheitsanforderungen bieten die Falttore ein H\u00f6chstma\u00df an Leistung, Effizienz und Langlebigkeit.<\/p>    <\/div>\r\n<\/div>\n\n\n<div style=\"height:100px\" aria-hidden=\"true\" class=\"wp-block-spacer\"><\/div>\n\n\n\r\n<div class=\"inner\">\r\n    <div class=\"zweispaltig-bild-text-modul custom-flex-box\" id=\"zweispaltig-bild-text-modul-block_7c9fd33f72c5bfb2ff623cfc871c1649\">\r\n        \r\n                    \r\n                <div class=\"single-block flex-box-fifty\">\r\n                    <div class=\"img-box\">\r\n                                                                            <img decoding=\"async\" src=\"https:\/\/www.efaflex.com\/wp-content\/uploads\/2025\/06\/efx-2206il-icons-unternehmensphilosophie-rgb-rz-6.png\" alt=\"\" \/>\r\n                                            <\/div>\r\n                    <div class=\"text-box\">\r\n                                                                                    <h2 class=\"medium-h2\">Platzsparende \u00d6ffnung<\/h2>                                <p class=\"desktop-text\">Dank der horizontalen Falttechnik \u00f6ffnen sich die Torfl\u00fcgel zur Seite und ben\u00f6tigen dabei nur minimalen Raum. Das macht die Falttore ideal f\u00fcr Einfahrten und Hallen, bei denen kein Platz f\u00fcr nach oben \u00f6ffnende Systeme vorhanden ist.<br \/>\r\n<\/p>\r\n\r\n                                                                                                        <\/div>\r\n                    <div class=\"button-box\">\r\n                        <img decoding=\"async\" src=\"\/wp-content\/themes\/efaflex\/assets\/img\/after-button-arrows.svg\" alt=\"arrow-down\">\r\n                    <\/div>\r\n                    <div class=\"mobile-text-box\">\r\n                                                                                    <p class=\"desktop-text\">Dank der horizontalen Falttechnik \u00f6ffnen sich die Torfl\u00fcgel zur Seite und ben\u00f6tigen dabei nur minimalen Raum. Das macht die Falttore ideal f\u00fcr Einfahrten und Hallen, bei denen kein Platz f\u00fcr nach oben \u00f6ffnende Systeme vorhanden ist.<br \/>\r\n<\/p>\r\n\r\n                                                                                                        <\/div>\r\n                <\/div>\r\n\r\n            \r\n                <div class=\"single-block flex-box-fifty\">\r\n                    <div class=\"img-box\">\r\n                                                                            <img decoding=\"async\" src=\"https:\/\/www.efaflex.com\/wp-content\/uploads\/2022\/07\/materialien-nachhaltigkeit-unternehmen-efaflex.png\" alt=\"\" \/>\r\n                                            <\/div>\r\n                    <div class=\"text-box\">\r\n                                                                                    <h2 class=\"medium-h2\">Reduzierte Energiekosten<\/h2>                                <p class=\"desktop-text\">Dank hervorragender Dichtigkeit und U-Werten minimieren die Falttore W\u00e4rmeverluste sp\u00fcrbar. Das sorgt f\u00fcr ein konstantes Raumklima, reduziert den Energieverbrauch nachhaltig und senkt langfristig Heiz- und K\u00fchlkosten.<\/p>\r\n\r\n                                                                                                        <\/div>\r\n                    <div class=\"button-box\">\r\n                        <img decoding=\"async\" src=\"\/wp-content\/themes\/efaflex\/assets\/img\/after-button-arrows.svg\" alt=\"arrow-down\">\r\n                    <\/div>\r\n                    <div class=\"mobile-text-box\">\r\n                                                                                    <p class=\"desktop-text\">Dank hervorragender Dichtigkeit und U-Werten minimieren die Falttore W\u00e4rmeverluste sp\u00fcrbar. Das sorgt f\u00fcr ein konstantes Raumklima, reduziert den Energieverbrauch nachhaltig und senkt langfristig Heiz- und K\u00fchlkosten.<\/p>\r\n\r\n                                                                                                        <\/div>\r\n                <\/div>\r\n\r\n            \r\n                <div class=\"single-block flex-box-fifty\">\r\n                    <div class=\"img-box\">\r\n                                                                            <img decoding=\"async\" src=\"https:\/\/www.efaflex.com\/wp-content\/uploads\/2025\/06\/efx-2206il-icons-fachanwendungen-rgb-rz-4.png\" alt=\"\" \/>\r\n                                            <\/div>\r\n                    <div class=\"text-box\">\r\n                                                                                    <h2 class=\"medium-h2\">Robuste Bauweise <\/h2>                                <p class=\"desktop-text\">Die Kombination aus hochwertigen Materialien wie Stahl und pr\u00e4ziser Verarbeitung garantiert eine au\u00dfergew\u00f6hnlich hohe Lebensdauer der Falttore \u2013 auch bei mehreren hundert \u00d6ffnungsvorg\u00e4ngen t\u00e4glich.<br \/>\r\n<br \/>\r\n<\/p>\r\n\r\n                                                                                                        <\/div>\r\n                    <div class=\"button-box\">\r\n                        <img decoding=\"async\" src=\"\/wp-content\/themes\/efaflex\/assets\/img\/after-button-arrows.svg\" alt=\"arrow-down\">\r\n                    <\/div>\r\n                    <div class=\"mobile-text-box\">\r\n                                                                                    <p class=\"desktop-text\">Die Kombination aus hochwertigen Materialien wie Stahl und pr\u00e4ziser Verarbeitung garantiert eine au\u00dfergew\u00f6hnlich hohe Lebensdauer der Falttore \u2013 auch bei mehreren hundert \u00d6ffnungsvorg\u00e4ngen t\u00e4glich.<br \/>\r\n<br \/>\r\n<\/p>\r\n\r\n                                                                                                        <\/div>\r\n                <\/div>\r\n\r\n            \r\n                <div class=\"single-block flex-box-fifty\">\r\n                    <div class=\"img-box\">\r\n                                                                            <img decoding=\"async\" src=\"https:\/\/www.efaflex.com\/wp-content\/uploads\/2025\/06\/efx-2206il-icons-nachhaltigkeit-rgb-rz-6.png\" alt=\"\" \/>\r\n                                            <\/div>\r\n                    <div class=\"text-box\">\r\n                                                                                    <h2 class=\"medium-h2\">Zuverl\u00e4ssige Funktion <\/h2>                                <p class=\"desktop-text\">Falttore \u00fcberzeugen selbst unter widrigsten Einsatzbedingungen, sei es bei Wind, K\u00e4lte oder in sicherheitsrelevanten Bereichen wie Feuerwehr-Zufahrten. Die Tore arbeiten stabil, sicher und wetterunabh\u00e4ngig.<\/p>\r\n\r\n                                                                                                        <\/div>\r\n                    <div class=\"button-box\">\r\n                        <img decoding=\"async\" src=\"\/wp-content\/themes\/efaflex\/assets\/img\/after-button-arrows.svg\" alt=\"arrow-down\">\r\n                    <\/div>\r\n                    <div class=\"mobile-text-box\">\r\n                                                                                    <p class=\"desktop-text\">Falttore \u00fcberzeugen selbst unter widrigsten Einsatzbedingungen, sei es bei Wind, K\u00e4lte oder in sicherheitsrelevanten Bereichen wie Feuerwehr-Zufahrten. Die Tore arbeiten stabil, sicher und wetterunabh\u00e4ngig.<\/p>\r\n\r\n                                                                                                        <\/div>\r\n                <\/div>\r\n\r\n                        <\/div>\r\n<\/div>\r\n\r\n<script>\r\n    window.addEventListener('DOMContentLoaded', function() {\r\n        jQuery(document).ready(function($) {\r\n            $('#zweispaltig-bild-text-modul-block_7c9fd33f72c5bfb2ff623cfc871c1649 .button-box').click(function () {\r\n                if($(this).parent('.single-block').hasClass(\"active\"))\r\n                {\r\n                    $('.single-block').removeClass('active');\r\n                    $('.mobile-text-box').slideUp();\r\n                }\r\n                else\r\n                {\r\n                    $('.single-block').removeClass('active');\r\n                    $('.mobile-text-box').slideUp();\r\n                    $(this).parent('.single-block').addClass('active');\r\n                    $(this).parent().children('.mobile-text-box').slideDown();\r\n                }\r\n            });\r\n            $(window).resize(function() {\r\n                if ($(window).width() <= 1024) {\r\n                    $('#zweispaltig-bild-text-modul-block_7c9fd33f72c5bfb2ff623cfc871c1649 .single-block').removeClass('active');\r\n                    $('#zweispaltig-bild-text-modul-block_7c9fd33f72c5bfb2ff623cfc871c1649 .mobile-text-box').hide();\r\n                }\r\n            });\r\n        });\r\n    });\r\n<\/script>\n\n\n<div style=\"height:200px\" aria-hidden=\"true\" class=\"wp-block-spacer\"><\/div>\n\n\n<div id=\"text-eispaltig-block_c8708a6d8cd86de865ad1ed184746f01\" class=\"block-text-eispaltig inner\">\r\n    <div class=\"block-text-eispaltig-content\">\r\n                    <h2 class=\"headline-two\">Falttore so individuell wie Ihr Einsatzbereich<\/h2>                <p>L\u00f6sungen von EFAFLEX stehen f\u00fcr h\u00f6chste Funktionalit\u00e4t und kompromisslose Qualit\u00e4t. Falttore bew\u00e4hren sich t\u00e4glich unter realen Bedingungen \u2013 ob in der Industrie, in der Logistik oder bei der Feuerwehr. Weil jede Branche eigene Anforderungen hat, gestalten wir au\u00dferdem jedes Tor nach individuellen Vorgaben.<\/p>    <\/div>\r\n<\/div>\n\n\n<div style=\"height:100px\" aria-hidden=\"true\" class=\"wp-block-spacer\"><\/div>\n\n\n<div class=\"inner\">\r\n    <div id=\"bild-text-modul-1-3-block_1d3d011063659b036dd7dddb3f7e289b\" class=\"themen-container custom-flex-box aligned-left\">\r\n                                    <div class=\"thema-box flex-box-thirty\">\r\n                                            <div class=\"bild-box\">\r\n                                                                                                                    <img decoding=\"async\" width=\"1006\" height=\"549\" src=\"https:\/\/www.efaflex.com\/wp-content\/uploads\/2026\/02\/schnelllauf-falttor-efaflex-alpgate-feuerwehr-aussen.jpg\" class=\"attachment-thementease-thumbnail size-thementease-thumbnail\" alt=\"\" srcset=\"https:\/\/www.efaflex.com\/wp-content\/uploads\/2026\/02\/schnelllauf-falttor-efaflex-alpgate-feuerwehr-aussen.jpg 1006w, https:\/\/www.efaflex.com\/wp-content\/uploads\/2026\/02\/schnelllauf-falttor-efaflex-alpgate-feuerwehr-aussen-300x164.jpg 300w, https:\/\/www.efaflex.com\/wp-content\/uploads\/2026\/02\/schnelllauf-falttor-efaflex-alpgate-feuerwehr-aussen-768x419.jpg 768w\" sizes=\"(max-width: 1006px) 100vw, 1006px\" \/>                                                    <\/div>\r\n                                            \r\n                                                                <h2 class=\"headline-two\">\r\n                            <span>Kraftvoll, kompakt und zuverl\u00e4ssig.<\/span>                            Serie F                        <\/h2>\r\n                    \r\n                        <p class=\"normal-font\">Die Falttore der Serie F \u00f6ffnen mit hoher Geschwindigkeit, sind extrem belastbar und bieten hervorragende W\u00e4rme- und Schalld\u00e4mmung. Durch die horizontale \u00d6ffnung eignen sich die elektrischen Falttore besonders bei engen Einfahrten und h\u00e4ufigem Fahrzeugverkehr.<\/p>\r\n                                                                                                                                                                                                        <a href=\"https:\/\/www.efaflex.com\/de\/schnelllauftore\/falttore\/serie-f\/\" class=\"load-more-button\">Mehr erfahren<\/a>\r\n                                                                                                                                    <\/div>\r\n                        <\/div>\r\n<\/div>\r\n\n\n\n<div style=\"height:200px\" aria-hidden=\"true\" class=\"wp-block-spacer\"><\/div>\n\n\n\r\n<div id=\"bild-text-modul-links-rechts-block_3edb66bdd6046834d48caefefbf76e12\" class=\"bild-text-modul-container\">\r\n    <div class=\"inner\">\r\n                                                                                        <div id=\"\" class=\"bild-text-modul-links bild-text-modul\">\r\n                                <div class=\"custom-flex-box\">\r\n                                    <div class=\"flex-box-sixty bild-container\">\r\n                                                                                                                                                                                                                                                                                        <img decoding=\"async\" width=\"382\" height=\"538\" src=\"https:\/\/www.efaflex.com\/wp-content\/uploads\/2022\/07\/partnerprogramm-service-international-efaflex-hochformat.jpg\" class=\"attachment-full size-full\" alt=\"\" srcset=\"https:\/\/www.efaflex.com\/wp-content\/uploads\/2022\/07\/partnerprogramm-service-international-efaflex-hochformat.jpg 382w, https:\/\/www.efaflex.com\/wp-content\/uploads\/2022\/07\/partnerprogramm-service-international-efaflex-hochformat-213x300.jpg 213w\" sizes=\"(max-width: 382px) 100vw, 382px\" \/>                                                                                                                                                                        <\/div>\r\n\r\n                                    <div class=\"flex-box-fourty text-container\">\r\n                                        <div class=\"text-container-flex\">\r\n                                            <div class=\"text-inner\">\r\n                                                                                                                                                            <div class=\"text-left-border\">\r\n                                                            <div class=\"text-cut\">\r\n                                                                                                                                    <span>Alle Infos auf einen Klick<\/span>\r\n                                                                 \r\n\r\n                                                                                                                                          <h2 class=\"headline-two\">Downloads zu Falttoren und mehr<\/h2>                                                                   \r\n\r\n                                                                <p class=\"normal-font\"><p>Sie suchen weitere Informationen rund um die Falttore? In unserem Downloadbereich finden Sie technische Datenbl\u00e4tter, Ausschreibungstexte und Brosch\u00fcren zu unseren L\u00f6sungen. So haben Sie alle Infos griffbereit, wenn Sie Falttore f\u00fcr Ihr Projekt planen oder vergleichen m\u00f6chten.<\/p>\n<\/p>\r\n                                                            <\/div>\r\n                                                            <div class=\"button-box\">\r\n                                                                                                                                                                                                                                                                                                                                                              <a class=\"load-more-button\" href=\"https:\/\/www.efaflex.com\/de\/downloadbereich\/\">Jetzt herunterladen<\/a>\r\n                                                                                                                                                                                                                                                                        <\/div>\r\n                                                        <\/div>\r\n                                                                                                                                                <\/div>\r\n                                        <\/div>\r\n                                    <\/div>\r\n                                <\/div>\r\n                            <\/div>\r\n\r\n                                    \r\n            \r\n\r\n        \r\n\r\n\r\n        <\/div>\r\n<\/div>\r\n\r\n<style>\r\n    .bild-text-modul {\r\n        scroll-margin-top: 143px;\r\n    }\r\n<\/style>\n\n\n<div style=\"height:200px\" aria-hidden=\"true\" class=\"wp-block-spacer\"><\/div>\n\n\n\r\n<div  class=\"plz-schnellsuche\">\r\n            <div class=\"inner\">\r\n            <div class=\"custom-flex-box\">\r\n                <div class=\"flex-box-fifty\">\r\n                    <h2>Vertriebsstandorte Deutschland<br \/>\r\nSchnellsuche<\/h2>\r\n                <\/div>\r\n                <div class=\"flex-box-fifty\">\r\n                    <input id=\"postalsearch\" type=\"search\" placeholder=\"Postleitzahl\" maxlength=\"5\">\r\n                    <a id=\"loadmorebutton\"\r\n                       class=\"load-more-button\">Jetzt finden<\/a>\r\n                <\/div>\r\n            <\/div>\r\n        <\/div>\r\n    <\/div>\r\n\r\n<div class=\"inner\">\r\n    <div class=\"standorte_plz custom-flex-box\">\r\n        \r\n                    \r\n                    \r\n                    \r\n                    \r\n                    \r\n                    \r\n                    \r\n                    \r\n                    \r\n                    \r\n                    \r\n                    \r\n                    \r\n                    \r\n                    \r\n                    \r\n                    \r\n                            <div class=\"flex-box-thirty standort_plz\" data-id=\"9632\"data-postal='[{\"von\":\"19000\",\"bis\":\"19089\"},{\"von\":\"19200\",\"bis\":\"19419\"},{\"von\":\"20000\",\"bis\":\"20539\"},{\"von\":\"21000\",\"bis\":\"21279\"},{\"von\":\"21300\",\"bis\":\"21529\"},{\"von\":\"21600\",\"bis\":\"21789\"},{\"von\":\"22000\",\"bis\":\"22889\"},{\"von\":\"22900\",\"bis\":\"22969\"},{\"von\":\"23500\",\"bis\":\"23629\"},{\"von\":\"23660\",\"bis\":\"24259\"},{\"von\":\"24300\",\"bis\":\"24409\"},{\"von\":\"24500\",\"bis\":\"24649\"},{\"von\":\"24750\",\"bis\":\"24999\"},{\"von\":\"25300\",\"bis\":\"25379\"},{\"von\":\"25400\",\"bis\":\"25599\"},{\"von\":\"25690\",\"bis\":\"25999\"},{\"von\":\"29430\",\"bis\":\"29649\"}]'>\r\n                                        <h3>Vertriebsau\u00dfendienst<\/h3>\r\n                                                            <p>\r\n                                                    Herr Dipl. Ing. R\u00fcdiger Gehrke<br>\r\n                                                                                                21357 Bardowick                    <\/p>\r\n                                                                <p>\r\n                            \r\n                            \r\n                                                            <span class=\"cb-icon cb-icon-mobile\"><a href=\"tel:+491716952391\">+491716952391<\/a><\/span>\r\n                                                    <\/p>\r\n                                                                <p>\r\n                                                            <span class=\"cb-icon cb-icon-email\"><a href=\"mailto:ruediger.gehrke@efaflex.com\">ruediger.gehrke@efaflex.com<\/a><\/span>\r\n                                                                                <\/p>\r\n                                                        <\/div>\r\n                    \r\n                            <div class=\"flex-box-thirty standort_plz\" data-id=\"9633\"data-postal='[{\"von\":\"35200\",\"bis\":\"35239\"},{\"von\":\"35660\",\"bis\":\"35799\"},{\"von\":\"51530\",\"bis\":\"51599\"},{\"von\":\"53000\",\"bis\":\"53359\"},{\"von\":\"53400\",\"bis\":\"53509\"},{\"von\":\"53510\",\"bis\":\"53539\"},{\"von\":\"53540\",\"bis\":\"53639\"},{\"von\":\"53700\",\"bis\":\"53859\"},{\"von\":\"53860\",\"bis\":\"53949\"},{\"von\":\"54500\",\"bis\":\"54689\"},{\"von\":\"56000\",\"bis\":\"56379\"},{\"von\":\"56400\",\"bis\":\"56479\"},{\"von\":\"56500\",\"bis\":\"56659\"},{\"von\":\"56700\",\"bis\":\"56769\"},{\"von\":\"56800\",\"bis\":\"56869\"},{\"von\":\"57000\",\"bis\":\"57399\"},{\"von\":\"57440\",\"bis\":\"57489\"},{\"von\":\"57500\",\"bis\":\"57589\"},{\"von\":\"57600\",\"bis\":\"57649\"},{\"von\":\"65530\",\"bis\":\"65629\"}]'>\r\n                                        <h3>Vertriebsau\u00dfendienst<\/h3>\r\n                                                            <p>\r\n                                                    Herr Marcel Hehl<br>\r\n                                                                                                56410 Montabaur                    <\/p>\r\n                                                                <p>\r\n                            \r\n                            \r\n                                                            <span class=\"cb-icon cb-icon-mobile\"><a href=\"tel:+4915119546337\">+4915119546337<\/a><\/span>\r\n                                                    <\/p>\r\n                                                                <p>\r\n                                                            <span class=\"cb-icon cb-icon-email\"><a href=\"mailto:marcel.hehl@efaflex.com\">marcel.hehl@efaflex.com<\/a><\/span>\r\n                                                                                <\/p>\r\n                                                        <\/div>\r\n                    \r\n                            <div class=\"flex-box-thirty standort_plz\" data-id=\"9643\"data-postal='[{\"von\":\"84307\",\"bis\":\"84307\"},{\"von\":\"84326\",\"bis\":\"84389\"},{\"von\":\"93086\",\"bis\":\"93086\"},{\"von\":\"93090\",\"bis\":\"93090\"},{\"von\":\"93099\",\"bis\":\"93099\"},{\"von\":\"93102\",\"bis\":\"93104\"},{\"von\":\"93109\",\"bis\":\"93109\"},{\"von\":\"93167\",\"bis\":\"93167\"},{\"von\":\"93177\",\"bis\":\"93179\"},{\"von\":\"93185\",\"bis\":\"93185\"},{\"von\":\"93189\",\"bis\":\"93194\"},{\"von\":\"93199\",\"bis\":\"93199\"},{\"von\":\"93400\",\"bis\":\"94341\"},{\"von\":\"94343\",\"bis\":\"94579\"}]'>\r\n                                        <h3>Vertriebsau\u00dfendienst<\/h3>\r\n                                                            <p>\r\n                                                    Herr Igor Polovic<br>\r\n                                                                                                94469 Deggendorf                    <\/p>\r\n                                                                <p>\r\n                            \r\n                            \r\n                                                            <span class=\"cb-icon cb-icon-mobile\"><a href=\"tel:+491703756880\">+491703756880<\/a><\/span>\r\n                                                    <\/p>\r\n                                                                <p>\r\n                                                            <span class=\"cb-icon cb-icon-email\"><a href=\"mailto:igor.polovic@efaflex.com\">igor.polovic@efaflex.com<\/a><\/span>\r\n                                                                                <\/p>\r\n                                                        <\/div>\r\n                    \r\n                            <div class=\"flex-box-thirty standort_plz\" data-id=\"9644\"data-postal='[{\"von\":\"80001\",\"bis\":\"80999\"},{\"von\":\"81201\",\"bis\":\"81249\"},{\"von\":\"81301\",\"bis\":\"81379\"},{\"von\":\"81451\",\"bis\":\"81479\"},{\"von\":\"81501\",\"bis\":\"81549\"},{\"von\":\"81601\",\"bis\":\"81679\"},{\"von\":\"81701\",\"bis\":\"81739\"},{\"von\":\"81801\",\"bis\":\"81829\"},{\"von\":\"81901\",\"bis\":\"81929\"},{\"von\":\"82000\",\"bis\":\"82069\"},{\"von\":\"82100\",\"bis\":\"82239\"},{\"von\":\"82300\",\"bis\":\"82549\"},{\"von\":\"83000\",\"bis\":\"83139\"},{\"von\":\"83200\",\"bis\":\"83489\"},{\"von\":\"83500\",\"bis\":\"83569\"},{\"von\":\"83600\",\"bis\":\"83739\"},{\"von\":\"84400\",\"bis\":\"84579\"},{\"von\":\"85200\",\"bis\":\"85259\"},{\"von\":\"85500\",\"bis\":\"85669\"},{\"von\":\"85700\",\"bis\":\"85779\"},{\"von\":\"85045\",\"bis\":\"85045\"}]'>\r\n                                        <h3>Vertriebsau\u00dfendienst<\/h3>\r\n                                                            <p>\r\n                                                    Herr Oliver Chadt<br>\r\n                                                                                                85435 Erding                    <\/p>\r\n                                                                <p>\r\n                            \r\n                            \r\n                                                            <span class=\"cb-icon cb-icon-mobile\"><a href=\"tel:+491707811175\">+491707811175<\/a><\/span>\r\n                                                    <\/p>\r\n                                                                <p>\r\n                                                            <span class=\"cb-icon cb-icon-email\"><a href=\"mailto:oliver.chadt@efaflex.com\">oliver.chadt@efaflex.com<\/a><\/span>\r\n                                                                                <\/p>\r\n                                                        <\/div>\r\n                    \r\n                            <div class=\"flex-box-thirty standort_plz\" data-id=\"9645\"data-postal='[{\"von\":\"72150\",\"bis\":\"72299\"},{\"von\":\"75000\",\"bis\":\"75059\"},{\"von\":\"75100\",\"bis\":\"75249\"},{\"von\":\"75300\",\"bis\":\"75339\"},{\"von\":\"75400\",\"bis\":\"75449\"},{\"von\":\"76000\",\"bis\":\"76359\"},{\"von\":\"76400\",\"bis\":\"76599\"},{\"von\":\"76600\",\"bis\":\"76779\"},{\"von\":\"76800\",\"bis\":\"76899\"},{\"von\":\"77600\",\"bis\":\"77889\"},{\"von\":\"77900\",\"bis\":\"77979\"},{\"von\":\"78090\",\"bis\":\"78149\"},{\"von\":\"78700\",\"bis\":\"78739\"},{\"von\":\"79000\",\"bis\":\"79429\"},{\"von\":\"79500\",\"bis\":\"79879\"}]'>\r\n                                        <h3>Vertriebsau\u00dfendienst<\/h3>\r\n                                                            <p>\r\n                                                    Herr Dipl. Wirt. Ing. Christoph Jaspers<br>\r\n                                                                                                76534 Baden - Baden                    <\/p>\r\n                                                                <p>\r\n                            \r\n                            \r\n                                                            <span class=\"cb-icon cb-icon-mobile\"><a href=\"tel:+491714757069\">+491714757069<\/a><\/span>\r\n                                                    <\/p>\r\n                                                                <p>\r\n                                                            <span class=\"cb-icon cb-icon-email\"><a href=\"mailto:christoph.jaspers@efaflex.com\">christoph.jaspers@efaflex.com<\/a><\/span>\r\n                                                                                <\/p>\r\n                                                        <\/div>\r\n                    \r\n                            <div class=\"flex-box-thirty standort_plz\" data-id=\"9646\"data-postal='[{\"von\":\"73470\",\"bis\":\"73499\"},{\"von\":\"74000\",\"bis\":\"74259\"},{\"von\":\"74550\",\"bis\":\"74679\"},{\"von\":\"74700\",\"bis\":\"74749\"},{\"von\":\"90000\",\"bis\":\"90619\"},{\"von\":\"90700\",\"bis\":\"90769\"},{\"von\":\"91100\",\"bis\":\"91249\"},{\"von\":\"91400\",\"bis\":\"91489\"},{\"von\":\"91500\",\"bis\":\"91639\"},{\"von\":\"91700\",\"bis\":\"91809\"},{\"von\":\"92200\",\"bis\":\"92289\"},{\"von\":\"92300\",\"bis\":\"92369\"},{\"von\":\"92400\",\"bis\":\"92449\"},{\"von\":\"92500\",\"bis\":\"92559\"},{\"von\":\"92600\",\"bis\":\"92729\"},{\"von\":\"97860\",\"bis\":\"97999\"}]'>\r\n                                        <h3>Vertriebsau\u00dfendienst<\/h3>\r\n                                                            <p>\r\n                                                    Herr Christoph Maul<br>\r\n                                                                                                90607 R\u00fcckersdorf                    <\/p>\r\n                                                                <p>\r\n                            \r\n                            \r\n                                                            <span class=\"cb-icon cb-icon-mobile\"><a href=\"tel:+491607038312\">+491607038312<\/a><\/span>\r\n                                                    <\/p>\r\n                                                                <p>\r\n                                                            <span class=\"cb-icon cb-icon-email\"><a href=\"mailto:christoph.maul@efaflex.com\">christoph.maul@efaflex.com<\/a><\/span>\r\n                                                                                <\/p>\r\n                                                        <\/div>\r\n                    \r\n                            <div class=\"flex-box-thirty standort_plz\" data-id=\"9647\"data-postal='[{\"von\":\"82240\",\"bis\":\"82299\"},{\"von\":\"86000\",\"bis\":\"86579\"},{\"von\":\"86600\",\"bis\":\"86759\"},{\"von\":\"86800\",\"bis\":\"86949\"},{\"von\":\"86950\",\"bis\":\"86989\"},{\"von\":\"87400\",\"bis\":\"87789\"},{\"von\":\"88100\",\"bis\":\"88179\"},{\"von\":\"88290\",\"bis\":\"88319\"},{\"von\":\"89200\",\"bis\":\"89369\"},{\"von\":\"89400\",\"bis\":\"89449\"}]'>\r\n                                        <h3>Vertriebsau\u00dfendienst<\/h3>\r\n                                                            <p>\r\n                                                    Herr Reinhold Eckert<br>\r\n                                                                                                86574 Alsmoos                    <\/p>\r\n                                                                <p>\r\n                            \r\n                            \r\n                                                            <span class=\"cb-icon cb-icon-mobile\"><a href=\"tel:+491702223519\">+491702223519<\/a><\/span>\r\n                                                    <\/p>\r\n                                                                <p>\r\n                                                            <span class=\"cb-icon cb-icon-email\"><a href=\"mailto:reinhold.eckert@efaflex.com\">reinhold.eckert@efaflex.com<\/a><\/span>\r\n                                                                                <\/p>\r\n                                                        <\/div>\r\n                    \r\n                            <div class=\"flex-box-thirty standort_plz\" data-id=\"9648\"data-postal='[{\"von\":\"70000\",\"bis\":\"70629\"},{\"von\":\"70700\",\"bis\":\"70839\"},{\"von\":\"71000\",\"bis\":\"71159\"},{\"von\":\"71200\",\"bis\":\"71409\"},{\"von\":\"71500\",\"bis\":\"71579\"},{\"von\":\"71600\",\"bis\":\"71739\"},{\"von\":\"72000\",\"bis\":\"72149\"},{\"von\":\"72370\",\"bis\":\"72419\"},{\"von\":\"72540\",\"bis\":\"72589\"},{\"von\":\"72600\",\"bis\":\"72669\"},{\"von\":\"72700\",\"bis\":\"72829\"},{\"von\":\"73000\",\"bis\":\"73119\"},{\"von\":\"73200\",\"bis\":\"73279\"},{\"von\":\"73300\",\"bis\":\"73349\"},{\"von\":\"73400\",\"bis\":\"73469\"},{\"von\":\"73500\",\"bis\":\"73579\"},{\"von\":\"73600\",\"bis\":\"73669\"},{\"von\":\"73700\",\"bis\":\"73779\"},{\"von\":\"74300\",\"bis\":\"74429\"},{\"von\":\"74500\",\"bis\":\"74549\"},{\"von\":\"75350\",\"bis\":\"75399\"}]'>\r\n                                        <h3>Vertriebsau\u00dfendienst<\/h3>\r\n                                                            <p>\r\n                                                    Herr Dietmar Schurr<br>\r\n                                                                                                73312 Geislingen \/ Steige                    <\/p>\r\n                                                                <p>\r\n                            \r\n                            \r\n                                                            <span class=\"cb-icon cb-icon-mobile\"><a href=\"tel:+491607038314\">+491607038314<\/a><\/span>\r\n                                                    <\/p>\r\n                                                                <p>\r\n                                                            <span class=\"cb-icon cb-icon-email\"><a href=\"mailto:dietmar.schurr@efaflex.com\">dietmar.schurr@efaflex.com<\/a><\/span>\r\n                                                                                <\/p>\r\n                                                        <\/div>\r\n                    \r\n                            <div class=\"flex-box-thirty standort_plz\" data-id=\"9649\"data-postal='[{\"von\":\"01000\",\"bis\":\"01329\"},{\"von\":\"01430\",\"bis\":\"01479\"},{\"von\":\"01550\",\"bis\":\"01859\"},{\"von\":\"01870\",\"bis\":\"01999\"},{\"von\":\"02600\",\"bis\":\"02999\"},{\"von\":\"03000\",\"bis\":\"03259\"},{\"von\":\"04620\",\"bis\":\"04639\"},{\"von\":\"04700\",\"bis\":\"04749\"},{\"von\":\"07300\",\"bis\":\"07429\"},{\"von\":\"07500\",\"bis\":\"07589\"},{\"von\":\"07600\",\"bis\":\"07649\"},{\"von\":\"07700\",\"bis\":\"07779\"},{\"von\":\"07800\",\"bis\":\"07819\"},{\"von\":\"07900\",\"bis\":\"07989\"},{\"von\":\"08000\",\"bis\":\"08069\"},{\"von\":\"08100\",\"bis\":\"08149\"},{\"von\":\"08200\",\"bis\":\"08549\"},{\"von\":\"08600\",\"bis\":\"08609\"},{\"von\":\"08620\",\"bis\":\"08649\"},{\"von\":\"09000\",\"bis\":\"09249\"},{\"von\":\"09300\",\"bis\":\"09669\"}]'>\r\n                                        <h3>Vertriebsau\u00dfendienst<\/h3>\r\n                                                            <p>\r\n                                                    Herr Thomas Weile<br>\r\n                                                                                                01257 Dresden                    <\/p>\r\n                                                                <p>\r\n                            \r\n                            \r\n                                                            <span class=\"cb-icon cb-icon-mobile\"><a href=\"tel:+491718620569\">+491718620569<\/a><\/span>\r\n                                                    <\/p>\r\n                                                                <p>\r\n                                                            <span class=\"cb-icon cb-icon-email\"><a href=\"mailto:thomas.weile@efaflex.com\">thomas.weile@efaflex.com<\/a><\/span>\r\n                                                                                <\/p>\r\n                                                        <\/div>\r\n                    \r\n                            <div class=\"flex-box-thirty standort_plz\" data-id=\"9650\"data-postal='[{\"von\":\"04000\",\"bis\":\"04469\"},{\"von\":\"04500\",\"bis\":\"04619\"},{\"von\":\"04640\",\"bis\":\"04689\"},{\"von\":\"04750\",\"bis\":\"04779\"},{\"von\":\"04800\",\"bis\":\"04939\"},{\"von\":\"06000\",\"bis\":\"06139\"},{\"von\":\"06170\",\"bis\":\"06579\"},{\"von\":\"06600\",\"bis\":\"06929\"},{\"von\":\"36400\",\"bis\":\"36469\"},{\"von\":\"37300\",\"bis\":\"37359\"},{\"von\":\"96500\",\"bis\":\"96529\"},{\"von\":\"98500\",\"bis\":\"98749\"},{\"von\":\"99000\",\"bis\":\"99109\"},{\"von\":\"99180\",\"bis\":\"99199\"},{\"von\":\"99300\",\"bis\":\"99339\"},{\"von\":\"99400\",\"bis\":\"99449\"},{\"von\":\"99500\",\"bis\":\"99519\"},{\"von\":\"99600\",\"bis\":\"99639\"},{\"von\":\"99700\",\"bis\":\"99769\"},{\"von\":\"99800\",\"bis\":\"99899\"},{\"von\":\"99940\",\"bis\":\"99999\"}]'>\r\n                                        <h3>Vertriebsau\u00dfendienst<\/h3>\r\n                                                            <p>\r\n                                                    Herr Falk Posse<br>\r\n                                                                                                99094 Erfurt                    <\/p>\r\n                                                                <p>\r\n                            \r\n                            \r\n                                                            <span class=\"cb-icon cb-icon-mobile\"><a href=\"tel:+491718620570\">+491718620570<\/a><\/span>\r\n                                                    <\/p>\r\n                                                                <p>\r\n                                                            <span class=\"cb-icon cb-icon-email\"><a href=\"mailto:falk.posse@efaflex.com\">falk.posse@efaflex.com<\/a><\/span>\r\n                                                                                <\/p>\r\n                                                        <\/div>\r\n                    \r\n                            <div class=\"flex-box-thirty standort_plz\" data-id=\"9651\"data-postal='[{\"von\":\"40000\",\"bis\":\"40789\"},{\"von\":\"40800\",\"bis\":\"40889\"},{\"von\":\"41000\",\"bis\":\"41379\"},{\"von\":\"41400\",\"bis\":\"41569\"},{\"von\":\"41700\",\"bis\":\"41759\"},{\"von\":\"41800\",\"bis\":\"41849\"},{\"von\":\"42500\",\"bis\":\"42579\"},{\"von\":\"45000\",\"bis\":\"45359\"},{\"von\":\"45400\",\"bis\":\"45489\"},{\"von\":\"45600\",\"bis\":\"45779\"},{\"von\":\"45800\",\"bis\":\"45899\"},{\"von\":\"45950\",\"bis\":\"45969\"},{\"von\":\"46000\",\"bis\":\"46149\"},{\"von\":\"46200\",\"bis\":\"46289\"},{\"von\":\"46420\",\"bis\":\"46569\"},{\"von\":\"47000\",\"bis\":\"47279\"},{\"von\":\"47400\",\"bis\":\"47669\"},{\"von\":\"47700\",\"bis\":\"47929\"},{\"von\":\"50100\",\"bis\":\"50189\"},{\"von\":\"50200\",\"bis\":\"50259\"},{\"von\":\"50300\",\"bis\":\"50389\"},{\"von\":\"50440\",\"bis\":\"50999\"},{\"von\":\"52000\",\"bis\":\"52159\"},{\"von\":\"52200\",\"bis\":\"52249\"},{\"von\":\"52300\",\"bis\":\"52539\"}]'>\r\n                                        <h3>Vertriebsau\u00dfendienst<\/h3>\r\n                                                            <p>\r\n                                                    Herr Torsten Emde<br>\r\n                                                                                                42549 Velbert                    <\/p>\r\n                                                                <p>\r\n                            \r\n                            \r\n                                                            <span class=\"cb-icon cb-icon-mobile\"><a href=\"tel:+491757227924\">+491757227924<\/a><\/span>\r\n                                                    <\/p>\r\n                                                                <p>\r\n                                                            <span class=\"cb-icon cb-icon-email\"><a href=\"mailto:torsten.emde@efaflex.com\">torsten.emde@efaflex.com<\/a><\/span>\r\n                                                                                <\/p>\r\n                                                        <\/div>\r\n                    \r\n                            <div class=\"flex-box-thirty standort_plz\" data-id=\"9652\"data-postal='[{\"von\":\"42000\",\"bis\":\"42499\"},{\"von\":\"42600\",\"bis\":\"42929\"},{\"von\":\"44000\",\"bis\":\"44389\"},{\"von\":\"44500\",\"bis\":\"44589\"},{\"von\":\"44598\",\"bis\":\"44659\"},{\"von\":\"44700\",\"bis\":\"44899\"},{\"von\":\"45501\",\"bis\":\"45549\"},{\"von\":\"51000\",\"bis\":\"51149\"},{\"von\":\"51300\",\"bis\":\"51519\"},{\"von\":\"57400\",\"bis\":\"57439\"},{\"von\":\"51600\",\"bis\":\"51709\"},{\"von\":\"51750\",\"bis\":\"51789\"},{\"von\":\"58000\",\"bis\":\"58339\"},{\"von\":\"58400\",\"bis\":\"58849\"},{\"von\":\"59000\",\"bis\":\"59229\"},{\"von\":\"59240\",\"bis\":\"59329\"},{\"von\":\"59400\",\"bis\":\"59469\"},{\"von\":\"59470\",\"bis\":\"59609\"},{\"von\":\"59700\",\"bis\":\"59889\"},{\"von\":\"59900\",\"bis\":\"59969\"}]'>\r\n                                        <h3>Vertriebsau\u00dfendienst<\/h3>\r\n                                                            <p>\r\n                                                    Herr Henning Krause<br>\r\n                                                                                                44791 Bochum                    <\/p>\r\n                                                                <p>\r\n                            \r\n                            \r\n                                                            <span class=\"cb-icon cb-icon-mobile\"><a href=\"tel:+491702234468\">+491702234468<\/a><\/span>\r\n                                                    <\/p>\r\n                                                                <p>\r\n                                                            <span class=\"cb-icon cb-icon-email\"><a href=\"mailto:henning.krause@efaflex.com\">henning.krause@efaflex.com<\/a><\/span>\r\n                                                                                <\/p>\r\n                                                        <\/div>\r\n                    \r\n                            <div class=\"flex-box-thirty standort_plz\" data-id=\"9653\"data-postal='[{\"von\":\"54200\",\"bis\":\"54349\"},{\"von\":\"54400\",\"bis\":\"54499\"},{\"von\":\"55380\",\"bis\":\"55629\"},{\"von\":\"55700\",\"bis\":\"55779\"},{\"von\":\"66000\",\"bis\":\"66999\"},{\"von\":\"67000\",\"bis\":\"67169\"},{\"von\":\"67200\",\"bis\":\"67379\"},{\"von\":\"67400\",\"bis\":\"67489\"},{\"von\":\"67600\",\"bis\":\"67759\"},{\"von\":\"67800\",\"bis\":\"67829\"},{\"von\":\"68000\",\"bis\":\"68549\"},{\"von\":\"68700\",\"bis\":\"68809\"},{\"von\":\"69000\",\"bis\":\"69259\"},{\"von\":\"69400\",\"bis\":\"69519\"},{\"von\":\"74800\",\"bis\":\"74939\"}]'>\r\n                                        <h3>Vertriebsau\u00dfendienst<\/h3>\r\n                                                            <p>\r\n                                                    Herr Serdal Koccu<br>\r\n                                                                                                76726 Germersheim                    <\/p>\r\n                                                                <p>\r\n                            \r\n                            \r\n                                                            <span class=\"cb-icon cb-icon-mobile\"><a href=\"tel:+491703731801\">+491703731801<\/a><\/span>\r\n                                                    <\/p>\r\n                                                                <p>\r\n                                                            <span class=\"cb-icon cb-icon-email\"><a href=\"mailto:serdal.koccu@efaflex.com\">serdal.koccu@efaflex.com<\/a><\/span>\r\n                                                                                <\/p>\r\n                                                        <\/div>\r\n                    \r\n                            <div class=\"flex-box-thirty standort_plz\" data-id=\"9654\"data-postal='[{\"von\":\"34520\",\"bis\":\"34639\"},{\"von\":\"35000\",\"bis\":\"35119\"},{\"von\":\"35250\",\"bis\":\"35289\"},{\"von\":\"35300\",\"bis\":\"35469\"},{\"von\":\"35500\",\"bis\":\"35649\"},{\"von\":\"36000\",\"bis\":\"36399\"},{\"von\":\"37200\",\"bis\":\"37299\"},{\"von\":\"55000\",\"bis\":\"55299\"},{\"von\":\"60000\",\"bis\":\"60599\"},{\"von\":\"61100\",\"bis\":\"61389\"},{\"von\":\"61400\",\"bis\":\"61479\"},{\"von\":\"63000\",\"bis\":\"63179\"},{\"von\":\"63200\",\"bis\":\"63329\"},{\"von\":\"63400\",\"bis\":\"63549\"},{\"von\":\"63550\",\"bis\":\"63599\"},{\"von\":\"63600\",\"bis\":\"63639\"},{\"von\":\"63640\",\"bis\":\"63699\"},{\"von\":\"63700\",\"bis\":\"63939\"},{\"von\":\"64200\",\"bis\":\"64409\"},{\"von\":\"64500\",\"bis\":\"64589\"},{\"von\":\"64600\",\"bis\":\"64689\"},{\"von\":\"64700\",\"bis\":\"64759\"},{\"von\":\"64800\",\"bis\":\"64859\"},{\"von\":\"65000\",\"bis\":\"65239\"},{\"von\":\"65300\",\"bis\":\"65479\"},{\"von\":\"65500\",\"bis\":\"65529\"},{\"von\":\"65700\",\"bis\":\"65939\"},{\"von\":\"67500\",\"bis\":\"67599\"},{\"von\":\"68600\",\"bis\":\"68649\"}]'>\r\n                                        <h3>Vertriebsau\u00dfendienst<\/h3>\r\n                                                            <p>\r\n                                                    Herr Dipl. Ing. Wolfgang Rauch<br>\r\n                                                                                                65474 Bischofsheim                    <\/p>\r\n                                                                <p>\r\n                            \r\n                            \r\n                                                            <span class=\"cb-icon cb-icon-mobile\"><a href=\"tel:+491716857715\">+491716857715<\/a><\/span>\r\n                                                    <\/p>\r\n                                                                <p>\r\n                                                            <span class=\"cb-icon cb-icon-email\"><a href=\"mailto:wolfgang.rauch@efaflex.com\">wolfgang.rauch@efaflex.com<\/a><\/span>\r\n                                                                                <\/p>\r\n                                                        <\/div>\r\n                    \r\n                            <div class=\"flex-box-thirty standort_plz\" data-id=\"9655\"data-postal='[{\"von\":\"72300\",\"bis\":\"72369\"},{\"von\":\"72420\",\"bis\":\"72539\"},{\"von\":\"78000\",\"bis\":\"78089\"},{\"von\":\"78150\",\"bis\":\"78199\"},{\"von\":\"78200\",\"bis\":\"78269\"},{\"von\":\"78300\",\"bis\":\"78359\"},{\"von\":\"78400\",\"bis\":\"78479\"},{\"von\":\"78500\",\"bis\":\"78669\"},{\"von\":\"88000\",\"bis\":\"88099\"},{\"von\":\"88180\",\"bis\":\"88289\"},{\"von\":\"88320\",\"bis\":\"88529\"},{\"von\":\"88600\",\"bis\":\"88719\"},{\"von\":\"89000\",\"bis\":\"89199\"},{\"von\":\"89500\",\"bis\":\"89619\"}]'>\r\n                                        <h3>Vertriebsau\u00dfendienst<\/h3>\r\n                                                            <p>\r\n                                                    Herr Benjamin Laub<br>\r\n                                                                                                72810 Gomaringen                    <\/p>\r\n                                                                <p>\r\n                            \r\n                            \r\n                                                            <span class=\"cb-icon cb-icon-mobile\"><a href=\"tel:+491703702441\">+491703702441<\/a><\/span>\r\n                                                    <\/p>\r\n                                                                <p>\r\n                                                            <span class=\"cb-icon cb-icon-email\"><a href=\"mailto:benjamin.laub@efaflex.com\">benjamin.laub@efaflex.com<\/a><\/span>\r\n                                                                                <\/p>\r\n                                                        <\/div>\r\n                    \r\n                            <div class=\"flex-box-thirty standort_plz\" data-id=\"9558\"data-postal='[{\"von\":\"29200\",\"bis\":\"29419\"},{\"von\":\"29650\",\"bis\":\"29699\"},{\"von\":\"31000\",\"bis\":\"31319\"},{\"von\":\"37000\",\"bis\":\"37199\"},{\"von\":\"37400\",\"bis\":\"37449\"},{\"von\":\"37500\",\"bis\":\"37589\"},{\"von\":\"38000\",\"bis\":\"38179\"},{\"von\":\"38200\",\"bis\":\"38389\"},{\"von\":\"38400\",\"bis\":\"38489\"},{\"von\":\"38500\",\"bis\":\"38559\"},{\"von\":\"38600\",\"bis\":\"38729\"},{\"von\":\"38800\",\"bis\":\"38899\"},{\"von\":\"39000\",\"bis\":\"39139\"},{\"von\":\"39150\",\"bis\":\"39179\"},{\"von\":\"39200\",\"bis\":\"39279\"},{\"von\":\"39280\",\"bis\":\"39399\"},{\"von\":\"39400\",\"bis\":\"39449\"},{\"von\":\"39510\",\"bis\":\"39539\"},{\"von\":\"39550\",\"bis\":\"39649\"}]'>\r\n                                        <h3>Vertriebsau\u00dfendienst<\/h3>\r\n                                                            <p>\r\n                                                    Herr Lars Barthel<br>\r\n                                                                                                39279 Leitzkau                    <\/p>\r\n                                                                <p>\r\n                            \r\n                            \r\n                                                            <span class=\"cb-icon cb-icon-mobile\"><a href=\"tel:+491752093170\">+491752093170<\/a><\/span>\r\n                                                    <\/p>\r\n                                                                <p>\r\n                                                            <span class=\"cb-icon cb-icon-email\"><a href=\"mailto:lars.barthel@efaflex.com\">lars.barthel@efaflex.com<\/a><\/span>\r\n                                                                                <\/p>\r\n                                                        <\/div>\r\n                    \r\n                            <div class=\"flex-box-thirty standort_plz\" data-id=\"9559\"data-postal='[{\"von\":\"30000\",\"bis\":\"30989\"},{\"von\":\"31500\",\"bis\":\"31869\"},{\"von\":\"34000\",\"bis\":\"34399\"},{\"von\":\"34440\",\"bis\":\"34519\"},{\"von\":\"37590\",\"bis\":\"37649\"},{\"von\":\"32000\",\"bis\":\"32139\"},{\"von\":\"32210\",\"bis\":\"32289\"},{\"von\":\"32370\",\"bis\":\"32479\"},{\"von\":\"32500\",\"bis\":\"32609\"},{\"von\":\"32630\",\"bis\":\"32839\"},{\"von\":\"33000\",\"bis\":\"33039\"},{\"von\":\"33040\",\"bis\":\"33189\"},{\"von\":\"33240\",\"bis\":\"33449\"},{\"von\":\"33500\",\"bis\":\"33829\"},{\"von\":\"34400\",\"bis\":\"34439\"},{\"von\":\"37650\",\"bis\":\"37699\"}]'>\r\n                                        <h3>Vertriebsau\u00dfendienst<\/h3>\r\n                                                            <p>\r\n                                                    Herr Martin Beinlich<br>\r\n                                                                                                49124 Georgsmarienh\u00fctte                    <\/p>\r\n                                                                <p>\r\n                            \r\n                            \r\n                                                            <span class=\"cb-icon cb-icon-mobile\"><a href=\"tel:+491703757541\">+491703757541<\/a><\/span>\r\n                                                    <\/p>\r\n                                                                <p>\r\n                                                            <span class=\"cb-icon cb-icon-email\"><a href=\"mailto:martin.beinlich@efaflex.com\">martin.beinlich@efaflex.com<\/a><\/span>\r\n                                                                                <\/p>\r\n                                                        <\/div>\r\n                    \r\n                            <div class=\"flex-box-thirty standort_plz\" data-id=\"9560\"data-postal='[{\"von\":\"91000\",\"bis\":\"91099\"},{\"von\":\"91250\",\"bis\":\"91369\"},{\"von\":\"95000\",\"bis\":\"95239\"},{\"von\":\"95300\",\"bis\":\"95369\"},{\"von\":\"95400\",\"bis\":\"95519\"},{\"von\":\"95600\",\"bis\":\"95709\"},{\"von\":\"96000\",\"bis\":\"96279\"},{\"von\":\"96300\",\"bis\":\"96369\"},{\"von\":\"96400\",\"bis\":\"96489\"},{\"von\":\"97000\",\"bis\":\"97359\"},{\"von\":\"97400\",\"bis\":\"97539\"},{\"von\":\"97600\",\"bis\":\"97859\"}]'>\r\n                                        <h3>Vertriebsau\u00dfendienst<\/h3>\r\n                                                            <p>\r\n                                                    Herr Marcel Martin<br>\r\n                                                                                                97631 Bad K\u00f6nigshofen                    <\/p>\r\n                                                                <p>\r\n                            \r\n                            \r\n                                                            <span class=\"cb-icon cb-icon-mobile\"><a href=\"tel:+4916094475829\">+4916094475829<\/a><\/span>\r\n                                                    <\/p>\r\n                                                                <p>\r\n                                                            <span class=\"cb-icon cb-icon-email\"><a href=\"mailto:marcel.martin@efaflex.com\">marcel.martin@efaflex.com<\/a><\/span>\r\n                                                                                <\/p>\r\n                                                        <\/div>\r\n                    \r\n                            <div class=\"flex-box-thirty standort_plz\" data-id=\"19794\"data-postal='[{\"von\":\"84000\",\"bis\":\"84189\"},{\"von\":\"84323\",\"bis\":\"84323\"},{\"von\":\"85000\",\"bis\":\"85044\"},{\"von\":\"85046\",\"bis\":\"85139\"},{\"von\":\"85260\",\"bis\":\"85469\"},{\"von\":\"93000\",\"bis\":\"93083\"},{\"von\":\"93087\",\"bis\":\"93089\"},{\"von\":\"93092\",\"bis\":\"93098\"},{\"von\":\"93101\",\"bis\":\"93101\"},{\"von\":\"93105\",\"bis\":\"93107\"},{\"von\":\"93120\",\"bis\":\"93164\"},{\"von\":\"93170\",\"bis\":\"93176\"},{\"von\":\"93180\",\"bis\":\"93183\"},{\"von\":\"93186\",\"bis\":\"93188\"},{\"von\":\"93195\",\"bis\":\"93197\"},{\"von\":\"93300\",\"bis\":\"93359\"},{\"von\":\"80788\",\"bis\":\"80788\"},{\"von\":\"94342\",\"bis\":\"94342\"}]'>\r\n                                        <h3>Vertriebsau\u00dfendienst<\/h3>\r\n                                                            <p>\r\n                                                    Herr Dominik Rompf<br>\r\n                                                                                                84435 Lengdorf                    <\/p>\r\n                                                                <p>\r\n                            \r\n                            \r\n                                                            <span class=\"cb-icon cb-icon-mobile\"><a href=\"tel:+491703702471\">+491703702471<\/a><\/span>\r\n                                                    <\/p>\r\n                                                                <p>\r\n                                                            <span class=\"cb-icon cb-icon-email\"><a href=\"mailto:dominik.rompf@efaflex.com\">dominik.rompf@efaflex.com<\/a><\/span>\r\n                                                                                <\/p>\r\n                                                        <\/div>\r\n                    \r\n                            <div class=\"flex-box-thirty standort_plz\" data-id=\"9634\"data-postal='[{\"von\":\"10000\",\"bis\":\"10999\"},{\"von\":\"12000\",\"bis\":\"12689\"},{\"von\":\"13000\",\"bis\":\"13629\"},{\"von\":\"14000\",\"bis\":\"14199\"},{\"von\":\"14400\",\"bis\":\"14559\"},{\"von\":\"14600\",\"bis\":\"14669\"},{\"von\":\"14700\",\"bis\":\"14799\"},{\"von\":\"14800\",\"bis\":\"14829\"},{\"von\":\"14900\",\"bis\":\"14929\"},{\"von\":\"14930\",\"bis\":\"14979\"},{\"von\":\"15200\",\"bis\":\"15379\"},{\"von\":\"15500\",\"bis\":\"15569\"},{\"von\":\"15700\",\"bis\":\"15759\"},{\"von\":\"15800\",\"bis\":\"15899\"},{\"von\":\"15900\",\"bis\":\"15939\"},{\"von\":\"16200\",\"bis\":\"16359\"},{\"von\":\"16500\",\"bis\":\"16569\"},{\"von\":\"16720\",\"bis\":\"16869\"},{\"von\":\"16900\",\"bis\":\"16949\"},{\"von\":\"17000\",\"bis\":\"17509\"},{\"von\":\"18000\",\"bis\":\"18379\"},{\"von\":\"18400\",\"bis\":\"18469\"},{\"von\":\"18500\",\"bis\":\"18609\"}]'>\r\n                                        <h3>Vertriebsau\u00dfendienst<\/h3>\r\n                                                            <p>\r\n                                                    Herr Torsten Anders<br>\r\n                                                                                                15834 Rangsdorf                    <\/p>\r\n                                                                <p>\r\n                            \r\n                            \r\n                                                            <span class=\"cb-icon cb-icon-mobile\"><a href=\"tel:+491607038305\">+491607038305<\/a><\/span>\r\n                                                    <\/p>\r\n                                                                <p>\r\n                                                            <span class=\"cb-icon cb-icon-email\"><a href=\"mailto:torsten.anders@efaflex.com\">torsten.anders@efaflex.com<\/a><\/span>\r\n                                                                                <\/p>\r\n                                                        <\/div>\r\n                    \r\n                    \r\n                    \r\n                    \r\n                    \r\n                    \r\n                    \r\n                    \r\n                    \r\n                    \r\n                    \r\n                    \r\n                    \r\n                    \r\n                    \r\n                    \r\n                    \r\n                    \r\n                    \r\n                    \r\n                    \r\n                    \r\n                    \r\n                    \r\n                    \r\n                    \r\n                    \r\n                    \r\n                    \r\n                    \r\n                    \r\n                    \r\n                    \r\n                    \r\n                    \r\n                    \r\n                    \r\n                    \r\n                            <div class=\"flex-box-thirty standort_plz\" data-id=\"9561\"data-postal='[{\"von\":\"26000\",\"bis\":\"26219\"},{\"von\":\"26300\",\"bis\":\"26969\"},{\"von\":\"27200\",\"bis\":\"27449\"},{\"von\":\"27450\",\"bis\":\"27499\"},{\"von\":\"27500\",\"bis\":\"27639\"},{\"von\":\"27700\",\"bis\":\"27809\"},{\"von\":\"28000\",\"bis\":\"28359\"},{\"von\":\"28700\",\"bis\":\"28879\"},{\"von\":\"32290\",\"bis\":\"32369\"},{\"von\":\"46300\",\"bis\":\"46419\"},{\"von\":\"48000\",\"bis\":\"48369\"},{\"von\":\"48400\",\"bis\":\"48739\"},{\"von\":\"49000\",\"bis\":\"49219\"},{\"von\":\"49300\",\"bis\":\"49329\"},{\"von\":\"49340\",\"bis\":\"49849\"},{\"von\":\"59330\",\"bis\":\"59399\"}]'>\r\n                                        <h3>EFAFLEX Werksvertretung<\/h3>\r\n                                                            <p>\r\n                                                    Herr Dipl.-Wirt. Ing. (FH) Stefan K\u00f6nig<br>\r\n                                                                                                    Otto K\u00f6nig GmbH<br>\r\n                                                48431 Rheine                    <\/p>\r\n                                                                <p>\r\n                            \r\n                            \r\n                                                            <span class=\"cb-icon cb-icon-mobile\"><a href=\"tel:+491715342645\">+491715342645<\/a><\/span>\r\n                                                    <\/p>\r\n                                                                <p>\r\n                                                            <span class=\"cb-icon cb-icon-email\"><a href=\"mailto:info@ottokoenig.de\">info@ottokoenig.de<\/a><\/span>\r\n                                                                                <\/p>\r\n                                                        <\/div>\r\n                    \r\n                    \r\n                    \r\n                    \r\n                    \r\n                    \r\n                    \r\n                    \r\n                    \r\n                    \r\n                    \r\n                    \r\n                    \r\n                    \r\n                    \r\n                    \r\n                    \r\n                    \r\n                    \r\n                    \r\n                    \r\n                    \r\n                    \r\n                    \r\n                    \r\n                    \r\n                    \r\n                    \r\n                    \r\n                    \r\n                    \r\n                    \r\n                    \r\n                    \r\n                    \r\n                    \r\n                    \r\n                    \r\n                    \r\n                    \r\n                    \r\n                    \r\n                    \r\n                    \r\n                    \r\n                    \r\n                    \r\n                    \r\n                    \r\n                    \r\n                    \r\n                    \r\n                    \r\n                    \r\n                    \r\n                    \r\n                    \r\n                        <\/div>\r\n<\/div>\r\n\n\n\n<div style=\"height:200px\" aria-hidden=\"true\" class=\"wp-block-spacer\"><\/div>\n\n\n\r\n    <div class=\"inner\">\r\n        <div  class=\"dan_akkordeon block_49e6698f793e93581e88e97182f3dd37\">\r\n            <h2>H\u00e4ufige Fragen zu Falttoren<\/h2>\r\n                            <div class=\"dan_akkordeon_wrapper\">\r\n                    <div class=\"dan_akkordeon_wrapper--header\">\r\n                        <div class=\"content--title\">\r\n                            Was sind Falttore?                            <img decoding=\"async\" class=\"dan_akkordeon_wrapper--open\" src=\"https:\/\/www.efaflex.com\/wp-content\/themes\/efaflex\/assets\/img\/after-button-arrows.svg\" alt=\"Open\">\r\n                        <\/div>\r\n                    <\/div>\r\n                    <div class=\"dan_akkordeon_wrapper--content\">\r\n                        <p>Falttore sind mehrfl\u00fcgelige Torl\u00f6sungen, deren Elemente sich seitlich zusammenfalten. Sie ben\u00f6tigen wenig Platz beim \u00d6ffnen und Schlie\u00dfen und lassen sich ideal in Bereichen einsetzen, wo konventionelle Hub- oder Rollmechanismen nicht realisierbar sind. Durch ihre robuste Bauweise eignen sie sich f\u00fcr intensive Nutzung im gewerblichen und industriellen Umfeld.<\/p>\n                                            <\/div>\r\n                <\/div>\r\n                            <div class=\"dan_akkordeon_wrapper\">\r\n                    <div class=\"dan_akkordeon_wrapper--header\">\r\n                        <div class=\"content--title\">\r\n                            Wie viel kosten Falttore?                            <img decoding=\"async\" class=\"dan_akkordeon_wrapper--open\" src=\"https:\/\/www.efaflex.com\/wp-content\/themes\/efaflex\/assets\/img\/after-button-arrows.svg\" alt=\"Open\">\r\n                        <\/div>\r\n                    <\/div>\r\n                    <div class=\"dan_akkordeon_wrapper--content\">\r\n                        <p>Die Preise f\u00fcr Falttore variieren je nach Gr\u00f6\u00dfe, Ausstattung, Material, Steuerungstechnik sowie individuellen Anforderungen an W\u00e4rmed\u00e4mmung, Sicherheit oder Design. Ob f\u00fcr Bahnindustrie, Feuerwehr oder Parkgarage: Die Falttore werden nach Ma\u00df gefertigt und auf Ihre Einbausituation und Nutzungsfrequenz abgestimmt. Bevor Sie Ihr Falttor kaufen, erstellen wir Ihnen ein passgenaues Angebot, das sowohl Ihre technischen als auch wirtschaftlichen Anforderungen ber\u00fccksichtigt. Nehmen Sie einfach Kontakt mit uns auf. Wir beraten Sie pers\u00f6nlich und transparent.<\/p>\n                                            <\/div>\r\n                <\/div>\r\n                            <div class=\"dan_akkordeon_wrapper\">\r\n                    <div class=\"dan_akkordeon_wrapper--header\">\r\n                        <div class=\"content--title\">\r\n                            Wie unterscheiden sich Falttore von Rolltoren und Spiraltoren?                            <img decoding=\"async\" class=\"dan_akkordeon_wrapper--open\" src=\"https:\/\/www.efaflex.com\/wp-content\/themes\/efaflex\/assets\/img\/after-button-arrows.svg\" alt=\"Open\">\r\n                        <\/div>\r\n                    <\/div>\r\n                    <div class=\"dan_akkordeon_wrapper--content\">\r\n                        <p>Im Gegensatz zu Rolltoren, die sich um eine Welle aufrollen, oder Spiraltoren, deren Lamellen in einer Spirale gef\u00fchrt werden, falten sich Falttore seitlich zusammen. Dadurch entsteht ein besonders platzsparendes \u00d6ffnungsverhalten in der Breite \u2013 ideal f\u00fcr niedrige Sturzh\u00f6hen oder Geb\u00e4ude mit eingeschr\u00e4nktem Deckenraum.<\/p>\n                                            <\/div>\r\n                <\/div>\r\n                            <div class=\"dan_akkordeon_wrapper\">\r\n                    <div class=\"dan_akkordeon_wrapper--header\">\r\n                        <div class=\"content--title\">\r\n                            F\u00fcr welche Einsatzbereiche eignen sich Falttore?                            <img decoding=\"async\" class=\"dan_akkordeon_wrapper--open\" src=\"https:\/\/www.efaflex.com\/wp-content\/themes\/efaflex\/assets\/img\/after-button-arrows.svg\" alt=\"Open\">\r\n                        <\/div>\r\n                    <\/div>\r\n                    <div class=\"dan_akkordeon_wrapper--content\">\r\n                        <p>Falttore kommen \u00fcberall dort zum Einsatz, wo Bedarf an schnellen \u00d6ffnungszyklen, einer hohen Durchfahrtsfrequenz und einem platzsparenden Design besteht. Typischerweise werden Falttore zum Beispiel als Einfahrtstore, Feuerwehrtore oder Hallentore eingesetzt und sind in der Industrie, in der Logistik und in Parkgaragen gefragte L\u00f6sungen. Auf Wunsch k\u00f6nnen bei vorhandenen Oberleitungen passende Torblattausschnitte vorgenommen werden.<\/p>\n                                            <\/div>\r\n                <\/div>\r\n                            <div class=\"dan_akkordeon_wrapper\">\r\n                    <div class=\"dan_akkordeon_wrapper--header\">\r\n                        <div class=\"content--title\">\r\n                            F\u00fcr welche Branchen sind Falttore geeignet?                            <img decoding=\"async\" class=\"dan_akkordeon_wrapper--open\" src=\"https:\/\/www.efaflex.com\/wp-content\/themes\/efaflex\/assets\/img\/after-button-arrows.svg\" alt=\"Open\">\r\n                        <\/div>\r\n                    <\/div>\r\n                    <div class=\"dan_akkordeon_wrapper--content\">\r\n                        <p>Falttore sind besonders f\u00fcr Branchen mit hohem logistischem Durchsatz geeignet \u2013 etwa Industrie und Fertigung, \u00f6ffentliche Einrichtungen wie Feuerwehren oder Rettungsdienste, Verkehrs- und Transportsektor sowie Betreiber von Parksystemen und Tiefgaragenanlagen. Auch in der Entsorgungswirtschaft oder bei Energieversorgern finden sie Anwendung.<\/p>\n                                            <\/div>\r\n                <\/div>\r\n                            <div class=\"dan_akkordeon_wrapper\">\r\n                    <div class=\"dan_akkordeon_wrapper--header\">\r\n                        <div class=\"content--title\">\r\n                            Gibt es Falttore mit W\u00e4rmed\u00e4mmung oder speziellem U-Wert?                            <img decoding=\"async\" class=\"dan_akkordeon_wrapper--open\" src=\"https:\/\/www.efaflex.com\/wp-content\/themes\/efaflex\/assets\/img\/after-button-arrows.svg\" alt=\"Open\">\r\n                        <\/div>\r\n                    <\/div>\r\n                    <div class=\"dan_akkordeon_wrapper--content\">\r\n                        <p>Das Angebot umfasst Falttore mit d\u00e4mmenden Torblattstrukturen, die gezielt zur Reduzierung von W\u00e4rmeverlusten beitragen. Je nach Ausf\u00fchrung lassen sich sehr gute U-Werte realisieren, was insbesondere in beheizten oder klimatisierten Hallen energetische Vorteile bringt.<\/p>\n                                            <\/div>\r\n                <\/div>\r\n                            <div class=\"dan_akkordeon_wrapper\">\r\n                    <div class=\"dan_akkordeon_wrapper--header\">\r\n                        <div class=\"content--title\">\r\n                            K\u00f6nnen Falttore auch in Bestandsbauten nachger\u00fcstet werden?                            <img decoding=\"async\" class=\"dan_akkordeon_wrapper--open\" src=\"https:\/\/www.efaflex.com\/wp-content\/themes\/efaflex\/assets\/img\/after-button-arrows.svg\" alt=\"Open\">\r\n                        <\/div>\r\n                    <\/div>\r\n                    <div class=\"dan_akkordeon_wrapper--content\">\r\n                        <p>Ja, Falttore lassen sich auch in bestehende Geb\u00e4ude integrieren. Dank ma\u00dfgeschneiderter Fertigung und flexibler Montagem\u00f6glichkeiten ist die Nachr\u00fcstung auch bei komplexen Einbausituationen oder begrenzten Platzverh\u00e4ltnissen ohne gro\u00dfe bauliche Ver\u00e4nderungen realisierbar.<\/p>\n                                            <\/div>\r\n                <\/div>\r\n                            <div class=\"dan_akkordeon_wrapper\">\r\n                    <div class=\"dan_akkordeon_wrapper--header\">\r\n                        <div class=\"content--title\">\r\n                            Sind elektrische Falttore auch bei Stromausfall funktionsf\u00e4hig?                            <img decoding=\"async\" class=\"dan_akkordeon_wrapper--open\" src=\"https:\/\/www.efaflex.com\/wp-content\/themes\/efaflex\/assets\/img\/after-button-arrows.svg\" alt=\"Open\">\r\n                        <\/div>\r\n                    <\/div>\r\n                    <div class=\"dan_akkordeon_wrapper--content\">\r\n                        <p>F\u00fcr den Fall eines Stromausfalls bieten die Falttore optionale Notentriegelungs- und Not\u00f6ffnungsfunktionen. Diese stellen sicher, dass das Tor auch ohne Stromzufuhr manuell ge\u00f6ffnet werden kann \u2013 ein entscheidender Vorteil bei sicherheitskritischen Anwendungen wie Feuerwehr oder Rettungsdienst.<\/p>\n                                            <\/div>\r\n                <\/div>\r\n                            <div class=\"dan_akkordeon_wrapper\">\r\n                    <div class=\"dan_akkordeon_wrapper--header\">\r\n                        <div class=\"content--title\">\r\n                            Wie aufw\u00e4ndig ist die Wartung eines Falttors?                            <img decoding=\"async\" class=\"dan_akkordeon_wrapper--open\" src=\"https:\/\/www.efaflex.com\/wp-content\/themes\/efaflex\/assets\/img\/after-button-arrows.svg\" alt=\"Open\">\r\n                        <\/div>\r\n                    <\/div>\r\n                    <div class=\"dan_akkordeon_wrapper--content\">\r\n                        <p>Die Falttore sind auf hohe Lebensdauer und minimale Stillstandzeiten ausgelegt. Dank wartungsoptimierter Konstruktion und langlebiger Komponenten ist der Aufwand f\u00fcr die Wartung der Falttore gering. Zudem steht unser fl\u00e4chendeckendes Servicenetz zur Verf\u00fcgung, das regelm\u00e4\u00dfige Pr\u00fcfungen, Instandhaltung und schnelle Hilfe im Bedarfsfall bietet.<\/p>\n                                            <\/div>\r\n                <\/div>\r\n                            <div class=\"dan_akkordeon_wrapper\">\r\n                    <div class=\"dan_akkordeon_wrapper--header\">\r\n                        <div class=\"content--title\">\r\n                            K\u00f6nnen Falttore individuell an Farb- und Designvorgaben angepasst werden?                            <img decoding=\"async\" class=\"dan_akkordeon_wrapper--open\" src=\"https:\/\/www.efaflex.com\/wp-content\/themes\/efaflex\/assets\/img\/after-button-arrows.svg\" alt=\"Open\">\r\n                        <\/div>\r\n                    <\/div>\r\n                    <div class=\"dan_akkordeon_wrapper--content\">\r\n                        <p>Jede Branche und jedes Unternehmen hat eigene, individuelle Anspr\u00fcche. Deshalb lassen sich die Falttore in verschiedenen Farben, Oberfl\u00e4chen und Ausstattungsvarianten konfigurieren. Ob CI-Farbe, spezielle Beschichtungen oder erg\u00e4nzende Verglasungselemente: Die Gestaltung kann passgenau auf architektonische Vorgaben und Designw\u00fcnsche abgestimmt werden.<\/p>\n                                            <\/div>\r\n                <\/div>\r\n                            <div class=\"dan_akkordeon_wrapper\">\r\n                    <div class=\"dan_akkordeon_wrapper--header\">\r\n                        <div class=\"content--title\">\r\n                            Wie kann ich das passende Falttor f\u00fcr meine Einfahrt oder Halle finden?                            <img decoding=\"async\" class=\"dan_akkordeon_wrapper--open\" src=\"https:\/\/www.efaflex.com\/wp-content\/themes\/efaflex\/assets\/img\/after-button-arrows.svg\" alt=\"Open\">\r\n                        <\/div>\r\n                    <\/div>\r\n                    <div class=\"dan_akkordeon_wrapper--content\">\r\n                        <p>Mit einer individuellen Beratung durch unsere Vertriebsexperten finden Sie schnell das passende Modell f\u00fcr Ihre Anforderungen. Wir analysieren Ihre baulichen Gegebenheiten, Nutzungsszenarien sowie technischen Anforderungen und empfehlen Ihnen die optimale Torl\u00f6sung f\u00fcr Ihre Anwendung.<\/p>\n                                            <\/div>\r\n                <\/div>\r\n                    <\/div>\r\n    <\/div>\r\n    <script type=\"application\/ld+json\">{\"@context\":\"https:\/\/schema.org\",\"@type\":\"FAQPage\",\"mainEntity\":[{\"@type\":\"Question\",\"name\":\"Was sind Falttore?\",\"acceptedAnswer\":{\"@type\":\"Answer\",\"text\":\"Falttore sind mehrfl\u00fcgelige Torl\u00f6sungen, deren Elemente sich seitlich zusammenfalten. Sie ben\u00f6tigen wenig Platz beim \u00d6ffnen und Schlie\u00dfen und lassen sich ideal in Bereichen einsetzen, wo konventionelle Hub- oder Rollmechanismen nicht realisierbar sind. Durch ihre robuste Bauweise eignen sie sich f\u00fcr intensive Nutzung im gewerblichen und industriellen Umfeld.\"}},{\"@type\":\"Question\",\"name\":\"Wie viel kosten Falttore?\",\"acceptedAnswer\":{\"@type\":\"Answer\",\"text\":\"Die Preise f\u00fcr Falttore variieren je nach Gr\u00f6\u00dfe, Ausstattung, Material, Steuerungstechnik sowie individuellen Anforderungen an W\u00e4rmed\u00e4mmung, Sicherheit oder Design. Ob f\u00fcr Bahnindustrie, Feuerwehr oder Parkgarage: Die Falttore werden nach Ma\u00df gefertigt und auf Ihre Einbausituation und Nutzungsfrequenz abgestimmt. Bevor Sie Ihr Falttor kaufen, erstellen wir Ihnen ein passgenaues Angebot, das sowohl Ihre technischen als auch wirtschaftlichen Anforderungen ber\u00fccksichtigt. Nehmen Sie einfach Kontakt mit uns auf. Wir beraten Sie pers\u00f6nlich und transparent.\"}},{\"@type\":\"Question\",\"name\":\"Wie unterscheiden sich Falttore von Rolltoren und Spiraltoren?\",\"acceptedAnswer\":{\"@type\":\"Answer\",\"text\":\"Im Gegensatz zu Rolltoren, die sich um eine Welle aufrollen, oder Spiraltoren, deren Lamellen in einer Spirale gef\u00fchrt werden, falten sich Falttore seitlich zusammen. Dadurch entsteht ein besonders platzsparendes \u00d6ffnungsverhalten in der Breite \u2013 ideal f\u00fcr niedrige Sturzh\u00f6hen oder Geb\u00e4ude mit eingeschr\u00e4nktem Deckenraum.\"}},{\"@type\":\"Question\",\"name\":\"F\u00fcr welche Einsatzbereiche eignen sich Falttore?\",\"acceptedAnswer\":{\"@type\":\"Answer\",\"text\":\"Falttore kommen \u00fcberall dort zum Einsatz, wo Bedarf an schnellen \u00d6ffnungszyklen, einer hohen Durchfahrtsfrequenz und einem platzsparenden Design besteht. Typischerweise werden Falttore zum Beispiel als Einfahrtstore, Feuerwehrtore oder Hallentore eingesetzt und sind in der Industrie, in der Logistik und in Parkgaragen gefragte L\u00f6sungen. Auf Wunsch k\u00f6nnen bei vorhandenen Oberleitungen passende Torblattausschnitte vorgenommen werden.\"}},{\"@type\":\"Question\",\"name\":\"F\u00fcr welche Branchen sind Falttore geeignet?\",\"acceptedAnswer\":{\"@type\":\"Answer\",\"text\":\"Falttore sind besonders f\u00fcr Branchen mit hohem logistischem Durchsatz geeignet \u2013 etwa Industrie und Fertigung, \u00f6ffentliche Einrichtungen wie Feuerwehren oder Rettungsdienste, Verkehrs- und Transportsektor sowie Betreiber von Parksystemen und Tiefgaragenanlagen. Auch in der Entsorgungswirtschaft oder bei Energieversorgern finden sie Anwendung.\"}},{\"@type\":\"Question\",\"name\":\"Gibt es Falttore mit W\u00e4rmed\u00e4mmung oder speziellem U-Wert?\",\"acceptedAnswer\":{\"@type\":\"Answer\",\"text\":\"Das Angebot umfasst Falttore mit d\u00e4mmenden Torblattstrukturen, die gezielt zur Reduzierung von W\u00e4rmeverlusten beitragen. Je nach Ausf\u00fchrung lassen sich sehr gute U-Werte realisieren, was insbesondere in beheizten oder klimatisierten Hallen energetische Vorteile bringt.\"}},{\"@type\":\"Question\",\"name\":\"K\u00f6nnen Falttore auch in Bestandsbauten nachger\u00fcstet werden?\",\"acceptedAnswer\":{\"@type\":\"Answer\",\"text\":\"Ja, Falttore lassen sich auch in bestehende Geb\u00e4ude integrieren. Dank ma\u00dfgeschneiderter Fertigung und flexibler Montagem\u00f6glichkeiten ist die Nachr\u00fcstung auch bei komplexen Einbausituationen oder begrenzten Platzverh\u00e4ltnissen ohne gro\u00dfe bauliche Ver\u00e4nderungen realisierbar.\"}},{\"@type\":\"Question\",\"name\":\"Sind elektrische Falttore auch bei Stromausfall funktionsf\u00e4hig?\",\"acceptedAnswer\":{\"@type\":\"Answer\",\"text\":\"F\u00fcr den Fall eines Stromausfalls bieten die Falttore optionale Notentriegelungs- und Not\u00f6ffnungsfunktionen. Diese stellen sicher, dass das Tor auch ohne Stromzufuhr manuell ge\u00f6ffnet werden kann \u2013 ein entscheidender Vorteil bei sicherheitskritischen Anwendungen wie Feuerwehr oder Rettungsdienst.\"}},{\"@type\":\"Question\",\"name\":\"Wie aufw\u00e4ndig ist die Wartung eines Falttors?\",\"acceptedAnswer\":{\"@type\":\"Answer\",\"text\":\"Die Falttore sind auf hohe Lebensdauer und minimale Stillstandzeiten ausgelegt. Dank wartungsoptimierter Konstruktion und langlebiger Komponenten ist der Aufwand f\u00fcr die Wartung der Falttore gering. Zudem steht unser fl\u00e4chendeckendes Servicenetz zur Verf\u00fcgung, das regelm\u00e4\u00dfige Pr\u00fcfungen, Instandhaltung und schnelle Hilfe im Bedarfsfall bietet.\"}},{\"@type\":\"Question\",\"name\":\"K\u00f6nnen Falttore individuell an Farb- und Designvorgaben angepasst werden?\",\"acceptedAnswer\":{\"@type\":\"Answer\",\"text\":\"Jede Branche und jedes Unternehmen hat eigene, individuelle Anspr\u00fcche. Deshalb lassen sich die Falttore in verschiedenen Farben, Oberfl\u00e4chen und Ausstattungsvarianten konfigurieren. Ob CI-Farbe, spezielle Beschichtungen oder erg\u00e4nzende Verglasungselemente: Die Gestaltung kann passgenau auf architektonische Vorgaben und Designw\u00fcnsche abgestimmt werden.\"}},{\"@type\":\"Question\",\"name\":\"Wie kann ich das passende Falttor f\u00fcr meine Einfahrt oder Halle finden?\",\"acceptedAnswer\":{\"@type\":\"Answer\",\"text\":\"Mit einer individuellen Beratung durch unsere Vertriebsexperten finden Sie schnell das passende Modell f\u00fcr Ihre Anforderungen. Wir analysieren Ihre baulichen Gegebenheiten, Nutzungsszenarien sowie technischen Anforderungen und empfehlen Ihnen die optimale Torl\u00f6sung f\u00fcr Ihre Anwendung.\"}}]}<\/script><script type=\"application\/javascript\">\r\n    window.addEventListener('DOMContentLoaded', function() {\r\n        jQuery(document).ready(function($) {\r\n            $(\".block_49e6698f793e93581e88e97182f3dd37\").danAkkordeon({\r\n                \"animate\": true, \/\/ \u00d6ffnet mit Slide Effekt\r\n                \"close\": true, \/\/ Schliesst automatisch das ge\u00f6ffneten Akkordeon bei \u00f6ffnen eines anderen Tabs\r\n                \"focus\": false, \/\/ Scrollt zum ge\u00f6ffnete Akkoredon\r\n                \"offset\": 200 \/\/ Abstand von Top zum ge\u00f6ffneten Akkordeon, Focus muss True sein\r\n            });\r\n        });\r\n    });\r\n<\/script>\r\n\n\n\n<div style=\"height:200px\" aria-hidden=\"true\" class=\"wp-block-spacer\"><\/div>\n\n\n<div class=\"inner\">\r\n    <div id=\"bild-text-modul-1-3-block_a5fb74743e03053e8684986b4c156bbb\" class=\"themen-container custom-flex-box\">\r\n                                    <div class=\"thema-box flex-box-thirty\">\r\n                                            <div class=\"bild-box\">\r\n                                                                                                                    <img decoding=\"async\" width=\"517\" height=\"306\" src=\"https:\/\/www.efaflex.com\/wp-content\/uploads\/2022\/07\/ausschreibungstexte-service-klein-efaflex.jpg\" class=\"attachment-thementease-thumbnail size-thementease-thumbnail\" alt=\"\" srcset=\"https:\/\/www.efaflex.com\/wp-content\/uploads\/2022\/07\/ausschreibungstexte-service-klein-efaflex.jpg 517w, https:\/\/www.efaflex.com\/wp-content\/uploads\/2022\/07\/ausschreibungstexte-service-klein-efaflex-300x178.jpg 300w\" sizes=\"(max-width: 517px) 100vw, 517px\" \/>                                                    <\/div>\r\n                                            \r\n                                                                <h2 class=\"headline-two\">\r\n                                                        Ausschreibungstexte                        <\/h2>\r\n                    \r\n                        <p class=\"normal-font\">Architekten und Planern stellen wir detaillierte Ausschreibungstexte unserer Produkte zur Verf\u00fcgung. Erg\u00e4nzen Sie nur Durchfahrtsh\u00f6he, Durchfahrtsbreite, Farbe oder Motoranordnung.<\/p>\r\n                                                                                                                                                                                                        <a href=\"https:\/\/www.efaflex.com\/de\/service\/ausschreibungstexte\/\" class=\"load-more-button\">Mehr erfahren<\/a>\r\n                                                                                                                                    <\/div>\r\n                            <div class=\"thema-box flex-box-thirty\">\r\n                                            <div class=\"bild-box\">\r\n                                                                                                                    <img decoding=\"async\" width=\"517\" height=\"306\" src=\"https:\/\/www.efaflex.com\/wp-content\/uploads\/2023\/07\/referenzen-schnelllauftor-grau-efaflex-quicklink.jpg\" class=\"attachment-thementease-thumbnail size-thementease-thumbnail\" alt=\"\" srcset=\"https:\/\/www.efaflex.com\/wp-content\/uploads\/2023\/07\/referenzen-schnelllauftor-grau-efaflex-quicklink.jpg 517w, https:\/\/www.efaflex.com\/wp-content\/uploads\/2023\/07\/referenzen-schnelllauftor-grau-efaflex-quicklink-300x178.jpg 300w\" sizes=\"(max-width: 517px) 100vw, 517px\" \/>                                                    <\/div>\r\n                                            \r\n                                                                <h2 class=\"headline-two\">\r\n                                                        Referenzen                        <\/h2>\r\n                    \r\n                        <p class=\"normal-font\">EFAFLEX ist eine weltweit anerkannte Marke nicht nur im Bereich Schnelllauftore. National und international f\u00fchrende Unternehmen aus allen Branchen vertrauen auf unsere Produkte.<\/p>\r\n                                                                                                                                                                                                        <a href=\"https:\/\/www.efaflex.com\/de\/schnelllauftore\/referenzen\/\" class=\"load-more-button\">Mehr erfahren<\/a>\r\n                                                                                                                                    <\/div>\r\n                            <div class=\"thema-box flex-box-thirty\">\r\n                                            <div class=\"bild-box\">\r\n                                                                                                                    <img decoding=\"async\" width=\"517\" height=\"306\" src=\"https:\/\/www.efaflex.com\/wp-content\/uploads\/2022\/07\/Digitales_Tor_Tablet_A3-5-1.jpg\" class=\"attachment-thementease-thumbnail size-thementease-thumbnail\" alt=\"\" srcset=\"https:\/\/www.efaflex.com\/wp-content\/uploads\/2022\/07\/Digitales_Tor_Tablet_A3-5-1.jpg 517w, https:\/\/www.efaflex.com\/wp-content\/uploads\/2022\/07\/Digitales_Tor_Tablet_A3-5-1-300x178.jpg 300w\" sizes=\"(max-width: 517px) 100vw, 517px\" \/>                                                    <\/div>\r\n                                            \r\n                                                                <h2 class=\"headline-two\">\r\n                                                        Kontakt                        <\/h2>\r\n                    \r\n                        <p class=\"normal-font\">Sie erreichen unsere fachkompetenten EFAFLEX Servicemitarbeiter:innen \u00fcber unseren durchgehend besetzten deutschsprachigen Telefonsupport, per E-Mail und nat\u00fcrlich \u00fcber Ihren pers\u00f6nlichen Ansprechpartner vor Ort.<\/p>\r\n                                                                                                                                                                                                        <a href=\"https:\/\/www.efaflex.com\/de\/kontakt\/\" class=\"load-more-button\">Mehr erfahren<\/a>\r\n                                                                                                                                    <\/div>\r\n                        <\/div>\r\n<\/div>\r\n\n\n\n<div style=\"height:100px\" aria-hidden=\"true\" class=\"wp-block-spacer\"><\/div>\n","protected":false},"excerpt":{"rendered":"","protected":false},"author":2,"featured_media":0,"parent":10,"menu_order":22,"comment_status":"closed","ping_status":"closed","template":"","meta":{"_acf_changed":false,"footnotes":""},"categories":[],"tags":[],"class_list":["post-50","page","type-page","status-publish","hentry"],"acf":[],"_links":{"self":[{"href":"https:\/\/www.efaflex.com\/de\/wp-json\/wp\/v2\/pages\/50","targetHints":{"allow":["GET"]}}],"collection":[{"href":"https:\/\/www.efaflex.com\/de\/wp-json\/wp\/v2\/pages"}],"about":[{"href":"https:\/\/www.efaflex.com\/de\/wp-json\/wp\/v2\/types\/page"}],"author":[{"embeddable":true,"href":"https:\/\/www.efaflex.com\/de\/wp-json\/wp\/v2\/users\/2"}],"replies":[{"embeddable":true,"href":"https:\/\/www.efaflex.com\/de\/wp-json\/wp\/v2\/comments?post=50"}],"version-history":[{"count":20,"href":"https:\/\/www.efaflex.com\/de\/wp-json\/wp\/v2\/pages\/50\/revisions"}],"predecessor-version":[{"id":37859,"href":"https:\/\/www.efaflex.com\/de\/wp-json\/wp\/v2\/pages\/50\/revisions\/37859"}],"up":[{"embeddable":true,"href":"https:\/\/www.efaflex.com\/de\/wp-json\/wp\/v2\/pages\/10"}],"wp:attachment":[{"href":"https:\/\/www.efaflex.com\/de\/wp-json\/wp\/v2\/media?parent=50"}],"wp:term":[{"taxonomy":"category","embeddable":true,"href":"https:\/\/www.efaflex.com\/de\/wp-json\/wp\/v2\/categories?post=50"},{"taxonomy":"post_tag","embeddable":true,"href":"https:\/\/www.efaflex.com\/de\/wp-json\/wp\/v2\/tags?post=50"}],"curies":[{"name":"wp","href":"https:\/\/api.w.org\/{rel}","templated":true}]}}