{"id":1352,"date":"2022-06-08T16:48:58","date_gmt":"2022-06-08T14:48:58","guid":{"rendered":"https:\/\/www.efaflex.com\/?post_type=produktdetail&#038;p=1352"},"modified":"2026-02-19T08:49:33","modified_gmt":"2026-02-19T07:49:33","slug":"efa-tronic-tor-steuerung","status":"publish","type":"produktdetail","link":"https:\/\/www.efaflex.com\/de\/peripherie-und-zubehoer\/tor-steuerung\/efa-tronic-tor-steuerung\/","title":{"rendered":"EFA-TRONIC\u00ae Tor-Steuerung"},"content":{"rendered":"\r\n<script type=\"application\/javascript\">\r\n    window.addEventListener('DOMContentLoaded', function() {\r\n        jQuery(document).ready(function($){\r\n            var sliderid = \"block_009ee8a71c1591a582abdef3a24f2eb5\";\r\n            $('#'+sliderid).slick({\r\n                infinite: true,\r\n                dots: false,\r\n                lazyLoad: 'ondemand',\r\n                autoplay: false,\r\n                arrows: true,\r\n                fade: true,\r\n                speed: 500,\r\n                pauseOnHover: false,\r\n                prevArrow: '<div class=\"slick-prev slick-button\"><svg xmlns=\"http:\/\/www.w3.org\/2000\/svg\" viewBox=\"0 0 448 512\"><!--! Font Awesome Pro 6.1.1 by @fontawesome - https:\/\/fontawesome.com License - https:\/\/fontawesome.com\/license (Commercial License) Copyright 2022 Fonticons, Inc. --><path d=\"M77.25 256l137.4-137.4c12.5-12.5 12.5-32.75 0-45.25s-32.75-12.5-45.25 0l-160 160c-12.5 12.5-12.5 32.75 0 45.25l160 160C175.6 444.9 183.8 448 192 448s16.38-3.125 22.62-9.375c12.5-12.5 12.5-32.75 0-45.25L77.25 256zM269.3 256l137.4-137.4c12.5-12.5 12.5-32.75 0-45.25s-32.75-12.5-45.25 0l-160 160c-12.5 12.5-12.5 32.75 0 45.25l160 160C367.6 444.9 375.8 448 384 448s16.38-3.125 22.62-9.375c12.5-12.5 12.5-32.75 0-45.25L269.3 256z\"\/><\/svg><\/div>',\r\n                nextArrow: '<div class=\"slick-next slick-button\"><svg xmlns=\"http:\/\/www.w3.org\/2000\/svg\" viewBox=\"0 0 448 512\"><!--! Font Awesome Pro 6.1.1 by @fontawesome - https:\/\/fontawesome.com License - https:\/\/fontawesome.com\/license (Commercial License) Copyright 2022 Fonticons, Inc. --><path fill=\"ff0000\" style=\"height: 22px\" d=\"M246.6 233.4l-160-160c-12.5-12.5-32.75-12.5-45.25 0s-12.5 32.75 0 45.25L178.8 256l-137.4 137.4c-12.5 12.5-12.5 32.75 0 45.25C47.63 444.9 55.81 448 64 448s16.38-3.125 22.62-9.375l160-160C259.1 266.1 259.1 245.9 246.6 233.4zM438.6 233.4l-160-160c-12.5-12.5-32.75-12.5-45.25 0s-12.5 32.75 0 45.25L370.8 256l-137.4 137.4c-12.5 12.5-12.5 32.75 0 45.25C239.6 444.9 247.8 448 256 448s16.38-3.125 22.62-9.375l160-160C451.1 266.1 451.1 245.9 438.6 233.4z\"\/><\/svg><\/div>',\r\n            });\r\n        });\r\n    });\r\n<\/script>\r\n\r\n<div id=\"block_009ee8a71c1591a582abdef3a24f2eb5\" class=\"bild-video-text-slider block-header-bild-video-text-slider\">\r\n                        <div>\r\n                <div class=\"bild-video-text-slider--slide\">\r\n                                            <div class=\"img-vid-box\">\r\n                            <div class=\"img-sizer\">\r\n                                <img decoding=\"async\" width=\"1246\" height=\"800\" src=\"https:\/\/www.efaflex.com\/wp-content\/uploads\/2022\/07\/peripherie-zubehoer-industrietore-tor-steuerung-produkte-header-efaflex-1246x800.jpg\" class=\"attachment-image-big size-image-big\" alt=\"\" \/>                            <\/div>\r\n                        <\/div>\r\n                        <div class=\"video-text\">\r\n                            <h1><span class=\"highlighted\">EFA-TRONIC\u00ae<\/span> Tor-Steuerung.<\/h1>\n                        <\/div>\r\n                                    <\/div>\r\n\r\n            <\/div>\r\n            <\/div>\n\n\n<div style=\"height:100px\" aria-hidden=\"true\" class=\"wp-block-spacer\"><\/div>\n\n\n\r\n\r\n<div id=\"textmodul-3-spalten-block_7b72fd460d20cc7de140e786d6238e18\" class=\"textmodul-3-spalten\">\r\n    <div class=\"inner\">\r\n        <div class=\"custom-flex-box\">\r\n                            <h2 class=\"flex-box-thirty break headline-two false\">Die innovative Tor-Steuerung.<\/h2>\r\n                        <div class=\"flex-box-thirty\"><p>H\u00f6chste Funktionalit\u00e4t, ein kompaktes Format sowie ein modernes Design kennzeichnen die Steuerung EFA-TRONIC\u00ae, die in einem schwarzen Polycarbonat-Geh\u00e4use untergebracht ist. Zur Grundausstattung geh\u00f6ren Hauptschalter, Folientastatur und ein Vakuum-Fluoreszenz-Display mit Funktions- und Diagnoseanzeige. Serienm\u00e4\u00dfig stehen \u00fcber 20 Eing\u00e4nge sowie u. a. Sicherheitsfunktionen und drei Bussysteme zur Verf\u00fcgung. <\/p>\n<\/div>\r\n            <div class=\"flex-box-thirty\"><p>Dar\u00fcber hinaus bietet EFAFLEX viele Erweiterungen und Anpassungen an. Die EFA-TRONIC\u00ae Tor-Steuerung \u00fcberzeugt durch hohe Langlebigkeit, volle Kompatibilit\u00e4t und gen\u00fcgend Leistungsreserven. Zus\u00e4tzlich ist die Steuerung auch als kompakte Ausf\u00fchrung (EFA-TRONIC\u00ae Light) oder mit robustem Stahlgeh\u00e4use verf\u00fcgbar (EFA-TRONIC\u00ae Professional).<\/p>\n<\/div>\r\n        <\/div>\r\n    <\/div>\r\n<\/div>\r\n\n\n\n<div style=\"height:100px\" aria-hidden=\"true\" class=\"wp-block-spacer\"><\/div>\n\n\n\r\n\r\n<script type=\"application\/javascript\">\r\n    window.addEventListener('DOMContentLoaded', function() {\r\n        jQuery(document).ready(function($){\r\n            $('.slider-produktvergleich').slick({\r\n                infinite: true,\r\n                dots: false,\r\n                lazyLoad: 'ondemand',\r\n                arrows: false,\r\n                fade: true,\r\n                speed: 500,\r\n                pauseOnHover: true,\r\n                asNavFor: '.slider-produktvergleich-nav',\r\n            });\r\n\r\n            $('.slider-produktvergleich-nav').slick({\r\n                infinite: true,\r\n                dots: false,\r\n                lazyLoad: 'ondemand',\r\n                arrows: true,\r\n                fade: false,\r\n                speed: 500,\r\n                pauseOnHover: true,\r\n                asNavFor: '.slider-produktvergleich',\r\n                focusOnSelect: true,\r\n                slidesToShow: 4,\r\n                slidesToScroll: 1,\r\n                swipeToSlide: true,\r\n                prevArrow: '<div class=\"slick-prev slick-button\"><svg xmlns=\"http:\/\/www.w3.org\/2000\/svg\" viewBox=\"0 0 448 512\"><!--! Font Awesome Pro 6.1.1 by @fontawesome - https:\/\/fontawesome.com License - https:\/\/fontawesome.com\/license (Commercial License) Copyright 2022 Fonticons, Inc. --><path d=\"M77.25 256l137.4-137.4c12.5-12.5 12.5-32.75 0-45.25s-32.75-12.5-45.25 0l-160 160c-12.5 12.5-12.5 32.75 0 45.25l160 160C175.6 444.9 183.8 448 192 448s16.38-3.125 22.62-9.375c12.5-12.5 12.5-32.75 0-45.25L77.25 256zM269.3 256l137.4-137.4c12.5-12.5 12.5-32.75 0-45.25s-32.75-12.5-45.25 0l-160 160c-12.5 12.5-12.5 32.75 0 45.25l160 160C367.6 444.9 375.8 448 384 448s16.38-3.125 22.62-9.375c12.5-12.5 12.5-32.75 0-45.25L269.3 256z\"\/><\/svg><\/div>',\r\n                nextArrow: '<div class=\"slick-next slick-button\"><svg xmlns=\"http:\/\/www.w3.org\/2000\/svg\" viewBox=\"0 0 448 512\"><!--! Font Awesome Pro 6.1.1 by @fontawesome - https:\/\/fontawesome.com License - https:\/\/fontawesome.com\/license (Commercial License) Copyright 2022 Fonticons, Inc. --><path fill=\"ff0000\" style=\"height: 22px\" d=\"M246.6 233.4l-160-160c-12.5-12.5-32.75-12.5-45.25 0s-12.5 32.75 0 45.25L178.8 256l-137.4 137.4c-12.5 12.5-12.5 32.75 0 45.25C47.63 444.9 55.81 448 64 448s16.38-3.125 22.62-9.375l160-160C259.1 266.1 259.1 245.9 246.6 233.4zM438.6 233.4l-160-160c-12.5-12.5-32.75-12.5-45.25 0s-12.5 32.75 0 45.25L370.8 256l-137.4 137.4c-12.5 12.5-12.5 32.75 0 45.25C239.6 444.9 247.8 448 256 448s16.38-3.125 22.62-9.375l160-160C451.1 266.1 451.1 245.9 438.6 233.4z\"\/><\/svg><\/div>',\r\n                responsive: [\r\n                    {\r\n                        breakpoint: 768,\r\n                        settings: {\r\n                            slidesToShow: 3,\r\n                        }\r\n                    },\r\n                    {\r\n                        breakpoint: 480,\r\n                        settings: {\r\n                            slidesToShow: 2,\r\n                        }\r\n                    }\r\n                ]\r\n            });\r\n        });\r\n    });\r\n<\/script>\r\n\r\n<div class=\"inner slider-produktvergleich-container\">\r\n    <div class=\"slider-produktvergleich-container--flex\">\r\n        <div id=\"slider-produktvergleich-block_7904739ee6ee18e2969f39024642fb51\" class=\"slider-produktvergleich\">\r\n                                                <div class=\"single-slide\">\r\n                        <div class=\"single-slide-img-area\">\r\n                                                                                                                    <img decoding=\"async\" width=\"1083\" height=\"720\" src=\"https:\/\/www.efaflex.com\/wp-content\/uploads\/2022\/06\/peripherie-zubehoer-industrietore-efa-tronic-tor-steuerung-technik-efaflex-1083x720.jpg\" class=\"attachment-slider-produktvergleich-full size-slider-produktvergleich-full\" alt=\"\" srcset=\"https:\/\/www.efaflex.com\/wp-content\/uploads\/2022\/06\/peripherie-zubehoer-industrietore-efa-tronic-tor-steuerung-technik-efaflex-1083x720.jpg 1083w, https:\/\/www.efaflex.com\/wp-content\/uploads\/2022\/06\/peripherie-zubehoer-industrietore-efa-tronic-tor-steuerung-technik-efaflex-300x200.jpg 300w, https:\/\/www.efaflex.com\/wp-content\/uploads\/2022\/06\/peripherie-zubehoer-industrietore-efa-tronic-tor-steuerung-technik-efaflex-382x254.jpg 382w\" sizes=\"(max-width: 1083px) 100vw, 1083px\" \/>                                                    <\/div>\r\n                    <\/div>\r\n                                    <div class=\"single-slide\">\r\n                        <div class=\"single-slide-img-area\">\r\n                                                                                                                    <img decoding=\"async\" width=\"1083\" height=\"720\" src=\"https:\/\/www.efaflex.com\/wp-content\/uploads\/2022\/06\/peripherie-zubehoer-industrietore-efa-tronic-tor-steuerung-technik-nahaufnahme-efaflex-1083x720.jpg\" class=\"attachment-slider-produktvergleich-full size-slider-produktvergleich-full\" alt=\"\" srcset=\"https:\/\/www.efaflex.com\/wp-content\/uploads\/2022\/06\/peripherie-zubehoer-industrietore-efa-tronic-tor-steuerung-technik-nahaufnahme-efaflex-1083x720.jpg 1083w, https:\/\/www.efaflex.com\/wp-content\/uploads\/2022\/06\/peripherie-zubehoer-industrietore-efa-tronic-tor-steuerung-technik-nahaufnahme-efaflex-300x200.jpg 300w, https:\/\/www.efaflex.com\/wp-content\/uploads\/2022\/06\/peripherie-zubehoer-industrietore-efa-tronic-tor-steuerung-technik-nahaufnahme-efaflex-382x254.jpg 382w\" sizes=\"(max-width: 1083px) 100vw, 1083px\" \/>                                                    <\/div>\r\n                    <\/div>\r\n                                    <\/div>\r\n\r\n        <div class=\"single-slide-text-area\">\r\n            <h2>EFA-TRONIC\u00ae auf einen Blick:<\/h2>\n<ul>\n<li>Kompaktes Design<\/li>\n<li>Robustes Kunststoffgeh\u00e4use<\/li>\n<li>Viele Varianten m\u00f6glich (RAL-Farben, Edelstahl, Hygienic, UL, etc.)<\/li>\n<li>Schutzklasse I\/IP 65<\/li>\n<li>IoT-Modul zur Einbindung von EFA-SmartConnect\u00ae<\/li>\n<\/ul>\n        <\/div>\r\n    <\/div>\r\n\r\n    <div class=\"slider-produktvergleich-nav\">\r\n                                    <div class=\"single-nav-slide\">\r\n                                                            <div class=\"img-box\" style=\"background-image: url('https:\/\/www.efaflex.com\/wp-content\/uploads\/2022\/06\/peripherie-zubehoer-industrietore-efa-tronic-tor-steuerung-technik-efaflex-382x254.jpg')\"><\/div>\r\n                <\/div>\r\n                            <div class=\"single-nav-slide\">\r\n                                                            <div class=\"img-box\" style=\"background-image: url('https:\/\/www.efaflex.com\/wp-content\/uploads\/2022\/06\/peripherie-zubehoer-industrietore-efa-tronic-tor-steuerung-technik-nahaufnahme-efaflex-382x254.jpg')\"><\/div>\r\n                <\/div>\r\n                        <\/div>\r\n<\/div>\n\n\n<div style=\"height:100px\" aria-hidden=\"true\" class=\"wp-block-spacer\"><\/div>\n\n\n\r\n    <div class=\"inner\">\r\n        <div  class=\"dan_akkordeon block_849dd6d9ddc5279fb4c07917245cee86\">\r\n            <h2>Details<\/h2>\r\n                            <div class=\"dan_akkordeon_wrapper\">\r\n                    <div class=\"dan_akkordeon_wrapper--header\">\r\n                        <div class=\"content--title\">\r\n                            Individuelle Gestaltungsm\u00f6glichkeiten.                            <img decoding=\"async\" class=\"dan_akkordeon_wrapper--open\" src=\"https:\/\/www.efaflex.com\/wp-content\/themes\/efaflex\/assets\/img\/after-button-arrows.svg\" alt=\"Open\">\r\n                        <\/div>\r\n                    <\/div>\r\n                    <div class=\"dan_akkordeon_wrapper--content\">\r\n                        <p>Serienm\u00e4\u00dfig liefern wir die Tor-Steuerung EFA-TRONIC\u00ae in einem schwarzen Kunststoffgeh\u00e4use aus. Neben weiteren Varianten in vielen RAL-Farben, bieten wir Ihnen die Steuerung auch im Stahlgeh\u00e4use f\u00fcr rauere Industrie-Umgebungen an (EFA-TRONIC\u00ae Professional).<\/p>\n                                            <\/div>\r\n                <\/div>\r\n                            <div class=\"dan_akkordeon_wrapper\">\r\n                    <div class=\"dan_akkordeon_wrapper--header\">\r\n                        <div class=\"content--title\">\r\n                            Smarte Vernetzung.                            <img decoding=\"async\" class=\"dan_akkordeon_wrapper--open\" src=\"https:\/\/www.efaflex.com\/wp-content\/themes\/efaflex\/assets\/img\/after-button-arrows.svg\" alt=\"Open\">\r\n                        <\/div>\r\n                    <\/div>\r\n                    <div class=\"dan_akkordeon_wrapper--content\">\r\n                        <p>Ab sofort ist auch das IoT-Modul EFA-SmartConnect\u00ae in unsere Tor-Steuerung integrierbar. Die zugeh\u00f6rige EFA-SmartConnect\u00ae App erm\u00f6glicht ein zentrales Monitoring und stellt den Status aller Tore \u00fcbersichtlich und in Echtzeit dar. Mit diesem Modul bietet EFAFLEX die einzigartige IoT-L\u00f6sung f\u00fcr vernetzte Tore.<\/p>\n                                            <\/div>\r\n                <\/div>\r\n                            <div class=\"dan_akkordeon_wrapper\">\r\n                    <div class=\"dan_akkordeon_wrapper--header\">\r\n                        <div class=\"content--title\">\r\n                            Kompaktes Zargenformat.                            <img decoding=\"async\" class=\"dan_akkordeon_wrapper--open\" src=\"https:\/\/www.efaflex.com\/wp-content\/themes\/efaflex\/assets\/img\/after-button-arrows.svg\" alt=\"Open\">\r\n                        <\/div>\r\n                    <\/div>\r\n                    <div class=\"dan_akkordeon_wrapper--content\">\r\n                        <p>Die Kabelverlegung erfolgt (motorseitig) gesch\u00fctzt in der Torzarge. Der Schaltschrank wird CE konform, nach DIN \/ EN und VDE \/ EMV Richtlinien ausgef\u00fchrt.<\/p>\n                                            <\/div>\r\n                <\/div>\r\n                    <\/div>\r\n    <\/div>\r\n    <script type=\"application\/ld+json\">{\"@context\":\"https:\/\/schema.org\",\"@type\":\"ItemList\",\"name\":\"Details\",\"itemListElement\":[{\"@type\":\"ListItem\",\"position\":1,\"name\":\"Individuelle Gestaltungsm\u00f6glichkeiten.\",\"description\":\"Serienm\u00e4\u00dfig liefern wir die Tor-Steuerung EFA-TRONIC\u00ae in einem schwarzen Kunststoffgeh\u00e4use aus. Neben weiteren Varianten in vielen RAL-Farben, bieten wir Ihnen die Steuerung auch im Stahlgeh\u00e4use f\u00fcr rauere Industrie-Umgebungen an (EFA-TRONIC\u00ae Professional).\"},{\"@type\":\"ListItem\",\"position\":2,\"name\":\"Smarte Vernetzung.\",\"description\":\"Ab sofort ist auch das IoT-Modul EFA-SmartConnect\u00ae in unsere Tor-Steuerung integrierbar. Die zugeh\u00f6rige EFA-SmartConnect\u00ae App erm\u00f6glicht ein zentrales Monitoring und stellt den Status aller Tore \u00fcbersichtlich und in Echtzeit dar. Mit diesem Modul bietet EFAFLEX die einzigartige IoT-L\u00f6sung f\u00fcr vernetzte Tore.\"},{\"@type\":\"ListItem\",\"position\":3,\"name\":\"Kompaktes Zargenformat.\",\"description\":\"Die Kabelverlegung erfolgt (motorseitig) gesch\u00fctzt in der Torzarge. Der Schaltschrank wird CE konform, nach DIN \/ EN und VDE \/ EMV Richtlinien ausgef\u00fchrt.\"}]}<\/script><script type=\"application\/javascript\">\r\n    window.addEventListener('DOMContentLoaded', function() {\r\n        jQuery(document).ready(function($) {\r\n            $(\".block_849dd6d9ddc5279fb4c07917245cee86\").danAkkordeon({\r\n                \"animate\": true, \/\/ \u00d6ffnet mit Slide Effekt\r\n                \"close\": true, \/\/ Schliesst automatisch das ge\u00f6ffneten Akkordeon bei \u00f6ffnen eines anderen Tabs\r\n                \"focus\": false, \/\/ Scrollt zum ge\u00f6ffnete Akkoredon\r\n                \"offset\": 200 \/\/ Abstand von Top zum ge\u00f6ffneten Akkordeon, Focus muss True sein\r\n            });\r\n        });\r\n    });\r\n<\/script>\r\n\n\n\n<div style=\"height:100px\" aria-hidden=\"true\" class=\"wp-block-spacer\"><\/div>\n\n\n<div id=\"contact-modul-block_b0cba23bedefeae1ed4ef68c221df68b\" class=\"contact-modul contact-modul-thirty\">\r\n    <div class=\"inner\">\r\n        <div class=\"custom-flex-box\">\r\n            <div class=\"flex-box-thirty\">\r\n                                                            <h2>Haben Sie noch<br \/>\r\nFragen?<\/h2>\r\n                                                                        <\/div>\r\n            <div class=\"flex-box-thirty contact-modul--contact\">\r\n                                                            <span>Nehmen Sie Kontakt auf.<\/span>\r\n                        <p>Wir sind f\u00fcr Sie da!<\/p>\r\n                                                                            <a class=\"load-more-button\" href=\"https:\/\/www.efaflex.com\/de\/kontakt\/\" target=\"\">Zum Online-Kontaktformular<\/a>\r\n                                                                        <\/div>\r\n        <\/div>\r\n    <\/div>\r\n<\/div>\n\n\n<div style=\"height:100px\" aria-hidden=\"true\" class=\"wp-block-spacer\"><\/div>\n\n\n\r\n\r\n<div id=\"bild-text-modul-rechts-zweizeilig-block_74dab0323103930295d8cfdd39b03142\" class=\"bild-text-modul-zweizeilig-container\">\r\n            \r\n\r\n\r\n            \r\n                                    \r\n                            <div class=\"bild-text-modul-rechts-zweizeilig bild-text-modul-zweizeilig\">\r\n                                <div class=\"custom-flex-box-no-margin\">\r\n                                    <div class=\"flex-box-fifty-no-margin text-container\">\r\n                                        <div class=\"text-container-flex\">\r\n                                            <div class=\"text-inner\">\r\n\r\n                                                                                                                                                            <div class=\"text-left-border\">\r\n                                                            <div class=\"text-cut\">\r\n                                                                                                                                    <span>Service<\/span>\r\n                                                                \r\n                                                                                                                                    <h3 class=\"headline-two medium-h2\">Wir setzen h\u00f6chste Ma\u00dfst\u00e4be f\u00fcr Service.<\/h3>                                                                \r\n<!--                                                                <h2 class=\"medium-h2\">--><!--<\/h2>-->\r\n                                                                <p class=\"normal-font full-text\">Der Kunde steht bei uns an erster Stelle. Deswegen ist guter Service f\u00fcr uns als Premium-Anbieter von Schnelllauftoren selbstverst\u00e4ndlich. Perfekt geschulte Servicemitarbeiter und eigene Servicetechniker mit bestens ausgestatteten Servicefahrzeugen helfen Ihnen schnell, l\u00f6sungsorientiert und zuverl\u00e4ssig weiter. Ob Wartung, Instandhaltung, Reparatur oder Lieferungen von Ersatzteilen: Unser Serviceteam ist weltweit im Einsatz und sorgt daf\u00fcr, dass Ihre Tore jederzeit einsatzbereit bleiben .<\/p>\r\n                                                            <\/div>\r\n                                                            <div class=\"button-box\">\r\n                                                                                                                                                                                                    <a href=\"https:\/\/www.efaflex.com\/de\/service\/\" target=\"\" class=\"load-more-button\">\r\n                                                                        Mehr erfahren                                                                    <\/a>\r\n                                                                                                                            <\/div>\r\n                                                        <\/div>\r\n                                                                                                    \r\n                                            <\/div>\r\n                                        <\/div>\r\n                                    <\/div>\r\n                                    <div class=\"flex-box-fifty-no-margin bild-container\">\r\n                                                                                                                                                                                                                                                                                        <img decoding=\"async\" width=\"1430\" height=\"825\" src=\"https:\/\/www.efaflex.com\/wp-content\/uploads\/2022\/06\/7I2A7292-e1704202834570.jpg\" class=\"attachment-full size-full\" alt=\"\" srcset=\"https:\/\/www.efaflex.com\/wp-content\/uploads\/2022\/06\/7I2A7292-e1704202834570.jpg 1430w, https:\/\/www.efaflex.com\/wp-content\/uploads\/2022\/06\/7I2A7292-e1704202834570-300x173.jpg 300w, https:\/\/www.efaflex.com\/wp-content\/uploads\/2022\/06\/7I2A7292-e1704202834570-768x443.jpg 768w, https:\/\/www.efaflex.com\/wp-content\/uploads\/2022\/06\/7I2A7292-e1704202834570-1024x591.jpg 1024w\" sizes=\"(max-width: 1430px) 100vw, 1430px\" \/>                                                                                                                                                                        <\/div>\r\n                                <\/div>\r\n                            <\/div>\r\n                                    \r\n            \r\n\r\n        \r\n\r\n\r\n    <\/div>\n\n\n<div style=\"height:100px\" aria-hidden=\"true\" class=\"wp-block-spacer\"><\/div>\n\n\n<div class=\"inner\">\r\n    <div id=\"bild-text-modul-1-3-block_f35201b463419136d66c35e28e26e7a8\" class=\"themen-container custom-flex-box\">\r\n                                    <div class=\"thema-box flex-box-thirty\">\r\n                                            <div class=\"bild-box\">\r\n                                                                                                                    <img decoding=\"async\" width=\"517\" height=\"306\" src=\"https:\/\/www.efaflex.com\/wp-content\/uploads\/2023\/07\/referenzen-schnelllauftor-grau-efaflex-quicklink.jpg\" class=\"attachment-thementease-thumbnail size-thementease-thumbnail\" alt=\"\" srcset=\"https:\/\/www.efaflex.com\/wp-content\/uploads\/2023\/07\/referenzen-schnelllauftor-grau-efaflex-quicklink.jpg 517w, https:\/\/www.efaflex.com\/wp-content\/uploads\/2023\/07\/referenzen-schnelllauftor-grau-efaflex-quicklink-300x178.jpg 300w\" sizes=\"(max-width: 517px) 100vw, 517px\" \/>                                                    <\/div>\r\n                                            \r\n                                                                <h2 class=\"headline-two\">\r\n                                                        Referenzen                        <\/h2>\r\n                    \r\n                        <p class=\"normal-font\">EFAFLEX ist eine weltweit anerkannte Marke nicht nur im Bereich Schnelllauftore. National und international f\u00fchrende Unternehmen aus allen Branchen vertrauen auf unsere Produkte.<\/p>\r\n                                                                                                                                                                                                        <a href=\"https:\/\/www.efaflex.com\/de\/schnelllauftore\/referenzen\/\" class=\"load-more-button\">Mehr erfahren<\/a>\r\n                                                                                                                                    <\/div>\r\n                            <div class=\"thema-box flex-box-thirty\">\r\n                                            <div class=\"bild-box\">\r\n                                                                                                                    <img decoding=\"async\" width=\"1920\" height=\"966\" src=\"https:\/\/www.efaflex.com\/wp-content\/uploads\/2022\/07\/ausschreibungstexte-schnelllauftore-efaflex.jpg\" class=\"attachment-thementease-thumbnail size-thementease-thumbnail\" alt=\"\" srcset=\"https:\/\/www.efaflex.com\/wp-content\/uploads\/2022\/07\/ausschreibungstexte-schnelllauftore-efaflex.jpg 1920w, https:\/\/www.efaflex.com\/wp-content\/uploads\/2022\/07\/ausschreibungstexte-schnelllauftore-efaflex-300x151.jpg 300w, https:\/\/www.efaflex.com\/wp-content\/uploads\/2022\/07\/ausschreibungstexte-schnelllauftore-efaflex-768x386.jpg 768w, https:\/\/www.efaflex.com\/wp-content\/uploads\/2022\/07\/ausschreibungstexte-schnelllauftore-efaflex-1024x515.jpg 1024w, https:\/\/www.efaflex.com\/wp-content\/uploads\/2022\/07\/ausschreibungstexte-schnelllauftore-efaflex-1536x773.jpg 1536w\" sizes=\"(max-width: 1920px) 100vw, 1920px\" \/>                                                    <\/div>\r\n                                            \r\n                                                                <h2 class=\"headline-two\">\r\n                                                        Ausschreibungstexte                        <\/h2>\r\n                    \r\n                        <p class=\"normal-font\">Architekten und Planern stellen wir detaillierte Ausschreibungstexte unserer Produkte zur Verf\u00fcgung. Erg\u00e4nzen Sie nur Durchfahrtsh\u00f6he, Durchfahrtsbreite, Farbe oder Motoranordnung.<\/p>\r\n                                                                                                                                                                                                        <a href=\"https:\/\/www.efaflex.com\/de\/service\/architekten-service\/\" class=\"load-more-button\">Mehr erfahren<\/a>\r\n                                                                                                                                    <\/div>\r\n                        <\/div>\r\n<\/div>\r\n\n\n\n<div style=\"height:100px\" aria-hidden=\"true\" class=\"wp-block-spacer\"><\/div>\n","protected":false},"excerpt":{"rendered":"","protected":false},"featured_media":6968,"template":"","produktdetails":[40,98],"produktfinder":[],"cad-bim-finder":[],"class_list":["post-1352","produktdetail","type-produktdetail","status-publish","has-post-thumbnail","hentry","produktdetails-peripherie-zubehoer","produktdetails-tor-steuerung"],"acf":[],"_links":{"self":[{"href":"https:\/\/www.efaflex.com\/de\/wp-json\/wp\/v2\/produktdetail\/1352","targetHints":{"allow":["GET"]}}],"collection":[{"href":"https:\/\/www.efaflex.com\/de\/wp-json\/wp\/v2\/produktdetail"}],"about":[{"href":"https:\/\/www.efaflex.com\/de\/wp-json\/wp\/v2\/types\/produktdetail"}],"version-history":[{"count":8,"href":"https:\/\/www.efaflex.com\/de\/wp-json\/wp\/v2\/produktdetail\/1352\/revisions"}],"predecessor-version":[{"id":37092,"href":"https:\/\/www.efaflex.com\/de\/wp-json\/wp\/v2\/produktdetail\/1352\/revisions\/37092"}],"wp:featuredmedia":[{"embeddable":true,"href":"https:\/\/www.efaflex.com\/de\/wp-json\/wp\/v2\/media\/6968"}],"wp:attachment":[{"href":"https:\/\/www.efaflex.com\/de\/wp-json\/wp\/v2\/media?parent=1352"}],"wp:term":[{"taxonomy":"produktdetails","embeddable":true,"href":"https:\/\/www.efaflex.com\/de\/wp-json\/wp\/v2\/produktdetails?post=1352"},{"taxonomy":"produktfinder","embeddable":true,"href":"https:\/\/www.efaflex.com\/de\/wp-json\/wp\/v2\/produktfinder?post=1352"},{"taxonomy":"cad-bim-finder","embeddable":true,"href":"https:\/\/www.efaflex.com\/de\/wp-json\/wp\/v2\/cad-bim-finder?post=1352"}],"curies":[{"name":"wp","href":"https:\/\/api.w.org\/{rel}","templated":true}]}}