{"id":1353,"date":"2022-06-08T16:49:02","date_gmt":"2022-06-08T14:49:02","guid":{"rendered":"https:\/\/www.efaflex.com\/?post_type=produktdetail&#038;p=1353"},"modified":"2025-07-31T20:39:12","modified_gmt":"2025-07-31T18:39:12","slug":"sensoren-und-melder","status":"publish","type":"produktdetail","link":"https:\/\/www.efaflex.com\/de\/peripherie-und-zubehoer\/sensorik-und-sicherheit\/sensoren-und-melder\/","title":{"rendered":"Sensoren und Melder"},"content":{"rendered":"\r\n<script type=\"application\/javascript\">\r\n    window.addEventListener('DOMContentLoaded', function() {\r\n        jQuery(document).ready(function($){\r\n            var sliderid = \"block_4db84f3a8c759c263c3ea677173cef30\";\r\n            $('#'+sliderid).slick({\r\n                infinite: true,\r\n                dots: false,\r\n                lazyLoad: 'ondemand',\r\n                autoplay: false,\r\n                arrows: true,\r\n                fade: true,\r\n                speed: 500,\r\n                pauseOnHover: false,\r\n                prevArrow: '<div class=\"slick-prev slick-button\"><svg xmlns=\"http:\/\/www.w3.org\/2000\/svg\" viewBox=\"0 0 448 512\"><!--! Font Awesome Pro 6.1.1 by @fontawesome - https:\/\/fontawesome.com License - https:\/\/fontawesome.com\/license (Commercial License) Copyright 2022 Fonticons, Inc. --><path d=\"M77.25 256l137.4-137.4c12.5-12.5 12.5-32.75 0-45.25s-32.75-12.5-45.25 0l-160 160c-12.5 12.5-12.5 32.75 0 45.25l160 160C175.6 444.9 183.8 448 192 448s16.38-3.125 22.62-9.375c12.5-12.5 12.5-32.75 0-45.25L77.25 256zM269.3 256l137.4-137.4c12.5-12.5 12.5-32.75 0-45.25s-32.75-12.5-45.25 0l-160 160c-12.5 12.5-12.5 32.75 0 45.25l160 160C367.6 444.9 375.8 448 384 448s16.38-3.125 22.62-9.375c12.5-12.5 12.5-32.75 0-45.25L269.3 256z\"\/><\/svg><\/div>',\r\n                nextArrow: '<div class=\"slick-next slick-button\"><svg xmlns=\"http:\/\/www.w3.org\/2000\/svg\" viewBox=\"0 0 448 512\"><!--! Font Awesome Pro 6.1.1 by @fontawesome - https:\/\/fontawesome.com License - https:\/\/fontawesome.com\/license (Commercial License) Copyright 2022 Fonticons, Inc. --><path fill=\"ff0000\" style=\"height: 22px\" d=\"M246.6 233.4l-160-160c-12.5-12.5-32.75-12.5-45.25 0s-12.5 32.75 0 45.25L178.8 256l-137.4 137.4c-12.5 12.5-12.5 32.75 0 45.25C47.63 444.9 55.81 448 64 448s16.38-3.125 22.62-9.375l160-160C259.1 266.1 259.1 245.9 246.6 233.4zM438.6 233.4l-160-160c-12.5-12.5-32.75-12.5-45.25 0s-12.5 32.75 0 45.25L370.8 256l-137.4 137.4c-12.5 12.5-12.5 32.75 0 45.25C239.6 444.9 247.8 448 256 448s16.38-3.125 22.62-9.375l160-160C451.1 266.1 451.1 245.9 438.6 233.4z\"\/><\/svg><\/div>',\r\n            });\r\n        });\r\n    });\r\n<\/script>\r\n\r\n<div id=\"block_4db84f3a8c759c263c3ea677173cef30\" class=\"bild-video-text-slider block-header-bild-video-text-slider\">\r\n                        <div>\r\n                <div class=\"bild-video-text-slider--slide\">\r\n                                            <div class=\"img-vid-box\">\r\n                            <div class=\"img-sizer\">\r\n                                <img decoding=\"async\" width=\"1246\" height=\"800\" src=\"https:\/\/www.efaflex.com\/wp-content\/uploads\/2022\/06\/peripherie-zubehoer-industrietore-sensoren-melder-header-efaflex-1246x800.jpg\" class=\"attachment-image-big size-image-big\" alt=\"\" \/>                            <\/div>\r\n                        <\/div>\r\n                        <div class=\"video-text\">\r\n                            <h1>Sensoren und Melder.<\/h1>\n                        <\/div>\r\n                                    <\/div>\r\n\r\n            <\/div>\r\n            <\/div>\n\n\n<div style=\"height:100px\" aria-hidden=\"true\" class=\"wp-block-spacer\"><\/div>\n\n\n\r\n\r\n<div id=\"textmodul-3-spalten-block_dee7c0c26a99ece0b66f1cdc43b5c5ec\" class=\"textmodul-3-spalten\">\r\n    <div class=\"inner\">\r\n        <div class=\"custom-flex-box\">\r\n                            <h2 class=\"flex-box-thirty break headline-two false\">Individuelle und verl\u00e4ssliche Vorfeld\u00fcberwachung.<\/h2>\r\n                        <div class=\"flex-box-thirty\"><p>EFAFLEX bietet Ihnen eine Reihe von unterschiedlichen Systemen, um die Vorfeld\u00fcberwachung ganz individuell auf die jeweiligen Anforderungen anpassen zu k\u00f6nnen. Hier reicht unser Portfolio von bekannten L\u00f6sungen wie Induktionsschleifen, Aktiv-Infrarot-Sensoren oder Radar-Bewegungsmeldern bis zu modernsten, technischen Innovationen, die Radarmelder und Infrarotsensor in einem System intelligent kombinieren und somit die Vorteile beider Technologien nutzen.<\/p>\n<\/div>\r\n            <div class=\"flex-box-thirty\"><\/div>\r\n        <\/div>\r\n    <\/div>\r\n<\/div>\r\n\n\n\n<div style=\"height:100px\" aria-hidden=\"true\" class=\"wp-block-spacer\"><\/div>\n\n\n\r\n\r\n<script type=\"application\/javascript\">\r\n    window.addEventListener('DOMContentLoaded', function() {\r\n        jQuery(document).ready(function($){\r\n            $('.slider-produktvergleich').slick({\r\n                infinite: true,\r\n                dots: false,\r\n                lazyLoad: 'ondemand',\r\n                arrows: false,\r\n                fade: true,\r\n                speed: 500,\r\n                pauseOnHover: true,\r\n                asNavFor: '.slider-produktvergleich-nav',\r\n            });\r\n\r\n            $('.slider-produktvergleich-nav').slick({\r\n                infinite: true,\r\n                dots: false,\r\n                lazyLoad: 'ondemand',\r\n                arrows: true,\r\n                fade: false,\r\n                speed: 500,\r\n                pauseOnHover: true,\r\n                asNavFor: '.slider-produktvergleich',\r\n                focusOnSelect: true,\r\n                slidesToShow: 4,\r\n                slidesToScroll: 1,\r\n                swipeToSlide: true,\r\n                prevArrow: '<div class=\"slick-prev slick-button\"><svg xmlns=\"http:\/\/www.w3.org\/2000\/svg\" viewBox=\"0 0 448 512\"><!--! Font Awesome Pro 6.1.1 by @fontawesome - https:\/\/fontawesome.com License - https:\/\/fontawesome.com\/license (Commercial License) Copyright 2022 Fonticons, Inc. --><path d=\"M77.25 256l137.4-137.4c12.5-12.5 12.5-32.75 0-45.25s-32.75-12.5-45.25 0l-160 160c-12.5 12.5-12.5 32.75 0 45.25l160 160C175.6 444.9 183.8 448 192 448s16.38-3.125 22.62-9.375c12.5-12.5 12.5-32.75 0-45.25L77.25 256zM269.3 256l137.4-137.4c12.5-12.5 12.5-32.75 0-45.25s-32.75-12.5-45.25 0l-160 160c-12.5 12.5-12.5 32.75 0 45.25l160 160C367.6 444.9 375.8 448 384 448s16.38-3.125 22.62-9.375c12.5-12.5 12.5-32.75 0-45.25L269.3 256z\"\/><\/svg><\/div>',\r\n                nextArrow: '<div class=\"slick-next slick-button\"><svg xmlns=\"http:\/\/www.w3.org\/2000\/svg\" viewBox=\"0 0 448 512\"><!--! Font Awesome Pro 6.1.1 by @fontawesome - https:\/\/fontawesome.com License - https:\/\/fontawesome.com\/license (Commercial License) Copyright 2022 Fonticons, Inc. --><path fill=\"ff0000\" style=\"height: 22px\" d=\"M246.6 233.4l-160-160c-12.5-12.5-32.75-12.5-45.25 0s-12.5 32.75 0 45.25L178.8 256l-137.4 137.4c-12.5 12.5-12.5 32.75 0 45.25C47.63 444.9 55.81 448 64 448s16.38-3.125 22.62-9.375l160-160C259.1 266.1 259.1 245.9 246.6 233.4zM438.6 233.4l-160-160c-12.5-12.5-32.75-12.5-45.25 0s-12.5 32.75 0 45.25L370.8 256l-137.4 137.4c-12.5 12.5-12.5 32.75 0 45.25C239.6 444.9 247.8 448 256 448s16.38-3.125 22.62-9.375l160-160C451.1 266.1 451.1 245.9 438.6 233.4z\"\/><\/svg><\/div>',\r\n                responsive: [\r\n                    {\r\n                        breakpoint: 768,\r\n                        settings: {\r\n                            slidesToShow: 3,\r\n                        }\r\n                    },\r\n                    {\r\n                        breakpoint: 480,\r\n                        settings: {\r\n                            slidesToShow: 2,\r\n                        }\r\n                    }\r\n                ]\r\n            });\r\n        });\r\n    });\r\n<\/script>\r\n\r\n<div class=\"inner slider-produktvergleich-container\">\r\n    <div class=\"slider-produktvergleich-container--flex\">\r\n        <div id=\"slider-produktvergleich-block_cf6f65a9b8123037d8edb6a420ad60ba\" class=\"slider-produktvergleich\">\r\n                                                <div class=\"single-slide\">\r\n                        <div class=\"single-slide-img-area\">\r\n                                                                                                                    <img decoding=\"async\" width=\"1083\" height=\"720\" src=\"https:\/\/www.efaflex.com\/wp-content\/uploads\/2022\/06\/peripherie-zubehoer-industrietore-sensoren-melder-falcon-efaflex-1083x720.jpg\" class=\"attachment-slider-produktvergleich-full size-slider-produktvergleich-full\" alt=\"\" srcset=\"https:\/\/www.efaflex.com\/wp-content\/uploads\/2022\/06\/peripherie-zubehoer-industrietore-sensoren-melder-falcon-efaflex-1083x720.jpg 1083w, https:\/\/www.efaflex.com\/wp-content\/uploads\/2022\/06\/peripherie-zubehoer-industrietore-sensoren-melder-falcon-efaflex-300x200.jpg 300w, https:\/\/www.efaflex.com\/wp-content\/uploads\/2022\/06\/peripherie-zubehoer-industrietore-sensoren-melder-falcon-efaflex-768x512.jpg 768w, https:\/\/www.efaflex.com\/wp-content\/uploads\/2022\/06\/peripherie-zubehoer-industrietore-sensoren-melder-falcon-efaflex-382x254.jpg 382w\" sizes=\"(max-width: 1083px) 100vw, 1083px\" \/>                                                    <\/div>\r\n                    <\/div>\r\n                                    <div class=\"single-slide\">\r\n                        <div class=\"single-slide-img-area\">\r\n                                                                                                                    <img decoding=\"async\" width=\"1083\" height=\"720\" src=\"https:\/\/www.efaflex.com\/wp-content\/uploads\/2022\/06\/peripherie-zubehoer-industrietore-sensoren-melder-ixio-seitliche-ansicht-efaflex-1083x720.jpg\" class=\"attachment-slider-produktvergleich-full size-slider-produktvergleich-full\" alt=\"\" srcset=\"https:\/\/www.efaflex.com\/wp-content\/uploads\/2022\/06\/peripherie-zubehoer-industrietore-sensoren-melder-ixio-seitliche-ansicht-efaflex-1083x720.jpg 1083w, https:\/\/www.efaflex.com\/wp-content\/uploads\/2022\/06\/peripherie-zubehoer-industrietore-sensoren-melder-ixio-seitliche-ansicht-efaflex-300x200.jpg 300w, https:\/\/www.efaflex.com\/wp-content\/uploads\/2022\/06\/peripherie-zubehoer-industrietore-sensoren-melder-ixio-seitliche-ansicht-efaflex-768x512.jpg 768w, https:\/\/www.efaflex.com\/wp-content\/uploads\/2022\/06\/peripherie-zubehoer-industrietore-sensoren-melder-ixio-seitliche-ansicht-efaflex-382x254.jpg 382w\" sizes=\"(max-width: 1083px) 100vw, 1083px\" \/>                                                    <\/div>\r\n                    <\/div>\r\n                                    <div class=\"single-slide\">\r\n                        <div class=\"single-slide-img-area\">\r\n                                                                                                                    <img decoding=\"async\" width=\"1083\" height=\"720\" src=\"https:\/\/www.efaflex.com\/wp-content\/uploads\/2022\/06\/peripherie-zubehoer-industrietore-sensoren-melder-ixio-seitenansicht-efaflex-1083x720.jpg\" class=\"attachment-slider-produktvergleich-full size-slider-produktvergleich-full\" alt=\"\" srcset=\"https:\/\/www.efaflex.com\/wp-content\/uploads\/2022\/06\/peripherie-zubehoer-industrietore-sensoren-melder-ixio-seitenansicht-efaflex-1083x720.jpg 1083w, https:\/\/www.efaflex.com\/wp-content\/uploads\/2022\/06\/peripherie-zubehoer-industrietore-sensoren-melder-ixio-seitenansicht-efaflex-300x200.jpg 300w, https:\/\/www.efaflex.com\/wp-content\/uploads\/2022\/06\/peripherie-zubehoer-industrietore-sensoren-melder-ixio-seitenansicht-efaflex-768x512.jpg 768w, https:\/\/www.efaflex.com\/wp-content\/uploads\/2022\/06\/peripherie-zubehoer-industrietore-sensoren-melder-ixio-seitenansicht-efaflex-382x254.jpg 382w\" sizes=\"(max-width: 1083px) 100vw, 1083px\" \/>                                                    <\/div>\r\n                    <\/div>\r\n                                    <div class=\"single-slide\">\r\n                        <div class=\"single-slide-img-area\">\r\n                                                                                                                    <img decoding=\"async\" width=\"1083\" height=\"720\" src=\"https:\/\/www.efaflex.com\/wp-content\/uploads\/2022\/06\/peripherie-zubehoer-industrietore-sensoren-melder-ixio-ansicht-oben-efaflex-1083x720.jpg\" class=\"attachment-slider-produktvergleich-full size-slider-produktvergleich-full\" alt=\"\" srcset=\"https:\/\/www.efaflex.com\/wp-content\/uploads\/2022\/06\/peripherie-zubehoer-industrietore-sensoren-melder-ixio-ansicht-oben-efaflex-1083x720.jpg 1083w, https:\/\/www.efaflex.com\/wp-content\/uploads\/2022\/06\/peripherie-zubehoer-industrietore-sensoren-melder-ixio-ansicht-oben-efaflex-300x200.jpg 300w, https:\/\/www.efaflex.com\/wp-content\/uploads\/2022\/06\/peripherie-zubehoer-industrietore-sensoren-melder-ixio-ansicht-oben-efaflex-768x512.jpg 768w, https:\/\/www.efaflex.com\/wp-content\/uploads\/2022\/06\/peripherie-zubehoer-industrietore-sensoren-melder-ixio-ansicht-oben-efaflex-382x254.jpg 382w\" sizes=\"(max-width: 1083px) 100vw, 1083px\" \/>                                                    <\/div>\r\n                    <\/div>\r\n                                    <\/div>\r\n\r\n        <div class=\"single-slide-text-area\">\r\n            <h2>Weitere Vorfeld\u00fcberwachung auf einen Blick:<\/h2>\n<ul>\n<li>Induktionsschleifen<\/li>\n<li>Radar-Bewegungsmelder<\/li>\n<li>Aktiv-Infrarot-Sensor<\/li>\n<li>Kombinationstechnologien<\/li>\n<\/ul>\n        <\/div>\r\n    <\/div>\r\n\r\n    <div class=\"slider-produktvergleich-nav\">\r\n                                    <div class=\"single-nav-slide\">\r\n                                                            <div class=\"img-box\" style=\"background-image: url('https:\/\/www.efaflex.com\/wp-content\/uploads\/2022\/06\/peripherie-zubehoer-industrietore-sensoren-melder-falcon-efaflex-382x254.jpg')\"><\/div>\r\n                <\/div>\r\n                            <div class=\"single-nav-slide\">\r\n                                                            <div class=\"img-box\" style=\"background-image: url('https:\/\/www.efaflex.com\/wp-content\/uploads\/2022\/06\/peripherie-zubehoer-industrietore-sensoren-melder-ixio-seitliche-ansicht-efaflex-382x254.jpg')\"><\/div>\r\n                <\/div>\r\n                            <div class=\"single-nav-slide\">\r\n                                                            <div class=\"img-box\" style=\"background-image: url('https:\/\/www.efaflex.com\/wp-content\/uploads\/2022\/06\/peripherie-zubehoer-industrietore-sensoren-melder-ixio-seitenansicht-efaflex-382x254.jpg')\"><\/div>\r\n                <\/div>\r\n                            <div class=\"single-nav-slide\">\r\n                                                            <div class=\"img-box\" style=\"background-image: url('https:\/\/www.efaflex.com\/wp-content\/uploads\/2022\/06\/peripherie-zubehoer-industrietore-sensoren-melder-ixio-ansicht-oben-efaflex-382x254.jpg')\"><\/div>\r\n                <\/div>\r\n                        <\/div>\r\n<\/div>\n\n\n<div style=\"height:100px\" aria-hidden=\"true\" class=\"wp-block-spacer\"><\/div>\n\n\n<div id=\"contact-modul-block_d9c2ab5ae0a7eea189def2af37069f47\" class=\"contact-modul contact-modul-thirty\">\r\n    <div class=\"inner\">\r\n        <div class=\"custom-flex-box\">\r\n            <div class=\"flex-box-thirty\">\r\n                                                            <h2>Haben Sie noch<br \/>\r\nFragen?<\/h2>\r\n                                                                        <\/div>\r\n            <div class=\"flex-box-thirty contact-modul--contact\">\r\n                                                            <span>Nehmen Sie Kontakt auf.<\/span>\r\n                        <p>Wir sind f\u00fcr Sie da!<\/p>\r\n                                                                            <a class=\"load-more-button\" href=\"https:\/\/www.efaflex.com\/de\/kontakt\/\" target=\"\">Zum Online-Kontaktformular<\/a>\r\n                                                                        <\/div>\r\n        <\/div>\r\n    <\/div>\r\n<\/div>\n\n\n<div style=\"height:100px\" aria-hidden=\"true\" class=\"wp-block-spacer\"><\/div>\n\n\n\r\n\r\n<div id=\"bild-text-modul-rechts-zweizeilig-block_f701baf62d715ace753bd1cf584c46cc\" class=\"bild-text-modul-zweizeilig-container\">\r\n            \r\n\r\n\r\n            \r\n                                    \r\n                            <div class=\"bild-text-modul-rechts-zweizeilig bild-text-modul-zweizeilig\">\r\n                                <div class=\"custom-flex-box-no-margin\">\r\n                                    <div class=\"flex-box-fifty-no-margin text-container\">\r\n                                        <div class=\"text-container-flex\">\r\n                                            <div class=\"text-inner\">\r\n\r\n                                                                                                                                                            <div class=\"text-left-border\">\r\n                                                            <div class=\"text-cut\">\r\n                                                                                                                                    <span>Service<\/span>\r\n                                                                \r\n                                                                                                                                    <h3 class=\"headline-two medium-h2\">Wir setzen h\u00f6chste Ma\u00dfst\u00e4be f\u00fcr Service.<\/h3>                                                                \r\n<!--                                                                <h2 class=\"medium-h2\">--><!--<\/h2>-->\r\n                                                                <p class=\"normal-font full-text\">Der Kunde steht bei uns an erster Stelle. Deswegen ist guter Service f\u00fcr uns als Premium-Anbieter von Schnelllauftoren selbstverst\u00e4ndlich. Perfekt geschulte Servicemitarbeiter und eigene Servicetechniker mit bestens ausgestatteten Servicefahrzeugen helfen Ihnen schnell, l\u00f6sungsorientiert und zuverl\u00e4ssig weiter. Ob Wartung, Instandhaltung, Reparatur oder Lieferungen von Ersatzteilen: Unser Serviceteam ist weltweit im Einsatz und sorgt daf\u00fcr, dass Ihre Tore jederzeit einsatzbereit bleiben .<\/p>\r\n                                                            <\/div>\r\n                                                            <div class=\"button-box\">\r\n                                                                                                                                                                                                    <a href=\"https:\/\/www.efaflex.com\/de\/service\/\" target=\"\" class=\"load-more-button\">\r\n                                                                        Mehr erfahren                                                                    <\/a>\r\n                                                                                                                            <\/div>\r\n                                                        <\/div>\r\n                                                                                                    \r\n                                            <\/div>\r\n                                        <\/div>\r\n                                    <\/div>\r\n                                    <div class=\"flex-box-fifty-no-margin bild-container\">\r\n                                                                                                                                                                                                                                                                                        <img decoding=\"async\" width=\"1430\" height=\"825\" src=\"https:\/\/www.efaflex.com\/wp-content\/uploads\/2022\/06\/7I2A7292-e1704202834570.jpg\" class=\"attachment-full size-full\" alt=\"\" srcset=\"https:\/\/www.efaflex.com\/wp-content\/uploads\/2022\/06\/7I2A7292-e1704202834570.jpg 1430w, https:\/\/www.efaflex.com\/wp-content\/uploads\/2022\/06\/7I2A7292-e1704202834570-300x173.jpg 300w, https:\/\/www.efaflex.com\/wp-content\/uploads\/2022\/06\/7I2A7292-e1704202834570-768x443.jpg 768w, https:\/\/www.efaflex.com\/wp-content\/uploads\/2022\/06\/7I2A7292-e1704202834570-1024x591.jpg 1024w\" sizes=\"(max-width: 1430px) 100vw, 1430px\" \/>                                                                                                                                                                        <\/div>\r\n                                <\/div>\r\n                            <\/div>\r\n                                    \r\n            \r\n\r\n        \r\n\r\n\r\n    <\/div>\n\n\n<div style=\"height:100px\" aria-hidden=\"true\" class=\"wp-block-spacer\"><\/div>\n\n\n<div class=\"inner\">\r\n    <div id=\"bild-text-modul-1-3-block_8817677aeef7655a127a68f45deae5ed\" class=\"themen-container custom-flex-box\">\r\n                                    <div class=\"thema-box flex-box-thirty\">\r\n                                            <div class=\"bild-box\">\r\n                                                                                                                    <img decoding=\"async\" width=\"517\" height=\"306\" src=\"https:\/\/www.efaflex.com\/wp-content\/uploads\/2023\/07\/referenzen-schnelllauftor-grau-efaflex-quicklink.jpg\" class=\"attachment-thementease-thumbnail size-thementease-thumbnail\" alt=\"\" srcset=\"https:\/\/www.efaflex.com\/wp-content\/uploads\/2023\/07\/referenzen-schnelllauftor-grau-efaflex-quicklink.jpg 517w, https:\/\/www.efaflex.com\/wp-content\/uploads\/2023\/07\/referenzen-schnelllauftor-grau-efaflex-quicklink-300x178.jpg 300w\" sizes=\"(max-width: 517px) 100vw, 517px\" \/>                                                    <\/div>\r\n                                            \r\n                                                                <h2 class=\"headline-two\">\r\n                                                        Referenzen                        <\/h2>\r\n                    \r\n                        <p class=\"normal-font\">EFAFLEX ist eine weltweit anerkannte Marke nicht nur im Bereich Schnelllauftore. National und international f\u00fchrende Unternehmen aus allen Branchen vertrauen auf unsere Produkte.<\/p>\r\n                                                                                                                                                                                                        <a href=\"https:\/\/www.efaflex.com\/de\/schnelllauftore\/referenzen\/\" class=\"load-more-button\">Mehr erfahren<\/a>\r\n                                                                                                                                    <\/div>\r\n                            <div class=\"thema-box flex-box-thirty\">\r\n                                            <div class=\"bild-box\">\r\n                                                                                                                    <img decoding=\"async\" width=\"1920\" height=\"966\" src=\"https:\/\/www.efaflex.com\/wp-content\/uploads\/2022\/07\/ausschreibungstexte-schnelllauftore-efaflex.jpg\" class=\"attachment-thementease-thumbnail size-thementease-thumbnail\" alt=\"\" srcset=\"https:\/\/www.efaflex.com\/wp-content\/uploads\/2022\/07\/ausschreibungstexte-schnelllauftore-efaflex.jpg 1920w, https:\/\/www.efaflex.com\/wp-content\/uploads\/2022\/07\/ausschreibungstexte-schnelllauftore-efaflex-300x151.jpg 300w, https:\/\/www.efaflex.com\/wp-content\/uploads\/2022\/07\/ausschreibungstexte-schnelllauftore-efaflex-768x386.jpg 768w, https:\/\/www.efaflex.com\/wp-content\/uploads\/2022\/07\/ausschreibungstexte-schnelllauftore-efaflex-1024x515.jpg 1024w, https:\/\/www.efaflex.com\/wp-content\/uploads\/2022\/07\/ausschreibungstexte-schnelllauftore-efaflex-1536x773.jpg 1536w\" sizes=\"(max-width: 1920px) 100vw, 1920px\" \/>                                                    <\/div>\r\n                                            \r\n                                                                <h2 class=\"headline-two\">\r\n                                                        Ausschreibungstexte                        <\/h2>\r\n                    \r\n                        <p class=\"normal-font\">Architekten und Planern stellen wir detaillierte Ausschreibungstexte unserer Produkte zur Verf\u00fcgung. Erg\u00e4nzen Sie nur Durchfahrtsh\u00f6he, Durchfahrtsbreite, Farbe oder Motoranordnung.<\/p>\r\n                                                                                                                                                                                                        <a href=\"https:\/\/www.efaflex.com\/de\/service\/architekten-service\/\" class=\"load-more-button\">Mehr erfahren<\/a>\r\n                                                                                                                                    <\/div>\r\n                        <\/div>\r\n<\/div>\r\n\n\n\n<div style=\"height:100px\" aria-hidden=\"true\" class=\"wp-block-spacer\"><\/div>\n","protected":false},"excerpt":{"rendered":"","protected":false},"featured_media":10080,"template":"","produktdetails":[40,99],"produktfinder":[],"cad-bim-finder":[],"class_list":["post-1353","produktdetail","type-produktdetail","status-publish","has-post-thumbnail","hentry","produktdetails-peripherie-zubehoer","produktdetails-sensorik-sicherheit"],"acf":[],"_links":{"self":[{"href":"https:\/\/www.efaflex.com\/de\/wp-json\/wp\/v2\/produktdetail\/1353","targetHints":{"allow":["GET"]}}],"collection":[{"href":"https:\/\/www.efaflex.com\/de\/wp-json\/wp\/v2\/produktdetail"}],"about":[{"href":"https:\/\/www.efaflex.com\/de\/wp-json\/wp\/v2\/types\/produktdetail"}],"version-history":[{"count":5,"href":"https:\/\/www.efaflex.com\/de\/wp-json\/wp\/v2\/produktdetail\/1353\/revisions"}],"predecessor-version":[{"id":24595,"href":"https:\/\/www.efaflex.com\/de\/wp-json\/wp\/v2\/produktdetail\/1353\/revisions\/24595"}],"wp:featuredmedia":[{"embeddable":true,"href":"https:\/\/www.efaflex.com\/de\/wp-json\/wp\/v2\/media\/10080"}],"wp:attachment":[{"href":"https:\/\/www.efaflex.com\/de\/wp-json\/wp\/v2\/media?parent=1353"}],"wp:term":[{"taxonomy":"produktdetails","embeddable":true,"href":"https:\/\/www.efaflex.com\/de\/wp-json\/wp\/v2\/produktdetails?post=1353"},{"taxonomy":"produktfinder","embeddable":true,"href":"https:\/\/www.efaflex.com\/de\/wp-json\/wp\/v2\/produktfinder?post=1353"},{"taxonomy":"cad-bim-finder","embeddable":true,"href":"https:\/\/www.efaflex.com\/de\/wp-json\/wp\/v2\/cad-bim-finder?post=1353"}],"curies":[{"name":"wp","href":"https:\/\/api.w.org\/{rel}","templated":true}]}}