{"id":1356,"date":"2022-06-03T16:39:39","date_gmt":"2022-06-03T14:39:39","guid":{"rendered":"https:\/\/www.efaflex.com\/?post_type=produktdetail&#038;p=1356"},"modified":"2026-02-19T08:23:02","modified_gmt":"2026-02-19T07:23:02","slug":"efa-sst-secure-rc-3","status":"publish","type":"produktdetail","link":"https:\/\/www.efaflex.com\/de\/schnelllauftore\/spiraltore\/serie-efaprotect\/efa-sst-secure-rc-3\/","title":{"rendered":"Schnelllauf-Spiraltor EFA-SST\u00ae Secure (RC3)"},"content":{"rendered":"\r\n<script type=\"application\/javascript\">\r\n    window.addEventListener('DOMContentLoaded', function() {\r\n        jQuery(document).ready(function($){\r\n            var sliderid = \"block_03aaa59d39302c96607d31f091844bd3\";\r\n            $('#'+sliderid).slick({\r\n                infinite: true,\r\n                dots: false,\r\n                lazyLoad: 'ondemand',\r\n                autoplay: false,\r\n                arrows: true,\r\n                fade: true,\r\n                speed: 500,\r\n                pauseOnHover: false,\r\n                prevArrow: '<div class=\"slick-prev slick-button\"><svg xmlns=\"http:\/\/www.w3.org\/2000\/svg\" viewBox=\"0 0 448 512\"><!--! Font Awesome Pro 6.1.1 by @fontawesome - https:\/\/fontawesome.com License - https:\/\/fontawesome.com\/license (Commercial License) Copyright 2022 Fonticons, Inc. --><path d=\"M77.25 256l137.4-137.4c12.5-12.5 12.5-32.75 0-45.25s-32.75-12.5-45.25 0l-160 160c-12.5 12.5-12.5 32.75 0 45.25l160 160C175.6 444.9 183.8 448 192 448s16.38-3.125 22.62-9.375c12.5-12.5 12.5-32.75 0-45.25L77.25 256zM269.3 256l137.4-137.4c12.5-12.5 12.5-32.75 0-45.25s-32.75-12.5-45.25 0l-160 160c-12.5 12.5-12.5 32.75 0 45.25l160 160C367.6 444.9 375.8 448 384 448s16.38-3.125 22.62-9.375c12.5-12.5 12.5-32.75 0-45.25L269.3 256z\"\/><\/svg><\/div>',\r\n                nextArrow: '<div class=\"slick-next slick-button\"><svg xmlns=\"http:\/\/www.w3.org\/2000\/svg\" viewBox=\"0 0 448 512\"><!--! Font Awesome Pro 6.1.1 by @fontawesome - https:\/\/fontawesome.com License - https:\/\/fontawesome.com\/license (Commercial License) Copyright 2022 Fonticons, Inc. --><path fill=\"ff0000\" style=\"height: 22px\" d=\"M246.6 233.4l-160-160c-12.5-12.5-32.75-12.5-45.25 0s-12.5 32.75 0 45.25L178.8 256l-137.4 137.4c-12.5 12.5-12.5 32.75 0 45.25C47.63 444.9 55.81 448 64 448s16.38-3.125 22.62-9.375l160-160C259.1 266.1 259.1 245.9 246.6 233.4zM438.6 233.4l-160-160c-12.5-12.5-32.75-12.5-45.25 0s-12.5 32.75 0 45.25L370.8 256l-137.4 137.4c-12.5 12.5-12.5 32.75 0 45.25C239.6 444.9 247.8 448 256 448s16.38-3.125 22.62-9.375l160-160C451.1 266.1 451.1 245.9 438.6 233.4z\"\/><\/svg><\/div>',\r\n            });\r\n        });\r\n    });\r\n<\/script>\r\n\r\n<div id=\"block_03aaa59d39302c96607d31f091844bd3\" class=\"bild-video-text-slider block-header-bild-video-text-slider\">\r\n                        <div>\r\n                <div class=\"bild-video-text-slider--slide\">\r\n                                            <div class=\"img-vid-box\">\r\n                            <div class=\"img-sizer\">\r\n                                <img decoding=\"async\" width=\"1246\" height=\"800\" src=\"https:\/\/www.efaflex.com\/wp-content\/uploads\/2022\/06\/serie-s-schnellauftor-spiraltor-efa-sst-secure-rc3-header-efaflex-1246x800.jpg\" class=\"attachment-image-big size-image-big\" alt=\"\" \/>                            <\/div>\r\n                        <\/div>\r\n                        <div class=\"video-text\">\r\n                            <h1>Schnelllauf-Spiraltor <span class=\"highlighted\">EFA-SST\u00ae Secure (RC 3).<\/span><\/h1>\n                        <\/div>\r\n                                    <\/div>\r\n\r\n            <\/div>\r\n            <\/div>\n\n\n<div style=\"height:100px\" aria-hidden=\"true\" class=\"wp-block-spacer\"><\/div>\n\n\n\r\n\r\n<div id=\"textmodul-3-spalten-block_3598f642fdb58c6c985a65b015e60295\" class=\"textmodul-3-spalten\">\r\n    <div class=\"inner\">\r\n        <div class=\"custom-flex-box\">\r\n                            <h2 class=\"flex-box-thirty break headline-two false\">Das sichere Schnelllauftor.<\/h2>\r\n                        <div class=\"flex-box-thirty\"><p>Mit dem EFA-SST\u00ae Secure sichern Sie sich und die Menschen in Ihrem Umfeld bestens ab, ohne auf die Geschwindigkeit eines effizienten Schnelllauftors verzichten zu m\u00fcssen. Gleichzeitig f\u00fcgt sich das Tor nahtlos in Ihre Geb\u00e4udestruktur ein und \u00fcberzeugt mit h\u00f6chsten \u00d6ffnungs- und Schlie\u00dfgeschwindigkeiten. Ihre Prozesse bleiben schnell und effizient, Ihre Wertg\u00fcter optimal gesch\u00fctzt. Mit unserer Secure-Serie finden Sie die perfekte L\u00f6sung f\u00fcr jede Sicherheitsanwendung.<\/p>\n<\/div>\r\n            <div class=\"flex-box-thirty\"><\/div>\r\n        <\/div>\r\n    <\/div>\r\n<\/div>\r\n\n\n\n<div style=\"height:100px\" aria-hidden=\"true\" class=\"wp-block-spacer\"><\/div>\n\n\n\r\n\r\n<script type=\"application\/javascript\">\r\n    window.addEventListener('DOMContentLoaded', function() {\r\n        jQuery(document).ready(function($){\r\n            $('.slider-produktvergleich').slick({\r\n                infinite: true,\r\n                dots: false,\r\n                lazyLoad: 'ondemand',\r\n                arrows: false,\r\n                fade: true,\r\n                speed: 500,\r\n                pauseOnHover: true,\r\n                asNavFor: '.slider-produktvergleich-nav',\r\n            });\r\n\r\n            $('.slider-produktvergleich-nav').slick({\r\n                infinite: true,\r\n                dots: false,\r\n                lazyLoad: 'ondemand',\r\n                arrows: true,\r\n                fade: false,\r\n                speed: 500,\r\n                pauseOnHover: true,\r\n                asNavFor: '.slider-produktvergleich',\r\n                focusOnSelect: true,\r\n                slidesToShow: 4,\r\n                slidesToScroll: 1,\r\n                swipeToSlide: true,\r\n                prevArrow: '<div class=\"slick-prev slick-button\"><svg xmlns=\"http:\/\/www.w3.org\/2000\/svg\" viewBox=\"0 0 448 512\"><!--! Font Awesome Pro 6.1.1 by @fontawesome - https:\/\/fontawesome.com License - https:\/\/fontawesome.com\/license (Commercial License) Copyright 2022 Fonticons, Inc. --><path d=\"M77.25 256l137.4-137.4c12.5-12.5 12.5-32.75 0-45.25s-32.75-12.5-45.25 0l-160 160c-12.5 12.5-12.5 32.75 0 45.25l160 160C175.6 444.9 183.8 448 192 448s16.38-3.125 22.62-9.375c12.5-12.5 12.5-32.75 0-45.25L77.25 256zM269.3 256l137.4-137.4c12.5-12.5 12.5-32.75 0-45.25s-32.75-12.5-45.25 0l-160 160c-12.5 12.5-12.5 32.75 0 45.25l160 160C367.6 444.9 375.8 448 384 448s16.38-3.125 22.62-9.375c12.5-12.5 12.5-32.75 0-45.25L269.3 256z\"\/><\/svg><\/div>',\r\n                nextArrow: '<div class=\"slick-next slick-button\"><svg xmlns=\"http:\/\/www.w3.org\/2000\/svg\" viewBox=\"0 0 448 512\"><!--! Font Awesome Pro 6.1.1 by @fontawesome - https:\/\/fontawesome.com License - https:\/\/fontawesome.com\/license (Commercial License) Copyright 2022 Fonticons, Inc. --><path fill=\"ff0000\" style=\"height: 22px\" d=\"M246.6 233.4l-160-160c-12.5-12.5-32.75-12.5-45.25 0s-12.5 32.75 0 45.25L178.8 256l-137.4 137.4c-12.5 12.5-12.5 32.75 0 45.25C47.63 444.9 55.81 448 64 448s16.38-3.125 22.62-9.375l160-160C259.1 266.1 259.1 245.9 246.6 233.4zM438.6 233.4l-160-160c-12.5-12.5-32.75-12.5-45.25 0s-12.5 32.75 0 45.25L370.8 256l-137.4 137.4c-12.5 12.5-12.5 32.75 0 45.25C239.6 444.9 247.8 448 256 448s16.38-3.125 22.62-9.375l160-160C451.1 266.1 451.1 245.9 438.6 233.4z\"\/><\/svg><\/div>',\r\n                responsive: [\r\n                    {\r\n                        breakpoint: 768,\r\n                        settings: {\r\n                            slidesToShow: 3,\r\n                        }\r\n                    },\r\n                    {\r\n                        breakpoint: 480,\r\n                        settings: {\r\n                            slidesToShow: 2,\r\n                        }\r\n                    }\r\n                ]\r\n            });\r\n        });\r\n    });\r\n<\/script>\r\n\r\n<div class=\"inner slider-produktvergleich-container\">\r\n    <div class=\"slider-produktvergleich-container--flex\">\r\n        <div id=\"slider-produktvergleich-block_72b3d5e0a7c43f0c11d83a4a46fb3850\" class=\"slider-produktvergleich\">\r\n                                                <div class=\"single-slide\">\r\n                        <div class=\"single-slide-img-area\">\r\n                                                                                                                    <img decoding=\"async\" width=\"1083\" height=\"720\" src=\"https:\/\/www.efaflex.com\/wp-content\/uploads\/2022\/06\/serie-s-schnellauftor-spiraltor-efa-sst-secure-rc3-1083x720.jpg\" class=\"attachment-slider-produktvergleich-full size-slider-produktvergleich-full\" alt=\"\" srcset=\"https:\/\/www.efaflex.com\/wp-content\/uploads\/2022\/06\/serie-s-schnellauftor-spiraltor-efa-sst-secure-rc3-1083x720.jpg 1083w, https:\/\/www.efaflex.com\/wp-content\/uploads\/2022\/06\/serie-s-schnellauftor-spiraltor-efa-sst-secure-rc3-382x254.jpg 382w\" sizes=\"(max-width: 1083px) 100vw, 1083px\" \/>                                                    <\/div>\r\n                    <\/div>\r\n                                    <div class=\"single-slide\">\r\n                        <div class=\"single-slide-img-area\">\r\n                                                                                                                    <img decoding=\"async\" width=\"1083\" height=\"720\" src=\"https:\/\/www.efaflex.com\/wp-content\/uploads\/2022\/06\/serie-s-schnellauftor-spiraltor-closeup-efa-sst-secure-rc3-1083x720.jpg\" class=\"attachment-slider-produktvergleich-full size-slider-produktvergleich-full\" alt=\"\" srcset=\"https:\/\/www.efaflex.com\/wp-content\/uploads\/2022\/06\/serie-s-schnellauftor-spiraltor-closeup-efa-sst-secure-rc3-1083x720.jpg 1083w, https:\/\/www.efaflex.com\/wp-content\/uploads\/2022\/06\/serie-s-schnellauftor-spiraltor-closeup-efa-sst-secure-rc3-300x200.jpg 300w, https:\/\/www.efaflex.com\/wp-content\/uploads\/2022\/06\/serie-s-schnellauftor-spiraltor-closeup-efa-sst-secure-rc3-768x512.jpg 768w, https:\/\/www.efaflex.com\/wp-content\/uploads\/2022\/06\/serie-s-schnellauftor-spiraltor-closeup-efa-sst-secure-rc3-382x254.jpg 382w\" sizes=\"(max-width: 1083px) 100vw, 1083px\" \/>                                                    <\/div>\r\n                    <\/div>\r\n                                    <div class=\"single-slide\">\r\n                        <div class=\"single-slide-img-area\">\r\n                                                                                                                    <img decoding=\"async\" width=\"1083\" height=\"720\" src=\"https:\/\/www.efaflex.com\/wp-content\/uploads\/2022\/06\/serie-s-schnellauftor-spiraltor-nieschen-efa-sst-secure-rc3-1083x720.jpg\" class=\"attachment-slider-produktvergleich-full size-slider-produktvergleich-full\" alt=\"\" srcset=\"https:\/\/www.efaflex.com\/wp-content\/uploads\/2022\/06\/serie-s-schnellauftor-spiraltor-nieschen-efa-sst-secure-rc3-1083x720.jpg 1083w, https:\/\/www.efaflex.com\/wp-content\/uploads\/2022\/06\/serie-s-schnellauftor-spiraltor-nieschen-efa-sst-secure-rc3-300x200.jpg 300w, https:\/\/www.efaflex.com\/wp-content\/uploads\/2022\/06\/serie-s-schnellauftor-spiraltor-nieschen-efa-sst-secure-rc3-768x512.jpg 768w, https:\/\/www.efaflex.com\/wp-content\/uploads\/2022\/06\/serie-s-schnellauftor-spiraltor-nieschen-efa-sst-secure-rc3-382x254.jpg 382w\" sizes=\"(max-width: 1083px) 100vw, 1083px\" \/>                                                    <\/div>\r\n                    <\/div>\r\n                                    <\/div>\r\n\r\n        <div class=\"single-slide-text-area\">\r\n            <h2>EFA-SST\u00ae Secure (RC 3) auf einen Blick:<\/h2>\n<ul>\n<li>Resistance class 3 (Widerstandsklasse) nach<br \/>\nDIN\/TS 18194:2020 &#8211; RC 3<\/li>\n<li>Patentgesch\u00fctzte Technologie<\/li>\n<li>Getestet und zertifiziert vom ift Rosenheim<\/li>\n<li>Automatisches Verriegeln bei jedem Schlie\u00dfvorgang<\/li>\n<li>Notbet\u00e4tigung durch vorgespannte Zugfedern<\/li>\n<li>\u00d6ffnen bis zu 1,0 m\/s<\/li>\n<li>Schlie\u00dfen bis zu 0,6 m\/s<\/li>\n<li>Bis 250.000 Lastwechsel p. a.<\/li>\n<li>Max. Gr\u00f6\u00dfen B = 4.000 mm, H = 5.000 mm<\/li>\n<\/ul>\n        <\/div>\r\n    <\/div>\r\n\r\n    <div class=\"slider-produktvergleich-nav\">\r\n                                    <div class=\"single-nav-slide\">\r\n                                                            <div class=\"img-box\" style=\"background-image: url('https:\/\/www.efaflex.com\/wp-content\/uploads\/2022\/06\/serie-s-schnellauftor-spiraltor-efa-sst-secure-rc3-382x254.jpg')\"><\/div>\r\n                <\/div>\r\n                            <div class=\"single-nav-slide\">\r\n                                                            <div class=\"img-box\" style=\"background-image: url('https:\/\/www.efaflex.com\/wp-content\/uploads\/2022\/06\/serie-s-schnellauftor-spiraltor-closeup-efa-sst-secure-rc3-382x254.jpg')\"><\/div>\r\n                <\/div>\r\n                            <div class=\"single-nav-slide\">\r\n                                                            <div class=\"img-box\" style=\"background-image: url('https:\/\/www.efaflex.com\/wp-content\/uploads\/2022\/06\/serie-s-schnellauftor-spiraltor-nieschen-efa-sst-secure-rc3-382x254.jpg')\"><\/div>\r\n                <\/div>\r\n                        <\/div>\r\n<\/div>\n\n\n<div style=\"height:100px\" aria-hidden=\"true\" class=\"wp-block-spacer\"><\/div>\n\n\n\r\n    <div class=\"inner\">\r\n        <div  class=\"dan_akkordeon block_c03637443d1c7d4fae6a29f54909db20\">\r\n            <h2>Details<\/h2>\r\n                            <div class=\"dan_akkordeon_wrapper\">\r\n                    <div class=\"dan_akkordeon_wrapper--header\">\r\n                        <div class=\"content--title\">\r\n                            Un\u00fcberwindbare Sicherheit                            <img decoding=\"async\" class=\"dan_akkordeon_wrapper--open\" src=\"https:\/\/www.efaflex.com\/wp-content\/themes\/efaflex\/assets\/img\/after-button-arrows.svg\" alt=\"Open\">\r\n                        <\/div>\r\n                    <\/div>\r\n                    <div class=\"dan_akkordeon_wrapper--content\">\r\n                        <p>Beidseitige, automatische Verriegelungen schlie\u00dfen das Tor zuverl\u00e4ssig und sicher bei jedem Schlie\u00dfvorgang und machen es zu einem nahezu un\u00fcberwindbaren Hindernis. Dank der \u00e4u\u00dferst robusten Bauweise und einem Antrieb durch verst\u00e4rkte Schanierketten ist das Tor optimal f\u00fcr den Einsatz in sensiblen Zonen geeignet und bietet einen ausgezeichneten Einbruchschutz.<\/p>\n                                            <\/div>\r\n                <\/div>\r\n                            <div class=\"dan_akkordeon_wrapper\">\r\n                    <div class=\"dan_akkordeon_wrapper--header\">\r\n                        <div class=\"content--title\">\r\n                            Garantierte Langlebigkeit                            <img decoding=\"async\" class=\"dan_akkordeon_wrapper--open\" src=\"https:\/\/www.efaflex.com\/wp-content\/themes\/efaflex\/assets\/img\/after-button-arrows.svg\" alt=\"Open\">\r\n                        <\/div>\r\n                    <\/div>\r\n                    <div class=\"dan_akkordeon_wrapper--content\">\r\n                        <p>Die durchschnittliche \u00d6ffnungsgeschwindigkeit des Torblattes liegt bei etwa 1,0 m\/s. Die Schlie\u00dfgeschwindigkeit liegt bei ca. 0,6 m\/s. Das EFA-SST\u00ae Secure ist grunds\u00e4tzlich auf 250.000 Lastwechsel pro Jahr bei einem Lebenszyklus von mindestens 10 Jahren ausgelegt. Das EFA-SST\u00ae Secure kann \u00d6ffnungen von der Gr\u00f6\u00dfe einer Haust\u00fcre bis hin zu LKW-Einfahrten abdecken.<\/p>\n                                            <\/div>\r\n                <\/div>\r\n                            <div class=\"dan_akkordeon_wrapper\">\r\n                    <div class=\"dan_akkordeon_wrapper--header\">\r\n                        <div class=\"content--title\">\r\n                            Manuelle Notbet\u00e4tigung                            <img decoding=\"async\" class=\"dan_akkordeon_wrapper--open\" src=\"https:\/\/www.efaflex.com\/wp-content\/themes\/efaflex\/assets\/img\/after-button-arrows.svg\" alt=\"Open\">\r\n                        <\/div>\r\n                    <\/div>\r\n                    <div class=\"dan_akkordeon_wrapper--content\">\r\n                        <p>F\u00fcr eine schnelle und leichte Notbet\u00e4tigung per Hand enthalten die Zargen des EFA-SST\u00ae Secure spezielle Federn. Im Notfall oder bei einem Stromausfall kann das Tor so innerhalb von wenigen Sekunden ge\u00f6ffnet werden, um den gef\u00e4hrdeten Bereich schnellstm\u00f6glich zu evakuieren.<\/p>\n                                            <\/div>\r\n                <\/div>\r\n                            <div class=\"dan_akkordeon_wrapper\">\r\n                    <div class=\"dan_akkordeon_wrapper--header\">\r\n                        <div class=\"content--title\">\r\n                            Zertifizierter Widerstand                            <img decoding=\"async\" class=\"dan_akkordeon_wrapper--open\" src=\"https:\/\/www.efaflex.com\/wp-content\/themes\/efaflex\/assets\/img\/after-button-arrows.svg\" alt=\"Open\">\r\n                        <\/div>\r\n                    <\/div>\r\n                    <div class=\"dan_akkordeon_wrapper--content\">\r\n                        <p>Durch die Zertifizierung nach DIN\/TS 18194:2020 des ift Rosenheim erreicht das Tor Widerstandsklasse 3 (RC 3) und sch\u00fctzt vor Einbr\u00fcchen, Raub und Vandalismus.<\/p>\n                                            <\/div>\r\n                <\/div>\r\n                    <\/div>\r\n    <\/div>\r\n    <script type=\"application\/ld+json\">{\"@context\":\"https:\/\/schema.org\",\"@type\":\"ItemList\",\"name\":\"Details\",\"itemListElement\":[{\"@type\":\"ListItem\",\"position\":1,\"name\":\"Un\u00fcberwindbare Sicherheit\",\"description\":\"Beidseitige, automatische Verriegelungen schlie\u00dfen das Tor zuverl\u00e4ssig und sicher bei jedem Schlie\u00dfvorgang und machen es zu einem nahezu un\u00fcberwindbaren Hindernis. Dank der \u00e4u\u00dferst robusten Bauweise und einem Antrieb durch verst\u00e4rkte Schanierketten ist das Tor optimal f\u00fcr den Einsatz in sensiblen Zonen geeignet und bietet einen ausgezeichneten Einbruchschutz.\"},{\"@type\":\"ListItem\",\"position\":2,\"name\":\"Garantierte Langlebigkeit\",\"description\":\"Die durchschnittliche \u00d6ffnungsgeschwindigkeit des Torblattes liegt bei etwa 1,0 m\/s. Die Schlie\u00dfgeschwindigkeit liegt bei ca. 0,6 m\/s. Das EFA-SST\u00ae Secure ist grunds\u00e4tzlich auf 250.000 Lastwechsel pro Jahr bei einem Lebenszyklus von mindestens 10 Jahren ausgelegt. Das EFA-SST\u00ae Secure kann \u00d6ffnungen von der Gr\u00f6\u00dfe einer Haust\u00fcre bis hin zu LKW-Einfahrten abdecken.\"},{\"@type\":\"ListItem\",\"position\":3,\"name\":\"Manuelle Notbet\u00e4tigung\",\"description\":\"F\u00fcr eine schnelle und leichte Notbet\u00e4tigung per Hand enthalten die Zargen des EFA-SST\u00ae Secure spezielle Federn. Im Notfall oder bei einem Stromausfall kann das Tor so innerhalb von wenigen Sekunden ge\u00f6ffnet werden, um den gef\u00e4hrdeten Bereich schnellstm\u00f6glich zu evakuieren.\"},{\"@type\":\"ListItem\",\"position\":4,\"name\":\"Zertifizierter Widerstand\",\"description\":\"Durch die Zertifizierung nach DIN\/TS 18194:2020 des ift Rosenheim erreicht das Tor Widerstandsklasse 3 (RC 3) und sch\u00fctzt vor Einbr\u00fcchen, Raub und Vandalismus.\"}]}<\/script><script type=\"application\/javascript\">\r\n    window.addEventListener('DOMContentLoaded', function() {\r\n        jQuery(document).ready(function($) {\r\n            $(\".block_c03637443d1c7d4fae6a29f54909db20\").danAkkordeon({\r\n                \"animate\": true, \/\/ \u00d6ffnet mit Slide Effekt\r\n                \"close\": true, \/\/ Schliesst automatisch das ge\u00f6ffneten Akkordeon bei \u00f6ffnen eines anderen Tabs\r\n                \"focus\": false, \/\/ Scrollt zum ge\u00f6ffnete Akkoredon\r\n                \"offset\": 200 \/\/ Abstand von Top zum ge\u00f6ffneten Akkordeon, Focus muss True sein\r\n            });\r\n        });\r\n    });\r\n<\/script>\r\n\n\n\n<div style=\"height:100px\" aria-hidden=\"true\" class=\"wp-block-spacer\"><\/div>\n\n\n\r\n\r\n<div id=\"bild-text-modul-rechts-zweizeilig-block_dd8186de455c8c7fd18f7e2740d31e8c\" class=\"bild-text-modul-zweizeilig-container\">\r\n            \r\n\r\n\r\n            \r\n                                    \r\n                            <div class=\"bild-text-modul-rechts-zweizeilig bild-text-modul-zweizeilig\">\r\n                                <div class=\"custom-flex-box-no-margin\">\r\n                                    <div class=\"flex-box-fifty-no-margin text-container\">\r\n                                        <div class=\"text-container-flex\">\r\n                                            <div class=\"text-inner\">\r\n\r\n                                                                                                                                                            <div class=\"text-left-border\">\r\n                                                            <div class=\"text-cut\">\r\n                                                                                                                                    <span>Referenzen<\/span>\r\n                                                                \r\n                                                                                                                                    <h3 class=\"headline-two medium-h2\">Unsere Tore \u00fcberzeugen unsere Kunden \u2013 weltweit.<\/h3>                                                                \r\n<!--                                                                <h2 class=\"medium-h2\">--><!--<\/h2>-->\r\n                                                                <p class=\"normal-font full-text\">EFAFLEX ist eine weltweit anerkannte Marke nicht nur im Bereich Schnelllauftore. National und international f\u00fchrende Unternehmen aus allen Branchen vertrauen auf unsere Produkte.<\/p>\r\n                                                            <\/div>\r\n                                                            <div class=\"button-box\">\r\n                                                                                                                                                                                                    <a href=\"https:\/\/www.efaflex.com\/de\/schnelllauftore\/referenzen\/\" target=\"\" class=\"load-more-button\">\r\n                                                                        Mehr erfahren                                                                    <\/a>\r\n                                                                                                                            <\/div>\r\n                                                        <\/div>\r\n                                                                                                    \r\n                                            <\/div>\r\n                                        <\/div>\r\n                                    <\/div>\r\n                                    <div class=\"flex-box-fifty-no-margin bild-container\">\r\n                                                                                                                                                                                                                                                                                        <img decoding=\"async\" width=\"960\" height=\"720\" src=\"https:\/\/www.efaflex.com\/wp-content\/uploads\/2023\/07\/referenzen-schnelllauftor-grau-efaflex-teaser.jpg\" class=\"attachment-full size-full\" alt=\"\" srcset=\"https:\/\/www.efaflex.com\/wp-content\/uploads\/2023\/07\/referenzen-schnelllauftor-grau-efaflex-teaser.jpg 960w, https:\/\/www.efaflex.com\/wp-content\/uploads\/2023\/07\/referenzen-schnelllauftor-grau-efaflex-teaser-300x225.jpg 300w, https:\/\/www.efaflex.com\/wp-content\/uploads\/2023\/07\/referenzen-schnelllauftor-grau-efaflex-teaser-768x576.jpg 768w\" sizes=\"(max-width: 960px) 100vw, 960px\" \/>                                                                                                                                                                        <\/div>\r\n                                <\/div>\r\n                            <\/div>\r\n                                    \r\n            \r\n\r\n        \r\n\r\n\r\n    <\/div>\n\n\n<div style=\"height:100px\" aria-hidden=\"true\" class=\"wp-block-spacer\"><\/div>\n\n\n<div id=\"contact-modul-block_2881973fbcf8c779491c7a4b9e6d4427\" class=\"contact-modul contact-modul-thirty\">\r\n    <div class=\"inner\">\r\n        <div class=\"custom-flex-box\">\r\n            <div class=\"flex-box-thirty\">\r\n                                                            <h2>Haben Sie noch<br \/>\r\nFragen?<\/h2>\r\n                                                                        <\/div>\r\n            <div class=\"flex-box-thirty contact-modul--contact\">\r\n                                                            <span>Nehmen Sie Kontakt auf.<\/span>\r\n                        <p>Wir sind f\u00fcr Sie da!<\/p>\r\n                                                                            <a class=\"load-more-button\" href=\"https:\/\/www.efaflex.com\/de\/kontakt\/\" target=\"\">Zum Online-Kontaktformular<\/a>\r\n                                                                        <\/div>\r\n        <\/div>\r\n    <\/div>\r\n<\/div>\n\n\n<div style=\"height:100px\" aria-hidden=\"true\" class=\"wp-block-spacer\"><\/div>\n\n\n<div class=\"inner\">\r\n    <div id=\"bild-text-modul-1-3-block_6252ffcbbf03bc02ebfc16bffc3aa644\" class=\"themen-container custom-flex-box\">\r\n                                    <div class=\"thema-box flex-box-thirty\">\r\n                                            <div class=\"bild-box\">\r\n                                                                                                                    <img decoding=\"async\" width=\"1920\" height=\"966\" src=\"https:\/\/www.efaflex.com\/wp-content\/uploads\/2022\/07\/ausschreibungstexte-service-efaflex-header.jpg\" class=\"attachment-thementease-thumbnail size-thementease-thumbnail\" alt=\"\" srcset=\"https:\/\/www.efaflex.com\/wp-content\/uploads\/2022\/07\/ausschreibungstexte-service-efaflex-header.jpg 1920w, https:\/\/www.efaflex.com\/wp-content\/uploads\/2022\/07\/ausschreibungstexte-service-efaflex-header-300x151.jpg 300w, https:\/\/www.efaflex.com\/wp-content\/uploads\/2022\/07\/ausschreibungstexte-service-efaflex-header-1024x515.jpg 1024w, https:\/\/www.efaflex.com\/wp-content\/uploads\/2022\/07\/ausschreibungstexte-service-efaflex-header-768x386.jpg 768w, https:\/\/www.efaflex.com\/wp-content\/uploads\/2022\/07\/ausschreibungstexte-service-efaflex-header-1536x773.jpg 1536w\" sizes=\"(max-width: 1920px) 100vw, 1920px\" \/>                                                    <\/div>\r\n                                            \r\n                                                                <h2 class=\"headline-two\">\r\n                                                        Ausschreibungstext                        <\/h2>\r\n                    \r\n                        <p class=\"normal-font\"><\/p>\r\n                                                                                                                                                                                                    \r\n                                      <a href=\"https:\/\/www.efaflex.com\/wp-content\/uploads\/2025\/07\/SST-Secure.zip\" class=\"load-more-button\">\r\n                                          PDF herunterladen                                      <\/a>\r\n\r\n                                    \r\n                                                                                                    <\/div>\r\n                            <div class=\"thema-box flex-box-thirty\">\r\n                                            <div class=\"bild-box\">\r\n                                                                                                                    <img decoding=\"async\" width=\"1920\" height=\"1667\" src=\"https:\/\/www.efaflex.com\/wp-content\/uploads\/2022\/07\/titelbild-welt-der-tore-prospekt.jpg\" class=\"attachment-thementease-thumbnail size-thementease-thumbnail\" alt=\"\" srcset=\"https:\/\/www.efaflex.com\/wp-content\/uploads\/2022\/07\/titelbild-welt-der-tore-prospekt.jpg 1920w, https:\/\/www.efaflex.com\/wp-content\/uploads\/2022\/07\/titelbild-welt-der-tore-prospekt-300x260.jpg 300w, https:\/\/www.efaflex.com\/wp-content\/uploads\/2022\/07\/titelbild-welt-der-tore-prospekt-1024x889.jpg 1024w, https:\/\/www.efaflex.com\/wp-content\/uploads\/2022\/07\/titelbild-welt-der-tore-prospekt-768x667.jpg 768w, https:\/\/www.efaflex.com\/wp-content\/uploads\/2022\/07\/titelbild-welt-der-tore-prospekt-1536x1334.jpg 1536w\" sizes=\"(max-width: 1920px) 100vw, 1920px\" \/>                                                    <\/div>\r\n                                            \r\n                                                                <h2 class=\"headline-two\">\r\n                                                        Produktbrosch\u00fcre                        <\/h2>\r\n                    \r\n                        <p class=\"normal-font\"><\/p>\r\n                                                                                                                                                                                                    \r\n                                      <a href=\"https:\/\/www.efaflex.com\/wp-content\/uploads\/2022\/11\/efaflex-broschuere-sicherheitstore-serie-efaprotect-de.pdf\" class=\"load-more-button\">\r\n                                          PDF herunterladen                                      <\/a>\r\n\r\n                                    \r\n                                                                                                    <\/div>\r\n                        <\/div>\r\n<\/div>\r\n\n\n\n<div style=\"height:100px\" aria-hidden=\"true\" class=\"wp-block-spacer\"><\/div>\n\n\n\r\n\r\n<div id=\"bild-text-modul-rechts-zweizeilig-block_e5470ab8574c647d129b13222668975c\" class=\"bild-text-modul-zweizeilig-container\">\r\n            \r\n\r\n\r\n            \r\n                                    \r\n                            <div class=\"bild-text-modul-rechts-zweizeilig bild-text-modul-zweizeilig\">\r\n                                <div class=\"custom-flex-box-no-margin\">\r\n                                    <div class=\"flex-box-fifty-no-margin text-container\">\r\n                                        <div class=\"text-container-flex\">\r\n                                            <div class=\"text-inner\">\r\n\r\n                                                                                                                                                            <div class=\"text-left-border\">\r\n                                                            <div class=\"text-cut\">\r\n                                                                                                                                    <span>Service<\/span>\r\n                                                                \r\n                                                                                                                                    <h3 class=\"headline-two medium-h2\">Wir setzen h\u00f6chste Ma\u00dfst\u00e4be f\u00fcr Service.<\/h3>                                                                \r\n<!--                                                                <h2 class=\"medium-h2\">--><!--<\/h2>-->\r\n                                                                <p class=\"normal-font full-text\">Der Kunde steht bei uns an erster Stelle. Deswegen ist guter Service f\u00fcr uns als Premium-Anbieter von Schnelllauftoren selbstverst\u00e4ndlich. Perfekt geschulte Servicemitarbeiter und eigene Servicetechniker mit bestens ausgestatteten Servicefahrzeugen helfen Ihnen schnell, l\u00f6sungsorientiert und zuverl\u00e4ssig weiter. Ob Wartung, Instandhaltung, Reparatur oder Lieferungen von Ersatzteilen: Unser Serviceteam ist weltweit im Einsatz und sorgt daf\u00fcr, dass Ihre Tore jederzeit einsatzbereit bleiben .<\/p>\r\n                                                            <\/div>\r\n                                                            <div class=\"button-box\">\r\n                                                                                                                                                                                                    <a href=\"https:\/\/www.efaflex.com\/de\/service\/\" target=\"\" class=\"load-more-button\">\r\n                                                                        Mehr erfahren                                                                    <\/a>\r\n                                                                                                                            <\/div>\r\n                                                        <\/div>\r\n                                                                                                    \r\n                                            <\/div>\r\n                                        <\/div>\r\n                                    <\/div>\r\n                                    <div class=\"flex-box-fifty-no-margin bild-container\">\r\n                                                                                                                                                                                                                                                                                        <img decoding=\"async\" width=\"1430\" height=\"825\" src=\"https:\/\/www.efaflex.com\/wp-content\/uploads\/2022\/06\/7I2A7292-e1704202834570.jpg\" class=\"attachment-full size-full\" alt=\"\" srcset=\"https:\/\/www.efaflex.com\/wp-content\/uploads\/2022\/06\/7I2A7292-e1704202834570.jpg 1430w, https:\/\/www.efaflex.com\/wp-content\/uploads\/2022\/06\/7I2A7292-e1704202834570-300x173.jpg 300w, https:\/\/www.efaflex.com\/wp-content\/uploads\/2022\/06\/7I2A7292-e1704202834570-768x443.jpg 768w, https:\/\/www.efaflex.com\/wp-content\/uploads\/2022\/06\/7I2A7292-e1704202834570-1024x591.jpg 1024w\" sizes=\"(max-width: 1430px) 100vw, 1430px\" \/>                                                                                                                                                                        <\/div>\r\n                                <\/div>\r\n                            <\/div>\r\n                                    \r\n            \r\n\r\n        \r\n\r\n\r\n    <\/div>\n\n\n<div style=\"height:100px\" aria-hidden=\"true\" class=\"wp-block-spacer\"><\/div>\n\n\n<div class=\"inner\">\r\n    <div id=\"bild-text-modul-1-3-block_0be3aeb192eefe868d8968ccc483b9a8\" class=\"themen-container custom-flex-box\">\r\n                                    <div class=\"thema-box flex-box-thirty\">\r\n                                            <div class=\"bild-box\">\r\n                                                                                                                    <img decoding=\"async\" width=\"1920\" height=\"1280\" src=\"https:\/\/www.efaflex.com\/wp-content\/uploads\/2023\/01\/EFAFLEX_Voegele_177.jpg\" class=\"attachment-thementease-thumbnail size-thementease-thumbnail\" alt=\"\" srcset=\"https:\/\/www.efaflex.com\/wp-content\/uploads\/2023\/01\/EFAFLEX_Voegele_177.jpg 1920w, https:\/\/www.efaflex.com\/wp-content\/uploads\/2023\/01\/EFAFLEX_Voegele_177-300x200.jpg 300w, https:\/\/www.efaflex.com\/wp-content\/uploads\/2023\/01\/EFAFLEX_Voegele_177-1024x683.jpg 1024w, https:\/\/www.efaflex.com\/wp-content\/uploads\/2023\/01\/EFAFLEX_Voegele_177-768x512.jpg 768w, https:\/\/www.efaflex.com\/wp-content\/uploads\/2023\/01\/EFAFLEX_Voegele_177-1536x1024.jpg 1536w, https:\/\/www.efaflex.com\/wp-content\/uploads\/2023\/01\/EFAFLEX_Voegele_177-382x254.jpg 382w\" sizes=\"(max-width: 1920px) 100vw, 1920px\" \/>                                                    <\/div>\r\n                                            \r\n                                                                <h2 class=\"headline-two\">\r\n                                                        Produkte                        <\/h2>\r\n                    \r\n                        <p class=\"normal-font\">Unsere Premium-Tore sind schnell und effizient, sicher und zuverl\u00e4ssig. Dank unserer eigenen Forschung &amp; Entwicklung sind wir in der Lage, f\u00fcr alle Kundenbed\u00fcrfnisse die passende, perfekte L\u00f6sung zu finden \u2013 und zu bauen.<\/p>\r\n                                                                                                                                                                                                        <a href=\"https:\/\/www.efaflex.com\/de\/schnelllauftore\/\" class=\"load-more-button\">Mehr erfahren<\/a>\r\n                                                                                                                                    <\/div>\r\n                            <div class=\"thema-box flex-box-thirty\">\r\n                                            <div class=\"bild-box\">\r\n                                                                                                                    <img decoding=\"async\" width=\"1032\" height=\"612\" src=\"https:\/\/www.efaflex.com\/wp-content\/uploads\/2022\/06\/modernste-industrietore-loesungen-quicklink-efaflex.jpg\" class=\"attachment-thementease-thumbnail size-thementease-thumbnail\" alt=\"\" srcset=\"https:\/\/www.efaflex.com\/wp-content\/uploads\/2022\/06\/modernste-industrietore-loesungen-quicklink-efaflex.jpg 1032w, https:\/\/www.efaflex.com\/wp-content\/uploads\/2022\/06\/modernste-industrietore-loesungen-quicklink-efaflex-300x178.jpg 300w, https:\/\/www.efaflex.com\/wp-content\/uploads\/2022\/06\/modernste-industrietore-loesungen-quicklink-efaflex-1024x607.jpg 1024w, https:\/\/www.efaflex.com\/wp-content\/uploads\/2022\/06\/modernste-industrietore-loesungen-quicklink-efaflex-768x455.jpg 768w, https:\/\/www.efaflex.com\/wp-content\/uploads\/2022\/06\/modernste-industrietore-loesungen-quicklink-efaflex-517x306.jpg 517w\" sizes=\"(max-width: 1032px) 100vw, 1032px\" \/>                                                    <\/div>\r\n                                            \r\n                                                                <h2 class=\"headline-two\">\r\n                                                        L\u00f6sungen                        <\/h2>\r\n                    \r\n                        <p class=\"normal-font\">Wir produzieren keine Standardprodukte, sondern entwickeln f\u00fcr jede Herausforderung individuelle, perfekt passende L\u00f6sungen \u2013 f\u00fcr alle Branchen und Anwendungsgebiete, f\u00fcr unsere Kunden weltweit.<\/p>\r\n                                                                                                                                                                                                        <a href=\"https:\/\/www.efaflex.com\/de\/loesungen\/\" class=\"load-more-button\">Mehr erfahren<\/a>\r\n                                                                                                                                    <\/div>\r\n                        <\/div>\r\n<\/div>\r\n\n\n\n<div style=\"height:100px\" aria-hidden=\"true\" class=\"wp-block-spacer\"><\/div>\n","protected":false},"excerpt":{"rendered":"","protected":false},"featured_media":6779,"template":"","produktdetails":[310,63,223,36],"produktfinder":[284,291,292,304,285,298,289,290],"cad-bim-finder":[],"class_list":["post-1356","produktdetail","type-produktdetail","status-publish","has-post-thumbnail","hentry","produktdetails-einbruchschutz","produktdetails-serie-efaprotect","produktdetails-sicherheit","produktdetails-spiraltore","produktfinder-aussentor","produktfinder-einbruchschutz","produktfinder-geschwindigkeit","produktfinder-hoechste-einbruchssicherheit","produktfinder-innentor","produktfinder-parksysteme","produktfinder-schallschutz","produktfinder-wind-druckbelastung"],"acf":[],"_links":{"self":[{"href":"https:\/\/www.efaflex.com\/de\/wp-json\/wp\/v2\/produktdetail\/1356","targetHints":{"allow":["GET"]}}],"collection":[{"href":"https:\/\/www.efaflex.com\/de\/wp-json\/wp\/v2\/produktdetail"}],"about":[{"href":"https:\/\/www.efaflex.com\/de\/wp-json\/wp\/v2\/types\/produktdetail"}],"version-history":[{"count":10,"href":"https:\/\/www.efaflex.com\/de\/wp-json\/wp\/v2\/produktdetail\/1356\/revisions"}],"predecessor-version":[{"id":37072,"href":"https:\/\/www.efaflex.com\/de\/wp-json\/wp\/v2\/produktdetail\/1356\/revisions\/37072"}],"wp:featuredmedia":[{"embeddable":true,"href":"https:\/\/www.efaflex.com\/de\/wp-json\/wp\/v2\/media\/6779"}],"wp:attachment":[{"href":"https:\/\/www.efaflex.com\/de\/wp-json\/wp\/v2\/media?parent=1356"}],"wp:term":[{"taxonomy":"produktdetails","embeddable":true,"href":"https:\/\/www.efaflex.com\/de\/wp-json\/wp\/v2\/produktdetails?post=1356"},{"taxonomy":"produktfinder","embeddable":true,"href":"https:\/\/www.efaflex.com\/de\/wp-json\/wp\/v2\/produktfinder?post=1356"},{"taxonomy":"cad-bim-finder","embeddable":true,"href":"https:\/\/www.efaflex.com\/de\/wp-json\/wp\/v2\/cad-bim-finder?post=1356"}],"curies":[{"name":"wp","href":"https:\/\/api.w.org\/{rel}","templated":true}]}}