{"id":26073,"date":"2024-10-21T16:00:09","date_gmt":"2024-10-21T14:00:09","guid":{"rendered":"https:\/\/www.efaflex.com\/?post_type=produktdetail&#038;p=26073"},"modified":"2026-01-13T10:51:59","modified_gmt":"2026-01-13T09:51:59","slug":"flexcore-bollard","status":"publish","type":"produktdetail","link":"https:\/\/www.efaflex.com\/de\/peripherie-und-zubehoer\/anfahrschutz\/flexcore-bollard\/","title":{"rendered":"FlexCore Bollard"},"content":{"rendered":"\r\n<script type=\"application\/javascript\">\r\n    window.addEventListener('DOMContentLoaded', function() {\r\n        jQuery(document).ready(function($){\r\n            var sliderid = \"block_17c0186fee99a094c8d534b4dfc1b038\";\r\n            $('#'+sliderid).slick({\r\n                infinite: true,\r\n                dots: false,\r\n                lazyLoad: 'ondemand',\r\n                autoplay: false,\r\n                arrows: true,\r\n                fade: true,\r\n                speed: 500,\r\n                pauseOnHover: false,\r\n                prevArrow: '<div class=\"slick-prev slick-button\"><svg xmlns=\"http:\/\/www.w3.org\/2000\/svg\" viewBox=\"0 0 448 512\"><!--! Font Awesome Pro 6.1.1 by @fontawesome - https:\/\/fontawesome.com License - https:\/\/fontawesome.com\/license (Commercial License) Copyright 2022 Fonticons, Inc. --><path d=\"M77.25 256l137.4-137.4c12.5-12.5 12.5-32.75 0-45.25s-32.75-12.5-45.25 0l-160 160c-12.5 12.5-12.5 32.75 0 45.25l160 160C175.6 444.9 183.8 448 192 448s16.38-3.125 22.62-9.375c12.5-12.5 12.5-32.75 0-45.25L77.25 256zM269.3 256l137.4-137.4c12.5-12.5 12.5-32.75 0-45.25s-32.75-12.5-45.25 0l-160 160c-12.5 12.5-12.5 32.75 0 45.25l160 160C367.6 444.9 375.8 448 384 448s16.38-3.125 22.62-9.375c12.5-12.5 12.5-32.75 0-45.25L269.3 256z\"\/><\/svg><\/div>',\r\n                nextArrow: '<div class=\"slick-next slick-button\"><svg xmlns=\"http:\/\/www.w3.org\/2000\/svg\" viewBox=\"0 0 448 512\"><!--! Font Awesome Pro 6.1.1 by @fontawesome - https:\/\/fontawesome.com License - https:\/\/fontawesome.com\/license (Commercial License) Copyright 2022 Fonticons, Inc. --><path fill=\"ff0000\" style=\"height: 22px\" d=\"M246.6 233.4l-160-160c-12.5-12.5-32.75-12.5-45.25 0s-12.5 32.75 0 45.25L178.8 256l-137.4 137.4c-12.5 12.5-12.5 32.75 0 45.25C47.63 444.9 55.81 448 64 448s16.38-3.125 22.62-9.375l160-160C259.1 266.1 259.1 245.9 246.6 233.4zM438.6 233.4l-160-160c-12.5-12.5-32.75-12.5-45.25 0s-12.5 32.75 0 45.25L370.8 256l-137.4 137.4c-12.5 12.5-12.5 32.75 0 45.25C239.6 444.9 247.8 448 256 448s16.38-3.125 22.62-9.375l160-160C451.1 266.1 451.1 245.9 438.6 233.4z\"\/><\/svg><\/div>',\r\n            });\r\n        });\r\n    });\r\n<\/script>\r\n\r\n<div id=\"block_17c0186fee99a094c8d534b4dfc1b038\" class=\"bild-video-text-slider block-header-bild-video-text-slider\">\r\n                        <div>\r\n                <div class=\"bild-video-text-slider--slide\">\r\n                                            <div class=\"img-vid-box\">\r\n                            <div class=\"img-sizer\">\r\n                                <img decoding=\"async\" width=\"1920\" height=\"800\" src=\"https:\/\/www.efaflex.com\/wp-content\/uploads\/2024\/10\/img-1450-1-1920x800.jpg\" class=\"attachment-image-big size-image-big\" alt=\"\" \/>                            <\/div>\r\n                        <\/div>\r\n                        <div class=\"video-text\">\r\n                            <h1><span class=\"highlighted\">FlexCore Bollard: <\/span>Maximaler Anfahrschutz f\u00fcr Infrastruktur und Industriebereiche.<\/h1>\n                        <\/div>\r\n                                    <\/div>\r\n\r\n            <\/div>\r\n            <\/div>\n\n\n<div style=\"height:100px\" aria-hidden=\"true\" class=\"wp-block-spacer\"><\/div>\n\n\n\r\n\r\n<div id=\"textmodul-3-spalten-block_80d02b536aa7a8489b6f743d39bda2f7\" class=\"textmodul-3-spalten\">\r\n    <div class=\"inner\">\r\n        <div class=\"custom-flex-box\">\r\n                            <h2 class=\"flex-box-thirty break headline-two\">Starker Anfahrschutz.<\/h2>                        <div class=\"flex-box-thirty\"><p>Der FlexCore Bollard bietet eine Reihe durchdachter Funktionen zum Schutz von Umgebung und Infrastruktur. Die drehbare Abdeckung lenkt seitliche St\u00f6\u00dfe ab und minimiert so die Gefahr von Besch\u00e4digungen. Das Design ohne hervorstehende Schrauben oder Befestigungen verringert das Risiko des H\u00e4ngenbleibens.<\/p>\n<\/div>\r\n            <div class=\"flex-box-thirty\"><p>Ein spannungsentlastender D\u00e4mpfer im Fundamentanker sorgt daf\u00fcr, dass die Kr\u00e4fte nicht auf den Betonboden \u00fcbertragen werden. Der sto\u00dfd\u00e4mpfende Lastenring und der Kern des Pollers nehmen direkte St\u00f6\u00dfe auf und verteilen diese, um Sch\u00e4den an der Umgebung zu vermeiden. Je nach Bedarf ist der Poller in den Ausf\u00fchrungen 4\u201c und 6\u201c erh\u00e4ltlich.<\/p>\n<\/div>\r\n        <\/div>\r\n    <\/div>\r\n<\/div>\r\n\n\n\n<div style=\"height:100px\" aria-hidden=\"true\" class=\"wp-block-spacer\"><\/div>\n\n\n\r\n\r\n<script type=\"application\/javascript\">\r\n    window.addEventListener('DOMContentLoaded', function() {\r\n        jQuery(document).ready(function($){\r\n            $('.slider-produktvergleich').slick({\r\n                infinite: true,\r\n                dots: false,\r\n                lazyLoad: 'ondemand',\r\n                arrows: false,\r\n                fade: true,\r\n                speed: 500,\r\n                pauseOnHover: true,\r\n                asNavFor: '.slider-produktvergleich-nav',\r\n            });\r\n\r\n            $('.slider-produktvergleich-nav').slick({\r\n                infinite: true,\r\n                dots: false,\r\n                lazyLoad: 'ondemand',\r\n                arrows: true,\r\n                fade: false,\r\n                speed: 500,\r\n                pauseOnHover: true,\r\n                asNavFor: '.slider-produktvergleich',\r\n                focusOnSelect: true,\r\n                slidesToShow: 4,\r\n                slidesToScroll: 1,\r\n                swipeToSlide: true,\r\n                prevArrow: '<div class=\"slick-prev slick-button\"><svg xmlns=\"http:\/\/www.w3.org\/2000\/svg\" viewBox=\"0 0 448 512\"><!--! Font Awesome Pro 6.1.1 by @fontawesome - https:\/\/fontawesome.com License - https:\/\/fontawesome.com\/license (Commercial License) Copyright 2022 Fonticons, Inc. --><path d=\"M77.25 256l137.4-137.4c12.5-12.5 12.5-32.75 0-45.25s-32.75-12.5-45.25 0l-160 160c-12.5 12.5-12.5 32.75 0 45.25l160 160C175.6 444.9 183.8 448 192 448s16.38-3.125 22.62-9.375c12.5-12.5 12.5-32.75 0-45.25L77.25 256zM269.3 256l137.4-137.4c12.5-12.5 12.5-32.75 0-45.25s-32.75-12.5-45.25 0l-160 160c-12.5 12.5-12.5 32.75 0 45.25l160 160C367.6 444.9 375.8 448 384 448s16.38-3.125 22.62-9.375c12.5-12.5 12.5-32.75 0-45.25L269.3 256z\"\/><\/svg><\/div>',\r\n                nextArrow: '<div class=\"slick-next slick-button\"><svg xmlns=\"http:\/\/www.w3.org\/2000\/svg\" viewBox=\"0 0 448 512\"><!--! Font Awesome Pro 6.1.1 by @fontawesome - https:\/\/fontawesome.com License - https:\/\/fontawesome.com\/license (Commercial License) Copyright 2022 Fonticons, Inc. --><path fill=\"ff0000\" style=\"height: 22px\" d=\"M246.6 233.4l-160-160c-12.5-12.5-32.75-12.5-45.25 0s-12.5 32.75 0 45.25L178.8 256l-137.4 137.4c-12.5 12.5-12.5 32.75 0 45.25C47.63 444.9 55.81 448 64 448s16.38-3.125 22.62-9.375l160-160C259.1 266.1 259.1 245.9 246.6 233.4zM438.6 233.4l-160-160c-12.5-12.5-32.75-12.5-45.25 0s-12.5 32.75 0 45.25L370.8 256l-137.4 137.4c-12.5 12.5-12.5 32.75 0 45.25C239.6 444.9 247.8 448 256 448s16.38-3.125 22.62-9.375l160-160C451.1 266.1 451.1 245.9 438.6 233.4z\"\/><\/svg><\/div>',\r\n                responsive: [\r\n                    {\r\n                        breakpoint: 768,\r\n                        settings: {\r\n                            slidesToShow: 3,\r\n                        }\r\n                    },\r\n                    {\r\n                        breakpoint: 480,\r\n                        settings: {\r\n                            slidesToShow: 2,\r\n                        }\r\n                    }\r\n                ]\r\n            });\r\n        });\r\n    });\r\n<\/script>\r\n\r\n<div class=\"inner slider-produktvergleich-container\">\r\n    <div class=\"slider-produktvergleich-container--flex\">\r\n        <div id=\"slider-produktvergleich-block_9fd64cc1863332cfbd37616149fe56d2\" class=\"slider-produktvergleich\">\r\n                                                <div class=\"single-slide\">\r\n                        <div class=\"single-slide-img-area\">\r\n                                                                                                                    <img decoding=\"async\" width=\"1083\" height=\"720\" src=\"https:\/\/www.efaflex.com\/wp-content\/uploads\/2024\/09\/mccue-flexcore-bollard-hero-in-use-4-1083x720.jpg\" class=\"attachment-slider-produktvergleich-full size-slider-produktvergleich-full\" alt=\"\" srcset=\"https:\/\/www.efaflex.com\/wp-content\/uploads\/2024\/09\/mccue-flexcore-bollard-hero-in-use-4-1083x720.jpg 1083w, https:\/\/www.efaflex.com\/wp-content\/uploads\/2024\/09\/mccue-flexcore-bollard-hero-in-use-4-382x254.jpg 382w\" sizes=\"(max-width: 1083px) 100vw, 1083px\" \/>                                                    <\/div>\r\n                    <\/div>\r\n                                    <div class=\"single-slide\">\r\n                        <div class=\"single-slide-img-area\">\r\n                                                                                                                    <img decoding=\"async\" width=\"1022\" height=\"720\" src=\"https:\/\/www.efaflex.com\/wp-content\/uploads\/2024\/10\/bios-1022x720.jpg\" class=\"attachment-slider-produktvergleich-full size-slider-produktvergleich-full\" alt=\"\" \/>                                                    <\/div>\r\n                    <\/div>\r\n                                    <div class=\"single-slide\">\r\n                        <div class=\"single-slide-img-area\">\r\n                                                                                                                    <img decoding=\"async\" width=\"1083\" height=\"720\" src=\"https:\/\/www.efaflex.com\/wp-content\/uploads\/2024\/10\/img-1450-1-1083x720.jpg\" class=\"attachment-slider-produktvergleich-full size-slider-produktvergleich-full\" alt=\"\" srcset=\"https:\/\/www.efaflex.com\/wp-content\/uploads\/2024\/10\/img-1450-1-1083x720.jpg 1083w, https:\/\/www.efaflex.com\/wp-content\/uploads\/2024\/10\/img-1450-1-382x254.jpg 382w\" sizes=\"(max-width: 1083px) 100vw, 1083px\" \/>                                                    <\/div>\r\n                    <\/div>\r\n                                    <div class=\"single-slide\">\r\n                        <div class=\"single-slide-img-area\">\r\n                                                                                                                    <img decoding=\"async\" width=\"640\" height=\"480\" src=\"https:\/\/www.efaflex.com\/wp-content\/uploads\/2024\/10\/umcg-6.jpg\" class=\"attachment-slider-produktvergleich-full size-slider-produktvergleich-full\" alt=\"\" srcset=\"https:\/\/www.efaflex.com\/wp-content\/uploads\/2024\/10\/umcg-6.jpg 640w, https:\/\/www.efaflex.com\/wp-content\/uploads\/2024\/10\/umcg-6-300x225.jpg 300w\" sizes=\"(max-width: 640px) 100vw, 640px\" \/>                                                    <\/div>\r\n                    <\/div>\r\n                                    <\/div>\r\n\r\n        <div class=\"single-slide-text-area\">\r\n            <h2>FlexCore Bollard auf einen Blick:<\/h2>\n<ul>\n<li>Stahlkern und Kunststoffring sorgen f\u00fcr max. Absorption der eintretenden Kr\u00e4fte ohne Besch\u00e4digung des Bodens<\/li>\n<li>Polymerschale rotiert frei um den Kern, sodass St\u00f6\u00dfe sicher abgeleitet werden<\/li>\n<li>Keine freiliegenden Beschl\u00e4ge oder Verschraubungen<\/li>\n<li>Einfache und schnelle Installation mit nur drei Betonschrauben<\/li>\n<li>Durchmesser von 131 mm beim FlexCore 4&#8221;<\/li>\n<li>Durchmesser von 182 mm beim FlexCore 6&#8221;<\/li>\n<li>H\u00f6he von 1370 mm<\/li>\n<\/ul>\n        <\/div>\r\n    <\/div>\r\n\r\n    <div class=\"slider-produktvergleich-nav\">\r\n                                    <div class=\"single-nav-slide\">\r\n                                                            <div class=\"img-box\" style=\"background-image: url('https:\/\/www.efaflex.com\/wp-content\/uploads\/2024\/09\/mccue-flexcore-bollard-hero-in-use-4-382x254.jpg')\"><\/div>\r\n                <\/div>\r\n                            <div class=\"single-nav-slide\">\r\n                                                            <div class=\"img-box\" style=\"background-image: url('https:\/\/www.efaflex.com\/wp-content\/uploads\/2024\/10\/bios-382x254.jpg')\"><\/div>\r\n                <\/div>\r\n                            <div class=\"single-nav-slide\">\r\n                                                            <div class=\"img-box\" style=\"background-image: url('https:\/\/www.efaflex.com\/wp-content\/uploads\/2024\/10\/img-1450-1-382x254.jpg')\"><\/div>\r\n                <\/div>\r\n                            <div class=\"single-nav-slide\">\r\n                                                            <div class=\"img-box\" style=\"background-image: url('https:\/\/www.efaflex.com\/wp-content\/uploads\/2024\/10\/umcg-6-382x254.jpg')\"><\/div>\r\n                <\/div>\r\n                        <\/div>\r\n<\/div>\n\n\n<div style=\"height:100px\" aria-hidden=\"true\" class=\"wp-block-spacer\"><\/div>\n\n\n<div id=\"contact-modul-block_50c5aa0e03c144a06c75e9624486dc5e\" class=\"contact-modul contact-modul-thirty\">\r\n    <div class=\"inner\">\r\n        <div class=\"custom-flex-box\">\r\n            <div class=\"flex-box-thirty\">\r\n                                                            <h2>Haben Sie noch<br \/>\r\nFragen?<\/h2>\r\n                                                                        <\/div>\r\n            <div class=\"flex-box-thirty contact-modul--contact\">\r\n                                                            <span>Nehmen Sie Kontakt auf.<\/span>\r\n                        <p>Wir sind f\u00fcr Sie da!<\/p>\r\n                                                                            <a class=\"load-more-button\" href=\"https:\/\/www.efaflex.com\/de\/kontakt\/\" target=\"\">Zum Online-Kontaktformular<\/a>\r\n                                                                        <\/div>\r\n        <\/div>\r\n    <\/div>\r\n<\/div>\n\n\n<div style=\"height:100px\" aria-hidden=\"true\" class=\"wp-block-spacer\"><\/div>\n\n\n<div class=\"inner\">\r\n    <div id=\"bild-text-modul-1-3-block_0e51ed6ae6f0009140ef1fb6af425cf1\" class=\"themen-container custom-flex-box\">\r\n                                    <div class=\"thema-box flex-box-thirty\">\r\n                                            <div class=\"bild-box\">\r\n                                                                                                                    <img decoding=\"async\" width=\"1920\" height=\"966\" src=\"https:\/\/www.efaflex.com\/wp-content\/uploads\/2022\/07\/ausschreibungstexte-schnelllauftore-efaflex.jpg\" class=\"attachment-thementease-thumbnail size-thementease-thumbnail\" alt=\"\" srcset=\"https:\/\/www.efaflex.com\/wp-content\/uploads\/2022\/07\/ausschreibungstexte-schnelllauftore-efaflex.jpg 1920w, https:\/\/www.efaflex.com\/wp-content\/uploads\/2022\/07\/ausschreibungstexte-schnelllauftore-efaflex-300x151.jpg 300w, https:\/\/www.efaflex.com\/wp-content\/uploads\/2022\/07\/ausschreibungstexte-schnelllauftore-efaflex-768x386.jpg 768w, https:\/\/www.efaflex.com\/wp-content\/uploads\/2022\/07\/ausschreibungstexte-schnelllauftore-efaflex-1024x515.jpg 1024w, https:\/\/www.efaflex.com\/wp-content\/uploads\/2022\/07\/ausschreibungstexte-schnelllauftore-efaflex-1536x773.jpg 1536w\" sizes=\"(max-width: 1920px) 100vw, 1920px\" \/>                                                    <\/div>\r\n                                            \r\n                                                                <h2 class=\"headline-two\">\r\n                                                        Ausschreibungstext                        <\/h2>\r\n                    \r\n                        <p class=\"normal-font\"><\/p>\r\n                                                                                                                                                                                                    \r\n                                      <a href=\"https:\/\/www.efaflex.com\/wp-content\/uploads\/2025\/07\/Peripherie.zip\" class=\"load-more-button\">\r\n                                          PDF herunterladen                                      <\/a>\r\n\r\n                                    \r\n                                                                                                    <\/div>\r\n                            <div class=\"thema-box flex-box-thirty\">\r\n                                            <div class=\"bild-box\">\r\n                                                                                                                    <img decoding=\"async\" width=\"1920\" height=\"1667\" src=\"https:\/\/www.efaflex.com\/wp-content\/uploads\/2022\/07\/titelbild-welt-der-tore-prospekt.jpg\" class=\"attachment-thementease-thumbnail size-thementease-thumbnail\" alt=\"\" srcset=\"https:\/\/www.efaflex.com\/wp-content\/uploads\/2022\/07\/titelbild-welt-der-tore-prospekt.jpg 1920w, https:\/\/www.efaflex.com\/wp-content\/uploads\/2022\/07\/titelbild-welt-der-tore-prospekt-300x260.jpg 300w, https:\/\/www.efaflex.com\/wp-content\/uploads\/2022\/07\/titelbild-welt-der-tore-prospekt-1024x889.jpg 1024w, https:\/\/www.efaflex.com\/wp-content\/uploads\/2022\/07\/titelbild-welt-der-tore-prospekt-768x667.jpg 768w, https:\/\/www.efaflex.com\/wp-content\/uploads\/2022\/07\/titelbild-welt-der-tore-prospekt-1536x1334.jpg 1536w\" sizes=\"(max-width: 1920px) 100vw, 1920px\" \/>                                                    <\/div>\r\n                                            \r\n                                                                <h2 class=\"headline-two\">\r\n                                                        Produktbrosch\u00fcre                        <\/h2>\r\n                    \r\n                        <p class=\"normal-font\"><\/p>\r\n                                                                                                                                                                                                    \r\n                                      <a href=\"https:\/\/www.efaflex.com\/wp-content\/uploads\/2024\/10\/EFX241017_EFA_FlexCorePoller_Onepager_DE.pdf\" class=\"load-more-button\">\r\n                                          PDF herunterladen                                      <\/a>\r\n\r\n                                    \r\n                                                                                                    <\/div>\r\n                        <\/div>\r\n<\/div>\r\n\n\n\n<div style=\"height:100px\" aria-hidden=\"true\" class=\"wp-block-spacer\"><\/div>\n\n\n\r\n\r\n<div id=\"bild-text-modul-rechts-zweizeilig-block_8ee82031a7c3bfe2805573482cfddaa7\" class=\"bild-text-modul-zweizeilig-container\">\r\n            \r\n\r\n\r\n            \r\n                                    \r\n                            <div class=\"bild-text-modul-rechts-zweizeilig bild-text-modul-zweizeilig\">\r\n                                <div class=\"custom-flex-box-no-margin\">\r\n                                    <div class=\"flex-box-fifty-no-margin text-container\">\r\n                                        <div class=\"text-container-flex\">\r\n                                            <div class=\"text-inner\">\r\n\r\n                                                                                                                                                            <div class=\"text-left-border\">\r\n                                                            <div class=\"text-cut\">\r\n                                                                                                                                    <span>Service<\/span>\r\n                                                                \r\n                                                                                                                                    <h3 class=\"headline-two medium-h2\">Wir setzen h\u00f6chste Ma\u00dfst\u00e4be f\u00fcr Service.<\/h3>                                                                \r\n<!--                                                                <h2 class=\"medium-h2\">--><!--<\/h2>-->\r\n                                                                <p class=\"normal-font full-text\">Der Kunde steht bei uns an erster Stelle. Deswegen ist guter Service f\u00fcr uns als Premium-Anbieter von Schnelllauftoren selbstverst\u00e4ndlich. Perfekt geschulte Servicemitarbeiter und eigene Servicetechniker mit bestens ausgestatteten Servicefahrzeugen helfen Ihnen schnell, l\u00f6sungsorientiert und zuverl\u00e4ssig weiter. Ob Wartung, Instandhaltung, Reparatur oder Lieferungen von Ersatzteilen: Unser Serviceteam ist weltweit im Einsatz und sorgt daf\u00fcr, dass Ihre Tore jederzeit einsatzbereit bleiben .<\/p>\r\n                                                            <\/div>\r\n                                                            <div class=\"button-box\">\r\n                                                                                                                                                                                                    <a href=\"https:\/\/www.efaflex.com\/de\/service\/\" target=\"\" class=\"load-more-button\">\r\n                                                                        Mehr erfahren                                                                    <\/a>\r\n                                                                                                                            <\/div>\r\n                                                        <\/div>\r\n                                                                                                    \r\n                                            <\/div>\r\n                                        <\/div>\r\n                                    <\/div>\r\n                                    <div class=\"flex-box-fifty-no-margin bild-container\">\r\n                                                                                                                                                                                                                                                                                        <img decoding=\"async\" width=\"1430\" height=\"825\" src=\"https:\/\/www.efaflex.com\/wp-content\/uploads\/2022\/06\/7I2A7292-e1704202834570.jpg\" class=\"attachment-full size-full\" alt=\"\" srcset=\"https:\/\/www.efaflex.com\/wp-content\/uploads\/2022\/06\/7I2A7292-e1704202834570.jpg 1430w, https:\/\/www.efaflex.com\/wp-content\/uploads\/2022\/06\/7I2A7292-e1704202834570-300x173.jpg 300w, https:\/\/www.efaflex.com\/wp-content\/uploads\/2022\/06\/7I2A7292-e1704202834570-768x443.jpg 768w, https:\/\/www.efaflex.com\/wp-content\/uploads\/2022\/06\/7I2A7292-e1704202834570-1024x591.jpg 1024w\" sizes=\"(max-width: 1430px) 100vw, 1430px\" \/>                                                                                                                                                                        <\/div>\r\n                                <\/div>\r\n                            <\/div>\r\n                                    \r\n            \r\n\r\n        \r\n\r\n\r\n    <\/div>\n\n\n<div style=\"height:100px\" aria-hidden=\"true\" class=\"wp-block-spacer\"><\/div>\n\n\n<div class=\"inner\">\r\n    <div id=\"bild-text-modul-1-3-block_d44cdd92239df306ac521d5fa5c56796\" class=\"themen-container custom-flex-box\">\r\n                                    <div class=\"thema-box flex-box-thirty\">\r\n                                            <div class=\"bild-box\">\r\n                                                                                                                    <img decoding=\"async\" width=\"517\" height=\"306\" src=\"https:\/\/www.efaflex.com\/wp-content\/uploads\/2023\/07\/referenzen-schnelllauftor-grau-efaflex-quicklink.jpg\" class=\"attachment-thementease-thumbnail size-thementease-thumbnail\" alt=\"\" srcset=\"https:\/\/www.efaflex.com\/wp-content\/uploads\/2023\/07\/referenzen-schnelllauftor-grau-efaflex-quicklink.jpg 517w, https:\/\/www.efaflex.com\/wp-content\/uploads\/2023\/07\/referenzen-schnelllauftor-grau-efaflex-quicklink-300x178.jpg 300w\" sizes=\"(max-width: 517px) 100vw, 517px\" \/>                                                    <\/div>\r\n                                            \r\n                                                                <h2 class=\"headline-two\">\r\n                                                        Referenzen                        <\/h2>\r\n                    \r\n                        <p class=\"normal-font\">EFAFLEX ist eine weltweit anerkannte Marke nicht nur im Bereich Schnelllauftore. National und international f\u00fchrende Unternehmen aus allen Branchen vertrauen auf unsere Produkte.<\/p>\r\n                                                                                                                                                                                                        <a href=\"https:\/\/www.efaflex.com\/de\/schnelllauftore\/referenzen\/\" class=\"load-more-button\">Mehr erfahren<\/a>\r\n                                                                                                                                    <\/div>\r\n                            <div class=\"thema-box flex-box-thirty\">\r\n                                            <div class=\"bild-box\">\r\n                                                                                                                    <img decoding=\"async\" width=\"1920\" height=\"966\" src=\"https:\/\/www.efaflex.com\/wp-content\/uploads\/2022\/07\/ausschreibungstexte-schnelllauftore-efaflex.jpg\" class=\"attachment-thementease-thumbnail size-thementease-thumbnail\" alt=\"\" srcset=\"https:\/\/www.efaflex.com\/wp-content\/uploads\/2022\/07\/ausschreibungstexte-schnelllauftore-efaflex.jpg 1920w, https:\/\/www.efaflex.com\/wp-content\/uploads\/2022\/07\/ausschreibungstexte-schnelllauftore-efaflex-300x151.jpg 300w, https:\/\/www.efaflex.com\/wp-content\/uploads\/2022\/07\/ausschreibungstexte-schnelllauftore-efaflex-768x386.jpg 768w, https:\/\/www.efaflex.com\/wp-content\/uploads\/2022\/07\/ausschreibungstexte-schnelllauftore-efaflex-1024x515.jpg 1024w, https:\/\/www.efaflex.com\/wp-content\/uploads\/2022\/07\/ausschreibungstexte-schnelllauftore-efaflex-1536x773.jpg 1536w\" sizes=\"(max-width: 1920px) 100vw, 1920px\" \/>                                                    <\/div>\r\n                                            \r\n                                                                <h2 class=\"headline-two\">\r\n                                                        Ausschreibungstexte                        <\/h2>\r\n                    \r\n                        <p class=\"normal-font\">Architekten und Planern stellen wir detaillierte Ausschreibungstexte unserer Produkte zur Verf\u00fcgung. Erg\u00e4nzen Sie nur Durchfahrtsh\u00f6he, Durchfahrtsbreite, Farbe oder Motoranordnung.<\/p>\r\n                                                                                                                                                                                                        <a href=\"https:\/\/www.efaflex.com\/de\/service\/architekten-service\/\" class=\"load-more-button\">Mehr erfahren<\/a>\r\n                                                                                                                                    <\/div>\r\n                        <\/div>\r\n<\/div>\r\n\n\n\n<div style=\"height:100px\" aria-hidden=\"true\" class=\"wp-block-spacer\"><\/div>\n","protected":false},"excerpt":{"rendered":"","protected":false},"featured_media":27221,"template":"","produktdetails":[777,40],"produktfinder":[],"cad-bim-finder":[],"class_list":["post-26073","produktdetail","type-produktdetail","status-publish","has-post-thumbnail","hentry","produktdetails-anfahrschutz","produktdetails-peripherie-zubehoer"],"acf":[],"_links":{"self":[{"href":"https:\/\/www.efaflex.com\/de\/wp-json\/wp\/v2\/produktdetail\/26073","targetHints":{"allow":["GET"]}}],"collection":[{"href":"https:\/\/www.efaflex.com\/de\/wp-json\/wp\/v2\/produktdetail"}],"about":[{"href":"https:\/\/www.efaflex.com\/de\/wp-json\/wp\/v2\/types\/produktdetail"}],"version-history":[{"count":19,"href":"https:\/\/www.efaflex.com\/de\/wp-json\/wp\/v2\/produktdetail\/26073\/revisions"}],"predecessor-version":[{"id":35632,"href":"https:\/\/www.efaflex.com\/de\/wp-json\/wp\/v2\/produktdetail\/26073\/revisions\/35632"}],"wp:featuredmedia":[{"embeddable":true,"href":"https:\/\/www.efaflex.com\/de\/wp-json\/wp\/v2\/media\/27221"}],"wp:attachment":[{"href":"https:\/\/www.efaflex.com\/de\/wp-json\/wp\/v2\/media?parent=26073"}],"wp:term":[{"taxonomy":"produktdetails","embeddable":true,"href":"https:\/\/www.efaflex.com\/de\/wp-json\/wp\/v2\/produktdetails?post=26073"},{"taxonomy":"produktfinder","embeddable":true,"href":"https:\/\/www.efaflex.com\/de\/wp-json\/wp\/v2\/produktfinder?post=26073"},{"taxonomy":"cad-bim-finder","embeddable":true,"href":"https:\/\/www.efaflex.com\/de\/wp-json\/wp\/v2\/cad-bim-finder?post=26073"}],"curies":[{"name":"wp","href":"https:\/\/api.w.org\/{rel}","templated":true}]}}