{"id":21130,"date":"2022-05-10T11:32:26","date_gmt":"2022-05-10T09:32:26","guid":{"rendered":"https:\/\/www.efaflex.com\/service\/service-germany\/"},"modified":"2025-07-24T15:09:02","modified_gmt":"2025-07-24T13:09:02","slug":"service-allemagne","status":"publish","type":"page","link":"https:\/\/www.efaflex.com\/fr\/service-apres-vente\/service-allemagne\/","title":{"rendered":"Service Allemagne"},"content":{"rendered":"\r\n<script type=\"application\/javascript\">\r\n    window.addEventListener('DOMContentLoaded', function() {\r\n        jQuery(document).ready(function($){\r\n            var sliderid = \"block_9fc773f8992e66cd35089a31945865f1\";\r\n            $('#'+sliderid).slick({\r\n                infinite: true,\r\n                dots: false,\r\n                lazyLoad: 'ondemand',\r\n                autoplay: false,\r\n                arrows: true,\r\n                fade: true,\r\n                speed: 500,\r\n                pauseOnHover: false,\r\n                prevArrow: '<div class=\"slick-prev slick-button\"><svg xmlns=\"http:\/\/www.w3.org\/2000\/svg\" viewBox=\"0 0 448 512\"><!--! Font Awesome Pro 6.1.1 by @fontawesome - https:\/\/fontawesome.com License - https:\/\/fontawesome.com\/license (Commercial License) Copyright 2022 Fonticons, Inc. --><path d=\"M77.25 256l137.4-137.4c12.5-12.5 12.5-32.75 0-45.25s-32.75-12.5-45.25 0l-160 160c-12.5 12.5-12.5 32.75 0 45.25l160 160C175.6 444.9 183.8 448 192 448s16.38-3.125 22.62-9.375c12.5-12.5 12.5-32.75 0-45.25L77.25 256zM269.3 256l137.4-137.4c12.5-12.5 12.5-32.75 0-45.25s-32.75-12.5-45.25 0l-160 160c-12.5 12.5-12.5 32.75 0 45.25l160 160C367.6 444.9 375.8 448 384 448s16.38-3.125 22.62-9.375c12.5-12.5 12.5-32.75 0-45.25L269.3 256z\"\/><\/svg><\/div>',\r\n                nextArrow: '<div class=\"slick-next slick-button\"><svg xmlns=\"http:\/\/www.w3.org\/2000\/svg\" viewBox=\"0 0 448 512\"><!--! Font Awesome Pro 6.1.1 by @fontawesome - https:\/\/fontawesome.com License - https:\/\/fontawesome.com\/license (Commercial License) Copyright 2022 Fonticons, Inc. --><path fill=\"ff0000\" style=\"height: 22px\" d=\"M246.6 233.4l-160-160c-12.5-12.5-32.75-12.5-45.25 0s-12.5 32.75 0 45.25L178.8 256l-137.4 137.4c-12.5 12.5-12.5 32.75 0 45.25C47.63 444.9 55.81 448 64 448s16.38-3.125 22.62-9.375l160-160C259.1 266.1 259.1 245.9 246.6 233.4zM438.6 233.4l-160-160c-12.5-12.5-32.75-12.5-45.25 0s-12.5 32.75 0 45.25L370.8 256l-137.4 137.4c-12.5 12.5-12.5 32.75 0 45.25C239.6 444.9 247.8 448 256 448s16.38-3.125 22.62-9.375l160-160C451.1 266.1 451.1 245.9 438.6 233.4z\"\/><\/svg><\/div>',\r\n            });\r\n        });\r\n    });\r\n<\/script>\r\n\r\n<div id=\"block_9fc773f8992e66cd35089a31945865f1\" class=\"bild-video-text-slider block-header-bild-video-text-slider\">\r\n                        <div>\r\n                <div class=\"bild-video-text-slider--slide\">\r\n                                            <div class=\"img-vid-box\">\r\n                            <div class=\"img-sizer\">\r\n                                <img decoding=\"async\" width=\"1920\" height=\"800\" src=\"https:\/\/www.efaflex.com\/wp-content\/uploads\/2024\/01\/7I2A7292-1920x800.jpg\" class=\"attachment-image-big size-image-big\" alt=\"\" \/>                            <\/div>\r\n                        <\/div>\r\n                        <div class=\"video-text\">\r\n                            <h1>Une \u00e9quipe sur laquelle vous pouvez <span class=\"highlighted\">compter.<\/span><\/h1>\n                        <\/div>\r\n                                    <\/div>\r\n\r\n            <\/div>\r\n            <\/div>\n\n\r\n\r\n<div id=\"breadcrump-block_4f8f1659daf65fbd0d4da1e15905a07c\" class=\"inner\">\r\n        <nav class=\"breadcrumb\"><a href=\"https:\/\/www.efaflex.com\/fr\/\">Page d&#8217;accueil<\/a> \/ <span class=\"current-page\">Page<\/span><\/nav>    <\/div>\n\n\n<div style=\"height:100px\" aria-hidden=\"true\" class=\"wp-block-spacer\"><\/div>\n\n\n\r\n<div id=\"headline-modul-block_9bb1b787df710be4c2d23d7b13a4edfe\" class=\"headline-modul inner\">\r\n    <div class=\"headline-modul--flex\">\r\n        <div class=\"headline-modul--left\">\r\n       <img decoding=\"async\" src=\"https:\/\/www.efaflex.com\/wp-content\/themes\/efaflex\/assets\/img\/efaflex-50-jahre-erfolg.svg\" alt=\"50 Jahre EFAFLEX Schnelllauftore\">\r\n            <span><\/span>\r\n        <\/div>\r\n        <div class=\"headline-modul--right\">\r\n                                                                                        <div class=\"custom-flex-box small hidden-mobile\">\r\n                                <h2 class=\"flex-box-fifty\">La philosophie du service apr\u00e8s-vente d\u2019EFAFLEX.<\/h2>\r\n                                <p class=\"flex-box-fifty\">Le partenaire ad\u00e9quat qui vous accompagne tout au long du processus de planification, qui trouve les solutions et qui rel\u00e8ve tous les d\u00e9fis, qui vous d\u00e9charge de certaines t\u00e2ches et vous procure un sentiment de s\u00e9curit\u00e9, un partenaire joignable 24 heures sur 24 : ce partenaire s\u2019appelle EFAFLEX. Notre \u00e9quipe de service apr\u00e8s-vente en Allemagne est constitu\u00e9e exclusivement de nos techniciens et techniciennes de service. Nous vous proposons un forfait tout compris pour vos portes, quel que soit le fabricant, conform\u00e9ment \u00e0 la philosophie d\u2019EFAFLEX : SERVICE APR\u00c8S-VENTE TOUT-EN-UN fiable. Nous sommes les pros sur le march\u00e9 m\u00eame pour les solutions particuli\u00e8res gr\u00e2ce \u00e0 notre gamme de produits ainsi qu\u2019\u00e0 la formation compl\u00e8te et permanente de nos techniciens de service.<\/p>\r\n                            <\/div>\r\n                                                                    <\/div>\r\n        <div class=\"headline-modul--text\">\r\n                                                                        <div class=\"custom-flex-box small\">\r\n                            <h2 class=\"flex-box-fifty\">La philosophie du service apr\u00e8s-vente d\u2019EFAFLEX.<\/h2>\r\n                            <p class=\"flex-box-fifty\">Le partenaire ad\u00e9quat qui vous accompagne tout au long du processus de planification, qui trouve les solutions et qui rel\u00e8ve tous les d\u00e9fis, qui vous d\u00e9charge de certaines t\u00e2ches et vous procure un sentiment de s\u00e9curit\u00e9, un partenaire joignable 24 heures sur 24 : ce partenaire s\u2019appelle EFAFLEX. Notre \u00e9quipe de service apr\u00e8s-vente en Allemagne est constitu\u00e9e exclusivement de nos techniciens et techniciennes de service. Nous vous proposons un forfait tout compris pour vos portes, quel que soit le fabricant, conform\u00e9ment \u00e0 la philosophie d\u2019EFAFLEX : SERVICE APR\u00c8S-VENTE TOUT-EN-UN fiable. Nous sommes les pros sur le march\u00e9 m\u00eame pour les solutions particuli\u00e8res gr\u00e2ce \u00e0 notre gamme de produits ainsi qu\u2019\u00e0 la formation compl\u00e8te et permanente de nos techniciens de service.<\/p>\r\n                        <\/div>\r\n                                                        <\/div>\r\n    <\/div>\r\n<\/div>\r\n\n\n\n<div style=\"height:200px\" aria-hidden=\"true\" class=\"wp-block-spacer\"><\/div>\n\n\n\r\n<div id=\"bild-modul-1-3-quicklink-block_21f059aeadd4965e742a470e92bff020\" class=\"bild-modul-1-3-quicklink\">\r\n    <div class=\"inner\">\r\n                <div class=\"custom-flex-box\">\r\n                                                                                                                                    <div class=\"flex-box-thirty bild-modul\">\r\n                                                                                                                    <a class=\"bild-link\" href=\"https:\/\/www.efaflex.com\/fr\/service-apres-vente\/service-allemagne\/assistance-telephonique-aide\/\">\r\n                                                                                                                                                                                                            <img decoding=\"async\" width=\"382\" height=\"538\" src=\"https:\/\/www.efaflex.com\/wp-content\/uploads\/2022\/07\/Rectangle-472.jpg\" class=\"attachment-bild-modul-1-3-quicklink size-bild-modul-1-3-quicklink\" alt=\"\" srcset=\"https:\/\/www.efaflex.com\/wp-content\/uploads\/2022\/07\/Rectangle-472.jpg 382w, https:\/\/www.efaflex.com\/wp-content\/uploads\/2022\/07\/Rectangle-472-213x300.jpg 213w\" sizes=\"(max-width: 382px) 100vw, 382px\" \/>                                                                                <h2>Hotline et assistance<\/h2>\r\n                                                                                    <div class=\"bild-modul-1-3-quicklink--linktext load-more-button\">\r\n                                               En savoir plus                                            <\/div>\r\n                                                                                <div class=\"bild-modul-1-3-quicklink--background\"><\/div>\r\n                                                                                         <\/a>\r\n                                                                            <\/div>\r\n                                                    \r\n                                                                                                                                                <div class=\"flex-box-thirty bild-modul\">\r\n                                                                                                                    <a class=\"bild-link\" href=\"https:\/\/www.efaflex.com\/fr\/service-apres-vente\/service-allemagne\/reparation-et-depannage\/\">\r\n                                                                                                                                                                                                            <img decoding=\"async\" width=\"382\" height=\"538\" src=\"https:\/\/www.efaflex.com\/wp-content\/uploads\/2022\/07\/Rectangle-473.jpg\" class=\"attachment-bild-modul-1-3-quicklink size-bild-modul-1-3-quicklink\" alt=\"\" srcset=\"https:\/\/www.efaflex.com\/wp-content\/uploads\/2022\/07\/Rectangle-473.jpg 382w, https:\/\/www.efaflex.com\/wp-content\/uploads\/2022\/07\/Rectangle-473-213x300.jpg 213w\" sizes=\"(max-width: 382px) 100vw, 382px\" \/>                                                                                <h2>R\u00e9paration &amp; d\u00e9pannage<\/h2>\r\n                                                                                    <div class=\"bild-modul-1-3-quicklink--linktext load-more-button\">\r\n                                               En savoir plus                                            <\/div>\r\n                                                                                <div class=\"bild-modul-1-3-quicklink--background\"><\/div>\r\n                                                                                         <\/a>\r\n                                                                            <\/div>\r\n                                                    \r\n                                                                                                                                                <div class=\"flex-box-thirty bild-modul\">\r\n                                                                                                                    <a class=\"bild-link\" href=\"https:\/\/www.efaflex.com\/fr\/service-apres-vente\/service-allemagne\/conseils-sur-place\/\">\r\n                                                                                                                                                                                                            <img decoding=\"async\" width=\"382\" height=\"538\" src=\"https:\/\/www.efaflex.com\/wp-content\/uploads\/2022\/07\/Rectangle-474-1.jpg\" class=\"attachment-bild-modul-1-3-quicklink size-bild-modul-1-3-quicklink\" alt=\"\" srcset=\"https:\/\/www.efaflex.com\/wp-content\/uploads\/2022\/07\/Rectangle-474-1.jpg 382w, https:\/\/www.efaflex.com\/wp-content\/uploads\/2022\/07\/Rectangle-474-1-213x300.jpg 213w\" sizes=\"(max-width: 382px) 100vw, 382px\" \/>                                                                                <h2>Conseils sur place<\/h2>\r\n                                                                                    <div class=\"bild-modul-1-3-quicklink--linktext load-more-button\">\r\n                                               En savoir plus                                            <\/div>\r\n                                                                                <div class=\"bild-modul-1-3-quicklink--background\"><\/div>\r\n                                                                                         <\/a>\r\n                                                                            <\/div>\r\n                                                    \r\n                                                                                                                                                <div class=\"flex-box-thirty bild-modul\">\r\n                                                                                                                    <a class=\"bild-link\" href=\"https:\/\/www.efaflex.com\/fr\/service-apres-vente\/service-allemagne\/pieces-de-rechange\/\">\r\n                                                                                                                                                                                                            <img decoding=\"async\" width=\"382\" height=\"538\" src=\"https:\/\/www.efaflex.com\/wp-content\/uploads\/2022\/07\/Rectangle-475.jpg\" class=\"attachment-bild-modul-1-3-quicklink size-bild-modul-1-3-quicklink\" alt=\"\" srcset=\"https:\/\/www.efaflex.com\/wp-content\/uploads\/2022\/07\/Rectangle-475.jpg 382w, https:\/\/www.efaflex.com\/wp-content\/uploads\/2022\/07\/Rectangle-475-213x300.jpg 213w\" sizes=\"(max-width: 382px) 100vw, 382px\" \/>                                                                                <h2>Pi\u00e8ces de rechange<\/h2>\r\n                                                                                    <div class=\"bild-modul-1-3-quicklink--linktext load-more-button\">\r\n                                               En savoir plus                                            <\/div>\r\n                                                                                <div class=\"bild-modul-1-3-quicklink--background\"><\/div>\r\n                                                                                         <\/a>\r\n                                                                            <\/div>\r\n                                                    \r\n                                                                                                                                                <div class=\"flex-box-thirty bild-modul\">\r\n                                                                                                                    <a class=\"bild-link\" href=\"https:\/\/www.efaflex.com\/fr\/service-apres-vente\/service-allemagne\/maintenance-et-controle\/\">\r\n                                                                                                                                                                                                            <img decoding=\"async\" width=\"382\" height=\"538\" src=\"https:\/\/www.efaflex.com\/wp-content\/uploads\/2022\/07\/Rectangle-476.jpg\" class=\"attachment-bild-modul-1-3-quicklink size-bild-modul-1-3-quicklink\" alt=\"\" srcset=\"https:\/\/www.efaflex.com\/wp-content\/uploads\/2022\/07\/Rectangle-476.jpg 382w, https:\/\/www.efaflex.com\/wp-content\/uploads\/2022\/07\/Rectangle-476-213x300.jpg 213w\" sizes=\"(max-width: 382px) 100vw, 382px\" \/>                                                                                <h2>Maintenance &amp; contr\u00f4le<\/h2>\r\n                                                                                    <div class=\"bild-modul-1-3-quicklink--linktext load-more-button\">\r\n                                               En savoir plus                                            <\/div>\r\n                                                                                <div class=\"bild-modul-1-3-quicklink--background\"><\/div>\r\n                                                                                         <\/a>\r\n                                                                            <\/div>\r\n                                                    \r\n                                                                                                                                                <div class=\"flex-box-thirty bild-modul\">\r\n                                                                                                                    <a class=\"bild-link\" href=\"https:\/\/www.efaflex.com\/fr\/service-apres-vente\/service-allemagne\/formation-portes-de-protection-des-machines\/\">\r\n                                                                                                                                                                                                            <img decoding=\"async\" width=\"382\" height=\"538\" src=\"https:\/\/www.efaflex.com\/wp-content\/uploads\/2022\/07\/Rectangle-479.jpg\" class=\"attachment-bild-modul-1-3-quicklink size-bild-modul-1-3-quicklink\" alt=\"\" srcset=\"https:\/\/www.efaflex.com\/wp-content\/uploads\/2022\/07\/Rectangle-479.jpg 382w, https:\/\/www.efaflex.com\/wp-content\/uploads\/2022\/07\/Rectangle-479-213x300.jpg 213w\" sizes=\"(max-width: 382px) 100vw, 382px\" \/>                                                                                <h2>Formation sur les portes de protection pour machines<\/h2>\r\n                                                                                    <div class=\"bild-modul-1-3-quicklink--linktext load-more-button\">\r\n                                               En savoir plus                                            <\/div>\r\n                                                                                <div class=\"bild-modul-1-3-quicklink--background\"><\/div>\r\n                                                                                         <\/a>\r\n                                                                            <\/div>\r\n                                                    \r\n                                                            <\/div>\r\n    <\/div>\r\n<\/div>\n\n\n<div style=\"height:200px\" aria-hidden=\"true\" class=\"wp-block-spacer\"><\/div>\n\n\n\r\n\r\n\r\n<div  id=\"ansprechpartner\"    class=\"ansprechpartner-suche-container plz-schnellsuche\">\r\n    <div class=\"inner\">\r\n        <div class=\"flex-box\">\r\n            <div class=\"left-box\">\r\n                                                            <h2>Trouver rapidement<br \/>\r\nle bon interlocuteur<\/h2>\r\n                        <input id=\"postalsearch\" type=\"search\" placeholder=\"code zip\"\r\n                               maxlength=\"5\">\r\n                        <div class=\"button-area\">\r\n                            <a id=\"loadmorebutton\"\r\n                               class=\"load-more-button\">Trouver maintenant<\/a>\r\n                        <\/div>\r\n                                                <\/div>\r\n            <div class=\"right-box\">\r\n                                                                    <img decoding=\"async\" width=\"400\" height=\"542\" src=\"https:\/\/www.efaflex.com\/wp-content\/uploads\/2022\/06\/service-allemand.png\" class=\"attachment-full size-full\" alt=\"\" srcset=\"https:\/\/www.efaflex.com\/wp-content\/uploads\/2022\/06\/service-allemand.png 400w, https:\/\/www.efaflex.com\/wp-content\/uploads\/2022\/06\/service-allemand-221x300.png 221w\" sizes=\"(max-width: 400px) 100vw, 400px\" \/>                            <\/div>\r\n        <\/div>\r\n    <\/div>\r\n<\/div>\r\n\r\n\r\n\r\n\r\n\r\n        <div class=\"inner\">\r\n            <div class=\"zweispaltig-bild-text-modul custom-flex-box\">\r\n                <h2 class=\"standhl\" style=\"display:none;\">Service<\/h2>\r\n            <\/div>\r\n        <\/div>\r\n\r\n        <div class=\"inner\">\r\n            <div class=\"standorte_plz custom-flex-box\">\r\n                                        <div class=\"flex-box-thirty standort_plz\" data-postal='[{\"von\":\"84000\",\"bis\":\"84109\"},{\"von\":\"84120\",\"bis\":\"84189\"},{\"von\":\"84300\",\"bis\":\"84389\"},{\"von\":\"85000\",\"bis\":\"85044\"},{\"von\":\"85046\",\"bis\":\"85139\"},{\"von\":\"85260\",\"bis\":\"85469\"},{\"von\":\"93000\",\"bis\":\"93109\"},{\"von\":\"93120\",\"bis\":\"93199\"},{\"von\":\"93300\",\"bis\":\"93359\"},{\"von\":\"93400\",\"bis\":\"93499\"},{\"von\":\"94000\",\"bis\":\"94169\"},{\"von\":\"94200\",\"bis\":\"94269\"},{\"von\":\"94300\",\"bis\":\"94379\"},{\"von\":\"94400\",\"bis\":\"94579\"}]'>\r\n                            <span class=\"htitle\">Back office<\/span>\r\n                                                            <p>\r\n                                    <strong>\r\n                                        Vos interlocuteurs pour les demandes et commandes de pi\u00e8ces de rechange et de prestations de service                                    <\/strong>\r\n                                <\/p>\r\n                                                        <p>\r\n                                                                                                    Bureau de service apr\u00e8s-vente Sud-Est<br>\r\n                                                                                                84079 Bruckberg                            <\/p>\r\n\r\n                                                            <p>\r\n                                                                    <span class=\"cb-icon cb-icon-phone\"><a href=\"tel:+49876582444\">+49876582444<\/a><\/span>\r\n                                                                                                                                <\/p>\r\n                                                                                        <p>\r\n                                                                    <span class=\"cb-icon cb-icon-email\"><a href=\"mailto:service.bb@efaflex.com\">service.bb@efaflex.com<\/a><\/span>\r\n                                \r\n                                                                <\/p>\r\n                                                    <\/div>\r\n                                                <div class=\"flex-box-thirty standort_plz\" data-postal='[{\"von\":\"73470\",\"bis\":\"73499\"},{\"von\":\"74000\",\"bis\":\"74259\"},{\"von\":\"74550\",\"bis\":\"74679\"},{\"von\":\"74700\",\"bis\":\"74749\"},{\"von\":\"90000\",\"bis\":\"90619\"},{\"von\":\"90700\",\"bis\":\"90769\"},{\"von\":\"91100\",\"bis\":\"91249\"},{\"von\":\"91400\",\"bis\":\"91489\"},{\"von\":\"91500\",\"bis\":\"91639\"},{\"von\":\"91700\",\"bis\":\"91809\"},{\"von\":\"92200\",\"bis\":\"92289\"},{\"von\":\"92300\",\"bis\":\"92369\"},{\"von\":\"92400\",\"bis\":\"92449\"},{\"von\":\"92500\",\"bis\":\"92559\"},{\"von\":\"92600\",\"bis\":\"92729\"},{\"von\":\"97860\",\"bis\":\"97999\"}]'>\r\n                            <span class=\"htitle\">Back office<\/span>\r\n                                                            <p>\r\n                                    <strong>\r\n                                        Vos interlocuteurs pour les demandes et commandes de pi\u00e8ces de rechange et de prestations de service                                    <\/strong>\r\n                                <\/p>\r\n                                                        <p>\r\n                                                                                                    Bureau de service apr\u00e8s-vente Sud-Est<br>\r\n                                                                                                84079 Bruckberg                            <\/p>\r\n\r\n                                                            <p>\r\n                                                                    <span class=\"cb-icon cb-icon-phone\"><a href=\"tel:+49876582444\">+49876582444<\/a><\/span>\r\n                                                                                                                                <\/p>\r\n                                                                                        <p>\r\n                                                                    <span class=\"cb-icon cb-icon-email\"><a href=\"mailto:service.bb@efaflex.com\">service.bb@efaflex.com<\/a><\/span>\r\n                                \r\n                                                                <\/p>\r\n                                                    <\/div>\r\n                                                <div class=\"flex-box-thirty standort_plz\" data-postal='[{\"von\":\"91000\",\"bis\":\"91099\"},{\"von\":\"91250\",\"bis\":\"91369\"},{\"von\":\"95000\",\"bis\":\"95239\"},{\"von\":\"95300\",\"bis\":\"95369\"},{\"von\":\"95400\",\"bis\":\"95519\"},{\"von\":\"95600\",\"bis\":\"95709\"},{\"von\":\"96000\",\"bis\":\"96279\"},{\"von\":\"96300\",\"bis\":\"96369\"},{\"von\":\"96400\",\"bis\":\"96489\"},{\"von\":\"97000\",\"bis\":\"97359\"},{\"von\":\"97400\",\"bis\":\"97539\"},{\"von\":\"97600\",\"bis\":\"97859\"}]'>\r\n                            <span class=\"htitle\">Back office<\/span>\r\n                                                            <p>\r\n                                    <strong>\r\n                                        Vos interlocuteurs pour les demandes et commandes de pi\u00e8ces de rechange et de prestations de service                                    <\/strong>\r\n                                <\/p>\r\n                                                        <p>\r\n                                                                                                    Bureau de service apr\u00e8s-vente Sud-Est<br>\r\n                                                                                                84079 Bruckberg                            <\/p>\r\n\r\n                                                            <p>\r\n                                                                    <span class=\"cb-icon cb-icon-phone\"><a href=\"tel:+49876582444\">+49876582444<\/a><\/span>\r\n                                                                                                                                <\/p>\r\n                                                                                        <p>\r\n                                                                    <span class=\"cb-icon cb-icon-email\"><a href=\"mailto:service.bb@efaflex.com\">service.bb@efaflex.com<\/a><\/span>\r\n                                \r\n                                                                <\/p>\r\n                                                    <\/div>\r\n                                                <div class=\"flex-box-thirty standort_plz\" data-postal='[{\"von\":\"80001\",\"bis\":\"80999\"},{\"von\":\"81201\",\"bis\":\"81249\"},{\"von\":\"81301\",\"bis\":\"81379\"},{\"von\":\"81451\",\"bis\":\"81479\"},{\"von\":\"81501\",\"bis\":\"81549\"},{\"von\":\"81601\",\"bis\":\"81679\"},{\"von\":\"81701\",\"bis\":\"81739\"},{\"von\":\"81801\",\"bis\":\"81829\"},{\"von\":\"81901\",\"bis\":\"81929\"},{\"von\":\"82000\",\"bis\":\"82069\"},{\"von\":\"82100\",\"bis\":\"82239\"},{\"von\":\"82300\",\"bis\":\"82549\"},{\"von\":\"83000\",\"bis\":\"83139\"},{\"von\":\"83200\",\"bis\":\"83489\"},{\"von\":\"83500\",\"bis\":\"83569\"},{\"von\":\"83600\",\"bis\":\"83739\"},{\"von\":\"84400\",\"bis\":\"84579\"},{\"von\":\"85200\",\"bis\":\"85259\"},{\"von\":\"85500\",\"bis\":\"85669\"},{\"von\":\"85700\",\"bis\":\"85779\"},{\"von\":\"85045\",\"bis\":\"85045\"}]'>\r\n                            <span class=\"htitle\">Back office<\/span>\r\n                                                            <p>\r\n                                    <strong>\r\n                                        Vos interlocuteurs pour les demandes et commandes de pi\u00e8ces de rechange et de prestations de service                                    <\/strong>\r\n                                <\/p>\r\n                                                        <p>\r\n                                                                                                    Bureau de service apr\u00e8s-vente Sud-Est<br>\r\n                                                                                                84079 Bruckberg                            <\/p>\r\n\r\n                                                            <p>\r\n                                                                    <span class=\"cb-icon cb-icon-phone\"><a href=\"tel:+49876582444\">+49876582444<\/a><\/span>\r\n                                                                                                                                <\/p>\r\n                                                                                        <p>\r\n                                                                    <span class=\"cb-icon cb-icon-email\"><a href=\"mailto:service.bb@efaflex.com\">service.bb@efaflex.com<\/a><\/span>\r\n                                \r\n                                                                <\/p>\r\n                                                    <\/div>\r\n                                                <div class=\"flex-box-thirty standort_plz\" data-postal='[{\"von\":\"82240\",\"bis\":\"82299\"},{\"von\":\"86000\",\"bis\":\"86579\"},{\"von\":\"86600\",\"bis\":\"86759\"},{\"von\":\"86800\",\"bis\":\"86949\"},{\"von\":\"86950\",\"bis\":\"86989\"},{\"von\":\"87400\",\"bis\":\"87789\"},{\"von\":\"88100\",\"bis\":\"88179\"},{\"von\":\"88290\",\"bis\":\"88319\"},{\"von\":\"89200\",\"bis\":\"89369\"},{\"von\":\"89400\",\"bis\":\"89449\"}]'>\r\n                            <span class=\"htitle\">Back office<\/span>\r\n                                                            <p>\r\n                                    <strong>\r\n                                        Vos interlocuteurs pour les demandes et commandes de pi\u00e8ces de rechange et de prestations de service                                    <\/strong>\r\n                                <\/p>\r\n                                                        <p>\r\n                                                                                                    Bureau de service apr\u00e8s-vente Sud-Est<br>\r\n                                                                                                84079 Bruckberg                            <\/p>\r\n\r\n                                                            <p>\r\n                                                                    <span class=\"cb-icon cb-icon-phone\"><a href=\"tel:+49876582444\">+49876582444<\/a><\/span>\r\n                                                                                                                                <\/p>\r\n                                                                                        <p>\r\n                                                                    <span class=\"cb-icon cb-icon-email\"><a href=\"mailto:service.bb@efaflex.com\">service.bb@efaflex.com<\/a><\/span>\r\n                                \r\n                                                                <\/p>\r\n                                                    <\/div>\r\n                                                <div class=\"flex-box-thirty standort_plz\" data-postal='[{\"von\":\"10000\",\"bis\":\"10999\"},{\"von\":\"12000\",\"bis\":\"12689\"},{\"von\":\"13000\",\"bis\":\"13689\"},{\"von\":\"14000\",\"bis\":\"14199\"},{\"von\":\"14400\",\"bis\":\"14559\"},{\"von\":\"14600\",\"bis\":\"14669\"},{\"von\":\"14700\",\"bis\":\"14799\"},{\"von\":\"14800\",\"bis\":\"14829\"},{\"von\":\"14900\",\"bis\":\"14929\"},{\"von\":\"14930\",\"bis\":\"14979\"},{\"von\":\"15200\",\"bis\":\"15379\"},{\"von\":\"15500\",\"bis\":\"15569\"},{\"von\":\"15700\",\"bis\":\"15759\"},{\"von\":\"15800\",\"bis\":\"15899\"},{\"von\":\"15900\",\"bis\":\"15939\"},{\"von\":\"16200\",\"bis\":\"16359\"},{\"von\":\"16500\",\"bis\":\"16569\"},{\"von\":\"16720\",\"bis\":\"16869\"},{\"von\":\"16900\",\"bis\":\"16949\"},{\"von\":\"17000\",\"bis\":\"17509\"},{\"von\":\"18000\",\"bis\":\"18379\"},{\"von\":\"18400\",\"bis\":\"18469\"},{\"von\":\"18500\",\"bis\":\"18609\"}]'>\r\n                            <span class=\"htitle\">Back office<\/span>\r\n                                                            <p>\r\n                                    <strong>\r\n                                        Vos interlocuteurs pour les demandes et commandes de pi\u00e8ces de rechange et de prestations de service                                    <\/strong>\r\n                                <\/p>\r\n                                                        <p>\r\n                                                                                                    Bureau de service apr\u00e8s-vente Nord-Est<br>\r\n                                                                                                15366 Neuenhagen b. Berlin                            <\/p>\r\n\r\n                                                            <p>\r\n                                                                    <span class=\"cb-icon cb-icon-phone\"><a href=\"tel:+493342213410\">+493342213410<\/a><\/span>\r\n                                                                                                                                <\/p>\r\n                                                                                        <p>\r\n                                                                    <span class=\"cb-icon cb-icon-email\"><a href=\"mailto:service.be@efaflex.com\">service.be@efaflex.com<\/a><\/span>\r\n                                \r\n                                                                <\/p>\r\n                                                    <\/div>\r\n                                                <div class=\"flex-box-thirty standort_plz\" data-postal='[{\"von\":\"51530\",\"bis\":\"51599\"},{\"von\":\"53000\",\"bis\":\"53359\"},{\"von\":\"53400\",\"bis\":\"53509\"},{\"von\":\"53510\",\"bis\":\"53539\"},{\"von\":\"53540\",\"bis\":\"53639\"},{\"von\":\"53700\",\"bis\":\"53859\"},{\"von\":\"53860\",\"bis\":\"53949\"},{\"von\":\"57000\",\"bis\":\"57399\"},{\"von\":\"57440\",\"bis\":\"57489\"},{\"von\":\"57500\",\"bis\":\"57589\"},{\"von\":\"57600\",\"bis\":\"57649\"}]'>\r\n                            <span class=\"htitle\">Back office<\/span>\r\n                                                            <p>\r\n                                    <strong>\r\n                                        Vos interlocuteurs pour les demandes et commandes de pi\u00e8ces de rechange et de prestations de service                                    <\/strong>\r\n                                <\/p>\r\n                                                        <p>\r\n                                                                                                    Bureau de service apr\u00e8s-vente Ouest<br>\r\n                                                                                                40721 Hilden                            <\/p>\r\n\r\n                                                            <p>\r\n                                                                    <span class=\"cb-icon cb-icon-phone\"><a href=\"tel:+492103509311\">+492103509311<\/a><\/span>\r\n                                                                                                                                <\/p>\r\n                                                                                        <p>\r\n                                                                    <span class=\"cb-icon cb-icon-email\"><a href=\"mailto:service.hi@efaflex.com\">service.hi@efaflex.com<\/a><\/span>\r\n                                \r\n                                                                <\/p>\r\n                                                    <\/div>\r\n                                                <div class=\"flex-box-thirty standort_plz\" data-postal='[{\"von\":\"40000\",\"bis\":\"40789\"},{\"von\":\"40800\",\"bis\":\"40889\"},{\"von\":\"41000\",\"bis\":\"41379\"},{\"von\":\"41400\",\"bis\":\"41569\"},{\"von\":\"41700\",\"bis\":\"41759\"},{\"von\":\"41800\",\"bis\":\"41849\"},{\"von\":\"42500\",\"bis\":\"42579\"},{\"von\":\"45000\",\"bis\":\"45359\"},{\"von\":\"45400\",\"bis\":\"45489\"},{\"von\":\"45600\",\"bis\":\"45779\"},{\"von\":\"45800\",\"bis\":\"45899\"},{\"von\":\"45950\",\"bis\":\"45969\"},{\"von\":\"46000\",\"bis\":\"46149\"},{\"von\":\"46200\",\"bis\":\"46289\"},{\"von\":\"46420\",\"bis\":\"46569\"},{\"von\":\"47000\",\"bis\":\"47279\"},{\"von\":\"47400\",\"bis\":\"47669\"},{\"von\":\"47700\",\"bis\":\"47929\"},{\"von\":\"50100\",\"bis\":\"50189\"},{\"von\":\"50200\",\"bis\":\"50259\"},{\"von\":\"50300\",\"bis\":\"50389\"},{\"von\":\"50440\",\"bis\":\"50999\"},{\"von\":\"52000\",\"bis\":\"52159\"},{\"von\":\"52200\",\"bis\":\"52249\"},{\"von\":\"52300\",\"bis\":\"52539\"}]'>\r\n                            <span class=\"htitle\">Back office<\/span>\r\n                                                            <p>\r\n                                    <strong>\r\n                                        Vos interlocuteurs pour les demandes et commandes de pi\u00e8ces de rechange et de prestations de service                                    <\/strong>\r\n                                <\/p>\r\n                                                        <p>\r\n                                                                                                    Bureau de service apr\u00e8s-vente Ouest<br>\r\n                                                                                                40721 Hilden                            <\/p>\r\n\r\n                                                            <p>\r\n                                                                    <span class=\"cb-icon cb-icon-phone\"><a href=\"tel:+492103509311\">+492103509311<\/a><\/span>\r\n                                                                                                                                <\/p>\r\n                                                                                        <p>\r\n                                                                    <span class=\"cb-icon cb-icon-email\"><a href=\"mailto:service.hi@efaflex.com\">service.hi@efaflex.com<\/a><\/span>\r\n                                \r\n                                                                <\/p>\r\n                                                    <\/div>\r\n                                                <div class=\"flex-box-thirty standort_plz\" data-postal='[{\"von\":\"34400\",\"bis\":\"34439\"},{\"von\":\"34440\",\"bis\":\"34519\"},{\"von\":\"34520\",\"bis\":\"34639\"},{\"von\":\"35000\",\"bis\":\"35119\"},{\"von\":\"35240\",\"bis\":\"35289\"},{\"von\":\"35300\",\"bis\":\"35469\"},{\"von\":\"35500\",\"bis\":\"35649\"},{\"von\":\"36000\",\"bis\":\"36399\"},{\"von\":\"37200\",\"bis\":\"37299\"},{\"von\":\"55000\",\"bis\":\"55299\"},{\"von\":\"60000\",\"bis\":\"60599\"},{\"von\":\"61100\",\"bis\":\"61389\"},{\"von\":\"61400\",\"bis\":\"61479\"},{\"von\":\"63000\",\"bis\":\"63179\"},{\"von\":\"63200\",\"bis\":\"63329\"},{\"von\":\"63400\",\"bis\":\"63549\"},{\"von\":\"63550\",\"bis\":\"63639\"},{\"von\":\"63640\",\"bis\":\"63699\"},{\"von\":\"63700\",\"bis\":\"63939\"},{\"von\":\"64200\",\"bis\":\"64409\"},{\"von\":\"64500\",\"bis\":\"64589\"},{\"von\":\"64600\",\"bis\":\"64689\"},{\"von\":\"64700\",\"bis\":\"64759\"},{\"von\":\"64800\",\"bis\":\"64859\"},{\"von\":\"65000\",\"bis\":\"65239\"},{\"von\":\"65300\",\"bis\":\"65479\"},{\"von\":\"65500\",\"bis\":\"65529\"},{\"von\":\"65700\",\"bis\":\"65939\"},{\"von\":\"67500\",\"bis\":\"67599\"},{\"von\":\"68600\",\"bis\":\"68649\"}]'>\r\n                            <span class=\"htitle\">Back office<\/span>\r\n                                                            <p>\r\n                                    <strong>\r\n                                        Vos interlocuteurs pour les demandes et commandes de pi\u00e8ces de rechange et de prestations de service                                    <\/strong>\r\n                                <\/p>\r\n                                                        <p>\r\n                                                                                                    Bureau de service apr\u00e8s-vente Ouest<br>\r\n                                                                                                65479 Raunheim                            <\/p>\r\n\r\n                                                            <p>\r\n                                                                    <span class=\"cb-icon cb-icon-phone\"><a href=\"tel:+496142991818\">+496142991818<\/a><\/span>\r\n                                                                                                                                <\/p>\r\n                                                                                        <p>\r\n                                                                    <span class=\"cb-icon cb-icon-email\"><a href=\"mailto:service.rh@efaflex.com\">service.rh@efaflex.com<\/a><\/span>\r\n                                \r\n                                                                <\/p>\r\n                                                    <\/div>\r\n                                                <div class=\"flex-box-thirty standort_plz\" data-postal='[{\"von\":\"54200\",\"bis\":\"54349\"},{\"von\":\"54400\",\"bis\":\"54499\"},{\"von\":\"55380\",\"bis\":\"55629\"},{\"von\":\"55700\",\"bis\":\"55779\"},{\"von\":\"66000\",\"bis\":\"66999\"},{\"von\":\"67000\",\"bis\":\"67169\"},{\"von\":\"67200\",\"bis\":\"67379\"},{\"von\":\"67400\",\"bis\":\"67489\"},{\"von\":\"67600\",\"bis\":\"67759\"},{\"von\":\"67800\",\"bis\":\"67829\"},{\"von\":\"68000\",\"bis\":\"68549\"},{\"von\":\"68700\",\"bis\":\"68809\"},{\"von\":\"69000\",\"bis\":\"69259\"},{\"von\":\"69400\",\"bis\":\"69519\"},{\"von\":\"74800\",\"bis\":\"74939\"}]'>\r\n                            <span class=\"htitle\">Back office<\/span>\r\n                                                            <p>\r\n                                    <strong>\r\n                                        Vos interlocuteurs pour les demandes et commandes de pi\u00e8ces de rechange et de prestations de service                                    <\/strong>\r\n                                <\/p>\r\n                                                        <p>\r\n                                                                                                    Bureau de service apr\u00e8s-vente Ouest<br>\r\n                                                                                                65479 Raunheim                            <\/p>\r\n\r\n                                                            <p>\r\n                                                                    <span class=\"cb-icon cb-icon-phone\"><a href=\"tel:+496142991818\">+496142991818<\/a><\/span>\r\n                                                                                                                                <\/p>\r\n                                                                                        <p>\r\n                                                                    <span class=\"cb-icon cb-icon-email\"><a href=\"mailto:service.rh@efaflex.com\">service.rh@efaflex.com<\/a><\/span>\r\n                                \r\n                                                                <\/p>\r\n                                                    <\/div>\r\n                                                <div class=\"flex-box-thirty standort_plz\" data-postal='[{\"von\":\"35200\",\"bis\":\"35239\"},{\"von\":\"35660\",\"bis\":\"35799\"},{\"von\":\"54500\",\"bis\":\"54689\"},{\"von\":\"56000\",\"bis\":\"56379\"},{\"von\":\"56400\",\"bis\":\"56479\"},{\"von\":\"56500\",\"bis\":\"56659\"},{\"von\":\"56700\",\"bis\":\"56769\"},{\"von\":\"56800\",\"bis\":\"56869\"},{\"von\":\"65530\",\"bis\":\"65629\"}]'>\r\n                            <span class=\"htitle\">Back office<\/span>\r\n                                                            <p>\r\n                                    <strong>\r\n                                        Vos interlocuteurs pour les demandes et commandes de pi\u00e8ces de rechange et de prestations de service                                    <\/strong>\r\n                                <\/p>\r\n                                                        <p>\r\n                                                                                                    Bureau de service apr\u00e8s-vente Ouest<br>\r\n                                                                                                65479 Raunheim                            <\/p>\r\n\r\n                                                            <p>\r\n                                                                    <span class=\"cb-icon cb-icon-phone\"><a href=\"tel:+496142991818\">+496142991818<\/a><\/span>\r\n                                                                                                                                <\/p>\r\n                                                                                        <p>\r\n                                                                    <span class=\"cb-icon cb-icon-email\"><a href=\"mailto:service.rh@efaflex.com\">service.rh@efaflex.com<\/a><\/span>\r\n                                \r\n                                                                <\/p>\r\n                                                    <\/div>\r\n                                                <div class=\"flex-box-thirty standort_plz\" data-postal='[{\"von\":\"70000\",\"bis\":\"70629\"},{\"von\":\"70700\",\"bis\":\"70839\"},{\"von\":\"71000\",\"bis\":\"71159\"},{\"von\":\"71200\",\"bis\":\"71409\"},{\"von\":\"71500\",\"bis\":\"71579\"},{\"von\":\"71600\",\"bis\":\"71739\"},{\"von\":\"72000\",\"bis\":\"72149\"},{\"von\":\"72370\",\"bis\":\"72419\"},{\"von\":\"72540\",\"bis\":\"72589\"},{\"von\":\"72600\",\"bis\":\"72669\"},{\"von\":\"72700\",\"bis\":\"72829\"},{\"von\":\"73000\",\"bis\":\"73119\"},{\"von\":\"73200\",\"bis\":\"73279\"},{\"von\":\"73300\",\"bis\":\"73349\"},{\"von\":\"73400\",\"bis\":\"73469\"},{\"von\":\"73500\",\"bis\":\"73579\"},{\"von\":\"73600\",\"bis\":\"73669\"},{\"von\":\"73700\",\"bis\":\"73779\"},{\"von\":\"74300\",\"bis\":\"74429\"},{\"von\":\"74500\",\"bis\":\"74549\"},{\"von\":\"75350\",\"bis\":\"75399\"}]'>\r\n                            <span class=\"htitle\">Back office<\/span>\r\n                                                            <p>\r\n                                    <strong>\r\n                                        Vos interlocuteurs pour les demandes et commandes de pi\u00e8ces de rechange et de prestations de service                                    <\/strong>\r\n                                <\/p>\r\n                                                        <p>\r\n                                                                                                    Bureau de service apr\u00e8s-vente Sud-Ouest<br>\r\n                                                                                                73529 Schw\u00e4bisch Gm\u00fcnd                            <\/p>\r\n\r\n                                                            <p>\r\n                                                                    <span class=\"cb-icon cb-icon-phone\"><a href=\"tel:+497171874100\">+497171874100<\/a><\/span>\r\n                                                                                                                                <\/p>\r\n                                                                                        <p>\r\n                                                                    <span class=\"cb-icon cb-icon-email\"><a href=\"mailto:service.bw@efaflex.com\">service.bw@efaflex.com<\/a><\/span>\r\n                                \r\n                                                                <\/p>\r\n                                                    <\/div>\r\n                                                <div class=\"flex-box-thirty standort_plz\" data-postal='[{\"von\":\"72300\",\"bis\":\"72369\"},{\"von\":\"72420\",\"bis\":\"72539\"},{\"von\":\"78000\",\"bis\":\"78089\"},{\"von\":\"78150\",\"bis\":\"78199\"},{\"von\":\"78200\",\"bis\":\"78269\"},{\"von\":\"78300\",\"bis\":\"78359\"},{\"von\":\"78400\",\"bis\":\"78479\"},{\"von\":\"78500\",\"bis\":\"78669\"},{\"von\":\"88000\",\"bis\":\"88099\"},{\"von\":\"88180\",\"bis\":\"88289\"},{\"von\":\"88320\",\"bis\":\"88529\"},{\"von\":\"88600\",\"bis\":\"88719\"},{\"von\":\"89000\",\"bis\":\"89199\"},{\"von\":\"89500\",\"bis\":\"89619\"}]'>\r\n                            <span class=\"htitle\">Back office<\/span>\r\n                                                            <p>\r\n                                    <strong>\r\n                                        Vos interlocuteurs pour les demandes et commandes de pi\u00e8ces de rechange et de prestations de service                                    <\/strong>\r\n                                <\/p>\r\n                                                        <p>\r\n                                                                                                    Bureau de service apr\u00e8s-vente Sud-Ouest<br>\r\n                                                                                                73529 Schw\u00e4bisch Gm\u00fcnd                            <\/p>\r\n\r\n                                                            <p>\r\n                                                                    <span class=\"cb-icon cb-icon-phone\"><a href=\"tel:+497171874100\">+497171874100<\/a><\/span>\r\n                                                                                                                                <\/p>\r\n                                                                                        <p>\r\n                                                                    <span class=\"cb-icon cb-icon-email\"><a href=\"mailto:service.bw@efaflex.com\">service.bw@efaflex.com<\/a><\/span>\r\n                                \r\n                                                                <\/p>\r\n                                                    <\/div>\r\n                                                <div class=\"flex-box-thirty standort_plz\" data-postal='[{\"von\":\"72150\",\"bis\":\"72299\"},{\"von\":\"75000\",\"bis\":\"75059\"},{\"von\":\"75100\",\"bis\":\"75249\"},{\"von\":\"75300\",\"bis\":\"75339\"},{\"von\":\"75400\",\"bis\":\"75449\"},{\"von\":\"76000\",\"bis\":\"76359\"},{\"von\":\"76400\",\"bis\":\"76599\"},{\"von\":\"76600\",\"bis\":\"76779\"},{\"von\":\"76800\",\"bis\":\"76899\"},{\"von\":\"77600\",\"bis\":\"77889\"},{\"von\":\"77900\",\"bis\":\"77979\"},{\"von\":\"78090\",\"bis\":\"78149\"},{\"von\":\"78700\",\"bis\":\"78739\"},{\"von\":\"79000\",\"bis\":\"79429\"},{\"von\":\"79500\",\"bis\":\"79879\"}]'>\r\n                            <span class=\"htitle\">Back office<\/span>\r\n                                                            <p>\r\n                                    <strong>\r\n                                        Vos interlocuteurs pour les demandes et commandes de pi\u00e8ces de rechange et de prestations de service                                    <\/strong>\r\n                                <\/p>\r\n                                                        <p>\r\n                                                                                                    Bureau de service apr\u00e8s-vente Sud-Ouest<br>\r\n                                                                                                73529 Schw\u00e4bisch Gm\u00fcnd                            <\/p>\r\n\r\n                                                            <p>\r\n                                                                    <span class=\"cb-icon cb-icon-phone\"><a href=\"tel:+497171874100\">+497171874100<\/a><\/span>\r\n                                                                                                                                <\/p>\r\n                                                                                        <p>\r\n                                                                    <span class=\"cb-icon cb-icon-email\"><a href=\"mailto:service.bw@efaflex.com\">service.bw@efaflex.com<\/a><\/span>\r\n                                \r\n                                                                <\/p>\r\n                                                    <\/div>\r\n                                                <div class=\"flex-box-thirty standort_plz\" data-postal='[{\"von\":\"04000\",\"bis\":\"04469\"},{\"von\":\"04500\",\"bis\":\"04619\"},{\"von\":\"04640\",\"bis\":\"04689\"},{\"von\":\"04750\",\"bis\":\"04779\"},{\"von\":\"04800\",\"bis\":\"04939\"},{\"von\":\"06000\",\"bis\":\"06139\"},{\"von\":\"06170\",\"bis\":\"06579\"},{\"von\":\"06600\",\"bis\":\"06929\"},{\"von\":\"36400\",\"bis\":\"36469\"},{\"von\":\"37300\",\"bis\":\"37359\"},{\"von\":\"96500\",\"bis\":\"96529\"},{\"von\":\"98500\",\"bis\":\"98749\"},{\"von\":\"99000\",\"bis\":\"99109\"},{\"von\":\"99180\",\"bis\":\"99199\"},{\"von\":\"99300\",\"bis\":\"99339\"},{\"von\":\"99400\",\"bis\":\"99449\"},{\"von\":\"99500\",\"bis\":\"99519\"},{\"von\":\"99600\",\"bis\":\"99639\"},{\"von\":\"99700\",\"bis\":\"99769\"},{\"von\":\"99800\",\"bis\":\"99899\"},{\"von\":\"99940\",\"bis\":\"99999\"}]'>\r\n                            <span class=\"htitle\">Back office<\/span>\r\n                                                            <p>\r\n                                    <strong>\r\n                                        Vos interlocuteurs pour les demandes et commandes de pi\u00e8ces de rechange et de prestations de service                                    <\/strong>\r\n                                <\/p>\r\n                                                        <p>\r\n                                                                                                    Bureau de service apr\u00e8s-vente Nord-Est<br>\r\n                                                                                                04416 Markkleeberg                            <\/p>\r\n\r\n                                                            <p>\r\n                                                                    <span class=\"cb-icon cb-icon-phone\"><a href=\"tel:+493429798770\">+493429798770<\/a><\/span>\r\n                                                                                                                                <\/p>\r\n                                                                                        <p>\r\n                                                                    <span class=\"cb-icon cb-icon-email\"><a href=\"mailto:service.le@efaflex.com\">service.le@efaflex.com<\/a><\/span>\r\n                                \r\n                                                                <\/p>\r\n                                                    <\/div>\r\n                                                <div class=\"flex-box-thirty standort_plz\" data-postal='[{\"von\":\"01000\",\"bis\":\"01329\"},{\"von\":\"01430\",\"bis\":\"01479\"},{\"von\":\"01550\",\"bis\":\"01859\"},{\"von\":\"01870\",\"bis\":\"01999\"},{\"von\":\"02600\",\"bis\":\"02999\"},{\"von\":\"03000\",\"bis\":\"03259\"},{\"von\":\"04620\",\"bis\":\"04639\"},{\"von\":\"04700\",\"bis\":\"04749\"},{\"von\":\"07300\",\"bis\":\"07429\"},{\"von\":\"07500\",\"bis\":\"07589\"},{\"von\":\"07600\",\"bis\":\"07649\"},{\"von\":\"07700\",\"bis\":\"07779\"},{\"von\":\"07800\",\"bis\":\"07819\"},{\"von\":\"07900\",\"bis\":\"07989\"},{\"von\":\"08000\",\"bis\":\"08069\"},{\"von\":\"08100\",\"bis\":\"08149\"},{\"von\":\"08200\",\"bis\":\"08549\"},{\"von\":\"08600\",\"bis\":\"08609\"},{\"von\":\"08620\",\"bis\":\"08649\"},{\"von\":\"09000\",\"bis\":\"09249\"},{\"von\":\"09300\",\"bis\":\"09669\"}]'>\r\n                            <span class=\"htitle\">Back office<\/span>\r\n                                                            <p>\r\n                                    <strong>\r\n                                        Vos interlocuteurs pour les demandes et commandes de pi\u00e8ces de rechange et de prestations de service                                    <\/strong>\r\n                                <\/p>\r\n                                                        <p>\r\n                                                                                                    Bureau de service apr\u00e8s-vente Nord-Est<br>\r\n                                                                                                04416 Markkleeberg                            <\/p>\r\n\r\n                                                            <p>\r\n                                                                    <span class=\"cb-icon cb-icon-phone\"><a href=\"tel:+493429798770\">+493429798770<\/a><\/span>\r\n                                                                                                                                <\/p>\r\n                                                                                        <p>\r\n                                                                    <span class=\"cb-icon cb-icon-email\"><a href=\"mailto:service.le@efaflex.com\">service.le@efaflex.com<\/a><\/span>\r\n                                \r\n                                                                <\/p>\r\n                                                    <\/div>\r\n                                                <div class=\"flex-box-thirty standort_plz\" data-postal='[{\"von\":\"19000\",\"bis\":\"19999\"},{\"von\":\"29000\",\"bis\":\"33299\"},{\"von\":\"34000\",\"bis\":\"34399\"},{\"von\":\"37000\",\"bis\":\"37199\"},{\"von\":\"37400\",\"bis\":\"39999\"},{\"von\":\"59240\",\"bis\":\"59329\"},{\"von\":\"59470\",\"bis\":\"59609\"}]'>\r\n                            <span class=\"htitle\">Responsable de montage<\/span>\r\n                                                        <p>\r\n                                                                                                                                31177 Harsum                            <\/p>\r\n\r\n                                                            <p>\r\n                                                                    <span class=\"cb-icon cb-icon-phone\"><a href=\"tel:+495127214814\">+4951272148-14<\/a><\/span>\r\n                                                                                                                                <\/p>\r\n                                                                                        <p>\r\n                                                                    <span class=\"cb-icon cb-icon-email\"><a href=\"mailto:jan.barthel@efaflex-hildesheim.de\">jan.barthel@efaflex-hildesheim.de<\/a><\/span>\r\n                                \r\n                                                                <\/p>\r\n                                                    <\/div>\r\n                                                <div class=\"flex-box-thirty standort_plz\" data-postal='[{\"von\":\"20000\",\"bis\":\"20539\"},{\"von\":\"21000\",\"bis\":\"21279\"},{\"von\":\"21300\",\"bis\":\"21529\"},{\"von\":\"21600\",\"bis\":\"21789\"},{\"von\":\"22000\",\"bis\":\"22889\"},{\"von\":\"22900\",\"bis\":\"22969\"},{\"von\":\"23500\",\"bis\":\"23629\"},{\"von\":\"23660\",\"bis\":\"24259\"},{\"von\":\"24300\",\"bis\":\"24409\"},{\"von\":\"24500\",\"bis\":\"24649\"},{\"von\":\"24750\",\"bis\":\"24999\"},{\"von\":\"25300\",\"bis\":\"25379\"},{\"von\":\"25400\",\"bis\":\"25599\"},{\"von\":\"25690\",\"bis\":\"25999\"}]'>\r\n                            <span class=\"htitle\">Responsable de montage<\/span>\r\n                                                            <p>\r\n                                    <strong>\r\n                                        Bremen EFAFLEX Tortechnik GmbH                                     <\/strong>\r\n                                <\/p>\r\n                                                        <p>\r\n                                                                    Monsieur Joschka Schwedler Grau<br>\r\n                                                                                                                                28719 Bremen                            <\/p>\r\n\r\n                                                            <p>\r\n                                                                    <span class=\"cb-icon cb-icon-phone\"><a href=\"tel:+4942160608032\">+4942160608032<\/a><\/span>\r\n                                                                                                                                <\/p>\r\n                                                                                        <p>\r\n                                                                    <span class=\"cb-icon cb-icon-email\"><a href=\"mailto:Joschka.Schwedler.Grau@efaflex-hildesheim.de\">Joschka.Schwedler.Grau@efaflex-hildesheim.de<\/a><\/span>\r\n                                \r\n                                                                <\/p>\r\n                                                    <\/div>\r\n                                                <div class=\"flex-box-thirty standort_plz\" data-postal='[{\"von\":\"26000\",\"bis\":\"26219\"},{\"von\":\"26300\",\"bis\":\"26969\"},{\"von\":\"27200\",\"bis\":\"27639\"},{\"von\":\"27700\",\"bis\":\"27809\"},{\"von\":\"28000\",\"bis\":\"28359\"},{\"von\":\"28700\",\"bis\":\"28879\"},{\"von\":\"48455\",\"bis\":\"48476\"},{\"von\":\"48478\",\"bis\":\"48484\"},{\"von\":\"48486\",\"bis\":\"48492\"},{\"von\":\"48497\",\"bis\":\"48531\"},{\"von\":\"49153\",\"bis\":\"49162\"},{\"von\":\"49164\",\"bis\":\"49169\"},{\"von\":\"49177\",\"bis\":\"49185\"},{\"von\":\"49329\",\"bis\":\"49329\"},{\"von\":\"49340\",\"bis\":\"49476\"},{\"von\":\"49550\",\"bis\":\"49563\"},{\"von\":\"49566\",\"bis\":\"49585\"},{\"von\":\"49587\",\"bis\":\"49849\"}]'>\r\n                            <span class=\"htitle\">Responsable de montage<\/span>\r\n                                                            <p>\r\n                                    <strong>\r\n                                        Bremen EFAFLEX Tortechnik GmbH                                     <\/strong>\r\n                                <\/p>\r\n                                                        <p>\r\n                                                                    Monsieur Volker Mechau<br>\r\n                                                                                                                                28719 Bremen                            <\/p>\r\n\r\n                                                            <p>\r\n                                                                    <span class=\"cb-icon cb-icon-phone\"><a href=\"tel:+4942160608026\">+4942160608026<\/a><\/span>\r\n                                                                                                                                <\/p>\r\n                                                                                        <p>\r\n                                                                    <span class=\"cb-icon cb-icon-email\"><a href=\"mailto:volker.mechau@efaflex-hildesheim.de \">volker.mechau@efaflex-hildesheim.de <\/a><\/span>\r\n                                \r\n                                                                <\/p>\r\n                                                    <\/div>\r\n                                                <div class=\"flex-box-thirty standort_plz\" data-postal='[{\"von\":\"30000\",\"bis\":\"30989\"},{\"von\":\"31500\",\"bis\":\"31869\"},{\"von\":\"32000\",\"bis\":\"32139\"},{\"von\":\"32210\",\"bis\":\"32288\"},{\"von\":\"32290\",\"bis\":\"32311\"},{\"von\":\"32313\",\"bis\":\"32338\"},{\"von\":\"32340\",\"bis\":\"32350\"},{\"von\":\"32352\",\"bis\":\"32360\"},{\"von\":\"32362\",\"bis\":\"32368\"},{\"von\":\"32370\",\"bis\":\"32479\"},{\"von\":\"32500\",\"bis\":\"32608\"},{\"von\":\"32630\",\"bis\":\"32839\"},{\"von\":\"33000\",\"bis\":\"33189\"},{\"von\":\"33240\",\"bis\":\"33329\"},{\"von\":\"34000\",\"bis\":\"34399\"},{\"von\":\"59240\",\"bis\":\"59268\"},{\"von\":\"59470\",\"bis\":\"59493\"},{\"von\":\"59495\",\"bis\":\"59504\"},{\"von\":\"59506\",\"bis\":\"59509\"},{\"von\":\"59511\",\"bis\":\"59513\"},{\"von\":\"59515\",\"bis\":\"59518\"},{\"von\":\"59520\",\"bis\":\"59551\"},{\"von\":\"59553\",\"bis\":\"59554\"},{\"von\":\"59559\",\"bis\":\"59580\"},{\"von\":\"59582\",\"bis\":\"59598\"},{\"von\":\"59591\",\"bis\":\"59596\"},{\"von\":\"59598\",\"bis\":\"59601\"},{\"von\":\"59603\",\"bis\":\"59699\"}]'>\r\n                            <span class=\"htitle\">Responsable de montage<\/span>\r\n                                                            <p>\r\n                                    <strong>\r\n                                        Harsum EFAFLEX Tortechnik GmbH                                    <\/strong>\r\n                                <\/p>\r\n                                                        <p>\r\n                                                                    Monsieur Frank Behrens<br>\r\n                                                                                                                                31177 Harsum                            <\/p>\r\n\r\n                                                            <p>\r\n                                                                    <span class=\"cb-icon cb-icon-phone\"><a href=\"tel:+495127214830\">+495127214830<\/a><\/span>\r\n                                                                                                                                <\/p>\r\n                                                                                        <p>\r\n                                                                    <span class=\"cb-icon cb-icon-email\"><a href=\"mailto:frank.behrens@efaflex-hildesheim.de \">frank.behrens@efaflex-hildesheim.de <\/a><\/span>\r\n                                \r\n                                                                <\/p>\r\n                                                    <\/div>\r\n                                                <div class=\"flex-box-thirty standort_plz\" data-postal='[{\"von\":\"19000\",\"bis\":\"19089\"},{\"von\":\"19200\",\"bis\":\"19419\"},{\"von\":\"29200\",\"bis\":\"29419\"},{\"von\":\"29430\",\"bis\":\"29649\"},{\"von\":\"29650\",\"bis\":\"29699\"},{\"von\":\"31000\",\"bis\":\"31319\"},{\"von\":\"37000\",\"bis\":\"37199\"},{\"von\":\"37400\",\"bis\":\"37589\"},{\"von\":\"38000\",\"bis\":\"38179\"},{\"von\":\"38200\",\"bis\":\"38489\"},{\"von\":\"38500\",\"bis\":\"38559\"},{\"von\":\"38600\",\"bis\":\"38729\"},{\"von\":\"38800\",\"bis\":\"39139\"},{\"von\":\"39150\",\"bis\":\"39179\"},{\"von\":\"39200\",\"bis\":\"39449\"},{\"von\":\"39510\",\"bis\":\"39539\"},{\"von\":\"39550\",\"bis\":\"39649\"}]'>\r\n                            <span class=\"htitle\">Responsable de montage<\/span>\r\n                                                            <p>\r\n                                    <strong>\r\n                                        Harsum EFAFLEX Tortechnik GmbH                                     <\/strong>\r\n                                <\/p>\r\n                                                        <p>\r\n                                                                    Madame Katrin Breitbarth<br>\r\n                                                                                                                                31177 Harsum                            <\/p>\r\n\r\n                                                            <p>\r\n                                                                    <span class=\"cb-icon cb-icon-phone\"><a href=\"tel:+495127214823\">+495127214823<\/a><\/span>\r\n                                                                                                                                <\/p>\r\n                                                                                        <p>\r\n                                                                    <span class=\"cb-icon cb-icon-email\"><a href=\"mailto:katrin.breitbarth@efaflex-hildesheim.de \">katrin.breitbarth@efaflex-hildesheim.de <\/a><\/span>\r\n                                \r\n                                                                <\/p>\r\n                                                    <\/div>\r\n                                                <div class=\"flex-box-thirty standort_plz\" data-postal='[{\"von\":\"33330\",\"bis\":\"33999\"},{\"von\":\"48000\",\"bis\":\"48454\"},{\"von\":\"59269\",\"bis\":\"59399\"},{\"von\":\"49170\",\"bis\":\"49176\"},{\"von\":\"49186\",\"bis\":\"49328\"},{\"von\":\"49477\",\"bis\":\"49549\"},{\"von\":\"59494\",\"bis\":\"59494\"},{\"von\":\"59505\",\"bis\":\"59505\"},{\"von\":\"59510\",\"bis\":\"59510\"},{\"von\":\"59514\",\"bis\":\"59514\"},{\"von\":\"59519\",\"bis\":\"59519\"},{\"von\":\"59552\",\"bis\":\"59552\"},{\"von\":\"59555\",\"bis\":\"59558\"},{\"von\":\"59581\",\"bis\":\"59581\"},{\"von\":\"59590\",\"bis\":\"59590\"},{\"von\":\"59597\",\"bis\":\"59597\"},{\"von\":\"59602\",\"bis\":\"59602\"}]'>\r\n                            <span class=\"htitle\">Responsable de montage<\/span>\r\n                                                            <p>\r\n                                    <strong>\r\n                                        Osnabr\u00fcck EFAFLEX Tortechnik GmbH                                     <\/strong>\r\n                                <\/p>\r\n                                                        <p>\r\n                                                                    Monsieur Georg Musial<br>\r\n                                                                                                                                49205 Hasbergen                            <\/p>\r\n\r\n                                                            <p>\r\n                                                                    <span class=\"cb-icon cb-icon-phone\"><a href=\"tel:+4954058088720\">+4954058088720<\/a><\/span>\r\n                                                                                                                                <\/p>\r\n                                                                                        <p>\r\n                                                                    <span class=\"cb-icon cb-icon-email\"><a href=\"mailto:georg.musial@efaflex-hildesheim.de \">georg.musial@efaflex-hildesheim.de <\/a><\/span>\r\n                                \r\n                                                                <\/p>\r\n                                                    <\/div>\r\n                                                <div class=\"flex-box-thirty standort_plz\" data-postal='[{\"von\":\"32289\",\"bis\":\"32289\"},{\"von\":\"32312\",\"bis\":\"32312\"},{\"von\":\"32339\",\"bis\":\"32339\"},{\"von\":\"32351\",\"bis\":\"32351\"},{\"von\":\"32361\",\"bis\":\"32361\"},{\"von\":\"32369\",\"bis\":\"32369\"},{\"von\":\"32609\",\"bis\":\"32609\"},{\"von\":\"46286\",\"bis\":\"46419\"},{\"von\":\"48477\",\"bis\":\"48477\"},{\"von\":\"48485\",\"bis\":\"48485\"},{\"von\":\"48493\",\"bis\":\"48496\"},{\"von\":\"48532\",\"bis\":\"49152\"},{\"von\":\"49163\",\"bis\":\"49163\"},{\"von\":\"49565\",\"bis\":\"49565\"},{\"von\":\"49586\",\"bis\":\"49586\"}]'>\r\n                            <span class=\"htitle\">Responsable de montage<\/span>\r\n                                                            <p>\r\n                                    <strong>\r\n                                        Osnabr\u00fcck EFAFLEX Tortechnik GmbH                                     <\/strong>\r\n                                <\/p>\r\n                                                        <p>\r\n                                                                    Monsieur Frank Ostermann<br>\r\n                                                                                                                                49205 Hasbergen                            <\/p>\r\n\r\n                                                            <p>\r\n                                                                    <span class=\"cb-icon cb-icon-phone\"><a href=\"tel:+4954058088718\">+4954058088718<\/a><\/span>\r\n                                                                                                                                <\/p>\r\n                                                                                        <p>\r\n                                                                    <span class=\"cb-icon cb-icon-email\"><a href=\"mailto:frank.ostermann@efaflex-hildesheim.de\">frank.ostermann@efaflex-hildesheim.de<\/a><\/span>\r\n                                \r\n                                                                <\/p>\r\n                                                    <\/div>\r\n                                                <div class=\"flex-box-thirty standort_plz\" data-postal='[{\"von\":\"38231\",\"bis\":\"38231\"},{\"von\":\"38468\",\"bis\":\"38468\"},{\"von\":\"30419\",\"bis\":\"30419\"},{\"von\":\"38176\",\"bis\":\"38176\"}]'>\r\n                            <span class=\"htitle\">Responsable de montage<\/span>\r\n                                                            <p>\r\n                                    <strong>\r\n                                        Harsum EFAFLEX Tortechnik GmbH                                    <\/strong>\r\n                                <\/p>\r\n                                                        <p>\r\n                                                                    Monsieur Frank Behrens<br>\r\n                                                                                                                                31177 Harsum                            <\/p>\r\n\r\n                                                            <p>\r\n                                                                    <span class=\"cb-icon cb-icon-phone\"><a href=\"tel:+495127214830\">+495127214830<\/a><\/span>\r\n                                                                                                                                <\/p>\r\n                                                                                        <p>\r\n                                                                    <span class=\"cb-icon cb-icon-email\"><a href=\"mailto:frank.behrens@efaflex-hildesheim.de \">frank.behrens@efaflex-hildesheim.de <\/a><\/span>\r\n                                \r\n                                                                <\/p>\r\n                                                    <\/div>\r\n                                                <div class=\"flex-box-thirty standort_plz\" data-postal='[{\"von\":\"38112\",\"bis\":\"38112\"},{\"von\":\"34123\",\"bis\":\"34123\"},{\"von\":\"34225\",\"bis\":\"34225\"},{\"von\":\"38440\",\"bis\":\"38440\"},{\"von\":\"38436\",\"bis\":\"38436\"}]'>\r\n                            <span class=\"htitle\">Responsable de montage<\/span>\r\n                                                            <p>\r\n                                    <strong>\r\n                                        Harsum EFAFLEX Tortechnik GmbH                                     <\/strong>\r\n                                <\/p>\r\n                                                        <p>\r\n                                                                    Madame Katrin Breitbarth<br>\r\n                                                                                                                                31177 Harsum                            <\/p>\r\n\r\n                                                            <p>\r\n                                                                    <span class=\"cb-icon cb-icon-phone\"><a href=\"tel:+495127214823\">+495127214823<\/a><\/span>\r\n                                                                                                                                <\/p>\r\n                                                                                        <p>\r\n                                                                    <span class=\"cb-icon cb-icon-email\"><a href=\"mailto:katrin.breitbarth@efaflex-hildesheim.de \">katrin.breitbarth@efaflex-hildesheim.de <\/a><\/span>\r\n                                \r\n                                                                <\/p>\r\n                                                    <\/div>\r\n                                                <div class=\"flex-box-thirty standort_plz\" data-postal='[{\"von\":\"84000\",\"bis\":\"84109\"},{\"von\":\"84120\",\"bis\":\"84189\"},{\"von\":\"84300\",\"bis\":\"84389\"},{\"von\":\"85000\",\"bis\":\"85044\"},{\"von\":\"85046\",\"bis\":\"85139\"},{\"von\":\"85260\",\"bis\":\"85469\"},{\"von\":\"93000\",\"bis\":\"93109\"},{\"von\":\"93120\",\"bis\":\"93199\"},{\"von\":\"93300\",\"bis\":\"93359\"},{\"von\":\"93400\",\"bis\":\"93499\"},{\"von\":\"94000\",\"bis\":\"94169\"},{\"von\":\"94200\",\"bis\":\"94269\"},{\"von\":\"94300\",\"bis\":\"94379\"},{\"von\":\"94400\",\"bis\":\"94579\"},{\"von\":\"80001\",\"bis\":\"80999\"},{\"von\":\"81201\",\"bis\":\"81249\"},{\"von\":\"81301\",\"bis\":\"81379\"},{\"von\":\"81451\",\"bis\":\"81479\"},{\"von\":\"81501\",\"bis\":\"81549\"},{\"von\":\"81601\",\"bis\":\"81679\"},{\"von\":\"81701\",\"bis\":\"81739\"},{\"von\":\"81801\",\"bis\":\"81829\"},{\"von\":\"81901\",\"bis\":\"81929\"},{\"von\":\"82000\",\"bis\":\"82069\"},{\"von\":\"82100\",\"bis\":\"82239\"},{\"von\":\"82300\",\"bis\":\"82549\"},{\"von\":\"83000\",\"bis\":\"83139\"},{\"von\":\"83200\",\"bis\":\"83489\"},{\"von\":\"83500\",\"bis\":\"83569\"},{\"von\":\"83600\",\"bis\":\"83739\"},{\"von\":\"84400\",\"bis\":\"84579\"},{\"von\":\"85200\",\"bis\":\"85259\"},{\"von\":\"85500\",\"bis\":\"85669\"},{\"von\":\"85700\",\"bis\":\"85779\"},{\"von\":\"85045\",\"bis\":\"85045\"},{\"von\":\"82240\",\"bis\":\"82299\"},{\"von\":\"86000\",\"bis\":\"86579\"},{\"von\":\"86600\",\"bis\":\"86759\"},{\"von\":\"86800\",\"bis\":\"86949\"},{\"von\":\"86950\",\"bis\":\"86989\"},{\"von\":\"87400\",\"bis\":\"87789\"},{\"von\":\"88100\",\"bis\":\"88179\"},{\"von\":\"88290\",\"bis\":\"88319\"},{\"von\":\"89200\",\"bis\":\"89369\"},{\"von\":\"89400\",\"bis\":\"89449\"}]'>\r\n                            <span class=\"htitle\">Conseiller de service client<\/span>\r\n                                                            <p>\r\n                                    <strong>\r\n                                        Votre interlocuteur pour un conseil personnalis\u00e9 sur place pour toutes les questions de service                                    <\/strong>\r\n                                <\/p>\r\n                                                        <p>\r\n                                                                    Monsieur Enrico Gleitz<br>\r\n                                                                                                    Bureau de service apr\u00e8s-vente Sud-Est<br>\r\n                                                                                                84079 Bruckberg                            <\/p>\r\n\r\n                                                            <p>\r\n                                                                                                                                    <span class=\"cb-icon cb-icon-mobile\"><a href=\"tel:+491703731822\">+491703731822<\/a><\/span>\r\n                                                                <\/p>\r\n                                                                                        <p>\r\n                                                                    <span class=\"cb-icon cb-icon-email\"><a href=\"mailto:enrico.gleitz@efaflex.com\">enrico.gleitz@efaflex.com<\/a><\/span>\r\n                                \r\n                                                                <\/p>\r\n                                                    <\/div>\r\n                                                <div class=\"flex-box-thirty standort_plz\" data-postal='[{\"von\":\"12345\",\"bis\":\"12345\"},{\"von\":\"34400\",\"bis\":\"34439\"},{\"von\":\"34440\",\"bis\":\"34519\"},{\"von\":\"34520\",\"bis\":\"34639\"},{\"von\":\"35000\",\"bis\":\"35119\"},{\"von\":\"35240\",\"bis\":\"35289\"},{\"von\":\"35300\",\"bis\":\"35469\"},{\"von\":\"35500\",\"bis\":\"35649\"},{\"von\":\"36000\",\"bis\":\"36399\"},{\"von\":\"37200\",\"bis\":\"37299\"},{\"von\":\"60000\",\"bis\":\"60599\"},{\"von\":\"61100\",\"bis\":\"61389\"},{\"von\":\"61400\",\"bis\":\"61479\"},{\"von\":\"63151\",\"bis\":\"63179\"},{\"von\":\"63400\",\"bis\":\"63549\"},{\"von\":\"63400\",\"bis\":\"63549\"},{\"von\":\"63550\",\"bis\":\"63599\"},{\"von\":\"63600\",\"bis\":\"63639\"},{\"von\":\"63640\",\"bis\":\"63699\"},{\"von\":\"63700\",\"bis\":\"63776\"},{\"von\":\"63802\",\"bis\":\"63831\"},{\"von\":\"65392\",\"bis\":\"65451\"},{\"von\":\"65500\",\"bis\":\"65529\"},{\"von\":\"65700\",\"bis\":\"65939\"},{\"von\":\"54200\",\"bis\":\"54349\"},{\"von\":\"54400\",\"bis\":\"54499\"},{\"von\":\"55380\",\"bis\":\"55629\"},{\"von\":\"55700\",\"bis\":\"55779\"},{\"von\":\"66000\",\"bis\":\"66999\"},{\"von\":\"67000\",\"bis\":\"67169\"},{\"von\":\"67200\",\"bis\":\"67379\"},{\"von\":\"67400\",\"bis\":\"67489\"},{\"von\":\"67600\",\"bis\":\"67759\"},{\"von\":\"67800\",\"bis\":\"67829\"},{\"von\":\"68000\",\"bis\":\"68549\"},{\"von\":\"68700\",\"bis\":\"68809\"},{\"von\":\"69000\",\"bis\":\"69259\"},{\"von\":\"69400\",\"bis\":\"69519\"},{\"von\":\"74800\",\"bis\":\"74939\"},{\"von\":\"35200\",\"bis\":\"35239\"},{\"von\":\"35660\",\"bis\":\"35799\"},{\"von\":\"54500\",\"bis\":\"54689\"},{\"von\":\"56000\",\"bis\":\"56379\"},{\"von\":\"56400\",\"bis\":\"56479\"},{\"von\":\"56500\",\"bis\":\"56659\"},{\"von\":\"56700\",\"bis\":\"56769\"},{\"von\":\"56800\",\"bis\":\"56869\"},{\"von\":\"65530\",\"bis\":\"65629\"},{\"von\":\"55000\",\"bis\":\"55299\"},{\"von\":\"63076\",\"bis\":\"63150\"},{\"von\":\"63200\",\"bis\":\"63329\"},{\"von\":\"63777\",\"bis\":\"63801\"},{\"von\":\"63832\",\"bis\":\"63939\"},{\"von\":\"64200\",\"bis\":\"64409\"},{\"von\":\"64500\",\"bis\":\"64589\"},{\"von\":\"64600\",\"bis\":\"64689\"},{\"von\":\"64700\",\"bis\":\"64759\"},{\"von\":\"64800\",\"bis\":\"64859\"},{\"von\":\"65000\",\"bis\":\"65239\"},{\"von\":\"65300\",\"bis\":\"65391\"},{\"von\":\"65452\",\"bis\":\"65479\"},{\"von\":\"67500\",\"bis\":\"67599\"},{\"von\":\"68600\",\"bis\":\"68649\"}]'>\r\n                            <span class=\"htitle\">Conseiller de service client<\/span>\r\n                                                            <p>\r\n                                    <strong>\r\n                                        Votre interlocuteur pour un conseil personnalis\u00e9 sur place pour toutes les questions de service                                    <\/strong>\r\n                                <\/p>\r\n                                                        <p>\r\n                                                                    Monsieur Mario Jung<br>\r\n                                                                                                    Bureau de service apr\u00e8s-vente Ouest<br>\r\n                                                                                                65479 Raunheim                            <\/p>\r\n\r\n                                                            <p>\r\n                                                                                                                                    <span class=\"cb-icon cb-icon-mobile\"><a href=\"tel:+491707985793\">+491707985793<\/a><\/span>\r\n                                                                <\/p>\r\n                                                                                        <p>\r\n                                                                    <span class=\"cb-icon cb-icon-email\"><a href=\"mailto:mario.jung@efaflex.com\">mario.jung@efaflex.com<\/a><\/span>\r\n                                \r\n                                                                <\/p>\r\n                                                    <\/div>\r\n                                                <div class=\"flex-box-thirty standort_plz\" data-postal='[{\"von\":\"70000\",\"bis\":\"70629\"},{\"von\":\"70700\",\"bis\":\"70839\"},{\"von\":\"71000\",\"bis\":\"71159\"},{\"von\":\"71200\",\"bis\":\"71409\"},{\"von\":\"71500\",\"bis\":\"71579\"},{\"von\":\"71600\",\"bis\":\"71739\"},{\"von\":\"72000\",\"bis\":\"72149\"},{\"von\":\"72370\",\"bis\":\"72419\"},{\"von\":\"72540\",\"bis\":\"72589\"},{\"von\":\"72600\",\"bis\":\"72669\"},{\"von\":\"72700\",\"bis\":\"72829\"},{\"von\":\"73000\",\"bis\":\"73119\"},{\"von\":\"73200\",\"bis\":\"73279\"},{\"von\":\"73300\",\"bis\":\"73349\"},{\"von\":\"73400\",\"bis\":\"73469\"},{\"von\":\"73500\",\"bis\":\"73579\"},{\"von\":\"73600\",\"bis\":\"73669\"},{\"von\":\"73700\",\"bis\":\"73779\"},{\"von\":\"74300\",\"bis\":\"74429\"},{\"von\":\"74500\",\"bis\":\"74549\"},{\"von\":\"75350\",\"bis\":\"75399\"},{\"von\":\"72300\",\"bis\":\"72369\"},{\"von\":\"72420\",\"bis\":\"72539\"},{\"von\":\"78000\",\"bis\":\"78089\"},{\"von\":\"78150\",\"bis\":\"78199\"},{\"von\":\"78200\",\"bis\":\"78269\"},{\"von\":\"78300\",\"bis\":\"78359\"},{\"von\":\"78400\",\"bis\":\"78479\"},{\"von\":\"78500\",\"bis\":\"78669\"},{\"von\":\"88000\",\"bis\":\"88099\"},{\"von\":\"88180\",\"bis\":\"88289\"},{\"von\":\"88320\",\"bis\":\"88529\"},{\"von\":\"88600\",\"bis\":\"88719\"},{\"von\":\"89000\",\"bis\":\"89199\"},{\"von\":\"89500\",\"bis\":\"89619\"},{\"von\":\"72150\",\"bis\":\"72299\"},{\"von\":\"75000\",\"bis\":\"75059\"},{\"von\":\"75100\",\"bis\":\"75249\"},{\"von\":\"75300\",\"bis\":\"75339\"},{\"von\":\"75400\",\"bis\":\"75449\"},{\"von\":\"76000\",\"bis\":\"76359\"},{\"von\":\"76400\",\"bis\":\"76599\"},{\"von\":\"76600\",\"bis\":\"76779\"},{\"von\":\"76800\",\"bis\":\"76899\"},{\"von\":\"77600\",\"bis\":\"77889\"},{\"von\":\"77900\",\"bis\":\"77979\"},{\"von\":\"78090\",\"bis\":\"78149\"},{\"von\":\"78700\",\"bis\":\"78739\"},{\"von\":\"79000\",\"bis\":\"79429\"},{\"von\":\"79500\",\"bis\":\"79879\"}]'>\r\n                            <span class=\"htitle\">Conseiller de service client<\/span>\r\n                                                            <p>\r\n                                    <strong>\r\n                                        Votre interlocuteur pour un conseil personnalis\u00e9 sur place pour toutes les questions de service                                    <\/strong>\r\n                                <\/p>\r\n                                                        <p>\r\n                                                                    Monsieur Rene St\u00f6be<br>\r\n                                                                                                    Bureau de service apr\u00e8s-vente Sud-Ouest<br>\r\n                                                                                                73529 Schw\u00e4bisch Gm\u00fcnd                            <\/p>\r\n\r\n                                                            <p>\r\n                                                                                                                                    <span class=\"cb-icon cb-icon-mobile\"><a href=\"tel:+491757256816\">+491757256816<\/a><\/span>\r\n                                                                <\/p>\r\n                                                                                        <p>\r\n                                                                    <span class=\"cb-icon cb-icon-email\"><a href=\"mailto:rene.stoebe@efaflex.com\">rene.stoebe@efaflex.com<\/a><\/span>\r\n                                \r\n                                                                <\/p>\r\n                                                    <\/div>\r\n                                                <div class=\"flex-box-thirty standort_plz\" data-postal='[{\"von\":\"04620\",\"bis\":\"04639\"},{\"von\":\"04700\",\"bis\":\"04749\"},{\"von\":\"07300\",\"bis\":\"07429\"},{\"von\":\"07500\",\"bis\":\"07589\"},{\"von\":\"07600\",\"bis\":\"07649\"},{\"von\":\"07700\",\"bis\":\"07779\"},{\"von\":\"07800\",\"bis\":\"07819\"},{\"von\":\"07900\",\"bis\":\"07989\"},{\"von\":\"08000\",\"bis\":\"08069\"},{\"von\":\"08100\",\"bis\":\"08149\"},{\"von\":\"08200\",\"bis\":\"08549\"},{\"von\":\"08600\",\"bis\":\"08609\"},{\"von\":\"08620\",\"bis\":\"08649\"},{\"von\":\"09000\",\"bis\":\"09249\"},{\"von\":\"09300\",\"bis\":\"09669\"},{\"von\":\"04000\",\"bis\":\"04469\"},{\"von\":\"04500\",\"bis\":\"04619\"},{\"von\":\"04640\",\"bis\":\"04689\"},{\"von\":\"04750\",\"bis\":\"04779\"},{\"von\":\"04800\",\"bis\":\"04939\"},{\"von\":\"06000\",\"bis\":\"06139\"},{\"von\":\"06170\",\"bis\":\"06579\"},{\"von\":\"06600\",\"bis\":\"06929\"},{\"von\":\"36400\",\"bis\":\"36469\"},{\"von\":\"37300\",\"bis\":\"37359\"},{\"von\":\"96500\",\"bis\":\"96529\"},{\"von\":\"98500\",\"bis\":\"98749\"},{\"von\":\"99000\",\"bis\":\"99109\"},{\"von\":\"99180\",\"bis\":\"99199\"},{\"von\":\"99300\",\"bis\":\"99339\"},{\"von\":\"99400\",\"bis\":\"99449\"},{\"von\":\"99500\",\"bis\":\"99519\"},{\"von\":\"99600\",\"bis\":\"99639\"},{\"von\":\"99700\",\"bis\":\"99769\"},{\"von\":\"99800\",\"bis\":\"99899\"},{\"von\":\"99940\",\"bis\":\"99999\"}]'>\r\n                            <span class=\"htitle\">Conseiller de service client<\/span>\r\n                                                            <p>\r\n                                    <strong>\r\n                                        Votre interlocuteur pour un conseil personnalis\u00e9 sur place pour toutes les questions de service                                    <\/strong>\r\n                                <\/p>\r\n                                                        <p>\r\n                                                                    Monsieur Daniel Reinboth<br>\r\n                                                                                                    Bureau de service apr\u00e8s-vente Nord-Est<br>\r\n                                                                                                04416 Markkleeberg                            <\/p>\r\n\r\n                                                            <p>\r\n                                                                                                                                    <span class=\"cb-icon cb-icon-mobile\"><a href=\"tel:+491703756850\">+491703756850<\/a><\/span>\r\n                                                                <\/p>\r\n                                                                                        <p>\r\n                                                                    <span class=\"cb-icon cb-icon-email\"><a href=\"mailto:daniel.reinboth@efaflex.com\">daniel.reinboth@efaflex.com<\/a><\/span>\r\n                                \r\n                                                                <\/p>\r\n                                                    <\/div>\r\n                                                <div class=\"flex-box-thirty standort_plz\" data-postal='[{\"von\":\"10000\",\"bis\":\"10999\"},{\"von\":\"12000\",\"bis\":\"12689\"},{\"von\":\"13000\",\"bis\":\"13629\"},{\"von\":\"14000\",\"bis\":\"14199\"},{\"von\":\"14400\",\"bis\":\"14559\"},{\"von\":\"14600\",\"bis\":\"14669\"},{\"von\":\"14700\",\"bis\":\"14799\"},{\"von\":\"14800\",\"bis\":\"14829\"},{\"von\":\"14900\",\"bis\":\"14929\"},{\"von\":\"14930\",\"bis\":\"14979\"},{\"von\":\"15200\",\"bis\":\"15379\"},{\"von\":\"15500\",\"bis\":\"15569\"},{\"von\":\"15700\",\"bis\":\"15759\"},{\"von\":\"15800\",\"bis\":\"15899\"},{\"von\":\"15900\",\"bis\":\"15939\"},{\"von\":\"16200\",\"bis\":\"16359\"},{\"von\":\"16500\",\"bis\":\"16569\"},{\"von\":\"16720\",\"bis\":\"16869\"},{\"von\":\"16900\",\"bis\":\"16949\"},{\"von\":\"17000\",\"bis\":\"17509\"},{\"von\":\"18000\",\"bis\":\"18379\"},{\"von\":\"18400\",\"bis\":\"18469\"},{\"von\":\"18500\",\"bis\":\"18609\"}]'>\r\n                            <span class=\"htitle\">Conseiller de service client<\/span>\r\n                                                            <p>\r\n                                    <strong>\r\n                                        Votre interlocuteur pour un conseil personnalis\u00e9 sur place pour toutes les questions de service                                    <\/strong>\r\n                                <\/p>\r\n                                                        <p>\r\n                                                                    Monsieur Sebastian Ritrich<br>\r\n                                                                                                    Bureau de service apr\u00e8s-vente Nord-Est<br>\r\n                                                                                                15366  Neuenhagen b. Berlin                            <\/p>\r\n\r\n                                                            <p>\r\n                                                                                                                                    <span class=\"cb-icon cb-icon-mobile\"><a href=\"tel:+491703756849\">+491703756849<\/a><\/span>\r\n                                                                <\/p>\r\n                                                                                        <p>\r\n                                                                    <span class=\"cb-icon cb-icon-email\"><a href=\"mailto:sebastian.ritrich@efaflex.com\">sebastian.ritrich@efaflex.com<\/a><\/span>\r\n                                \r\n                                                                <\/p>\r\n                                                    <\/div>\r\n                                                <div class=\"flex-box-thirty standort_plz\" data-postal='[{\"von\":\"42000\",\"bis\":\"42499\"},{\"von\":\"42600\",\"bis\":\"42929\"},{\"von\":\"44000\",\"bis\":\"44389\"},{\"von\":\"44500\",\"bis\":\"44589\"},{\"von\":\"44600\",\"bis\":\"44659\"},{\"von\":\"44700\",\"bis\":\"44899\"},{\"von\":\"45500\",\"bis\":\"45549\"},{\"von\":\"51000\",\"bis\":\"51149\"},{\"von\":\"51300\",\"bis\":\"51519\"},{\"von\":\"51600\",\"bis\":\"51709\"},{\"von\":\"51750\",\"bis\":\"51789\"},{\"von\":\"57400\",\"bis\":\"57439\"},{\"von\":\"58000\",\"bis\":\"58339\"},{\"von\":\"58400\",\"bis\":\"58849\"},{\"von\":\"59000\",\"bis\":\"59229\"},{\"von\":\"59400\",\"bis\":\"59469\"},{\"von\":\"59700\",\"bis\":\"59889\"},{\"von\":\"59900\",\"bis\":\"59969\"}]'>\r\n                            <span class=\"htitle\">Conseiller de service client<\/span>\r\n                                                            <p>\r\n                                    <strong>\r\n                                        Votre interlocuteur pour un conseil personnalis\u00e9 sur place pour toutes les questions de service                                    <\/strong>\r\n                                <\/p>\r\n                                                        <p>\r\n                                                                    Monsieur Sebastian Gilles<br>\r\n                                                                                                    Bureau de service apr\u00e8s-vente Ouest<br>\r\n                                                                                                40721  Hilden                            <\/p>\r\n\r\n                                                            <p>\r\n                                                                                                                                    <span class=\"cb-icon cb-icon-mobile\"><a href=\"tel:+491703756889\">+491703756889<\/a><\/span>\r\n                                                                <\/p>\r\n                                                                                        <p>\r\n                                                                    <span class=\"cb-icon cb-icon-email\"><a href=\"mailto:sebastian.gilles@efaflex.com\">sebastian.gilles@efaflex.com<\/a><\/span>\r\n                                \r\n                                                                <\/p>\r\n                                                    <\/div>\r\n                                                <div class=\"flex-box-thirty standort_plz\" data-postal='[{\"von\":\"40721\",\"bis\":\"40721\"},{\"von\":\"40789\",\"bis\":\"40789\"},{\"von\":\"40882\",\"bis\":\"40882\"},{\"von\":\"41468\",\"bis\":\"41468\"},{\"von\":\"41538\",\"bis\":\"41538\"},{\"von\":\"41540\",\"bis\":\"41540\"},{\"von\":\"42113\",\"bis\":\"42113\"},{\"von\":\"42117\",\"bis\":\"42117\"},{\"von\":\"47829\",\"bis\":\"47829\"},{\"von\":\"50226\",\"bis\":\"50225\"},{\"von\":\"50585\",\"bis\":\"50585\"},{\"von\":\"50676\",\"bis\":\"50676\"},{\"von\":\"50739\",\"bis\":\"50739\"},{\"von\":\"51063\",\"bis\":\"51063\"},{\"von\":\"51149\",\"bis\":\"51149\"},{\"von\":\"51368\",\"bis\":\"51368\"},{\"von\":\"51369\",\"bis\":\"51369\"},{\"von\":\"51373\",\"bis\":\"51373\"},{\"von\":\"51377\",\"bis\":\"51377\"},{\"von\":\"53909\",\"bis\":\"53909\"},{\"von\":\"59192\",\"bis\":\"59192\"}]'>\r\n                            <span class=\"htitle\">Conseiller de service client<\/span>\r\n                                                            <p>\r\n                                    <strong>\r\n                                        Votre interlocuteur pour un conseil personnalis\u00e9 sur place pour toutes les questions de service                                    <\/strong>\r\n                                <\/p>\r\n                                                        <p>\r\n                                                                    Monsieur Martin Greinke<br>\r\n                                                                                                    Bureau de service apr\u00e8s-vente Ouest<br>\r\n                                                                                                40721  Hilden                            <\/p>\r\n\r\n                                                            <p>\r\n                                                                                                                                    <span class=\"cb-icon cb-icon-mobile\"><a href=\"tel:+4915116226363\">+4915116226363<\/a><\/span>\r\n                                                                <\/p>\r\n                                                                                        <p>\r\n                                                                    <span class=\"cb-icon cb-icon-email\"><a href=\"mailto:martin.greinke@efaflex.com\">martin.greinke@efaflex.com<\/a><\/span>\r\n                                \r\n                                                                <\/p>\r\n                                                    <\/div>\r\n                                                <div class=\"flex-box-thirty standort_plz\" data-postal='[{\"von\":\"91000\",\"bis\":\"91099\"},{\"von\":\"91250\",\"bis\":\"91369\"},{\"von\":\"95000\",\"bis\":\"95239\"},{\"von\":\"95300\",\"bis\":\"95369\"},{\"von\":\"95400\",\"bis\":\"95519\"},{\"von\":\"95600\",\"bis\":\"95709\"},{\"von\":\"96000\",\"bis\":\"96279\"},{\"von\":\"96300\",\"bis\":\"96369\"},{\"von\":\"96400\",\"bis\":\"96489\"},{\"von\":\"97000\",\"bis\":\"97359\"},{\"von\":\"97400\",\"bis\":\"97539\"},{\"von\":\"97600\",\"bis\":\"97859\"},{\"von\":\"73470\",\"bis\":\"73499\"},{\"von\":\"74000\",\"bis\":\"74259\"},{\"von\":\"74550\",\"bis\":\"74679\"},{\"von\":\"74700\",\"bis\":\"74749\"},{\"von\":\"90000\",\"bis\":\"90619\"},{\"von\":\"90700\",\"bis\":\"90769\"},{\"von\":\"91100\",\"bis\":\"91249\"},{\"von\":\"91400\",\"bis\":\"91489\"},{\"von\":\"91500\",\"bis\":\"91639\"},{\"von\":\"91700\",\"bis\":\"91809\"},{\"von\":\"92200\",\"bis\":\"92289\"},{\"von\":\"92300\",\"bis\":\"92369\"},{\"von\":\"92400\",\"bis\":\"92449\"},{\"von\":\"92500\",\"bis\":\"92559\"},{\"von\":\"92600\",\"bis\":\"92729\"},{\"von\":\"97860\",\"bis\":\"97999\"}]'>\r\n                            <span class=\"htitle\">Conseiller de service client<\/span>\r\n                                                            <p>\r\n                                    <strong>\r\n                                        Votre interlocuteur pour un conseil personnalis\u00e9 sur place pour toutes les questions de service                                    <\/strong>\r\n                                <\/p>\r\n                                                        <p>\r\n                                                                    Monsieur Joachim Stellmacher<br>\r\n                                                                                                    Bureau de service apr\u00e8s-vente Sud-Est<br>\r\n                                                                                                84079 Bruckberg                            <\/p>\r\n\r\n                                                            <p>\r\n                                                                                                                                    <span class=\"cb-icon cb-icon-mobile\"><a href=\"tel:+491703702466\">+491703702466<\/a><\/span>\r\n                                                                <\/p>\r\n                                                                                        <p>\r\n                                                                    <span class=\"cb-icon cb-icon-email\"><a href=\"mailto:joachim.stellmacher@efaflex.com\">joachim.stellmacher@efaflex.com<\/a><\/span>\r\n                                \r\n                                                                <\/p>\r\n                                                    <\/div>\r\n                                                <div class=\"flex-box-thirty standort_plz\" data-postal='[{\"von\":\"01000\",\"bis\":\"01329\"},{\"von\":\"01430\",\"bis\":\"01479\"},{\"von\":\"01550\",\"bis\":\"01859\"},{\"von\":\"01870\",\"bis\":\"01916\"},{\"von\":\"01916\",\"bis\":\"01999\"},{\"von\":\"02600\",\"bis\":\"02999\"},{\"von\":\"03000\",\"bis\":\"03259\"}]'>\r\n                            <span class=\"htitle\">Conseiller de service client<\/span>\r\n                                                            <p>\r\n                                    <strong>\r\n                                        Votre interlocuteur pour un conseil personnalis\u00e9 sur place pour toutes les questions de service                                    <\/strong>\r\n                                <\/p>\r\n                                                        <p>\r\n                                                                    Monsieur Sebastian Ritrich<br>\r\n                                                                                                    Bureau de service apr\u00e8s-vente Nord-Est<br>\r\n                                                                                                04416 Markkleeberg                            <\/p>\r\n\r\n                                                            <p>\r\n                                                                                                                                    <span class=\"cb-icon cb-icon-mobile\"><a href=\"tel:+491703756849\">+491703756849<\/a><\/span>\r\n                                                                <\/p>\r\n                                                                                        <p>\r\n                                                                    <span class=\"cb-icon cb-icon-email\"><a href=\"mailto:sebastian.ritrich@efaflex.com\">sebastian.ritrich@efaflex.com<\/a><\/span>\r\n                                \r\n                                                                <\/p>\r\n                                                    <\/div>\r\n                                                <div class=\"flex-box-thirty standort_plz\" data-postal='[{\"von\":\"51530\",\"bis\":\"51599\"},{\"von\":\"53000\",\"bis\":\"53359\"},{\"von\":\"53400\",\"bis\":\"53509\"},{\"von\":\"53510\",\"bis\":\"53539\"},{\"von\":\"53540\",\"bis\":\"53639\"},{\"von\":\"53700\",\"bis\":\"53859\"},{\"von\":\"53860\",\"bis\":\"53949\"},{\"von\":\"57000\",\"bis\":\"57399\"},{\"von\":\"57440\",\"bis\":\"57489\"},{\"von\":\"57500\",\"bis\":\"57589\"},{\"von\":\"57600\",\"bis\":\"57649\"},{\"von\":\"40000\",\"bis\":\"40789\"},{\"von\":\"40800\",\"bis\":\"40889\"},{\"von\":\"41000\",\"bis\":\"41379\"},{\"von\":\"41400\",\"bis\":\"41569\"},{\"von\":\"41700\",\"bis\":\"41759\"},{\"von\":\"41800\",\"bis\":\"41849\"},{\"von\":\"42500\",\"bis\":\"42579\"},{\"von\":\"45950\",\"bis\":\"45969\"},{\"von\":\"50100\",\"bis\":\"50189\"},{\"von\":\"50200\",\"bis\":\"50259\"},{\"von\":\"50300\",\"bis\":\"50389\"},{\"von\":\"50440\",\"bis\":\"50999\"},{\"von\":\"52000\",\"bis\":\"52159\"},{\"von\":\"52200\",\"bis\":\"52249\"},{\"von\":\"52300\",\"bis\":\"52539\"},{\"von\":\"45000\",\"bis\":\"45359\"},{\"von\":\"45400\",\"bis\":\"45489\"},{\"von\":\"45600\",\"bis\":\"45779\"},{\"von\":\"45800\",\"bis\":\"45899\"},{\"von\":\"46000\",\"bis\":\"46149\"},{\"von\":\"46200\",\"bis\":\"46285\"},{\"von\":\"46420\",\"bis\":\"46569\"},{\"von\":\"47000\",\"bis\":\"47279\"},{\"von\":\"47400\",\"bis\":\"47669\"},{\"von\":\"47700\",\"bis\":\"47929\"}]'>\r\n                            <span class=\"htitle\">Conseiller de service client<\/span>\r\n                                                            <p>\r\n                                    <strong>\r\n                                        Votre interlocuteur pour un conseil personnalis\u00e9 sur place pour toutes les questions de service                                    <\/strong>\r\n                                <\/p>\r\n                                                        <p>\r\n                                                                    Monsieur Roman Mannheims<br>\r\n                                                                                                    Bureau de service apr\u00e8s-vente Ouest<br>\r\n                                                                                                40721 Hilden                            <\/p>\r\n\r\n                                                            <p>\r\n                                                                                                                                    <span class=\"cb-icon cb-icon-mobile\"><a href=\"tel:+491703702437\">+491703702437<\/a><\/span>\r\n                                                                <\/p>\r\n                                                                                        <p>\r\n                                                                    <span class=\"cb-icon cb-icon-email\"><a href=\"mailto:roman.mannheims@efaflex.com\">roman.mannheims@efaflex.com<\/a><\/span>\r\n                                \r\n                                                                <\/p>\r\n                                                    <\/div>\r\n                                                <div class=\"flex-box-thirty standort_plz\" data-postal='[{\"von\":\"70000\",\"bis\":\"70629\"},{\"von\":\"70700\",\"bis\":\"70839\"},{\"von\":\"71000\",\"bis\":\"71159\"},{\"von\":\"71200\",\"bis\":\"71409\"},{\"von\":\"71500\",\"bis\":\"71579\"},{\"von\":\"71600\",\"bis\":\"71739\"},{\"von\":\"72000\",\"bis\":\"72149\"},{\"von\":\"72370\",\"bis\":\"72419\"},{\"von\":\"72540\",\"bis\":\"72589\"},{\"von\":\"72600\",\"bis\":\"72669\"},{\"von\":\"72700\",\"bis\":\"72829\"},{\"von\":\"73000\",\"bis\":\"73119\"},{\"von\":\"73200\",\"bis\":\"73279\"},{\"von\":\"73300\",\"bis\":\"73349\"},{\"von\":\"73400\",\"bis\":\"73469\"},{\"von\":\"73500\",\"bis\":\"73579\"},{\"von\":\"73600\",\"bis\":\"73669\"},{\"von\":\"73700\",\"bis\":\"73779\"},{\"von\":\"74300\",\"bis\":\"74429\"},{\"von\":\"74500\",\"bis\":\"74549\"},{\"von\":\"75350\",\"bis\":\"75399\"}]'>\r\n                            <span class=\"htitle\">Responsable de service client<\/span>\r\n                                                            <p>\r\n                                    <strong>\r\n                                        Votre interlocuteur pour l&#8217;approvisionnement et les d\u00e9lais                                    <\/strong>\r\n                                <\/p>\r\n                                                        <p>\r\n                                                                    Monsieur Jonas Domin<br>\r\n                                                                                                    Bureau de service apr\u00e8s-vente Sud-Ouest<br>\r\n                                                                                                73529 Schw\u00e4bisch Gm\u00fcnd                            <\/p>\r\n\r\n                                                            <p>\r\n                                                                    <span class=\"cb-icon cb-icon-phone\"><a href=\"tel:+4971718741011\">+49717187410-11<\/a><\/span>\r\n                                                                                                                                <\/p>\r\n                                                                                        <p>\r\n                                                                    <span class=\"cb-icon cb-icon-email\"><a href=\"mailto:jonas.domin@efaflex.com\">jonas.domin@efaflex.com<\/a><\/span>\r\n                                \r\n                                                                <\/p>\r\n                                                    <\/div>\r\n                                                <div class=\"flex-box-thirty standort_plz\" data-postal='[{\"von\":\"82240\",\"bis\":\"82299\"},{\"von\":\"86000\",\"bis\":\"86579\"},{\"von\":\"86600\",\"bis\":\"86759\"},{\"von\":\"86800\",\"bis\":\"86949\"},{\"von\":\"86950\",\"bis\":\"86989\"},{\"von\":\"87400\",\"bis\":\"87789\"},{\"von\":\"88100\",\"bis\":\"88179\"},{\"von\":\"88290\",\"bis\":\"88319\"},{\"von\":\"89200\",\"bis\":\"89369\"},{\"von\":\"89400\",\"bis\":\"89449\"}]'>\r\n                            <span class=\"htitle\">Responsable de service client<\/span>\r\n                                                            <p>\r\n                                    <strong>\r\n                                        Votre interlocuteur pour l&#8217;approvisionnement et les d\u00e9lais                                    <\/strong>\r\n                                <\/p>\r\n                                                        <p>\r\n                                                                    Monsieur B\u00e9la Schreiter<br>\r\n                                                                                                    Bureau de service apr\u00e8s-vente Sud-Est<br>\r\n                                                                                                84079 Bruckberg                            <\/p>\r\n\r\n                                                            <p>\r\n                                                                    <span class=\"cb-icon cb-icon-phone\"><a href=\"tel:+49876582479\">+49876582-479<\/a><\/span>\r\n                                                                                                                                <\/p>\r\n                                                                                        <p>\r\n                                                                    <span class=\"cb-icon cb-icon-email\"><a href=\"mailto:bela.schreiter@efaflex.com\">bela.schreiter@efaflex.com<\/a><\/span>\r\n                                \r\n                                                                <\/p>\r\n                                                    <\/div>\r\n                                                <div class=\"flex-box-thirty standort_plz\" data-postal='[{\"von\":\"80001\",\"bis\":\"80999\"},{\"von\":\"81201\",\"bis\":\"81249\"},{\"von\":\"81301\",\"bis\":\"81379\"},{\"von\":\"81451\",\"bis\":\"81479\"},{\"von\":\"81501\",\"bis\":\"81549\"},{\"von\":\"81601\",\"bis\":\"81679\"},{\"von\":\"81701\",\"bis\":\"81739\"},{\"von\":\"81801\",\"bis\":\"81829\"},{\"von\":\"81901\",\"bis\":\"81929\"},{\"von\":\"82000\",\"bis\":\"82069\"},{\"von\":\"82100\",\"bis\":\"82239\"},{\"von\":\"82300\",\"bis\":\"82549\"},{\"von\":\"83000\",\"bis\":\"83139\"},{\"von\":\"83200\",\"bis\":\"83489\"},{\"von\":\"83500\",\"bis\":\"83569\"},{\"von\":\"83600\",\"bis\":\"83739\"},{\"von\":\"84400\",\"bis\":\"84579\"},{\"von\":\"85200\",\"bis\":\"85259\"},{\"von\":\"85500\",\"bis\":\"85669\"},{\"von\":\"85700\",\"bis\":\"85779\"},{\"von\":\"85045\",\"bis\":\"85045\"}]'>\r\n                            <span class=\"htitle\">Responsable de service client<\/span>\r\n                                                            <p>\r\n                                    <strong>\r\n                                        Votre interlocuteur pour l&#8217;approvisionnement et les d\u00e9lais                                    <\/strong>\r\n                                <\/p>\r\n                                                        <p>\r\n                                                                    Madame Andrea Rieger<br>\r\n                                                                                                    Bureau de service apr\u00e8s-vente Sud-Est<br>\r\n                                                                                                84079 Bruckberg                            <\/p>\r\n\r\n                                                            <p>\r\n                                                                    <span class=\"cb-icon cb-icon-phone\"><a href=\"tel:+49876582296\">+49876582-296<\/a><\/span>\r\n                                                                                                                                <\/p>\r\n                                                                                        <p>\r\n                                                                    <span class=\"cb-icon cb-icon-email\"><a href=\"mailto:andrea.rieger@efaflex.com\">andrea.rieger@efaflex.com<\/a><\/span>\r\n                                \r\n                                                                <\/p>\r\n                                                    <\/div>\r\n                                                <div class=\"flex-box-thirty standort_plz\" data-postal='[{\"von\":\"10000\",\"bis\":\"10999\"},{\"von\":\"12000\",\"bis\":\"12689\"},{\"von\":\"13000\",\"bis\":\"13689\"},{\"von\":\"14000\",\"bis\":\"14199\"},{\"von\":\"14400\",\"bis\":\"14559\"},{\"von\":\"14600\",\"bis\":\"14669\"},{\"von\":\"14700\",\"bis\":\"14799\"},{\"von\":\"14800\",\"bis\":\"14829\"},{\"von\":\"14900\",\"bis\":\"14929\"},{\"von\":\"14930\",\"bis\":\"14979\"},{\"von\":\"15200\",\"bis\":\"15379\"},{\"von\":\"15500\",\"bis\":\"15569\"},{\"von\":\"15700\",\"bis\":\"15759\"},{\"von\":\"15800\",\"bis\":\"15899\"},{\"von\":\"15900\",\"bis\":\"15939\"},{\"von\":\"16200\",\"bis\":\"16359\"},{\"von\":\"16500\",\"bis\":\"16569\"},{\"von\":\"16720\",\"bis\":\"16869\"},{\"von\":\"16900\",\"bis\":\"16949\"},{\"von\":\"17000\",\"bis\":\"17509\"},{\"von\":\"18000\",\"bis\":\"18379\"},{\"von\":\"18400\",\"bis\":\"18469\"},{\"von\":\"18500\",\"bis\":\"18609\"}]'>\r\n                            <span class=\"htitle\">Responsable de service client<\/span>\r\n                                                            <p>\r\n                                    <strong>\r\n                                        Votre interlocuteur pour l&#8217;approvisionnement et les d\u00e9lais                                    <\/strong>\r\n                                <\/p>\r\n                                                        <p>\r\n                                                                    Madame Ilka Zanettel<br>\r\n                                                                                                    Bureau de service apr\u00e8s-vente Nord-Est<br>\r\n                                                                                                15366 Neuenhagen b. Berlin                            <\/p>\r\n\r\n                                                            <p>\r\n                                                                    <span class=\"cb-icon cb-icon-phone\"><a href=\"tel:+4933422134110\">+49334221341-10<\/a><\/span>\r\n                                                                                                                                <\/p>\r\n                                                                                        <p>\r\n                                                                    <span class=\"cb-icon cb-icon-email\"><a href=\"mailto:ilka.zanettel@efaflex.com\">ilka.zanettel@efaflex.com<\/a><\/span>\r\n                                \r\n                                                                <\/p>\r\n                                                    <\/div>\r\n                                                <div class=\"flex-box-thirty standort_plz\" data-postal='[{\"von\":\"51530\",\"bis\":\"51599\"},{\"von\":\"53000\",\"bis\":\"53359\"},{\"von\":\"53400\",\"bis\":\"53509\"},{\"von\":\"53510\",\"bis\":\"53539\"},{\"von\":\"53540\",\"bis\":\"53639\"},{\"von\":\"53700\",\"bis\":\"53859\"},{\"von\":\"53860\",\"bis\":\"53949\"},{\"von\":\"57000\",\"bis\":\"57399\"},{\"von\":\"57440\",\"bis\":\"57489\"},{\"von\":\"57500\",\"bis\":\"57589\"},{\"von\":\"57600\",\"bis\":\"57649\"}]'>\r\n                            <span class=\"htitle\">Responsable de service client<\/span>\r\n                                                            <p>\r\n                                    <strong>\r\n                                        Votre interlocuteur pour l&#8217;approvisionnement et les d\u00e9lais                                    <\/strong>\r\n                                <\/p>\r\n                                                        <p>\r\n                                                                    Monsieur Markus Klespe<br>\r\n                                                                                                    Bureau de service apr\u00e8s-vente Ouest<br>\r\n                                                                                                40721 Hilden                            <\/p>\r\n\r\n                                                            <p>\r\n                                                                    <span class=\"cb-icon cb-icon-phone\"><a href=\"tel:+492103509314\">+4921035093-14<\/a><\/span>\r\n                                                                                                                                <\/p>\r\n                                                                                        <p>\r\n                                                                    <span class=\"cb-icon cb-icon-email\"><a href=\"mailto:markus.klespe@efaflex.com\">markus.klespe@efaflex.com<\/a><\/span>\r\n                                \r\n                                                                <\/p>\r\n                                                    <\/div>\r\n                                                <div class=\"flex-box-thirty standort_plz\" data-postal='[{\"von\":\"35200\",\"bis\":\"35239\"},{\"von\":\"35660\",\"bis\":\"35799\"},{\"von\":\"54500\",\"bis\":\"54689\"},{\"von\":\"56000\",\"bis\":\"56379\"},{\"von\":\"56400\",\"bis\":\"56479\"},{\"von\":\"56500\",\"bis\":\"56659\"},{\"von\":\"56700\",\"bis\":\"56769\"},{\"von\":\"56800\",\"bis\":\"56869\"},{\"von\":\"65530\",\"bis\":\"65629\"}]'>\r\n                            <span class=\"htitle\">Responsable de service client<\/span>\r\n                                                            <p>\r\n                                    <strong>\r\n                                        Votre interlocuteur pour l&#8217;approvisionnement et les d\u00e9lais                                    <\/strong>\r\n                                <\/p>\r\n                                                        <p>\r\n                                                                    Monsieur Nikolas Koban<br>\r\n                                                                                                    Bureau de service apr\u00e8s-vente Ouest<br>\r\n                                                                                                65479 Raunheim                            <\/p>\r\n\r\n                                                            <p>\r\n                                                                    <span class=\"cb-icon cb-icon-phone\"><a href=\"tel:+496142991827\">+4961429918-27<\/a><\/span>\r\n                                                                                                                                <\/p>\r\n                                                                                        <p>\r\n                                                                    <span class=\"cb-icon cb-icon-email\"><a href=\"mailto:nikolas.koban@efaflex.com\">nikolas.koban@efaflex.com<\/a><\/span>\r\n                                \r\n                                                                <\/p>\r\n                                                    <\/div>\r\n                                                <div class=\"flex-box-thirty standort_plz\" data-postal='[{\"von\":\"45000\",\"bis\":\"45359\"},{\"von\":\"45400\",\"bis\":\"45489\"},{\"von\":\"45600\",\"bis\":\"45779\"},{\"von\":\"45800\",\"bis\":\"45899\"},{\"von\":\"46000\",\"bis\":\"46149\"},{\"von\":\"46200\",\"bis\":\"46289\"},{\"von\":\"46420\",\"bis\":\"46569\"},{\"von\":\"47000\",\"bis\":\"47279\"},{\"von\":\"47400\",\"bis\":\"47669\"},{\"von\":\"47700\",\"bis\":\"47929\"}]'>\r\n                            <span class=\"htitle\">Responsable de service client<\/span>\r\n                                                            <p>\r\n                                    <strong>\r\n                                        Votre interlocuteur pour l&#8217;approvisionnement et les d\u00e9lais                                    <\/strong>\r\n                                <\/p>\r\n                                                        <p>\r\n                                                                    Monsieur Holger Bartmu\u00df<br>\r\n                                                                                                    Bureau de service apr\u00e8s-vente Ouest<br>\r\n                                                                                                40721 Hilden                            <\/p>\r\n\r\n                                                            <p>\r\n                                                                    <span class=\"cb-icon cb-icon-phone\"><a href=\"tel:+49210350930\">+4921035093-0<\/a><\/span>\r\n                                                                                                                                <\/p>\r\n                                                                                        <p>\r\n                                                                    <span class=\"cb-icon cb-icon-email\"><a href=\"mailto:holger.bartmuss@efaflex.com\">holger.bartmuss@efaflex.com<\/a><\/span>\r\n                                \r\n                                                                <\/p>\r\n                                                    <\/div>\r\n                                                <div class=\"flex-box-thirty standort_plz\" data-postal='[{\"von\":\"34400\",\"bis\":\"34439\"},{\"von\":\"34440\",\"bis\":\"34519\"},{\"von\":\"34520\",\"bis\":\"34639\"},{\"von\":\"35000\",\"bis\":\"35119\"},{\"von\":\"35240\",\"bis\":\"35289\"},{\"von\":\"35300\",\"bis\":\"35469\"},{\"von\":\"35500\",\"bis\":\"35649\"},{\"von\":\"36000\",\"bis\":\"36399\"},{\"von\":\"37200\",\"bis\":\"37299\"},{\"von\":\"60000\",\"bis\":\"60599\"},{\"von\":\"61100\",\"bis\":\"61389\"},{\"von\":\"61400\",\"bis\":\"61479\"},{\"von\":\"63000\",\"bis\":\"63075\"},{\"von\":\"63151\",\"bis\":\"63179\"},{\"von\":\"63400\",\"bis\":\"63549\"},{\"von\":\"63550\",\"bis\":\"63599\"},{\"von\":\"63600\",\"bis\":\"63639\"},{\"von\":\"63640\",\"bis\":\"63699\"},{\"von\":\"63700\",\"bis\":\"63776\"},{\"von\":\"63802\",\"bis\":\"63831\"},{\"von\":\"65392\",\"bis\":\"65451\"},{\"von\":\"65500\",\"bis\":\"65529\"},{\"von\":\"65700\",\"bis\":\"65939\"}]'>\r\n                            <span class=\"htitle\">Responsable de service client<\/span>\r\n                                                            <p>\r\n                                    <strong>\r\n                                        Votre interlocuteur pour l&#8217;approvisionnement et les d\u00e9lais                                    <\/strong>\r\n                                <\/p>\r\n                                                        <p>\r\n                                                                    Monsieur Alexander Huber<br>\r\n                                                                                                    Bureau de service apr\u00e8s-vente Ouest<br>\r\n                                                                                                65479 Raunheim                            <\/p>\r\n\r\n                                                            <p>\r\n                                                                    <span class=\"cb-icon cb-icon-phone\"><a href=\"tel:+496142991824\">+4961429918-24<\/a><\/span>\r\n                                                                                                                                <\/p>\r\n                                                                                        <p>\r\n                                                                    <span class=\"cb-icon cb-icon-email\"><a href=\"mailto:alexander.huber@efaflex.com\">alexander.huber@efaflex.com<\/a><\/span>\r\n                                \r\n                                                                <\/p>\r\n                                                    <\/div>\r\n                                                <div class=\"flex-box-thirty standort_plz\" data-postal='[{\"von\":\"72300\",\"bis\":\"72369\"},{\"von\":\"72420\",\"bis\":\"72539\"},{\"von\":\"78000\",\"bis\":\"78089\"},{\"von\":\"78150\",\"bis\":\"78199\"},{\"von\":\"78200\",\"bis\":\"78269\"},{\"von\":\"78300\",\"bis\":\"78359\"},{\"von\":\"78400\",\"bis\":\"78479\"},{\"von\":\"78500\",\"bis\":\"78669\"},{\"von\":\"88000\",\"bis\":\"88099\"},{\"von\":\"88180\",\"bis\":\"88289\"},{\"von\":\"88320\",\"bis\":\"88529\"},{\"von\":\"88600\",\"bis\":\"88719\"},{\"von\":\"89000\",\"bis\":\"89199\"},{\"von\":\"89500\",\"bis\":\"89619\"}]'>\r\n                            <span class=\"htitle\">Responsable de service client<\/span>\r\n                                                            <p>\r\n                                    <strong>\r\n                                        Votre interlocuteur pour l&#8217;approvisionnement et les d\u00e9lais                                    <\/strong>\r\n                                <\/p>\r\n                                                        <p>\r\n                                                                    Monsieur Luigi Iannelli<br>\r\n                                                                                                    Bureau de service apr\u00e8s-vente Sud-Ouest<br>\r\n                                                                                                73529 Schw\u00e4bisch Gm\u00fcnd                            <\/p>\r\n\r\n                                                            <p>\r\n                                                                    <span class=\"cb-icon cb-icon-phone\"><a href=\"tel:+4971718741016\">+49717187410-16<\/a><\/span>\r\n                                                                                                                                <\/p>\r\n                                                                                        <p>\r\n                                                                    <span class=\"cb-icon cb-icon-email\"><a href=\"mailto:luigi.iannelli@efaflex.com\">luigi.iannelli@efaflex.com<\/a><\/span>\r\n                                \r\n                                                                <\/p>\r\n                                                    <\/div>\r\n                                                <div class=\"flex-box-thirty standort_plz\" data-postal='[{\"von\":\"04000\",\"bis\":\"04469\"},{\"von\":\"04500\",\"bis\":\"04619\"},{\"von\":\"04640\",\"bis\":\"04689\"},{\"von\":\"04750\",\"bis\":\"04779\"},{\"von\":\"04800\",\"bis\":\"04939\"},{\"von\":\"06000\",\"bis\":\"06139\"},{\"von\":\"06170\",\"bis\":\"06579\"},{\"von\":\"06600\",\"bis\":\"06929\"},{\"von\":\"36400\",\"bis\":\"36469\"},{\"von\":\"37300\",\"bis\":\"37359\"},{\"von\":\"96500\",\"bis\":\"96529\"},{\"von\":\"98500\",\"bis\":\"98749\"},{\"von\":\"99000\",\"bis\":\"99109\"},{\"von\":\"99180\",\"bis\":\"99199\"},{\"von\":\"99300\",\"bis\":\"99339\"},{\"von\":\"99400\",\"bis\":\"99449\"},{\"von\":\"99500\",\"bis\":\"99519\"},{\"von\":\"99600\",\"bis\":\"99639\"},{\"von\":\"99700\",\"bis\":\"99769\"},{\"von\":\"99800\",\"bis\":\"99899\"},{\"von\":\"99940\",\"bis\":\"99999\"}]'>\r\n                            <span class=\"htitle\">Responsable de service client<\/span>\r\n                                                            <p>\r\n                                    <strong>\r\n                                        Votre interlocuteur pour l&#8217;approvisionnement et les d\u00e9lais                                    <\/strong>\r\n                                <\/p>\r\n                                                        <p>\r\n                                                                    Monsieur Holger Winkler<br>\r\n                                                                                                    Bureau de service apr\u00e8s-vente Nord-Est<br>\r\n                                                                                                04416 Markkleeberg                            <\/p>\r\n\r\n                                                            <p>\r\n                                                                    <span class=\"cb-icon cb-icon-phone\"><a href=\"tel:+4934297987718\">+49342979877-18<\/a><\/span>\r\n                                                                                                                                    <span class=\"cb-icon cb-icon-mobile\"><a href=\"tel:+491602755420\">+491602755420<\/a><\/span>\r\n                                                                <\/p>\r\n                                                                                        <p>\r\n                                                                    <span class=\"cb-icon cb-icon-email\"><a href=\"mailto:holger.winkler@efaflex.com\">holger.winkler@efaflex.com<\/a><\/span>\r\n                                \r\n                                                                <\/p>\r\n                                                    <\/div>\r\n                                                <div class=\"flex-box-thirty standort_plz\" data-postal='[{\"von\":\"54200\",\"bis\":\"54349\"},{\"von\":\"54400\",\"bis\":\"54499\"},{\"von\":\"55380\",\"bis\":\"55629\"},{\"von\":\"55700\",\"bis\":\"55779\"},{\"von\":\"66000\",\"bis\":\"66999\"},{\"von\":\"67000\",\"bis\":\"67169\"},{\"von\":\"67200\",\"bis\":\"67379\"},{\"von\":\"67400\",\"bis\":\"67489\"},{\"von\":\"67600\",\"bis\":\"67759\"},{\"von\":\"67800\",\"bis\":\"67829\"},{\"von\":\"68000\",\"bis\":\"68549\"},{\"von\":\"68700\",\"bis\":\"68809\"},{\"von\":\"69000\",\"bis\":\"69259\"},{\"von\":\"69400\",\"bis\":\"69519\"},{\"von\":\"74800\",\"bis\":\"74939\"}]'>\r\n                            <span class=\"htitle\">Responsable de service client<\/span>\r\n                                                            <p>\r\n                                    <strong>\r\n                                        Votre interlocuteur pour l&#8217;approvisionnement et les d\u00e9lais                                    <\/strong>\r\n                                <\/p>\r\n                                                        <p>\r\n                                                                    Monsieur Kai Ruthard<br>\r\n                                                                                                    Bureau de service apr\u00e8s-vente Ouest<br>\r\n                                                                                                65479 Raunheim                            <\/p>\r\n\r\n                                                            <p>\r\n                                                                    <span class=\"cb-icon cb-icon-phone\"><a href=\"tel:+496142991815\">+4961429918-15<\/a><\/span>\r\n                                                                                                                                <\/p>\r\n                                                                                        <p>\r\n                                                                    <span class=\"cb-icon cb-icon-email\"><a href=\"mailto:kai.ruthard@efaflex.com\">kai.ruthard@efaflex.com<\/a><\/span>\r\n                                \r\n                                                                <\/p>\r\n                                                    <\/div>\r\n                                                <div class=\"flex-box-thirty standort_plz\" data-postal='[{\"von\":\"40000\",\"bis\":\"40789\"},{\"von\":\"40800\",\"bis\":\"40889\"},{\"von\":\"41000\",\"bis\":\"41379\"},{\"von\":\"41400\",\"bis\":\"41569\"},{\"von\":\"41700\",\"bis\":\"41759\"},{\"von\":\"41800\",\"bis\":\"41849\"},{\"von\":\"42500\",\"bis\":\"42579\"},{\"von\":\"45950\",\"bis\":\"45969\"},{\"von\":\"50100\",\"bis\":\"50189\"},{\"von\":\"50200\",\"bis\":\"50259\"},{\"von\":\"50300\",\"bis\":\"50389\"},{\"von\":\"50440\",\"bis\":\"50999\"},{\"von\":\"52000\",\"bis\":\"52159\"},{\"von\":\"52200\",\"bis\":\"52249\"},{\"von\":\"52300\",\"bis\":\"52539\"}]'>\r\n                            <span class=\"htitle\">Responsable de service client<\/span>\r\n                                                            <p>\r\n                                    <strong>\r\n                                        Votre interlocuteur pour l&#8217;approvisionnement et les d\u00e9lais                                    <\/strong>\r\n                                <\/p>\r\n                                                        <p>\r\n                                                                    Monsieur Benjamin Franz<br>\r\n                                                                                                    Bureau de service apr\u00e8s-vente Ouest<br>\r\n                                                                                                40721 Hilden                            <\/p>\r\n\r\n                                                            <p>\r\n                                                                    <span class=\"cb-icon cb-icon-phone\"><a href=\"tel:+492103509318\">+4921035093-18<\/a><\/span>\r\n                                                                                                                                <\/p>\r\n                                                                                        <p>\r\n                                                                    <span class=\"cb-icon cb-icon-email\"><a href=\"mailto:benjamin.franz@efaflex.com\">benjamin.franz@efaflex.com<\/a><\/span>\r\n                                \r\n                                                                <\/p>\r\n                                                    <\/div>\r\n                                                <div class=\"flex-box-thirty standort_plz\" data-postal='[{\"von\":\"55000\",\"bis\":\"55299\"},{\"von\":\"63076\",\"bis\":\"63150\"},{\"von\":\"63200\",\"bis\":\"63329\"},{\"von\":\"63777\",\"bis\":\"63801\"},{\"von\":\"63832\",\"bis\":\"63939\"},{\"von\":\"64200\",\"bis\":\"64409\"},{\"von\":\"64500\",\"bis\":\"64589\"},{\"von\":\"64600\",\"bis\":\"64689\"},{\"von\":\"64700\",\"bis\":\"64759\"},{\"von\":\"64800\",\"bis\":\"64859\"},{\"von\":\"65000\",\"bis\":\"65239\"},{\"von\":\"65300\",\"bis\":\"65391\"},{\"von\":\"65452\",\"bis\":\"65479\"},{\"von\":\"67500\",\"bis\":\"67599\"},{\"von\":\"68600\",\"bis\":\"68649\"}]'>\r\n                            <span class=\"htitle\">Responsable de service client<\/span>\r\n                                                            <p>\r\n                                    <strong>\r\n                                        Votre interlocuteur pour l&#8217;approvisionnement et les d\u00e9lais                                    <\/strong>\r\n                                <\/p>\r\n                                                        <p>\r\n                                                                    Monsieur Marius Renner<br>\r\n                                                                                                    Bureau de service apr\u00e8s-vente Ouest<br>\r\n                                                                                                65479  Raunheim                            <\/p>\r\n\r\n                                                            <p>\r\n                                                                    <span class=\"cb-icon cb-icon-phone\"><a href=\"tel:+496142991828\">+4961429918-28<\/a><\/span>\r\n                                                                                                                                <\/p>\r\n                                                                                        <p>\r\n                                                                    <span class=\"cb-icon cb-icon-email\"><a href=\"mailto:marius.renner@efaflex.com\">marius.renner@efaflex.com<\/a><\/span>\r\n                                \r\n                                                                <\/p>\r\n                                                    <\/div>\r\n                                                <div class=\"flex-box-thirty standort_plz\" data-postal='[{\"von\":\"72300\",\"bis\":\"72369\"},{\"von\":\"72420\",\"bis\":\"72539\"},{\"von\":\"78000\",\"bis\":\"78089\"},{\"von\":\"78150\",\"bis\":\"78199\"},{\"von\":\"78200\",\"bis\":\"78269\"},{\"von\":\"78300\",\"bis\":\"78359\"},{\"von\":\"78400\",\"bis\":\"78479\"},{\"von\":\"78500\",\"bis\":\"78669\"},{\"von\":\"88000\",\"bis\":\"88099\"},{\"von\":\"88180\",\"bis\":\"88289\"},{\"von\":\"88320\",\"bis\":\"88529\"},{\"von\":\"88600\",\"bis\":\"88719\"},{\"von\":\"89000\",\"bis\":\"89199\"},{\"von\":\"89500\",\"bis\":\"89619\"}]'>\r\n                            <span class=\"htitle\">Responsable de service client<\/span>\r\n                                                            <p>\r\n                                    <strong>\r\n                                        Votre interlocuteur pour l&#8217;approvisionnement et les d\u00e9lais                                    <\/strong>\r\n                                <\/p>\r\n                                                        <p>\r\n                                                                    Monsieur Luigi Ianelli<br>\r\n                                                                                                    Bureau de service apr\u00e8s-vente Sud-Ouest<br>\r\n                                                                                                73529  Schw\u00e4bisch Gm\u00fcnd                            <\/p>\r\n\r\n                                                            <p>\r\n                                                                    <span class=\"cb-icon cb-icon-phone\"><a href=\"tel:+4971718741016\">+49717187410-16<\/a><\/span>\r\n                                                                                                                                <\/p>\r\n                                                                                        <p>\r\n                                                                    <span class=\"cb-icon cb-icon-email\"><a href=\"mailto:luigi.iannelli@efaflex.com\">luigi.iannelli@efaflex.com<\/a><\/span>\r\n                                \r\n                                                                <\/p>\r\n                                                    <\/div>\r\n                                                <div class=\"flex-box-thirty standort_plz\" data-postal='[{\"von\":\"72150\",\"bis\":\"72299\"},{\"von\":\"75000\",\"bis\":\"75059\"},{\"von\":\"75100\",\"bis\":\"75249\"},{\"von\":\"75300\",\"bis\":\"75339\"},{\"von\":\"75400\",\"bis\":\"75449\"},{\"von\":\"76000\",\"bis\":\"76359\"},{\"von\":\"76400\",\"bis\":\"76599\"},{\"von\":\"76600\",\"bis\":\"76779\"},{\"von\":\"76800\",\"bis\":\"76899\"},{\"von\":\"77600\",\"bis\":\"77889\"},{\"von\":\"77900\",\"bis\":\"77979\"},{\"von\":\"78090\",\"bis\":\"78149\"},{\"von\":\"78700\",\"bis\":\"78739\"},{\"von\":\"79000\",\"bis\":\"79429\"},{\"von\":\"79500\",\"bis\":\"79879\"}]'>\r\n                            <span class=\"htitle\">Responsable de service client<\/span>\r\n                                                            <p>\r\n                                    <strong>\r\n                                        Votre interlocuteur pour l&#8217;approvisionnement et les d\u00e9lais                                    <\/strong>\r\n                                <\/p>\r\n                                                        <p>\r\n                                                                    Monsieur Michael Huff<br>\r\n                                                                                                    Bureau de service apr\u00e8s-vente Sud-Ouest<br>\r\n                                                                                                73529 Schw\u00e4bisch Gm\u00fcnd                            <\/p>\r\n\r\n                                                            <p>\r\n                                                                    <span class=\"cb-icon cb-icon-phone\"><a href=\"tel:+4971718741021\">+49717187410-21<\/a><\/span>\r\n                                                                                                                                <\/p>\r\n                                                                                        <p>\r\n                                                                    <span class=\"cb-icon cb-icon-email\"><a href=\"mailto:michael.huff@efaflex.com\">michael.huff@efaflex.com<\/a><\/span>\r\n                                \r\n                                                                <\/p>\r\n                                                    <\/div>\r\n                                                <div class=\"flex-box-thirty standort_plz\" data-postal='[{\"von\":\"42000\",\"bis\":\"42499\"},{\"von\":\"42600\",\"bis\":\"42929\"},{\"von\":\"44000\",\"bis\":\"44389\"},{\"von\":\"44500\",\"bis\":\"44589\"},{\"von\":\"44600\",\"bis\":\"44659\"},{\"von\":\"44700\",\"bis\":\"44899\"},{\"von\":\"45500\",\"bis\":\"45549\"},{\"von\":\"51000\",\"bis\":\"51149\"},{\"von\":\"51300\",\"bis\":\"51519\"},{\"von\":\"51600\",\"bis\":\"51709\"},{\"von\":\"51750\",\"bis\":\"51789\"},{\"von\":\"57400\",\"bis\":\"57439\"},{\"von\":\"58000\",\"bis\":\"58339\"},{\"von\":\"58400\",\"bis\":\"58849\"},{\"von\":\"59000\",\"bis\":\"59229\"},{\"von\":\"59400\",\"bis\":\"59469\"},{\"von\":\"59700\",\"bis\":\"59889\"},{\"von\":\"59900\",\"bis\":\"59969\"}]'>\r\n                            <span class=\"htitle\">Responsable de service client<\/span>\r\n                                                            <p>\r\n                                    <strong>\r\n                                        Votre interlocuteur pour l&#8217;approvisionnement et les d\u00e9lais                                    <\/strong>\r\n                                <\/p>\r\n                                                        <p>\r\n                                                                    Monsieur Maximilian Stankozi<br>\r\n                                                                                                    Bureau de service apr\u00e8s-vente Ouest<br>\r\n                                                                                                40721 Hilden                            <\/p>\r\n\r\n                                                            <p>\r\n                                                                    <span class=\"cb-icon cb-icon-phone\"><a href=\"tel:+492103509327\">+4921035093-27<\/a><\/span>\r\n                                                                                                                                <\/p>\r\n                                                                                        <p>\r\n                                                                    <span class=\"cb-icon cb-icon-email\"><a href=\"mailto:maximilian.stankozi@efaflex.com\">maximilian.stankozi@efaflex.com<\/a><\/span>\r\n                                \r\n                                                                <\/p>\r\n                                                    <\/div>\r\n                                                <div class=\"flex-box-thirty standort_plz\" data-postal='[{\"von\":\"40721\",\"bis\":\"40721\"},{\"von\":\"40789\",\"bis\":\"40789\"},{\"von\":\"40882\",\"bis\":\"40882\"},{\"von\":\"41468\",\"bis\":\"41468\"},{\"von\":\"41538\",\"bis\":\"41538\"},{\"von\":\"41540\",\"bis\":\"41540\"},{\"von\":\"42113\",\"bis\":\"42113\"},{\"von\":\"42117\",\"bis\":\"42117\"},{\"von\":\"47829\",\"bis\":\"47829\"},{\"von\":\"50226\",\"bis\":\"50226\"},{\"von\":\"50585\",\"bis\":\"50585\"},{\"von\":\"50676\",\"bis\":\"50676\"},{\"von\":\"50739\",\"bis\":\"50739\"},{\"von\":\"51063\",\"bis\":\"51063\"},{\"von\":\"51149\",\"bis\":\"51149\"},{\"von\":\"51368\",\"bis\":\"51368\"},{\"von\":\"51369\",\"bis\":\"51369\"},{\"von\":\"51373\",\"bis\":\"51373\"},{\"von\":\"51377\",\"bis\":\"51377\"},{\"von\":\"53909\",\"bis\":\"53909\"},{\"von\":\"59192\",\"bis\":\"59192\"}]'>\r\n                            <span class=\"htitle\">Responsable de service client<\/span>\r\n                                                            <p>\r\n                                    <strong>\r\n                                        Votre interlocuteur pour l&#8217;approvisionnement et les d\u00e9lais                                    <\/strong>\r\n                                <\/p>\r\n                                                        <p>\r\n                                                                    Monsieur Daniel Ochudlo<br>\r\n                                                                                                    Bureau de service apr\u00e8s-vente Ouest<br>\r\n                                                                                                40721 Hilden                            <\/p>\r\n\r\n                                                            <p>\r\n                                                                    <span class=\"cb-icon cb-icon-phone\"><a href=\"tel:+492103509313\">+4921035093-13<\/a><\/span>\r\n                                                                                                                                <\/p>\r\n                                                                                        <p>\r\n                                                                    <span class=\"cb-icon cb-icon-email\"><a href=\"mailto:daniel.ochudlo@efaflex.com\">daniel.ochudlo@efaflex.com<\/a><\/span>\r\n                                \r\n                                                                <\/p>\r\n                                                    <\/div>\r\n                                                <div class=\"flex-box-thirty standort_plz\" data-postal='[{\"von\":\"91000\",\"bis\":\"91099\"},{\"von\":\"91250\",\"bis\":\"91369\"},{\"von\":\"95000\",\"bis\":\"95239\"},{\"von\":\"95300\",\"bis\":\"95369\"},{\"von\":\"95400\",\"bis\":\"95519\"},{\"von\":\"95600\",\"bis\":\"95709\"},{\"von\":\"96000\",\"bis\":\"96279\"},{\"von\":\"96300\",\"bis\":\"96369\"},{\"von\":\"96400\",\"bis\":\"96489\"},{\"von\":\"97000\",\"bis\":\"97359\"},{\"von\":\"97400\",\"bis\":\"97539\"},{\"von\":\"97600\",\"bis\":\"97859\"}]'>\r\n                            <span class=\"htitle\">Responsable de service client<\/span>\r\n                                                            <p>\r\n                                    <strong>\r\n                                        Votre interlocuteur pour l&#8217;approvisionnement et les d\u00e9lais                                    <\/strong>\r\n                                <\/p>\r\n                                                        <p>\r\n                                                                    Monsieur Alexander Rank<br>\r\n                                                                                                    Bureau de service apr\u00e8s-vente Sud-Est<br>\r\n                                                                                                84079 Bruckberg                            <\/p>\r\n\r\n                                                            <p>\r\n                                                                    <span class=\"cb-icon cb-icon-phone\"><a href=\"tel:+49876582189\">+49876582-189<\/a><\/span>\r\n                                                                                                                                <\/p>\r\n                                                                                        <p>\r\n                                                                    <span class=\"cb-icon cb-icon-email\"><a href=\"mailto:alexander.rank@efaflex.com\">alexander.rank@efaflex.com<\/a><\/span>\r\n                                \r\n                                                                <\/p>\r\n                                                    <\/div>\r\n                                                <div class=\"flex-box-thirty standort_plz\" data-postal='[{\"von\":\"73470\",\"bis\":\"73499\"},{\"von\":\"74000\",\"bis\":\"74259\"},{\"von\":\"74550\",\"bis\":\"74679\"},{\"von\":\"74700\",\"bis\":\"74749\"},{\"von\":\"90000\",\"bis\":\"90619\"},{\"von\":\"90700\",\"bis\":\"90769\"},{\"von\":\"91100\",\"bis\":\"91249\"},{\"von\":\"91400\",\"bis\":\"91489\"},{\"von\":\"91500\",\"bis\":\"91639\"},{\"von\":\"91700\",\"bis\":\"91809\"},{\"von\":\"92200\",\"bis\":\"92289\"},{\"von\":\"92300\",\"bis\":\"92369\"},{\"von\":\"92400\",\"bis\":\"92449\"},{\"von\":\"92500\",\"bis\":\"92559\"},{\"von\":\"92600\",\"bis\":\"92729\"},{\"von\":\"97860\",\"bis\":\"97999\"}]'>\r\n                            <span class=\"htitle\">Responsable de service client<\/span>\r\n                                                            <p>\r\n                                    <strong>\r\n                                        Votre interlocuteur pour l&#8217;approvisionnement et les d\u00e9lais                                    <\/strong>\r\n                                <\/p>\r\n                                                        <p>\r\n                                                                    Monsieur Tobias Obermaier<br>\r\n                                                                                                    Bureau de service apr\u00e8s-vente Sud-Est<br>\r\n                                                                                                84079 Bruckberg                            <\/p>\r\n\r\n                                                            <p>\r\n                                                                    <span class=\"cb-icon cb-icon-phone\"><a href=\"tel:+49876582368\">+49876582-368<\/a><\/span>\r\n                                                                                                                                <\/p>\r\n                                                                                        <p>\r\n                                                                    <span class=\"cb-icon cb-icon-email\"><a href=\"mailto:tobias.obermaier@efaflex.com\">tobias.obermaier@efaflex.com<\/a><\/span>\r\n                                \r\n                                                                <\/p>\r\n                                                    <\/div>\r\n                                                <div class=\"flex-box-thirty standort_plz\" data-postal='[{\"von\":\"80001\",\"bis\":\"80999\"},{\"von\":\"81201\",\"bis\":\"81249\"},{\"von\":\"81301\",\"bis\":\"81379\"},{\"von\":\"81451\",\"bis\":\"81479\"},{\"von\":\"81501\",\"bis\":\"81549\"},{\"von\":\"81601\",\"bis\":\"81679\"},{\"von\":\"81701\",\"bis\":\"81739\"},{\"von\":\"81801\",\"bis\":\"81829\"},{\"von\":\"81901\",\"bis\":\"81929\"},{\"von\":\"82000\",\"bis\":\"82069\"},{\"von\":\"82100\",\"bis\":\"82239\"},{\"von\":\"82300\",\"bis\":\"82549\"},{\"von\":\"83000\",\"bis\":\"83139\"},{\"von\":\"83200\",\"bis\":\"83489\"},{\"von\":\"83500\",\"bis\":\"83569\"},{\"von\":\"83600\",\"bis\":\"83739\"},{\"von\":\"84400\",\"bis\":\"84579\"},{\"von\":\"85200\",\"bis\":\"85259\"},{\"von\":\"85500\",\"bis\":\"85669\"},{\"von\":\"85700\",\"bis\":\"85779\"},{\"von\":\"85045\",\"bis\":\"85045\"}]'>\r\n                            <span class=\"htitle\">Responsable de service client<\/span>\r\n                                                            <p>\r\n                                    <strong>\r\n                                        Votre interlocuteur pour l&#8217;approvisionnement et les d\u00e9lais                                    <\/strong>\r\n                                <\/p>\r\n                                                        <p>\r\n                                                                    Madame Jessica Eibl<br>\r\n                                                                                                    Bureau de service apr\u00e8s-vente Sud-Est<br>\r\n                                                                                                84079 Bruckberg                            <\/p>\r\n\r\n                                                            <p>\r\n                                                                    <span class=\"cb-icon cb-icon-phone\"><a href=\"tel:+49876582412\">+49876582-412<\/a><\/span>\r\n                                                                                                                                <\/p>\r\n                                                                                        <p>\r\n                                                                    <span class=\"cb-icon cb-icon-email\"><a href=\"mailto:jessica.eibl@efaflex.com\">jessica.eibl@efaflex.com<\/a><\/span>\r\n                                \r\n                                                                <\/p>\r\n                                                    <\/div>\r\n                                                <div class=\"flex-box-thirty standort_plz\" data-postal='[{\"von\":\"73470\",\"bis\":\"73499\"},{\"von\":\"74000\",\"bis\":\"74259\"},{\"von\":\"74550\",\"bis\":\"74679\"},{\"von\":\"74700\",\"bis\":\"74749\"},{\"von\":\"90000\",\"bis\":\"90619\"},{\"von\":\"90700\",\"bis\":\"90769\"},{\"von\":\"91100\",\"bis\":\"91249\"},{\"von\":\"91400\",\"bis\":\"91489\"},{\"von\":\"91500\",\"bis\":\"91639\"},{\"von\":\"91700\",\"bis\":\"91809\"},{\"von\":\"92200\",\"bis\":\"92289\"},{\"von\":\"92300\",\"bis\":\"92369\"},{\"von\":\"92400\",\"bis\":\"92449\"},{\"von\":\"92500\",\"bis\":\"92559\"},{\"von\":\"92600\",\"bis\":\"92729\"},{\"von\":\"97860\",\"bis\":\"97999\"}]'>\r\n                            <span class=\"htitle\">Responsable de service client<\/span>\r\n                                                            <p>\r\n                                    <strong>\r\n                                        Votre interlocuteur pour l&#8217;approvisionnement et les d\u00e9lais                                    <\/strong>\r\n                                <\/p>\r\n                                                        <p>\r\n                                                                    Madame Kerstin Bauer<br>\r\n                                                                                                    Bureau de service apr\u00e8s-vente Sud-Est<br>\r\n                                                                                                84079 Bruckberg                            <\/p>\r\n\r\n                                                            <p>\r\n                                                                    <span class=\"cb-icon cb-icon-phone\"><a href=\"tel:+49876582343\">+49876582343<\/a><\/span>\r\n                                                                                                                                <\/p>\r\n                                                                                        <p>\r\n                                                                    <span class=\"cb-icon cb-icon-email\"><a href=\"mailto:kerstin.bauer@efaflex.com\">kerstin.bauer@efaflex.com<\/a><\/span>\r\n                                \r\n                                                                <\/p>\r\n                                                    <\/div>\r\n                                                <div class=\"flex-box-thirty standort_plz\" data-postal='[{\"von\":\"01000\",\"bis\":\"01329\"},{\"von\":\"01430\",\"bis\":\"01479\"},{\"von\":\"01550\",\"bis\":\"01859\"},{\"von\":\"01870\",\"bis\":\"01999\"},{\"von\":\"02600\",\"bis\":\"02999\"},{\"von\":\"03000\",\"bis\":\"03259\"},{\"von\":\"04620\",\"bis\":\"04639\"},{\"von\":\"04700\",\"bis\":\"04749\"},{\"von\":\"07300\",\"bis\":\"07429\"},{\"von\":\"07500\",\"bis\":\"07589\"},{\"von\":\"07600\",\"bis\":\"07649\"},{\"von\":\"07700\",\"bis\":\"07779\"},{\"von\":\"07800\",\"bis\":\"07819\"},{\"von\":\"07900\",\"bis\":\"07989\"},{\"von\":\"08000\",\"bis\":\"08069\"},{\"von\":\"08100\",\"bis\":\"08149\"},{\"von\":\"08200\",\"bis\":\"08549\"},{\"von\":\"08600\",\"bis\":\"08609\"},{\"von\":\"08620\",\"bis\":\"08649\"},{\"von\":\"09000\",\"bis\":\"09249\"},{\"von\":\"09300\",\"bis\":\"09669\"}]'>\r\n                            <span class=\"htitle\">Responsable de service client<\/span>\r\n                                                            <p>\r\n                                    <strong>\r\n                                        Votre interlocuteur pour l&#8217;approvisionnement et les d\u00e9lais                                    <\/strong>\r\n                                <\/p>\r\n                                                        <p>\r\n                                                                    Monsieur Dennis Eichholz<br>\r\n                                                                                                    Bureau de service apr\u00e8s-vente Nord-Est<br>\r\n                                                                                                04416 Markkleeberg                            <\/p>\r\n\r\n                                                            <p>\r\n                                                                    <span class=\"cb-icon cb-icon-phone\"><a href=\"tel:+4934297987716\">+49342979877-16<\/a><\/span>\r\n                                                                                                                                <\/p>\r\n                                                                                        <p>\r\n                                                                    <span class=\"cb-icon cb-icon-email\"><a href=\"mailto:dennis.eichholz@efaflex.com\">dennis.eichholz@efaflex.com<\/a><\/span>\r\n                                \r\n                                                                <\/p>\r\n                                                    <\/div>\r\n                                                <div class=\"flex-box-thirty standort_plz\" data-postal='[{\"von\":\"84000\",\"bis\":\"84109\"},{\"von\":\"84120\",\"bis\":\"84189\"},{\"von\":\"84300\",\"bis\":\"84389\"},{\"von\":\"85000\",\"bis\":\"85044\"},{\"von\":\"85046\",\"bis\":\"85139\"},{\"von\":\"85260\",\"bis\":\"85469\"},{\"von\":\"93000\",\"bis\":\"93109\"},{\"von\":\"93120\",\"bis\":\"93199\"},{\"von\":\"93300\",\"bis\":\"93359\"},{\"von\":\"93400\",\"bis\":\"93499\"},{\"von\":\"94000\",\"bis\":\"94169\"},{\"von\":\"94200\",\"bis\":\"94269\"},{\"von\":\"94300\",\"bis\":\"94379\"},{\"von\":\"94400\",\"bis\":\"94579\"}]'>\r\n                            <span class=\"htitle\">Responsable de service client<\/span>\r\n                                                            <p>\r\n                                    <strong>\r\n                                        Votre interlocuteur pour l&#8217;approvisionnement et les d\u00e9lais                                    <\/strong>\r\n                                <\/p>\r\n                                                        <p>\r\n                                                                    Monsieur Florian G\u00f6tzberger<br>\r\n                                                                                                    Bureau de service apr\u00e8s-vente Sud-Est<br>\r\n                                                                                                84079 Bruckberg                            <\/p>\r\n\r\n                                                            <p>\r\n                                                                    <span class=\"cb-icon cb-icon-phone\"><a href=\"tel:+49876582532\">+49876582-532<\/a><\/span>\r\n                                                                                                                                <\/p>\r\n                                                                                        <p>\r\n                                                                    <span class=\"cb-icon cb-icon-email\"><a href=\"mailto:florian.goetzberger@efaflex.com\">florian.goetzberger@efaflex.com<\/a><\/span>\r\n                                \r\n                                                                <\/p>\r\n                                                    <\/div>\r\n                                                <div class=\"flex-box-thirty standort_plz\" data-postal='[{\"von\":\"84000\",\"bis\":\"84109\"},{\"von\":\"84120\",\"bis\":\"84189\"},{\"von\":\"84300\",\"bis\":\"84389\"},{\"von\":\"85000\",\"bis\":\"85044\"},{\"von\":\"85046\",\"bis\":\"85139\"},{\"von\":\"85260\",\"bis\":\"85469\"},{\"von\":\"93000\",\"bis\":\"93109\"},{\"von\":\"93120\",\"bis\":\"93199\"},{\"von\":\"93300\",\"bis\":\"93359\"},{\"von\":\"93400\",\"bis\":\"93499\"},{\"von\":\"94000\",\"bis\":\"94169\"},{\"von\":\"94200\",\"bis\":\"94269\"},{\"von\":\"94300\",\"bis\":\"94379\"},{\"von\":\"94400\",\"bis\":\"94579\"}]'>\r\n                            <span class=\"htitle\">Responsable de service client<\/span>\r\n                                                            <p>\r\n                                    <strong>\r\n                                        Votre interlocuteur pour l&#8217;approvisionnement et les d\u00e9lais                                    <\/strong>\r\n                                <\/p>\r\n                                                        <p>\r\n                                                                    Monsieur Christoph Lintsche<br>\r\n                                                                                                    Bureau de service apr\u00e8s-vente Sud-Est<br>\r\n                                                                                                84079 Bruckberg                            <\/p>\r\n\r\n                                                            <p>\r\n                                                                    <span class=\"cb-icon cb-icon-phone\"><a href=\"tel:+49876582285\">+49876582285<\/a><\/span>\r\n                                                                                                                                <\/p>\r\n                                                                                        <p>\r\n                                                                    <span class=\"cb-icon cb-icon-email\"><a href=\"mailto:Christoph.Lintsche@efaflex.com\">Christoph.Lintsche@efaflex.com<\/a><\/span>\r\n                                \r\n                                                                <\/p>\r\n                                                    <\/div>\r\n                                    <\/div>\r\n        <\/div>\r\n\r\n        <div class=\"inner\">\r\n            <div class=\"zweispaltig-bild-text-modul custom-flex-box\">\r\n                <h2 class=\"standhl\" style=\"display:none;\">Demandes commerciales et de nouveaux portails<\/h2>\r\n            <\/div>\r\n        <\/div>\r\n\r\n        <div class=\"inner\">\r\n            <div class=\"standorte_plz custom-flex-box\">\r\n                                        <div class=\"flex-box-thirty standort_plz\" data-postal='[{\"von\":\"19000\",\"bis\":\"19089\"},{\"von\":\"19200\",\"bis\":\"19419\"},{\"von\":\"20000\",\"bis\":\"20539\"},{\"von\":\"21000\",\"bis\":\"21279\"},{\"von\":\"21300\",\"bis\":\"21529\"},{\"von\":\"21600\",\"bis\":\"21789\"},{\"von\":\"22000\",\"bis\":\"22889\"},{\"von\":\"22900\",\"bis\":\"22969\"},{\"von\":\"23500\",\"bis\":\"23629\"},{\"von\":\"23660\",\"bis\":\"24259\"},{\"von\":\"24300\",\"bis\":\"24409\"},{\"von\":\"24500\",\"bis\":\"24649\"},{\"von\":\"24750\",\"bis\":\"24999\"},{\"von\":\"25300\",\"bis\":\"25379\"},{\"von\":\"25400\",\"bis\":\"25599\"},{\"von\":\"25690\",\"bis\":\"25999\"},{\"von\":\"29430\",\"bis\":\"29649\"}]'>\r\n                            <span class=\"htitle\">Force de vente<\/span>\r\n                                                        <p>\r\n                                                                    Monsieur Dipl. Ing. R\u00fcdiger Gehrke<br>\r\n                                                                                                                                21357 Bardowick                            <\/p>\r\n                                                            <p>\r\n                                                                                                                                    <span class=\"cb-icon cb-icon-mobile\"><a href=\"tel:+491716952391\">+491716952391<\/a><\/span>\r\n                                                                <\/p>\r\n                                                                                        <p>\r\n                                                                    <span class=\"cb-icon cb-icon-email\"><a href=\"mailto:ruediger.gehrke@efaflex.com\">ruediger.gehrke@efaflex.com<\/a><\/span>\r\n                                \r\n                                                                <\/p>\r\n                                                    <\/div>\r\n\r\n                                                <div class=\"flex-box-thirty standort_plz\" data-postal='[{\"von\":\"35200\",\"bis\":\"35239\"},{\"von\":\"35660\",\"bis\":\"35799\"},{\"von\":\"51530\",\"bis\":\"51599\"},{\"von\":\"53000\",\"bis\":\"53359\"},{\"von\":\"53400\",\"bis\":\"53509\"},{\"von\":\"53510\",\"bis\":\"53539\"},{\"von\":\"53540\",\"bis\":\"53639\"},{\"von\":\"53700\",\"bis\":\"53859\"},{\"von\":\"53860\",\"bis\":\"53949\"},{\"von\":\"54500\",\"bis\":\"54689\"},{\"von\":\"56000\",\"bis\":\"56379\"},{\"von\":\"56400\",\"bis\":\"56479\"},{\"von\":\"56500\",\"bis\":\"56659\"},{\"von\":\"56700\",\"bis\":\"56769\"},{\"von\":\"56800\",\"bis\":\"56869\"},{\"von\":\"57000\",\"bis\":\"57399\"},{\"von\":\"57440\",\"bis\":\"57489\"},{\"von\":\"57500\",\"bis\":\"57589\"},{\"von\":\"57600\",\"bis\":\"57649\"},{\"von\":\"65530\",\"bis\":\"65629\"}]'>\r\n                            <span class=\"htitle\">Force de vente<\/span>\r\n                                                        <p>\r\n                                                                    Monsieur Marcel Hehl<br>\r\n                                                                                                                                56410 Montabaur                            <\/p>\r\n                                                            <p>\r\n                                                                                                                                    <span class=\"cb-icon cb-icon-mobile\"><a href=\"tel:+4915119546337\">+4915119546337<\/a><\/span>\r\n                                                                <\/p>\r\n                                                                                        <p>\r\n                                                                    <span class=\"cb-icon cb-icon-email\"><a href=\"mailto:marcel.hehl@efaflex.com\">marcel.hehl@efaflex.com<\/a><\/span>\r\n                                \r\n                                                                <\/p>\r\n                                                    <\/div>\r\n\r\n                                                <div class=\"flex-box-thirty standort_plz\" data-postal='[{\"von\":\"84307\",\"bis\":\"84307\"},{\"von\":\"84326\",\"bis\":\"84389\"},{\"von\":\"93086\",\"bis\":\"93086\"},{\"von\":\"93090\",\"bis\":\"93090\"},{\"von\":\"93099\",\"bis\":\"93099\"},{\"von\":\"93102\",\"bis\":\"93104\"},{\"von\":\"93109\",\"bis\":\"93109\"},{\"von\":\"93167\",\"bis\":\"93167\"},{\"von\":\"93177\",\"bis\":\"93179\"},{\"von\":\"93185\",\"bis\":\"93185\"},{\"von\":\"93189\",\"bis\":\"93194\"},{\"von\":\"93199\",\"bis\":\"93199\"},{\"von\":\"93400\",\"bis\":\"94341\"},{\"von\":\"94343\",\"bis\":\"94579\"}]'>\r\n                            <span class=\"htitle\">Force de vente<\/span>\r\n                                                        <p>\r\n                                                                    Monsieur Igor Polovic<br>\r\n                                                                                                                                94469 Deggendorf                            <\/p>\r\n                                                            <p>\r\n                                                                                                                                    <span class=\"cb-icon cb-icon-mobile\"><a href=\"tel:+491703756880\">+491703756880<\/a><\/span>\r\n                                                                <\/p>\r\n                                                                                        <p>\r\n                                                                    <span class=\"cb-icon cb-icon-email\"><a href=\"mailto:igor.polovic@efaflex.com\">igor.polovic@efaflex.com<\/a><\/span>\r\n                                \r\n                                                                <\/p>\r\n                                                    <\/div>\r\n\r\n                                                <div class=\"flex-box-thirty standort_plz\" data-postal='[{\"von\":\"80001\",\"bis\":\"80999\"},{\"von\":\"81201\",\"bis\":\"81249\"},{\"von\":\"81301\",\"bis\":\"81379\"},{\"von\":\"81451\",\"bis\":\"81479\"},{\"von\":\"81501\",\"bis\":\"81549\"},{\"von\":\"81601\",\"bis\":\"81679\"},{\"von\":\"81701\",\"bis\":\"81739\"},{\"von\":\"81801\",\"bis\":\"81829\"},{\"von\":\"81901\",\"bis\":\"81929\"},{\"von\":\"82000\",\"bis\":\"82069\"},{\"von\":\"82100\",\"bis\":\"82239\"},{\"von\":\"82300\",\"bis\":\"82549\"},{\"von\":\"83000\",\"bis\":\"83139\"},{\"von\":\"83200\",\"bis\":\"83489\"},{\"von\":\"83500\",\"bis\":\"83569\"},{\"von\":\"83600\",\"bis\":\"83739\"},{\"von\":\"84400\",\"bis\":\"84579\"},{\"von\":\"85200\",\"bis\":\"85259\"},{\"von\":\"85500\",\"bis\":\"85669\"},{\"von\":\"85700\",\"bis\":\"85779\"},{\"von\":\"85045\",\"bis\":\"85045\"}]'>\r\n                            <span class=\"htitle\">Force de vente<\/span>\r\n                                                        <p>\r\n                                                                    Monsieur Oliver Chadt<br>\r\n                                                                                                                                85435 Erding                            <\/p>\r\n                                                            <p>\r\n                                                                                                                                    <span class=\"cb-icon cb-icon-mobile\"><a href=\"tel:+491707811175\">+491707811175<\/a><\/span>\r\n                                                                <\/p>\r\n                                                                                        <p>\r\n                                                                    <span class=\"cb-icon cb-icon-email\"><a href=\"mailto:oliver.chadt@efaflex.com\">oliver.chadt@efaflex.com<\/a><\/span>\r\n                                \r\n                                                                <\/p>\r\n                                                    <\/div>\r\n\r\n                                                <div class=\"flex-box-thirty standort_plz\" data-postal='[{\"von\":\"72150\",\"bis\":\"72299\"},{\"von\":\"75000\",\"bis\":\"75059\"},{\"von\":\"75100\",\"bis\":\"75249\"},{\"von\":\"75300\",\"bis\":\"75339\"},{\"von\":\"75400\",\"bis\":\"75449\"},{\"von\":\"76000\",\"bis\":\"76359\"},{\"von\":\"76400\",\"bis\":\"76599\"},{\"von\":\"76600\",\"bis\":\"76779\"},{\"von\":\"76800\",\"bis\":\"76899\"},{\"von\":\"77600\",\"bis\":\"77889\"},{\"von\":\"77900\",\"bis\":\"77979\"},{\"von\":\"78090\",\"bis\":\"78149\"},{\"von\":\"78700\",\"bis\":\"78739\"},{\"von\":\"79000\",\"bis\":\"79429\"},{\"von\":\"79500\",\"bis\":\"79879\"}]'>\r\n                            <span class=\"htitle\">Force de vente<\/span>\r\n                                                        <p>\r\n                                                                    Monsieur Dipl. Wirt. Ing. Christoph Jaspers<br>\r\n                                                                                                                                76534 Baden &#8211; Baden                            <\/p>\r\n                                                            <p>\r\n                                                                                                                                    <span class=\"cb-icon cb-icon-mobile\"><a href=\"tel:+491714757069\">+491714757069<\/a><\/span>\r\n                                                                <\/p>\r\n                                                                                        <p>\r\n                                                                    <span class=\"cb-icon cb-icon-email\"><a href=\"mailto:christoph.jaspers@efaflex.com\">christoph.jaspers@efaflex.com<\/a><\/span>\r\n                                \r\n                                                                <\/p>\r\n                                                    <\/div>\r\n\r\n                                                <div class=\"flex-box-thirty standort_plz\" data-postal='[{\"von\":\"73470\",\"bis\":\"73499\"},{\"von\":\"74000\",\"bis\":\"74259\"},{\"von\":\"74550\",\"bis\":\"74679\"},{\"von\":\"74700\",\"bis\":\"74749\"},{\"von\":\"90000\",\"bis\":\"90619\"},{\"von\":\"90700\",\"bis\":\"90769\"},{\"von\":\"91100\",\"bis\":\"91249\"},{\"von\":\"91400\",\"bis\":\"91489\"},{\"von\":\"91500\",\"bis\":\"91639\"},{\"von\":\"91700\",\"bis\":\"91809\"},{\"von\":\"92200\",\"bis\":\"92289\"},{\"von\":\"92300\",\"bis\":\"92369\"},{\"von\":\"92400\",\"bis\":\"92449\"},{\"von\":\"92500\",\"bis\":\"92559\"},{\"von\":\"92600\",\"bis\":\"92729\"},{\"von\":\"97860\",\"bis\":\"97999\"}]'>\r\n                            <span class=\"htitle\">Force de vente<\/span>\r\n                                                        <p>\r\n                                                                    Monsieur Christoph Maul<br>\r\n                                                                                                                                90607 R\u00fcckersdorf                            <\/p>\r\n                                                            <p>\r\n                                                                                                                                    <span class=\"cb-icon cb-icon-mobile\"><a href=\"tel:+491607038312\">+491607038312<\/a><\/span>\r\n                                                                <\/p>\r\n                                                                                        <p>\r\n                                                                    <span class=\"cb-icon cb-icon-email\"><a href=\"mailto:christoph.maul@efaflex.com\">christoph.maul@efaflex.com<\/a><\/span>\r\n                                \r\n                                                                <\/p>\r\n                                                    <\/div>\r\n\r\n                                                <div class=\"flex-box-thirty standort_plz\" data-postal='[{\"von\":\"82240\",\"bis\":\"82299\"},{\"von\":\"86000\",\"bis\":\"86579\"},{\"von\":\"86600\",\"bis\":\"86759\"},{\"von\":\"86800\",\"bis\":\"86949\"},{\"von\":\"86950\",\"bis\":\"86989\"},{\"von\":\"87400\",\"bis\":\"87789\"},{\"von\":\"88100\",\"bis\":\"88179\"},{\"von\":\"88290\",\"bis\":\"88319\"},{\"von\":\"89200\",\"bis\":\"89369\"},{\"von\":\"89400\",\"bis\":\"89449\"}]'>\r\n                            <span class=\"htitle\">Force de vente<\/span>\r\n                                                        <p>\r\n                                                                    Monsieur Reinhold Eckert<br>\r\n                                                                                                                                86574 Alsmoos                            <\/p>\r\n                                                            <p>\r\n                                                                                                                                    <span class=\"cb-icon cb-icon-mobile\"><a href=\"tel:+491702223519\">+491702223519<\/a><\/span>\r\n                                                                <\/p>\r\n                                                                                        <p>\r\n                                                                    <span class=\"cb-icon cb-icon-email\"><a href=\"mailto:reinhold.eckert@efaflex.com\">reinhold.eckert@efaflex.com<\/a><\/span>\r\n                                \r\n                                                                <\/p>\r\n                                                    <\/div>\r\n\r\n                                                <div class=\"flex-box-thirty standort_plz\" data-postal='[{\"von\":\"70000\",\"bis\":\"70629\"},{\"von\":\"70700\",\"bis\":\"70839\"},{\"von\":\"71000\",\"bis\":\"71159\"},{\"von\":\"71200\",\"bis\":\"71409\"},{\"von\":\"71500\",\"bis\":\"71579\"},{\"von\":\"71600\",\"bis\":\"71739\"},{\"von\":\"72000\",\"bis\":\"72149\"},{\"von\":\"72370\",\"bis\":\"72419\"},{\"von\":\"72540\",\"bis\":\"72589\"},{\"von\":\"72600\",\"bis\":\"72669\"},{\"von\":\"72700\",\"bis\":\"72829\"},{\"von\":\"73000\",\"bis\":\"73119\"},{\"von\":\"73200\",\"bis\":\"73279\"},{\"von\":\"73300\",\"bis\":\"73349\"},{\"von\":\"73400\",\"bis\":\"73469\"},{\"von\":\"73500\",\"bis\":\"73579\"},{\"von\":\"73600\",\"bis\":\"73669\"},{\"von\":\"73700\",\"bis\":\"73779\"},{\"von\":\"74300\",\"bis\":\"74429\"},{\"von\":\"74500\",\"bis\":\"74549\"},{\"von\":\"75350\",\"bis\":\"75399\"}]'>\r\n                            <span class=\"htitle\">Force de vente<\/span>\r\n                                                        <p>\r\n                                                                    Monsieur Dietmar Schurr<br>\r\n                                                                                                                                73312 Geislingen \/ Steige                            <\/p>\r\n                                                            <p>\r\n                                                                                                                                    <span class=\"cb-icon cb-icon-mobile\"><a href=\"tel:+491607038314\">+491607038314<\/a><\/span>\r\n                                                                <\/p>\r\n                                                                                        <p>\r\n                                                                    <span class=\"cb-icon cb-icon-email\"><a href=\"mailto:dietmar.schurr@efaflex.com\">dietmar.schurr@efaflex.com<\/a><\/span>\r\n                                \r\n                                                                <\/p>\r\n                                                    <\/div>\r\n\r\n                                                <div class=\"flex-box-thirty standort_plz\" data-postal='[{\"von\":\"01000\",\"bis\":\"01329\"},{\"von\":\"01430\",\"bis\":\"01479\"},{\"von\":\"01550\",\"bis\":\"01859\"},{\"von\":\"01870\",\"bis\":\"01999\"},{\"von\":\"02600\",\"bis\":\"02999\"},{\"von\":\"03000\",\"bis\":\"03259\"},{\"von\":\"04620\",\"bis\":\"04639\"},{\"von\":\"04700\",\"bis\":\"04749\"},{\"von\":\"07300\",\"bis\":\"07429\"},{\"von\":\"07500\",\"bis\":\"07589\"},{\"von\":\"07600\",\"bis\":\"07649\"},{\"von\":\"07700\",\"bis\":\"07779\"},{\"von\":\"07800\",\"bis\":\"07819\"},{\"von\":\"07900\",\"bis\":\"07989\"},{\"von\":\"08000\",\"bis\":\"08069\"},{\"von\":\"08100\",\"bis\":\"08149\"},{\"von\":\"08200\",\"bis\":\"08549\"},{\"von\":\"08600\",\"bis\":\"08609\"},{\"von\":\"08620\",\"bis\":\"08649\"},{\"von\":\"09000\",\"bis\":\"09249\"},{\"von\":\"09300\",\"bis\":\"09669\"}]'>\r\n                            <span class=\"htitle\">Force de vente<\/span>\r\n                                                        <p>\r\n                                                                    Monsieur Thomas Weile<br>\r\n                                                                                                                                01257 Dresden                            <\/p>\r\n                                                            <p>\r\n                                                                                                                                    <span class=\"cb-icon cb-icon-mobile\"><a href=\"tel:+491718620569\">+491718620569<\/a><\/span>\r\n                                                                <\/p>\r\n                                                                                        <p>\r\n                                                                    <span class=\"cb-icon cb-icon-email\"><a href=\"mailto:thomas.weile@efaflex.com\">thomas.weile@efaflex.com<\/a><\/span>\r\n                                \r\n                                                                <\/p>\r\n                                                    <\/div>\r\n\r\n                                                <div class=\"flex-box-thirty standort_plz\" data-postal='[{\"von\":\"04000\",\"bis\":\"04469\"},{\"von\":\"04500\",\"bis\":\"04619\"},{\"von\":\"04640\",\"bis\":\"04689\"},{\"von\":\"04750\",\"bis\":\"04779\"},{\"von\":\"04800\",\"bis\":\"04939\"},{\"von\":\"06000\",\"bis\":\"06139\"},{\"von\":\"06170\",\"bis\":\"06579\"},{\"von\":\"06600\",\"bis\":\"06929\"},{\"von\":\"36400\",\"bis\":\"36469\"},{\"von\":\"37300\",\"bis\":\"37359\"},{\"von\":\"96500\",\"bis\":\"96529\"},{\"von\":\"98500\",\"bis\":\"98749\"},{\"von\":\"99000\",\"bis\":\"99109\"},{\"von\":\"99180\",\"bis\":\"99199\"},{\"von\":\"99300\",\"bis\":\"99339\"},{\"von\":\"99400\",\"bis\":\"99449\"},{\"von\":\"99500\",\"bis\":\"99519\"},{\"von\":\"99600\",\"bis\":\"99639\"},{\"von\":\"99700\",\"bis\":\"99769\"},{\"von\":\"99800\",\"bis\":\"99899\"},{\"von\":\"99940\",\"bis\":\"99999\"}]'>\r\n                            <span class=\"htitle\">Force de vente<\/span>\r\n                                                        <p>\r\n                                                                    Monsieur Falk Posse<br>\r\n                                                                                                                                99094 Erfurt                            <\/p>\r\n                                                            <p>\r\n                                                                                                                                    <span class=\"cb-icon cb-icon-mobile\"><a href=\"tel:+491718620570\">+491718620570<\/a><\/span>\r\n                                                                <\/p>\r\n                                                                                        <p>\r\n                                                                    <span class=\"cb-icon cb-icon-email\"><a href=\"mailto:falk.posse@efaflex.com\">falk.posse@efaflex.com<\/a><\/span>\r\n                                \r\n                                                                <\/p>\r\n                                                    <\/div>\r\n\r\n                                                <div class=\"flex-box-thirty standort_plz\" data-postal='[{\"von\":\"40000\",\"bis\":\"40789\"},{\"von\":\"40800\",\"bis\":\"40889\"},{\"von\":\"41000\",\"bis\":\"41379\"},{\"von\":\"41400\",\"bis\":\"41569\"},{\"von\":\"41700\",\"bis\":\"41759\"},{\"von\":\"41800\",\"bis\":\"41849\"},{\"von\":\"42500\",\"bis\":\"42579\"},{\"von\":\"45000\",\"bis\":\"45359\"},{\"von\":\"45400\",\"bis\":\"45489\"},{\"von\":\"45600\",\"bis\":\"45779\"},{\"von\":\"45800\",\"bis\":\"45899\"},{\"von\":\"45950\",\"bis\":\"45969\"},{\"von\":\"46000\",\"bis\":\"46149\"},{\"von\":\"46200\",\"bis\":\"46289\"},{\"von\":\"46420\",\"bis\":\"46569\"},{\"von\":\"47000\",\"bis\":\"47279\"},{\"von\":\"47400\",\"bis\":\"47669\"},{\"von\":\"47700\",\"bis\":\"47929\"},{\"von\":\"50100\",\"bis\":\"50189\"},{\"von\":\"50200\",\"bis\":\"50259\"},{\"von\":\"50300\",\"bis\":\"50389\"},{\"von\":\"50440\",\"bis\":\"50999\"},{\"von\":\"52000\",\"bis\":\"52159\"},{\"von\":\"52200\",\"bis\":\"52249\"},{\"von\":\"52300\",\"bis\":\"52539\"}]'>\r\n                            <span class=\"htitle\">Force de vente<\/span>\r\n                                                        <p>\r\n                                                                    Monsieur Torsten Emde<br>\r\n                                                                                                                                42549 Velbert                            <\/p>\r\n                                                            <p>\r\n                                                                                                                                    <span class=\"cb-icon cb-icon-mobile\"><a href=\"tel:+491757227924\">+491757227924<\/a><\/span>\r\n                                                                <\/p>\r\n                                                                                        <p>\r\n                                                                    <span class=\"cb-icon cb-icon-email\"><a href=\"mailto:torsten.emde@efaflex.com\">torsten.emde@efaflex.com<\/a><\/span>\r\n                                \r\n                                                                <\/p>\r\n                                                    <\/div>\r\n\r\n                                                <div class=\"flex-box-thirty standort_plz\" data-postal='[{\"von\":\"42000\",\"bis\":\"42499\"},{\"von\":\"42600\",\"bis\":\"42929\"},{\"von\":\"44000\",\"bis\":\"44389\"},{\"von\":\"44500\",\"bis\":\"44589\"},{\"von\":\"44598\",\"bis\":\"44659\"},{\"von\":\"44700\",\"bis\":\"44899\"},{\"von\":\"45501\",\"bis\":\"45549\"},{\"von\":\"51000\",\"bis\":\"51149\"},{\"von\":\"51300\",\"bis\":\"51519\"},{\"von\":\"57400\",\"bis\":\"57439\"},{\"von\":\"51600\",\"bis\":\"51709\"},{\"von\":\"51750\",\"bis\":\"51789\"},{\"von\":\"58000\",\"bis\":\"58339\"},{\"von\":\"58400\",\"bis\":\"58849\"},{\"von\":\"59000\",\"bis\":\"59229\"},{\"von\":\"59240\",\"bis\":\"59329\"},{\"von\":\"59400\",\"bis\":\"59469\"},{\"von\":\"59470\",\"bis\":\"59609\"},{\"von\":\"59700\",\"bis\":\"59889\"},{\"von\":\"59900\",\"bis\":\"59969\"}]'>\r\n                            <span class=\"htitle\">Force de vente<\/span>\r\n                                                        <p>\r\n                                                                    Monsieur Henning Krause<br>\r\n                                                                                                                                44791 Bochum                            <\/p>\r\n                                                            <p>\r\n                                                                                                                                    <span class=\"cb-icon cb-icon-mobile\"><a href=\"tel:+491702234468\">+491702234468<\/a><\/span>\r\n                                                                <\/p>\r\n                                                                                        <p>\r\n                                                                    <span class=\"cb-icon cb-icon-email\"><a href=\"mailto:henning.krause@efaflex.com\">henning.krause@efaflex.com<\/a><\/span>\r\n                                \r\n                                                                <\/p>\r\n                                                    <\/div>\r\n\r\n                                                <div class=\"flex-box-thirty standort_plz\" data-postal='[{\"von\":\"54200\",\"bis\":\"54349\"},{\"von\":\"54400\",\"bis\":\"54499\"},{\"von\":\"55380\",\"bis\":\"55629\"},{\"von\":\"55700\",\"bis\":\"55779\"},{\"von\":\"66000\",\"bis\":\"66999\"},{\"von\":\"67000\",\"bis\":\"67169\"},{\"von\":\"67200\",\"bis\":\"67379\"},{\"von\":\"67400\",\"bis\":\"67489\"},{\"von\":\"67600\",\"bis\":\"67759\"},{\"von\":\"67800\",\"bis\":\"67829\"},{\"von\":\"68000\",\"bis\":\"68549\"},{\"von\":\"68700\",\"bis\":\"68809\"},{\"von\":\"69000\",\"bis\":\"69259\"},{\"von\":\"69400\",\"bis\":\"69519\"},{\"von\":\"74800\",\"bis\":\"74939\"}]'>\r\n                            <span class=\"htitle\">Force de vente<\/span>\r\n                                                        <p>\r\n                                                                    Monsieur Serdal Koccu<br>\r\n                                                                                                                                76726 Germersheim                            <\/p>\r\n                                                            <p>\r\n                                                                                                                                    <span class=\"cb-icon cb-icon-mobile\"><a href=\"tel:+491703731801\">+491703731801<\/a><\/span>\r\n                                                                <\/p>\r\n                                                                                        <p>\r\n                                                                    <span class=\"cb-icon cb-icon-email\"><a href=\"mailto:serdal.koccu@efaflex.com\">serdal.koccu@efaflex.com<\/a><\/span>\r\n                                \r\n                                                                <\/p>\r\n                                                    <\/div>\r\n\r\n                                                <div class=\"flex-box-thirty standort_plz\" data-postal='[{\"von\":\"34520\",\"bis\":\"34639\"},{\"von\":\"35000\",\"bis\":\"35119\"},{\"von\":\"35250\",\"bis\":\"35289\"},{\"von\":\"35300\",\"bis\":\"35469\"},{\"von\":\"35500\",\"bis\":\"35649\"},{\"von\":\"36000\",\"bis\":\"36399\"},{\"von\":\"37200\",\"bis\":\"37299\"},{\"von\":\"55000\",\"bis\":\"55299\"},{\"von\":\"60000\",\"bis\":\"60599\"},{\"von\":\"61100\",\"bis\":\"61389\"},{\"von\":\"61400\",\"bis\":\"61479\"},{\"von\":\"63000\",\"bis\":\"63179\"},{\"von\":\"63200\",\"bis\":\"63329\"},{\"von\":\"63400\",\"bis\":\"63549\"},{\"von\":\"63550\",\"bis\":\"63599\"},{\"von\":\"63600\",\"bis\":\"63639\"},{\"von\":\"63640\",\"bis\":\"63699\"},{\"von\":\"63700\",\"bis\":\"63939\"},{\"von\":\"64200\",\"bis\":\"64409\"},{\"von\":\"64500\",\"bis\":\"64589\"},{\"von\":\"64600\",\"bis\":\"64689\"},{\"von\":\"64700\",\"bis\":\"64759\"},{\"von\":\"64800\",\"bis\":\"64859\"},{\"von\":\"65000\",\"bis\":\"65239\"},{\"von\":\"65300\",\"bis\":\"65479\"},{\"von\":\"65500\",\"bis\":\"65529\"},{\"von\":\"65700\",\"bis\":\"65939\"},{\"von\":\"67500\",\"bis\":\"67599\"},{\"von\":\"68600\",\"bis\":\"68649\"}]'>\r\n                            <span class=\"htitle\">Force de vente<\/span>\r\n                                                        <p>\r\n                                                                    Monsieur Dipl. Ing. Wolfgang Rauch<br>\r\n                                                                                                                                65474 Bischofsheim                            <\/p>\r\n                                                            <p>\r\n                                                                                                                                    <span class=\"cb-icon cb-icon-mobile\"><a href=\"tel:+491716857715\">+491716857715<\/a><\/span>\r\n                                                                <\/p>\r\n                                                                                        <p>\r\n                                                                    <span class=\"cb-icon cb-icon-email\"><a href=\"mailto:wolfgang.rauch@efaflex.com\">wolfgang.rauch@efaflex.com<\/a><\/span>\r\n                                \r\n                                                                <\/p>\r\n                                                    <\/div>\r\n\r\n                                                <div class=\"flex-box-thirty standort_plz\" data-postal='[{\"von\":\"72300\",\"bis\":\"72369\"},{\"von\":\"72420\",\"bis\":\"72539\"},{\"von\":\"78000\",\"bis\":\"78089\"},{\"von\":\"78150\",\"bis\":\"78199\"},{\"von\":\"78200\",\"bis\":\"78269\"},{\"von\":\"78300\",\"bis\":\"78359\"},{\"von\":\"78400\",\"bis\":\"78479\"},{\"von\":\"78500\",\"bis\":\"78669\"},{\"von\":\"88000\",\"bis\":\"88099\"},{\"von\":\"88180\",\"bis\":\"88289\"},{\"von\":\"88320\",\"bis\":\"88529\"},{\"von\":\"88600\",\"bis\":\"88719\"},{\"von\":\"89000\",\"bis\":\"89199\"},{\"von\":\"89500\",\"bis\":\"89619\"}]'>\r\n                            <span class=\"htitle\">Force de vente<\/span>\r\n                                                        <p>\r\n                                                                    Monsieur Benjamin Laub<br>\r\n                                                                                                                                72810 Gomaringen                            <\/p>\r\n                                                            <p>\r\n                                                                                                                                    <span class=\"cb-icon cb-icon-mobile\"><a href=\"tel:+491703702441\">+491703702441<\/a><\/span>\r\n                                                                <\/p>\r\n                                                                                        <p>\r\n                                                                    <span class=\"cb-icon cb-icon-email\"><a href=\"mailto:benjamin.laub@efaflex.com\">benjamin.laub@efaflex.com<\/a><\/span>\r\n                                \r\n                                                                <\/p>\r\n                                                    <\/div>\r\n\r\n                                                <div class=\"flex-box-thirty standort_plz\" data-postal='[{\"von\":\"29200\",\"bis\":\"29419\"},{\"von\":\"29650\",\"bis\":\"29699\"},{\"von\":\"31000\",\"bis\":\"31319\"},{\"von\":\"37000\",\"bis\":\"37199\"},{\"von\":\"37400\",\"bis\":\"37449\"},{\"von\":\"37500\",\"bis\":\"37589\"},{\"von\":\"38000\",\"bis\":\"38179\"},{\"von\":\"38200\",\"bis\":\"38389\"},{\"von\":\"38400\",\"bis\":\"38489\"},{\"von\":\"38500\",\"bis\":\"38559\"},{\"von\":\"38600\",\"bis\":\"38729\"},{\"von\":\"38800\",\"bis\":\"38899\"},{\"von\":\"39000\",\"bis\":\"39139\"},{\"von\":\"39150\",\"bis\":\"39179\"},{\"von\":\"39200\",\"bis\":\"39279\"},{\"von\":\"39280\",\"bis\":\"39399\"},{\"von\":\"39400\",\"bis\":\"39449\"},{\"von\":\"39510\",\"bis\":\"39539\"},{\"von\":\"39550\",\"bis\":\"39649\"}]'>\r\n                            <span class=\"htitle\">Force de vente<\/span>\r\n                                                        <p>\r\n                                                                    Monsieur Lars Barthel<br>\r\n                                                                                                                                39279 Leitzkau                            <\/p>\r\n                                                            <p>\r\n                                                                                                                                    <span class=\"cb-icon cb-icon-mobile\"><a href=\"tel:+491752093170\">+491752093170<\/a><\/span>\r\n                                                                <\/p>\r\n                                                                                        <p>\r\n                                                                    <span class=\"cb-icon cb-icon-email\"><a href=\"mailto:lars.barthel@efaflex.com\">lars.barthel@efaflex.com<\/a><\/span>\r\n                                \r\n                                                                <\/p>\r\n                                                    <\/div>\r\n\r\n                                                <div class=\"flex-box-thirty standort_plz\" data-postal='[{\"von\":\"30000\",\"bis\":\"30989\"},{\"von\":\"31500\",\"bis\":\"31869\"},{\"von\":\"34000\",\"bis\":\"34399\"},{\"von\":\"34440\",\"bis\":\"34519\"},{\"von\":\"37590\",\"bis\":\"37649\"},{\"von\":\"32000\",\"bis\":\"32139\"},{\"von\":\"32210\",\"bis\":\"32289\"},{\"von\":\"32370\",\"bis\":\"32479\"},{\"von\":\"32500\",\"bis\":\"32609\"},{\"von\":\"32630\",\"bis\":\"32839\"},{\"von\":\"33000\",\"bis\":\"33039\"},{\"von\":\"33040\",\"bis\":\"33189\"},{\"von\":\"33240\",\"bis\":\"33449\"},{\"von\":\"33500\",\"bis\":\"33829\"},{\"von\":\"34400\",\"bis\":\"34439\"},{\"von\":\"37650\",\"bis\":\"37699\"}]'>\r\n                            <span class=\"htitle\">Force de vente<\/span>\r\n                                                        <p>\r\n                                                                    Monsieur Martin Beinlich<br>\r\n                                                                                                                                49124 Georgsmarienh\u00fctte                            <\/p>\r\n                                                            <p>\r\n                                                                                                                                    <span class=\"cb-icon cb-icon-mobile\"><a href=\"tel:+491703757541\">+491703757541<\/a><\/span>\r\n                                                                <\/p>\r\n                                                                                        <p>\r\n                                                                    <span class=\"cb-icon cb-icon-email\"><a href=\"mailto:martin.beinlich@efaflex.com\">martin.beinlich@efaflex.com<\/a><\/span>\r\n                                \r\n                                                                <\/p>\r\n                                                    <\/div>\r\n\r\n                                                <div class=\"flex-box-thirty standort_plz\" data-postal='[{\"von\":\"91000\",\"bis\":\"91099\"},{\"von\":\"91250\",\"bis\":\"91369\"},{\"von\":\"95000\",\"bis\":\"95239\"},{\"von\":\"95300\",\"bis\":\"95369\"},{\"von\":\"95400\",\"bis\":\"95519\"},{\"von\":\"95600\",\"bis\":\"95709\"},{\"von\":\"96000\",\"bis\":\"96279\"},{\"von\":\"96300\",\"bis\":\"96369\"},{\"von\":\"96400\",\"bis\":\"96489\"},{\"von\":\"97000\",\"bis\":\"97359\"},{\"von\":\"97400\",\"bis\":\"97539\"},{\"von\":\"97600\",\"bis\":\"97859\"}]'>\r\n                            <span class=\"htitle\">Force de vente<\/span>\r\n                                                        <p>\r\n                                                                    Monsieur Marcel Martin<br>\r\n                                                                                                                                97631 Bad K\u00f6nigshofen                            <\/p>\r\n                                                            <p>\r\n                                                                                                                                    <span class=\"cb-icon cb-icon-mobile\"><a href=\"tel:+4916094475829\">+4916094475829<\/a><\/span>\r\n                                                                <\/p>\r\n                                                                                        <p>\r\n                                                                    <span class=\"cb-icon cb-icon-email\"><a href=\"mailto:marcel.martin@efaflex.com\">marcel.martin@efaflex.com<\/a><\/span>\r\n                                \r\n                                                                <\/p>\r\n                                                    <\/div>\r\n\r\n                                                <div class=\"flex-box-thirty standort_plz\" data-postal='[{\"von\":\"84000\",\"bis\":\"84189\"},{\"von\":\"84323\",\"bis\":\"84323\"},{\"von\":\"85000\",\"bis\":\"85044\"},{\"von\":\"85046\",\"bis\":\"85139\"},{\"von\":\"85260\",\"bis\":\"85469\"},{\"von\":\"93000\",\"bis\":\"93083\"},{\"von\":\"93087\",\"bis\":\"93089\"},{\"von\":\"93092\",\"bis\":\"93098\"},{\"von\":\"93101\",\"bis\":\"93101\"},{\"von\":\"93105\",\"bis\":\"93107\"},{\"von\":\"93120\",\"bis\":\"93164\"},{\"von\":\"93170\",\"bis\":\"93176\"},{\"von\":\"93180\",\"bis\":\"93183\"},{\"von\":\"93186\",\"bis\":\"93188\"},{\"von\":\"93195\",\"bis\":\"93197\"},{\"von\":\"93300\",\"bis\":\"93359\"},{\"von\":\"80788\",\"bis\":\"80788\"},{\"von\":\"94342\",\"bis\":\"94342\"}]'>\r\n                            <span class=\"htitle\">Force de vente<\/span>\r\n                                                        <p>\r\n                                                                    Monsieur Dominik Rompf<br>\r\n                                                                                                                                84435 Lengdorf                            <\/p>\r\n                                                            <p>\r\n                                                                                                                                    <span class=\"cb-icon cb-icon-mobile\"><a href=\"tel:+491703702471\">+491703702471<\/a><\/span>\r\n                                                                <\/p>\r\n                                                                                        <p>\r\n                                                                    <span class=\"cb-icon cb-icon-email\"><a href=\"mailto:dominik.rompf@efaflex.com\">dominik.rompf@efaflex.com<\/a><\/span>\r\n                                \r\n                                                                <\/p>\r\n                                                    <\/div>\r\n\r\n                                                <div class=\"flex-box-thirty standort_plz\" data-postal='[{\"von\":\"10000\",\"bis\":\"10999\"},{\"von\":\"12000\",\"bis\":\"12689\"},{\"von\":\"13000\",\"bis\":\"13629\"},{\"von\":\"14000\",\"bis\":\"14199\"},{\"von\":\"14400\",\"bis\":\"14559\"},{\"von\":\"14600\",\"bis\":\"14669\"},{\"von\":\"14700\",\"bis\":\"14799\"},{\"von\":\"14800\",\"bis\":\"14829\"},{\"von\":\"14900\",\"bis\":\"14929\"},{\"von\":\"14930\",\"bis\":\"14979\"},{\"von\":\"15200\",\"bis\":\"15379\"},{\"von\":\"15500\",\"bis\":\"15569\"},{\"von\":\"15700\",\"bis\":\"15759\"},{\"von\":\"15800\",\"bis\":\"15899\"},{\"von\":\"15900\",\"bis\":\"15939\"},{\"von\":\"16200\",\"bis\":\"16359\"},{\"von\":\"16500\",\"bis\":\"16569\"},{\"von\":\"16720\",\"bis\":\"16869\"},{\"von\":\"16900\",\"bis\":\"16949\"},{\"von\":\"17000\",\"bis\":\"17509\"},{\"von\":\"18000\",\"bis\":\"18379\"},{\"von\":\"18400\",\"bis\":\"18469\"},{\"von\":\"18500\",\"bis\":\"18609\"}]'>\r\n                            <span class=\"htitle\">Force de vente<\/span>\r\n                                                        <p>\r\n                                                                    Monsieur Torsten Anders<br>\r\n                                                                                                                                15834 Rangsdorf                            <\/p>\r\n                                                            <p>\r\n                                                                                                                                    <span class=\"cb-icon cb-icon-mobile\"><a href=\"tel:+491607038305\">+491607038305<\/a><\/span>\r\n                                                                <\/p>\r\n                                                                                        <p>\r\n                                                                    <span class=\"cb-icon cb-icon-email\"><a href=\"mailto:torsten.anders@efaflex.com\">torsten.anders@efaflex.com<\/a><\/span>\r\n                                \r\n                                                                <\/p>\r\n                                                    <\/div>\r\n\r\n                                                <div class=\"flex-box-thirty standort_plz\" data-postal='[{\"von\":\"26000\",\"bis\":\"26219\"},{\"von\":\"26300\",\"bis\":\"26969\"},{\"von\":\"27200\",\"bis\":\"27449\"},{\"von\":\"27450\",\"bis\":\"27499\"},{\"von\":\"27500\",\"bis\":\"27639\"},{\"von\":\"27700\",\"bis\":\"27809\"},{\"von\":\"28000\",\"bis\":\"28359\"},{\"von\":\"28700\",\"bis\":\"28879\"},{\"von\":\"32290\",\"bis\":\"32369\"},{\"von\":\"46300\",\"bis\":\"46419\"},{\"von\":\"48000\",\"bis\":\"48369\"},{\"von\":\"48400\",\"bis\":\"48739\"},{\"von\":\"49000\",\"bis\":\"49219\"},{\"von\":\"49300\",\"bis\":\"49329\"},{\"von\":\"49340\",\"bis\":\"49849\"},{\"von\":\"59330\",\"bis\":\"59399\"}]'>\r\n                            <span class=\"htitle\">Repr\u00e9sentation de l&#8217;usine EFAFLEX<\/span>\r\n                                                        <p>\r\n                                                                    Monsieur Dipl.-Wirt. Ing. (FH) Stefan K\u00f6nig<br>\r\n                                                                                                                                    Otto K\u00f6nig GmbH<br>\r\n                                                                48431 Rheine                            <\/p>\r\n                                                            <p>\r\n                                                                                                                                    <span class=\"cb-icon cb-icon-mobile\"><a href=\"tel:+491715342645\">+491715342645<\/a><\/span>\r\n                                                                <\/p>\r\n                                                                                        <p>\r\n                                                                    <span class=\"cb-icon cb-icon-email\"><a href=\"mailto:info@ottokoenig.de\">info@ottokoenig.de<\/a><\/span>\r\n                                \r\n                                                                <\/p>\r\n                                                    <\/div>\r\n\r\n                                    <\/div>\r\n        <\/div>\r\n        \n\n\n<div style=\"height:200px\" aria-hidden=\"true\" class=\"wp-block-spacer\"><\/div>\n\n\n\r\n<div class=\"inner\">\r\n    <div class=\"zweispaltig-bild-text-modul custom-flex-box\" id=\"zweispaltig-bild-text-modul-block_4f84e821752c8eef5bf71f61c4d5f142\">\r\n        <h2>Votre valeur ajout\u00e9e gr\u00e2ce aux prestations de service apr\u00e8s-vente d\u2019EFAFLEX.<\/h2>\r\n                    \r\n                <div class=\"single-block flex-box-fifty\">\r\n                    <div class=\"img-box\">\r\n                                                                            <img decoding=\"async\" src=\"https:\/\/www.efaflex.com\/wp-content\/uploads\/2022\/07\/service-aus-einer-hand-serviceleistungen-schnelllauf-industrietore-efaflex-1.png\" alt=\"\" \/>\r\n                                            <\/div>\r\n                    <div class=\"text-box\">\r\n                                                                                    <h3 class=\"medium-h2\">Service apr\u00e8s-vente tout-en-un.<\/h3>                                <p class=\"desktop-text\">Nous nous identifions \u00e0 nos produits et prenons la notion de service tr\u00e8s au s\u00e9rieux. C\u2019est pourquoi nous nous appuyons exclusivement sur notre personnel pour le montage, la r\u00e9paration et l\u2019entretien.<\/p>\r\n\r\n                                                                                                        <\/div>\r\n                    <div class=\"button-box\">\r\n                        <img decoding=\"async\" src=\"\/wp-content\/themes\/efaflex\/assets\/img\/after-button-arrows.svg\" alt=\"arrow-down\">\r\n                    <\/div>\r\n                    <div class=\"mobile-text-box\">\r\n                                                                                    <p class=\"desktop-text\">Nous nous identifions \u00e0 nos produits et prenons la notion de service tr\u00e8s au s\u00e9rieux. C\u2019est pourquoi nous nous appuyons exclusivement sur notre personnel pour le montage, la r\u00e9paration et l\u2019entretien.<\/p>\r\n\r\n                                                                                                        <\/div>\r\n                <\/div>\r\n\r\n            \r\n                <div class=\"single-block flex-box-fifty\">\r\n                    <div class=\"img-box\">\r\n                                                                            <img decoding=\"async\" src=\"https:\/\/www.efaflex.com\/wp-content\/uploads\/2022\/07\/service-fuer-alle-hersteller-serviceleistungen-schnelllauf-industrietore-efaflex-1.png\" alt=\"\" \/>\r\n                                            <\/div>\r\n                    <div class=\"text-box\">\r\n                                                                                    <h3 class=\"medium-h2\">Maintenance de toutes les portes, quel que soit le fabricant.<\/h3>                                <p class=\"desktop-text\">Nous nous occupons avec professionnalisme de toutes les portes, m\u00eame celles de fabricants tiers, pour nos clients. Cette maintenance compl\u00e8te nous permet d\u2019aider nos clients et de leur faire gagner beaucoup de temps, car ils n\u2019ont ainsi plus besoin de s\u2019adresser \u00e0 de nombreux prestataires de services diff\u00e9rents.<\/p>\r\n\r\n                                                                                                        <\/div>\r\n                    <div class=\"button-box\">\r\n                        <img decoding=\"async\" src=\"\/wp-content\/themes\/efaflex\/assets\/img\/after-button-arrows.svg\" alt=\"arrow-down\">\r\n                    <\/div>\r\n                    <div class=\"mobile-text-box\">\r\n                                                                                    <p class=\"desktop-text\">Nous nous occupons avec professionnalisme de toutes les portes, m\u00eame celles de fabricants tiers, pour nos clients. Cette maintenance compl\u00e8te nous permet d\u2019aider nos clients et de leur faire gagner beaucoup de temps, car ils n\u2019ont ainsi plus besoin de s\u2019adresser \u00e0 de nombreux prestataires de services diff\u00e9rents.<\/p>\r\n\r\n                                                                                                        <\/div>\r\n                <\/div>\r\n\r\n            \r\n                <div class=\"single-block flex-box-fifty\">\r\n                    <div class=\"img-box\">\r\n                                                                            <img decoding=\"async\" src=\"https:\/\/www.efaflex.com\/wp-content\/uploads\/2022\/07\/fachkompetenz-serviceleistungen-schnelllauf-industrietore-efaflex-1.png\" alt=\"\" \/>\r\n                                            <\/div>\r\n                    <div class=\"text-box\">\r\n                                                                                    <h3 class=\"medium-h2\">Comp\u00e9tence technique.<\/h3>                                <p class=\"desktop-text\">Apr\u00e8s avoir r\u00e9ussi une formation de base certifi\u00e9e de 3 mois dans le centre de formation d\u2019EFAFLEX, tous les techniciens de service EFAFLEX continuent \u00e0 suivre r\u00e9guli\u00e8rement de nombreuses formations internes et externes consacr\u00e9es aux produits d\u2019EFAFLEX et d\u2019autres fabricants.<\/p>\r\n\r\n                                                                                                        <\/div>\r\n                    <div class=\"button-box\">\r\n                        <img decoding=\"async\" src=\"\/wp-content\/themes\/efaflex\/assets\/img\/after-button-arrows.svg\" alt=\"arrow-down\">\r\n                    <\/div>\r\n                    <div class=\"mobile-text-box\">\r\n                                                                                    <p class=\"desktop-text\">Apr\u00e8s avoir r\u00e9ussi une formation de base certifi\u00e9e de 3 mois dans le centre de formation d\u2019EFAFLEX, tous les techniciens de service EFAFLEX continuent \u00e0 suivre r\u00e9guli\u00e8rement de nombreuses formations internes et externes consacr\u00e9es aux produits d\u2019EFAFLEX et d\u2019autres fabricants.<\/p>\r\n\r\n                                                                                                        <\/div>\r\n                <\/div>\r\n\r\n            \r\n                <div class=\"single-block flex-box-fifty\">\r\n                    <div class=\"img-box\">\r\n                                                                            <img decoding=\"async\" src=\"https:\/\/www.efaflex.com\/wp-content\/uploads\/2022\/07\/manpower-serviceleistungen-schnelllauf-industrietore-efaflex-1.png\" alt=\"\" \/>\r\n                                            <\/div>\r\n                    <div class=\"text-box\">\r\n                                                                                    <h3 class=\"medium-h2\">Main-d\u2019\u0153uvre.<\/h3>                                <p class=\"desktop-text\">Nous disposons d\u00e9j\u00e0 de plus de 300 techniciens de service EFAFLEX en Allemagne. Nous augmentons continuellement ce nombre pour \u00eatre encore plus pr\u00e8s de nos clients \u00e0 l\u2019avenir.<\/p>\r\n\r\n                                                                                                        <\/div>\r\n                    <div class=\"button-box\">\r\n                        <img decoding=\"async\" src=\"\/wp-content\/themes\/efaflex\/assets\/img\/after-button-arrows.svg\" alt=\"arrow-down\">\r\n                    <\/div>\r\n                    <div class=\"mobile-text-box\">\r\n                                                                                    <p class=\"desktop-text\">Nous disposons d\u00e9j\u00e0 de plus de 300 techniciens de service EFAFLEX en Allemagne. Nous augmentons continuellement ce nombre pour \u00eatre encore plus pr\u00e8s de nos clients \u00e0 l\u2019avenir.<\/p>\r\n\r\n                                                                                                        <\/div>\r\n                <\/div>\r\n\r\n            \r\n                <div class=\"single-block flex-box-fifty\">\r\n                    <div class=\"img-box\">\r\n                                                                            <img decoding=\"async\" src=\"https:\/\/www.efaflex.com\/wp-content\/uploads\/2022\/07\/kompetente-beratung-vor-ort-serviceleistungen-schnelllauf-industrietore-efaflex-1.png\" alt=\"\" \/>\r\n                                            <\/div>\r\n                    <div class=\"text-box\">\r\n                                                                                    <h3 class=\"medium-h2\">Conseils comp\u00e9tents sur place.<\/h3>                                <p class=\"desktop-text\">Nos conseillers du service apr\u00e8s-vente professionnels prennent toujours le temps n\u00e9cessaire pour discuter avec nos clients de tous les d\u00e9tails techniques directement sur le lieu de montage. Toutes les visites rendues aux clients sont g\u00e9n\u00e9ralement gratuites et sans engagement.<\/p>\r\n\r\n                                                                                                        <\/div>\r\n                    <div class=\"button-box\">\r\n                        <img decoding=\"async\" src=\"\/wp-content\/themes\/efaflex\/assets\/img\/after-button-arrows.svg\" alt=\"arrow-down\">\r\n                    <\/div>\r\n                    <div class=\"mobile-text-box\">\r\n                                                                                    <p class=\"desktop-text\">Nos conseillers du service apr\u00e8s-vente professionnels prennent toujours le temps n\u00e9cessaire pour discuter avec nos clients de tous les d\u00e9tails techniques directement sur le lieu de montage. Toutes les visites rendues aux clients sont g\u00e9n\u00e9ralement gratuites et sans engagement.<\/p>\r\n\r\n                                                                                                        <\/div>\r\n                <\/div>\r\n\r\n            \r\n                <div class=\"single-block flex-box-fifty\">\r\n                    <div class=\"img-box\">\r\n                                                                            <img decoding=\"async\" src=\"https:\/\/www.efaflex.com\/wp-content\/uploads\/2022\/07\/termin-service-serviceleistungen-schnelllauf-industrietore-efaflex-1.png\" alt=\"\" \/>\r\n                                            <\/div>\r\n                    <div class=\"text-box\">\r\n                                                                                    <h3 class=\"medium-h2\">Service de prise de rendez-vous.<\/h3>                                <p class=\"desktop-text\">Notre coordination des rendez-vous automatis\u00e9e garantit le respect des intervalles de contr\u00f4le et de maintenance. Tous les d\u00e9lais l\u00e9gaux sont ainsi respect\u00e9s.<\/p>\r\n\r\n                                                                                                        <\/div>\r\n                    <div class=\"button-box\">\r\n                        <img decoding=\"async\" src=\"\/wp-content\/themes\/efaflex\/assets\/img\/after-button-arrows.svg\" alt=\"arrow-down\">\r\n                    <\/div>\r\n                    <div class=\"mobile-text-box\">\r\n                                                                                    <p class=\"desktop-text\">Notre coordination des rendez-vous automatis\u00e9e garantit le respect des intervalles de contr\u00f4le et de maintenance. Tous les d\u00e9lais l\u00e9gaux sont ainsi respect\u00e9s.<\/p>\r\n\r\n                                                                                                        <\/div>\r\n                <\/div>\r\n\r\n            \r\n                <div class=\"single-block flex-box-fifty\">\r\n                    <div class=\"img-box\">\r\n                                                                            <img decoding=\"async\" src=\"https:\/\/www.efaflex.com\/wp-content\/uploads\/2022\/07\/original-ersatzteile-serviceleistungen-schnelllauf-industrietore-efaflex-1.png\" alt=\"\" \/>\r\n                                            <\/div>\r\n                    <div class=\"text-box\">\r\n                                                                                    <h3 class=\"medium-h2\">Pi\u00e8ces de rechange originales.<\/h3>                                <p class=\"desktop-text\">Nos pi\u00e8ces de rechange d\u2019origine de grande qualit\u00e9 et con\u00e7ues sp\u00e9cialement pour nos portes rapides assurent la long\u00e9vit\u00e9 et la disponibilit\u00e9 de votre porte et garantissent un niveau \u00e9lev\u00e9 de qualit\u00e9 durable, m\u00eame bien des ann\u00e9es plus tard.<\/p>\r\n\r\n                                                                                                        <\/div>\r\n                    <div class=\"button-box\">\r\n                        <img decoding=\"async\" src=\"\/wp-content\/themes\/efaflex\/assets\/img\/after-button-arrows.svg\" alt=\"arrow-down\">\r\n                    <\/div>\r\n                    <div class=\"mobile-text-box\">\r\n                                                                                    <p class=\"desktop-text\">Nos pi\u00e8ces de rechange d\u2019origine de grande qualit\u00e9 et con\u00e7ues sp\u00e9cialement pour nos portes rapides assurent la long\u00e9vit\u00e9 et la disponibilit\u00e9 de votre porte et garantissent un niveau \u00e9lev\u00e9 de qualit\u00e9 durable, m\u00eame bien des ann\u00e9es plus tard.<\/p>\r\n\r\n                                                                                                        <\/div>\r\n                <\/div>\r\n\r\n            \r\n                <div class=\"single-block flex-box-fifty\">\r\n                    <div class=\"img-box\">\r\n                                                                            <img decoding=\"async\" src=\"https:\/\/www.efaflex.com\/wp-content\/uploads\/2022\/07\/kuerzeste-ersatzteillieferzeiten-serviceleistungen-schnelllauf-industrietore-efaflex-1.png\" alt=\"\" \/>\r\n                                            <\/div>\r\n                    <div class=\"text-box\">\r\n                                                                                    <h3 class=\"medium-h2\">D\u00e9lais de livraison rapides des pi\u00e8ces de rechange.<\/h3>                                <p class=\"desktop-text\">Nous fabriquons les pi\u00e8ces de rechange dans notre si\u00e8ge social et garantissons ainsi, gr\u00e2ce \u00e0 notre coop\u00e9ration avec des prestataires de services de transport renomm\u00e9s, une livraison rapide et fiable des pi\u00e8ces dont vous avez besoin.<\/p>\r\n\r\n                                                                                                        <\/div>\r\n                    <div class=\"button-box\">\r\n                        <img decoding=\"async\" src=\"\/wp-content\/themes\/efaflex\/assets\/img\/after-button-arrows.svg\" alt=\"arrow-down\">\r\n                    <\/div>\r\n                    <div class=\"mobile-text-box\">\r\n                                                                                    <p class=\"desktop-text\">Nous fabriquons les pi\u00e8ces de rechange dans notre si\u00e8ge social et garantissons ainsi, gr\u00e2ce \u00e0 notre coop\u00e9ration avec des prestataires de services de transport renomm\u00e9s, une livraison rapide et fiable des pi\u00e8ces dont vous avez besoin.<\/p>\r\n\r\n                                                                                                        <\/div>\r\n                <\/div>\r\n\r\n            \r\n                <div class=\"single-block flex-box-fifty\">\r\n                    <div class=\"img-box\">\r\n                                                                            <img decoding=\"async\" src=\"https:\/\/www.efaflex.com\/wp-content\/uploads\/2022\/07\/unterstuetzung-betreiberpflicht-serviceleistungen-schnelllauf-industrietore-efaflex-1.png\" alt=\"\" \/>\r\n                                            <\/div>\r\n                    <div class=\"text-box\">\r\n                                                                                    <h3 class=\"medium-h2\">Soutien en mati\u00e8re de respect des obligations en tant qu\u2019exploitant.<\/h3>                                <p class=\"desktop-text\">Avec votre forfait de maintenance EFAFLEX personnalis\u00e9, vous vous acquittez de votre obligation l\u00e9gale de contr\u00f4le annuel par un expert. De surcro\u00eet, nos collaborateurs du service apr\u00e8s-vente vous assistent volontiers par un contr\u00f4le de s\u00e9curit\u00e9 gratuit lors de l\u2019\u00e9laboration des \u00e9valuations des risques.<br \/>\r\n<br \/>\r\n<\/p>\r\n\r\n                                                                                                        <\/div>\r\n                    <div class=\"button-box\">\r\n                        <img decoding=\"async\" src=\"\/wp-content\/themes\/efaflex\/assets\/img\/after-button-arrows.svg\" alt=\"arrow-down\">\r\n                    <\/div>\r\n                    <div class=\"mobile-text-box\">\r\n                                                                                    <p class=\"desktop-text\">Avec votre forfait de maintenance EFAFLEX personnalis\u00e9, vous vous acquittez de votre obligation l\u00e9gale de contr\u00f4le annuel par un expert. De surcro\u00eet, nos collaborateurs du service apr\u00e8s-vente vous assistent volontiers par un contr\u00f4le de s\u00e9curit\u00e9 gratuit lors de l\u2019\u00e9laboration des \u00e9valuations des risques.<br \/>\r\n<br \/>\r\n<\/p>\r\n\r\n                                                                                                        <\/div>\r\n                <\/div>\r\n\r\n            \r\n                <div class=\"single-block flex-box-fifty\">\r\n                    <div class=\"img-box\">\r\n                                                                            <img decoding=\"async\" src=\"https:\/\/www.efaflex.com\/wp-content\/uploads\/2022\/07\/erfuellung-aller-normen-serviceleistungen-schnelllauf-industrietore-efaflex-1.png\" alt=\"\" \/>\r\n                                            <\/div>\r\n                    <div class=\"text-box\">\r\n                                                                                    <h3 class=\"medium-h2\">Conformit\u00e9 avec toutes les normes.<\/h3>                                <p class=\"desktop-text\">Nos techniciens de service effectuent l\u2019ensemble des contr\u00f4les, maintenances et r\u00e9parations toujours conform\u00e9ment aux indications des fabricants ainsi qu\u2019aux normes en vigueur.<\/p>\r\n\r\n                                                                                                        <\/div>\r\n                    <div class=\"button-box\">\r\n                        <img decoding=\"async\" src=\"\/wp-content\/themes\/efaflex\/assets\/img\/after-button-arrows.svg\" alt=\"arrow-down\">\r\n                    <\/div>\r\n                    <div class=\"mobile-text-box\">\r\n                                                                                    <p class=\"desktop-text\">Nos techniciens de service effectuent l\u2019ensemble des contr\u00f4les, maintenances et r\u00e9parations toujours conform\u00e9ment aux indications des fabricants ainsi qu\u2019aux normes en vigueur.<\/p>\r\n\r\n                                                                                                        <\/div>\r\n                <\/div>\r\n\r\n            \r\n                <div class=\"single-block flex-box-fifty\">\r\n                    <div class=\"img-box\">\r\n                                                                            <img decoding=\"async\" src=\"https:\/\/www.efaflex.com\/wp-content\/uploads\/2022\/07\/nachhaltigkeit-serviceleistungen-schnelllauf-industrietore-efaflex-1.png\" alt=\"\" \/>\r\n                                            <\/div>\r\n                    <div class=\"text-box\">\r\n                                                                                    <h3 class=\"medium-h2\">Durabilit\u00e9.<\/h3>                                <p class=\"desktop-text\">Gr\u00e2ce \u00e0 l\u2019association d\u2019un excellent entretien sous forme d\u2019un contrat de maintenance EFAFLEX et de composants haut de gamme, vous offrez \u00e0 votre syst\u00e8me de porte EFAFLEX la meilleure dur\u00e9e de vie sur le march\u00e9. Ainsi, nous m\u00e9nageons ensemble de pr\u00e9cieuses ressources et agissons avec responsabilit\u00e9.<\/p>\r\n\r\n                                                                                                        <\/div>\r\n                    <div class=\"button-box\">\r\n                        <img decoding=\"async\" src=\"\/wp-content\/themes\/efaflex\/assets\/img\/after-button-arrows.svg\" alt=\"arrow-down\">\r\n                    <\/div>\r\n                    <div class=\"mobile-text-box\">\r\n                                                                                    <p class=\"desktop-text\">Gr\u00e2ce \u00e0 l\u2019association d\u2019un excellent entretien sous forme d\u2019un contrat de maintenance EFAFLEX et de composants haut de gamme, vous offrez \u00e0 votre syst\u00e8me de porte EFAFLEX la meilleure dur\u00e9e de vie sur le march\u00e9. Ainsi, nous m\u00e9nageons ensemble de pr\u00e9cieuses ressources et agissons avec responsabilit\u00e9.<\/p>\r\n\r\n                                                                                                        <\/div>\r\n                <\/div>\r\n\r\n            \r\n                <div class=\"single-block flex-box-fifty\">\r\n                    <div class=\"img-box\">\r\n                                                                            <img decoding=\"async\" src=\"https:\/\/www.efaflex.com\/wp-content\/uploads\/2022\/07\/digitale-abwicklung-serviceleistungen-schnelllauf-industrietore-efaflex-1.png\" alt=\"\" \/>\r\n                                            <\/div>\r\n                    <div class=\"text-box\">\r\n                                                                                    <h3 class=\"medium-h2\">Traitement num\u00e9rique.<\/h3>                                <p class=\"desktop-text\">Pour vous garantir un traitement optimal des commandes, nos techniciens de service sont \u00e9quip\u00e9s de p\u00e9riph\u00e9riques mobiles les plus modernes et d\u2019EFAFLEX Service Operating System, qui permet la transmission de tous les rapports de maintenance importants en temps r\u00e9el.<\/p>\r\n\r\n                                                                                                        <\/div>\r\n                    <div class=\"button-box\">\r\n                        <img decoding=\"async\" src=\"\/wp-content\/themes\/efaflex\/assets\/img\/after-button-arrows.svg\" alt=\"arrow-down\">\r\n                    <\/div>\r\n                    <div class=\"mobile-text-box\">\r\n                                                                                    <p class=\"desktop-text\">Pour vous garantir un traitement optimal des commandes, nos techniciens de service sont \u00e9quip\u00e9s de p\u00e9riph\u00e9riques mobiles les plus modernes et d\u2019EFAFLEX Service Operating System, qui permet la transmission de tous les rapports de maintenance importants en temps r\u00e9el.<\/p>\r\n\r\n                                                                                                        <\/div>\r\n                <\/div>\r\n\r\n                        <\/div>\r\n<\/div>\r\n\r\n<script>\r\n    window.addEventListener('DOMContentLoaded', function() {\r\n        jQuery(document).ready(function($) {\r\n            $('#zweispaltig-bild-text-modul-block_4f84e821752c8eef5bf71f61c4d5f142 .button-box').click(function () {\r\n                if($(this).parent('.single-block').hasClass(\"active\"))\r\n                {\r\n                    $('.single-block').removeClass('active');\r\n                    $('.mobile-text-box').slideUp();\r\n                }\r\n                else\r\n                {\r\n                    $('.single-block').removeClass('active');\r\n                    $('.mobile-text-box').slideUp();\r\n                    $(this).parent('.single-block').addClass('active');\r\n                    $(this).parent().children('.mobile-text-box').slideDown();\r\n                }\r\n            });\r\n            $(window).resize(function() {\r\n                if ($(window).width() <= 1024) {\r\n                    $('#zweispaltig-bild-text-modul-block_4f84e821752c8eef5bf71f61c4d5f142 .single-block').removeClass('active');\r\n                    $('#zweispaltig-bild-text-modul-block_4f84e821752c8eef5bf71f61c4d5f142 .mobile-text-box').hide();\r\n                }\r\n            });\r\n        });\r\n    });\r\n<\/script>\n\n\n<div style=\"height:200px\" aria-hidden=\"true\" class=\"wp-block-spacer\"><\/div>\n\n\n<div class=\"inner\">\r\n    <div id=\"bild-text-modul-1-3-block_da2743ee3c1a8777ca9dd5536136125f\" class=\"themen-container custom-flex-box\">\r\n                                    <div class=\"thema-box flex-box-thirty\">\r\n                                            <div class=\"bild-box\">\r\n                                                                                                                    <img decoding=\"async\" width=\"1920\" height=\"1280\" src=\"https:\/\/www.efaflex.com\/wp-content\/uploads\/2023\/01\/EFAFLEX_Voegele_177.jpg\" class=\"attachment-thementease-thumbnail size-thementease-thumbnail\" alt=\"\" srcset=\"https:\/\/www.efaflex.com\/wp-content\/uploads\/2023\/01\/EFAFLEX_Voegele_177.jpg 1920w, https:\/\/www.efaflex.com\/wp-content\/uploads\/2023\/01\/EFAFLEX_Voegele_177-300x200.jpg 300w, https:\/\/www.efaflex.com\/wp-content\/uploads\/2023\/01\/EFAFLEX_Voegele_177-1024x683.jpg 1024w, https:\/\/www.efaflex.com\/wp-content\/uploads\/2023\/01\/EFAFLEX_Voegele_177-768x512.jpg 768w, https:\/\/www.efaflex.com\/wp-content\/uploads\/2023\/01\/EFAFLEX_Voegele_177-1536x1024.jpg 1536w, https:\/\/www.efaflex.com\/wp-content\/uploads\/2023\/01\/EFAFLEX_Voegele_177-382x254.jpg 382w\" sizes=\"(max-width: 1920px) 100vw, 1920px\" \/>                                                    <\/div>\r\n                                            \r\n                                                                <h2 class=\"headline-two\">\r\n                                                        Produits                        <\/h2>\r\n                    \r\n                        <p class=\"normal-font\">Nos portes haut de gamme sont rapides et efficaces, s\u00fbres et fiables. Gr\u00e2ce \u00e0 notre d\u00e9partement recherche et d\u00e9veloppement, nous sommes en mesure de trouver la solution parfaite pour r\u00e9pondre aux besoins des clients et de la concr\u00e9tiser.<\/p>\r\n                                                                                                                                                                                                        <a href=\"https:\/\/www.efaflex.com\/fr\/produits\/\" class=\"load-more-button\">En savoir plus<\/a>\r\n                                                                                                                                    <\/div>\r\n                            <div class=\"thema-box flex-box-thirty\">\r\n                                            <div class=\"bild-box\">\r\n                                                                                                                    <img decoding=\"async\" width=\"517\" height=\"306\" src=\"https:\/\/www.efaflex.com\/wp-content\/uploads\/2022\/07\/Rectangle-478.jpg\" class=\"attachment-thementease-thumbnail size-thementease-thumbnail\" alt=\"\" srcset=\"https:\/\/www.efaflex.com\/wp-content\/uploads\/2022\/07\/Rectangle-478.jpg 517w, https:\/\/www.efaflex.com\/wp-content\/uploads\/2022\/07\/Rectangle-478-300x178.jpg 300w\" sizes=\"(max-width: 517px) 100vw, 517px\" \/>                                                    <\/div>\r\n                                            \r\n                                                                <h2 class=\"headline-two\">\r\n                                                        Solutions                        <\/h2>\r\n                    \r\n                        <p class=\"normal-font\">Nous ne fabriquons pas de produits standards, mais d\u00e9veloppons des solutions individuelles parfaitement adapt\u00e9e \u00e0 chaque d\u00e9fi pour tous les secteurs et domaines d\u2019application et pour nos clients du monde entier.<\/p>\r\n                                                                                                                                                                                                        <a href=\"https:\/\/www.efaflex.com\/fr\/solutions\/\" class=\"load-more-button\">En savoir plus<\/a>\r\n                                                                                                                                    <\/div>\r\n                        <\/div>\r\n<\/div>\r\n\n\n\n<div style=\"height:200px\" aria-hidden=\"true\" class=\"wp-block-spacer\"><\/div>\n","protected":false},"excerpt":{"rendered":"","protected":false},"author":4,"featured_media":0,"parent":21129,"menu_order":0,"comment_status":"closed","ping_status":"closed","template":"","meta":{"_acf_changed":false,"footnotes":""},"categories":[],"tags":[],"class_list":["post-21130","page","type-page","status-publish","hentry"],"acf":[],"_links":{"self":[{"href":"https:\/\/www.efaflex.com\/fr\/wp-json\/wp\/v2\/pages\/21130","targetHints":{"allow":["GET"]}}],"collection":[{"href":"https:\/\/www.efaflex.com\/fr\/wp-json\/wp\/v2\/pages"}],"about":[{"href":"https:\/\/www.efaflex.com\/fr\/wp-json\/wp\/v2\/types\/page"}],"author":[{"embeddable":true,"href":"https:\/\/www.efaflex.com\/fr\/wp-json\/wp\/v2\/users\/4"}],"replies":[{"embeddable":true,"href":"https:\/\/www.efaflex.com\/fr\/wp-json\/wp\/v2\/comments?post=21130"}],"version-history":[{"count":11,"href":"https:\/\/www.efaflex.com\/fr\/wp-json\/wp\/v2\/pages\/21130\/revisions"}],"predecessor-version":[{"id":32353,"href":"https:\/\/www.efaflex.com\/fr\/wp-json\/wp\/v2\/pages\/21130\/revisions\/32353"}],"up":[{"embeddable":true,"href":"https:\/\/www.efaflex.com\/fr\/wp-json\/wp\/v2\/pages\/21129"}],"wp:attachment":[{"href":"https:\/\/www.efaflex.com\/fr\/wp-json\/wp\/v2\/media?parent=21130"}],"wp:term":[{"taxonomy":"category","embeddable":true,"href":"https:\/\/www.efaflex.com\/fr\/wp-json\/wp\/v2\/categories?post=21130"},{"taxonomy":"post_tag","embeddable":true,"href":"https:\/\/www.efaflex.com\/fr\/wp-json\/wp\/v2\/tags?post=21130"}],"curies":[{"name":"wp","href":"https:\/\/api.w.org\/{rel}","templated":true}]}}