{"id":21137,"date":"2022-06-27T16:54:00","date_gmt":"2022-06-27T14:54:00","guid":{"rendered":"https:\/\/www.efaflex.com\/service\/service-germany\/spare-parts\/"},"modified":"2024-07-12T14:32:58","modified_gmt":"2024-07-12T12:32:58","slug":"pieces-de-rechange","status":"publish","type":"page","link":"https:\/\/www.efaflex.com\/fr\/service-apres-vente\/service-allemagne\/pieces-de-rechange\/","title":{"rendered":"Pi\u00e8ces de rechange"},"content":{"rendered":"\r\n\r\n<div id=\"breadcrump-block_fd63361169230db27c74ef244f64986e\" class=\"inner\">\r\n        <nav class=\"breadcrumb\"><a href=\"https:\/\/www.efaflex.com\/fr\/\">Page d&#8217;accueil<\/a> \/ <span class=\"current-page\">Page<\/span><\/nav>    <\/div>\n\n\n<div style=\"height:150px\" aria-hidden=\"true\" class=\"wp-block-spacer\"><\/div>\n\n\n\r\n\r\n<div id=\"textmodul-3-spalten-block_f3f48490ae659bb229eba2fffdff92eb\" class=\"textmodul-3-spalten\">\r\n    <div class=\"inner\">\r\n        <div class=\"custom-flex-box\">\r\n                            <h1 class=\"flex-box-thirty break headline-two\">Pi\u00e8ces de rechange.<\/h1>                        <div class=\"flex-box-thirty\"><p>Les pi\u00e8ces de rechange doivent \u00eatre sur place dans de plus brefs d\u00e9lais et \u00eatre install\u00e9es rapidement et avec comp\u00e9tence: nous nous en chargeons. Car EFAFLEX est votre partenaire de service en mati\u00e8re de pi\u00e8ces de rechange aussi bien pour nos syst\u00e8mes de porte que pour les syst\u00e8mes d\u2019autres fabricants.<\/p>\n<\/div>\r\n            <div class=\"flex-box-thirty\"><p>Nos pi\u00e8ces de rechange d\u2019origine de grande qualit\u00e9 et con\u00e7ues sp\u00e9cialement pour nos portes rapides assurent en outre la long\u00e9vit\u00e9 et la disponibilit\u00e9 de votre porte. Le fait que nos produits soient quasiment enti\u00e8rement produits en interne permet de garantir un niveau de qualit\u00e9 \u00e9lev\u00e9 et constant m\u00eame bien des ann\u00e9es plus tard.<\/p>\n<\/div>\r\n        <\/div>\r\n    <\/div>\r\n<\/div>\r\n\n\n\n<div style=\"height:100px\" aria-hidden=\"true\" class=\"wp-block-spacer\"><\/div>\n\n\n\r\n\r\n<div class=\"inner\">\r\n    <script type=\"text\/javascript\">\n\/* <![CDATA[ *\/\nvar gform;gform||(document.addEventListener(\"gform_main_scripts_loaded\",function(){gform.scriptsLoaded=!0}),document.addEventListener(\"gform\/theme\/scripts_loaded\",function(){gform.themeScriptsLoaded=!0}),window.addEventListener(\"DOMContentLoaded\",function(){gform.domLoaded=!0}),gform={domLoaded:!1,scriptsLoaded:!1,themeScriptsLoaded:!1,isFormEditor:()=>\"function\"==typeof InitializeEditor,callIfLoaded:function(o){return!(!gform.domLoaded||!gform.scriptsLoaded||!gform.themeScriptsLoaded&&!gform.isFormEditor()||(gform.isFormEditor()&&console.warn(\"The use of gform.initializeOnLoaded() is deprecated in the form editor context and will be removed in Gravity Forms 3.1.\"),o(),0))},initializeOnLoaded:function(o){gform.callIfLoaded(o)||(document.addEventListener(\"gform_main_scripts_loaded\",()=>{gform.scriptsLoaded=!0,gform.callIfLoaded(o)}),document.addEventListener(\"gform\/theme\/scripts_loaded\",()=>{gform.themeScriptsLoaded=!0,gform.callIfLoaded(o)}),window.addEventListener(\"DOMContentLoaded\",()=>{gform.domLoaded=!0,gform.callIfLoaded(o)}))},hooks:{action:{},filter:{}},addAction:function(o,r,e,t){gform.addHook(\"action\",o,r,e,t)},addFilter:function(o,r,e,t){gform.addHook(\"filter\",o,r,e,t)},doAction:function(o){gform.doHook(\"action\",o,arguments)},applyFilters:function(o){return gform.doHook(\"filter\",o,arguments)},removeAction:function(o,r){gform.removeHook(\"action\",o,r)},removeFilter:function(o,r,e){gform.removeHook(\"filter\",o,r,e)},addHook:function(o,r,e,t,n){null==gform.hooks[o][r]&&(gform.hooks[o][r]=[]);var d=gform.hooks[o][r];null==n&&(n=r+\"_\"+d.length),gform.hooks[o][r].push({tag:n,callable:e,priority:t=null==t?10:t})},doHook:function(r,o,e){var t;if(e=Array.prototype.slice.call(e,1),null!=gform.hooks[r][o]&&((o=gform.hooks[r][o]).sort(function(o,r){return o.priority-r.priority}),o.forEach(function(o){\"function\"!=typeof(t=o.callable)&&(t=window[t]),\"action\"==r?t.apply(null,e):e[0]=t.apply(null,e)})),\"filter\"==r)return e[0]},removeHook:function(o,r,t,n){var e;null!=gform.hooks[o][r]&&(e=(e=gform.hooks[o][r]).filter(function(o,r,e){return!!(null!=n&&n!=o.tag||null!=t&&t!=o.priority)}),gform.hooks[o][r]=e)}});\n\/* ]]> *\/\n<\/script>\n\n                <div class='gf_browser_gecko gform_wrapper gform-theme gform-theme--foundation gform-theme--framework gform-theme--orbital efaflex-form_wrapper' data-form-theme='orbital' data-form-index='0' id='gform_wrapper_3' ><style>#gform_wrapper_3[data-form-index=\"0\"].gform-theme,[data-parent-form=\"3_0\"]{--gf-color-primary: #204ce5;--gf-color-primary-rgb: 32, 76, 229;--gf-color-primary-contrast: #fff;--gf-color-primary-contrast-rgb: 255, 255, 255;--gf-color-primary-darker: #001AB3;--gf-color-primary-lighter: #527EFF;--gf-color-secondary: #fff;--gf-color-secondary-rgb: 255, 255, 255;--gf-color-secondary-contrast: #112337;--gf-color-secondary-contrast-rgb: 17, 35, 55;--gf-color-secondary-darker: #F5F5F5;--gf-color-secondary-lighter: #FFFFFF;--gf-color-out-ctrl-light: rgba(17, 35, 55, 0.1);--gf-color-out-ctrl-light-rgb: 17, 35, 55;--gf-color-out-ctrl-light-darker: rgba(104, 110, 119, 0.35);--gf-color-out-ctrl-light-lighter: #F5F5F5;--gf-color-out-ctrl-dark: #585e6a;--gf-color-out-ctrl-dark-rgb: 88, 94, 106;--gf-color-out-ctrl-dark-darker: #112337;--gf-color-out-ctrl-dark-lighter: rgba(17, 35, 55, 0.65);--gf-color-in-ctrl: #fff;--gf-color-in-ctrl-rgb: 255, 255, 255;--gf-color-in-ctrl-contrast: #112337;--gf-color-in-ctrl-contrast-rgb: 17, 35, 55;--gf-color-in-ctrl-darker: #F5F5F5;--gf-color-in-ctrl-lighter: #FFFFFF;--gf-color-in-ctrl-primary: #204ce5;--gf-color-in-ctrl-primary-rgb: 32, 76, 229;--gf-color-in-ctrl-primary-contrast: #fff;--gf-color-in-ctrl-primary-contrast-rgb: 255, 255, 255;--gf-color-in-ctrl-primary-darker: #001AB3;--gf-color-in-ctrl-primary-lighter: #527EFF;--gf-color-in-ctrl-light: rgba(17, 35, 55, 0.1);--gf-color-in-ctrl-light-rgb: 17, 35, 55;--gf-color-in-ctrl-light-darker: rgba(104, 110, 119, 0.35);--gf-color-in-ctrl-light-lighter: #F5F5F5;--gf-color-in-ctrl-dark: #585e6a;--gf-color-in-ctrl-dark-rgb: 88, 94, 106;--gf-color-in-ctrl-dark-darker: #112337;--gf-color-in-ctrl-dark-lighter: rgba(17, 35, 55, 0.65);--gf-radius: 3px;--gf-font-size-secondary: 14px;--gf-font-size-tertiary: 13px;--gf-icon-ctrl-number: url(\"data:image\/svg+xml,%3Csvg width='8' height='14' viewBox='0 0 8 14' fill='none' xmlns='http:\/\/www.w3.org\/2000\/svg'%3E%3Cpath fill-rule='evenodd' clip-rule='evenodd' d='M4 0C4.26522 5.96046e-08 4.51957 0.105357 4.70711 0.292893L7.70711 3.29289C8.09763 3.68342 8.09763 4.31658 7.70711 4.70711C7.31658 5.09763 6.68342 5.09763 6.29289 4.70711L4 2.41421L1.70711 4.70711C1.31658 5.09763 0.683417 5.09763 0.292893 4.70711C-0.0976311 4.31658 -0.097631 3.68342 0.292893 3.29289L3.29289 0.292893C3.48043 0.105357 3.73478 0 4 0ZM0.292893 9.29289C0.683417 8.90237 1.31658 8.90237 1.70711 9.29289L4 11.5858L6.29289 9.29289C6.68342 8.90237 7.31658 8.90237 7.70711 9.29289C8.09763 9.68342 8.09763 10.3166 7.70711 10.7071L4.70711 13.7071C4.31658 14.0976 3.68342 14.0976 3.29289 13.7071L0.292893 10.7071C-0.0976311 10.3166 -0.0976311 9.68342 0.292893 9.29289Z' fill='rgba(17, 35, 55, 0.65)'\/%3E%3C\/svg%3E\");--gf-icon-ctrl-select: url(\"data:image\/svg+xml,%3Csvg width='10' height='6' viewBox='0 0 10 6' fill='none' xmlns='http:\/\/www.w3.org\/2000\/svg'%3E%3Cpath fill-rule='evenodd' clip-rule='evenodd' d='M0.292893 0.292893C0.683417 -0.097631 1.31658 -0.097631 1.70711 0.292893L5 3.58579L8.29289 0.292893C8.68342 -0.0976311 9.31658 -0.0976311 9.70711 0.292893C10.0976 0.683417 10.0976 1.31658 9.70711 1.70711L5.70711 5.70711C5.31658 6.09763 4.68342 6.09763 4.29289 5.70711L0.292893 1.70711C-0.0976311 1.31658 -0.0976311 0.683418 0.292893 0.292893Z' fill='rgba(17, 35, 55, 0.65)'\/%3E%3C\/svg%3E\");--gf-icon-ctrl-search: url(\"data:image\/svg+xml,%3Csvg width='640' height='640' xmlns='http:\/\/www.w3.org\/2000\/svg'%3E%3Cpath d='M256 128c-70.692 0-128 57.308-128 128 0 70.691 57.308 128 128 128 70.691 0 128-57.309 128-128 0-70.692-57.309-128-128-128zM64 256c0-106.039 85.961-192 192-192s192 85.961 192 192c0 41.466-13.146 79.863-35.498 111.248l154.125 154.125c12.496 12.496 12.496 32.758 0 45.254s-32.758 12.496-45.254 0L367.248 412.502C335.862 434.854 297.467 448 256 448c-106.039 0-192-85.962-192-192z' fill='rgba(17, 35, 55, 0.65)'\/%3E%3C\/svg%3E\");--gf-label-space-y-secondary: var(--gf-label-space-y-md-secondary);--gf-ctrl-border-color: #686e77;--gf-ctrl-size: var(--gf-ctrl-size-md);--gf-ctrl-label-color-primary: #112337;--gf-ctrl-label-color-secondary: #112337;--gf-ctrl-choice-size: var(--gf-ctrl-choice-size-md);--gf-ctrl-checkbox-check-size: var(--gf-ctrl-checkbox-check-size-md);--gf-ctrl-radio-check-size: var(--gf-ctrl-radio-check-size-md);--gf-ctrl-btn-font-size: var(--gf-ctrl-btn-font-size-md);--gf-ctrl-btn-padding-x: var(--gf-ctrl-btn-padding-x-md);--gf-ctrl-btn-size: var(--gf-ctrl-btn-size-md);--gf-ctrl-btn-border-color-secondary: #686e77;--gf-ctrl-file-btn-bg-color-hover: #EBEBEB;--gf-field-img-choice-size: var(--gf-field-img-choice-size-md);--gf-field-img-choice-card-space: var(--gf-field-img-choice-card-space-md);--gf-field-img-choice-check-ind-size: var(--gf-field-img-choice-check-ind-size-md);--gf-field-img-choice-check-ind-icon-size: var(--gf-field-img-choice-check-ind-icon-size-md);--gf-field-pg-steps-number-color: rgba(17, 35, 55, 0.8);}<\/style>\n                        <div class='gform_heading'>\n                            <p class='gform_description'><\/p>\n\t\t\t\t\t\t\t<p class='gform_required_legend'>\u00ab\u00a0<span class=\"gfield_required gfield_required_asterisk\">*<\/span>\u00a0\u00bb indique les champs n\u00e9cessaires<\/p>\n                        <\/div><form method='post' enctype='multipart\/form-data'  id='gform_3' class='efaflex-form' action='\/fr\/wp-json\/wp\/v2\/pages\/21137' data-formid='3' novalidate>\n                        <div class='gform-body gform_body'><div id='gform_fields_3' class='gform_fields top_label form_sublabel_below description_below validation_below'><div id=\"field_3_59\" class=\"gfield gfield--type-honeypot gform_validation_container field_sublabel_below gfield--has-description field_description_below field_validation_below gfield_visibility_visible\"  ><label class='gfield_label gform-field-label' for='input_3_59'>Instagram<\/label><div class='ginput_container'><input name='input_59' id='input_3_59' type='text' value='' autocomplete='new-password'\/><\/div><div class='gfield_description' id='gfield_description_3_59'>Ce champ n\u2019est utilis\u00e9 qu\u2019\u00e0 des fins de validation et devrait rester inchang\u00e9.<\/div><\/div><div id=\"field_3_28\" class=\"gfield gfield--type-html gfield--input-type-html gfield--width-full gfield_html gfield_html_formatted gfield_no_follows_desc field_sublabel_below gfield--no-description field_description_below field_validation_below gfield_visibility_visible\"  ><div><\/div><div id=\"field_3_40\" class=\"gfield gfield--type-section gfield--input-type-section gsection field_sublabel_below gfield--no-description field_description_below field_validation_below gfield_visibility_visible\"  ><h3 class=\"gsection_title\">Votre demande de pi\u00e8ces de rechange.<\/h3><\/div><div id=\"field_3_44\" class=\"gfield gfield--type-textarea gfield--input-type-textarea gfield--width-full field_sublabel_below gfield--no-description field_description_below field_validation_below gfield_visibility_visible\"  ><label class='gfield_label gform-field-label' for='input_3_44'>Num\u00e9ro(s) de s\u00e9rie de votre\/vos installation(s) de porte :<\/label><div class='ginput_container ginput_container_textarea'><textarea name='input_44' id='input_3_44' class='textarea large'    placeholder='Vous trouverez toujours le num\u00e9ro de s\u00e9rie EFAFLEX sur la plaque signal\u00e9tique situ\u00e9e sur le cadre de porte gauche. Veuillez s\u00e9parer plusieurs num\u00e9ros de s\u00e9rie par une virgule.'  aria-invalid=\"false\"   rows='10' cols='50'><\/textarea><\/div><\/div><div id=\"field_3_45\" class=\"gfield gfield--type-textarea gfield--input-type-textarea gfield--width-full field_sublabel_below gfield--no-description field_description_below field_validation_below gfield_visibility_visible\"  ><label class='gfield_label gform-field-label' for='input_3_45'>Votre besoin de pi\u00e8ces de rechange:<\/label><div class='ginput_container ginput_container_textarea'><textarea name='input_45' id='input_3_45' class='textarea large'      aria-invalid=\"false\"   rows='10' cols='50'><\/textarea><\/div><\/div><div id=\"field_3_25\" class=\"gfield gfield--type-html gfield--input-type-html gfield--width-full gfield_html gfield_html_formatted gfield_no_follows_desc field_sublabel_below gfield--no-description field_description_below field_validation_below gfield_visibility_visible\"  ><\/div><\/div><div id=\"field_3_23\" class=\"gfield gfield--type-html gfield--input-type-html gfield--width-full gfield_html gfield_html_formatted gfield_no_follows_desc field_sublabel_below gfield--no-description field_description_below field_validation_below gfield_visibility_visible\"  ><div><\/div><div id=\"field_3_41\" class=\"gfield gfield--type-section gfield--input-type-section gsection field_sublabel_below gfield--no-description field_description_below field_validation_below gfield_visibility_visible\"  ><h3 class=\"gsection_title\">Vos donn\u00e9es personnelles.<\/h3><\/div><div id=\"field_3_46\" class=\"gfield gfield--type-select gfield--input-type-select gfield--width-full thirty-flex-form gfield_contains_required field_sublabel_below gfield--no-description field_description_below hidden_label field_validation_below gfield_visibility_visible\"  ><label class='gfield_label gform-field-label' for='input_3_46'>Titre<span class=\"gfield_required\"><span class=\"gfield_required gfield_required_asterisk\">*<\/span><\/span><\/label><div class='ginput_container ginput_container_select'><select name='input_46' id='input_3_46' class='large gfield_select'    aria-required=\"true\" aria-invalid=\"false\" ><option value='' selected='selected' class='gf_placeholder'>Titre*<\/option><option value='Monsieur' >Monsieur<\/option><option value='Madame' >Madame<\/option><option value='Divers' >Divers<\/option><\/select><\/div><\/div><div id=\"field_3_47\" class=\"gfield gfield--type-text gfield--input-type-text gfield--width-full gfield_contains_required field_sublabel_below gfield--no-description field_description_below hidden_label field_validation_below gfield_visibility_visible\"  ><label class='gfield_label gform-field-label' for='input_3_47'>Pr\u00e9nom<span class=\"gfield_required\"><span class=\"gfield_required gfield_required_asterisk\">*<\/span><\/span><\/label><div class='ginput_container ginput_container_text'><input name='input_47' id='input_3_47' type='text' value='' class='large'    placeholder='Pr\u00e9nom*' aria-required=\"true\" aria-invalid=\"false\"   \/><\/div><\/div><div id=\"field_3_49\" class=\"gfield gfield--type-text gfield--input-type-text gfield--width-full gfield_contains_required field_sublabel_below gfield--no-description field_description_below hidden_label field_validation_below gfield_visibility_visible\"  ><label class='gfield_label gform-field-label' for='input_3_49'>Nom de famille<span class=\"gfield_required\"><span class=\"gfield_required gfield_required_asterisk\">*<\/span><\/span><\/label><div class='ginput_container ginput_container_text'><input name='input_49' id='input_3_49' type='text' value='' class='large'    placeholder='Nom de famille*' aria-required=\"true\" aria-invalid=\"false\"   \/><\/div><\/div><div id=\"field_3_50\" class=\"gfield gfield--type-text gfield--input-type-text gfield--width-full gfield_contains_required field_sublabel_below gfield--no-description field_description_below hidden_label field_validation_below gfield_visibility_visible\"  ><label class='gfield_label gform-field-label' for='input_3_50'>Entreprise<span class=\"gfield_required\"><span class=\"gfield_required gfield_required_asterisk\">*<\/span><\/span><\/label><div class='ginput_container ginput_container_text'><input name='input_50' id='input_3_50' type='text' value='' class='large'    placeholder='Entreprise*' aria-required=\"true\" aria-invalid=\"false\"   \/><\/div><\/div><div id=\"field_3_51\" class=\"gfield gfield--type-text gfield--input-type-text gfield--width-full field_sublabel_below gfield--no-description field_description_below hidden_label field_validation_below gfield_visibility_visible\"  ><label class='gfield_label gform-field-label' for='input_3_51'>D\u00e9partement<\/label><div class='ginput_container ginput_container_text'><input name='input_51' id='input_3_51' type='text' value='' class='large'    placeholder='D\u00e9partement'  aria-invalid=\"false\"   \/><\/div><\/div><div id=\"field_3_52\" class=\"gfield gfield--type-text gfield--input-type-text gfield--width-half sixty-flex-form gfield_contains_required field_sublabel_below gfield--no-description field_description_below hidden_label field_validation_below gfield_visibility_visible\"  ><label class='gfield_label gform-field-label' for='input_3_52'>Rue<span class=\"gfield_required\"><span class=\"gfield_required gfield_required_asterisk\">*<\/span><\/span><\/label><div class='ginput_container ginput_container_text'><input name='input_52' id='input_3_52' type='text' value='' class='large'    placeholder='Rue*' aria-required=\"true\" aria-invalid=\"false\"   \/><\/div><\/div><div id=\"field_3_53\" class=\"gfield gfield--type-text gfield--input-type-text gfield--width-half thirty-flex-form gfield_contains_required field_sublabel_below gfield--no-description field_description_below hidden_label field_validation_below gfield_visibility_visible\"  ><label class='gfield_label gform-field-label' for='input_3_53'>Num\u00e9ro de rue<span class=\"gfield_required\"><span class=\"gfield_required gfield_required_asterisk\">*<\/span><\/span><\/label><div class='ginput_container ginput_container_text'><input name='input_53' id='input_3_53' type='text' value='' class='large'    placeholder='Num\u00e9ro de rue*' aria-required=\"true\" aria-invalid=\"false\"   \/><\/div><\/div><div id=\"field_3_55\" class=\"gfield gfield--type-text gfield--input-type-text gfield--width-half thirty-flex-form gfield_contains_required field_sublabel_below gfield--no-description field_description_below hidden_label field_validation_below gfield_visibility_visible\"  ><label class='gfield_label gform-field-label' for='input_3_55'>Code postal<span class=\"gfield_required\"><span class=\"gfield_required gfield_required_asterisk\">*<\/span><\/span><\/label><div class='ginput_container ginput_container_text'><input name='input_55' id='input_3_55' type='text' value='' class='large'    placeholder='Code postal*' aria-required=\"true\" aria-invalid=\"false\"   \/><\/div><\/div><div id=\"field_3_54\" class=\"gfield gfield--type-text gfield--input-type-text gfield--width-half sixty-flex-form gfield_contains_required field_sublabel_below gfield--no-description field_description_below hidden_label field_validation_below gfield_visibility_visible\"  ><label class='gfield_label gform-field-label' for='input_3_54'>Lieu<span class=\"gfield_required\"><span class=\"gfield_required gfield_required_asterisk\">*<\/span><\/span><\/label><div class='ginput_container ginput_container_text'><input name='input_54' id='input_3_54' type='text' value='' class='large'    placeholder='Lieu*' aria-required=\"true\" aria-invalid=\"false\"   \/><\/div><\/div><div id=\"field_3_56\" class=\"gfield gfield--type-text gfield--input-type-text gfield--width-full gfield_contains_required field_sublabel_below gfield--no-description field_description_below hidden_label field_validation_below gfield_visibility_visible\"  ><label class='gfield_label gform-field-label' for='input_3_56'>Pays<span class=\"gfield_required\"><span class=\"gfield_required gfield_required_asterisk\">*<\/span><\/span><\/label><div class='ginput_container ginput_container_text'><input name='input_56' id='input_3_56' type='text' value='' class='large'    placeholder='Pays*' aria-required=\"true\" aria-invalid=\"false\"   \/><\/div><\/div><div id=\"field_3_15\" class=\"gfield gfield--type-phone gfield--input-type-phone gfield--width-full field_sublabel_below gfield--no-description field_description_below hidden_label field_validation_below gfield_visibility_visible\"  ><label class='gfield_label gform-field-label' for='input_3_15'>T\u00e9l\u00e9phone<\/label><div class='ginput_container ginput_container_phone'><input name='input_15' id='input_3_15' type='tel' value='' class='large'  placeholder='T\u00e9l\u00e9phone'  aria-invalid=\"false\"   \/><\/div><\/div><div id=\"field_3_16\" class=\"gfield gfield--type-phone gfield--input-type-phone gfield--width-full field_sublabel_below gfield--no-description field_description_below hidden_label field_validation_below gfield_visibility_visible\"  ><label class='gfield_label gform-field-label' for='input_3_16'>Mobile<\/label><div class='ginput_container ginput_container_phone'><input name='input_16' id='input_3_16' type='tel' value='' class='large'  placeholder='Mobile'  aria-invalid=\"false\"   \/><\/div><\/div><div id=\"field_3_48\" class=\"gfield gfield--type-email gfield--input-type-email gfield--width-full gfield_contains_required field_sublabel_below gfield--no-description field_description_below hidden_label field_validation_below gfield_visibility_visible\"  ><label class='gfield_label gform-field-label' for='input_3_48'>E-Mail<span class=\"gfield_required\"><span class=\"gfield_required gfield_required_asterisk\">*<\/span><\/span><\/label><div class='ginput_container ginput_container_email'>\n                            <input name='input_48' id='input_3_48' type='email' value='' class='large'   placeholder='E-Mail*' aria-required=\"true\" aria-invalid=\"false\"  \/>\n                        <\/div><\/div><div id=\"field_3_30\" class=\"gfield gfield--type-html gfield--input-type-html gfield--width-full gfield_html gfield_html_formatted gfield_no_follows_desc field_sublabel_below gfield--no-description field_description_below field_validation_below gfield_visibility_visible\"  ><\/div><\/div><div id=\"field_3_29\" class=\"gfield gfield--type-html gfield--input-type-html gfield--width-full gfield_html gfield_html_formatted gfield_no_follows_desc field_sublabel_below gfield--no-description field_description_below field_validation_below gfield_visibility_visible\"  ><div><\/div><fieldset id=\"field_3_43\" class=\"gfield gfield--type-consent gfield--type-choice gfield--input-type-consent gfield--width-full gfield_contains_required field_sublabel_below gfield--no-description field_description_below hidden_label field_validation_below gfield_visibility_visible\"  ><legend class='gfield_label gform-field-label gfield_label_before_complex' >Consentement<span class=\"gfield_required\"><span class=\"gfield_required gfield_required_asterisk\">*<\/span><\/span><\/legend><div class='ginput_container ginput_container_consent'><input name='input_43.1' id='input_3_43_1' type='checkbox' value='1'   aria-required=\"true\" aria-invalid=\"false\"   \/> <label class=\"gform-field-label gform-field-label--type-inline gfield_consent_label\" for='input_3_43_1' >J&#8217;ai lu la <a href=\"\/fr\/privacy-policy\/\">politique de confidentialit\u00e9<\/a>.<span class=\"gfield_required gfield_required_asterisk\">*<\/span><\/label><input type='hidden' name='input_43.2' value='J&#039;ai lu la &lt;a href=&quot;\/fr\/privacy-policy\/&quot;&gt;politique de confidentialit\u00e9&lt;\/a&gt;.' class='gform_hidden' \/><input type='hidden' name='input_43.3' value='2' class='gform_hidden' \/><\/div><\/fieldset><div id=\"field_3_58\" class=\"gfield gfield--type-html gfield--input-type-html gfield--width-full gfield_html gfield_html_formatted gfield_no_follows_desc field_sublabel_below gfield--no-description field_description_below field_validation_below gfield_visibility_visible\"  ><p>Les champs obligatoires sont marqu\u00e9s d\u2019un ast\u00e9risque (*).<\/p><\/div><div id=\"field_3_57\" class=\"gfield gfield--type-html gfield--input-type-html gfield--width-full gfield_html gfield_html_formatted gfield_no_follows_desc field_sublabel_below gfield--no-description field_description_below field_validation_below gfield_visibility_visible\"  ><\/div><\/div><\/div><\/div>\n        <div class='gform-footer gform_footer top_label'> <input type='submit' id='gform_submit_button_3' class='gform_button button' onclick='gform.submission.handleButtonClick(this);' data-submission-type='submit' value='Envoyer'  \/> \n            <input type='hidden' class='gform_hidden' name='gform_submission_method' data-js='gform_submission_method_3' value='postback' \/>\n            <input type='hidden' class='gform_hidden' name='gform_theme' data-js='gform_theme_3' id='gform_theme_3' value='orbital' \/>\n            <input type='hidden' class='gform_hidden' name='gform_style_settings' data-js='gform_style_settings_3' id='gform_style_settings_3' value='[]' \/>\n            <input type='hidden' class='gform_hidden' name='is_submit_3' value='1' \/>\n            <input type='hidden' class='gform_hidden' name='gform_submit' value='3' \/>\n            \n            <input type='hidden' class='gform_hidden' name='gform_currency' data-currency='EUR' value='lJ2mDk0MVYoVIHvUldQY\/ndMyhiz\/ttzG5A\/hIG4WopFFsffYgquvmP10vYV6YqC+\/QVsTQGi+W39XP1aUvJ4V0l795h+jyQWED2cKZTwJromIw=' \/>\n            <input type='hidden' class='gform_hidden' name='gform_unique_id' value='' \/>\n            <input type='hidden' class='gform_hidden' name='state_3' value='WyJ7XCI0My4xXCI6XCJiNDU5ZmRiM2QyYTk0ZGY0YTVlZDBmYzBhNjI5ODI1NFwiLFwiNDMuMlwiOlwiMjk5ZGQxNzhhODAxMzliNWMzMDNhMWM2NDU3ZDQyNTdcIixcIjQzLjNcIjpcImQ5M2U1ZDgwMGY3YTBiOTFiOTFlNGJlNDY1NmE1ODM3XCJ9IiwiMTc1ZTk4NDVmY2Y4M2RjNzAyMDY0ZGJhYzUwYTRlNTEiXQ==' \/>\n            <input type='hidden' autocomplete='off' class='gform_hidden' name='gform_target_page_number_3' id='gform_target_page_number_3' value='0' \/>\n            <input type='hidden' autocomplete='off' class='gform_hidden' name='gform_source_page_number_3' id='gform_source_page_number_3' value='1' \/>\n            <input type='hidden' name='gform_field_values' value='' \/>\n            \n        <\/div>\n                        <\/form>\n                        <\/div><script type=\"text\/javascript\">\n\/* <![CDATA[ *\/\n gform.initializeOnLoaded( function() {gformInitSpinner( 3, 'https:\/\/www.efaflex.com\/wp-content\/plugins\/gravityforms\/images\/spinner.svg', false );jQuery('#gform_ajax_frame_3').on('load',function(){var contents = jQuery(this).contents().find('*').html();var is_postback = contents.indexOf('GF_AJAX_POSTBACK') >= 0;if(!is_postback){return;}var form_content = jQuery(this).contents().find('#gform_wrapper_3');var is_confirmation = jQuery(this).contents().find('#gform_confirmation_wrapper_3').length > 0;var is_redirect = contents.indexOf('gformRedirect(){') >= 0;var is_form = form_content.length > 0 && ! is_redirect && ! is_confirmation;var mt = parseInt(jQuery('html').css('margin-top'), 10) + parseInt(jQuery('body').css('margin-top'), 10) + 100;if(is_form){jQuery('#gform_wrapper_3').html(form_content.html());if(form_content.hasClass('gform_validation_error')){jQuery('#gform_wrapper_3').addClass('gform_validation_error');} else {jQuery('#gform_wrapper_3').removeClass('gform_validation_error');}setTimeout( function() { \/* delay the scroll by 50 milliseconds to fix a bug in chrome *\/  }, 50 );if(window['gformInitDatepicker']) {gformInitDatepicker();}if(window['gformInitPriceFields']) {gformInitPriceFields();}var current_page = jQuery('#gform_source_page_number_3').val();gformInitSpinner( 3, 'https:\/\/www.efaflex.com\/wp-content\/plugins\/gravityforms\/images\/spinner.svg', false );jQuery(document).trigger('gform_page_loaded', [3, current_page]);window['gf_submitting_3'] = false;}else if(!is_redirect){var confirmation_content = jQuery(this).contents().find('.GF_AJAX_POSTBACK').html();if(!confirmation_content){confirmation_content = contents;}jQuery('#gform_wrapper_3').replaceWith(confirmation_content);jQuery(document).trigger('gform_confirmation_loaded', [3]);window['gf_submitting_3'] = false;wp.a11y.speak(jQuery('#gform_confirmation_message_3').text());}else{jQuery('#gform_3').append(contents);if(window['gformRedirect']) {gformRedirect();}}jQuery(document).trigger(\"gform_pre_post_render\", [{ formId: \"3\", currentPage: \"current_page\", abort: function() { this.preventDefault(); } }]);        if (event && event.defaultPrevented) {                return;        }        const gformWrapperDiv = document.getElementById( \"gform_wrapper_3\" );        if ( gformWrapperDiv ) {            const visibilitySpan = document.createElement( \"span\" );            visibilitySpan.id = \"gform_visibility_test_3\";            gformWrapperDiv.insertAdjacentElement( \"afterend\", visibilitySpan );        }        const visibilityTestDiv = document.getElementById( \"gform_visibility_test_3\" );        let postRenderFired = false;        function triggerPostRender() {            if ( postRenderFired ) {                return;            }            postRenderFired = true;            gform.core.triggerPostRenderEvents( 3, current_page );            if ( visibilityTestDiv ) {                visibilityTestDiv.parentNode.removeChild( visibilityTestDiv );            }        }        function debounce( func, wait, immediate ) {            var timeout;            return function() {                var context = this, args = arguments;                var later = function() {                    timeout = null;                    if ( !immediate ) func.apply( context, args );                };                var callNow = immediate && !timeout;                clearTimeout( timeout );                timeout = setTimeout( later, wait );                if ( callNow ) func.apply( context, args );            };        }        const debouncedTriggerPostRender = debounce( function() {            triggerPostRender();        }, 200 );        if ( visibilityTestDiv && visibilityTestDiv.offsetParent === null ) {            const observer = new MutationObserver( ( mutations ) => {                mutations.forEach( ( mutation ) => {                    if ( mutation.type === 'attributes' && visibilityTestDiv.offsetParent !== null ) {                        debouncedTriggerPostRender();                        observer.disconnect();                    }                });            });            observer.observe( document.body, {                attributes: true,                childList: false,                subtree: true,                attributeFilter: [ 'style', 'class' ],            });        } else {            triggerPostRender();        }    } );} ); \n\/* ]]> *\/\n<\/script>\n<\/div>\n\n\n<div style=\"height:200px\" aria-hidden=\"true\" class=\"wp-block-spacer\"><\/div>\n\n\n\r\n\r\n\r\n<div  id=\"ansprechpartner\"    class=\"ansprechpartner-suche-container plz-schnellsuche\">\r\n    <div class=\"inner\">\r\n        <div class=\"flex-box\">\r\n            <div class=\"left-box\">\r\n                                                            <h2>Trouver rapidement<br \/>\r\nle bon interlocuteur<\/h2>\r\n                        <input id=\"postalsearch\" type=\"search\" placeholder=\"code zip\"\r\n                               maxlength=\"5\">\r\n                        <div class=\"button-area\">\r\n                            <a id=\"loadmorebutton\"\r\n                               class=\"load-more-button\">Trouver maintenant<\/a>\r\n                        <\/div>\r\n                                                <\/div>\r\n            <div class=\"right-box\">\r\n                                                                    <img decoding=\"async\" width=\"400\" height=\"542\" src=\"https:\/\/www.efaflex.com\/wp-content\/uploads\/2022\/06\/service-allemand.png\" class=\"attachment-full size-full\" alt=\"\" srcset=\"https:\/\/www.efaflex.com\/wp-content\/uploads\/2022\/06\/service-allemand.png 400w, https:\/\/www.efaflex.com\/wp-content\/uploads\/2022\/06\/service-allemand-221x300.png 221w\" sizes=\"(max-width: 400px) 100vw, 400px\" \/>                            <\/div>\r\n        <\/div>\r\n    <\/div>\r\n<\/div>\r\n\r\n\r\n\r\n\r\n\r\n        <div class=\"inner\">\r\n            <div class=\"zweispaltig-bild-text-modul custom-flex-box\">\r\n                <h2 class=\"standhl\" style=\"display:none;\">Service<\/h2>\r\n            <\/div>\r\n        <\/div>\r\n\r\n        <div class=\"inner\">\r\n            <div class=\"standorte_plz custom-flex-box\">\r\n                                        <div class=\"flex-box-thirty standort_plz\" data-postal='[{\"von\":\"84000\",\"bis\":\"84109\"},{\"von\":\"84120\",\"bis\":\"84189\"},{\"von\":\"84300\",\"bis\":\"84389\"},{\"von\":\"85000\",\"bis\":\"85044\"},{\"von\":\"85046\",\"bis\":\"85139\"},{\"von\":\"85260\",\"bis\":\"85469\"},{\"von\":\"93000\",\"bis\":\"93109\"},{\"von\":\"93120\",\"bis\":\"93199\"},{\"von\":\"93300\",\"bis\":\"93359\"},{\"von\":\"93400\",\"bis\":\"93499\"},{\"von\":\"94000\",\"bis\":\"94169\"},{\"von\":\"94200\",\"bis\":\"94269\"},{\"von\":\"94300\",\"bis\":\"94379\"},{\"von\":\"94400\",\"bis\":\"94579\"}]'>\r\n                            <span class=\"htitle\">Back office<\/span>\r\n                                                            <p>\r\n                                    <strong>\r\n                                        Vos interlocuteurs pour les demandes et commandes de pi\u00e8ces de rechange et de prestations de service                                    <\/strong>\r\n                                <\/p>\r\n                                                        <p>\r\n                                                                                                    Bureau de service apr\u00e8s-vente Sud-Est<br>\r\n                                                                                                84079 Bruckberg                            <\/p>\r\n\r\n                                                            <p>\r\n                                                                    <span class=\"cb-icon cb-icon-phone\"><a href=\"tel:+49876582444\">+49876582444<\/a><\/span>\r\n                                                                                                                                <\/p>\r\n                                                                                        <p>\r\n                                                                    <span class=\"cb-icon cb-icon-email\"><a href=\"mailto:service.bb@efaflex.com\">service.bb@efaflex.com<\/a><\/span>\r\n                                \r\n                                                                <\/p>\r\n                                                    <\/div>\r\n                                                <div class=\"flex-box-thirty standort_plz\" data-postal='[{\"von\":\"73470\",\"bis\":\"73499\"},{\"von\":\"74000\",\"bis\":\"74259\"},{\"von\":\"74550\",\"bis\":\"74679\"},{\"von\":\"74700\",\"bis\":\"74749\"},{\"von\":\"90000\",\"bis\":\"90619\"},{\"von\":\"90700\",\"bis\":\"90769\"},{\"von\":\"91100\",\"bis\":\"91249\"},{\"von\":\"91400\",\"bis\":\"91489\"},{\"von\":\"91500\",\"bis\":\"91639\"},{\"von\":\"91700\",\"bis\":\"91809\"},{\"von\":\"92200\",\"bis\":\"92289\"},{\"von\":\"92300\",\"bis\":\"92369\"},{\"von\":\"92400\",\"bis\":\"92449\"},{\"von\":\"92500\",\"bis\":\"92559\"},{\"von\":\"92600\",\"bis\":\"92729\"},{\"von\":\"97860\",\"bis\":\"97999\"}]'>\r\n                            <span class=\"htitle\">Back office<\/span>\r\n                                                            <p>\r\n                                    <strong>\r\n                                        Vos interlocuteurs pour les demandes et commandes de pi\u00e8ces de rechange et de prestations de service                                    <\/strong>\r\n                                <\/p>\r\n                                                        <p>\r\n                                                                                                    Bureau de service apr\u00e8s-vente Sud-Est<br>\r\n                                                                                                84079 Bruckberg                            <\/p>\r\n\r\n                                                            <p>\r\n                                                                    <span class=\"cb-icon cb-icon-phone\"><a href=\"tel:+49876582444\">+49876582444<\/a><\/span>\r\n                                                                                                                                <\/p>\r\n                                                                                        <p>\r\n                                                                    <span class=\"cb-icon cb-icon-email\"><a href=\"mailto:service.bb@efaflex.com\">service.bb@efaflex.com<\/a><\/span>\r\n                                \r\n                                                                <\/p>\r\n                                                    <\/div>\r\n                                                <div class=\"flex-box-thirty standort_plz\" data-postal='[{\"von\":\"91000\",\"bis\":\"91099\"},{\"von\":\"91250\",\"bis\":\"91369\"},{\"von\":\"95000\",\"bis\":\"95239\"},{\"von\":\"95300\",\"bis\":\"95369\"},{\"von\":\"95400\",\"bis\":\"95519\"},{\"von\":\"95600\",\"bis\":\"95709\"},{\"von\":\"96000\",\"bis\":\"96279\"},{\"von\":\"96300\",\"bis\":\"96369\"},{\"von\":\"96400\",\"bis\":\"96489\"},{\"von\":\"97000\",\"bis\":\"97359\"},{\"von\":\"97400\",\"bis\":\"97539\"},{\"von\":\"97600\",\"bis\":\"97859\"}]'>\r\n                            <span class=\"htitle\">Back office<\/span>\r\n                                                            <p>\r\n                                    <strong>\r\n                                        Vos interlocuteurs pour les demandes et commandes de pi\u00e8ces de rechange et de prestations de service                                    <\/strong>\r\n                                <\/p>\r\n                                                        <p>\r\n                                                                                                    Bureau de service apr\u00e8s-vente Sud-Est<br>\r\n                                                                                                84079 Bruckberg                            <\/p>\r\n\r\n                                                            <p>\r\n                                                                    <span class=\"cb-icon cb-icon-phone\"><a href=\"tel:+49876582444\">+49876582444<\/a><\/span>\r\n                                                                                                                                <\/p>\r\n                                                                                        <p>\r\n                                                                    <span class=\"cb-icon cb-icon-email\"><a href=\"mailto:service.bb@efaflex.com\">service.bb@efaflex.com<\/a><\/span>\r\n                                \r\n                                                                <\/p>\r\n                                                    <\/div>\r\n                                                <div class=\"flex-box-thirty standort_plz\" data-postal='[{\"von\":\"80001\",\"bis\":\"80999\"},{\"von\":\"81201\",\"bis\":\"81249\"},{\"von\":\"81301\",\"bis\":\"81379\"},{\"von\":\"81451\",\"bis\":\"81479\"},{\"von\":\"81501\",\"bis\":\"81549\"},{\"von\":\"81601\",\"bis\":\"81679\"},{\"von\":\"81701\",\"bis\":\"81739\"},{\"von\":\"81801\",\"bis\":\"81829\"},{\"von\":\"81901\",\"bis\":\"81929\"},{\"von\":\"82000\",\"bis\":\"82069\"},{\"von\":\"82100\",\"bis\":\"82239\"},{\"von\":\"82300\",\"bis\":\"82549\"},{\"von\":\"83000\",\"bis\":\"83139\"},{\"von\":\"83200\",\"bis\":\"83489\"},{\"von\":\"83500\",\"bis\":\"83569\"},{\"von\":\"83600\",\"bis\":\"83739\"},{\"von\":\"84400\",\"bis\":\"84579\"},{\"von\":\"85200\",\"bis\":\"85259\"},{\"von\":\"85500\",\"bis\":\"85669\"},{\"von\":\"85700\",\"bis\":\"85779\"},{\"von\":\"85045\",\"bis\":\"85045\"}]'>\r\n                            <span class=\"htitle\">Back office<\/span>\r\n                                                            <p>\r\n                                    <strong>\r\n                                        Vos interlocuteurs pour les demandes et commandes de pi\u00e8ces de rechange et de prestations de service                                    <\/strong>\r\n                                <\/p>\r\n                                                        <p>\r\n                                                                                                    Bureau de service apr\u00e8s-vente Sud-Est<br>\r\n                                                                                                84079 Bruckberg                            <\/p>\r\n\r\n                                                            <p>\r\n                                                                    <span class=\"cb-icon cb-icon-phone\"><a href=\"tel:+49876582444\">+49876582444<\/a><\/span>\r\n                                                                                                                                <\/p>\r\n                                                                                        <p>\r\n                                                                    <span class=\"cb-icon cb-icon-email\"><a href=\"mailto:service.bb@efaflex.com\">service.bb@efaflex.com<\/a><\/span>\r\n                                \r\n                                                                <\/p>\r\n                                                    <\/div>\r\n                                                <div class=\"flex-box-thirty standort_plz\" data-postal='[{\"von\":\"82240\",\"bis\":\"82299\"},{\"von\":\"86000\",\"bis\":\"86579\"},{\"von\":\"86600\",\"bis\":\"86759\"},{\"von\":\"86800\",\"bis\":\"86949\"},{\"von\":\"86950\",\"bis\":\"86989\"},{\"von\":\"87400\",\"bis\":\"87789\"},{\"von\":\"88100\",\"bis\":\"88179\"},{\"von\":\"88290\",\"bis\":\"88319\"},{\"von\":\"89200\",\"bis\":\"89369\"},{\"von\":\"89400\",\"bis\":\"89449\"}]'>\r\n                            <span class=\"htitle\">Back office<\/span>\r\n                                                            <p>\r\n                                    <strong>\r\n                                        Vos interlocuteurs pour les demandes et commandes de pi\u00e8ces de rechange et de prestations de service                                    <\/strong>\r\n                                <\/p>\r\n                                                        <p>\r\n                                                                                                    Bureau de service apr\u00e8s-vente Sud-Est<br>\r\n                                                                                                84079 Bruckberg                            <\/p>\r\n\r\n                                                            <p>\r\n                                                                    <span class=\"cb-icon cb-icon-phone\"><a href=\"tel:+49876582444\">+49876582444<\/a><\/span>\r\n                                                                                                                                <\/p>\r\n                                                                                        <p>\r\n                                                                    <span class=\"cb-icon cb-icon-email\"><a href=\"mailto:service.bb@efaflex.com\">service.bb@efaflex.com<\/a><\/span>\r\n                                \r\n                                                                <\/p>\r\n                                                    <\/div>\r\n                                                <div class=\"flex-box-thirty standort_plz\" data-postal='[{\"von\":\"10000\",\"bis\":\"10999\"},{\"von\":\"12000\",\"bis\":\"12689\"},{\"von\":\"13000\",\"bis\":\"13689\"},{\"von\":\"14000\",\"bis\":\"14199\"},{\"von\":\"14400\",\"bis\":\"14559\"},{\"von\":\"14600\",\"bis\":\"14669\"},{\"von\":\"14700\",\"bis\":\"14799\"},{\"von\":\"14800\",\"bis\":\"14829\"},{\"von\":\"14900\",\"bis\":\"14929\"},{\"von\":\"14930\",\"bis\":\"14979\"},{\"von\":\"15200\",\"bis\":\"15379\"},{\"von\":\"15500\",\"bis\":\"15569\"},{\"von\":\"15700\",\"bis\":\"15759\"},{\"von\":\"15800\",\"bis\":\"15899\"},{\"von\":\"15900\",\"bis\":\"15939\"},{\"von\":\"16200\",\"bis\":\"16359\"},{\"von\":\"16500\",\"bis\":\"16569\"},{\"von\":\"16720\",\"bis\":\"16869\"},{\"von\":\"16900\",\"bis\":\"16949\"},{\"von\":\"17000\",\"bis\":\"17509\"},{\"von\":\"18000\",\"bis\":\"18379\"},{\"von\":\"18400\",\"bis\":\"18469\"},{\"von\":\"18500\",\"bis\":\"18609\"}]'>\r\n                            <span class=\"htitle\">Back office<\/span>\r\n                                                            <p>\r\n                                    <strong>\r\n                                        Vos interlocuteurs pour les demandes et commandes de pi\u00e8ces de rechange et de prestations de service                                    <\/strong>\r\n                                <\/p>\r\n                                                        <p>\r\n                                                                                                    Bureau de service apr\u00e8s-vente Nord-Est<br>\r\n                                                                                                15366 Neuenhagen b. Berlin                            <\/p>\r\n\r\n                                                            <p>\r\n                                                                    <span class=\"cb-icon cb-icon-phone\"><a href=\"tel:+493342213410\">+493342213410<\/a><\/span>\r\n                                                                                                                                <\/p>\r\n                                                                                        <p>\r\n                                                                    <span class=\"cb-icon cb-icon-email\"><a href=\"mailto:service.be@efaflex.com\">service.be@efaflex.com<\/a><\/span>\r\n                                \r\n                                                                <\/p>\r\n                                                    <\/div>\r\n                                                <div class=\"flex-box-thirty standort_plz\" data-postal='[{\"von\":\"51530\",\"bis\":\"51599\"},{\"von\":\"53000\",\"bis\":\"53359\"},{\"von\":\"53400\",\"bis\":\"53509\"},{\"von\":\"53510\",\"bis\":\"53539\"},{\"von\":\"53540\",\"bis\":\"53639\"},{\"von\":\"53700\",\"bis\":\"53859\"},{\"von\":\"53860\",\"bis\":\"53949\"},{\"von\":\"57000\",\"bis\":\"57399\"},{\"von\":\"57440\",\"bis\":\"57489\"},{\"von\":\"57500\",\"bis\":\"57589\"},{\"von\":\"57600\",\"bis\":\"57649\"}]'>\r\n                            <span class=\"htitle\">Back office<\/span>\r\n                                                            <p>\r\n                                    <strong>\r\n                                        Vos interlocuteurs pour les demandes et commandes de pi\u00e8ces de rechange et de prestations de service                                    <\/strong>\r\n                                <\/p>\r\n                                                        <p>\r\n                                                                                                    Bureau de service apr\u00e8s-vente Ouest<br>\r\n                                                                                                40721 Hilden                            <\/p>\r\n\r\n                                                            <p>\r\n                                                                    <span class=\"cb-icon cb-icon-phone\"><a href=\"tel:+492103509311\">+492103509311<\/a><\/span>\r\n                                                                                                                                <\/p>\r\n                                                                                        <p>\r\n                                                                    <span class=\"cb-icon cb-icon-email\"><a href=\"mailto:service.hi@efaflex.com\">service.hi@efaflex.com<\/a><\/span>\r\n                                \r\n                                                                <\/p>\r\n                                                    <\/div>\r\n                                                <div class=\"flex-box-thirty standort_plz\" data-postal='[{\"von\":\"40000\",\"bis\":\"40789\"},{\"von\":\"40800\",\"bis\":\"40889\"},{\"von\":\"41000\",\"bis\":\"41379\"},{\"von\":\"41400\",\"bis\":\"41569\"},{\"von\":\"41700\",\"bis\":\"41759\"},{\"von\":\"41800\",\"bis\":\"41849\"},{\"von\":\"42500\",\"bis\":\"42579\"},{\"von\":\"45000\",\"bis\":\"45359\"},{\"von\":\"45400\",\"bis\":\"45489\"},{\"von\":\"45600\",\"bis\":\"45779\"},{\"von\":\"45800\",\"bis\":\"45899\"},{\"von\":\"45950\",\"bis\":\"45969\"},{\"von\":\"46000\",\"bis\":\"46149\"},{\"von\":\"46200\",\"bis\":\"46289\"},{\"von\":\"46420\",\"bis\":\"46569\"},{\"von\":\"47000\",\"bis\":\"47279\"},{\"von\":\"47400\",\"bis\":\"47669\"},{\"von\":\"47700\",\"bis\":\"47929\"},{\"von\":\"50100\",\"bis\":\"50189\"},{\"von\":\"50200\",\"bis\":\"50259\"},{\"von\":\"50300\",\"bis\":\"50389\"},{\"von\":\"50440\",\"bis\":\"50999\"},{\"von\":\"52000\",\"bis\":\"52159\"},{\"von\":\"52200\",\"bis\":\"52249\"},{\"von\":\"52300\",\"bis\":\"52539\"}]'>\r\n                            <span class=\"htitle\">Back office<\/span>\r\n                                                            <p>\r\n                                    <strong>\r\n                                        Vos interlocuteurs pour les demandes et commandes de pi\u00e8ces de rechange et de prestations de service                                    <\/strong>\r\n                                <\/p>\r\n                                                        <p>\r\n                                                                                                    Bureau de service apr\u00e8s-vente Ouest<br>\r\n                                                                                                40721 Hilden                            <\/p>\r\n\r\n                                                            <p>\r\n                                                                    <span class=\"cb-icon cb-icon-phone\"><a href=\"tel:+492103509311\">+492103509311<\/a><\/span>\r\n                                                                                                                                <\/p>\r\n                                                                                        <p>\r\n                                                                    <span class=\"cb-icon cb-icon-email\"><a href=\"mailto:service.hi@efaflex.com\">service.hi@efaflex.com<\/a><\/span>\r\n                                \r\n                                                                <\/p>\r\n                                                    <\/div>\r\n                                                <div class=\"flex-box-thirty standort_plz\" data-postal='[{\"von\":\"34400\",\"bis\":\"34439\"},{\"von\":\"34440\",\"bis\":\"34519\"},{\"von\":\"34520\",\"bis\":\"34639\"},{\"von\":\"35000\",\"bis\":\"35119\"},{\"von\":\"35240\",\"bis\":\"35289\"},{\"von\":\"35300\",\"bis\":\"35469\"},{\"von\":\"35500\",\"bis\":\"35649\"},{\"von\":\"36000\",\"bis\":\"36399\"},{\"von\":\"37200\",\"bis\":\"37299\"},{\"von\":\"55000\",\"bis\":\"55299\"},{\"von\":\"60000\",\"bis\":\"60599\"},{\"von\":\"61100\",\"bis\":\"61389\"},{\"von\":\"61400\",\"bis\":\"61479\"},{\"von\":\"63000\",\"bis\":\"63179\"},{\"von\":\"63200\",\"bis\":\"63329\"},{\"von\":\"63400\",\"bis\":\"63549\"},{\"von\":\"63550\",\"bis\":\"63639\"},{\"von\":\"63640\",\"bis\":\"63699\"},{\"von\":\"63700\",\"bis\":\"63939\"},{\"von\":\"64200\",\"bis\":\"64409\"},{\"von\":\"64500\",\"bis\":\"64589\"},{\"von\":\"64600\",\"bis\":\"64689\"},{\"von\":\"64700\",\"bis\":\"64759\"},{\"von\":\"64800\",\"bis\":\"64859\"},{\"von\":\"65000\",\"bis\":\"65239\"},{\"von\":\"65300\",\"bis\":\"65479\"},{\"von\":\"65500\",\"bis\":\"65529\"},{\"von\":\"65700\",\"bis\":\"65939\"},{\"von\":\"67500\",\"bis\":\"67599\"},{\"von\":\"68600\",\"bis\":\"68649\"}]'>\r\n                            <span class=\"htitle\">Back office<\/span>\r\n                                                            <p>\r\n                                    <strong>\r\n                                        Vos interlocuteurs pour les demandes et commandes de pi\u00e8ces de rechange et de prestations de service                                    <\/strong>\r\n                                <\/p>\r\n                                                        <p>\r\n                                                                                                    Bureau de service apr\u00e8s-vente Ouest<br>\r\n                                                                                                65479 Raunheim                            <\/p>\r\n\r\n                                                            <p>\r\n                                                                    <span class=\"cb-icon cb-icon-phone\"><a href=\"tel:+496142991818\">+496142991818<\/a><\/span>\r\n                                                                                                                                <\/p>\r\n                                                                                        <p>\r\n                                                                    <span class=\"cb-icon cb-icon-email\"><a href=\"mailto:service.rh@efaflex.com\">service.rh@efaflex.com<\/a><\/span>\r\n                                \r\n                                                                <\/p>\r\n                                                    <\/div>\r\n                                                <div class=\"flex-box-thirty standort_plz\" data-postal='[{\"von\":\"54200\",\"bis\":\"54349\"},{\"von\":\"54400\",\"bis\":\"54499\"},{\"von\":\"55380\",\"bis\":\"55629\"},{\"von\":\"55700\",\"bis\":\"55779\"},{\"von\":\"66000\",\"bis\":\"66999\"},{\"von\":\"67000\",\"bis\":\"67169\"},{\"von\":\"67200\",\"bis\":\"67379\"},{\"von\":\"67400\",\"bis\":\"67489\"},{\"von\":\"67600\",\"bis\":\"67759\"},{\"von\":\"67800\",\"bis\":\"67829\"},{\"von\":\"68000\",\"bis\":\"68549\"},{\"von\":\"68700\",\"bis\":\"68809\"},{\"von\":\"69000\",\"bis\":\"69259\"},{\"von\":\"69400\",\"bis\":\"69519\"},{\"von\":\"74800\",\"bis\":\"74939\"}]'>\r\n                            <span class=\"htitle\">Back office<\/span>\r\n                                                            <p>\r\n                                    <strong>\r\n                                        Vos interlocuteurs pour les demandes et commandes de pi\u00e8ces de rechange et de prestations de service                                    <\/strong>\r\n                                <\/p>\r\n                                                        <p>\r\n                                                                                                    Bureau de service apr\u00e8s-vente Ouest<br>\r\n                                                                                                65479 Raunheim                            <\/p>\r\n\r\n                                                            <p>\r\n                                                                    <span class=\"cb-icon cb-icon-phone\"><a href=\"tel:+496142991818\">+496142991818<\/a><\/span>\r\n                                                                                                                                <\/p>\r\n                                                                                        <p>\r\n                                                                    <span class=\"cb-icon cb-icon-email\"><a href=\"mailto:service.rh@efaflex.com\">service.rh@efaflex.com<\/a><\/span>\r\n                                \r\n                                                                <\/p>\r\n                                                    <\/div>\r\n                                                <div class=\"flex-box-thirty standort_plz\" data-postal='[{\"von\":\"35200\",\"bis\":\"35239\"},{\"von\":\"35660\",\"bis\":\"35799\"},{\"von\":\"54500\",\"bis\":\"54689\"},{\"von\":\"56000\",\"bis\":\"56379\"},{\"von\":\"56400\",\"bis\":\"56479\"},{\"von\":\"56500\",\"bis\":\"56659\"},{\"von\":\"56700\",\"bis\":\"56769\"},{\"von\":\"56800\",\"bis\":\"56869\"},{\"von\":\"65530\",\"bis\":\"65629\"}]'>\r\n                            <span class=\"htitle\">Back office<\/span>\r\n                                                            <p>\r\n                                    <strong>\r\n                                        Vos interlocuteurs pour les demandes et commandes de pi\u00e8ces de rechange et de prestations de service                                    <\/strong>\r\n                                <\/p>\r\n                                                        <p>\r\n                                                                                                    Bureau de service apr\u00e8s-vente Ouest<br>\r\n                                                                                                65479 Raunheim                            <\/p>\r\n\r\n                                                            <p>\r\n                                                                    <span class=\"cb-icon cb-icon-phone\"><a href=\"tel:+496142991818\">+496142991818<\/a><\/span>\r\n                                                                                                                                <\/p>\r\n                                                                                        <p>\r\n                                                                    <span class=\"cb-icon cb-icon-email\"><a href=\"mailto:service.rh@efaflex.com\">service.rh@efaflex.com<\/a><\/span>\r\n                                \r\n                                                                <\/p>\r\n                                                    <\/div>\r\n                                                <div class=\"flex-box-thirty standort_plz\" data-postal='[{\"von\":\"70000\",\"bis\":\"70629\"},{\"von\":\"70700\",\"bis\":\"70839\"},{\"von\":\"71000\",\"bis\":\"71159\"},{\"von\":\"71200\",\"bis\":\"71409\"},{\"von\":\"71500\",\"bis\":\"71579\"},{\"von\":\"71600\",\"bis\":\"71739\"},{\"von\":\"72000\",\"bis\":\"72149\"},{\"von\":\"72370\",\"bis\":\"72419\"},{\"von\":\"72540\",\"bis\":\"72589\"},{\"von\":\"72600\",\"bis\":\"72669\"},{\"von\":\"72700\",\"bis\":\"72829\"},{\"von\":\"73000\",\"bis\":\"73119\"},{\"von\":\"73200\",\"bis\":\"73279\"},{\"von\":\"73300\",\"bis\":\"73349\"},{\"von\":\"73400\",\"bis\":\"73469\"},{\"von\":\"73500\",\"bis\":\"73579\"},{\"von\":\"73600\",\"bis\":\"73669\"},{\"von\":\"73700\",\"bis\":\"73779\"},{\"von\":\"74300\",\"bis\":\"74429\"},{\"von\":\"74500\",\"bis\":\"74549\"},{\"von\":\"75350\",\"bis\":\"75399\"}]'>\r\n                            <span class=\"htitle\">Back office<\/span>\r\n                                                            <p>\r\n                                    <strong>\r\n                                        Vos interlocuteurs pour les demandes et commandes de pi\u00e8ces de rechange et de prestations de service                                    <\/strong>\r\n                                <\/p>\r\n                                                        <p>\r\n                                                                                                    Bureau de service apr\u00e8s-vente Sud-Ouest<br>\r\n                                                                                                73529 Schw\u00e4bisch Gm\u00fcnd                            <\/p>\r\n\r\n                                                            <p>\r\n                                                                    <span class=\"cb-icon cb-icon-phone\"><a href=\"tel:+497171874100\">+497171874100<\/a><\/span>\r\n                                                                                                                                <\/p>\r\n                                                                                        <p>\r\n                                                                    <span class=\"cb-icon cb-icon-email\"><a href=\"mailto:service.bw@efaflex.com\">service.bw@efaflex.com<\/a><\/span>\r\n                                \r\n                                                                <\/p>\r\n                                                    <\/div>\r\n                                                <div class=\"flex-box-thirty standort_plz\" data-postal='[{\"von\":\"72300\",\"bis\":\"72369\"},{\"von\":\"72420\",\"bis\":\"72539\"},{\"von\":\"78000\",\"bis\":\"78089\"},{\"von\":\"78150\",\"bis\":\"78199\"},{\"von\":\"78200\",\"bis\":\"78269\"},{\"von\":\"78300\",\"bis\":\"78359\"},{\"von\":\"78400\",\"bis\":\"78479\"},{\"von\":\"78500\",\"bis\":\"78669\"},{\"von\":\"88000\",\"bis\":\"88099\"},{\"von\":\"88180\",\"bis\":\"88289\"},{\"von\":\"88320\",\"bis\":\"88529\"},{\"von\":\"88600\",\"bis\":\"88719\"},{\"von\":\"89000\",\"bis\":\"89199\"},{\"von\":\"89500\",\"bis\":\"89619\"}]'>\r\n                            <span class=\"htitle\">Back office<\/span>\r\n                                                            <p>\r\n                                    <strong>\r\n                                        Vos interlocuteurs pour les demandes et commandes de pi\u00e8ces de rechange et de prestations de service                                    <\/strong>\r\n                                <\/p>\r\n                                                        <p>\r\n                                                                                                    Bureau de service apr\u00e8s-vente Sud-Ouest<br>\r\n                                                                                                73529 Schw\u00e4bisch Gm\u00fcnd                            <\/p>\r\n\r\n                                                            <p>\r\n                                                                    <span class=\"cb-icon cb-icon-phone\"><a href=\"tel:+497171874100\">+497171874100<\/a><\/span>\r\n                                                                                                                                <\/p>\r\n                                                                                        <p>\r\n                                                                    <span class=\"cb-icon cb-icon-email\"><a href=\"mailto:service.bw@efaflex.com\">service.bw@efaflex.com<\/a><\/span>\r\n                                \r\n                                                                <\/p>\r\n                                                    <\/div>\r\n                                                <div class=\"flex-box-thirty standort_plz\" data-postal='[{\"von\":\"72150\",\"bis\":\"72299\"},{\"von\":\"75000\",\"bis\":\"75059\"},{\"von\":\"75100\",\"bis\":\"75249\"},{\"von\":\"75300\",\"bis\":\"75339\"},{\"von\":\"75400\",\"bis\":\"75449\"},{\"von\":\"76000\",\"bis\":\"76359\"},{\"von\":\"76400\",\"bis\":\"76599\"},{\"von\":\"76600\",\"bis\":\"76779\"},{\"von\":\"76800\",\"bis\":\"76899\"},{\"von\":\"77600\",\"bis\":\"77889\"},{\"von\":\"77900\",\"bis\":\"77979\"},{\"von\":\"78090\",\"bis\":\"78149\"},{\"von\":\"78700\",\"bis\":\"78739\"},{\"von\":\"79000\",\"bis\":\"79429\"},{\"von\":\"79500\",\"bis\":\"79879\"}]'>\r\n                            <span class=\"htitle\">Back office<\/span>\r\n                                                            <p>\r\n                                    <strong>\r\n                                        Vos interlocuteurs pour les demandes et commandes de pi\u00e8ces de rechange et de prestations de service                                    <\/strong>\r\n                                <\/p>\r\n                                                        <p>\r\n                                                                                                    Bureau de service apr\u00e8s-vente Sud-Ouest<br>\r\n                                                                                                73529 Schw\u00e4bisch Gm\u00fcnd                            <\/p>\r\n\r\n                                                            <p>\r\n                                                                    <span class=\"cb-icon cb-icon-phone\"><a href=\"tel:+497171874100\">+497171874100<\/a><\/span>\r\n                                                                                                                                <\/p>\r\n                                                                                        <p>\r\n                                                                    <span class=\"cb-icon cb-icon-email\"><a href=\"mailto:service.bw@efaflex.com\">service.bw@efaflex.com<\/a><\/span>\r\n                                \r\n                                                                <\/p>\r\n                                                    <\/div>\r\n                                                <div class=\"flex-box-thirty standort_plz\" data-postal='[{\"von\":\"04000\",\"bis\":\"04469\"},{\"von\":\"04500\",\"bis\":\"04619\"},{\"von\":\"04640\",\"bis\":\"04689\"},{\"von\":\"04750\",\"bis\":\"04779\"},{\"von\":\"04800\",\"bis\":\"04939\"},{\"von\":\"06000\",\"bis\":\"06139\"},{\"von\":\"06170\",\"bis\":\"06579\"},{\"von\":\"06600\",\"bis\":\"06929\"},{\"von\":\"36400\",\"bis\":\"36469\"},{\"von\":\"37300\",\"bis\":\"37359\"},{\"von\":\"96500\",\"bis\":\"96529\"},{\"von\":\"98500\",\"bis\":\"98749\"},{\"von\":\"99000\",\"bis\":\"99109\"},{\"von\":\"99180\",\"bis\":\"99199\"},{\"von\":\"99300\",\"bis\":\"99339\"},{\"von\":\"99400\",\"bis\":\"99449\"},{\"von\":\"99500\",\"bis\":\"99519\"},{\"von\":\"99600\",\"bis\":\"99639\"},{\"von\":\"99700\",\"bis\":\"99769\"},{\"von\":\"99800\",\"bis\":\"99899\"},{\"von\":\"99940\",\"bis\":\"99999\"}]'>\r\n                            <span class=\"htitle\">Back office<\/span>\r\n                                                            <p>\r\n                                    <strong>\r\n                                        Vos interlocuteurs pour les demandes et commandes de pi\u00e8ces de rechange et de prestations de service                                    <\/strong>\r\n                                <\/p>\r\n                                                        <p>\r\n                                                                                                    Bureau de service apr\u00e8s-vente Nord-Est<br>\r\n                                                                                                04416 Markkleeberg                            <\/p>\r\n\r\n                                                            <p>\r\n                                                                    <span class=\"cb-icon cb-icon-phone\"><a href=\"tel:+493429798770\">+493429798770<\/a><\/span>\r\n                                                                                                                                <\/p>\r\n                                                                                        <p>\r\n                                                                    <span class=\"cb-icon cb-icon-email\"><a href=\"mailto:service.le@efaflex.com\">service.le@efaflex.com<\/a><\/span>\r\n                                \r\n                                                                <\/p>\r\n                                                    <\/div>\r\n                                                <div class=\"flex-box-thirty standort_plz\" data-postal='[{\"von\":\"01000\",\"bis\":\"01329\"},{\"von\":\"01430\",\"bis\":\"01479\"},{\"von\":\"01550\",\"bis\":\"01859\"},{\"von\":\"01870\",\"bis\":\"01999\"},{\"von\":\"02600\",\"bis\":\"02999\"},{\"von\":\"03000\",\"bis\":\"03259\"},{\"von\":\"04620\",\"bis\":\"04639\"},{\"von\":\"04700\",\"bis\":\"04749\"},{\"von\":\"07300\",\"bis\":\"07429\"},{\"von\":\"07500\",\"bis\":\"07589\"},{\"von\":\"07600\",\"bis\":\"07649\"},{\"von\":\"07700\",\"bis\":\"07779\"},{\"von\":\"07800\",\"bis\":\"07819\"},{\"von\":\"07900\",\"bis\":\"07989\"},{\"von\":\"08000\",\"bis\":\"08069\"},{\"von\":\"08100\",\"bis\":\"08149\"},{\"von\":\"08200\",\"bis\":\"08549\"},{\"von\":\"08600\",\"bis\":\"08609\"},{\"von\":\"08620\",\"bis\":\"08649\"},{\"von\":\"09000\",\"bis\":\"09249\"},{\"von\":\"09300\",\"bis\":\"09669\"}]'>\r\n                            <span class=\"htitle\">Back office<\/span>\r\n                                                            <p>\r\n                                    <strong>\r\n                                        Vos interlocuteurs pour les demandes et commandes de pi\u00e8ces de rechange et de prestations de service                                    <\/strong>\r\n                                <\/p>\r\n                                                        <p>\r\n                                                                                                    Bureau de service apr\u00e8s-vente Nord-Est<br>\r\n                                                                                                04416 Markkleeberg                            <\/p>\r\n\r\n                                                            <p>\r\n                                                                    <span class=\"cb-icon cb-icon-phone\"><a href=\"tel:+493429798770\">+493429798770<\/a><\/span>\r\n                                                                                                                                <\/p>\r\n                                                                                        <p>\r\n                                                                    <span class=\"cb-icon cb-icon-email\"><a href=\"mailto:service.le@efaflex.com\">service.le@efaflex.com<\/a><\/span>\r\n                                \r\n                                                                <\/p>\r\n                                                    <\/div>\r\n                                                <div class=\"flex-box-thirty standort_plz\" data-postal='[{\"von\":\"19000\",\"bis\":\"19999\"},{\"von\":\"29000\",\"bis\":\"33299\"},{\"von\":\"34000\",\"bis\":\"34399\"},{\"von\":\"37000\",\"bis\":\"37199\"},{\"von\":\"37400\",\"bis\":\"39999\"},{\"von\":\"59240\",\"bis\":\"59329\"},{\"von\":\"59470\",\"bis\":\"59609\"}]'>\r\n                            <span class=\"htitle\">Responsable de montage<\/span>\r\n                                                        <p>\r\n                                                                                                                                31177 Harsum                            <\/p>\r\n\r\n                                                            <p>\r\n                                                                    <span class=\"cb-icon cb-icon-phone\"><a href=\"tel:+495127214814\">+4951272148-14<\/a><\/span>\r\n                                                                                                                                <\/p>\r\n                                                                                        <p>\r\n                                                                    <span class=\"cb-icon cb-icon-email\"><a href=\"mailto:jan.barthel@efaflex-hildesheim.de\">jan.barthel@efaflex-hildesheim.de<\/a><\/span>\r\n                                \r\n                                                                <\/p>\r\n                                                    <\/div>\r\n                                                <div class=\"flex-box-thirty standort_plz\" data-postal='[{\"von\":\"20000\",\"bis\":\"20539\"},{\"von\":\"21000\",\"bis\":\"21279\"},{\"von\":\"21300\",\"bis\":\"21529\"},{\"von\":\"21600\",\"bis\":\"21789\"},{\"von\":\"22000\",\"bis\":\"22889\"},{\"von\":\"22900\",\"bis\":\"22969\"},{\"von\":\"23500\",\"bis\":\"23629\"},{\"von\":\"23660\",\"bis\":\"24259\"},{\"von\":\"24300\",\"bis\":\"24409\"},{\"von\":\"24500\",\"bis\":\"24649\"},{\"von\":\"24750\",\"bis\":\"24999\"},{\"von\":\"25300\",\"bis\":\"25379\"},{\"von\":\"25400\",\"bis\":\"25599\"},{\"von\":\"25690\",\"bis\":\"25999\"}]'>\r\n                            <span class=\"htitle\">Responsable de montage<\/span>\r\n                                                            <p>\r\n                                    <strong>\r\n                                        Bremen EFAFLEX Tortechnik GmbH                                     <\/strong>\r\n                                <\/p>\r\n                                                        <p>\r\n                                                                    Monsieur Joschka Schwedler Grau<br>\r\n                                                                                                                                28719 Bremen                            <\/p>\r\n\r\n                                                            <p>\r\n                                                                    <span class=\"cb-icon cb-icon-phone\"><a href=\"tel:+4942160608032\">+4942160608032<\/a><\/span>\r\n                                                                                                                                <\/p>\r\n                                                                                        <p>\r\n                                                                    <span class=\"cb-icon cb-icon-email\"><a href=\"mailto:Joschka.Schwedler.Grau@efaflex-hildesheim.de\">Joschka.Schwedler.Grau@efaflex-hildesheim.de<\/a><\/span>\r\n                                \r\n                                                                <\/p>\r\n                                                    <\/div>\r\n                                                <div class=\"flex-box-thirty standort_plz\" data-postal='[{\"von\":\"26000\",\"bis\":\"26219\"},{\"von\":\"26300\",\"bis\":\"26969\"},{\"von\":\"27200\",\"bis\":\"27639\"},{\"von\":\"27700\",\"bis\":\"27809\"},{\"von\":\"28000\",\"bis\":\"28359\"},{\"von\":\"28700\",\"bis\":\"28879\"},{\"von\":\"48455\",\"bis\":\"48476\"},{\"von\":\"48478\",\"bis\":\"48484\"},{\"von\":\"48486\",\"bis\":\"48492\"},{\"von\":\"48497\",\"bis\":\"48531\"},{\"von\":\"49153\",\"bis\":\"49162\"},{\"von\":\"49164\",\"bis\":\"49169\"},{\"von\":\"49177\",\"bis\":\"49185\"},{\"von\":\"49329\",\"bis\":\"49329\"},{\"von\":\"49340\",\"bis\":\"49476\"},{\"von\":\"49550\",\"bis\":\"49563\"},{\"von\":\"49566\",\"bis\":\"49585\"},{\"von\":\"49587\",\"bis\":\"49849\"}]'>\r\n                            <span class=\"htitle\">Responsable de montage<\/span>\r\n                                                            <p>\r\n                                    <strong>\r\n                                        Bremen EFAFLEX Tortechnik GmbH                                     <\/strong>\r\n                                <\/p>\r\n                                                        <p>\r\n                                                                    Monsieur Volker Mechau<br>\r\n                                                                                                                                28719 Bremen                            <\/p>\r\n\r\n                                                            <p>\r\n                                                                    <span class=\"cb-icon cb-icon-phone\"><a href=\"tel:+4942160608026\">+4942160608026<\/a><\/span>\r\n                                                                                                                                <\/p>\r\n                                                                                        <p>\r\n                                                                    <span class=\"cb-icon cb-icon-email\"><a href=\"mailto:volker.mechau@efaflex-hildesheim.de \">volker.mechau@efaflex-hildesheim.de <\/a><\/span>\r\n                                \r\n                                                                <\/p>\r\n                                                    <\/div>\r\n                                                <div class=\"flex-box-thirty standort_plz\" data-postal='[{\"von\":\"30000\",\"bis\":\"30989\"},{\"von\":\"31500\",\"bis\":\"31869\"},{\"von\":\"32000\",\"bis\":\"32139\"},{\"von\":\"32210\",\"bis\":\"32288\"},{\"von\":\"32290\",\"bis\":\"32311\"},{\"von\":\"32313\",\"bis\":\"32338\"},{\"von\":\"32340\",\"bis\":\"32350\"},{\"von\":\"32352\",\"bis\":\"32360\"},{\"von\":\"32362\",\"bis\":\"32368\"},{\"von\":\"32370\",\"bis\":\"32479\"},{\"von\":\"32500\",\"bis\":\"32608\"},{\"von\":\"32630\",\"bis\":\"32839\"},{\"von\":\"33000\",\"bis\":\"33189\"},{\"von\":\"33240\",\"bis\":\"33329\"},{\"von\":\"34000\",\"bis\":\"34399\"},{\"von\":\"59240\",\"bis\":\"59268\"},{\"von\":\"59470\",\"bis\":\"59493\"},{\"von\":\"59495\",\"bis\":\"59504\"},{\"von\":\"59506\",\"bis\":\"59509\"},{\"von\":\"59511\",\"bis\":\"59513\"},{\"von\":\"59515\",\"bis\":\"59518\"},{\"von\":\"59520\",\"bis\":\"59551\"},{\"von\":\"59553\",\"bis\":\"59554\"},{\"von\":\"59559\",\"bis\":\"59580\"},{\"von\":\"59582\",\"bis\":\"59598\"},{\"von\":\"59591\",\"bis\":\"59596\"},{\"von\":\"59598\",\"bis\":\"59601\"},{\"von\":\"59603\",\"bis\":\"59699\"}]'>\r\n                            <span class=\"htitle\">Responsable de montage<\/span>\r\n                                                            <p>\r\n                                    <strong>\r\n                                        Harsum EFAFLEX Tortechnik GmbH                                    <\/strong>\r\n                                <\/p>\r\n                                                        <p>\r\n                                                                    Monsieur Frank Behrens<br>\r\n                                                                                                                                31177 Harsum                            <\/p>\r\n\r\n                                                            <p>\r\n                                                                    <span class=\"cb-icon cb-icon-phone\"><a href=\"tel:+495127214830\">+495127214830<\/a><\/span>\r\n                                                                                                                                <\/p>\r\n                                                                                        <p>\r\n                                                                    <span class=\"cb-icon cb-icon-email\"><a href=\"mailto:frank.behrens@efaflex-hildesheim.de \">frank.behrens@efaflex-hildesheim.de <\/a><\/span>\r\n                                \r\n                                                                <\/p>\r\n                                                    <\/div>\r\n                                                <div class=\"flex-box-thirty standort_plz\" data-postal='[{\"von\":\"19000\",\"bis\":\"19089\"},{\"von\":\"19200\",\"bis\":\"19419\"},{\"von\":\"29200\",\"bis\":\"29419\"},{\"von\":\"29430\",\"bis\":\"29649\"},{\"von\":\"29650\",\"bis\":\"29699\"},{\"von\":\"31000\",\"bis\":\"31319\"},{\"von\":\"37000\",\"bis\":\"37199\"},{\"von\":\"37400\",\"bis\":\"37589\"},{\"von\":\"38000\",\"bis\":\"38179\"},{\"von\":\"38200\",\"bis\":\"38489\"},{\"von\":\"38500\",\"bis\":\"38559\"},{\"von\":\"38600\",\"bis\":\"38729\"},{\"von\":\"38800\",\"bis\":\"39139\"},{\"von\":\"39150\",\"bis\":\"39179\"},{\"von\":\"39200\",\"bis\":\"39449\"},{\"von\":\"39510\",\"bis\":\"39539\"},{\"von\":\"39550\",\"bis\":\"39649\"}]'>\r\n                            <span class=\"htitle\">Responsable de montage<\/span>\r\n                                                            <p>\r\n                                    <strong>\r\n                                        Harsum EFAFLEX Tortechnik GmbH                                     <\/strong>\r\n                                <\/p>\r\n                                                        <p>\r\n                                                                    Madame Katrin Breitbarth<br>\r\n                                                                                                                                31177 Harsum                            <\/p>\r\n\r\n                                                            <p>\r\n                                                                    <span class=\"cb-icon cb-icon-phone\"><a href=\"tel:+495127214823\">+495127214823<\/a><\/span>\r\n                                                                                                                                <\/p>\r\n                                                                                        <p>\r\n                                                                    <span class=\"cb-icon cb-icon-email\"><a href=\"mailto:katrin.breitbarth@efaflex-hildesheim.de \">katrin.breitbarth@efaflex-hildesheim.de <\/a><\/span>\r\n                                \r\n                                                                <\/p>\r\n                                                    <\/div>\r\n                                                <div class=\"flex-box-thirty standort_plz\" data-postal='[{\"von\":\"33330\",\"bis\":\"33999\"},{\"von\":\"48000\",\"bis\":\"48454\"},{\"von\":\"59269\",\"bis\":\"59399\"},{\"von\":\"49170\",\"bis\":\"49176\"},{\"von\":\"49186\",\"bis\":\"49328\"},{\"von\":\"49477\",\"bis\":\"49549\"},{\"von\":\"59494\",\"bis\":\"59494\"},{\"von\":\"59505\",\"bis\":\"59505\"},{\"von\":\"59510\",\"bis\":\"59510\"},{\"von\":\"59514\",\"bis\":\"59514\"},{\"von\":\"59519\",\"bis\":\"59519\"},{\"von\":\"59552\",\"bis\":\"59552\"},{\"von\":\"59555\",\"bis\":\"59558\"},{\"von\":\"59581\",\"bis\":\"59581\"},{\"von\":\"59590\",\"bis\":\"59590\"},{\"von\":\"59597\",\"bis\":\"59597\"},{\"von\":\"59602\",\"bis\":\"59602\"}]'>\r\n                            <span class=\"htitle\">Responsable de montage<\/span>\r\n                                                            <p>\r\n                                    <strong>\r\n                                        Osnabr\u00fcck EFAFLEX Tortechnik GmbH                                     <\/strong>\r\n                                <\/p>\r\n                                                        <p>\r\n                                                                    Monsieur Georg Musial<br>\r\n                                                                                                                                49205 Hasbergen                            <\/p>\r\n\r\n                                                            <p>\r\n                                                                    <span class=\"cb-icon cb-icon-phone\"><a href=\"tel:+4954058088720\">+4954058088720<\/a><\/span>\r\n                                                                                                                                <\/p>\r\n                                                                                        <p>\r\n                                                                    <span class=\"cb-icon cb-icon-email\"><a href=\"mailto:georg.musial@efaflex-hildesheim.de \">georg.musial@efaflex-hildesheim.de <\/a><\/span>\r\n                                \r\n                                                                <\/p>\r\n                                                    <\/div>\r\n                                                <div class=\"flex-box-thirty standort_plz\" data-postal='[{\"von\":\"32289\",\"bis\":\"32289\"},{\"von\":\"32312\",\"bis\":\"32312\"},{\"von\":\"32339\",\"bis\":\"32339\"},{\"von\":\"32351\",\"bis\":\"32351\"},{\"von\":\"32361\",\"bis\":\"32361\"},{\"von\":\"32369\",\"bis\":\"32369\"},{\"von\":\"32609\",\"bis\":\"32609\"},{\"von\":\"46286\",\"bis\":\"46419\"},{\"von\":\"48477\",\"bis\":\"48477\"},{\"von\":\"48485\",\"bis\":\"48485\"},{\"von\":\"48493\",\"bis\":\"48496\"},{\"von\":\"48532\",\"bis\":\"49152\"},{\"von\":\"49163\",\"bis\":\"49163\"},{\"von\":\"49565\",\"bis\":\"49565\"},{\"von\":\"49586\",\"bis\":\"49586\"}]'>\r\n                            <span class=\"htitle\">Responsable de montage<\/span>\r\n                                                            <p>\r\n                                    <strong>\r\n                                        Osnabr\u00fcck EFAFLEX Tortechnik GmbH                                     <\/strong>\r\n                                <\/p>\r\n                                                        <p>\r\n                                                                    Monsieur Frank Ostermann<br>\r\n                                                                                                                                49205 Hasbergen                            <\/p>\r\n\r\n                                                            <p>\r\n                                                                    <span class=\"cb-icon cb-icon-phone\"><a href=\"tel:+4954058088718\">+4954058088718<\/a><\/span>\r\n                                                                                                                                <\/p>\r\n                                                                                        <p>\r\n                                                                    <span class=\"cb-icon cb-icon-email\"><a href=\"mailto:frank.ostermann@efaflex-hildesheim.de\">frank.ostermann@efaflex-hildesheim.de<\/a><\/span>\r\n                                \r\n                                                                <\/p>\r\n                                                    <\/div>\r\n                                                <div class=\"flex-box-thirty standort_plz\" data-postal='[{\"von\":\"38231\",\"bis\":\"38231\"},{\"von\":\"38468\",\"bis\":\"38468\"},{\"von\":\"30419\",\"bis\":\"30419\"},{\"von\":\"38176\",\"bis\":\"38176\"}]'>\r\n                            <span class=\"htitle\">Responsable de montage<\/span>\r\n                                                            <p>\r\n                                    <strong>\r\n                                        Harsum EFAFLEX Tortechnik GmbH                                    <\/strong>\r\n                                <\/p>\r\n                                                        <p>\r\n                                                                    Monsieur Frank Behrens<br>\r\n                                                                                                                                31177 Harsum                            <\/p>\r\n\r\n                                                            <p>\r\n                                                                    <span class=\"cb-icon cb-icon-phone\"><a href=\"tel:+495127214830\">+495127214830<\/a><\/span>\r\n                                                                                                                                <\/p>\r\n                                                                                        <p>\r\n                                                                    <span class=\"cb-icon cb-icon-email\"><a href=\"mailto:frank.behrens@efaflex-hildesheim.de \">frank.behrens@efaflex-hildesheim.de <\/a><\/span>\r\n                                \r\n                                                                <\/p>\r\n                                                    <\/div>\r\n                                                <div class=\"flex-box-thirty standort_plz\" data-postal='[{\"von\":\"38112\",\"bis\":\"38112\"},{\"von\":\"34123\",\"bis\":\"34123\"},{\"von\":\"34225\",\"bis\":\"34225\"},{\"von\":\"38440\",\"bis\":\"38440\"},{\"von\":\"38436\",\"bis\":\"38436\"}]'>\r\n                            <span class=\"htitle\">Responsable de montage<\/span>\r\n                                                            <p>\r\n                                    <strong>\r\n                                        Harsum EFAFLEX Tortechnik GmbH                                     <\/strong>\r\n                                <\/p>\r\n                                                        <p>\r\n                                                                    Madame Katrin Breitbarth<br>\r\n                                                                                                                                31177 Harsum                            <\/p>\r\n\r\n                                                            <p>\r\n                                                                    <span class=\"cb-icon cb-icon-phone\"><a href=\"tel:+495127214823\">+495127214823<\/a><\/span>\r\n                                                                                                                                <\/p>\r\n                                                                                        <p>\r\n                                                                    <span class=\"cb-icon cb-icon-email\"><a href=\"mailto:katrin.breitbarth@efaflex-hildesheim.de \">katrin.breitbarth@efaflex-hildesheim.de <\/a><\/span>\r\n                                \r\n                                                                <\/p>\r\n                                                    <\/div>\r\n                                                <div class=\"flex-box-thirty standort_plz\" data-postal='[{\"von\":\"84000\",\"bis\":\"84109\"},{\"von\":\"84120\",\"bis\":\"84189\"},{\"von\":\"84300\",\"bis\":\"84389\"},{\"von\":\"85000\",\"bis\":\"85044\"},{\"von\":\"85046\",\"bis\":\"85139\"},{\"von\":\"85260\",\"bis\":\"85469\"},{\"von\":\"93000\",\"bis\":\"93109\"},{\"von\":\"93120\",\"bis\":\"93199\"},{\"von\":\"93300\",\"bis\":\"93359\"},{\"von\":\"93400\",\"bis\":\"93499\"},{\"von\":\"94000\",\"bis\":\"94169\"},{\"von\":\"94200\",\"bis\":\"94269\"},{\"von\":\"94300\",\"bis\":\"94379\"},{\"von\":\"94400\",\"bis\":\"94579\"},{\"von\":\"80001\",\"bis\":\"80999\"},{\"von\":\"81201\",\"bis\":\"81249\"},{\"von\":\"81301\",\"bis\":\"81379\"},{\"von\":\"81451\",\"bis\":\"81479\"},{\"von\":\"81501\",\"bis\":\"81549\"},{\"von\":\"81601\",\"bis\":\"81679\"},{\"von\":\"81701\",\"bis\":\"81739\"},{\"von\":\"81801\",\"bis\":\"81829\"},{\"von\":\"81901\",\"bis\":\"81929\"},{\"von\":\"82000\",\"bis\":\"82069\"},{\"von\":\"82100\",\"bis\":\"82239\"},{\"von\":\"82300\",\"bis\":\"82549\"},{\"von\":\"83000\",\"bis\":\"83139\"},{\"von\":\"83200\",\"bis\":\"83489\"},{\"von\":\"83500\",\"bis\":\"83569\"},{\"von\":\"83600\",\"bis\":\"83739\"},{\"von\":\"84400\",\"bis\":\"84579\"},{\"von\":\"85200\",\"bis\":\"85259\"},{\"von\":\"85500\",\"bis\":\"85669\"},{\"von\":\"85700\",\"bis\":\"85779\"},{\"von\":\"85045\",\"bis\":\"85045\"},{\"von\":\"82240\",\"bis\":\"82299\"},{\"von\":\"86000\",\"bis\":\"86579\"},{\"von\":\"86600\",\"bis\":\"86759\"},{\"von\":\"86800\",\"bis\":\"86949\"},{\"von\":\"86950\",\"bis\":\"86989\"},{\"von\":\"87400\",\"bis\":\"87789\"},{\"von\":\"88100\",\"bis\":\"88179\"},{\"von\":\"88290\",\"bis\":\"88319\"},{\"von\":\"89200\",\"bis\":\"89369\"},{\"von\":\"89400\",\"bis\":\"89449\"}]'>\r\n                            <span class=\"htitle\">Conseiller de service client<\/span>\r\n                                                            <p>\r\n                                    <strong>\r\n                                        Votre interlocuteur pour un conseil personnalis\u00e9 sur place pour toutes les questions de service                                    <\/strong>\r\n                                <\/p>\r\n                                                        <p>\r\n                                                                    Monsieur Enrico Gleitz<br>\r\n                                                                                                    Bureau de service apr\u00e8s-vente Sud-Est<br>\r\n                                                                                                84079 Bruckberg                            <\/p>\r\n\r\n                                                            <p>\r\n                                                                                                                                    <span class=\"cb-icon cb-icon-mobile\"><a href=\"tel:+491703731822\">+491703731822<\/a><\/span>\r\n                                                                <\/p>\r\n                                                                                        <p>\r\n                                                                    <span class=\"cb-icon cb-icon-email\"><a href=\"mailto:enrico.gleitz@efaflex.com\">enrico.gleitz@efaflex.com<\/a><\/span>\r\n                                \r\n                                                                <\/p>\r\n                                                    <\/div>\r\n                                                <div class=\"flex-box-thirty standort_plz\" data-postal='[{\"von\":\"12345\",\"bis\":\"12345\"},{\"von\":\"34400\",\"bis\":\"34439\"},{\"von\":\"34440\",\"bis\":\"34519\"},{\"von\":\"34520\",\"bis\":\"34639\"},{\"von\":\"35000\",\"bis\":\"35119\"},{\"von\":\"35240\",\"bis\":\"35289\"},{\"von\":\"35300\",\"bis\":\"35469\"},{\"von\":\"35500\",\"bis\":\"35649\"},{\"von\":\"36000\",\"bis\":\"36399\"},{\"von\":\"37200\",\"bis\":\"37299\"},{\"von\":\"60000\",\"bis\":\"60599\"},{\"von\":\"61100\",\"bis\":\"61389\"},{\"von\":\"61400\",\"bis\":\"61479\"},{\"von\":\"63151\",\"bis\":\"63179\"},{\"von\":\"63400\",\"bis\":\"63549\"},{\"von\":\"63400\",\"bis\":\"63549\"},{\"von\":\"63550\",\"bis\":\"63599\"},{\"von\":\"63600\",\"bis\":\"63639\"},{\"von\":\"63640\",\"bis\":\"63699\"},{\"von\":\"63700\",\"bis\":\"63776\"},{\"von\":\"63802\",\"bis\":\"63831\"},{\"von\":\"65392\",\"bis\":\"65451\"},{\"von\":\"65500\",\"bis\":\"65529\"},{\"von\":\"65700\",\"bis\":\"65939\"},{\"von\":\"54200\",\"bis\":\"54349\"},{\"von\":\"54400\",\"bis\":\"54499\"},{\"von\":\"55380\",\"bis\":\"55629\"},{\"von\":\"55700\",\"bis\":\"55779\"},{\"von\":\"66000\",\"bis\":\"66999\"},{\"von\":\"67000\",\"bis\":\"67169\"},{\"von\":\"67200\",\"bis\":\"67379\"},{\"von\":\"67400\",\"bis\":\"67489\"},{\"von\":\"67600\",\"bis\":\"67759\"},{\"von\":\"67800\",\"bis\":\"67829\"},{\"von\":\"68000\",\"bis\":\"68549\"},{\"von\":\"68700\",\"bis\":\"68809\"},{\"von\":\"69000\",\"bis\":\"69259\"},{\"von\":\"69400\",\"bis\":\"69519\"},{\"von\":\"74800\",\"bis\":\"74939\"},{\"von\":\"35200\",\"bis\":\"35239\"},{\"von\":\"35660\",\"bis\":\"35799\"},{\"von\":\"54500\",\"bis\":\"54689\"},{\"von\":\"56000\",\"bis\":\"56379\"},{\"von\":\"56400\",\"bis\":\"56479\"},{\"von\":\"56500\",\"bis\":\"56659\"},{\"von\":\"56700\",\"bis\":\"56769\"},{\"von\":\"56800\",\"bis\":\"56869\"},{\"von\":\"65530\",\"bis\":\"65629\"},{\"von\":\"55000\",\"bis\":\"55299\"},{\"von\":\"63076\",\"bis\":\"63150\"},{\"von\":\"63200\",\"bis\":\"63329\"},{\"von\":\"63777\",\"bis\":\"63801\"},{\"von\":\"63832\",\"bis\":\"63939\"},{\"von\":\"64200\",\"bis\":\"64409\"},{\"von\":\"64500\",\"bis\":\"64589\"},{\"von\":\"64600\",\"bis\":\"64689\"},{\"von\":\"64700\",\"bis\":\"64759\"},{\"von\":\"64800\",\"bis\":\"64859\"},{\"von\":\"65000\",\"bis\":\"65239\"},{\"von\":\"65300\",\"bis\":\"65391\"},{\"von\":\"65452\",\"bis\":\"65479\"},{\"von\":\"67500\",\"bis\":\"67599\"},{\"von\":\"68600\",\"bis\":\"68649\"}]'>\r\n                            <span class=\"htitle\">Conseiller de service client<\/span>\r\n                                                            <p>\r\n                                    <strong>\r\n                                        Votre interlocuteur pour un conseil personnalis\u00e9 sur place pour toutes les questions de service                                    <\/strong>\r\n                                <\/p>\r\n                                                        <p>\r\n                                                                    Monsieur Mario Jung<br>\r\n                                                                                                    Bureau de service apr\u00e8s-vente Ouest<br>\r\n                                                                                                65479 Raunheim                            <\/p>\r\n\r\n                                                            <p>\r\n                                                                                                                                    <span class=\"cb-icon cb-icon-mobile\"><a href=\"tel:+491707985793\">+491707985793<\/a><\/span>\r\n                                                                <\/p>\r\n                                                                                        <p>\r\n                                                                    <span class=\"cb-icon cb-icon-email\"><a href=\"mailto:mario.jung@efaflex.com\">mario.jung@efaflex.com<\/a><\/span>\r\n                                \r\n                                                                <\/p>\r\n                                                    <\/div>\r\n                                                <div class=\"flex-box-thirty standort_plz\" data-postal='[{\"von\":\"70000\",\"bis\":\"70629\"},{\"von\":\"70700\",\"bis\":\"70839\"},{\"von\":\"71000\",\"bis\":\"71159\"},{\"von\":\"71200\",\"bis\":\"71409\"},{\"von\":\"71500\",\"bis\":\"71579\"},{\"von\":\"71600\",\"bis\":\"71739\"},{\"von\":\"72000\",\"bis\":\"72149\"},{\"von\":\"72370\",\"bis\":\"72419\"},{\"von\":\"72540\",\"bis\":\"72589\"},{\"von\":\"72600\",\"bis\":\"72669\"},{\"von\":\"72700\",\"bis\":\"72829\"},{\"von\":\"73000\",\"bis\":\"73119\"},{\"von\":\"73200\",\"bis\":\"73279\"},{\"von\":\"73300\",\"bis\":\"73349\"},{\"von\":\"73400\",\"bis\":\"73469\"},{\"von\":\"73500\",\"bis\":\"73579\"},{\"von\":\"73600\",\"bis\":\"73669\"},{\"von\":\"73700\",\"bis\":\"73779\"},{\"von\":\"74300\",\"bis\":\"74429\"},{\"von\":\"74500\",\"bis\":\"74549\"},{\"von\":\"75350\",\"bis\":\"75399\"},{\"von\":\"72300\",\"bis\":\"72369\"},{\"von\":\"72420\",\"bis\":\"72539\"},{\"von\":\"78000\",\"bis\":\"78089\"},{\"von\":\"78150\",\"bis\":\"78199\"},{\"von\":\"78200\",\"bis\":\"78269\"},{\"von\":\"78300\",\"bis\":\"78359\"},{\"von\":\"78400\",\"bis\":\"78479\"},{\"von\":\"78500\",\"bis\":\"78669\"},{\"von\":\"88000\",\"bis\":\"88099\"},{\"von\":\"88180\",\"bis\":\"88289\"},{\"von\":\"88320\",\"bis\":\"88529\"},{\"von\":\"88600\",\"bis\":\"88719\"},{\"von\":\"89000\",\"bis\":\"89199\"},{\"von\":\"89500\",\"bis\":\"89619\"},{\"von\":\"72150\",\"bis\":\"72299\"},{\"von\":\"75000\",\"bis\":\"75059\"},{\"von\":\"75100\",\"bis\":\"75249\"},{\"von\":\"75300\",\"bis\":\"75339\"},{\"von\":\"75400\",\"bis\":\"75449\"},{\"von\":\"76000\",\"bis\":\"76359\"},{\"von\":\"76400\",\"bis\":\"76599\"},{\"von\":\"76600\",\"bis\":\"76779\"},{\"von\":\"76800\",\"bis\":\"76899\"},{\"von\":\"77600\",\"bis\":\"77889\"},{\"von\":\"77900\",\"bis\":\"77979\"},{\"von\":\"78090\",\"bis\":\"78149\"},{\"von\":\"78700\",\"bis\":\"78739\"},{\"von\":\"79000\",\"bis\":\"79429\"},{\"von\":\"79500\",\"bis\":\"79879\"}]'>\r\n                            <span class=\"htitle\">Conseiller de service client<\/span>\r\n                                                            <p>\r\n                                    <strong>\r\n                                        Votre interlocuteur pour un conseil personnalis\u00e9 sur place pour toutes les questions de service                                    <\/strong>\r\n                                <\/p>\r\n                                                        <p>\r\n                                                                    Monsieur Rene St\u00f6be<br>\r\n                                                                                                    Bureau de service apr\u00e8s-vente Sud-Ouest<br>\r\n                                                                                                73529 Schw\u00e4bisch Gm\u00fcnd                            <\/p>\r\n\r\n                                                            <p>\r\n                                                                                                                                    <span class=\"cb-icon cb-icon-mobile\"><a href=\"tel:+491757256816\">+491757256816<\/a><\/span>\r\n                                                                <\/p>\r\n                                                                                        <p>\r\n                                                                    <span class=\"cb-icon cb-icon-email\"><a href=\"mailto:rene.stoebe@efaflex.com\">rene.stoebe@efaflex.com<\/a><\/span>\r\n                                \r\n                                                                <\/p>\r\n                                                    <\/div>\r\n                                                <div class=\"flex-box-thirty standort_plz\" data-postal='[{\"von\":\"04620\",\"bis\":\"04639\"},{\"von\":\"04700\",\"bis\":\"04749\"},{\"von\":\"07300\",\"bis\":\"07429\"},{\"von\":\"07500\",\"bis\":\"07589\"},{\"von\":\"07600\",\"bis\":\"07649\"},{\"von\":\"07700\",\"bis\":\"07779\"},{\"von\":\"07800\",\"bis\":\"07819\"},{\"von\":\"07900\",\"bis\":\"07989\"},{\"von\":\"08000\",\"bis\":\"08069\"},{\"von\":\"08100\",\"bis\":\"08149\"},{\"von\":\"08200\",\"bis\":\"08549\"},{\"von\":\"08600\",\"bis\":\"08609\"},{\"von\":\"08620\",\"bis\":\"08649\"},{\"von\":\"09000\",\"bis\":\"09249\"},{\"von\":\"09300\",\"bis\":\"09669\"},{\"von\":\"04000\",\"bis\":\"04469\"},{\"von\":\"04500\",\"bis\":\"04619\"},{\"von\":\"04640\",\"bis\":\"04689\"},{\"von\":\"04750\",\"bis\":\"04779\"},{\"von\":\"04800\",\"bis\":\"04939\"},{\"von\":\"06000\",\"bis\":\"06139\"},{\"von\":\"06170\",\"bis\":\"06579\"},{\"von\":\"06600\",\"bis\":\"06929\"},{\"von\":\"36400\",\"bis\":\"36469\"},{\"von\":\"37300\",\"bis\":\"37359\"},{\"von\":\"96500\",\"bis\":\"96529\"},{\"von\":\"98500\",\"bis\":\"98749\"},{\"von\":\"99000\",\"bis\":\"99109\"},{\"von\":\"99180\",\"bis\":\"99199\"},{\"von\":\"99300\",\"bis\":\"99339\"},{\"von\":\"99400\",\"bis\":\"99449\"},{\"von\":\"99500\",\"bis\":\"99519\"},{\"von\":\"99600\",\"bis\":\"99639\"},{\"von\":\"99700\",\"bis\":\"99769\"},{\"von\":\"99800\",\"bis\":\"99899\"},{\"von\":\"99940\",\"bis\":\"99999\"}]'>\r\n                            <span class=\"htitle\">Conseiller de service client<\/span>\r\n                                                            <p>\r\n                                    <strong>\r\n                                        Votre interlocuteur pour un conseil personnalis\u00e9 sur place pour toutes les questions de service                                    <\/strong>\r\n                                <\/p>\r\n                                                        <p>\r\n                                                                    Monsieur Daniel Reinboth<br>\r\n                                                                                                    Bureau de service apr\u00e8s-vente Nord-Est<br>\r\n                                                                                                04416 Markkleeberg                            <\/p>\r\n\r\n                                                            <p>\r\n                                                                                                                                    <span class=\"cb-icon cb-icon-mobile\"><a href=\"tel:+491703756850\">+491703756850<\/a><\/span>\r\n                                                                <\/p>\r\n                                                                                        <p>\r\n                                                                    <span class=\"cb-icon cb-icon-email\"><a href=\"mailto:daniel.reinboth@efaflex.com\">daniel.reinboth@efaflex.com<\/a><\/span>\r\n                                \r\n                                                                <\/p>\r\n                                                    <\/div>\r\n                                                <div class=\"flex-box-thirty standort_plz\" data-postal='[{\"von\":\"10000\",\"bis\":\"10999\"},{\"von\":\"12000\",\"bis\":\"12689\"},{\"von\":\"13000\",\"bis\":\"13629\"},{\"von\":\"14000\",\"bis\":\"14199\"},{\"von\":\"14400\",\"bis\":\"14559\"},{\"von\":\"14600\",\"bis\":\"14669\"},{\"von\":\"14700\",\"bis\":\"14799\"},{\"von\":\"14800\",\"bis\":\"14829\"},{\"von\":\"14900\",\"bis\":\"14929\"},{\"von\":\"14930\",\"bis\":\"14979\"},{\"von\":\"15200\",\"bis\":\"15379\"},{\"von\":\"15500\",\"bis\":\"15569\"},{\"von\":\"15700\",\"bis\":\"15759\"},{\"von\":\"15800\",\"bis\":\"15899\"},{\"von\":\"15900\",\"bis\":\"15939\"},{\"von\":\"16200\",\"bis\":\"16359\"},{\"von\":\"16500\",\"bis\":\"16569\"},{\"von\":\"16720\",\"bis\":\"16869\"},{\"von\":\"16900\",\"bis\":\"16949\"},{\"von\":\"17000\",\"bis\":\"17509\"},{\"von\":\"18000\",\"bis\":\"18379\"},{\"von\":\"18400\",\"bis\":\"18469\"},{\"von\":\"18500\",\"bis\":\"18609\"}]'>\r\n                            <span class=\"htitle\">Conseiller de service client<\/span>\r\n                                                            <p>\r\n                                    <strong>\r\n                                        Votre interlocuteur pour un conseil personnalis\u00e9 sur place pour toutes les questions de service                                    <\/strong>\r\n                                <\/p>\r\n                                                        <p>\r\n                                                                    Monsieur Sebastian Ritrich<br>\r\n                                                                                                    Bureau de service apr\u00e8s-vente Nord-Est<br>\r\n                                                                                                15366  Neuenhagen b. Berlin                            <\/p>\r\n\r\n                                                            <p>\r\n                                                                                                                                    <span class=\"cb-icon cb-icon-mobile\"><a href=\"tel:+491703756849\">+491703756849<\/a><\/span>\r\n                                                                <\/p>\r\n                                                                                        <p>\r\n                                                                    <span class=\"cb-icon cb-icon-email\"><a href=\"mailto:sebastian.ritrich@efaflex.com\">sebastian.ritrich@efaflex.com<\/a><\/span>\r\n                                \r\n                                                                <\/p>\r\n                                                    <\/div>\r\n                                                <div class=\"flex-box-thirty standort_plz\" data-postal='[{\"von\":\"42000\",\"bis\":\"42499\"},{\"von\":\"42600\",\"bis\":\"42929\"},{\"von\":\"44000\",\"bis\":\"44389\"},{\"von\":\"44500\",\"bis\":\"44589\"},{\"von\":\"44600\",\"bis\":\"44659\"},{\"von\":\"44700\",\"bis\":\"44899\"},{\"von\":\"45500\",\"bis\":\"45549\"},{\"von\":\"51000\",\"bis\":\"51149\"},{\"von\":\"51300\",\"bis\":\"51519\"},{\"von\":\"51600\",\"bis\":\"51709\"},{\"von\":\"51750\",\"bis\":\"51789\"},{\"von\":\"57400\",\"bis\":\"57439\"},{\"von\":\"58000\",\"bis\":\"58339\"},{\"von\":\"58400\",\"bis\":\"58849\"},{\"von\":\"59000\",\"bis\":\"59229\"},{\"von\":\"59400\",\"bis\":\"59469\"},{\"von\":\"59700\",\"bis\":\"59889\"},{\"von\":\"59900\",\"bis\":\"59969\"}]'>\r\n                            <span class=\"htitle\">Conseiller de service client<\/span>\r\n                                                            <p>\r\n                                    <strong>\r\n                                        Votre interlocuteur pour un conseil personnalis\u00e9 sur place pour toutes les questions de service                                    <\/strong>\r\n                                <\/p>\r\n                                                        <p>\r\n                                                                    Monsieur Sebastian Gilles<br>\r\n                                                                                                    Bureau de service apr\u00e8s-vente Ouest<br>\r\n                                                                                                40721  Hilden                            <\/p>\r\n\r\n                                                            <p>\r\n                                                                                                                                    <span class=\"cb-icon cb-icon-mobile\"><a href=\"tel:+491703756889\">+491703756889<\/a><\/span>\r\n                                                                <\/p>\r\n                                                                                        <p>\r\n                                                                    <span class=\"cb-icon cb-icon-email\"><a href=\"mailto:sebastian.gilles@efaflex.com\">sebastian.gilles@efaflex.com<\/a><\/span>\r\n                                \r\n                                                                <\/p>\r\n                                                    <\/div>\r\n                                                <div class=\"flex-box-thirty standort_plz\" data-postal='[{\"von\":\"40721\",\"bis\":\"40721\"},{\"von\":\"40789\",\"bis\":\"40789\"},{\"von\":\"40882\",\"bis\":\"40882\"},{\"von\":\"41468\",\"bis\":\"41468\"},{\"von\":\"41538\",\"bis\":\"41538\"},{\"von\":\"41540\",\"bis\":\"41540\"},{\"von\":\"42113\",\"bis\":\"42113\"},{\"von\":\"42117\",\"bis\":\"42117\"},{\"von\":\"47829\",\"bis\":\"47829\"},{\"von\":\"50226\",\"bis\":\"50225\"},{\"von\":\"50585\",\"bis\":\"50585\"},{\"von\":\"50676\",\"bis\":\"50676\"},{\"von\":\"50739\",\"bis\":\"50739\"},{\"von\":\"51063\",\"bis\":\"51063\"},{\"von\":\"51149\",\"bis\":\"51149\"},{\"von\":\"51368\",\"bis\":\"51368\"},{\"von\":\"51369\",\"bis\":\"51369\"},{\"von\":\"51373\",\"bis\":\"51373\"},{\"von\":\"51377\",\"bis\":\"51377\"},{\"von\":\"53909\",\"bis\":\"53909\"},{\"von\":\"59192\",\"bis\":\"59192\"}]'>\r\n                            <span class=\"htitle\">Conseiller de service client<\/span>\r\n                                                            <p>\r\n                                    <strong>\r\n                                        Votre interlocuteur pour un conseil personnalis\u00e9 sur place pour toutes les questions de service                                    <\/strong>\r\n                                <\/p>\r\n                                                        <p>\r\n                                                                    Monsieur Martin Greinke<br>\r\n                                                                                                    Bureau de service apr\u00e8s-vente Ouest<br>\r\n                                                                                                40721  Hilden                            <\/p>\r\n\r\n                                                            <p>\r\n                                                                                                                                    <span class=\"cb-icon cb-icon-mobile\"><a href=\"tel:+4915116226363\">+4915116226363<\/a><\/span>\r\n                                                                <\/p>\r\n                                                                                        <p>\r\n                                                                    <span class=\"cb-icon cb-icon-email\"><a href=\"mailto:martin.greinke@efaflex.com\">martin.greinke@efaflex.com<\/a><\/span>\r\n                                \r\n                                                                <\/p>\r\n                                                    <\/div>\r\n                                                <div class=\"flex-box-thirty standort_plz\" data-postal='[{\"von\":\"91000\",\"bis\":\"91099\"},{\"von\":\"91250\",\"bis\":\"91369\"},{\"von\":\"95000\",\"bis\":\"95239\"},{\"von\":\"95300\",\"bis\":\"95369\"},{\"von\":\"95400\",\"bis\":\"95519\"},{\"von\":\"95600\",\"bis\":\"95709\"},{\"von\":\"96000\",\"bis\":\"96279\"},{\"von\":\"96300\",\"bis\":\"96369\"},{\"von\":\"96400\",\"bis\":\"96489\"},{\"von\":\"97000\",\"bis\":\"97359\"},{\"von\":\"97400\",\"bis\":\"97539\"},{\"von\":\"97600\",\"bis\":\"97859\"},{\"von\":\"73470\",\"bis\":\"73499\"},{\"von\":\"74000\",\"bis\":\"74259\"},{\"von\":\"74550\",\"bis\":\"74679\"},{\"von\":\"74700\",\"bis\":\"74749\"},{\"von\":\"90000\",\"bis\":\"90619\"},{\"von\":\"90700\",\"bis\":\"90769\"},{\"von\":\"91100\",\"bis\":\"91249\"},{\"von\":\"91400\",\"bis\":\"91489\"},{\"von\":\"91500\",\"bis\":\"91639\"},{\"von\":\"91700\",\"bis\":\"91809\"},{\"von\":\"92200\",\"bis\":\"92289\"},{\"von\":\"92300\",\"bis\":\"92369\"},{\"von\":\"92400\",\"bis\":\"92449\"},{\"von\":\"92500\",\"bis\":\"92559\"},{\"von\":\"92600\",\"bis\":\"92729\"},{\"von\":\"97860\",\"bis\":\"97999\"}]'>\r\n                            <span class=\"htitle\">Conseiller de service client<\/span>\r\n                                                            <p>\r\n                                    <strong>\r\n                                        Votre interlocuteur pour un conseil personnalis\u00e9 sur place pour toutes les questions de service                                    <\/strong>\r\n                                <\/p>\r\n                                                        <p>\r\n                                                                    Monsieur Joachim Stellmacher<br>\r\n                                                                                                    Bureau de service apr\u00e8s-vente Sud-Est<br>\r\n                                                                                                84079 Bruckberg                            <\/p>\r\n\r\n                                                            <p>\r\n                                                                                                                                    <span class=\"cb-icon cb-icon-mobile\"><a href=\"tel:+491703702466\">+491703702466<\/a><\/span>\r\n                                                                <\/p>\r\n                                                                                        <p>\r\n                                                                    <span class=\"cb-icon cb-icon-email\"><a href=\"mailto:joachim.stellmacher@efaflex.com\">joachim.stellmacher@efaflex.com<\/a><\/span>\r\n                                \r\n                                                                <\/p>\r\n                                                    <\/div>\r\n                                                <div class=\"flex-box-thirty standort_plz\" data-postal='[{\"von\":\"01000\",\"bis\":\"01329\"},{\"von\":\"01430\",\"bis\":\"01479\"},{\"von\":\"01550\",\"bis\":\"01859\"},{\"von\":\"01870\",\"bis\":\"01916\"},{\"von\":\"01916\",\"bis\":\"01999\"},{\"von\":\"02600\",\"bis\":\"02999\"},{\"von\":\"03000\",\"bis\":\"03259\"}]'>\r\n                            <span class=\"htitle\">Conseiller de service client<\/span>\r\n                                                            <p>\r\n                                    <strong>\r\n                                        Votre interlocuteur pour un conseil personnalis\u00e9 sur place pour toutes les questions de service                                    <\/strong>\r\n                                <\/p>\r\n                                                        <p>\r\n                                                                    Monsieur Sebastian Ritrich<br>\r\n                                                                                                    Bureau de service apr\u00e8s-vente Nord-Est<br>\r\n                                                                                                04416 Markkleeberg                            <\/p>\r\n\r\n                                                            <p>\r\n                                                                                                                                    <span class=\"cb-icon cb-icon-mobile\"><a href=\"tel:+491703756849\">+491703756849<\/a><\/span>\r\n                                                                <\/p>\r\n                                                                                        <p>\r\n                                                                    <span class=\"cb-icon cb-icon-email\"><a href=\"mailto:sebastian.ritrich@efaflex.com\">sebastian.ritrich@efaflex.com<\/a><\/span>\r\n                                \r\n                                                                <\/p>\r\n                                                    <\/div>\r\n                                                <div class=\"flex-box-thirty standort_plz\" data-postal='[{\"von\":\"51530\",\"bis\":\"51599\"},{\"von\":\"53000\",\"bis\":\"53359\"},{\"von\":\"53400\",\"bis\":\"53509\"},{\"von\":\"53510\",\"bis\":\"53539\"},{\"von\":\"53540\",\"bis\":\"53639\"},{\"von\":\"53700\",\"bis\":\"53859\"},{\"von\":\"53860\",\"bis\":\"53949\"},{\"von\":\"57000\",\"bis\":\"57399\"},{\"von\":\"57440\",\"bis\":\"57489\"},{\"von\":\"57500\",\"bis\":\"57589\"},{\"von\":\"57600\",\"bis\":\"57649\"},{\"von\":\"40000\",\"bis\":\"40789\"},{\"von\":\"40800\",\"bis\":\"40889\"},{\"von\":\"41000\",\"bis\":\"41379\"},{\"von\":\"41400\",\"bis\":\"41569\"},{\"von\":\"41700\",\"bis\":\"41759\"},{\"von\":\"41800\",\"bis\":\"41849\"},{\"von\":\"42500\",\"bis\":\"42579\"},{\"von\":\"45950\",\"bis\":\"45969\"},{\"von\":\"50100\",\"bis\":\"50189\"},{\"von\":\"50200\",\"bis\":\"50259\"},{\"von\":\"50300\",\"bis\":\"50389\"},{\"von\":\"50440\",\"bis\":\"50999\"},{\"von\":\"52000\",\"bis\":\"52159\"},{\"von\":\"52200\",\"bis\":\"52249\"},{\"von\":\"52300\",\"bis\":\"52539\"},{\"von\":\"45000\",\"bis\":\"45359\"},{\"von\":\"45400\",\"bis\":\"45489\"},{\"von\":\"45600\",\"bis\":\"45779\"},{\"von\":\"45800\",\"bis\":\"45899\"},{\"von\":\"46000\",\"bis\":\"46149\"},{\"von\":\"46200\",\"bis\":\"46285\"},{\"von\":\"46420\",\"bis\":\"46569\"},{\"von\":\"47000\",\"bis\":\"47279\"},{\"von\":\"47400\",\"bis\":\"47669\"},{\"von\":\"47700\",\"bis\":\"47929\"}]'>\r\n                            <span class=\"htitle\">Conseiller de service client<\/span>\r\n                                                            <p>\r\n                                    <strong>\r\n                                        Votre interlocuteur pour un conseil personnalis\u00e9 sur place pour toutes les questions de service                                    <\/strong>\r\n                                <\/p>\r\n                                                        <p>\r\n                                                                    Monsieur Roman Mannheims<br>\r\n                                                                                                    Bureau de service apr\u00e8s-vente Ouest<br>\r\n                                                                                                40721 Hilden                            <\/p>\r\n\r\n                                                            <p>\r\n                                                                                                                                    <span class=\"cb-icon cb-icon-mobile\"><a href=\"tel:+491703702437\">+491703702437<\/a><\/span>\r\n                                                                <\/p>\r\n                                                                                        <p>\r\n                                                                    <span class=\"cb-icon cb-icon-email\"><a href=\"mailto:roman.mannheims@efaflex.com\">roman.mannheims@efaflex.com<\/a><\/span>\r\n                                \r\n                                                                <\/p>\r\n                                                    <\/div>\r\n                                                <div class=\"flex-box-thirty standort_plz\" data-postal='[{\"von\":\"70000\",\"bis\":\"70629\"},{\"von\":\"70700\",\"bis\":\"70839\"},{\"von\":\"71000\",\"bis\":\"71159\"},{\"von\":\"71200\",\"bis\":\"71409\"},{\"von\":\"71500\",\"bis\":\"71579\"},{\"von\":\"71600\",\"bis\":\"71739\"},{\"von\":\"72000\",\"bis\":\"72149\"},{\"von\":\"72370\",\"bis\":\"72419\"},{\"von\":\"72540\",\"bis\":\"72589\"},{\"von\":\"72600\",\"bis\":\"72669\"},{\"von\":\"72700\",\"bis\":\"72829\"},{\"von\":\"73000\",\"bis\":\"73119\"},{\"von\":\"73200\",\"bis\":\"73279\"},{\"von\":\"73300\",\"bis\":\"73349\"},{\"von\":\"73400\",\"bis\":\"73469\"},{\"von\":\"73500\",\"bis\":\"73579\"},{\"von\":\"73600\",\"bis\":\"73669\"},{\"von\":\"73700\",\"bis\":\"73779\"},{\"von\":\"74300\",\"bis\":\"74429\"},{\"von\":\"74500\",\"bis\":\"74549\"},{\"von\":\"75350\",\"bis\":\"75399\"}]'>\r\n                            <span class=\"htitle\">Responsable de service client<\/span>\r\n                                                            <p>\r\n                                    <strong>\r\n                                        Votre interlocuteur pour l&#8217;approvisionnement et les d\u00e9lais                                    <\/strong>\r\n                                <\/p>\r\n                                                        <p>\r\n                                                                    Monsieur Jonas Domin<br>\r\n                                                                                                    Bureau de service apr\u00e8s-vente Sud-Ouest<br>\r\n                                                                                                73529 Schw\u00e4bisch Gm\u00fcnd                            <\/p>\r\n\r\n                                                            <p>\r\n                                                                    <span class=\"cb-icon cb-icon-phone\"><a href=\"tel:+4971718741011\">+49717187410-11<\/a><\/span>\r\n                                                                                                                                <\/p>\r\n                                                                                        <p>\r\n                                                                    <span class=\"cb-icon cb-icon-email\"><a href=\"mailto:jonas.domin@efaflex.com\">jonas.domin@efaflex.com<\/a><\/span>\r\n                                \r\n                                                                <\/p>\r\n                                                    <\/div>\r\n                                                <div class=\"flex-box-thirty standort_plz\" data-postal='[{\"von\":\"82240\",\"bis\":\"82299\"},{\"von\":\"86000\",\"bis\":\"86579\"},{\"von\":\"86600\",\"bis\":\"86759\"},{\"von\":\"86800\",\"bis\":\"86949\"},{\"von\":\"86950\",\"bis\":\"86989\"},{\"von\":\"87400\",\"bis\":\"87789\"},{\"von\":\"88100\",\"bis\":\"88179\"},{\"von\":\"88290\",\"bis\":\"88319\"},{\"von\":\"89200\",\"bis\":\"89369\"},{\"von\":\"89400\",\"bis\":\"89449\"}]'>\r\n                            <span class=\"htitle\">Responsable de service client<\/span>\r\n                                                            <p>\r\n                                    <strong>\r\n                                        Votre interlocuteur pour l&#8217;approvisionnement et les d\u00e9lais                                    <\/strong>\r\n                                <\/p>\r\n                                                        <p>\r\n                                                                    Monsieur B\u00e9la Schreiter<br>\r\n                                                                                                    Bureau de service apr\u00e8s-vente Sud-Est<br>\r\n                                                                                                84079 Bruckberg                            <\/p>\r\n\r\n                                                            <p>\r\n                                                                    <span class=\"cb-icon cb-icon-phone\"><a href=\"tel:+49876582479\">+49876582-479<\/a><\/span>\r\n                                                                                                                                <\/p>\r\n                                                                                        <p>\r\n                                                                    <span class=\"cb-icon cb-icon-email\"><a href=\"mailto:bela.schreiter@efaflex.com\">bela.schreiter@efaflex.com<\/a><\/span>\r\n                                \r\n                                                                <\/p>\r\n                                                    <\/div>\r\n                                                <div class=\"flex-box-thirty standort_plz\" data-postal='[{\"von\":\"80001\",\"bis\":\"80999\"},{\"von\":\"81201\",\"bis\":\"81249\"},{\"von\":\"81301\",\"bis\":\"81379\"},{\"von\":\"81451\",\"bis\":\"81479\"},{\"von\":\"81501\",\"bis\":\"81549\"},{\"von\":\"81601\",\"bis\":\"81679\"},{\"von\":\"81701\",\"bis\":\"81739\"},{\"von\":\"81801\",\"bis\":\"81829\"},{\"von\":\"81901\",\"bis\":\"81929\"},{\"von\":\"82000\",\"bis\":\"82069\"},{\"von\":\"82100\",\"bis\":\"82239\"},{\"von\":\"82300\",\"bis\":\"82549\"},{\"von\":\"83000\",\"bis\":\"83139\"},{\"von\":\"83200\",\"bis\":\"83489\"},{\"von\":\"83500\",\"bis\":\"83569\"},{\"von\":\"83600\",\"bis\":\"83739\"},{\"von\":\"84400\",\"bis\":\"84579\"},{\"von\":\"85200\",\"bis\":\"85259\"},{\"von\":\"85500\",\"bis\":\"85669\"},{\"von\":\"85700\",\"bis\":\"85779\"},{\"von\":\"85045\",\"bis\":\"85045\"}]'>\r\n                            <span class=\"htitle\">Responsable de service client<\/span>\r\n                                                            <p>\r\n                                    <strong>\r\n                                        Votre interlocuteur pour l&#8217;approvisionnement et les d\u00e9lais                                    <\/strong>\r\n                                <\/p>\r\n                                                        <p>\r\n                                                                    Madame Andrea Rieger<br>\r\n                                                                                                    Bureau de service apr\u00e8s-vente Sud-Est<br>\r\n                                                                                                84079 Bruckberg                            <\/p>\r\n\r\n                                                            <p>\r\n                                                                    <span class=\"cb-icon cb-icon-phone\"><a href=\"tel:+49876582296\">+49876582-296<\/a><\/span>\r\n                                                                                                                                <\/p>\r\n                                                                                        <p>\r\n                                                                    <span class=\"cb-icon cb-icon-email\"><a href=\"mailto:andrea.rieger@efaflex.com\">andrea.rieger@efaflex.com<\/a><\/span>\r\n                                \r\n                                                                <\/p>\r\n                                                    <\/div>\r\n                                                <div class=\"flex-box-thirty standort_plz\" data-postal='[{\"von\":\"10000\",\"bis\":\"10999\"},{\"von\":\"12000\",\"bis\":\"12689\"},{\"von\":\"13000\",\"bis\":\"13689\"},{\"von\":\"14000\",\"bis\":\"14199\"},{\"von\":\"14400\",\"bis\":\"14559\"},{\"von\":\"14600\",\"bis\":\"14669\"},{\"von\":\"14700\",\"bis\":\"14799\"},{\"von\":\"14800\",\"bis\":\"14829\"},{\"von\":\"14900\",\"bis\":\"14929\"},{\"von\":\"14930\",\"bis\":\"14979\"},{\"von\":\"15200\",\"bis\":\"15379\"},{\"von\":\"15500\",\"bis\":\"15569\"},{\"von\":\"15700\",\"bis\":\"15759\"},{\"von\":\"15800\",\"bis\":\"15899\"},{\"von\":\"15900\",\"bis\":\"15939\"},{\"von\":\"16200\",\"bis\":\"16359\"},{\"von\":\"16500\",\"bis\":\"16569\"},{\"von\":\"16720\",\"bis\":\"16869\"},{\"von\":\"16900\",\"bis\":\"16949\"},{\"von\":\"17000\",\"bis\":\"17509\"},{\"von\":\"18000\",\"bis\":\"18379\"},{\"von\":\"18400\",\"bis\":\"18469\"},{\"von\":\"18500\",\"bis\":\"18609\"}]'>\r\n                            <span class=\"htitle\">Responsable de service client<\/span>\r\n                                                            <p>\r\n                                    <strong>\r\n                                        Votre interlocuteur pour l&#8217;approvisionnement et les d\u00e9lais                                    <\/strong>\r\n                                <\/p>\r\n                                                        <p>\r\n                                                                    Madame Ilka Zanettel<br>\r\n                                                                                                    Bureau de service apr\u00e8s-vente Nord-Est<br>\r\n                                                                                                15366 Neuenhagen b. Berlin                            <\/p>\r\n\r\n                                                            <p>\r\n                                                                    <span class=\"cb-icon cb-icon-phone\"><a href=\"tel:+4933422134110\">+49334221341-10<\/a><\/span>\r\n                                                                                                                                <\/p>\r\n                                                                                        <p>\r\n                                                                    <span class=\"cb-icon cb-icon-email\"><a href=\"mailto:ilka.zanettel@efaflex.com\">ilka.zanettel@efaflex.com<\/a><\/span>\r\n                                \r\n                                                                <\/p>\r\n                                                    <\/div>\r\n                                                <div class=\"flex-box-thirty standort_plz\" data-postal='[{\"von\":\"51530\",\"bis\":\"51599\"},{\"von\":\"53000\",\"bis\":\"53359\"},{\"von\":\"53400\",\"bis\":\"53509\"},{\"von\":\"53510\",\"bis\":\"53539\"},{\"von\":\"53540\",\"bis\":\"53639\"},{\"von\":\"53700\",\"bis\":\"53859\"},{\"von\":\"53860\",\"bis\":\"53949\"},{\"von\":\"57000\",\"bis\":\"57399\"},{\"von\":\"57440\",\"bis\":\"57489\"},{\"von\":\"57500\",\"bis\":\"57589\"},{\"von\":\"57600\",\"bis\":\"57649\"}]'>\r\n                            <span class=\"htitle\">Responsable de service client<\/span>\r\n                                                            <p>\r\n                                    <strong>\r\n                                        Votre interlocuteur pour l&#8217;approvisionnement et les d\u00e9lais                                    <\/strong>\r\n                                <\/p>\r\n                                                        <p>\r\n                                                                    Monsieur Markus Klespe<br>\r\n                                                                                                    Bureau de service apr\u00e8s-vente Ouest<br>\r\n                                                                                                40721 Hilden                            <\/p>\r\n\r\n                                                            <p>\r\n                                                                    <span class=\"cb-icon cb-icon-phone\"><a href=\"tel:+492103509314\">+4921035093-14<\/a><\/span>\r\n                                                                                                                                <\/p>\r\n                                                                                        <p>\r\n                                                                    <span class=\"cb-icon cb-icon-email\"><a href=\"mailto:markus.klespe@efaflex.com\">markus.klespe@efaflex.com<\/a><\/span>\r\n                                \r\n                                                                <\/p>\r\n                                                    <\/div>\r\n                                                <div class=\"flex-box-thirty standort_plz\" data-postal='[{\"von\":\"35200\",\"bis\":\"35239\"},{\"von\":\"35660\",\"bis\":\"35799\"},{\"von\":\"54500\",\"bis\":\"54689\"},{\"von\":\"56000\",\"bis\":\"56379\"},{\"von\":\"56400\",\"bis\":\"56479\"},{\"von\":\"56500\",\"bis\":\"56659\"},{\"von\":\"56700\",\"bis\":\"56769\"},{\"von\":\"56800\",\"bis\":\"56869\"},{\"von\":\"65530\",\"bis\":\"65629\"}]'>\r\n                            <span class=\"htitle\">Responsable de service client<\/span>\r\n                                                            <p>\r\n                                    <strong>\r\n                                        Votre interlocuteur pour l&#8217;approvisionnement et les d\u00e9lais                                    <\/strong>\r\n                                <\/p>\r\n                                                        <p>\r\n                                                                    Monsieur Nikolas Koban<br>\r\n                                                                                                    Bureau de service apr\u00e8s-vente Ouest<br>\r\n                                                                                                65479 Raunheim                            <\/p>\r\n\r\n                                                            <p>\r\n                                                                    <span class=\"cb-icon cb-icon-phone\"><a href=\"tel:+496142991827\">+4961429918-27<\/a><\/span>\r\n                                                                                                                                <\/p>\r\n                                                                                        <p>\r\n                                                                    <span class=\"cb-icon cb-icon-email\"><a href=\"mailto:nikolas.koban@efaflex.com\">nikolas.koban@efaflex.com<\/a><\/span>\r\n                                \r\n                                                                <\/p>\r\n                                                    <\/div>\r\n                                                <div class=\"flex-box-thirty standort_plz\" data-postal='[{\"von\":\"45000\",\"bis\":\"45359\"},{\"von\":\"45400\",\"bis\":\"45489\"},{\"von\":\"45600\",\"bis\":\"45779\"},{\"von\":\"45800\",\"bis\":\"45899\"},{\"von\":\"46000\",\"bis\":\"46149\"},{\"von\":\"46200\",\"bis\":\"46289\"},{\"von\":\"46420\",\"bis\":\"46569\"},{\"von\":\"47000\",\"bis\":\"47279\"},{\"von\":\"47400\",\"bis\":\"47669\"},{\"von\":\"47700\",\"bis\":\"47929\"}]'>\r\n                            <span class=\"htitle\">Responsable de service client<\/span>\r\n                                                            <p>\r\n                                    <strong>\r\n                                        Votre interlocuteur pour l&#8217;approvisionnement et les d\u00e9lais                                    <\/strong>\r\n                                <\/p>\r\n                                                        <p>\r\n                                                                    Monsieur Holger Bartmu\u00df<br>\r\n                                                                                                    Bureau de service apr\u00e8s-vente Ouest<br>\r\n                                                                                                40721 Hilden                            <\/p>\r\n\r\n                                                            <p>\r\n                                                                    <span class=\"cb-icon cb-icon-phone\"><a href=\"tel:+49210350930\">+4921035093-0<\/a><\/span>\r\n                                                                                                                                <\/p>\r\n                                                                                        <p>\r\n                                                                    <span class=\"cb-icon cb-icon-email\"><a href=\"mailto:holger.bartmuss@efaflex.com\">holger.bartmuss@efaflex.com<\/a><\/span>\r\n                                \r\n                                                                <\/p>\r\n                                                    <\/div>\r\n                                                <div class=\"flex-box-thirty standort_plz\" data-postal='[{\"von\":\"34400\",\"bis\":\"34439\"},{\"von\":\"34440\",\"bis\":\"34519\"},{\"von\":\"34520\",\"bis\":\"34639\"},{\"von\":\"35000\",\"bis\":\"35119\"},{\"von\":\"35240\",\"bis\":\"35289\"},{\"von\":\"35300\",\"bis\":\"35469\"},{\"von\":\"35500\",\"bis\":\"35649\"},{\"von\":\"36000\",\"bis\":\"36399\"},{\"von\":\"37200\",\"bis\":\"37299\"},{\"von\":\"60000\",\"bis\":\"60599\"},{\"von\":\"61100\",\"bis\":\"61389\"},{\"von\":\"61400\",\"bis\":\"61479\"},{\"von\":\"63000\",\"bis\":\"63075\"},{\"von\":\"63151\",\"bis\":\"63179\"},{\"von\":\"63400\",\"bis\":\"63549\"},{\"von\":\"63550\",\"bis\":\"63599\"},{\"von\":\"63600\",\"bis\":\"63639\"},{\"von\":\"63640\",\"bis\":\"63699\"},{\"von\":\"63700\",\"bis\":\"63776\"},{\"von\":\"63802\",\"bis\":\"63831\"},{\"von\":\"65392\",\"bis\":\"65451\"},{\"von\":\"65500\",\"bis\":\"65529\"},{\"von\":\"65700\",\"bis\":\"65939\"}]'>\r\n                            <span class=\"htitle\">Responsable de service client<\/span>\r\n                                                            <p>\r\n                                    <strong>\r\n                                        Votre interlocuteur pour l&#8217;approvisionnement et les d\u00e9lais                                    <\/strong>\r\n                                <\/p>\r\n                                                        <p>\r\n                                                                    Monsieur Alexander Huber<br>\r\n                                                                                                    Bureau de service apr\u00e8s-vente Ouest<br>\r\n                                                                                                65479 Raunheim                            <\/p>\r\n\r\n                                                            <p>\r\n                                                                    <span class=\"cb-icon cb-icon-phone\"><a href=\"tel:+496142991824\">+4961429918-24<\/a><\/span>\r\n                                                                                                                                <\/p>\r\n                                                                                        <p>\r\n                                                                    <span class=\"cb-icon cb-icon-email\"><a href=\"mailto:alexander.huber@efaflex.com\">alexander.huber@efaflex.com<\/a><\/span>\r\n                                \r\n                                                                <\/p>\r\n                                                    <\/div>\r\n                                                <div class=\"flex-box-thirty standort_plz\" data-postal='[{\"von\":\"72300\",\"bis\":\"72369\"},{\"von\":\"72420\",\"bis\":\"72539\"},{\"von\":\"78000\",\"bis\":\"78089\"},{\"von\":\"78150\",\"bis\":\"78199\"},{\"von\":\"78200\",\"bis\":\"78269\"},{\"von\":\"78300\",\"bis\":\"78359\"},{\"von\":\"78400\",\"bis\":\"78479\"},{\"von\":\"78500\",\"bis\":\"78669\"},{\"von\":\"88000\",\"bis\":\"88099\"},{\"von\":\"88180\",\"bis\":\"88289\"},{\"von\":\"88320\",\"bis\":\"88529\"},{\"von\":\"88600\",\"bis\":\"88719\"},{\"von\":\"89000\",\"bis\":\"89199\"},{\"von\":\"89500\",\"bis\":\"89619\"}]'>\r\n                            <span class=\"htitle\">Responsable de service client<\/span>\r\n                                                            <p>\r\n                                    <strong>\r\n                                        Votre interlocuteur pour l&#8217;approvisionnement et les d\u00e9lais                                    <\/strong>\r\n                                <\/p>\r\n                                                        <p>\r\n                                                                    Monsieur Luigi Iannelli<br>\r\n                                                                                                    Bureau de service apr\u00e8s-vente Sud-Ouest<br>\r\n                                                                                                73529 Schw\u00e4bisch Gm\u00fcnd                            <\/p>\r\n\r\n                                                            <p>\r\n                                                                    <span class=\"cb-icon cb-icon-phone\"><a href=\"tel:+4971718741016\">+49717187410-16<\/a><\/span>\r\n                                                                                                                                <\/p>\r\n                                                                                        <p>\r\n                                                                    <span class=\"cb-icon cb-icon-email\"><a href=\"mailto:luigi.iannelli@efaflex.com\">luigi.iannelli@efaflex.com<\/a><\/span>\r\n                                \r\n                                                                <\/p>\r\n                                                    <\/div>\r\n                                                <div class=\"flex-box-thirty standort_plz\" data-postal='[{\"von\":\"04000\",\"bis\":\"04469\"},{\"von\":\"04500\",\"bis\":\"04619\"},{\"von\":\"04640\",\"bis\":\"04689\"},{\"von\":\"04750\",\"bis\":\"04779\"},{\"von\":\"04800\",\"bis\":\"04939\"},{\"von\":\"06000\",\"bis\":\"06139\"},{\"von\":\"06170\",\"bis\":\"06579\"},{\"von\":\"06600\",\"bis\":\"06929\"},{\"von\":\"36400\",\"bis\":\"36469\"},{\"von\":\"37300\",\"bis\":\"37359\"},{\"von\":\"96500\",\"bis\":\"96529\"},{\"von\":\"98500\",\"bis\":\"98749\"},{\"von\":\"99000\",\"bis\":\"99109\"},{\"von\":\"99180\",\"bis\":\"99199\"},{\"von\":\"99300\",\"bis\":\"99339\"},{\"von\":\"99400\",\"bis\":\"99449\"},{\"von\":\"99500\",\"bis\":\"99519\"},{\"von\":\"99600\",\"bis\":\"99639\"},{\"von\":\"99700\",\"bis\":\"99769\"},{\"von\":\"99800\",\"bis\":\"99899\"},{\"von\":\"99940\",\"bis\":\"99999\"}]'>\r\n                            <span class=\"htitle\">Responsable de service client<\/span>\r\n                                                            <p>\r\n                                    <strong>\r\n                                        Votre interlocuteur pour l&#8217;approvisionnement et les d\u00e9lais                                    <\/strong>\r\n                                <\/p>\r\n                                                        <p>\r\n                                                                    Monsieur Holger Winkler<br>\r\n                                                                                                    Bureau de service apr\u00e8s-vente Nord-Est<br>\r\n                                                                                                04416 Markkleeberg                            <\/p>\r\n\r\n                                                            <p>\r\n                                                                    <span class=\"cb-icon cb-icon-phone\"><a href=\"tel:+4934297987718\">+49342979877-18<\/a><\/span>\r\n                                                                                                                                    <span class=\"cb-icon cb-icon-mobile\"><a href=\"tel:+491602755420\">+491602755420<\/a><\/span>\r\n                                                                <\/p>\r\n                                                                                        <p>\r\n                                                                    <span class=\"cb-icon cb-icon-email\"><a href=\"mailto:holger.winkler@efaflex.com\">holger.winkler@efaflex.com<\/a><\/span>\r\n                                \r\n                                                                <\/p>\r\n                                                    <\/div>\r\n                                                <div class=\"flex-box-thirty standort_plz\" data-postal='[{\"von\":\"54200\",\"bis\":\"54349\"},{\"von\":\"54400\",\"bis\":\"54499\"},{\"von\":\"55380\",\"bis\":\"55629\"},{\"von\":\"55700\",\"bis\":\"55779\"},{\"von\":\"66000\",\"bis\":\"66999\"},{\"von\":\"67000\",\"bis\":\"67169\"},{\"von\":\"67200\",\"bis\":\"67379\"},{\"von\":\"67400\",\"bis\":\"67489\"},{\"von\":\"67600\",\"bis\":\"67759\"},{\"von\":\"67800\",\"bis\":\"67829\"},{\"von\":\"68000\",\"bis\":\"68549\"},{\"von\":\"68700\",\"bis\":\"68809\"},{\"von\":\"69000\",\"bis\":\"69259\"},{\"von\":\"69400\",\"bis\":\"69519\"},{\"von\":\"74800\",\"bis\":\"74939\"}]'>\r\n                            <span class=\"htitle\">Responsable de service client<\/span>\r\n                                                            <p>\r\n                                    <strong>\r\n                                        Votre interlocuteur pour l&#8217;approvisionnement et les d\u00e9lais                                    <\/strong>\r\n                                <\/p>\r\n                                                        <p>\r\n                                                                    Monsieur Kai Ruthard<br>\r\n                                                                                                    Bureau de service apr\u00e8s-vente Ouest<br>\r\n                                                                                                65479 Raunheim                            <\/p>\r\n\r\n                                                            <p>\r\n                                                                    <span class=\"cb-icon cb-icon-phone\"><a href=\"tel:+496142991815\">+4961429918-15<\/a><\/span>\r\n                                                                                                                                <\/p>\r\n                                                                                        <p>\r\n                                                                    <span class=\"cb-icon cb-icon-email\"><a href=\"mailto:kai.ruthard@efaflex.com\">kai.ruthard@efaflex.com<\/a><\/span>\r\n                                \r\n                                                                <\/p>\r\n                                                    <\/div>\r\n                                                <div class=\"flex-box-thirty standort_plz\" data-postal='[{\"von\":\"40000\",\"bis\":\"40789\"},{\"von\":\"40800\",\"bis\":\"40889\"},{\"von\":\"41000\",\"bis\":\"41379\"},{\"von\":\"41400\",\"bis\":\"41569\"},{\"von\":\"41700\",\"bis\":\"41759\"},{\"von\":\"41800\",\"bis\":\"41849\"},{\"von\":\"42500\",\"bis\":\"42579\"},{\"von\":\"45950\",\"bis\":\"45969\"},{\"von\":\"50100\",\"bis\":\"50189\"},{\"von\":\"50200\",\"bis\":\"50259\"},{\"von\":\"50300\",\"bis\":\"50389\"},{\"von\":\"50440\",\"bis\":\"50999\"},{\"von\":\"52000\",\"bis\":\"52159\"},{\"von\":\"52200\",\"bis\":\"52249\"},{\"von\":\"52300\",\"bis\":\"52539\"}]'>\r\n                            <span class=\"htitle\">Responsable de service client<\/span>\r\n                                                            <p>\r\n                                    <strong>\r\n                                        Votre interlocuteur pour l&#8217;approvisionnement et les d\u00e9lais                                    <\/strong>\r\n                                <\/p>\r\n                                                        <p>\r\n                                                                    Monsieur Benjamin Franz<br>\r\n                                                                                                    Bureau de service apr\u00e8s-vente Ouest<br>\r\n                                                                                                40721 Hilden                            <\/p>\r\n\r\n                                                            <p>\r\n                                                                    <span class=\"cb-icon cb-icon-phone\"><a href=\"tel:+492103509318\">+4921035093-18<\/a><\/span>\r\n                                                                                                                                <\/p>\r\n                                                                                        <p>\r\n                                                                    <span class=\"cb-icon cb-icon-email\"><a href=\"mailto:benjamin.franz@efaflex.com\">benjamin.franz@efaflex.com<\/a><\/span>\r\n                                \r\n                                                                <\/p>\r\n                                                    <\/div>\r\n                                                <div class=\"flex-box-thirty standort_plz\" data-postal='[{\"von\":\"55000\",\"bis\":\"55299\"},{\"von\":\"63076\",\"bis\":\"63150\"},{\"von\":\"63200\",\"bis\":\"63329\"},{\"von\":\"63777\",\"bis\":\"63801\"},{\"von\":\"63832\",\"bis\":\"63939\"},{\"von\":\"64200\",\"bis\":\"64409\"},{\"von\":\"64500\",\"bis\":\"64589\"},{\"von\":\"64600\",\"bis\":\"64689\"},{\"von\":\"64700\",\"bis\":\"64759\"},{\"von\":\"64800\",\"bis\":\"64859\"},{\"von\":\"65000\",\"bis\":\"65239\"},{\"von\":\"65300\",\"bis\":\"65391\"},{\"von\":\"65452\",\"bis\":\"65479\"},{\"von\":\"67500\",\"bis\":\"67599\"},{\"von\":\"68600\",\"bis\":\"68649\"}]'>\r\n                            <span class=\"htitle\">Responsable de service client<\/span>\r\n                                                            <p>\r\n                                    <strong>\r\n                                        Votre interlocuteur pour l&#8217;approvisionnement et les d\u00e9lais                                    <\/strong>\r\n                                <\/p>\r\n                                                        <p>\r\n                                                                    Monsieur Marius Renner<br>\r\n                                                                                                    Bureau de service apr\u00e8s-vente Ouest<br>\r\n                                                                                                65479  Raunheim                            <\/p>\r\n\r\n                                                            <p>\r\n                                                                    <span class=\"cb-icon cb-icon-phone\"><a href=\"tel:+496142991828\">+4961429918-28<\/a><\/span>\r\n                                                                                                                                <\/p>\r\n                                                                                        <p>\r\n                                                                    <span class=\"cb-icon cb-icon-email\"><a href=\"mailto:marius.renner@efaflex.com\">marius.renner@efaflex.com<\/a><\/span>\r\n                                \r\n                                                                <\/p>\r\n                                                    <\/div>\r\n                                                <div class=\"flex-box-thirty standort_plz\" data-postal='[{\"von\":\"72300\",\"bis\":\"72369\"},{\"von\":\"72420\",\"bis\":\"72539\"},{\"von\":\"78000\",\"bis\":\"78089\"},{\"von\":\"78150\",\"bis\":\"78199\"},{\"von\":\"78200\",\"bis\":\"78269\"},{\"von\":\"78300\",\"bis\":\"78359\"},{\"von\":\"78400\",\"bis\":\"78479\"},{\"von\":\"78500\",\"bis\":\"78669\"},{\"von\":\"88000\",\"bis\":\"88099\"},{\"von\":\"88180\",\"bis\":\"88289\"},{\"von\":\"88320\",\"bis\":\"88529\"},{\"von\":\"88600\",\"bis\":\"88719\"},{\"von\":\"89000\",\"bis\":\"89199\"},{\"von\":\"89500\",\"bis\":\"89619\"}]'>\r\n                            <span class=\"htitle\">Responsable de service client<\/span>\r\n                                                            <p>\r\n                                    <strong>\r\n                                        Votre interlocuteur pour l&#8217;approvisionnement et les d\u00e9lais                                    <\/strong>\r\n                                <\/p>\r\n                                                        <p>\r\n                                                                    Monsieur Luigi Ianelli<br>\r\n                                                                                                    Bureau de service apr\u00e8s-vente Sud-Ouest<br>\r\n                                                                                                73529  Schw\u00e4bisch Gm\u00fcnd                            <\/p>\r\n\r\n                                                            <p>\r\n                                                                    <span class=\"cb-icon cb-icon-phone\"><a href=\"tel:+4971718741016\">+49717187410-16<\/a><\/span>\r\n                                                                                                                                <\/p>\r\n                                                                                        <p>\r\n                                                                    <span class=\"cb-icon cb-icon-email\"><a href=\"mailto:luigi.iannelli@efaflex.com\">luigi.iannelli@efaflex.com<\/a><\/span>\r\n                                \r\n                                                                <\/p>\r\n                                                    <\/div>\r\n                                                <div class=\"flex-box-thirty standort_plz\" data-postal='[{\"von\":\"72150\",\"bis\":\"72299\"},{\"von\":\"75000\",\"bis\":\"75059\"},{\"von\":\"75100\",\"bis\":\"75249\"},{\"von\":\"75300\",\"bis\":\"75339\"},{\"von\":\"75400\",\"bis\":\"75449\"},{\"von\":\"76000\",\"bis\":\"76359\"},{\"von\":\"76400\",\"bis\":\"76599\"},{\"von\":\"76600\",\"bis\":\"76779\"},{\"von\":\"76800\",\"bis\":\"76899\"},{\"von\":\"77600\",\"bis\":\"77889\"},{\"von\":\"77900\",\"bis\":\"77979\"},{\"von\":\"78090\",\"bis\":\"78149\"},{\"von\":\"78700\",\"bis\":\"78739\"},{\"von\":\"79000\",\"bis\":\"79429\"},{\"von\":\"79500\",\"bis\":\"79879\"}]'>\r\n                            <span class=\"htitle\">Responsable de service client<\/span>\r\n                                                            <p>\r\n                                    <strong>\r\n                                        Votre interlocuteur pour l&#8217;approvisionnement et les d\u00e9lais                                    <\/strong>\r\n                                <\/p>\r\n                                                        <p>\r\n                                                                    Monsieur Michael Huff<br>\r\n                                                                                                    Bureau de service apr\u00e8s-vente Sud-Ouest<br>\r\n                                                                                                73529 Schw\u00e4bisch Gm\u00fcnd                            <\/p>\r\n\r\n                                                            <p>\r\n                                                                    <span class=\"cb-icon cb-icon-phone\"><a href=\"tel:+4971718741021\">+49717187410-21<\/a><\/span>\r\n                                                                                                                                <\/p>\r\n                                                                                        <p>\r\n                                                                    <span class=\"cb-icon cb-icon-email\"><a href=\"mailto:michael.huff@efaflex.com\">michael.huff@efaflex.com<\/a><\/span>\r\n                                \r\n                                                                <\/p>\r\n                                                    <\/div>\r\n                                                <div class=\"flex-box-thirty standort_plz\" data-postal='[{\"von\":\"42000\",\"bis\":\"42499\"},{\"von\":\"42600\",\"bis\":\"42929\"},{\"von\":\"44000\",\"bis\":\"44389\"},{\"von\":\"44500\",\"bis\":\"44589\"},{\"von\":\"44600\",\"bis\":\"44659\"},{\"von\":\"44700\",\"bis\":\"44899\"},{\"von\":\"45500\",\"bis\":\"45549\"},{\"von\":\"51000\",\"bis\":\"51149\"},{\"von\":\"51300\",\"bis\":\"51519\"},{\"von\":\"51600\",\"bis\":\"51709\"},{\"von\":\"51750\",\"bis\":\"51789\"},{\"von\":\"57400\",\"bis\":\"57439\"},{\"von\":\"58000\",\"bis\":\"58339\"},{\"von\":\"58400\",\"bis\":\"58849\"},{\"von\":\"59000\",\"bis\":\"59229\"},{\"von\":\"59400\",\"bis\":\"59469\"},{\"von\":\"59700\",\"bis\":\"59889\"},{\"von\":\"59900\",\"bis\":\"59969\"}]'>\r\n                            <span class=\"htitle\">Responsable de service client<\/span>\r\n                                                            <p>\r\n                                    <strong>\r\n                                        Votre interlocuteur pour l&#8217;approvisionnement et les d\u00e9lais                                    <\/strong>\r\n                                <\/p>\r\n                                                        <p>\r\n                                                                    Monsieur Maximilian Stankozi<br>\r\n                                                                                                    Bureau de service apr\u00e8s-vente Ouest<br>\r\n                                                                                                40721 Hilden                            <\/p>\r\n\r\n                                                            <p>\r\n                                                                    <span class=\"cb-icon cb-icon-phone\"><a href=\"tel:+492103509327\">+4921035093-27<\/a><\/span>\r\n                                                                                                                                <\/p>\r\n                                                                                        <p>\r\n                                                                    <span class=\"cb-icon cb-icon-email\"><a href=\"mailto:maximilian.stankozi@efaflex.com\">maximilian.stankozi@efaflex.com<\/a><\/span>\r\n                                \r\n                                                                <\/p>\r\n                                                    <\/div>\r\n                                                <div class=\"flex-box-thirty standort_plz\" data-postal='[{\"von\":\"40721\",\"bis\":\"40721\"},{\"von\":\"40789\",\"bis\":\"40789\"},{\"von\":\"40882\",\"bis\":\"40882\"},{\"von\":\"41468\",\"bis\":\"41468\"},{\"von\":\"41538\",\"bis\":\"41538\"},{\"von\":\"41540\",\"bis\":\"41540\"},{\"von\":\"42113\",\"bis\":\"42113\"},{\"von\":\"42117\",\"bis\":\"42117\"},{\"von\":\"47829\",\"bis\":\"47829\"},{\"von\":\"50226\",\"bis\":\"50226\"},{\"von\":\"50585\",\"bis\":\"50585\"},{\"von\":\"50676\",\"bis\":\"50676\"},{\"von\":\"50739\",\"bis\":\"50739\"},{\"von\":\"51063\",\"bis\":\"51063\"},{\"von\":\"51149\",\"bis\":\"51149\"},{\"von\":\"51368\",\"bis\":\"51368\"},{\"von\":\"51369\",\"bis\":\"51369\"},{\"von\":\"51373\",\"bis\":\"51373\"},{\"von\":\"51377\",\"bis\":\"51377\"},{\"von\":\"53909\",\"bis\":\"53909\"},{\"von\":\"59192\",\"bis\":\"59192\"}]'>\r\n                            <span class=\"htitle\">Responsable de service client<\/span>\r\n                                                            <p>\r\n                                    <strong>\r\n                                        Votre interlocuteur pour l&#8217;approvisionnement et les d\u00e9lais                                    <\/strong>\r\n                                <\/p>\r\n                                                        <p>\r\n                                                                    Monsieur Daniel Ochudlo<br>\r\n                                                                                                    Bureau de service apr\u00e8s-vente Ouest<br>\r\n                                                                                                40721 Hilden                            <\/p>\r\n\r\n                                                            <p>\r\n                                                                    <span class=\"cb-icon cb-icon-phone\"><a href=\"tel:+492103509313\">+4921035093-13<\/a><\/span>\r\n                                                                                                                                <\/p>\r\n                                                                                        <p>\r\n                                                                    <span class=\"cb-icon cb-icon-email\"><a href=\"mailto:daniel.ochudlo@efaflex.com\">daniel.ochudlo@efaflex.com<\/a><\/span>\r\n                                \r\n                                                                <\/p>\r\n                                                    <\/div>\r\n                                                <div class=\"flex-box-thirty standort_plz\" data-postal='[{\"von\":\"91000\",\"bis\":\"91099\"},{\"von\":\"91250\",\"bis\":\"91369\"},{\"von\":\"95000\",\"bis\":\"95239\"},{\"von\":\"95300\",\"bis\":\"95369\"},{\"von\":\"95400\",\"bis\":\"95519\"},{\"von\":\"95600\",\"bis\":\"95709\"},{\"von\":\"96000\",\"bis\":\"96279\"},{\"von\":\"96300\",\"bis\":\"96369\"},{\"von\":\"96400\",\"bis\":\"96489\"},{\"von\":\"97000\",\"bis\":\"97359\"},{\"von\":\"97400\",\"bis\":\"97539\"},{\"von\":\"97600\",\"bis\":\"97859\"}]'>\r\n                            <span class=\"htitle\">Responsable de service client<\/span>\r\n                                                            <p>\r\n                                    <strong>\r\n                                        Votre interlocuteur pour l&#8217;approvisionnement et les d\u00e9lais                                    <\/strong>\r\n                                <\/p>\r\n                                                        <p>\r\n                                                                    Monsieur Alexander Rank<br>\r\n                                                                                                    Bureau de service apr\u00e8s-vente Sud-Est<br>\r\n                                                                                                84079 Bruckberg                            <\/p>\r\n\r\n                                                            <p>\r\n                                                                    <span class=\"cb-icon cb-icon-phone\"><a href=\"tel:+49876582189\">+49876582-189<\/a><\/span>\r\n                                                                                                                                <\/p>\r\n                                                                                        <p>\r\n                                                                    <span class=\"cb-icon cb-icon-email\"><a href=\"mailto:alexander.rank@efaflex.com\">alexander.rank@efaflex.com<\/a><\/span>\r\n                                \r\n                                                                <\/p>\r\n                                                    <\/div>\r\n                                                <div class=\"flex-box-thirty standort_plz\" data-postal='[{\"von\":\"73470\",\"bis\":\"73499\"},{\"von\":\"74000\",\"bis\":\"74259\"},{\"von\":\"74550\",\"bis\":\"74679\"},{\"von\":\"74700\",\"bis\":\"74749\"},{\"von\":\"90000\",\"bis\":\"90619\"},{\"von\":\"90700\",\"bis\":\"90769\"},{\"von\":\"91100\",\"bis\":\"91249\"},{\"von\":\"91400\",\"bis\":\"91489\"},{\"von\":\"91500\",\"bis\":\"91639\"},{\"von\":\"91700\",\"bis\":\"91809\"},{\"von\":\"92200\",\"bis\":\"92289\"},{\"von\":\"92300\",\"bis\":\"92369\"},{\"von\":\"92400\",\"bis\":\"92449\"},{\"von\":\"92500\",\"bis\":\"92559\"},{\"von\":\"92600\",\"bis\":\"92729\"},{\"von\":\"97860\",\"bis\":\"97999\"}]'>\r\n                            <span class=\"htitle\">Responsable de service client<\/span>\r\n                                                            <p>\r\n                                    <strong>\r\n                                        Votre interlocuteur pour l&#8217;approvisionnement et les d\u00e9lais                                    <\/strong>\r\n                                <\/p>\r\n                                                        <p>\r\n                                                                    Monsieur Tobias Obermaier<br>\r\n                                                                                                    Bureau de service apr\u00e8s-vente Sud-Est<br>\r\n                                                                                                84079 Bruckberg                            <\/p>\r\n\r\n                                                            <p>\r\n                                                                    <span class=\"cb-icon cb-icon-phone\"><a href=\"tel:+49876582368\">+49876582-368<\/a><\/span>\r\n                                                                                                                                <\/p>\r\n                                                                                        <p>\r\n                                                                    <span class=\"cb-icon cb-icon-email\"><a href=\"mailto:tobias.obermaier@efaflex.com\">tobias.obermaier@efaflex.com<\/a><\/span>\r\n                                \r\n                                                                <\/p>\r\n                                                    <\/div>\r\n                                                <div class=\"flex-box-thirty standort_plz\" data-postal='[{\"von\":\"80001\",\"bis\":\"80999\"},{\"von\":\"81201\",\"bis\":\"81249\"},{\"von\":\"81301\",\"bis\":\"81379\"},{\"von\":\"81451\",\"bis\":\"81479\"},{\"von\":\"81501\",\"bis\":\"81549\"},{\"von\":\"81601\",\"bis\":\"81679\"},{\"von\":\"81701\",\"bis\":\"81739\"},{\"von\":\"81801\",\"bis\":\"81829\"},{\"von\":\"81901\",\"bis\":\"81929\"},{\"von\":\"82000\",\"bis\":\"82069\"},{\"von\":\"82100\",\"bis\":\"82239\"},{\"von\":\"82300\",\"bis\":\"82549\"},{\"von\":\"83000\",\"bis\":\"83139\"},{\"von\":\"83200\",\"bis\":\"83489\"},{\"von\":\"83500\",\"bis\":\"83569\"},{\"von\":\"83600\",\"bis\":\"83739\"},{\"von\":\"84400\",\"bis\":\"84579\"},{\"von\":\"85200\",\"bis\":\"85259\"},{\"von\":\"85500\",\"bis\":\"85669\"},{\"von\":\"85700\",\"bis\":\"85779\"},{\"von\":\"85045\",\"bis\":\"85045\"}]'>\r\n                            <span class=\"htitle\">Responsable de service client<\/span>\r\n                                                            <p>\r\n                                    <strong>\r\n                                        Votre interlocuteur pour l&#8217;approvisionnement et les d\u00e9lais                                    <\/strong>\r\n                                <\/p>\r\n                                                        <p>\r\n                                                                    Madame Jessica Eibl<br>\r\n                                                                                                    Bureau de service apr\u00e8s-vente Sud-Est<br>\r\n                                                                                                84079 Bruckberg                            <\/p>\r\n\r\n                                                            <p>\r\n                                                                    <span class=\"cb-icon cb-icon-phone\"><a href=\"tel:+49876582412\">+49876582-412<\/a><\/span>\r\n                                                                                                                                <\/p>\r\n                                                                                        <p>\r\n                                                                    <span class=\"cb-icon cb-icon-email\"><a href=\"mailto:jessica.eibl@efaflex.com\">jessica.eibl@efaflex.com<\/a><\/span>\r\n                                \r\n                                                                <\/p>\r\n                                                    <\/div>\r\n                                                <div class=\"flex-box-thirty standort_plz\" data-postal='[{\"von\":\"73470\",\"bis\":\"73499\"},{\"von\":\"74000\",\"bis\":\"74259\"},{\"von\":\"74550\",\"bis\":\"74679\"},{\"von\":\"74700\",\"bis\":\"74749\"},{\"von\":\"90000\",\"bis\":\"90619\"},{\"von\":\"90700\",\"bis\":\"90769\"},{\"von\":\"91100\",\"bis\":\"91249\"},{\"von\":\"91400\",\"bis\":\"91489\"},{\"von\":\"91500\",\"bis\":\"91639\"},{\"von\":\"91700\",\"bis\":\"91809\"},{\"von\":\"92200\",\"bis\":\"92289\"},{\"von\":\"92300\",\"bis\":\"92369\"},{\"von\":\"92400\",\"bis\":\"92449\"},{\"von\":\"92500\",\"bis\":\"92559\"},{\"von\":\"92600\",\"bis\":\"92729\"},{\"von\":\"97860\",\"bis\":\"97999\"}]'>\r\n                            <span class=\"htitle\">Responsable de service client<\/span>\r\n                                                            <p>\r\n                                    <strong>\r\n                                        Votre interlocuteur pour l&#8217;approvisionnement et les d\u00e9lais                                    <\/strong>\r\n                                <\/p>\r\n                                                        <p>\r\n                                                                    Madame Kerstin Bauer<br>\r\n                                                                                                    Bureau de service apr\u00e8s-vente Sud-Est<br>\r\n                                                                                                84079 Bruckberg                            <\/p>\r\n\r\n                                                            <p>\r\n                                                                    <span class=\"cb-icon cb-icon-phone\"><a href=\"tel:+49876582343\">+49876582343<\/a><\/span>\r\n                                                                                                                                <\/p>\r\n                                                                                        <p>\r\n                                                                    <span class=\"cb-icon cb-icon-email\"><a href=\"mailto:kerstin.bauer@efaflex.com\">kerstin.bauer@efaflex.com<\/a><\/span>\r\n                                \r\n                                                                <\/p>\r\n                                                    <\/div>\r\n                                                <div class=\"flex-box-thirty standort_plz\" data-postal='[{\"von\":\"01000\",\"bis\":\"01329\"},{\"von\":\"01430\",\"bis\":\"01479\"},{\"von\":\"01550\",\"bis\":\"01859\"},{\"von\":\"01870\",\"bis\":\"01999\"},{\"von\":\"02600\",\"bis\":\"02999\"},{\"von\":\"03000\",\"bis\":\"03259\"},{\"von\":\"04620\",\"bis\":\"04639\"},{\"von\":\"04700\",\"bis\":\"04749\"},{\"von\":\"07300\",\"bis\":\"07429\"},{\"von\":\"07500\",\"bis\":\"07589\"},{\"von\":\"07600\",\"bis\":\"07649\"},{\"von\":\"07700\",\"bis\":\"07779\"},{\"von\":\"07800\",\"bis\":\"07819\"},{\"von\":\"07900\",\"bis\":\"07989\"},{\"von\":\"08000\",\"bis\":\"08069\"},{\"von\":\"08100\",\"bis\":\"08149\"},{\"von\":\"08200\",\"bis\":\"08549\"},{\"von\":\"08600\",\"bis\":\"08609\"},{\"von\":\"08620\",\"bis\":\"08649\"},{\"von\":\"09000\",\"bis\":\"09249\"},{\"von\":\"09300\",\"bis\":\"09669\"}]'>\r\n                            <span class=\"htitle\">Responsable de service client<\/span>\r\n                                                            <p>\r\n                                    <strong>\r\n                                        Votre interlocuteur pour l&#8217;approvisionnement et les d\u00e9lais                                    <\/strong>\r\n                                <\/p>\r\n                                                        <p>\r\n                                                                    Monsieur Dennis Eichholz<br>\r\n                                                                                                    Bureau de service apr\u00e8s-vente Nord-Est<br>\r\n                                                                                                04416 Markkleeberg                            <\/p>\r\n\r\n                                                            <p>\r\n                                                                    <span class=\"cb-icon cb-icon-phone\"><a href=\"tel:+4934297987716\">+49342979877-16<\/a><\/span>\r\n                                                                                                                                <\/p>\r\n                                                                                        <p>\r\n                                                                    <span class=\"cb-icon cb-icon-email\"><a href=\"mailto:dennis.eichholz@efaflex.com\">dennis.eichholz@efaflex.com<\/a><\/span>\r\n                                \r\n                                                                <\/p>\r\n                                                    <\/div>\r\n                                                <div class=\"flex-box-thirty standort_plz\" data-postal='[{\"von\":\"84000\",\"bis\":\"84109\"},{\"von\":\"84120\",\"bis\":\"84189\"},{\"von\":\"84300\",\"bis\":\"84389\"},{\"von\":\"85000\",\"bis\":\"85044\"},{\"von\":\"85046\",\"bis\":\"85139\"},{\"von\":\"85260\",\"bis\":\"85469\"},{\"von\":\"93000\",\"bis\":\"93109\"},{\"von\":\"93120\",\"bis\":\"93199\"},{\"von\":\"93300\",\"bis\":\"93359\"},{\"von\":\"93400\",\"bis\":\"93499\"},{\"von\":\"94000\",\"bis\":\"94169\"},{\"von\":\"94200\",\"bis\":\"94269\"},{\"von\":\"94300\",\"bis\":\"94379\"},{\"von\":\"94400\",\"bis\":\"94579\"}]'>\r\n                            <span class=\"htitle\">Responsable de service client<\/span>\r\n                                                            <p>\r\n                                    <strong>\r\n                                        Votre interlocuteur pour l&#8217;approvisionnement et les d\u00e9lais                                    <\/strong>\r\n                                <\/p>\r\n                                                        <p>\r\n                                                                    Monsieur Florian G\u00f6tzberger<br>\r\n                                                                                                    Bureau de service apr\u00e8s-vente Sud-Est<br>\r\n                                                                                                84079 Bruckberg                            <\/p>\r\n\r\n                                                            <p>\r\n                                                                    <span class=\"cb-icon cb-icon-phone\"><a href=\"tel:+49876582532\">+49876582-532<\/a><\/span>\r\n                                                                                                                                <\/p>\r\n                                                                                        <p>\r\n                                                                    <span class=\"cb-icon cb-icon-email\"><a href=\"mailto:florian.goetzberger@efaflex.com\">florian.goetzberger@efaflex.com<\/a><\/span>\r\n                                \r\n                                                                <\/p>\r\n                                                    <\/div>\r\n                                                <div class=\"flex-box-thirty standort_plz\" data-postal='[{\"von\":\"84000\",\"bis\":\"84109\"},{\"von\":\"84120\",\"bis\":\"84189\"},{\"von\":\"84300\",\"bis\":\"84389\"},{\"von\":\"85000\",\"bis\":\"85044\"},{\"von\":\"85046\",\"bis\":\"85139\"},{\"von\":\"85260\",\"bis\":\"85469\"},{\"von\":\"93000\",\"bis\":\"93109\"},{\"von\":\"93120\",\"bis\":\"93199\"},{\"von\":\"93300\",\"bis\":\"93359\"},{\"von\":\"93400\",\"bis\":\"93499\"},{\"von\":\"94000\",\"bis\":\"94169\"},{\"von\":\"94200\",\"bis\":\"94269\"},{\"von\":\"94300\",\"bis\":\"94379\"},{\"von\":\"94400\",\"bis\":\"94579\"}]'>\r\n                            <span class=\"htitle\">Responsable de service client<\/span>\r\n                                                            <p>\r\n                                    <strong>\r\n                                        Votre interlocuteur pour l&#8217;approvisionnement et les d\u00e9lais                                    <\/strong>\r\n                                <\/p>\r\n                                                        <p>\r\n                                                                    Monsieur Christoph Lintsche<br>\r\n                                                                                                    Bureau de service apr\u00e8s-vente Sud-Est<br>\r\n                                                                                                84079 Bruckberg                            <\/p>\r\n\r\n                                                            <p>\r\n                                                                    <span class=\"cb-icon cb-icon-phone\"><a href=\"tel:+49876582285\">+49876582285<\/a><\/span>\r\n                                                                                                                                <\/p>\r\n                                                                                        <p>\r\n                                                                    <span class=\"cb-icon cb-icon-email\"><a href=\"mailto:Christoph.Lintsche@efaflex.com\">Christoph.Lintsche@efaflex.com<\/a><\/span>\r\n                                \r\n                                                                <\/p>\r\n                                                    <\/div>\r\n                                    <\/div>\r\n        <\/div>\r\n\r\n        <div class=\"inner\">\r\n            <div class=\"zweispaltig-bild-text-modul custom-flex-box\">\r\n                <h2 class=\"standhl\" style=\"display:none;\">Demandes commerciales et de nouveaux portails<\/h2>\r\n            <\/div>\r\n        <\/div>\r\n\r\n        <div class=\"inner\">\r\n            <div class=\"standorte_plz custom-flex-box\">\r\n                                        <div class=\"flex-box-thirty standort_plz\" data-postal='[{\"von\":\"19000\",\"bis\":\"19089\"},{\"von\":\"19200\",\"bis\":\"19419\"},{\"von\":\"20000\",\"bis\":\"20539\"},{\"von\":\"21000\",\"bis\":\"21279\"},{\"von\":\"21300\",\"bis\":\"21529\"},{\"von\":\"21600\",\"bis\":\"21789\"},{\"von\":\"22000\",\"bis\":\"22889\"},{\"von\":\"22900\",\"bis\":\"22969\"},{\"von\":\"23500\",\"bis\":\"23629\"},{\"von\":\"23660\",\"bis\":\"24259\"},{\"von\":\"24300\",\"bis\":\"24409\"},{\"von\":\"24500\",\"bis\":\"24649\"},{\"von\":\"24750\",\"bis\":\"24999\"},{\"von\":\"25300\",\"bis\":\"25379\"},{\"von\":\"25400\",\"bis\":\"25599\"},{\"von\":\"25690\",\"bis\":\"25999\"},{\"von\":\"29430\",\"bis\":\"29649\"}]'>\r\n                            <span class=\"htitle\">Force de vente<\/span>\r\n                                                        <p>\r\n                                                                    Monsieur Dipl. Ing. R\u00fcdiger Gehrke<br>\r\n                                                                                                                                21357 Bardowick                            <\/p>\r\n                                                            <p>\r\n                                                                                                                                    <span class=\"cb-icon cb-icon-mobile\"><a href=\"tel:+491716952391\">+491716952391<\/a><\/span>\r\n                                                                <\/p>\r\n                                                                                        <p>\r\n                                                                    <span class=\"cb-icon cb-icon-email\"><a href=\"mailto:ruediger.gehrke@efaflex.com\">ruediger.gehrke@efaflex.com<\/a><\/span>\r\n                                \r\n                                                                <\/p>\r\n                                                    <\/div>\r\n\r\n                                                <div class=\"flex-box-thirty standort_plz\" data-postal='[{\"von\":\"35200\",\"bis\":\"35239\"},{\"von\":\"35660\",\"bis\":\"35799\"},{\"von\":\"51530\",\"bis\":\"51599\"},{\"von\":\"53000\",\"bis\":\"53359\"},{\"von\":\"53400\",\"bis\":\"53509\"},{\"von\":\"53510\",\"bis\":\"53539\"},{\"von\":\"53540\",\"bis\":\"53639\"},{\"von\":\"53700\",\"bis\":\"53859\"},{\"von\":\"53860\",\"bis\":\"53949\"},{\"von\":\"54500\",\"bis\":\"54689\"},{\"von\":\"56000\",\"bis\":\"56379\"},{\"von\":\"56400\",\"bis\":\"56479\"},{\"von\":\"56500\",\"bis\":\"56659\"},{\"von\":\"56700\",\"bis\":\"56769\"},{\"von\":\"56800\",\"bis\":\"56869\"},{\"von\":\"57000\",\"bis\":\"57399\"},{\"von\":\"57440\",\"bis\":\"57489\"},{\"von\":\"57500\",\"bis\":\"57589\"},{\"von\":\"57600\",\"bis\":\"57649\"},{\"von\":\"65530\",\"bis\":\"65629\"}]'>\r\n                            <span class=\"htitle\">Force de vente<\/span>\r\n                                                        <p>\r\n                                                                    Monsieur Marcel Hehl<br>\r\n                                                                                                                                56410 Montabaur                            <\/p>\r\n                                                            <p>\r\n                                                                                                                                    <span class=\"cb-icon cb-icon-mobile\"><a href=\"tel:+4915119546337\">+4915119546337<\/a><\/span>\r\n                                                                <\/p>\r\n                                                                                        <p>\r\n                                                                    <span class=\"cb-icon cb-icon-email\"><a href=\"mailto:marcel.hehl@efaflex.com\">marcel.hehl@efaflex.com<\/a><\/span>\r\n                                \r\n                                                                <\/p>\r\n                                                    <\/div>\r\n\r\n                                                <div class=\"flex-box-thirty standort_plz\" data-postal='[{\"von\":\"84307\",\"bis\":\"84307\"},{\"von\":\"84326\",\"bis\":\"84389\"},{\"von\":\"93086\",\"bis\":\"93086\"},{\"von\":\"93090\",\"bis\":\"93090\"},{\"von\":\"93099\",\"bis\":\"93099\"},{\"von\":\"93102\",\"bis\":\"93104\"},{\"von\":\"93109\",\"bis\":\"93109\"},{\"von\":\"93167\",\"bis\":\"93167\"},{\"von\":\"93177\",\"bis\":\"93179\"},{\"von\":\"93185\",\"bis\":\"93185\"},{\"von\":\"93189\",\"bis\":\"93194\"},{\"von\":\"93199\",\"bis\":\"93199\"},{\"von\":\"93400\",\"bis\":\"94341\"},{\"von\":\"94343\",\"bis\":\"94579\"}]'>\r\n                            <span class=\"htitle\">Force de vente<\/span>\r\n                                                        <p>\r\n                                                                    Monsieur Igor Polovic<br>\r\n                                                                                                                                94469 Deggendorf                            <\/p>\r\n                                                            <p>\r\n                                                                                                                                    <span class=\"cb-icon cb-icon-mobile\"><a href=\"tel:+491703756880\">+491703756880<\/a><\/span>\r\n                                                                <\/p>\r\n                                                                                        <p>\r\n                                                                    <span class=\"cb-icon cb-icon-email\"><a href=\"mailto:igor.polovic@efaflex.com\">igor.polovic@efaflex.com<\/a><\/span>\r\n                                \r\n                                                                <\/p>\r\n                                                    <\/div>\r\n\r\n                                                <div class=\"flex-box-thirty standort_plz\" data-postal='[{\"von\":\"80001\",\"bis\":\"80999\"},{\"von\":\"81201\",\"bis\":\"81249\"},{\"von\":\"81301\",\"bis\":\"81379\"},{\"von\":\"81451\",\"bis\":\"81479\"},{\"von\":\"81501\",\"bis\":\"81549\"},{\"von\":\"81601\",\"bis\":\"81679\"},{\"von\":\"81701\",\"bis\":\"81739\"},{\"von\":\"81801\",\"bis\":\"81829\"},{\"von\":\"81901\",\"bis\":\"81929\"},{\"von\":\"82000\",\"bis\":\"82069\"},{\"von\":\"82100\",\"bis\":\"82239\"},{\"von\":\"82300\",\"bis\":\"82549\"},{\"von\":\"83000\",\"bis\":\"83139\"},{\"von\":\"83200\",\"bis\":\"83489\"},{\"von\":\"83500\",\"bis\":\"83569\"},{\"von\":\"83600\",\"bis\":\"83739\"},{\"von\":\"84400\",\"bis\":\"84579\"},{\"von\":\"85200\",\"bis\":\"85259\"},{\"von\":\"85500\",\"bis\":\"85669\"},{\"von\":\"85700\",\"bis\":\"85779\"},{\"von\":\"85045\",\"bis\":\"85045\"}]'>\r\n                            <span class=\"htitle\">Force de vente<\/span>\r\n                                                        <p>\r\n                                                                    Monsieur Oliver Chadt<br>\r\n                                                                                                                                85435 Erding                            <\/p>\r\n                                                            <p>\r\n                                                                                                                                    <span class=\"cb-icon cb-icon-mobile\"><a href=\"tel:+491707811175\">+491707811175<\/a><\/span>\r\n                                                                <\/p>\r\n                                                                                        <p>\r\n                                                                    <span class=\"cb-icon cb-icon-email\"><a href=\"mailto:oliver.chadt@efaflex.com\">oliver.chadt@efaflex.com<\/a><\/span>\r\n                                \r\n                                                                <\/p>\r\n                                                    <\/div>\r\n\r\n                                                <div class=\"flex-box-thirty standort_plz\" data-postal='[{\"von\":\"72150\",\"bis\":\"72299\"},{\"von\":\"75000\",\"bis\":\"75059\"},{\"von\":\"75100\",\"bis\":\"75249\"},{\"von\":\"75300\",\"bis\":\"75339\"},{\"von\":\"75400\",\"bis\":\"75449\"},{\"von\":\"76000\",\"bis\":\"76359\"},{\"von\":\"76400\",\"bis\":\"76599\"},{\"von\":\"76600\",\"bis\":\"76779\"},{\"von\":\"76800\",\"bis\":\"76899\"},{\"von\":\"77600\",\"bis\":\"77889\"},{\"von\":\"77900\",\"bis\":\"77979\"},{\"von\":\"78090\",\"bis\":\"78149\"},{\"von\":\"78700\",\"bis\":\"78739\"},{\"von\":\"79000\",\"bis\":\"79429\"},{\"von\":\"79500\",\"bis\":\"79879\"}]'>\r\n                            <span class=\"htitle\">Force de vente<\/span>\r\n                                                        <p>\r\n                                                                    Monsieur Dipl. Wirt. Ing. Christoph Jaspers<br>\r\n                                                                                                                                76534 Baden &#8211; Baden                            <\/p>\r\n                                                            <p>\r\n                                                                                                                                    <span class=\"cb-icon cb-icon-mobile\"><a href=\"tel:+491714757069\">+491714757069<\/a><\/span>\r\n                                                                <\/p>\r\n                                                                                        <p>\r\n                                                                    <span class=\"cb-icon cb-icon-email\"><a href=\"mailto:christoph.jaspers@efaflex.com\">christoph.jaspers@efaflex.com<\/a><\/span>\r\n                                \r\n                                                                <\/p>\r\n                                                    <\/div>\r\n\r\n                                                <div class=\"flex-box-thirty standort_plz\" data-postal='[{\"von\":\"73470\",\"bis\":\"73499\"},{\"von\":\"74000\",\"bis\":\"74259\"},{\"von\":\"74550\",\"bis\":\"74679\"},{\"von\":\"74700\",\"bis\":\"74749\"},{\"von\":\"90000\",\"bis\":\"90619\"},{\"von\":\"90700\",\"bis\":\"90769\"},{\"von\":\"91100\",\"bis\":\"91249\"},{\"von\":\"91400\",\"bis\":\"91489\"},{\"von\":\"91500\",\"bis\":\"91639\"},{\"von\":\"91700\",\"bis\":\"91809\"},{\"von\":\"92200\",\"bis\":\"92289\"},{\"von\":\"92300\",\"bis\":\"92369\"},{\"von\":\"92400\",\"bis\":\"92449\"},{\"von\":\"92500\",\"bis\":\"92559\"},{\"von\":\"92600\",\"bis\":\"92729\"},{\"von\":\"97860\",\"bis\":\"97999\"}]'>\r\n                            <span class=\"htitle\">Force de vente<\/span>\r\n                                                        <p>\r\n                                                                    Monsieur Christoph Maul<br>\r\n                                                                                                                                90607 R\u00fcckersdorf                            <\/p>\r\n                                                            <p>\r\n                                                                                                                                    <span class=\"cb-icon cb-icon-mobile\"><a href=\"tel:+491607038312\">+491607038312<\/a><\/span>\r\n                                                                <\/p>\r\n                                                                                        <p>\r\n                                                                    <span class=\"cb-icon cb-icon-email\"><a href=\"mailto:christoph.maul@efaflex.com\">christoph.maul@efaflex.com<\/a><\/span>\r\n                                \r\n                                                                <\/p>\r\n                                                    <\/div>\r\n\r\n                                                <div class=\"flex-box-thirty standort_plz\" data-postal='[{\"von\":\"82240\",\"bis\":\"82299\"},{\"von\":\"86000\",\"bis\":\"86579\"},{\"von\":\"86600\",\"bis\":\"86759\"},{\"von\":\"86800\",\"bis\":\"86949\"},{\"von\":\"86950\",\"bis\":\"86989\"},{\"von\":\"87400\",\"bis\":\"87789\"},{\"von\":\"88100\",\"bis\":\"88179\"},{\"von\":\"88290\",\"bis\":\"88319\"},{\"von\":\"89200\",\"bis\":\"89369\"},{\"von\":\"89400\",\"bis\":\"89449\"}]'>\r\n                            <span class=\"htitle\">Force de vente<\/span>\r\n                                                        <p>\r\n                                                                    Monsieur Reinhold Eckert<br>\r\n                                                                                                                                86574 Alsmoos                            <\/p>\r\n                                                            <p>\r\n                                                                                                                                    <span class=\"cb-icon cb-icon-mobile\"><a href=\"tel:+491702223519\">+491702223519<\/a><\/span>\r\n                                                                <\/p>\r\n                                                                                        <p>\r\n                                                                    <span class=\"cb-icon cb-icon-email\"><a href=\"mailto:reinhold.eckert@efaflex.com\">reinhold.eckert@efaflex.com<\/a><\/span>\r\n                                \r\n                                                                <\/p>\r\n                                                    <\/div>\r\n\r\n                                                <div class=\"flex-box-thirty standort_plz\" data-postal='[{\"von\":\"70000\",\"bis\":\"70629\"},{\"von\":\"70700\",\"bis\":\"70839\"},{\"von\":\"71000\",\"bis\":\"71159\"},{\"von\":\"71200\",\"bis\":\"71409\"},{\"von\":\"71500\",\"bis\":\"71579\"},{\"von\":\"71600\",\"bis\":\"71739\"},{\"von\":\"72000\",\"bis\":\"72149\"},{\"von\":\"72370\",\"bis\":\"72419\"},{\"von\":\"72540\",\"bis\":\"72589\"},{\"von\":\"72600\",\"bis\":\"72669\"},{\"von\":\"72700\",\"bis\":\"72829\"},{\"von\":\"73000\",\"bis\":\"73119\"},{\"von\":\"73200\",\"bis\":\"73279\"},{\"von\":\"73300\",\"bis\":\"73349\"},{\"von\":\"73400\",\"bis\":\"73469\"},{\"von\":\"73500\",\"bis\":\"73579\"},{\"von\":\"73600\",\"bis\":\"73669\"},{\"von\":\"73700\",\"bis\":\"73779\"},{\"von\":\"74300\",\"bis\":\"74429\"},{\"von\":\"74500\",\"bis\":\"74549\"},{\"von\":\"75350\",\"bis\":\"75399\"}]'>\r\n                            <span class=\"htitle\">Force de vente<\/span>\r\n                                                        <p>\r\n                                                                    Monsieur Dietmar Schurr<br>\r\n                                                                                                                                73312 Geislingen \/ Steige                            <\/p>\r\n                                                            <p>\r\n                                                                                                                                    <span class=\"cb-icon cb-icon-mobile\"><a href=\"tel:+491607038314\">+491607038314<\/a><\/span>\r\n                                                                <\/p>\r\n                                                                                        <p>\r\n                                                                    <span class=\"cb-icon cb-icon-email\"><a href=\"mailto:dietmar.schurr@efaflex.com\">dietmar.schurr@efaflex.com<\/a><\/span>\r\n                                \r\n                                                                <\/p>\r\n                                                    <\/div>\r\n\r\n                                                <div class=\"flex-box-thirty standort_plz\" data-postal='[{\"von\":\"01000\",\"bis\":\"01329\"},{\"von\":\"01430\",\"bis\":\"01479\"},{\"von\":\"01550\",\"bis\":\"01859\"},{\"von\":\"01870\",\"bis\":\"01999\"},{\"von\":\"02600\",\"bis\":\"02999\"},{\"von\":\"03000\",\"bis\":\"03259\"},{\"von\":\"04620\",\"bis\":\"04639\"},{\"von\":\"04700\",\"bis\":\"04749\"},{\"von\":\"07300\",\"bis\":\"07429\"},{\"von\":\"07500\",\"bis\":\"07589\"},{\"von\":\"07600\",\"bis\":\"07649\"},{\"von\":\"07700\",\"bis\":\"07779\"},{\"von\":\"07800\",\"bis\":\"07819\"},{\"von\":\"07900\",\"bis\":\"07989\"},{\"von\":\"08000\",\"bis\":\"08069\"},{\"von\":\"08100\",\"bis\":\"08149\"},{\"von\":\"08200\",\"bis\":\"08549\"},{\"von\":\"08600\",\"bis\":\"08609\"},{\"von\":\"08620\",\"bis\":\"08649\"},{\"von\":\"09000\",\"bis\":\"09249\"},{\"von\":\"09300\",\"bis\":\"09669\"}]'>\r\n                            <span class=\"htitle\">Force de vente<\/span>\r\n                                                        <p>\r\n                                                                    Monsieur Thomas Weile<br>\r\n                                                                                                                                01257 Dresden                            <\/p>\r\n                                                            <p>\r\n                                                                                                                                    <span class=\"cb-icon cb-icon-mobile\"><a href=\"tel:+491718620569\">+491718620569<\/a><\/span>\r\n                                                                <\/p>\r\n                                                                                        <p>\r\n                                                                    <span class=\"cb-icon cb-icon-email\"><a href=\"mailto:thomas.weile@efaflex.com\">thomas.weile@efaflex.com<\/a><\/span>\r\n                                \r\n                                                                <\/p>\r\n                                                    <\/div>\r\n\r\n                                                <div class=\"flex-box-thirty standort_plz\" data-postal='[{\"von\":\"04000\",\"bis\":\"04469\"},{\"von\":\"04500\",\"bis\":\"04619\"},{\"von\":\"04640\",\"bis\":\"04689\"},{\"von\":\"04750\",\"bis\":\"04779\"},{\"von\":\"04800\",\"bis\":\"04939\"},{\"von\":\"06000\",\"bis\":\"06139\"},{\"von\":\"06170\",\"bis\":\"06579\"},{\"von\":\"06600\",\"bis\":\"06929\"},{\"von\":\"36400\",\"bis\":\"36469\"},{\"von\":\"37300\",\"bis\":\"37359\"},{\"von\":\"96500\",\"bis\":\"96529\"},{\"von\":\"98500\",\"bis\":\"98749\"},{\"von\":\"99000\",\"bis\":\"99109\"},{\"von\":\"99180\",\"bis\":\"99199\"},{\"von\":\"99300\",\"bis\":\"99339\"},{\"von\":\"99400\",\"bis\":\"99449\"},{\"von\":\"99500\",\"bis\":\"99519\"},{\"von\":\"99600\",\"bis\":\"99639\"},{\"von\":\"99700\",\"bis\":\"99769\"},{\"von\":\"99800\",\"bis\":\"99899\"},{\"von\":\"99940\",\"bis\":\"99999\"}]'>\r\n                            <span class=\"htitle\">Force de vente<\/span>\r\n                                                        <p>\r\n                                                                    Monsieur Falk Posse<br>\r\n                                                                                                                                99094 Erfurt                            <\/p>\r\n                                                            <p>\r\n                                                                                                                                    <span class=\"cb-icon cb-icon-mobile\"><a href=\"tel:+491718620570\">+491718620570<\/a><\/span>\r\n                                                                <\/p>\r\n                                                                                        <p>\r\n                                                                    <span class=\"cb-icon cb-icon-email\"><a href=\"mailto:falk.posse@efaflex.com\">falk.posse@efaflex.com<\/a><\/span>\r\n                                \r\n                                                                <\/p>\r\n                                                    <\/div>\r\n\r\n                                                <div class=\"flex-box-thirty standort_plz\" data-postal='[{\"von\":\"40000\",\"bis\":\"40789\"},{\"von\":\"40800\",\"bis\":\"40889\"},{\"von\":\"41000\",\"bis\":\"41379\"},{\"von\":\"41400\",\"bis\":\"41569\"},{\"von\":\"41700\",\"bis\":\"41759\"},{\"von\":\"41800\",\"bis\":\"41849\"},{\"von\":\"42500\",\"bis\":\"42579\"},{\"von\":\"45000\",\"bis\":\"45359\"},{\"von\":\"45400\",\"bis\":\"45489\"},{\"von\":\"45600\",\"bis\":\"45779\"},{\"von\":\"45800\",\"bis\":\"45899\"},{\"von\":\"45950\",\"bis\":\"45969\"},{\"von\":\"46000\",\"bis\":\"46149\"},{\"von\":\"46200\",\"bis\":\"46289\"},{\"von\":\"46420\",\"bis\":\"46569\"},{\"von\":\"47000\",\"bis\":\"47279\"},{\"von\":\"47400\",\"bis\":\"47669\"},{\"von\":\"47700\",\"bis\":\"47929\"},{\"von\":\"50100\",\"bis\":\"50189\"},{\"von\":\"50200\",\"bis\":\"50259\"},{\"von\":\"50300\",\"bis\":\"50389\"},{\"von\":\"50440\",\"bis\":\"50999\"},{\"von\":\"52000\",\"bis\":\"52159\"},{\"von\":\"52200\",\"bis\":\"52249\"},{\"von\":\"52300\",\"bis\":\"52539\"}]'>\r\n                            <span class=\"htitle\">Force de vente<\/span>\r\n                                                        <p>\r\n                                                                    Monsieur Torsten Emde<br>\r\n                                                                                                                                42549 Velbert                            <\/p>\r\n                                                            <p>\r\n                                                                                                                                    <span class=\"cb-icon cb-icon-mobile\"><a href=\"tel:+491757227924\">+491757227924<\/a><\/span>\r\n                                                                <\/p>\r\n                                                                                        <p>\r\n                                                                    <span class=\"cb-icon cb-icon-email\"><a href=\"mailto:torsten.emde@efaflex.com\">torsten.emde@efaflex.com<\/a><\/span>\r\n                                \r\n                                                                <\/p>\r\n                                                    <\/div>\r\n\r\n                                                <div class=\"flex-box-thirty standort_plz\" data-postal='[{\"von\":\"42000\",\"bis\":\"42499\"},{\"von\":\"42600\",\"bis\":\"42929\"},{\"von\":\"44000\",\"bis\":\"44389\"},{\"von\":\"44500\",\"bis\":\"44589\"},{\"von\":\"44598\",\"bis\":\"44659\"},{\"von\":\"44700\",\"bis\":\"44899\"},{\"von\":\"45501\",\"bis\":\"45549\"},{\"von\":\"51000\",\"bis\":\"51149\"},{\"von\":\"51300\",\"bis\":\"51519\"},{\"von\":\"57400\",\"bis\":\"57439\"},{\"von\":\"51600\",\"bis\":\"51709\"},{\"von\":\"51750\",\"bis\":\"51789\"},{\"von\":\"58000\",\"bis\":\"58339\"},{\"von\":\"58400\",\"bis\":\"58849\"},{\"von\":\"59000\",\"bis\":\"59229\"},{\"von\":\"59240\",\"bis\":\"59329\"},{\"von\":\"59400\",\"bis\":\"59469\"},{\"von\":\"59470\",\"bis\":\"59609\"},{\"von\":\"59700\",\"bis\":\"59889\"},{\"von\":\"59900\",\"bis\":\"59969\"}]'>\r\n                            <span class=\"htitle\">Force de vente<\/span>\r\n                                                        <p>\r\n                                                                    Monsieur Henning Krause<br>\r\n                                                                                                                                44791 Bochum                            <\/p>\r\n                                                            <p>\r\n                                                                                                                                    <span class=\"cb-icon cb-icon-mobile\"><a href=\"tel:+491702234468\">+491702234468<\/a><\/span>\r\n                                                                <\/p>\r\n                                                                                        <p>\r\n                                                                    <span class=\"cb-icon cb-icon-email\"><a href=\"mailto:henning.krause@efaflex.com\">henning.krause@efaflex.com<\/a><\/span>\r\n                                \r\n                                                                <\/p>\r\n                                                    <\/div>\r\n\r\n                                                <div class=\"flex-box-thirty standort_plz\" data-postal='[{\"von\":\"54200\",\"bis\":\"54349\"},{\"von\":\"54400\",\"bis\":\"54499\"},{\"von\":\"55380\",\"bis\":\"55629\"},{\"von\":\"55700\",\"bis\":\"55779\"},{\"von\":\"66000\",\"bis\":\"66999\"},{\"von\":\"67000\",\"bis\":\"67169\"},{\"von\":\"67200\",\"bis\":\"67379\"},{\"von\":\"67400\",\"bis\":\"67489\"},{\"von\":\"67600\",\"bis\":\"67759\"},{\"von\":\"67800\",\"bis\":\"67829\"},{\"von\":\"68000\",\"bis\":\"68549\"},{\"von\":\"68700\",\"bis\":\"68809\"},{\"von\":\"69000\",\"bis\":\"69259\"},{\"von\":\"69400\",\"bis\":\"69519\"},{\"von\":\"74800\",\"bis\":\"74939\"}]'>\r\n                            <span class=\"htitle\">Force de vente<\/span>\r\n                                                        <p>\r\n                                                                    Monsieur Serdal Koccu<br>\r\n                                                                                                                                76726 Germersheim                            <\/p>\r\n                                                            <p>\r\n                                                                                                                                    <span class=\"cb-icon cb-icon-mobile\"><a href=\"tel:+491703731801\">+491703731801<\/a><\/span>\r\n                                                                <\/p>\r\n                                                                                        <p>\r\n                                                                    <span class=\"cb-icon cb-icon-email\"><a href=\"mailto:serdal.koccu@efaflex.com\">serdal.koccu@efaflex.com<\/a><\/span>\r\n                                \r\n                                                                <\/p>\r\n                                                    <\/div>\r\n\r\n                                                <div class=\"flex-box-thirty standort_plz\" data-postal='[{\"von\":\"34520\",\"bis\":\"34639\"},{\"von\":\"35000\",\"bis\":\"35119\"},{\"von\":\"35250\",\"bis\":\"35289\"},{\"von\":\"35300\",\"bis\":\"35469\"},{\"von\":\"35500\",\"bis\":\"35649\"},{\"von\":\"36000\",\"bis\":\"36399\"},{\"von\":\"37200\",\"bis\":\"37299\"},{\"von\":\"55000\",\"bis\":\"55299\"},{\"von\":\"60000\",\"bis\":\"60599\"},{\"von\":\"61100\",\"bis\":\"61389\"},{\"von\":\"61400\",\"bis\":\"61479\"},{\"von\":\"63000\",\"bis\":\"63179\"},{\"von\":\"63200\",\"bis\":\"63329\"},{\"von\":\"63400\",\"bis\":\"63549\"},{\"von\":\"63550\",\"bis\":\"63599\"},{\"von\":\"63600\",\"bis\":\"63639\"},{\"von\":\"63640\",\"bis\":\"63699\"},{\"von\":\"63700\",\"bis\":\"63939\"},{\"von\":\"64200\",\"bis\":\"64409\"},{\"von\":\"64500\",\"bis\":\"64589\"},{\"von\":\"64600\",\"bis\":\"64689\"},{\"von\":\"64700\",\"bis\":\"64759\"},{\"von\":\"64800\",\"bis\":\"64859\"},{\"von\":\"65000\",\"bis\":\"65239\"},{\"von\":\"65300\",\"bis\":\"65479\"},{\"von\":\"65500\",\"bis\":\"65529\"},{\"von\":\"65700\",\"bis\":\"65939\"},{\"von\":\"67500\",\"bis\":\"67599\"},{\"von\":\"68600\",\"bis\":\"68649\"}]'>\r\n                            <span class=\"htitle\">Force de vente<\/span>\r\n                                                        <p>\r\n                                                                    Monsieur Dipl. Ing. Wolfgang Rauch<br>\r\n                                                                                                                                65474 Bischofsheim                            <\/p>\r\n                                                            <p>\r\n                                                                                                                                    <span class=\"cb-icon cb-icon-mobile\"><a href=\"tel:+491716857715\">+491716857715<\/a><\/span>\r\n                                                                <\/p>\r\n                                                                                        <p>\r\n                                                                    <span class=\"cb-icon cb-icon-email\"><a href=\"mailto:wolfgang.rauch@efaflex.com\">wolfgang.rauch@efaflex.com<\/a><\/span>\r\n                                \r\n                                                                <\/p>\r\n                                                    <\/div>\r\n\r\n                                                <div class=\"flex-box-thirty standort_plz\" data-postal='[{\"von\":\"72300\",\"bis\":\"72369\"},{\"von\":\"72420\",\"bis\":\"72539\"},{\"von\":\"78000\",\"bis\":\"78089\"},{\"von\":\"78150\",\"bis\":\"78199\"},{\"von\":\"78200\",\"bis\":\"78269\"},{\"von\":\"78300\",\"bis\":\"78359\"},{\"von\":\"78400\",\"bis\":\"78479\"},{\"von\":\"78500\",\"bis\":\"78669\"},{\"von\":\"88000\",\"bis\":\"88099\"},{\"von\":\"88180\",\"bis\":\"88289\"},{\"von\":\"88320\",\"bis\":\"88529\"},{\"von\":\"88600\",\"bis\":\"88719\"},{\"von\":\"89000\",\"bis\":\"89199\"},{\"von\":\"89500\",\"bis\":\"89619\"}]'>\r\n                            <span class=\"htitle\">Force de vente<\/span>\r\n                                                        <p>\r\n                                                                    Monsieur Benjamin Laub<br>\r\n                                                                                                                                72810 Gomaringen                            <\/p>\r\n                                                            <p>\r\n                                                                                                                                    <span class=\"cb-icon cb-icon-mobile\"><a href=\"tel:+491703702441\">+491703702441<\/a><\/span>\r\n                                                                <\/p>\r\n                                                                                        <p>\r\n                                                                    <span class=\"cb-icon cb-icon-email\"><a href=\"mailto:benjamin.laub@efaflex.com\">benjamin.laub@efaflex.com<\/a><\/span>\r\n                                \r\n                                                                <\/p>\r\n                                                    <\/div>\r\n\r\n                                                <div class=\"flex-box-thirty standort_plz\" data-postal='[{\"von\":\"29200\",\"bis\":\"29419\"},{\"von\":\"29650\",\"bis\":\"29699\"},{\"von\":\"31000\",\"bis\":\"31319\"},{\"von\":\"37000\",\"bis\":\"37199\"},{\"von\":\"37400\",\"bis\":\"37449\"},{\"von\":\"37500\",\"bis\":\"37589\"},{\"von\":\"38000\",\"bis\":\"38179\"},{\"von\":\"38200\",\"bis\":\"38389\"},{\"von\":\"38400\",\"bis\":\"38489\"},{\"von\":\"38500\",\"bis\":\"38559\"},{\"von\":\"38600\",\"bis\":\"38729\"},{\"von\":\"38800\",\"bis\":\"38899\"},{\"von\":\"39000\",\"bis\":\"39139\"},{\"von\":\"39150\",\"bis\":\"39179\"},{\"von\":\"39200\",\"bis\":\"39279\"},{\"von\":\"39280\",\"bis\":\"39399\"},{\"von\":\"39400\",\"bis\":\"39449\"},{\"von\":\"39510\",\"bis\":\"39539\"},{\"von\":\"39550\",\"bis\":\"39649\"}]'>\r\n                            <span class=\"htitle\">Force de vente<\/span>\r\n                                                        <p>\r\n                                                                    Monsieur Lars Barthel<br>\r\n                                                                                                                                39279 Leitzkau                            <\/p>\r\n                                                            <p>\r\n                                                                                                                                    <span class=\"cb-icon cb-icon-mobile\"><a href=\"tel:+491752093170\">+491752093170<\/a><\/span>\r\n                                                                <\/p>\r\n                                                                                        <p>\r\n                                                                    <span class=\"cb-icon cb-icon-email\"><a href=\"mailto:lars.barthel@efaflex.com\">lars.barthel@efaflex.com<\/a><\/span>\r\n                                \r\n                                                                <\/p>\r\n                                                    <\/div>\r\n\r\n                                                <div class=\"flex-box-thirty standort_plz\" data-postal='[{\"von\":\"30000\",\"bis\":\"30989\"},{\"von\":\"31500\",\"bis\":\"31869\"},{\"von\":\"34000\",\"bis\":\"34399\"},{\"von\":\"34440\",\"bis\":\"34519\"},{\"von\":\"37590\",\"bis\":\"37649\"},{\"von\":\"32000\",\"bis\":\"32139\"},{\"von\":\"32210\",\"bis\":\"32289\"},{\"von\":\"32370\",\"bis\":\"32479\"},{\"von\":\"32500\",\"bis\":\"32609\"},{\"von\":\"32630\",\"bis\":\"32839\"},{\"von\":\"33000\",\"bis\":\"33039\"},{\"von\":\"33040\",\"bis\":\"33189\"},{\"von\":\"33240\",\"bis\":\"33449\"},{\"von\":\"33500\",\"bis\":\"33829\"},{\"von\":\"34400\",\"bis\":\"34439\"},{\"von\":\"37650\",\"bis\":\"37699\"}]'>\r\n                            <span class=\"htitle\">Force de vente<\/span>\r\n                                                        <p>\r\n                                                                    Monsieur Martin Beinlich<br>\r\n                                                                                                                                49124 Georgsmarienh\u00fctte                            <\/p>\r\n                                                            <p>\r\n                                                                                                                                    <span class=\"cb-icon cb-icon-mobile\"><a href=\"tel:+491703757541\">+491703757541<\/a><\/span>\r\n                                                                <\/p>\r\n                                                                                        <p>\r\n                                                                    <span class=\"cb-icon cb-icon-email\"><a href=\"mailto:martin.beinlich@efaflex.com\">martin.beinlich@efaflex.com<\/a><\/span>\r\n                                \r\n                                                                <\/p>\r\n                                                    <\/div>\r\n\r\n                                                <div class=\"flex-box-thirty standort_plz\" data-postal='[{\"von\":\"91000\",\"bis\":\"91099\"},{\"von\":\"91250\",\"bis\":\"91369\"},{\"von\":\"95000\",\"bis\":\"95239\"},{\"von\":\"95300\",\"bis\":\"95369\"},{\"von\":\"95400\",\"bis\":\"95519\"},{\"von\":\"95600\",\"bis\":\"95709\"},{\"von\":\"96000\",\"bis\":\"96279\"},{\"von\":\"96300\",\"bis\":\"96369\"},{\"von\":\"96400\",\"bis\":\"96489\"},{\"von\":\"97000\",\"bis\":\"97359\"},{\"von\":\"97400\",\"bis\":\"97539\"},{\"von\":\"97600\",\"bis\":\"97859\"}]'>\r\n                            <span class=\"htitle\">Force de vente<\/span>\r\n                                                        <p>\r\n                                                                    Monsieur Marcel Martin<br>\r\n                                                                                                                                97631 Bad K\u00f6nigshofen                            <\/p>\r\n                                                            <p>\r\n                                                                                                                                    <span class=\"cb-icon cb-icon-mobile\"><a href=\"tel:+4916094475829\">+4916094475829<\/a><\/span>\r\n                                                                <\/p>\r\n                                                                                        <p>\r\n                                                                    <span class=\"cb-icon cb-icon-email\"><a href=\"mailto:marcel.martin@efaflex.com\">marcel.martin@efaflex.com<\/a><\/span>\r\n                                \r\n                                                                <\/p>\r\n                                                    <\/div>\r\n\r\n                                                <div class=\"flex-box-thirty standort_plz\" data-postal='[{\"von\":\"84000\",\"bis\":\"84189\"},{\"von\":\"84323\",\"bis\":\"84323\"},{\"von\":\"85000\",\"bis\":\"85044\"},{\"von\":\"85046\",\"bis\":\"85139\"},{\"von\":\"85260\",\"bis\":\"85469\"},{\"von\":\"93000\",\"bis\":\"93083\"},{\"von\":\"93087\",\"bis\":\"93089\"},{\"von\":\"93092\",\"bis\":\"93098\"},{\"von\":\"93101\",\"bis\":\"93101\"},{\"von\":\"93105\",\"bis\":\"93107\"},{\"von\":\"93120\",\"bis\":\"93164\"},{\"von\":\"93170\",\"bis\":\"93176\"},{\"von\":\"93180\",\"bis\":\"93183\"},{\"von\":\"93186\",\"bis\":\"93188\"},{\"von\":\"93195\",\"bis\":\"93197\"},{\"von\":\"93300\",\"bis\":\"93359\"},{\"von\":\"80788\",\"bis\":\"80788\"},{\"von\":\"94342\",\"bis\":\"94342\"}]'>\r\n                            <span class=\"htitle\">Force de vente<\/span>\r\n                                                        <p>\r\n                                                                    Monsieur Dominik Rompf<br>\r\n                                                                                                                                84435 Lengdorf                            <\/p>\r\n                                                            <p>\r\n                                                                                                                                    <span class=\"cb-icon cb-icon-mobile\"><a href=\"tel:+491703702471\">+491703702471<\/a><\/span>\r\n                                                                <\/p>\r\n                                                                                        <p>\r\n                                                                    <span class=\"cb-icon cb-icon-email\"><a href=\"mailto:dominik.rompf@efaflex.com\">dominik.rompf@efaflex.com<\/a><\/span>\r\n                                \r\n                                                                <\/p>\r\n                                                    <\/div>\r\n\r\n                                                <div class=\"flex-box-thirty standort_plz\" data-postal='[{\"von\":\"10000\",\"bis\":\"10999\"},{\"von\":\"12000\",\"bis\":\"12689\"},{\"von\":\"13000\",\"bis\":\"13629\"},{\"von\":\"14000\",\"bis\":\"14199\"},{\"von\":\"14400\",\"bis\":\"14559\"},{\"von\":\"14600\",\"bis\":\"14669\"},{\"von\":\"14700\",\"bis\":\"14799\"},{\"von\":\"14800\",\"bis\":\"14829\"},{\"von\":\"14900\",\"bis\":\"14929\"},{\"von\":\"14930\",\"bis\":\"14979\"},{\"von\":\"15200\",\"bis\":\"15379\"},{\"von\":\"15500\",\"bis\":\"15569\"},{\"von\":\"15700\",\"bis\":\"15759\"},{\"von\":\"15800\",\"bis\":\"15899\"},{\"von\":\"15900\",\"bis\":\"15939\"},{\"von\":\"16200\",\"bis\":\"16359\"},{\"von\":\"16500\",\"bis\":\"16569\"},{\"von\":\"16720\",\"bis\":\"16869\"},{\"von\":\"16900\",\"bis\":\"16949\"},{\"von\":\"17000\",\"bis\":\"17509\"},{\"von\":\"18000\",\"bis\":\"18379\"},{\"von\":\"18400\",\"bis\":\"18469\"},{\"von\":\"18500\",\"bis\":\"18609\"}]'>\r\n                            <span class=\"htitle\">Force de vente<\/span>\r\n                                                        <p>\r\n                                                                    Monsieur Torsten Anders<br>\r\n                                                                                                                                15834 Rangsdorf                            <\/p>\r\n                                                            <p>\r\n                                                                                                                                    <span class=\"cb-icon cb-icon-mobile\"><a href=\"tel:+491607038305\">+491607038305<\/a><\/span>\r\n                                                                <\/p>\r\n                                                                                        <p>\r\n                                                                    <span class=\"cb-icon cb-icon-email\"><a href=\"mailto:torsten.anders@efaflex.com\">torsten.anders@efaflex.com<\/a><\/span>\r\n                                \r\n                                                                <\/p>\r\n                                                    <\/div>\r\n\r\n                                                <div class=\"flex-box-thirty standort_plz\" data-postal='[{\"von\":\"26000\",\"bis\":\"26219\"},{\"von\":\"26300\",\"bis\":\"26969\"},{\"von\":\"27200\",\"bis\":\"27449\"},{\"von\":\"27450\",\"bis\":\"27499\"},{\"von\":\"27500\",\"bis\":\"27639\"},{\"von\":\"27700\",\"bis\":\"27809\"},{\"von\":\"28000\",\"bis\":\"28359\"},{\"von\":\"28700\",\"bis\":\"28879\"},{\"von\":\"32290\",\"bis\":\"32369\"},{\"von\":\"46300\",\"bis\":\"46419\"},{\"von\":\"48000\",\"bis\":\"48369\"},{\"von\":\"48400\",\"bis\":\"48739\"},{\"von\":\"49000\",\"bis\":\"49219\"},{\"von\":\"49300\",\"bis\":\"49329\"},{\"von\":\"49340\",\"bis\":\"49849\"},{\"von\":\"59330\",\"bis\":\"59399\"}]'>\r\n                            <span class=\"htitle\">Repr\u00e9sentation de l&#8217;usine EFAFLEX<\/span>\r\n                                                        <p>\r\n                                                                    Monsieur Dipl.-Wirt. Ing. (FH) Stefan K\u00f6nig<br>\r\n                                                                                                                                    Otto K\u00f6nig GmbH<br>\r\n                                                                48431 Rheine                            <\/p>\r\n                                                            <p>\r\n                                                                                                                                    <span class=\"cb-icon cb-icon-mobile\"><a href=\"tel:+491715342645\">+491715342645<\/a><\/span>\r\n                                                                <\/p>\r\n                                                                                        <p>\r\n                                                                    <span class=\"cb-icon cb-icon-email\"><a href=\"mailto:info@ottokoenig.de\">info@ottokoenig.de<\/a><\/span>\r\n                                \r\n                                                                <\/p>\r\n                                                    <\/div>\r\n\r\n                                    <\/div>\r\n        <\/div>\r\n        \n\n\n<div style=\"height:200px\" aria-hidden=\"true\" class=\"wp-block-spacer\"><\/div>\n","protected":false},"excerpt":{"rendered":"","protected":false},"author":4,"featured_media":0,"parent":21130,"menu_order":0,"comment_status":"closed","ping_status":"closed","template":"","meta":{"_acf_changed":false,"footnotes":""},"categories":[],"tags":[],"class_list":["post-21137","page","type-page","status-publish","hentry"],"acf":[],"_links":{"self":[{"href":"https:\/\/www.efaflex.com\/fr\/wp-json\/wp\/v2\/pages\/21137","targetHints":{"allow":["GET"]}}],"collection":[{"href":"https:\/\/www.efaflex.com\/fr\/wp-json\/wp\/v2\/pages"}],"about":[{"href":"https:\/\/www.efaflex.com\/fr\/wp-json\/wp\/v2\/types\/page"}],"author":[{"embeddable":true,"href":"https:\/\/www.efaflex.com\/fr\/wp-json\/wp\/v2\/users\/4"}],"replies":[{"embeddable":true,"href":"https:\/\/www.efaflex.com\/fr\/wp-json\/wp\/v2\/comments?post=21137"}],"version-history":[{"count":2,"href":"https:\/\/www.efaflex.com\/fr\/wp-json\/wp\/v2\/pages\/21137\/revisions"}],"predecessor-version":[{"id":24902,"href":"https:\/\/www.efaflex.com\/fr\/wp-json\/wp\/v2\/pages\/21137\/revisions\/24902"}],"up":[{"embeddable":true,"href":"https:\/\/www.efaflex.com\/fr\/wp-json\/wp\/v2\/pages\/21130"}],"wp:attachment":[{"href":"https:\/\/www.efaflex.com\/fr\/wp-json\/wp\/v2\/media?parent=21137"}],"wp:term":[{"taxonomy":"category","embeddable":true,"href":"https:\/\/www.efaflex.com\/fr\/wp-json\/wp\/v2\/categories?post=21137"},{"taxonomy":"post_tag","embeddable":true,"href":"https:\/\/www.efaflex.com\/fr\/wp-json\/wp\/v2\/tags?post=21137"}],"curies":[{"name":"wp","href":"https:\/\/api.w.org\/{rel}","templated":true}]}}