{"id":23554,"date":"2023-02-10T15:17:23","date_gmt":"2023-02-10T14:17:23","guid":{"rendered":"https:\/\/www.efaflex.com\/?page_id=23554"},"modified":"2026-02-09T16:24:44","modified_gmt":"2026-02-09T15:24:44","slug":"service-architecture","status":"publish","type":"page","link":"https:\/\/www.efaflex.com\/fr\/service-apres-vente\/service-architecture\/","title":{"rendered":"Service architecture"},"content":{"rendered":"\r\n<script type=\"application\/javascript\">\r\n    window.addEventListener('DOMContentLoaded', function() {\r\n        jQuery(document).ready(function($){\r\n            var sliderid = \"block_1b7a23401098360ede6d74d9d3b3dae5\";\r\n            $('#'+sliderid).slick({\r\n                infinite: true,\r\n                dots: false,\r\n                lazyLoad: 'ondemand',\r\n                autoplay: true,\r\n                autoplaySpeed: 5000,\r\n                pauseOnFocus: true,\r\n                arrows: false,\r\n                fade: false,\r\n                speed: 1500,\r\n                pauseOnHover: false,\r\n                prevArrow: '<div class=\"slick-prev slick-button\"><svg xmlns=\"http:\/\/www.w3.org\/2000\/svg\" viewBox=\"0 0 448 512\"><!--! Font Awesome Pro 6.1.1 by @fontawesome - https:\/\/fontawesome.com License - https:\/\/fontawesome.com\/license (Commercial License) Copyright 2022 Fonticons, Inc. --><path d=\"M77.25 256l137.4-137.4c12.5-12.5 12.5-32.75 0-45.25s-32.75-12.5-45.25 0l-160 160c-12.5 12.5-12.5 32.75 0 45.25l160 160C175.6 444.9 183.8 448 192 448s16.38-3.125 22.62-9.375c12.5-12.5 12.5-32.75 0-45.25L77.25 256zM269.3 256l137.4-137.4c12.5-12.5 12.5-32.75 0-45.25s-32.75-12.5-45.25 0l-160 160c-12.5 12.5-12.5 32.75 0 45.25l160 160C367.6 444.9 375.8 448 384 448s16.38-3.125 22.62-9.375c12.5-12.5 12.5-32.75 0-45.25L269.3 256z\"\/><\/svg><\/div>',\r\n                nextArrow: '<div class=\"slick-next slick-button\"><svg xmlns=\"http:\/\/www.w3.org\/2000\/svg\" viewBox=\"0 0 448 512\"><!--! Font Awesome Pro 6.1.1 by @fontawesome - https:\/\/fontawesome.com License - https:\/\/fontawesome.com\/license (Commercial License) Copyright 2022 Fonticons, Inc. --><path fill=\"ff0000\" style=\"height: 22px\" d=\"M246.6 233.4l-160-160c-12.5-12.5-32.75-12.5-45.25 0s-12.5 32.75 0 45.25L178.8 256l-137.4 137.4c-12.5 12.5-12.5 32.75 0 45.25C47.63 444.9 55.81 448 64 448s16.38-3.125 22.62-9.375l160-160C259.1 266.1 259.1 245.9 246.6 233.4zM438.6 233.4l-160-160c-12.5-12.5-32.75-12.5-45.25 0s-12.5 32.75 0 45.25L370.8 256l-137.4 137.4c-12.5 12.5-12.5 32.75 0 45.25C239.6 444.9 247.8 448 256 448s16.38-3.125 22.62-9.375l160-160C451.1 266.1 451.1 245.9 438.6 233.4z\"\/><\/svg><\/div>',\r\n            });\r\n        });\r\n    });\r\n<\/script>\r\n\r\n<div id=\"block_1b7a23401098360ede6d74d9d3b3dae5\" class=\"bild-video-slider-fullwidth\">\r\n                        <div class=\"bild-video-slider-fullwidth--slide img-vid-box\">\r\n                                                                                                    <img decoding=\"async\" width=\"1920\" height=\"966\" src=\"https:\/\/www.efaflex.com\/wp-content\/uploads\/2024\/05\/architekten-service-1920x966.jpg\" class=\"attachment-bild-fullsize-width size-bild-fullsize-width\" alt=\"\" \/>                    \r\n                                                <\/div>\r\n            <\/div>\n\n\r\n\r\n<div id=\"breadcrump-block_7756b8901d73c7048fcefc95a786b014\" class=\"inner\">\r\n        <nav class=\"breadcrumb\"><a href=\"https:\/\/www.efaflex.com\/fr\/\">Page d&#8217;accueil<\/a> \/ <span class=\"current-page\">Page<\/span><\/nav>    <\/div>\n\n\n<div style=\"height:100px\" aria-hidden=\"true\" class=\"wp-block-spacer\"><\/div>\n\n\n\r\n\r\n<div id=\"textmodul-3-spalten-block_6a7199875dd991fbee358889852480cf\" class=\"textmodul-3-spalten\">\r\n    <div class=\"inner\">\r\n        <div class=\"custom-flex-box\">\r\n                            <h1 class=\"flex-box-thirty break headline-two\">Service architecture.<\/h1>                        <div class=\"flex-box-thirty\"><p>Vous pouvez t\u00e9l\u00e9charger ici tous les documents importants, tels que les textes d&#8217;appel d&#8217;offres et les brochures produits. Nous vous envoyons volontiers par e-mail des plans d&#8217;offre personnalis\u00e9s. Pour cela, veuillez nous contacter \u00e0 l&#8217;adresse <a href=\"mailto:schnelllauftore@efaflex.com\">schnelllauftore@efaflex.com<\/a>.<\/p>\n<\/div>\r\n            <div class=\"flex-box-thirty\"><\/div>\r\n        <\/div>\r\n    <\/div>\r\n<\/div>\r\n\n\n\n<div style=\"height:100px\" aria-hidden=\"true\" class=\"wp-block-spacer\"><\/div>\n\n\n<div class=\"inner\">\r\n    <div id=\"bild-text-modul-1-3-block_686146120d79081d9b5a87c3ecaf62ad\" class=\"themen-container custom-flex-box\">\r\n                                    <div class=\"thema-box flex-box-thirty\">\r\n                                            <div class=\"bild-box\">\r\n                                                                                                                    <img decoding=\"async\" width=\"1920\" height=\"1491\" src=\"https:\/\/www.efaflex.com\/wp-content\/uploads\/2024\/05\/test-min.jpg\" class=\"attachment-thementease-thumbnail size-thementease-thumbnail\" alt=\"\" srcset=\"https:\/\/www.efaflex.com\/wp-content\/uploads\/2024\/05\/test-min.jpg 1920w, https:\/\/www.efaflex.com\/wp-content\/uploads\/2024\/05\/test-min-300x233.jpg 300w, https:\/\/www.efaflex.com\/wp-content\/uploads\/2024\/05\/test-min-768x596.jpg 768w, https:\/\/www.efaflex.com\/wp-content\/uploads\/2024\/05\/test-min-1024x795.jpg 1024w, https:\/\/www.efaflex.com\/wp-content\/uploads\/2024\/05\/test-min-1536x1193.jpg 1536w\" sizes=\"(max-width: 1920px) 100vw, 1920px\" \/>                                                    <\/div>\r\n                                            \r\n                                                                <h2 class=\"headline-two\">\r\n                                                        Next Generation                        <\/h2>\r\n                    \r\n                        <p class=\"normal-font\"><\/p>\r\n                                                                                                                                                                                                    \r\n                                      <a href=\"https:\/\/www.efaflex.com\/wp-content\/uploads\/2026\/01\/Next-Generation-fr.zip\" class=\"load-more-button\">\r\n                                          T\u00e9l\u00e9charger le ZIP                                      <\/a>\r\n\r\n                                    \r\n                                                                                                    <\/div>\r\n                            <div class=\"thema-box flex-box-thirty\">\r\n                                            <div class=\"bild-box\">\r\n                                                                                                                    <img decoding=\"async\" width=\"1920\" height=\"1280\" src=\"https:\/\/www.efaflex.com\/wp-content\/uploads\/2024\/05\/serie-s.jpg\" class=\"attachment-thementease-thumbnail size-thementease-thumbnail\" alt=\"\" srcset=\"https:\/\/www.efaflex.com\/wp-content\/uploads\/2024\/05\/serie-s.jpg 1920w, https:\/\/www.efaflex.com\/wp-content\/uploads\/2024\/05\/serie-s-300x200.jpg 300w, https:\/\/www.efaflex.com\/wp-content\/uploads\/2024\/05\/serie-s-768x512.jpg 768w, https:\/\/www.efaflex.com\/wp-content\/uploads\/2024\/05\/serie-s-1024x683.jpg 1024w, https:\/\/www.efaflex.com\/wp-content\/uploads\/2024\/05\/serie-s-1536x1024.jpg 1536w, https:\/\/www.efaflex.com\/wp-content\/uploads\/2024\/05\/serie-s-382x254.jpg 382w\" sizes=\"(max-width: 1920px) 100vw, 1920px\" \/>                                                    <\/div>\r\n                                            \r\n                                                                <h2 class=\"headline-two\">\r\n                                                        S\u00e9rie S \u2013 Portes rapides \u00e0 spirale                        <\/h2>\r\n                    \r\n                        <p class=\"normal-font\"><\/p>\r\n                                                                                                                                                                                                    \r\n                                      <a href=\"https:\/\/www.efaflex.com\/wp-content\/uploads\/2026\/01\/Serie-S-fr.zip\" class=\"load-more-button\">\r\n                                          T\u00e9l\u00e9charger le ZIP                                      <\/a>\r\n\r\n                                    \r\n                                                                                                    <\/div>\r\n                            <div class=\"thema-box flex-box-thirty\">\r\n                                            <div class=\"bild-box\">\r\n                                                                                                                    <img decoding=\"async\" width=\"1920\" height=\"1453\" src=\"https:\/\/www.efaflex.com\/wp-content\/uploads\/2024\/05\/serie-r-1.jpg\" class=\"attachment-thementease-thumbnail size-thementease-thumbnail\" alt=\"\" srcset=\"https:\/\/www.efaflex.com\/wp-content\/uploads\/2024\/05\/serie-r-1.jpg 1920w, https:\/\/www.efaflex.com\/wp-content\/uploads\/2024\/05\/serie-r-1-300x227.jpg 300w, https:\/\/www.efaflex.com\/wp-content\/uploads\/2024\/05\/serie-r-1-768x581.jpg 768w, https:\/\/www.efaflex.com\/wp-content\/uploads\/2024\/05\/serie-r-1-1024x775.jpg 1024w, https:\/\/www.efaflex.com\/wp-content\/uploads\/2024\/05\/serie-r-1-1536x1162.jpg 1536w\" sizes=\"(max-width: 1920px) 100vw, 1920px\" \/>                                                    <\/div>\r\n                                            \r\n                                                                <h2 class=\"headline-two\">\r\n                                                        S\u00e9rie R \u2013 Portes rapides \u00e0 enroulement                        <\/h2>\r\n                    \r\n                        <p class=\"normal-font\"><\/p>\r\n                                                                                                                                                                                                    \r\n                                      <a href=\"https:\/\/www.efaflex.com\/wp-content\/uploads\/2026\/01\/Serie-R-fr.zip\" class=\"load-more-button\">\r\n                                          T\u00e9l\u00e9charger le ZIP                                      <\/a>\r\n\r\n                                    \r\n                                                                                                    <\/div>\r\n                            <div class=\"thema-box flex-box-thirty\">\r\n                                            <div class=\"bild-box\">\r\n                                                                                                                    <img decoding=\"async\" width=\"1246\" height=\"966\" src=\"https:\/\/www.efaflex.com\/wp-content\/uploads\/2022\/06\/serie-cr-schnelllauf-rolltore-efa-srt-cr-efficient-header-efaflex.jpg\" class=\"attachment-thementease-thumbnail size-thementease-thumbnail\" alt=\"\" srcset=\"https:\/\/www.efaflex.com\/wp-content\/uploads\/2022\/06\/serie-cr-schnelllauf-rolltore-efa-srt-cr-efficient-header-efaflex.jpg 1246w, https:\/\/www.efaflex.com\/wp-content\/uploads\/2022\/06\/serie-cr-schnelllauf-rolltore-efa-srt-cr-efficient-header-efaflex-300x233.jpg 300w, https:\/\/www.efaflex.com\/wp-content\/uploads\/2022\/06\/serie-cr-schnelllauf-rolltore-efa-srt-cr-efficient-header-efaflex-1024x794.jpg 1024w, https:\/\/www.efaflex.com\/wp-content\/uploads\/2022\/06\/serie-cr-schnelllauf-rolltore-efa-srt-cr-efficient-header-efaflex-768x595.jpg 768w\" sizes=\"(max-width: 1246px) 100vw, 1246px\" \/>                                                    <\/div>\r\n                                            \r\n                                                                <h2 class=\"headline-two\">\r\n                                                        S\u00e9rie CR \u2013 Portes sp\u00e9ciales pour salle blanche                        <\/h2>\r\n                    \r\n                        <p class=\"normal-font\"><\/p>\r\n                                                                                                                                                                                                    \r\n                                      <a href=\"https:\/\/www.efaflex.com\/wp-content\/uploads\/2026\/01\/Serie-CR-fr.zip\" class=\"load-more-button\">\r\n                                          T\u00e9l\u00e9charger le ZIP                                      <\/a>\r\n\r\n                                    \r\n                                                                                                    <\/div>\r\n                            <div class=\"thema-box flex-box-thirty\">\r\n                                            <div class=\"bild-box\">\r\n                                                                                                                    <img decoding=\"async\" width=\"1920\" height=\"1304\" src=\"https:\/\/www.efaflex.com\/wp-content\/uploads\/2023\/03\/7606_THOR-Speyer.003_Edit.jpg\" class=\"attachment-thementease-thumbnail size-thementease-thumbnail\" alt=\"\" srcset=\"https:\/\/www.efaflex.com\/wp-content\/uploads\/2023\/03\/7606_THOR-Speyer.003_Edit.jpg 1920w, https:\/\/www.efaflex.com\/wp-content\/uploads\/2023\/03\/7606_THOR-Speyer.003_Edit-300x204.jpg 300w, https:\/\/www.efaflex.com\/wp-content\/uploads\/2023\/03\/7606_THOR-Speyer.003_Edit-1024x695.jpg 1024w, https:\/\/www.efaflex.com\/wp-content\/uploads\/2023\/03\/7606_THOR-Speyer.003_Edit-768x522.jpg 768w, https:\/\/www.efaflex.com\/wp-content\/uploads\/2023\/03\/7606_THOR-Speyer.003_Edit-1536x1043.jpg 1536w\" sizes=\"(max-width: 1920px) 100vw, 1920px\" \/>                                                    <\/div>\r\n                                            \r\n                                                                <h2 class=\"headline-two\">\r\n                                                        S\u00e9rie EX \u2013 Portes anti-d\u00e9flagrantes                        <\/h2>\r\n                    \r\n                        <p class=\"normal-font\"><\/p>\r\n                                                                                                                                                                                                    \r\n                                      <a href=\"https:\/\/www.efaflex.com\/wp-content\/uploads\/2026\/01\/Serie-EX-fr.zip\" class=\"load-more-button\">\r\n                                          T\u00e9l\u00e9charger le ZIP                                      <\/a>\r\n\r\n                                    \r\n                                                                                                    <\/div>\r\n                            <div class=\"thema-box flex-box-thirty\">\r\n                                            <div class=\"bild-box\">\r\n                                                                                                                    <img decoding=\"async\" width=\"1920\" height=\"1350\" src=\"https:\/\/www.efaflex.com\/wp-content\/uploads\/2022\/07\/titelbild-serie-ms-maschinenschutztore.jpg\" class=\"attachment-thementease-thumbnail size-thementease-thumbnail\" alt=\"\" srcset=\"https:\/\/www.efaflex.com\/wp-content\/uploads\/2022\/07\/titelbild-serie-ms-maschinenschutztore.jpg 1920w, https:\/\/www.efaflex.com\/wp-content\/uploads\/2022\/07\/titelbild-serie-ms-maschinenschutztore-300x211.jpg 300w, https:\/\/www.efaflex.com\/wp-content\/uploads\/2022\/07\/titelbild-serie-ms-maschinenschutztore-1024x720.jpg 1024w, https:\/\/www.efaflex.com\/wp-content\/uploads\/2022\/07\/titelbild-serie-ms-maschinenschutztore-768x540.jpg 768w, https:\/\/www.efaflex.com\/wp-content\/uploads\/2022\/07\/titelbild-serie-ms-maschinenschutztore-1536x1080.jpg 1536w\" sizes=\"(max-width: 1920px) 100vw, 1920px\" \/>                                                    <\/div>\r\n                                            \r\n                                                                <h2 class=\"headline-two\">\r\n                                                        S\u00e9rie MS \u2013 Les portes de protection pour machines                        <\/h2>\r\n                    \r\n                        <p class=\"normal-font\"><\/p>\r\n                                                                                                                                                                                                    \r\n                                      <a href=\"https:\/\/www.efaflex.com\/wp-content\/uploads\/2026\/01\/Serie-MS-fr.zip\" class=\"load-more-button\">\r\n                                          T\u00e9l\u00e9charger le ZIP                                      <\/a>\r\n\r\n                                    \r\n                                                                                                    <\/div>\r\n                            <div class=\"thema-box flex-box-thirty\">\r\n                                            <div class=\"bild-box\">\r\n                                                                                                                    <img decoding=\"async\" width=\"1920\" height=\"1313\" src=\"https:\/\/www.efaflex.com\/wp-content\/uploads\/2023\/03\/efaflex-efa-sst-efficient-35.jpg\" class=\"attachment-thementease-thumbnail size-thementease-thumbnail\" alt=\"\" srcset=\"https:\/\/www.efaflex.com\/wp-content\/uploads\/2023\/03\/efaflex-efa-sst-efficient-35.jpg 1920w, https:\/\/www.efaflex.com\/wp-content\/uploads\/2023\/03\/efaflex-efa-sst-efficient-35-300x205.jpg 300w, https:\/\/www.efaflex.com\/wp-content\/uploads\/2023\/03\/efaflex-efa-sst-efficient-35-1024x700.jpg 1024w, https:\/\/www.efaflex.com\/wp-content\/uploads\/2023\/03\/efaflex-efa-sst-efficient-35-768x525.jpg 768w, https:\/\/www.efaflex.com\/wp-content\/uploads\/2023\/03\/efaflex-efa-sst-efficient-35-1536x1050.jpg 1536w\" sizes=\"(max-width: 1920px) 100vw, 1920px\" \/>                                                    <\/div>\r\n                                            \r\n                                                                <h2 class=\"headline-two\">\r\n                                                        S\u00e9rie EFAPROTECT \u2013 Portes de s\u00e9curit\u00e9                        <\/h2>\r\n                    \r\n                        <p class=\"normal-font\"><\/p>\r\n                                                                                                                                                                                                    \r\n                                      <a href=\"https:\/\/www.efaflex.com\/wp-content\/uploads\/2026\/01\/Serie-EFAPROTECT-fr.zip\" class=\"load-more-button\">\r\n                                          T\u00e9l\u00e9charger le ZIP                                      <\/a>\r\n\r\n                                    \r\n                                                                                                    <\/div>\r\n                            <div class=\"thema-box flex-box-thirty\">\r\n                                            <div class=\"bild-box\">\r\n                                                                                                                    <img decoding=\"async\" width=\"1920\" height=\"1280\" src=\"https:\/\/www.efaflex.com\/wp-content\/uploads\/2022\/07\/titelbild-serie-mtl-schnelllauftore-material-transport-logistik.jpg\" class=\"attachment-thementease-thumbnail size-thementease-thumbnail\" alt=\"\" srcset=\"https:\/\/www.efaflex.com\/wp-content\/uploads\/2022\/07\/titelbild-serie-mtl-schnelllauftore-material-transport-logistik.jpg 1920w, https:\/\/www.efaflex.com\/wp-content\/uploads\/2022\/07\/titelbild-serie-mtl-schnelllauftore-material-transport-logistik-300x200.jpg 300w, https:\/\/www.efaflex.com\/wp-content\/uploads\/2022\/07\/titelbild-serie-mtl-schnelllauftore-material-transport-logistik-1024x683.jpg 1024w, https:\/\/www.efaflex.com\/wp-content\/uploads\/2022\/07\/titelbild-serie-mtl-schnelllauftore-material-transport-logistik-768x512.jpg 768w, https:\/\/www.efaflex.com\/wp-content\/uploads\/2022\/07\/titelbild-serie-mtl-schnelllauftore-material-transport-logistik-1536x1024.jpg 1536w, https:\/\/www.efaflex.com\/wp-content\/uploads\/2022\/07\/titelbild-serie-mtl-schnelllauftore-material-transport-logistik-382x254.jpg 382w\" sizes=\"(max-width: 1920px) 100vw, 1920px\" \/>                                                    <\/div>\r\n                                            \r\n                                                                <h2 class=\"headline-two\">\r\n                                                        S\u00e9rie MTL \u2013 Les portes rapides pour Mat\u00e9riau-Transport-Logistique                        <\/h2>\r\n                    \r\n                        <p class=\"normal-font\"><\/p>\r\n                                                                                                                                                                                                    \r\n                                      <a href=\"https:\/\/www.efaflex.com\/wp-content\/uploads\/2026\/01\/Serie-MTL-fr.zip\" class=\"load-more-button\">\r\n                                          T\u00e9l\u00e9charger le ZIP                                      <\/a>\r\n\r\n                                    \r\n                                                                                                    <\/div>\r\n                            <div class=\"thema-box flex-box-thirty\">\r\n                                            <div class=\"bild-box\">\r\n                                                                                                                    <img decoding=\"async\" width=\"1246\" height=\"966\" src=\"https:\/\/www.efaflex.com\/wp-content\/uploads\/2022\/06\/serie-s-spiraltor-innenansicht-halboffen-efa-sst-tk-100-header-efaflex.jpg\" class=\"attachment-thementease-thumbnail size-thementease-thumbnail\" alt=\"\" srcset=\"https:\/\/www.efaflex.com\/wp-content\/uploads\/2022\/06\/serie-s-spiraltor-innenansicht-halboffen-efa-sst-tk-100-header-efaflex.jpg 1246w, https:\/\/www.efaflex.com\/wp-content\/uploads\/2022\/06\/serie-s-spiraltor-innenansicht-halboffen-efa-sst-tk-100-header-efaflex-300x233.jpg 300w, https:\/\/www.efaflex.com\/wp-content\/uploads\/2022\/06\/serie-s-spiraltor-innenansicht-halboffen-efa-sst-tk-100-header-efaflex-1024x794.jpg 1024w, https:\/\/www.efaflex.com\/wp-content\/uploads\/2022\/06\/serie-s-spiraltor-innenansicht-halboffen-efa-sst-tk-100-header-efaflex-768x595.jpg 768w\" sizes=\"(max-width: 1246px) 100vw, 1246px\" \/>                                                    <\/div>\r\n                                            \r\n                                                                <h2 class=\"headline-two\">\r\n                                                        Serie TK &#8211; Portes rapides pour chambres froides                        <\/h2>\r\n                    \r\n                        <p class=\"normal-font\"><\/p>\r\n                                                                                                                                                                                                    \r\n                                      <a href=\"https:\/\/www.efaflex.com\/wp-content\/uploads\/2026\/01\/Serie-TK-fr.zip\" class=\"load-more-button\">\r\n                                          T\u00e9l\u00e9charger le ZIP                                      <\/a>\r\n\r\n                                    \r\n                                                                                                    <\/div>\r\n                            <div class=\"thema-box flex-box-thirty\">\r\n                                            <div class=\"bild-box\">\r\n                                                                                                                    <img decoding=\"async\" width=\"1920\" height=\"1440\" src=\"https:\/\/www.efaflex.com\/wp-content\/uploads\/2026\/01\/laser-structuring-004-sst.jpg\" class=\"attachment-thementease-thumbnail size-thementease-thumbnail\" alt=\"\" srcset=\"https:\/\/www.efaflex.com\/wp-content\/uploads\/2026\/01\/laser-structuring-004-sst.jpg 1920w, https:\/\/www.efaflex.com\/wp-content\/uploads\/2026\/01\/laser-structuring-004-sst-300x225.jpg 300w, https:\/\/www.efaflex.com\/wp-content\/uploads\/2026\/01\/laser-structuring-004-sst-768x576.jpg 768w, https:\/\/www.efaflex.com\/wp-content\/uploads\/2026\/01\/laser-structuring-004-sst-1024x768.jpg 1024w, https:\/\/www.efaflex.com\/wp-content\/uploads\/2026\/01\/laser-structuring-004-sst-1536x1152.jpg 1536w\" sizes=\"(max-width: 1920px) 100vw, 1920px\" \/>                                                    <\/div>\r\n                                            \r\n                                                                <h2 class=\"headline-two\">\r\n                                                        Serie Laser &#8211; Portails de protection laser                        <\/h2>\r\n                    \r\n                        <p class=\"normal-font\"><\/p>\r\n                                                                                                                                                                                                    \r\n                                      <a href=\"https:\/\/www.efaflex.com\/wp-content\/uploads\/2026\/01\/Serie-Laser-fr.zip\" class=\"load-more-button\">\r\n                                          T\u00e9l\u00e9charger le ZIP                                      <\/a>\r\n\r\n                                    \r\n                                                                                                    <\/div>\r\n                            <div class=\"thema-box flex-box-thirty\">\r\n                                            <div class=\"bild-box\">\r\n                                                                                                                    <img decoding=\"async\" width=\"1000\" height=\"667\" src=\"https:\/\/www.efaflex.com\/wp-content\/uploads\/2022\/07\/titelbild-peripherie-efa-smartconnect.jpg\" class=\"attachment-thementease-thumbnail size-thementease-thumbnail\" alt=\"\" srcset=\"https:\/\/www.efaflex.com\/wp-content\/uploads\/2022\/07\/titelbild-peripherie-efa-smartconnect.jpg 1000w, https:\/\/www.efaflex.com\/wp-content\/uploads\/2022\/07\/titelbild-peripherie-efa-smartconnect-300x200.jpg 300w, https:\/\/www.efaflex.com\/wp-content\/uploads\/2022\/07\/titelbild-peripherie-efa-smartconnect-768x512.jpg 768w, https:\/\/www.efaflex.com\/wp-content\/uploads\/2022\/07\/titelbild-peripherie-efa-smartconnect-382x254.jpg 382w\" sizes=\"(max-width: 1000px) 100vw, 1000px\" \/>                                                    <\/div>\r\n                                            \r\n                                                                <h2 class=\"headline-two\">\r\n                                                        P\u00e9riph\u00e9rie &amp; accessoires page principale                        <\/h2>\r\n                    \r\n                        <p class=\"normal-font\"><\/p>\r\n                                                                                                                                                                                                    \r\n                                      <a href=\"https:\/\/www.efaflex.com\/wp-content\/uploads\/2026\/01\/Peripherie-fr.zip\" class=\"load-more-button\">\r\n                                          T\u00e9l\u00e9charger le ZIP                                      <\/a>\r\n\r\n                                    \r\n                                                                                                    <\/div>\r\n                        <\/div>\r\n<\/div>\r\n\n\n\n<div style=\"height:200px\" aria-hidden=\"true\" class=\"wp-block-spacer\"><\/div>\n\n\n\r\n<div id=\"bild-text-modul-links-rechts-block_d3f3514a8fc3fc6744d3f6c579a65e0a\" class=\"bild-text-modul-container\">\r\n    <div class=\"inner\">\r\n                        \r\n                                    \r\n                            <div id=\"\" class=\"bild-text-modul-rechts bild-text-modul\">\r\n                                <div class=\"custom-flex-box\">\r\n                                    <div class=\"flex-box-fourty text-container\">\r\n                                        <div class=\"text-container-flex\">\r\n                                            <div class=\"text-inner\">\r\n\r\n                                                                                                                                                            <div class=\"text-left-border\">\r\n                                                            <div class=\"text-cut\">\r\n                                                                                                                                    <span>Recherche de produits<\/span>\r\n                                                                \r\n\r\n                                                                                                                                    <h3 class=\"headline-two\">Trouver la bonne porte industrielle en quelques clics.<\/h3>                                                                \r\n\r\n                                                                <p class=\"normal-font full-text\"><\/p>\r\n\r\n                                                            <\/div>\r\n                                                            <div class=\"button-box\">\r\n                                                                                                                                \r\n                                                                                                                                                                                                                                                                                                                                                                <a class=\"load-more-button\" href=\"https:\/\/www.efaflex.com\/fr\/produits\/product-finder\/\">En savoir plus<\/a>\r\n                                                                                                                                                                                                                                                                        <\/div>\r\n                                                        <\/div>\r\n                                                                                                    \r\n                                            <\/div>\r\n                                        <\/div>\r\n                                    <\/div>\r\n                                    <div class=\"flex-box-sixty bild-container\">\r\n                                                                                                                                                                                                                                                                                        <img decoding=\"async\" width=\"1000\" height=\"642\" src=\"https:\/\/www.efaflex.com\/wp-content\/uploads\/2020\/04\/Bau_Keyvisual_EFAFLEX_Voegele_143_komprimiert_1000x642px.png\" class=\"attachment-full size-full\" alt=\"\" srcset=\"https:\/\/www.efaflex.com\/wp-content\/uploads\/2020\/04\/Bau_Keyvisual_EFAFLEX_Voegele_143_komprimiert_1000x642px.png 1000w, https:\/\/www.efaflex.com\/wp-content\/uploads\/2020\/04\/Bau_Keyvisual_EFAFLEX_Voegele_143_komprimiert_1000x642px-300x193.png 300w, https:\/\/www.efaflex.com\/wp-content\/uploads\/2020\/04\/Bau_Keyvisual_EFAFLEX_Voegele_143_komprimiert_1000x642px-768x493.png 768w\" sizes=\"(max-width: 1000px) 100vw, 1000px\" \/>                                                                                                                                                                        <\/div>\r\n                                <\/div>\r\n                            <\/div>\r\n                                    \r\n            \r\n\r\n        \r\n\r\n\r\n        <\/div>\r\n<\/div>\r\n\r\n<style>\r\n    .bild-text-modul {\r\n        scroll-margin-top: 143px;\r\n    }\r\n<\/style>\n\n\n<div style=\"height:100px\" aria-hidden=\"true\" class=\"wp-block-spacer\"><\/div>\n\n\n\r\n\r\n<div id=\"bild-text-modul-rechts-zweizeilig-block_1f2be4b67140b7e4071b5e51900b6246\" class=\"bild-text-modul-zweizeilig-container\">\r\n            \r\n\r\n\r\n            \r\n                                    \r\n                            <div class=\"bild-text-modul-rechts-zweizeilig bild-text-modul-zweizeilig\">\r\n                                <div class=\"custom-flex-box-no-margin\">\r\n                                    <div class=\"flex-box-fifty-no-margin text-container\">\r\n                                        <div class=\"text-container-flex\">\r\n                                            <div class=\"text-inner\">\r\n\r\n                                                                                                                                                            <div class=\"text-left-border\">\r\n                                                            <div class=\"text-cut\">\r\n                                                                                                                                    <span>BIM<\/span>\r\n                                                                \r\n                                                                                                                                    <h3 class=\"headline-two medium-h2\">Une planification simple et rapide gr\u00e2ce au BIM.<\/h3>                                                                \r\n<!--                                                                <h2 class=\"medium-h2\">--><!--<\/h2>-->\r\n                                                                <p class=\"normal-font full-text\">Nous mettons \u00e0 disposition des fichiers BIM de haute qualit\u00e9 pour la planification num\u00e9rique via notre propre portail de t\u00e9l\u00e9chargement. Les architectes, ing\u00e9nieurs et entrepreneurs g\u00e9n\u00e9raux b\u00e9n\u00e9ficient de mod\u00e8les v\u00e9rifi\u00e9s qui offrent un haut niveau de transparence et constituent une base de planification stable en termes de qualit\u00e9, de tra\u00e7abilit\u00e9 et d&#8217;informations techniques.<\/p>\r\n                                                            <\/div>\r\n                                                            <div class=\"button-box\">\r\n                                                                                                                                                                                                    <a href=\"https:\/\/www.efaflex.com\/fr\/portes-rapides\/bim\/\" target=\"\" class=\"load-more-button\">\r\n                                                                        En savoir plus                                                                    <\/a>\r\n                                                                                                                            <\/div>\r\n                                                        <\/div>\r\n                                                                                                    \r\n                                            <\/div>\r\n                                        <\/div>\r\n                                    <\/div>\r\n                                    <div class=\"flex-box-fifty-no-margin bild-container\">\r\n                                                                                                                                                                                                                                                                                        <img decoding=\"async\" width=\"960\" height=\"720\" src=\"https:\/\/www.efaflex.com\/wp-content\/uploads\/2022\/07\/unternehmen_innovation_last.jpg\" class=\"attachment-full size-full\" alt=\"\" srcset=\"https:\/\/www.efaflex.com\/wp-content\/uploads\/2022\/07\/unternehmen_innovation_last.jpg 960w, https:\/\/www.efaflex.com\/wp-content\/uploads\/2022\/07\/unternehmen_innovation_last-300x225.jpg 300w, https:\/\/www.efaflex.com\/wp-content\/uploads\/2022\/07\/unternehmen_innovation_last-768x576.jpg 768w\" sizes=\"(max-width: 960px) 100vw, 960px\" \/>                                                                                                                                                                        <\/div>\r\n                                <\/div>\r\n                            <\/div>\r\n                                    \r\n            \r\n\r\n        \r\n\r\n\r\n    <\/div>\n\n\n<div style=\"height:100px\" aria-hidden=\"true\" class=\"wp-block-spacer\"><\/div>\n\n\n<div class=\"inner\">\r\n    <div id=\"bild-text-modul-1-3-block_632f0a040f7b0651599d726722d0bd5b\" class=\"themen-container custom-flex-box\">\r\n                                    <div class=\"thema-box flex-box-thirty\">\r\n                                            <div class=\"bild-box\">\r\n                                                                                                                    <img decoding=\"async\" width=\"1246\" height=\"966\" src=\"https:\/\/www.efaflex.com\/wp-content\/uploads\/2025\/11\/schnelllauftore-produkte-industrietore-efaflex.jpg\" class=\"attachment-thementease-thumbnail size-thementease-thumbnail\" alt=\"\" srcset=\"https:\/\/www.efaflex.com\/wp-content\/uploads\/2025\/11\/schnelllauftore-produkte-industrietore-efaflex.jpg 1246w, https:\/\/www.efaflex.com\/wp-content\/uploads\/2025\/11\/schnelllauftore-produkte-industrietore-efaflex-300x233.jpg 300w, https:\/\/www.efaflex.com\/wp-content\/uploads\/2025\/11\/schnelllauftore-produkte-industrietore-efaflex-768x595.jpg 768w, https:\/\/www.efaflex.com\/wp-content\/uploads\/2025\/11\/schnelllauftore-produkte-industrietore-efaflex-1024x794.jpg 1024w\" sizes=\"(max-width: 1246px) 100vw, 1246px\" \/>                                                    <\/div>\r\n                                            \r\n                                                                <h2 class=\"headline-two\">\r\n                                                        Produits                        <\/h2>\r\n                    \r\n                        <p class=\"normal-font\">Nos portes haut de gamme sont rapides et efficaces, s\u00fbres et fiables. Gr\u00e2ce \u00e0 notre d\u00e9partement recherche et d\u00e9veloppement, nous sommes en mesure de trouver la solution parfaite pour r\u00e9pondre aux besoins des clients et de la concr\u00e9tiser.<\/p>\r\n                                                                                                                                                                                                        <a href=\"https:\/\/www.efaflex.com\/fr\/portes-rapides\/\" class=\"load-more-button\">En savoir plus<\/a>\r\n                                                                                                                                    <\/div>\r\n                            <div class=\"thema-box flex-box-thirty\">\r\n                                            <div class=\"bild-box\">\r\n                                                                                                                    <img decoding=\"async\" width=\"923\" height=\"556\" src=\"https:\/\/www.efaflex.com\/wp-content\/uploads\/2022\/07\/unternehmen_bild3.jpg\" class=\"attachment-thementease-thumbnail size-thementease-thumbnail\" alt=\"\" srcset=\"https:\/\/www.efaflex.com\/wp-content\/uploads\/2022\/07\/unternehmen_bild3.jpg 923w, https:\/\/www.efaflex.com\/wp-content\/uploads\/2022\/07\/unternehmen_bild3-300x181.jpg 300w, https:\/\/www.efaflex.com\/wp-content\/uploads\/2022\/07\/unternehmen_bild3-768x463.jpg 768w\" sizes=\"(max-width: 923px) 100vw, 923px\" \/>                                                    <\/div>\r\n                                            \r\n                                                                <h2 class=\"headline-two\">\r\n                                                        Durabilit\u00e9                        <\/h2>\r\n                    \r\n                        <p class=\"normal-font\">En tant qu\u2019entreprise familiale, nous travaillons en pensant aux g\u00e9n\u00e9rations futures. Par cons\u00e9quent, nous fabriquons des portes haut de gamme durables, avec une usure minime et de faibles co\u00fbts d\u2019exploitation en m\u00e9nageant les ressources.<\/p>\r\n                                                                                                                                                                                                        <a href=\"https:\/\/www.efaflex.com\/fr\/entreprise\/durabilite\/\" class=\"load-more-button\">En savoir plus<\/a>\r\n                                                                                                                                    <\/div>\r\n                        <\/div>\r\n<\/div>\r\n\n\n\n<div style=\"height:100px\" aria-hidden=\"true\" class=\"wp-block-spacer\"><\/div>\n","protected":false},"excerpt":{"rendered":"","protected":false},"author":4,"featured_media":0,"parent":21129,"menu_order":26,"comment_status":"closed","ping_status":"closed","template":"","meta":{"_acf_changed":false,"footnotes":""},"categories":[],"tags":[],"class_list":["post-23554","page","type-page","status-publish","hentry"],"acf":[],"_links":{"self":[{"href":"https:\/\/www.efaflex.com\/fr\/wp-json\/wp\/v2\/pages\/23554","targetHints":{"allow":["GET"]}}],"collection":[{"href":"https:\/\/www.efaflex.com\/fr\/wp-json\/wp\/v2\/pages"}],"about":[{"href":"https:\/\/www.efaflex.com\/fr\/wp-json\/wp\/v2\/types\/page"}],"author":[{"embeddable":true,"href":"https:\/\/www.efaflex.com\/fr\/wp-json\/wp\/v2\/users\/4"}],"replies":[{"embeddable":true,"href":"https:\/\/www.efaflex.com\/fr\/wp-json\/wp\/v2\/comments?post=23554"}],"version-history":[{"count":10,"href":"https:\/\/www.efaflex.com\/fr\/wp-json\/wp\/v2\/pages\/23554\/revisions"}],"predecessor-version":[{"id":36923,"href":"https:\/\/www.efaflex.com\/fr\/wp-json\/wp\/v2\/pages\/23554\/revisions\/36923"}],"up":[{"embeddable":true,"href":"https:\/\/www.efaflex.com\/fr\/wp-json\/wp\/v2\/pages\/21129"}],"wp:attachment":[{"href":"https:\/\/www.efaflex.com\/fr\/wp-json\/wp\/v2\/media?parent=23554"}],"wp:term":[{"taxonomy":"category","embeddable":true,"href":"https:\/\/www.efaflex.com\/fr\/wp-json\/wp\/v2\/categories?post=23554"},{"taxonomy":"post_tag","embeddable":true,"href":"https:\/\/www.efaflex.com\/fr\/wp-json\/wp\/v2\/tags?post=23554"}],"curies":[{"name":"wp","href":"https:\/\/api.w.org\/{rel}","templated":true}]}}