{"id":32520,"date":"2025-07-30T09:06:20","date_gmt":"2025-07-30T07:06:20","guid":{"rendered":"https:\/\/www.efaflex.com\/?page_id=32520"},"modified":"2025-12-23T14:16:49","modified_gmt":"2025-12-23T13:16:49","slug":"videos-de-reference","status":"publish","type":"page","link":"https:\/\/www.efaflex.com\/fr\/mediatheque\/videos-de-reference\/","title":{"rendered":"Vid\u00e9os de r\u00e9f\u00e9rence"},"content":{"rendered":"\r\n\r\n<div id=\"breadcrump-block_77a330515f235808a300728b6584660c\" class=\"inner\">\r\n        <nav class=\"breadcrumb\"><a href=\"https:\/\/www.efaflex.com\/fr\/\">Page d&#8217;accueil<\/a> \/ <span class=\"current-page\">Page<\/span><\/nav>    <\/div>\n\n\n<div style=\"height:100px\" aria-hidden=\"true\" class=\"wp-block-spacer\"><\/div>\n\n\n<div id=\"text-eispaltig-block_657a1aced2bcffd9653280cc4d211211\" class=\"block-text-eispaltig inner\">\r\n    <div class=\"block-text-eispaltig-content\">\r\n                    <h1 class=\"headline-two\">Portes industrielles en action \u2013 Vid\u00e9os pratiques<\/h1>                    <\/div>\r\n<\/div>\n\n\n<div style=\"height:100px\" aria-hidden=\"true\" class=\"wp-block-spacer\"><\/div>\n\n\n<div class=\"inner\">\r\n            <h2 class=\"mediathek-ausgabe\">Vid\u00e9os de r\u00e9f\u00e9rence<\/h2>\r\n        <div class=\"custom-flex-box\">\r\n        \r\n        \r\n        \r\n                            \r\n                \r\n                                                                                    <div class=\"single-mediathek-block flex-box-twentyfive\" data-mediathek-id=\"32526\">\r\n                            <div class=\"video-content\">\r\n                                                                    <video controls playsinline preload=\"none\" poster=\"https:\/\/www.efaflex.com\/wp-content\/uploads\/2025\/07\/emil-frey-768x392.png\">\r\n                                        <source src=\"https:\/\/www.efaflex.com\/wp-content\/uploads\/2025\/07\/Emil-Frey-SA-FR.mp4\" type=\"video\/mp4\">                                                                            <\/video>\r\n                                                            <\/div>\r\n                            <div class=\"text-content\">\r\n                                                                    <h3 class=\"mediathek-headline\">Emil Frey SA &#8211; Suisse<\/h3>\r\n                                \r\n                                <p>\r\n                                                                    <\/p>\r\n\r\n                                <a class=\"load-more-button\" href=\"#play-video-32526\">Jouer la vid\u00e9o<\/a>\r\n\r\n                                <div class=\"video-popup\" style=\"display: none;\">\r\n                                    <div class=\"popup-inner\">\r\n                                        <div class=\"video-box\">\r\n                                                                                            <video controls playsinline preload=\"none\" poster=\"https:\/\/www.efaflex.com\/wp-content\/uploads\/2025\/07\/emil-frey-768x392.png\">\r\n                                                    <source src=\"https:\/\/www.efaflex.com\/wp-content\/uploads\/2025\/07\/Emil-Frey-SA-FR.mp4\" type=\"video\/mp4\">                                                                                                    <\/video>\r\n                                                                                    <\/div>\r\n                                    <\/div>\r\n                                    <div class=\"video-background\"><\/div>\r\n                                <\/div>\r\n\r\n                            <\/div>\r\n                                                    <\/div>\r\n\r\n                                                                    <div class=\"single-mediathek-block flex-box-twentyfive\" data-mediathek-id=\"32597\">\r\n                            <div class=\"video-content\">\r\n                                                                    <video controls playsinline preload=\"none\" poster=\"https:\/\/www.efaflex.com\/wp-content\/uploads\/2025\/07\/galliker-768x395.png\">\r\n                                        <source src=\"https:\/\/www.efaflex.com\/wp-content\/uploads\/2025\/07\/Galliker-Transport-Logistics-AG-DE-und-FR.mp4\" type=\"video\/mp4\">                                                                            <\/video>\r\n                                                            <\/div>\r\n                            <div class=\"text-content\">\r\n                                                                    <h3 class=\"mediathek-headline\">Galliker Transport &amp; Logistics SA \u2013 Suisse<\/h3>\r\n                                \r\n                                <p>\r\n                                                                    <\/p>\r\n\r\n                                <a class=\"load-more-button\" href=\"#play-video-32597\">Jouer la vid\u00e9o<\/a>\r\n\r\n                                <div class=\"video-popup\" style=\"display: none;\">\r\n                                    <div class=\"popup-inner\">\r\n                                        <div class=\"video-box\">\r\n                                                                                            <video controls playsinline preload=\"none\" poster=\"https:\/\/www.efaflex.com\/wp-content\/uploads\/2025\/07\/galliker-768x395.png\">\r\n                                                    <source src=\"https:\/\/www.efaflex.com\/wp-content\/uploads\/2025\/07\/Galliker-Transport-Logistics-AG-DE-und-FR.mp4\" type=\"video\/mp4\">                                                                                                    <\/video>\r\n                                                                                    <\/div>\r\n                                    <\/div>\r\n                                    <div class=\"video-background\"><\/div>\r\n                                <\/div>\r\n\r\n                            <\/div>\r\n                                                    <\/div>\r\n\r\n                                                                    <div class=\"single-mediathek-block flex-box-twentyfive\" data-mediathek-id=\"32601\">\r\n                            <div class=\"video-content\">\r\n                                                                    <video controls playsinline preload=\"none\" poster=\"https:\/\/www.efaflex.com\/wp-content\/uploads\/2025\/07\/genf-768x393.png\">\r\n                                        <source src=\"https:\/\/www.efaflex.com\/wp-content\/uploads\/2025\/07\/oeffentliche-Parkhaeuser-Genf-und-Lausanne-DE-und-FR.mp4\" type=\"video\/mp4\">                                                                            <\/video>\r\n                                                            <\/div>\r\n                            <div class=\"text-content\">\r\n                                                                    <h3 class=\"mediathek-headline\">Parkings publics de Gen\u00e8ve et Lausanne \u2013 Suisse<\/h3>\r\n                                \r\n                                <p>\r\n                                                                    <\/p>\r\n\r\n                                <a class=\"load-more-button\" href=\"#play-video-32601\">Jouer la vid\u00e9o<\/a>\r\n\r\n                                <div class=\"video-popup\" style=\"display: none;\">\r\n                                    <div class=\"popup-inner\">\r\n                                        <div class=\"video-box\">\r\n                                                                                            <video controls playsinline preload=\"none\" poster=\"https:\/\/www.efaflex.com\/wp-content\/uploads\/2025\/07\/genf-768x393.png\">\r\n                                                    <source src=\"https:\/\/www.efaflex.com\/wp-content\/uploads\/2025\/07\/oeffentliche-Parkhaeuser-Genf-und-Lausanne-DE-und-FR.mp4\" type=\"video\/mp4\">                                                                                                    <\/video>\r\n                                                                                    <\/div>\r\n                                    <\/div>\r\n                                    <div class=\"video-background\"><\/div>\r\n                                <\/div>\r\n\r\n                            <\/div>\r\n                                                    <\/div>\r\n\r\n                                                                    <div class=\"single-mediathek-block flex-box-twentyfive\" data-mediathek-id=\"32629\">\r\n                            <div class=\"video-content\">\r\n                                                                    <video controls playsinline preload=\"none\" poster=\"https:\/\/www.efaflex.com\/wp-content\/uploads\/2025\/07\/sion-768x396.png\">\r\n                                        <source src=\"https:\/\/www.efaflex.com\/wp-content\/uploads\/2025\/07\/Strasenverkehrsamt-Sion-FR.mp4\" type=\"video\/mp4\">                                                                            <\/video>\r\n                                                            <\/div>\r\n                            <div class=\"text-content\">\r\n                                                                    <h3 class=\"mediathek-headline\">Service des routes de Sion \u2013 Suisse<\/h3>\r\n                                \r\n                                <p>\r\n                                                                    <\/p>\r\n\r\n                                <a class=\"load-more-button\" href=\"#play-video-32629\">Jouer la vid\u00e9o<\/a>\r\n\r\n                                <div class=\"video-popup\" style=\"display: none;\">\r\n                                    <div class=\"popup-inner\">\r\n                                        <div class=\"video-box\">\r\n                                                                                            <video controls playsinline preload=\"none\" poster=\"https:\/\/www.efaflex.com\/wp-content\/uploads\/2025\/07\/sion-768x396.png\">\r\n                                                    <source src=\"https:\/\/www.efaflex.com\/wp-content\/uploads\/2025\/07\/Strasenverkehrsamt-Sion-FR.mp4\" type=\"video\/mp4\">                                                                                                    <\/video>\r\n                                                                                    <\/div>\r\n                                    <\/div>\r\n                                    <div class=\"video-background\"><\/div>\r\n                                <\/div>\r\n\r\n                            <\/div>\r\n                                                    <\/div>\r\n\r\n                                                                    <div class=\"single-mediathek-block flex-box-twentyfive\" data-mediathek-id=\"32634\">\r\n                            <div class=\"video-content\">\r\n                                                                    <video controls playsinline preload=\"none\" poster=\"https:\/\/www.efaflex.com\/wp-content\/uploads\/2025\/07\/touring-club-sion-768x395.png\">\r\n                                        <source src=\"https:\/\/www.efaflex.com\/wp-content\/uploads\/2025\/07\/Touring-Club-Suisse-TCS-Sion-FR.mp4\" type=\"video\/mp4\">                                                                            <\/video>\r\n                                                            <\/div>\r\n                            <div class=\"text-content\">\r\n                                                                    <h3 class=\"mediathek-headline\">Touring Club Sion \u2013 Suisse<\/h3>\r\n                                \r\n                                <p>\r\n                                                                    <\/p>\r\n\r\n                                <a class=\"load-more-button\" href=\"#play-video-32634\">Jouer la vid\u00e9o<\/a>\r\n\r\n                                <div class=\"video-popup\" style=\"display: none;\">\r\n                                    <div class=\"popup-inner\">\r\n                                        <div class=\"video-box\">\r\n                                                                                            <video controls playsinline preload=\"none\" poster=\"https:\/\/www.efaflex.com\/wp-content\/uploads\/2025\/07\/touring-club-sion-768x395.png\">\r\n                                                    <source src=\"https:\/\/www.efaflex.com\/wp-content\/uploads\/2025\/07\/Touring-Club-Suisse-TCS-Sion-FR.mp4\" type=\"video\/mp4\">                                                                                                    <\/video>\r\n                                                                                    <\/div>\r\n                                    <\/div>\r\n                                    <div class=\"video-background\"><\/div>\r\n                                <\/div>\r\n\r\n                            <\/div>\r\n                                                    <\/div>\r\n\r\n                                                        \r\n                        <\/div>\r\n<\/div>\r\n\r\n\r\n<script>\r\n    window.addEventListener('DOMContentLoaded', function() {\r\n        jQuery(document).ready(function($) {\r\n            $('a.load-more-button').click(function () {\r\n                var $singleBlock = $(this).closest('.single-mediathek-block');\r\n                var $video = $singleBlock.find('video');\r\n                if ($video.length) {\r\n                    $video.each(function() {\r\n                        this.pause();\r\n                    });\r\n                }\r\n\r\n                $(this)\r\n                    .parent('.text-content')\r\n                    .children('.video-popup')\r\n                    .fadeIn()\r\n                    .addClass('active');\r\n            });\r\n\r\n            $('.video-background').click(function () {\r\n                var $popup = $(this).parent('.video-popup');\r\n\r\n                $popup.fadeOut().removeClass('active');\r\n\r\n                $popup.find('video').each(function () {\r\n                    this.pause();\r\n                });\r\n\r\n                \/\/ iframe neu laden, falls vorhanden\r\n                var $iframe = $popup.find(\"iframe\");\r\n                if ($iframe.length) {\r\n                    setTimeout(function(){\r\n                        $iframe.attr(\"src\", $iframe.attr(\"src\"));\r\n                    }, 300);\r\n                }\r\n\r\n                history.replaceState(\"\", document.title, window.location.pathname + window.location.search);\r\n            });\r\n\r\n            function getScreenOrientation()\r\n            {\r\n                if(window.innerWidth\/window.innerHeight>16\/9){\r\n                    $(\".popup-inner\").removeClass(\"portrait\")\r\n                    $(\".popup-inner\").addClass(\"landscape\")\r\n                } else {\r\n                    $(\".popup-inner\").addClass(\"portrait\")\r\n                    $(\".popup-inner\").removeClass(\"landscape\")\r\n                }\r\n            }\r\n\r\n            getScreenOrientation();\r\n\r\n            $(window).on(\"resize\",function(){\r\n                getScreenOrientation()\r\n            })\r\n\r\n            function checkAndPlayVideoFromHash() {\r\n                var hash = window.location.hash;\r\n\r\n                if (hash.startsWith('#play-video-')) {\r\n                    var id = hash.replace('#play-video-', '');\r\n\r\n                    var $block = $('.single-mediathek-block[data-mediathek-id=\"' + id + '\"]');\r\n                    if ($block.length) {\r\n                        $block.find('.load-more-button').trigger('click');\r\n                    }\r\n                }\r\n            }\r\n\r\n            checkAndPlayVideoFromHash();\r\n            $(window).on('hashchange', checkAndPlayVideoFromHash);\r\n        });\r\n    });\r\n<\/script>\r\n","protected":false},"excerpt":{"rendered":"","protected":false},"author":6,"featured_media":0,"parent":21014,"menu_order":8,"comment_status":"closed","ping_status":"closed","template":"","meta":{"_acf_changed":false,"footnotes":""},"categories":[],"tags":[],"class_list":["post-32520","page","type-page","status-publish","hentry"],"acf":[],"_links":{"self":[{"href":"https:\/\/www.efaflex.com\/fr\/wp-json\/wp\/v2\/pages\/32520","targetHints":{"allow":["GET"]}}],"collection":[{"href":"https:\/\/www.efaflex.com\/fr\/wp-json\/wp\/v2\/pages"}],"about":[{"href":"https:\/\/www.efaflex.com\/fr\/wp-json\/wp\/v2\/types\/page"}],"author":[{"embeddable":true,"href":"https:\/\/www.efaflex.com\/fr\/wp-json\/wp\/v2\/users\/6"}],"replies":[{"embeddable":true,"href":"https:\/\/www.efaflex.com\/fr\/wp-json\/wp\/v2\/comments?post=32520"}],"version-history":[{"count":3,"href":"https:\/\/www.efaflex.com\/fr\/wp-json\/wp\/v2\/pages\/32520\/revisions"}],"predecessor-version":[{"id":35348,"href":"https:\/\/www.efaflex.com\/fr\/wp-json\/wp\/v2\/pages\/32520\/revisions\/35348"}],"up":[{"embeddable":true,"href":"https:\/\/www.efaflex.com\/fr\/wp-json\/wp\/v2\/pages\/21014"}],"wp:attachment":[{"href":"https:\/\/www.efaflex.com\/fr\/wp-json\/wp\/v2\/media?parent=32520"}],"wp:term":[{"taxonomy":"category","embeddable":true,"href":"https:\/\/www.efaflex.com\/fr\/wp-json\/wp\/v2\/categories?post=32520"},{"taxonomy":"post_tag","embeddable":true,"href":"https:\/\/www.efaflex.com\/fr\/wp-json\/wp\/v2\/tags?post=32520"}],"curies":[{"name":"wp","href":"https:\/\/api.w.org\/{rel}","templated":true}]}}