{"id":34063,"date":"2025-11-07T11:05:36","date_gmt":"2025-11-07T10:05:36","guid":{"rendered":"https:\/\/www.efaflex.com\/?page_id=34063"},"modified":"2026-02-10T17:10:09","modified_gmt":"2026-02-10T16:10:09","slug":"services-intelligents","status":"publish","type":"page","link":"https:\/\/www.efaflex.com\/fr\/service-apres-vente\/services-intelligents\/","title":{"rendered":"Services intelligents"},"content":{"rendered":"\r\n<script type=\"application\/javascript\">\r\n    window.addEventListener('DOMContentLoaded', function() {\r\n        jQuery(document).ready(function($){\r\n            var sliderid = \"block_92859c9e1391ea0cbcb4b75fe180cbee\";\r\n            $('#'+sliderid).slick({\r\n                infinite: true,\r\n                dots: false,\r\n                lazyLoad: 'ondemand',\r\n                autoplay: true,\r\n                autoplaySpeed: 5000,\r\n                pauseOnFocus: true,\r\n                arrows: false,\r\n                fade: false,\r\n                speed: 1500,\r\n                pauseOnHover: false,\r\n                prevArrow: '<div class=\"slick-prev slick-button\"><svg xmlns=\"http:\/\/www.w3.org\/2000\/svg\" viewBox=\"0 0 448 512\"><!--! Font Awesome Pro 6.1.1 by @fontawesome - https:\/\/fontawesome.com License - https:\/\/fontawesome.com\/license (Commercial License) Copyright 2022 Fonticons, Inc. --><path d=\"M77.25 256l137.4-137.4c12.5-12.5 12.5-32.75 0-45.25s-32.75-12.5-45.25 0l-160 160c-12.5 12.5-12.5 32.75 0 45.25l160 160C175.6 444.9 183.8 448 192 448s16.38-3.125 22.62-9.375c12.5-12.5 12.5-32.75 0-45.25L77.25 256zM269.3 256l137.4-137.4c12.5-12.5 12.5-32.75 0-45.25s-32.75-12.5-45.25 0l-160 160c-12.5 12.5-12.5 32.75 0 45.25l160 160C367.6 444.9 375.8 448 384 448s16.38-3.125 22.62-9.375c12.5-12.5 12.5-32.75 0-45.25L269.3 256z\"\/><\/svg><\/div>',\r\n                nextArrow: '<div class=\"slick-next slick-button\"><svg xmlns=\"http:\/\/www.w3.org\/2000\/svg\" viewBox=\"0 0 448 512\"><!--! Font Awesome Pro 6.1.1 by @fontawesome - https:\/\/fontawesome.com License - https:\/\/fontawesome.com\/license (Commercial License) Copyright 2022 Fonticons, Inc. --><path fill=\"ff0000\" style=\"height: 22px\" d=\"M246.6 233.4l-160-160c-12.5-12.5-32.75-12.5-45.25 0s-12.5 32.75 0 45.25L178.8 256l-137.4 137.4c-12.5 12.5-12.5 32.75 0 45.25C47.63 444.9 55.81 448 64 448s16.38-3.125 22.62-9.375l160-160C259.1 266.1 259.1 245.9 246.6 233.4zM438.6 233.4l-160-160c-12.5-12.5-32.75-12.5-45.25 0s-12.5 32.75 0 45.25L370.8 256l-137.4 137.4c-12.5 12.5-12.5 32.75 0 45.25C239.6 444.9 247.8 448 256 448s16.38-3.125 22.62-9.375l160-160C451.1 266.1 451.1 245.9 438.6 233.4z\"\/><\/svg><\/div>',\r\n            });\r\n        });\r\n    });\r\n<\/script>\r\n\r\n<div id=\"block_92859c9e1391ea0cbcb4b75fe180cbee\" class=\"bild-video-slider-fullwidth\">\r\n                        <div class=\"bild-video-slider-fullwidth--slide img-vid-box\">\r\n                                                                                                    <img decoding=\"async\" width=\"1920\" height=\"966\" src=\"https:\/\/www.efaflex.com\/wp-content\/uploads\/2025\/11\/bim-object-efaflex.jpg\" class=\"attachment-bild-fullsize-width size-bild-fullsize-width\" alt=\"\" srcset=\"https:\/\/www.efaflex.com\/wp-content\/uploads\/2025\/11\/bim-object-efaflex.jpg 1920w, https:\/\/www.efaflex.com\/wp-content\/uploads\/2025\/11\/bim-object-efaflex-300x151.jpg 300w, https:\/\/www.efaflex.com\/wp-content\/uploads\/2025\/11\/bim-object-efaflex-768x386.jpg 768w, https:\/\/www.efaflex.com\/wp-content\/uploads\/2025\/11\/bim-object-efaflex-1024x515.jpg 1024w, https:\/\/www.efaflex.com\/wp-content\/uploads\/2025\/11\/bim-object-efaflex-1536x773.jpg 1536w\" sizes=\"(max-width: 1920px) 100vw, 1920px\" \/>                    \r\n                                                <\/div>\r\n            <\/div>\n\n\r\n\r\n<div id=\"breadcrump-block_fff56393fc11715496f68a11dd8431ac\" class=\"inner\">\r\n        <nav class=\"breadcrumb\"><a href=\"https:\/\/www.efaflex.com\/fr\/\">Page d&#8217;accueil<\/a> \/ <span class=\"current-page\">Page<\/span><\/nav>    <\/div>\n\n\n<div style=\"height:100px\" aria-hidden=\"true\" class=\"wp-block-spacer\"><\/div>\n\n\n\r\n\r\n<div id=\"textmodul-3-spalten-block_685a4b0493e1d5218eaff044448231bd\" class=\"textmodul-3-spalten\">\r\n    <div class=\"inner\">\r\n        <div class=\"custom-flex-box\">\r\n                            <h1 class=\"flex-box-thirty break headline-two\">Services intelligents<\/h1>                        <div class=\"flex-box-thirty\"><p>Notre monde est connect\u00e9 num\u00e9riquement dans tous les domaines. Les portes rapides d\u2019EFAFLEX peuvent elles aussi \u00eatre int\u00e9gr\u00e9es dans des processus num\u00e9riques. En tant que fabricant haut de gamme, EFAFLEX propose \u00e9galement une qualit\u00e9 premium dans ses services intelligents, qui peuvent \u00eatre connect\u00e9s et adapt\u00e9s individuellement \u00e0 vos besoins.<\/p>\n<\/div>\r\n            <div class=\"flex-box-thirty\"><\/div>\r\n        <\/div>\r\n    <\/div>\r\n<\/div>\r\n\n\n\n<div style=\"height:100px\" aria-hidden=\"true\" class=\"wp-block-spacer\"><\/div>\n\n\n<div id=\"text-eispaltig-block_9c219ab29ef8498aca1deb7dc62eb8ab\" class=\"block-text-eispaltig inner\">\r\n    <div class=\"block-text-eispaltig-content\">\r\n                    <h2 class=\"headline-two\">Nos services intelligents<\/h2>                <p data-start=\"66\" data-end=\"352\">EFAFLEX propose trois services intelligents diff\u00e9rents con\u00e7us pour r\u00e9pondre \u00e0 vos besoins : EFA-SmartConnect\u00ae, EFA-SmartBuilding et EFA-SmartAssist\u00ae. De l\u2019infrastructure du b\u00e2timent \u00e0 l\u2019outil unique de maintenance \u00e0 distance digitale, nous faisons vivre la transformation num\u00e9rique.<\/p>    <\/div>\r\n<\/div>\n\n\n<div style=\"height:100px\" aria-hidden=\"true\" class=\"wp-block-spacer\"><\/div>\n\n\n<div class=\"inner\">\r\n    <div id=\"bild-text-modul-1-3-block_e361c47311a8fcf68d700a54a20a9500\" class=\"themen-container custom-flex-box\">\r\n                                    <div class=\"thema-box flex-box-thirty\">\r\n                                            <div class=\"bild-box\">\r\n                                                                                                                    <img decoding=\"async\" width=\"1286\" height=\"825\" src=\"https:\/\/www.efaflex.com\/wp-content\/uploads\/2025\/09\/efaflex-smartbuilding-header-1.jpg\" class=\"attachment-thementease-thumbnail size-thementease-thumbnail\" alt=\"\" srcset=\"https:\/\/www.efaflex.com\/wp-content\/uploads\/2025\/09\/efaflex-smartbuilding-header-1.jpg 1286w, https:\/\/www.efaflex.com\/wp-content\/uploads\/2025\/09\/efaflex-smartbuilding-header-1-300x192.jpg 300w, https:\/\/www.efaflex.com\/wp-content\/uploads\/2025\/09\/efaflex-smartbuilding-header-1-768x493.jpg 768w, https:\/\/www.efaflex.com\/wp-content\/uploads\/2025\/09\/efaflex-smartbuilding-header-1-1024x657.jpg 1024w\" sizes=\"(max-width: 1286px) 100vw, 1286px\" \/>                                                    <\/div>\r\n                                            \r\n                                                                <h2 class=\"headline-two\">\r\n                                                        EFA-SmartBuilding                        <\/h2>\r\n                    \r\n                        <p class=\"normal-font\">EFA-SmartBuilding permet l\u2019int\u00e9gration transparente des portes EFAFLEX via Modbus TCP\/IP dans un syst\u00e8me de gestion de b\u00e2timent centralis\u00e9. Cela permet de contr\u00f4ler et de g\u00e9rer les portes EFAFLEX de mani\u00e8re centrale et efficace, en association avec d\u2019autres composants intelligents du b\u00e2timent.<\/p>\r\n                                                                                                                                                                                                        <a href=\"https:\/\/www.efaflex.com\/fr\/service-apres-vente\/services-intelligents\/efa-smartbuilding\/\" class=\"load-more-button\">En savoir plus<\/a>\r\n                                                                                                                                    <\/div>\r\n                            <div class=\"thema-box flex-box-thirty\">\r\n                                            <div class=\"bild-box\">\r\n                                                                                                                    <img decoding=\"async\" width=\"1000\" height=\"681\" src=\"https:\/\/www.efaflex.com\/wp-content\/uploads\/2025\/07\/efaflex-smartassist-service-support-mobile.jpg\" class=\"attachment-thementease-thumbnail size-thementease-thumbnail\" alt=\"\" srcset=\"https:\/\/www.efaflex.com\/wp-content\/uploads\/2025\/07\/efaflex-smartassist-service-support-mobile.jpg 1000w, https:\/\/www.efaflex.com\/wp-content\/uploads\/2025\/07\/efaflex-smartassist-service-support-mobile-300x204.jpg 300w, https:\/\/www.efaflex.com\/wp-content\/uploads\/2025\/07\/efaflex-smartassist-service-support-mobile-768x523.jpg 768w\" sizes=\"(max-width: 1000px) 100vw, 1000px\" \/>                                                    <\/div>\r\n                                            \r\n                                                                <h2 class=\"headline-two\">\r\n                                                        EFA-SmartAssist\u00ae                        <\/h2>\r\n                    \r\n                        <p class=\"normal-font\">Avec EFA-SmartAssist\u00ae, EFAFLEX propose un outil unique de service client digital offrant une assistance rapide et directe \u00e0 distance. Gr\u00e2ce \u00e0 une connexion vid\u00e9o en direct s\u00e9curis\u00e9e, le syst\u00e8me permet une communication visuelle directe entre les clients, les techniciens de service et les experts \u2013 sans besoin d\u2019intervention sur site.<\/p>\r\n                                                                                                                                                                                                        <a href=\"https:\/\/www.efaflex.com\/fr\/service-apres-vente\/services-intelligents\/efa-smartassist\/\" class=\"load-more-button\">En savoir plus<\/a>\r\n                                                                                                                                    <\/div>\r\n                            <div class=\"thema-box flex-box-thirty\">\r\n                                            <div class=\"bild-box\">\r\n                                                                                                                    <img decoding=\"async\" width=\"1246\" height=\"966\" src=\"https:\/\/www.efaflex.com\/wp-content\/uploads\/2022\/06\/peripherie-zubehoer-industrietore-efa-smartconnect-produkte-header-efaflex.jpg\" class=\"attachment-thementease-thumbnail size-thementease-thumbnail\" alt=\"\" srcset=\"https:\/\/www.efaflex.com\/wp-content\/uploads\/2022\/06\/peripherie-zubehoer-industrietore-efa-smartconnect-produkte-header-efaflex.jpg 1246w, https:\/\/www.efaflex.com\/wp-content\/uploads\/2022\/06\/peripherie-zubehoer-industrietore-efa-smartconnect-produkte-header-efaflex-300x233.jpg 300w, https:\/\/www.efaflex.com\/wp-content\/uploads\/2022\/06\/peripherie-zubehoer-industrietore-efa-smartconnect-produkte-header-efaflex-1024x794.jpg 1024w, https:\/\/www.efaflex.com\/wp-content\/uploads\/2022\/06\/peripherie-zubehoer-industrietore-efa-smartconnect-produkte-header-efaflex-768x595.jpg 768w\" sizes=\"(max-width: 1246px) 100vw, 1246px\" \/>                                                    <\/div>\r\n                                            \r\n                                                                <h2 class=\"headline-two\">\r\n                                                        EFA-SmartConnect\u00ae                        <\/h2>\r\n                    \r\n                        <p class=\"normal-font\">Avec le nouveau EFA-SmartConnect\u00ae, EFAFLEX propose la solution IoT pour des portes connect\u00e9es. Il permet la surveillance centralis\u00e9e de toutes les portes en un coup d\u2019\u0153il. Le contr\u00f4le s\u2019effectue via une application simple et conviviale.<\/p>\r\n                                                                                                                                                                                                        <a href=\"https:\/\/www.efaflex.com\/fr\/service-apres-vente\/services-intelligents\/efa-smartconnect\/\" class=\"load-more-button\">En savoir plus<\/a>\r\n                                                                                                                                    <\/div>\r\n                        <\/div>\r\n<\/div>\r\n\n\n\n<div style=\"height:200px\" aria-hidden=\"true\" class=\"wp-block-spacer\"><\/div>\n\n\n<div id=\"contact-modul-block_c381b19591bce9b9b3da0e511f45d732\" class=\"contact-modul contact-modul-thirty\">\r\n    <div class=\"inner\">\r\n        <div class=\"custom-flex-box\">\r\n            <div class=\"flex-box-thirty\">\r\n                                                            <h2>Vous avez des questions ?<\/h2>\r\n                                                                        <\/div>\r\n            <div class=\"flex-box-thirty contact-modul--contact\">\r\n                                                            <span>Prenez contact avec nous.<\/span>\r\n                        <p>Nous sommes l\u00e0 pour vous!<\/p>\r\n                                                                            <a class=\"load-more-button\" href=\"https:\/\/www.efaflex.com\/fr\/contact\/\" target=\"\">Vers le formulaire de contact en ligne<\/a>\r\n                                                                        <\/div>\r\n        <\/div>\r\n    <\/div>\r\n<\/div>\n\n\n<div style=\"height:200px\" aria-hidden=\"true\" class=\"wp-block-spacer\"><\/div>\n\n\n\r\n<div id=\"bild-text-modul-links-rechts-block_214bb6cc011f6ee331d547511af7db32\" class=\"bild-text-modul-container\">\r\n    <div class=\"inner\">\r\n                        \r\n                                    \r\n                            <div id=\"\" class=\"bild-text-modul-rechts bild-text-modul\">\r\n                                <div class=\"custom-flex-box\">\r\n                                    <div class=\"flex-box-fourty text-container\">\r\n                                        <div class=\"text-container-flex\">\r\n                                            <div class=\"text-inner\">\r\n\r\n                                                                                                                                                            <div class=\"text-left-border\">\r\n                                                            <div class=\"text-cut\">\r\n                                                                                                                                    <span>Recherche de produits<\/span>\r\n                                                                \r\n\r\n                                                                                                                                    <h3 class=\"headline-two\">Trouver la bonne porte industrielle en quelques clics.<\/h3>                                                                \r\n\r\n                                                                <p class=\"normal-font full-text\"><\/p>\r\n\r\n                                                            <\/div>\r\n                                                            <div class=\"button-box\">\r\n                                                                                                                                \r\n                                                                                                                                                                                                                                                                                                                                                                <a class=\"load-more-button\" href=\"https:\/\/www.efaflex.com\/fr\/produits\/product-finder\/\">En savoir plus<\/a>\r\n                                                                                                                                                                                                                                                                        <\/div>\r\n                                                        <\/div>\r\n                                                                                                    \r\n                                            <\/div>\r\n                                        <\/div>\r\n                                    <\/div>\r\n                                    <div class=\"flex-box-sixty bild-container\">\r\n                                                                                                                                                                                                                                                                                        <img decoding=\"async\" width=\"1000\" height=\"642\" src=\"https:\/\/www.efaflex.com\/wp-content\/uploads\/2020\/04\/Bau_Keyvisual_EFAFLEX_Voegele_143_komprimiert_1000x642px.png\" class=\"attachment-full size-full\" alt=\"\" srcset=\"https:\/\/www.efaflex.com\/wp-content\/uploads\/2020\/04\/Bau_Keyvisual_EFAFLEX_Voegele_143_komprimiert_1000x642px.png 1000w, https:\/\/www.efaflex.com\/wp-content\/uploads\/2020\/04\/Bau_Keyvisual_EFAFLEX_Voegele_143_komprimiert_1000x642px-300x193.png 300w, https:\/\/www.efaflex.com\/wp-content\/uploads\/2020\/04\/Bau_Keyvisual_EFAFLEX_Voegele_143_komprimiert_1000x642px-768x493.png 768w\" sizes=\"(max-width: 1000px) 100vw, 1000px\" \/>                                                                                                                                                                        <\/div>\r\n                                <\/div>\r\n                            <\/div>\r\n                                    \r\n            \r\n\r\n        \r\n\r\n\r\n        <\/div>\r\n<\/div>\r\n\r\n<style>\r\n    .bild-text-modul {\r\n        scroll-margin-top: 143px;\r\n    }\r\n<\/style>\n\n\n<div style=\"height:200px\" aria-hidden=\"true\" class=\"wp-block-spacer\"><\/div>\n\n\n<div class=\"inner\">\r\n    <div id=\"bild-text-modul-1-3-block_9e849e8a992da654bfb769a7072aeb81\" class=\"themen-container custom-flex-box\">\r\n                                    <div class=\"thema-box flex-box-thirty\">\r\n                                            <div class=\"bild-box\">\r\n                                                                                                                    <img decoding=\"async\" width=\"1246\" height=\"966\" src=\"https:\/\/www.efaflex.com\/wp-content\/uploads\/2025\/11\/schnelllauftore-produkte-industrietore-efaflex.jpg\" class=\"attachment-thementease-thumbnail size-thementease-thumbnail\" alt=\"\" srcset=\"https:\/\/www.efaflex.com\/wp-content\/uploads\/2025\/11\/schnelllauftore-produkte-industrietore-efaflex.jpg 1246w, https:\/\/www.efaflex.com\/wp-content\/uploads\/2025\/11\/schnelllauftore-produkte-industrietore-efaflex-300x233.jpg 300w, https:\/\/www.efaflex.com\/wp-content\/uploads\/2025\/11\/schnelllauftore-produkte-industrietore-efaflex-768x595.jpg 768w, https:\/\/www.efaflex.com\/wp-content\/uploads\/2025\/11\/schnelllauftore-produkte-industrietore-efaflex-1024x794.jpg 1024w\" sizes=\"(max-width: 1246px) 100vw, 1246px\" \/>                                                    <\/div>\r\n                                            \r\n                                                                <h2 class=\"headline-two\">\r\n                                                        Produits                        <\/h2>\r\n                    \r\n                        <p class=\"normal-font\">Nos portes haut de gamme sont rapides et efficaces, s\u00fbres et fiables. Gr\u00e2ce \u00e0 notre d\u00e9partement recherche et d\u00e9veloppement, nous sommes en mesure de trouver la solution parfaite pour r\u00e9pondre aux besoins des clients et de la concr\u00e9tiser.<\/p>\r\n                                                                                                                                                                                                        <a href=\"https:\/\/www.efaflex.com\/fr\/portes-rapides\/\" class=\"load-more-button\">En savoir plus<\/a>\r\n                                                                                                                                    <\/div>\r\n                            <div class=\"thema-box flex-box-thirty\">\r\n                                            <div class=\"bild-box\">\r\n                                                                                                                    <img decoding=\"async\" width=\"923\" height=\"556\" src=\"https:\/\/www.efaflex.com\/wp-content\/uploads\/2022\/07\/unternehmen_bild3.jpg\" class=\"attachment-thementease-thumbnail size-thementease-thumbnail\" alt=\"\" srcset=\"https:\/\/www.efaflex.com\/wp-content\/uploads\/2022\/07\/unternehmen_bild3.jpg 923w, https:\/\/www.efaflex.com\/wp-content\/uploads\/2022\/07\/unternehmen_bild3-300x181.jpg 300w, https:\/\/www.efaflex.com\/wp-content\/uploads\/2022\/07\/unternehmen_bild3-768x463.jpg 768w\" sizes=\"(max-width: 923px) 100vw, 923px\" \/>                                                    <\/div>\r\n                                            \r\n                                                                <h2 class=\"headline-two\">\r\n                                                        Durabilit\u00e9                        <\/h2>\r\n                    \r\n                        <p class=\"normal-font\">En tant qu\u2019entreprise familiale, nous travaillons en pensant aux g\u00e9n\u00e9rations futures. Par cons\u00e9quent, nous fabriquons des portes haut de gamme durables, avec une usure minime et de faibles co\u00fbts d\u2019exploitation en m\u00e9nageant les ressources.<\/p>\r\n                                                                                                                                                                                                        <a href=\"https:\/\/www.efaflex.com\/fr\/entreprise\/durabilite\/\" class=\"load-more-button\">En savoir plus<\/a>\r\n                                                                                                                                    <\/div>\r\n                        <\/div>\r\n<\/div>\r\n\n\n\n<div style=\"height:100px\" aria-hidden=\"true\" class=\"wp-block-spacer\"><\/div>\n\n\n\n<p><\/p>\n","protected":false},"excerpt":{"rendered":"","protected":false},"author":38,"featured_media":0,"parent":21129,"menu_order":21,"comment_status":"closed","ping_status":"closed","template":"","meta":{"_acf_changed":false,"footnotes":""},"categories":[],"tags":[],"class_list":["post-34063","page","type-page","status-publish","hentry"],"acf":[],"_links":{"self":[{"href":"https:\/\/www.efaflex.com\/fr\/wp-json\/wp\/v2\/pages\/34063","targetHints":{"allow":["GET"]}}],"collection":[{"href":"https:\/\/www.efaflex.com\/fr\/wp-json\/wp\/v2\/pages"}],"about":[{"href":"https:\/\/www.efaflex.com\/fr\/wp-json\/wp\/v2\/types\/page"}],"author":[{"embeddable":true,"href":"https:\/\/www.efaflex.com\/fr\/wp-json\/wp\/v2\/users\/38"}],"replies":[{"embeddable":true,"href":"https:\/\/www.efaflex.com\/fr\/wp-json\/wp\/v2\/comments?post=34063"}],"version-history":[{"count":8,"href":"https:\/\/www.efaflex.com\/fr\/wp-json\/wp\/v2\/pages\/34063\/revisions"}],"predecessor-version":[{"id":36966,"href":"https:\/\/www.efaflex.com\/fr\/wp-json\/wp\/v2\/pages\/34063\/revisions\/36966"}],"up":[{"embeddable":true,"href":"https:\/\/www.efaflex.com\/fr\/wp-json\/wp\/v2\/pages\/21129"}],"wp:attachment":[{"href":"https:\/\/www.efaflex.com\/fr\/wp-json\/wp\/v2\/media?parent=34063"}],"wp:term":[{"taxonomy":"category","embeddable":true,"href":"https:\/\/www.efaflex.com\/fr\/wp-json\/wp\/v2\/categories?post=34063"},{"taxonomy":"post_tag","embeddable":true,"href":"https:\/\/www.efaflex.com\/fr\/wp-json\/wp\/v2\/tags?post=34063"}],"curies":[{"name":"wp","href":"https:\/\/api.w.org\/{rel}","templated":true}]}}