{"id":22456,"date":"2024-04-29T08:25:36","date_gmt":"2024-04-29T06:25:36","guid":{"rendered":"https:\/\/www.efaflex.com\/?post_type=produktdetail&#038;p=22456"},"modified":"2026-02-23T16:49:16","modified_gmt":"2026-02-23T15:49:16","slug":"efa-sst-alux","status":"publish","type":"produktdetail","link":"https:\/\/www.efaflex.com\/fr\/portes-rapides\/portes-a-spirale\/next-generation\/efa-sst-alux\/","title":{"rendered":"Porte rapide \u00e0 spirale EFA-SST\u00ae Alux"},"content":{"rendered":"\r\n<script type=\"application\/javascript\">\r\n    window.addEventListener('DOMContentLoaded', function() {\r\n        jQuery(document).ready(function($){\r\n            var sliderid = \"block_495b44e9ea68788bfbfa4f6ae0473843\";\r\n            $('#'+sliderid).slick({\r\n                infinite: true,\r\n                dots: false,\r\n                lazyLoad: 'ondemand',\r\n                autoplay: false,\r\n                arrows: true,\r\n                fade: true,\r\n                speed: 500,\r\n                pauseOnHover: false,\r\n                prevArrow: '<div class=\"slick-prev slick-button\"><svg xmlns=\"http:\/\/www.w3.org\/2000\/svg\" viewBox=\"0 0 448 512\"><!--! Font Awesome Pro 6.1.1 by @fontawesome - https:\/\/fontawesome.com License - https:\/\/fontawesome.com\/license (Commercial License) Copyright 2022 Fonticons, Inc. --><path d=\"M77.25 256l137.4-137.4c12.5-12.5 12.5-32.75 0-45.25s-32.75-12.5-45.25 0l-160 160c-12.5 12.5-12.5 32.75 0 45.25l160 160C175.6 444.9 183.8 448 192 448s16.38-3.125 22.62-9.375c12.5-12.5 12.5-32.75 0-45.25L77.25 256zM269.3 256l137.4-137.4c12.5-12.5 12.5-32.75 0-45.25s-32.75-12.5-45.25 0l-160 160c-12.5 12.5-12.5 32.75 0 45.25l160 160C367.6 444.9 375.8 448 384 448s16.38-3.125 22.62-9.375c12.5-12.5 12.5-32.75 0-45.25L269.3 256z\"\/><\/svg><\/div>',\r\n                nextArrow: '<div class=\"slick-next slick-button\"><svg xmlns=\"http:\/\/www.w3.org\/2000\/svg\" viewBox=\"0 0 448 512\"><!--! Font Awesome Pro 6.1.1 by @fontawesome - https:\/\/fontawesome.com License - https:\/\/fontawesome.com\/license (Commercial License) Copyright 2022 Fonticons, Inc. --><path fill=\"ff0000\" style=\"height: 22px\" d=\"M246.6 233.4l-160-160c-12.5-12.5-32.75-12.5-45.25 0s-12.5 32.75 0 45.25L178.8 256l-137.4 137.4c-12.5 12.5-12.5 32.75 0 45.25C47.63 444.9 55.81 448 64 448s16.38-3.125 22.62-9.375l160-160C259.1 266.1 259.1 245.9 246.6 233.4zM438.6 233.4l-160-160c-12.5-12.5-32.75-12.5-45.25 0s-12.5 32.75 0 45.25L370.8 256l-137.4 137.4c-12.5 12.5-12.5 32.75 0 45.25C239.6 444.9 247.8 448 256 448s16.38-3.125 22.62-9.375l160-160C451.1 266.1 451.1 245.9 438.6 233.4z\"\/><\/svg><\/div>',\r\n            });\r\n        });\r\n    });\r\n<\/script>\r\n\r\n<div id=\"block_495b44e9ea68788bfbfa4f6ae0473843\" class=\"bild-video-text-slider block-header-bild-video-text-slider\">\r\n                        <div>\r\n                <div class=\"bild-video-text-slider--slide\">\r\n                                            <div class=\"img-vid-box\">\r\n                            <div class=\"img-sizer\">\r\n                                <img decoding=\"async\" width=\"1920\" height=\"800\" src=\"https:\/\/www.efaflex.com\/wp-content\/uploads\/2024\/04\/Efaflex_0086-bearbeitet-min-1920x800.jpg\" class=\"attachment-image-big size-image-big\" alt=\"\" \/>                            <\/div>\r\n                        <\/div>\r\n                        <div class=\"video-text\">\r\n                            <h1>Porte rapide \u00e0 spirale <span class=\"highlighted\">EFA-SST\u00ae Alux.<\/span><\/h1>\n                        <\/div>\r\n                                    <\/div>\r\n\r\n            <\/div>\r\n            <\/div>\n\n\n<div style=\"height:100px\" aria-hidden=\"true\" class=\"wp-block-spacer\"><\/div>\n\n\n\r\n\r\n<div id=\"textmodul-3-spalten-block_d7bd5654e3befc046c48713c0826a79c\" class=\"textmodul-3-spalten\">\r\n    <div class=\"inner\">\r\n        <div class=\"custom-flex-box\">\r\n                            <h2 class=\"flex-box-thirty break headline-two\">La classique r\u00e9sistante.<\/h2>                        <div class=\"flex-box-thirty\"><p>Gr\u00e2ce \u00e0 ses lames en aluminium \u00e0 double paroi, l\u2019EFA-SST\u00ae Alux est tr\u00e8s robuste dans sa construction et peut effectuer jusqu\u2019\u00e0 500 000 cycles en alternance par an. De plus, la porte se distingue par une classe de vent maximale de 5, ce qui permet de l\u2019utiliser m\u00eame sous les plus fortes charges de vent.<\/p>\n<\/div>\r\n            <div class=\"flex-box-thirty\"><\/div>\r\n        <\/div>\r\n    <\/div>\r\n<\/div>\r\n\n\n\n<div style=\"height:100px\" aria-hidden=\"true\" class=\"wp-block-spacer\"><\/div>\n\n\n\r\n<div id=\"plattform-konzept-block_c6f8655aaa84a54efa136136492b0187\" class=\"plattform-konzept\">\r\n    <div class=\"inner\">\r\n        <h2>\r\n            Portes rapides Next Generation            <span>La \u201cNext Generation\u201d comprend quatre types de portes dans les trois variantes Premium, Eco et Basic, toutes bas\u00e9es sur un m\u00eame concept. Chaque porte peut \u00eatre configur\u00e9e et con\u00e7ue individuellement selon le principe du Baukausten, de sorte qu\u2019il existe au total douze portes diff\u00e9rentes pour les besoins et les applications les plus divers. Les souhaits particuliers peuvent \u00e9galement \u00eatre r\u00e9alis\u00e9s rapidement et facilement.<\/span>\r\n                                        <a href=\"https:\/\/www.efaflex.com\/fr\/portes-rapides\/portes-a-spirale\/next-generation\/\" class=\"load-more-button\">Voir tous<\/a>\r\n                    <\/h2>\r\n        <div class=\"plattform-konzept--module\">\r\n            <div class=\"plattform-konzept--module-modul\">\r\n                                                <a href=\"https:\/\/www.efaflex.com\/fr\/portes-rapides\/portes-a-spirale\/next-generation\/efa-sst-therm\/\" class=\"modul-inner\">\r\n                                                                        <img decoding=\"async\" src=\"https:\/\/www.efaflex.com\/wp-content\/uploads\/2024\/04\/efa-sst-therm-plattform-tor-efaflex.jpg\" \/>\r\n                                                <p><strong>EFA-SST\u00ae Therm<\/strong><\/p>\n                                        <\/a>\r\n                        <\/div>\r\n        <div class=\"plattform-konzept--module-modul\">\r\n                                    <a href=\"https:\/\/www.efaflex.com\/fr\/portes-rapides\/portes-a-spirale\/next-generation\/efa-sst-alux\/\" class=\"modul-inner\">\r\n                                                            <img decoding=\"async\" src=\"https:\/\/www.efaflex.com\/wp-content\/uploads\/2024\/04\/efa-sst-alux-plattform-tor-efaflex.jpg\" \/>\r\n                                        <p><strong>EFA-SST\u00ae Alux<\/strong><\/p>\n                                <\/a>\r\n                    <\/div>\r\n    <div class=\"plattform-konzept--module-modul\">\r\n                    <img decoding=\"async\" src=\"https:\/\/www.efaflex.com\/wp-content\/uploads\/2024\/04\/plattform-tor-geruest-rahmen-efaflex.png\" \/>\r\n            <\/div>\r\n    <div class=\"plattform-konzept--module-modul\">\r\n                        <a href=\"https:\/\/www.efaflex.com\/fr\/portes-rapides\/portes-a-spirale\/next-generation\/efa-stt-clear\/\" class=\"modul-inner\">\r\n                                                <img decoding=\"async\" src=\"https:\/\/www.efaflex.com\/wp-content\/uploads\/2024\/04\/efa-sst-clear-plattform-tor-efaflex.jpg\" \/>\r\n                                <p><strong>EFA-STT\u00ae Clear<\/strong><\/p>\n                        <\/a>\r\n        <\/div>\r\n<div class=\"plattform-konzept--module-modul\">\r\n            <a href=\"https:\/\/www.efaflex.com\/fr\/portes-rapides\/portes-a-spirale\/next-generation\/efa-str-flex\/\" class=\"modul-inner\">\r\n                                    <img decoding=\"async\" src=\"https:\/\/www.efaflex.com\/wp-content\/uploads\/2024\/04\/efa-str-flex-plattform-tor-efaflex.jpg\" \/>\r\n                        <p><strong>EFA-STR\u00ae Flex<\/strong><\/p>\n                <\/a>\r\n    <\/div>\r\n<\/div>\r\n<\/div>\r\n<\/div>\n\n\n<div style=\"height:100px\" aria-hidden=\"true\" class=\"wp-block-spacer\"><\/div>\n\n\n\r\n\r\n<script type=\"application\/javascript\">\r\n    window.addEventListener('DOMContentLoaded', function() {\r\n        jQuery(document).ready(function($){\r\n            $('.slider-produktvergleich').slick({\r\n                infinite: true,\r\n                dots: false,\r\n                lazyLoad: 'ondemand',\r\n                arrows: false,\r\n                fade: true,\r\n                speed: 500,\r\n                pauseOnHover: true,\r\n                asNavFor: '.slider-produktvergleich-nav',\r\n            });\r\n\r\n            $('.slider-produktvergleich-nav').slick({\r\n                infinite: true,\r\n                dots: false,\r\n                lazyLoad: 'ondemand',\r\n                arrows: true,\r\n                fade: false,\r\n                speed: 500,\r\n                pauseOnHover: true,\r\n                asNavFor: '.slider-produktvergleich',\r\n                focusOnSelect: true,\r\n                slidesToShow: 4,\r\n                slidesToScroll: 1,\r\n                swipeToSlide: true,\r\n                prevArrow: '<div class=\"slick-prev slick-button\"><svg xmlns=\"http:\/\/www.w3.org\/2000\/svg\" viewBox=\"0 0 448 512\"><!--! Font Awesome Pro 6.1.1 by @fontawesome - https:\/\/fontawesome.com License - https:\/\/fontawesome.com\/license (Commercial License) Copyright 2022 Fonticons, Inc. --><path d=\"M77.25 256l137.4-137.4c12.5-12.5 12.5-32.75 0-45.25s-32.75-12.5-45.25 0l-160 160c-12.5 12.5-12.5 32.75 0 45.25l160 160C175.6 444.9 183.8 448 192 448s16.38-3.125 22.62-9.375c12.5-12.5 12.5-32.75 0-45.25L77.25 256zM269.3 256l137.4-137.4c12.5-12.5 12.5-32.75 0-45.25s-32.75-12.5-45.25 0l-160 160c-12.5 12.5-12.5 32.75 0 45.25l160 160C367.6 444.9 375.8 448 384 448s16.38-3.125 22.62-9.375c12.5-12.5 12.5-32.75 0-45.25L269.3 256z\"\/><\/svg><\/div>',\r\n                nextArrow: '<div class=\"slick-next slick-button\"><svg xmlns=\"http:\/\/www.w3.org\/2000\/svg\" viewBox=\"0 0 448 512\"><!--! Font Awesome Pro 6.1.1 by @fontawesome - https:\/\/fontawesome.com License - https:\/\/fontawesome.com\/license (Commercial License) Copyright 2022 Fonticons, Inc. --><path fill=\"ff0000\" style=\"height: 22px\" d=\"M246.6 233.4l-160-160c-12.5-12.5-32.75-12.5-45.25 0s-12.5 32.75 0 45.25L178.8 256l-137.4 137.4c-12.5 12.5-12.5 32.75 0 45.25C47.63 444.9 55.81 448 64 448s16.38-3.125 22.62-9.375l160-160C259.1 266.1 259.1 245.9 246.6 233.4zM438.6 233.4l-160-160c-12.5-12.5-32.75-12.5-45.25 0s-12.5 32.75 0 45.25L370.8 256l-137.4 137.4c-12.5 12.5-12.5 32.75 0 45.25C239.6 444.9 247.8 448 256 448s16.38-3.125 22.62-9.375l160-160C451.1 266.1 451.1 245.9 438.6 233.4z\"\/><\/svg><\/div>',\r\n                responsive: [\r\n                    {\r\n                        breakpoint: 768,\r\n                        settings: {\r\n                            slidesToShow: 3,\r\n                        }\r\n                    },\r\n                    {\r\n                        breakpoint: 480,\r\n                        settings: {\r\n                            slidesToShow: 2,\r\n                        }\r\n                    }\r\n                ]\r\n            });\r\n        });\r\n    });\r\n<\/script>\r\n\r\n<div class=\"inner slider-produktvergleich-container\">\r\n    <div class=\"slider-produktvergleich-container--flex\">\r\n        <div id=\"slider-produktvergleich-block_c95ebb66ac8c3bba7d5e15ba7426f421\" class=\"slider-produktvergleich\">\r\n                                                <div class=\"single-slide\">\r\n                        <div class=\"single-slide-img-area\">\r\n                                                                                                                    <img decoding=\"async\" width=\"856\" height=\"720\" src=\"https:\/\/www.efaflex.com\/wp-content\/uploads\/2024\/04\/290_efa-alux-30-225-linierung_edit-856x720.png\" class=\"attachment-slider-produktvergleich-full size-slider-produktvergleich-full\" alt=\"\" \/>                                                    <\/div>\r\n                    <\/div>\r\n                                    <div class=\"single-slide\">\r\n                        <div class=\"single-slide-img-area\">\r\n                                                                                                                    <img decoding=\"async\" width=\"1083\" height=\"720\" src=\"https:\/\/www.efaflex.com\/wp-content\/uploads\/2024\/04\/Efaflex_0069_bearbeitet-1083x720.jpg\" class=\"attachment-slider-produktvergleich-full size-slider-produktvergleich-full\" alt=\"\" srcset=\"https:\/\/www.efaflex.com\/wp-content\/uploads\/2024\/04\/Efaflex_0069_bearbeitet-1083x720.jpg 1083w, https:\/\/www.efaflex.com\/wp-content\/uploads\/2024\/04\/Efaflex_0069_bearbeitet-300x200.jpg 300w, https:\/\/www.efaflex.com\/wp-content\/uploads\/2024\/04\/Efaflex_0069_bearbeitet-768x512.jpg 768w, https:\/\/www.efaflex.com\/wp-content\/uploads\/2024\/04\/Efaflex_0069_bearbeitet-382x254.jpg 382w\" sizes=\"(max-width: 1083px) 100vw, 1083px\" \/>                                                    <\/div>\r\n                    <\/div>\r\n                                    <\/div>\r\n\r\n        <div class=\"single-slide-text-area\">\r\n            <h2>EFA-SST\u00ae Alux en r\u00e9sum\u00e9:<\/h2>\n<ul>\n<li>Lames en aluminium \u00e0 double paroi<\/li>\n<li>Vitesse d\u2019ouverture jusqu\u2019\u00e0 2,5 m\/s<\/li>\n<li>Vitesse de fermeture jusqu\u2019\u00e0 1,0 m\/s<\/li>\n<li>R\u00e9sistance au vent maximale pour la classe de vent 5<\/li>\n<li>EFA-TLG\u00ae en standard pour les variantes de porte Premium et ECO<\/li>\n<li>Variante premium: jusqu\u2019\u00e0 500 000 cycles en alternance par an<\/li>\n<li>Dimensions standards jusqu\u2019\u00e0 l = 5 000 mm, h = 5 100 mm<\/li>\n<\/ul>\n        <\/div>\r\n    <\/div>\r\n\r\n    <div class=\"slider-produktvergleich-nav\">\r\n                                    <div class=\"single-nav-slide\">\r\n                                                            <div class=\"img-box\" style=\"background-image: url('https:\/\/www.efaflex.com\/wp-content\/uploads\/2024\/04\/290_efa-alux-30-225-linierung_edit-382x254.png')\"><\/div>\r\n                <\/div>\r\n                            <div class=\"single-nav-slide\">\r\n                                                            <div class=\"img-box\" style=\"background-image: url('https:\/\/www.efaflex.com\/wp-content\/uploads\/2024\/04\/Efaflex_0069_bearbeitet-382x254.jpg')\"><\/div>\r\n                <\/div>\r\n                        <\/div>\r\n<\/div>\n\n\n<div style=\"height:100px\" aria-hidden=\"true\" class=\"wp-block-spacer\"><\/div>\n\n\n\r\n    <div class=\"inner\">\r\n        <div  class=\"dan_akkordeon block_4f29a84725155435351096a9ef2c0857\">\r\n            <h2>D\u00e9tails<\/h2>\r\n                            <div class=\"dan_akkordeon_wrapper\">\r\n                    <div class=\"dan_akkordeon_wrapper--header\">\r\n                        <div class=\"content--title\">\r\n                            Robustesse exceptionelle                            <img decoding=\"async\" class=\"dan_akkordeon_wrapper--open\" src=\"https:\/\/www.efaflex.com\/wp-content\/themes\/efaflex\/assets\/img\/after-button-arrows.svg\" alt=\"Open\">\r\n                        <\/div>\r\n                    <\/div>\r\n                    <div class=\"dan_akkordeon_wrapper--content\">\r\n                        <p>L\u2019EFA-SST\u00ae Alux est particuli\u00e8rement stable et se caract\u00e9rise par la classe de vent maximale 5. La porte s\u2019ouvre et se ferme de mani\u00e8re fiable et \u00e0 tout moment, m\u00eame en cas de charge de vent maximale.<\/p>\n                                            <\/div>\r\n                <\/div>\r\n                            <div class=\"dan_akkordeon_wrapper\">\r\n                    <div class=\"dan_akkordeon_wrapper--header\">\r\n                        <div class=\"content--title\">\r\n                            Couvercle de montant pivotant                            <img decoding=\"async\" class=\"dan_akkordeon_wrapper--open\" src=\"https:\/\/www.efaflex.com\/wp-content\/themes\/efaflex\/assets\/img\/after-button-arrows.svg\" alt=\"Open\">\r\n                        <\/div>\r\n                    <\/div>\r\n                    <div class=\"dan_akkordeon_wrapper--content\">\r\n                        <p>Les couvercles de montants pivotants facilitent la maintenance et permettent un acc\u00e8s rapide en cas de besoin. En combinaison avec EFA-SmartAssist\u00ae, un diagnostic \u00e0 distance facile est ainsi possible \u00e0 tout moment. Pour les variantes Eco et Basic, l&#8217;\u00e9quipement suppl\u00e9mentaire est disponible moyennant un suppl\u00e9ment de prix.<\/p>\n                                            <\/div>\r\n                <\/div>\r\n                            <div class=\"dan_akkordeon_wrapper\">\r\n                    <div class=\"dan_akkordeon_wrapper--header\">\r\n                        <div class=\"content--title\">\r\n                            Fonctionnalit\u00e9s de s\u00e9curit\u00e9                            <img decoding=\"async\" class=\"dan_akkordeon_wrapper--open\" src=\"https:\/\/www.efaflex.com\/wp-content\/themes\/efaflex\/assets\/img\/after-button-arrows.svg\" alt=\"Open\">\r\n                        <\/div>\r\n                    <\/div>\r\n                    <div class=\"dan_akkordeon_wrapper--content\">\r\n                        <p>La porte est \u00e9quip\u00e9e de notre barri\u00e8re lumineuse de ligne de but EFA-TLG\u00ae dans les variantes Premium et Eco. Pour la variante Basic, elle peut \u00eatre achet\u00e9e moyennant un suppl\u00e9ment. La d\u00e9tection de rupture de ressort am\u00e9liore la s\u00e9curit\u00e9 et est int\u00e9gr\u00e9e dans les deux montants. Un verrouillage \u00e0 p\u00eane rend la maintenance n\u00e9cessaire nettement plus s\u00fbre, car le p\u00eane dans le rail emp\u00eache tout mouvement involontaire de la porte.<\/p>\n                                            <\/div>\r\n                <\/div>\r\n                            <div class=\"dan_akkordeon_wrapper\">\r\n                    <div class=\"dan_akkordeon_wrapper--header\">\r\n                        <div class=\"content--title\">\r\n                            Adaptable de mani\u00e8re flexible                            <img decoding=\"async\" class=\"dan_akkordeon_wrapper--open\" src=\"https:\/\/www.efaflex.com\/wp-content\/themes\/efaflex\/assets\/img\/after-button-arrows.svg\" alt=\"Open\">\r\n                        <\/div>\r\n                    <\/div>\r\n                    <div class=\"dan_akkordeon_wrapper--content\">\r\n                        <p>Outre le panneau final standard droite, une variante inclin\u00e9e est \u00e9galement disponible. Cela permet une fermeture de porte affleurante en cas d\u2019irr\u00e9gularit\u00e9s du sol et peut compenser des diff\u00e9rences allant jusqu\u2019\u00e0 200 millim\u00e8tres. Selon les besoins, il existe une version en m\u00e9tal rigide ou en caoutchouc flexible.<\/p>\n                                            <\/div>\r\n                <\/div>\r\n                            <div class=\"dan_akkordeon_wrapper\">\r\n                    <div class=\"dan_akkordeon_wrapper--header\">\r\n                        <div class=\"content--title\">\r\n                            Commande                            <img decoding=\"async\" class=\"dan_akkordeon_wrapper--open\" src=\"https:\/\/www.efaflex.com\/wp-content\/themes\/efaflex\/assets\/img\/after-button-arrows.svg\" alt=\"Open\">\r\n                        <\/div>\r\n                    <\/div>\r\n                    <div class=\"dan_akkordeon_wrapper--content\">\r\n                        <p>Pour les variantes de porte Premium et Eco diff\u00e9rentes configurations de commande sont possibles pour EFA-TRONIC\u00ae : au mur ou int\u00e9gr\u00e9 dans le caisson du tablier pour gagner de la place. De plus, avec EFA-TRONIC\u00ae Light et EFA-TRONIC\u00ae Professional, nous proposons des solutions de commande adapt\u00e9es \u00e0 chaque besoin.<\/p>\n                                            <\/div>\r\n                <\/div>\r\n                    <\/div>\r\n    <\/div>\r\n    <script type=\"application\/ld+json\">{\"@context\":\"https:\/\/schema.org\",\"@type\":\"ItemList\",\"name\":\"D\u00e9tails\",\"itemListElement\":[{\"@type\":\"ListItem\",\"position\":1,\"name\":\"Robustesse exceptionelle\",\"description\":\"L\u2019EFA-SST\u00ae Alux est particuli\u00e8rement stable et se caract\u00e9rise par la classe de vent maximale 5. La porte s\u2019ouvre et se ferme de mani\u00e8re fiable et \u00e0 tout moment, m\u00eame en cas de charge de vent maximale.\"},{\"@type\":\"ListItem\",\"position\":2,\"name\":\"Couvercle de montant pivotant\",\"description\":\"Les couvercles de montants pivotants facilitent la maintenance et permettent un acc\u00e8s rapide en cas de besoin. En combinaison avec EFA-SmartAssist\u00ae, un diagnostic \u00e0 distance facile est ainsi possible \u00e0 tout moment. Pour les variantes Eco et Basic, l&#8217;\u00e9quipement suppl\u00e9mentaire est disponible moyennant un suppl\u00e9ment de prix.\"},{\"@type\":\"ListItem\",\"position\":3,\"name\":\"Fonctionnalit\u00e9s de s\u00e9curit\u00e9\",\"description\":\"La porte est \u00e9quip\u00e9e de notre barri\u00e8re lumineuse de ligne de but EFA-TLG\u00ae dans les variantes Premium et Eco. Pour la variante Basic, elle peut \u00eatre achet\u00e9e moyennant un suppl\u00e9ment. La d\u00e9tection de rupture de ressort am\u00e9liore la s\u00e9curit\u00e9 et est int\u00e9gr\u00e9e dans les deux montants. Un verrouillage \u00e0 p\u00eane rend la maintenance n\u00e9cessaire nettement plus s\u00fbre, car le p\u00eane dans le rail emp\u00eache tout mouvement involontaire de la porte.\"},{\"@type\":\"ListItem\",\"position\":4,\"name\":\"Adaptable de mani\u00e8re flexible\",\"description\":\"Outre le panneau final standard droite, une variante inclin\u00e9e est \u00e9galement disponible. Cela permet une fermeture de porte affleurante en cas d\u2019irr\u00e9gularit\u00e9s du sol et peut compenser des diff\u00e9rences allant jusqu\u2019\u00e0 200 millim\u00e8tres. Selon les besoins, il existe une version en m\u00e9tal rigide ou en caoutchouc flexible.\"},{\"@type\":\"ListItem\",\"position\":5,\"name\":\"Commande\",\"description\":\"Pour les variantes de porte Premium et Eco diff\u00e9rentes configurations de commande sont possibles pour EFA-TRONIC\u00ae : au mur ou int\u00e9gr\u00e9 dans le caisson du tablier pour gagner de la place. De plus, avec EFA-TRONIC\u00ae Light et EFA-TRONIC\u00ae Professional, nous proposons des solutions de commande adapt\u00e9es \u00e0 chaque besoin.\"}]}<\/script><script type=\"application\/javascript\">\r\n    window.addEventListener('DOMContentLoaded', function() {\r\n        jQuery(document).ready(function($) {\r\n            $(\".block_4f29a84725155435351096a9ef2c0857\").danAkkordeon({\r\n                \"animate\": true, \/\/ \u00d6ffnet mit Slide Effekt\r\n                \"close\": true, \/\/ Schliesst automatisch das ge\u00f6ffneten Akkordeon bei \u00f6ffnen eines anderen Tabs\r\n                \"focus\": false, \/\/ Scrollt zum ge\u00f6ffnete Akkoredon\r\n                \"offset\": 200 \/\/ Abstand von Top zum ge\u00f6ffneten Akkordeon, Focus muss True sein\r\n            });\r\n        });\r\n    });\r\n<\/script>\r\n\n\n\n<div style=\"height:200px\" aria-hidden=\"true\" class=\"wp-block-spacer\"><\/div>\n\n\n\r\n<div id=\"benefits-modul-block_3bb311bddc5867d85743e2b17930b883\" class=\"benefits-modul inner\">\r\n    <h2>Packs: Pour les exigences sp\u00e9ciales, nous proposons en option diff\u00e9rents packs d&#8217;\u00e9quipement dans les variantes Premium et Eco<\/h2>\r\n            <div class=\"custom-flex-box\">\r\n                            <div class=\"flex-box-fifty benefits-modul--benefit\">\r\n                    <img decoding=\"async\" width=\"49\" height=\"49\" src=\"https:\/\/www.efaflex.com\/wp-content\/themes\/efaflex\/assets\/img\/benefits-check.svg\" alt=\"Benefits Check Icon\">\r\n                    <div>\r\n                        Le pack froid est adapt\u00e9 \u00e0 une utilisation dans un environnement de -1 \u00e0 -25 degr\u00e9s.                                            <\/div>\r\n                <\/div>\r\n                            <div class=\"flex-box-fifty benefits-modul--benefit\">\r\n                    <img decoding=\"async\" width=\"49\" height=\"49\" src=\"https:\/\/www.efaflex.com\/wp-content\/themes\/efaflex\/assets\/img\/benefits-check.svg\" alt=\"Benefits Check Icon\">\r\n                    <div>\r\n                        Le pack de processus est utilis\u00e9 dans les domaines de la logistique et de la fabrication.                                            <\/div>\r\n                <\/div>\r\n                            <div class=\"flex-box-fifty benefits-modul--benefit\">\r\n                    <img decoding=\"async\" width=\"49\" height=\"49\" src=\"https:\/\/www.efaflex.com\/wp-content\/themes\/efaflex\/assets\/img\/benefits-check.svg\" alt=\"Benefits Check Icon\">\r\n                    <div>\r\n                        Security 1 avec verrouillage m\u00e9canique peut \u00eatre int\u00e9gr\u00e9e dans un syst\u00e8me d\u2019alarme existant.                                            <\/div>\r\n                <\/div>\r\n                            <div class=\"flex-box-fifty benefits-modul--benefit\">\r\n                    <img decoding=\"async\" width=\"49\" height=\"49\" src=\"https:\/\/www.efaflex.com\/wp-content\/themes\/efaflex\/assets\/img\/benefits-check.svg\" alt=\"Benefits Check Icon\">\r\n                    <div>\r\n                        Security 2 avec verrouillage automatique peut \u00e9galement \u00eatre int\u00e9gr\u00e9e dans un syst\u00e8me d\u2019alarme existant.                                            <\/div>\r\n                <\/div>\r\n                            <div class=\"flex-box-fifty benefits-modul--benefit\">\r\n                    <img decoding=\"async\" width=\"49\" height=\"49\" src=\"https:\/\/www.efaflex.com\/wp-content\/themes\/efaflex\/assets\/img\/benefits-check.svg\" alt=\"Benefits Check Icon\">\r\n                    <div>\r\n                        Gr\u00e2ce \u00e0 la certification UL, nos produits r\u00e9pondent aux exigences internationales les plus strictes en mati\u00e8re de s\u00e9curit\u00e9 et de qualit\u00e9, test\u00e9es et certifi\u00e9es par Underwriters Laboratories.                                            <\/div>\r\n                <\/div>\r\n                    <\/div>\r\n        <div class=\"benefits-modul--links\">\r\n                                    <\/div>\r\n<\/div>\n\n\n<div style=\"height:200px\" aria-hidden=\"true\" class=\"wp-block-spacer\"><\/div>\n\n\n\r\n\r\n<div id=\"bild-text-modul-rechts-zweizeilig-block_68648afba247c786187a0303e96450a0\" class=\"bild-text-modul-zweizeilig-container\">\r\n            \r\n\r\n\r\n            \r\n                                    \r\n                            <div class=\"bild-text-modul-rechts-zweizeilig bild-text-modul-zweizeilig\">\r\n                                <div class=\"custom-flex-box-no-margin\">\r\n                                    <div class=\"flex-box-fifty-no-margin text-container\">\r\n                                        <div class=\"text-container-flex\">\r\n                                            <div class=\"text-inner\">\r\n\r\n                                                                                                                                                            <div class=\"text-left-border\">\r\n                                                            <div class=\"text-cut\">\r\n                                                                                                                                    <span>R\u00e9f\u00e9rences<\/span>\r\n                                                                \r\n                                                                                                                                    <h3 class=\"headline-two medium-h2\">Nos portes convainquent nos clients &#8211; dans le monde entier.<\/h3>                                                                \r\n<!--                                                                <h2 class=\"medium-h2\">--><!--<\/h2>-->\r\n                                                                <p class=\"normal-font full-text\">EFAFLEX est une marque reconnue dans le monde entier non seulement dans le domaine des portes rapides. Les entreprises leaders aux niveaux national et international de tous les secteurs font confiance \u00e0 nos produits.<\/p>\r\n                                                            <\/div>\r\n                                                            <div class=\"button-box\">\r\n                                                                                                                                                                                                    <a href=\"https:\/\/www.efaflex.com\/fr\/produits\/references\/\" target=\"\" class=\"load-more-button\">\r\n                                                                        En savoir plus                                                                    <\/a>\r\n                                                                                                                            <\/div>\r\n                                                        <\/div>\r\n                                                                                                    \r\n                                            <\/div>\r\n                                        <\/div>\r\n                                    <\/div>\r\n                                    <div class=\"flex-box-fifty-no-margin bild-container\">\r\n                                                                                                                                                                                                                                                                                        <img decoding=\"async\" width=\"960\" height=\"720\" src=\"https:\/\/www.efaflex.com\/wp-content\/uploads\/2023\/07\/referenzen-schnelllauftor-grau-efaflex-teaser.jpg\" class=\"attachment-full size-full\" alt=\"\" srcset=\"https:\/\/www.efaflex.com\/wp-content\/uploads\/2023\/07\/referenzen-schnelllauftor-grau-efaflex-teaser.jpg 960w, https:\/\/www.efaflex.com\/wp-content\/uploads\/2023\/07\/referenzen-schnelllauftor-grau-efaflex-teaser-300x225.jpg 300w, https:\/\/www.efaflex.com\/wp-content\/uploads\/2023\/07\/referenzen-schnelllauftor-grau-efaflex-teaser-768x576.jpg 768w\" sizes=\"(max-width: 960px) 100vw, 960px\" \/>                                                                                                                                                                        <\/div>\r\n                                <\/div>\r\n                            <\/div>\r\n                                    \r\n            \r\n\r\n        \r\n\r\n\r\n    <\/div>\n\n\n<div style=\"height:200px\" aria-hidden=\"true\" class=\"wp-block-spacer\"><\/div>\n\n\n<div id=\"contact-modul-block_4d22f5976c13ffd767e3cc892446369b\" class=\"contact-modul contact-modul-thirty\">\r\n    <div class=\"inner\">\r\n        <div class=\"custom-flex-box\">\r\n            <div class=\"flex-box-thirty\">\r\n                                                            <h2>Vous avez des questions ?<\/h2>\r\n                                                                        <\/div>\r\n            <div class=\"flex-box-thirty contact-modul--contact\">\r\n                                                            <span>Prenez contact avec nous.<\/span>\r\n                        <p>Nous sommes l\u00e0 pour vous!<\/p>\r\n                                                                            <a class=\"load-more-button\" href=\"https:\/\/www.efaflex.com\/fr\/contact\/\" target=\"\">Vers le formulaire de contact en ligne<\/a>\r\n                                                                        <\/div>\r\n        <\/div>\r\n    <\/div>\r\n<\/div>\n\n\n<div style=\"height:100px\" aria-hidden=\"true\" class=\"wp-block-spacer\"><\/div>\n\n\n<div class=\"inner\">\r\n    <div id=\"bild-text-modul-1-3-block_6752d4c634702f32081c76f6442ad5c7\" class=\"themen-container custom-flex-box\">\r\n                                    <div class=\"thema-box flex-box-thirty\">\r\n                                            <div class=\"bild-box\">\r\n                                                                                                                    <img decoding=\"async\" width=\"1920\" height=\"1668\" src=\"https:\/\/www.efaflex.com\/wp-content\/uploads\/2024\/04\/efaflex-schreinermo\u0308llenstein-klein.jpg\" class=\"attachment-thementease-thumbnail size-thementease-thumbnail\" alt=\"\" srcset=\"https:\/\/www.efaflex.com\/wp-content\/uploads\/2024\/04\/efaflex-schreinermo\u0308llenstein-klein.jpg 1920w, https:\/\/www.efaflex.com\/wp-content\/uploads\/2024\/04\/efaflex-schreinermo\u0308llenstein-klein-300x261.jpg 300w, https:\/\/www.efaflex.com\/wp-content\/uploads\/2024\/04\/efaflex-schreinermo\u0308llenstein-klein-768x667.jpg 768w, https:\/\/www.efaflex.com\/wp-content\/uploads\/2024\/04\/efaflex-schreinermo\u0308llenstein-klein-1024x890.jpg 1024w, https:\/\/www.efaflex.com\/wp-content\/uploads\/2024\/04\/efaflex-schreinermo\u0308llenstein-klein-1536x1334.jpg 1536w\" sizes=\"(max-width: 1920px) 100vw, 1920px\" \/>                                                    <\/div>\r\n                                            \r\n                                                                <h2 class=\"headline-two\">\r\n                                                        Brochure produit                        <\/h2>\r\n                    \r\n                        <p class=\"normal-font\"><\/p>\r\n                                                                                                                                                                                                    \r\n                                      <a href=\"https:\/\/www.efaflex.com\/wp-content\/uploads\/2022\/11\/efaflex-brochure-next-generation-portes-a-spirale-fr.pdf\" class=\"load-more-button\">\r\n                                          T\u00e9l\u00e9charger le PDF                                      <\/a>\r\n\r\n                                                                            <span style=\"display: none\">\r\n                                            <div class=\"real3dflipbook\" id=\"195_69f3812e1c148\" style=\"position:absolute;\" data-flipbook-options=\"{&quot;pages&quot;:[],&quot;pdfUrl&quot;:&quot;https:\\\/\\\/www.efaflex.com\\\/wp-content\\\/uploads\\\/2022\\\/11\\\/efaflex-brochure-next-generation-portes-a-spirale-fr.pdf&quot;,&quot;printPdfUrl&quot;:&quot;&quot;,&quot;tableOfContent&quot;:[],&quot;id&quot;:&quot;195&quot;,&quot;bookId&quot;:&quot;195&quot;,&quot;date&quot;:&quot;2025-05-12&quot;,&quot;lightboxThumbnailUrl&quot;:&quot;&quot;,&quot;mode&quot;:&quot;lightbox&quot;,&quot;viewMode&quot;:&quot;3d&quot;,&quot;pageTextureSize&quot;:&quot;2048&quot;,&quot;pageTextureSizeSmall&quot;:&quot;1500&quot;,&quot;pageTextureSizeMobile&quot;:&quot;&quot;,&quot;pageTextureSizeMobileSmall&quot;:&quot;1024&quot;,&quot;minPixelRatio&quot;:&quot;1&quot;,&quot;pdfTextLayer&quot;:&quot;true&quot;,&quot;zoomMin&quot;:&quot;0.9&quot;,&quot;zoomStep&quot;:&quot;2&quot;,&quot;zoomSize&quot;:&quot;&quot;,&quot;zoomReset&quot;:&quot;false&quot;,&quot;doubleClickZoom&quot;:&quot;true&quot;,&quot;pageDrag&quot;:&quot;true&quot;,&quot;singlePageMode&quot;:&quot;false&quot;,&quot;pageFlipDuration&quot;:&quot;1&quot;,&quot;sound&quot;:&quot;false&quot;,&quot;startPage&quot;:&quot;1&quot;,&quot;pageNumberOffset&quot;:&quot;0&quot;,&quot;deeplinking&quot;:{&quot;enabled&quot;:&quot;false&quot;,&quot;prefix&quot;:&quot;&quot;},&quot;responsiveView&quot;:&quot;true&quot;,&quot;responsiveViewTreshold&quot;:&quot;768&quot;,&quot;responsiveViewRatio&quot;:&quot;1&quot;,&quot;cover&quot;:&quot;true&quot;,&quot;backCover&quot;:&quot;true&quot;,&quot;height&quot;:&quot;400&quot;,&quot;responsiveHeight&quot;:&quot;true&quot;,&quot;aspectRatio&quot;:&quot;2&quot;,&quot;thumbnailsOnStart&quot;:&quot;false&quot;,&quot;contentOnStart&quot;:&quot;false&quot;,&quot;searchOnStart&quot;:&quot;&quot;,&quot;tableOfContentCloseOnClick&quot;:&quot;true&quot;,&quot;thumbsCloseOnClick&quot;:&quot;true&quot;,&quot;autoplayOnStart&quot;:&quot;false&quot;,&quot;autoplayInterval&quot;:&quot;3000&quot;,&quot;autoplayLoop&quot;:&quot;true&quot;,&quot;autoplayStartPage&quot;:&quot;1&quot;,&quot;rightToLeft&quot;:&quot;false&quot;,&quot;pageWidth&quot;:&quot;&quot;,&quot;pageHeight&quot;:&quot;&quot;,&quot;thumbSize&quot;:&quot;130&quot;,&quot;logoImg&quot;:&quot;&quot;,&quot;logoUrl&quot;:&quot;&quot;,&quot;logoUrlTarget&quot;:&quot;_blank&quot;,&quot;logoCSS&quot;:&quot;position:absolute;left:0;top:0;&quot;,&quot;menuSelector&quot;:&quot;&quot;,&quot;zIndex&quot;:&quot;auto&quot;,&quot;preloaderText&quot;:&quot;&quot;,&quot;googleAnalyticsTrackingCode&quot;:&quot;&quot;,&quot;pdfBrowserViewerIfIE&quot;:&quot;false&quot;,&quot;modeMobile&quot;:&quot;&quot;,&quot;viewModeMobile&quot;:&quot;&quot;,&quot;aspectRatioMobile&quot;:&quot;&quot;,&quot;singlePageModeIfMobile&quot;:&quot;false&quot;,&quot;pdfBrowserViewerIfMobile&quot;:&quot;false&quot;,&quot;pdfBrowserViewerFullscreen&quot;:&quot;true&quot;,&quot;pdfBrowserViewerFullscreenTarget&quot;:&quot;_blank&quot;,&quot;btnTocIfMobile&quot;:&quot;true&quot;,&quot;btnThumbsIfMobile&quot;:&quot;true&quot;,&quot;btnShareIfMobile&quot;:&quot;false&quot;,&quot;btnDownloadPagesIfMobile&quot;:&quot;true&quot;,&quot;btnDownloadPdfIfMobile&quot;:&quot;true&quot;,&quot;btnSoundIfMobile&quot;:&quot;false&quot;,&quot;btnExpandIfMobile&quot;:&quot;true&quot;,&quot;btnPrintIfMobile&quot;:&quot;false&quot;,&quot;logoHideOnMobile&quot;:&quot;false&quot;,&quot;mobile&quot;:{&quot;thumbnailsOnStart&quot;:&quot;false&quot;,&quot;contentOnStart&quot;:&quot;false&quot;},&quot;lightboxCssClass&quot;:&quot;book195&quot;,&quot;lightboxLink&quot;:&quot;&quot;,&quot;lightboxLinkNewWindow&quot;:&quot;true&quot;,&quot;lightboxBackground&quot;:&quot;rgba(0,0,0,0.8)&quot;,&quot;lightboxBackgroundPattern&quot;:&quot;&quot;,&quot;lightboxBackgroundImage&quot;:&quot;&quot;,&quot;lightboxContainerCSS&quot;:&quot;display:inline-block;padding:10px;&quot;,&quot;lightboxThumbnailHeight&quot;:&quot;300&quot;,&quot;lightboxThumbnailUrlCSS&quot;:&quot;display:block;&quot;,&quot;lightboxThumbnailInfo&quot;:&quot;false&quot;,&quot;lightboxThumbnailInfoText&quot;:&quot;&quot;,&quot;lightboxThumbnailInfoCSS&quot;:&quot;top: 0;  width: 100%; height: 100%; font-size: 16px; color: #000; background: rgba(255,255,255,.8);&quot;,&quot;showTitle&quot;:&quot;false&quot;,&quot;showDate&quot;:&quot;false&quot;,&quot;hideThumbnail&quot;:&quot;false&quot;,&quot;lightboxText&quot;:&quot;&quot;,&quot;lightboxTextCSS&quot;:&quot;display:block;&quot;,&quot;lightboxTextPosition&quot;:&quot;top&quot;,&quot;lightBoxOpened&quot;:&quot;false&quot;,&quot;lightBoxFullscreen&quot;:&quot;false&quot;,&quot;lightboxCloseOnClick&quot;:&quot;false&quot;,&quot;lightboxStartPage&quot;:&quot;&quot;,&quot;lightboxMarginV&quot;:&quot;0&quot;,&quot;lightboxMarginH&quot;:&quot;0&quot;,&quot;lights&quot;:&quot;true&quot;,&quot;lightPositionX&quot;:&quot;0&quot;,&quot;lightPositionY&quot;:&quot;150&quot;,&quot;lightPositionZ&quot;:&quot;1400&quot;,&quot;lightIntensity&quot;:&quot;0.6&quot;,&quot;shadows&quot;:&quot;true&quot;,&quot;shadowMapSize&quot;:&quot;2048&quot;,&quot;shadowOpacity&quot;:&quot;0.2&quot;,&quot;shadowDistance&quot;:&quot;15&quot;,&quot;pageHardness&quot;:&quot;2&quot;,&quot;coverHardness&quot;:&quot;2&quot;,&quot;pageRoughness&quot;:&quot;1&quot;,&quot;pageMetalness&quot;:&quot;0&quot;,&quot;pageSegmentsW&quot;:&quot;6&quot;,&quot;pageSegmentsH&quot;:&quot;1&quot;,&quot;pageMiddleShadowSize&quot;:&quot;2&quot;,&quot;pageMiddleShadowColorL&quot;:&quot;#999999&quot;,&quot;pageMiddleShadowColorR&quot;:&quot;#777777&quot;,&quot;antialias&quot;:&quot;false&quot;,&quot;pan&quot;:&quot;0&quot;,&quot;tilt&quot;:&quot;0&quot;,&quot;rotateCameraOnMouseDrag&quot;:&quot;true&quot;,&quot;panMax&quot;:&quot;20&quot;,&quot;panMin&quot;:&quot;-20&quot;,&quot;tiltMax&quot;:&quot;0&quot;,&quot;tiltMin&quot;:&quot;-60&quot;,&quot;currentPage&quot;:{&quot;enabled&quot;:&quot;true&quot;,&quot;title&quot;:&quot;Current page&quot;,&quot;hAlign&quot;:&quot;left&quot;,&quot;vAlign&quot;:&quot;top&quot;},&quot;btnAutoplay&quot;:{&quot;enabled&quot;:&quot;true&quot;,&quot;title&quot;:&quot;Autoplay&quot;},&quot;btnNext&quot;:{&quot;enabled&quot;:&quot;true&quot;,&quot;title&quot;:&quot;Next Page&quot;},&quot;btnLast&quot;:{&quot;enabled&quot;:&quot;false&quot;,&quot;title&quot;:&quot;Last Page&quot;},&quot;btnPrev&quot;:{&quot;enabled&quot;:&quot;true&quot;,&quot;title&quot;:&quot;Previous Page&quot;},&quot;btnFirst&quot;:{&quot;enabled&quot;:&quot;false&quot;,&quot;title&quot;:&quot;First Page&quot;},&quot;btnZoomIn&quot;:{&quot;enabled&quot;:&quot;true&quot;,&quot;title&quot;:&quot;Zoom in&quot;},&quot;btnZoomOut&quot;:{&quot;enabled&quot;:&quot;true&quot;,&quot;title&quot;:&quot;Zoom out&quot;},&quot;btnToc&quot;:{&quot;enabled&quot;:&quot;false&quot;,&quot;title&quot;:&quot;Table of Contents&quot;},&quot;btnThumbs&quot;:{&quot;enabled&quot;:&quot;true&quot;,&quot;title&quot;:&quot;Pages&quot;},&quot;btnShare&quot;:{&quot;enabled&quot;:&quot;false&quot;,&quot;title&quot;:&quot;Share&quot;},&quot;btnNotes&quot;:{&quot;enabled&quot;:&quot;false&quot;,&quot;title&quot;:&quot;Notes&quot;},&quot;btnDownloadPages&quot;:{&quot;enabled&quot;:&quot;false&quot;,&quot;url&quot;:&quot;&quot;,&quot;title&quot;:&quot;Download pages&quot;},&quot;btnDownloadPdf&quot;:{&quot;enabled&quot;:&quot;false&quot;,&quot;url&quot;:&quot;&quot;,&quot;title&quot;:&quot;Download PDF&quot;,&quot;forceDownload&quot;:&quot;true&quot;,&quot;openInNewWindow&quot;:&quot;true&quot;},&quot;btnSound&quot;:{&quot;enabled&quot;:&quot;false&quot;,&quot;title&quot;:&quot;Sound&quot;},&quot;btnExpand&quot;:{&quot;enabled&quot;:&quot;true&quot;,&quot;title&quot;:&quot;Toggle fullscreen&quot;},&quot;btnSelect&quot;:{&quot;enabled&quot;:&quot;false&quot;,&quot;title&quot;:&quot;Select tool&quot;},&quot;btnSearch&quot;:{&quot;enabled&quot;:&quot;false&quot;,&quot;title&quot;:&quot;Search&quot;},&quot;search&quot;:{&quot;enabled&quot;:&quot;false&quot;,&quot;title&quot;:&quot;Search&quot;},&quot;btnBookmark&quot;:{&quot;enabled&quot;:&quot;false&quot;,&quot;title&quot;:&quot;Bookmark&quot;},&quot;btnPrint&quot;:{&quot;enabled&quot;:&quot;true&quot;,&quot;title&quot;:&quot;Print&quot;},&quot;btnClose&quot;:{&quot;enabled&quot;:&quot;true&quot;,&quot;title&quot;:&quot;Close&quot;},&quot;whatsapp&quot;:{&quot;enabled&quot;:&quot;true&quot;},&quot;twitter&quot;:{&quot;enabled&quot;:&quot;true&quot;},&quot;facebook&quot;:{&quot;enabled&quot;:&quot;true&quot;},&quot;pinterest&quot;:{&quot;enabled&quot;:&quot;true&quot;},&quot;email&quot;:{&quot;enabled&quot;:&quot;true&quot;},&quot;linkedin&quot;:{&quot;enabled&quot;:&quot;true&quot;},&quot;digg&quot;:{&quot;enabled&quot;:&quot;false&quot;},&quot;reddit&quot;:{&quot;enabled&quot;:&quot;false&quot;},&quot;shareUrl&quot;:&quot;&quot;,&quot;shareTitle&quot;:&quot;&quot;,&quot;shareImage&quot;:&quot;&quot;,&quot;layout&quot;:&quot;1&quot;,&quot;icons&quot;:&quot;FontAwesome&quot;,&quot;skin&quot;:&quot;light&quot;,&quot;useFontAwesome5&quot;:&quot;true&quot;,&quot;sideNavigationButtons&quot;:&quot;true&quot;,&quot;menuNavigationButtons&quot;:&quot;false&quot;,&quot;backgroundColor&quot;:&quot;rgb(81, 85, 88)&quot;,&quot;backgroundPattern&quot;:&quot;&quot;,&quot;backgroundImage&quot;:&quot;&quot;,&quot;backgroundTransparent&quot;:&quot;false&quot;,&quot;menuBackground&quot;:&quot;&quot;,&quot;menuShadow&quot;:&quot;&quot;,&quot;menuMargin&quot;:&quot;0&quot;,&quot;menuPadding&quot;:&quot;0&quot;,&quot;menuOverBook&quot;:&quot;false&quot;,&quot;menuFloating&quot;:&quot;false&quot;,&quot;menuTransparent&quot;:&quot;false&quot;,&quot;menu2Background&quot;:&quot;&quot;,&quot;menu2Shadow&quot;:&quot;&quot;,&quot;menu2Margin&quot;:&quot;0&quot;,&quot;menu2Padding&quot;:&quot;0&quot;,&quot;menu2OverBook&quot;:&quot;true&quot;,&quot;menu2Floating&quot;:&quot;false&quot;,&quot;menu2Transparent&quot;:&quot;true&quot;,&quot;skinColor&quot;:&quot;&quot;,&quot;skinBackground&quot;:&quot;&quot;,&quot;hideMenu&quot;:&quot;false&quot;,&quot;menuAlignHorizontal&quot;:&quot;center&quot;,&quot;btnColor&quot;:&quot;&quot;,&quot;btnColorHover&quot;:&quot;&quot;,&quot;btnBackground&quot;:&quot;none&quot;,&quot;btnRadius&quot;:&quot;0&quot;,&quot;btnMargin&quot;:&quot;0&quot;,&quot;btnSize&quot;:&quot;14&quot;,&quot;btnPaddingV&quot;:&quot;10&quot;,&quot;btnPaddingH&quot;:&quot;10&quot;,&quot;btnShadow&quot;:&quot;&quot;,&quot;btnTextShadow&quot;:&quot;&quot;,&quot;btnBorder&quot;:&quot;&quot;,&quot;sideBtnColor&quot;:&quot;#fff&quot;,&quot;sideBtnColorHover&quot;:&quot;#fff&quot;,&quot;sideBtnBackground&quot;:&quot;rgba(0,0,0,.3)&quot;,&quot;sideBtnBackgroundHover&quot;:&quot;&quot;,&quot;sideBtnRadius&quot;:&quot;0&quot;,&quot;sideBtnMargin&quot;:&quot;0&quot;,&quot;sideBtnSize&quot;:&quot;30&quot;,&quot;sideBtnPaddingV&quot;:&quot;5&quot;,&quot;sideBtnPaddingH&quot;:&quot;5&quot;,&quot;sideBtnShadow&quot;:&quot;&quot;,&quot;sideBtnTextShadow&quot;:&quot;&quot;,&quot;sideBtnBorder&quot;:&quot;&quot;,&quot;closeBtnColorHover&quot;:&quot;#FFF&quot;,&quot;closeBtnBackground&quot;:&quot;rgba(0,0,0,.4)&quot;,&quot;closeBtnRadius&quot;:&quot;0&quot;,&quot;closeBtnMargin&quot;:&quot;0&quot;,&quot;closeBtnSize&quot;:&quot;20&quot;,&quot;closeBtnPadding&quot;:&quot;5&quot;,&quot;closeBtnTextShadow&quot;:&quot;&quot;,&quot;closeBtnBorder&quot;:&quot;&quot;,&quot;floatingBtnColor&quot;:&quot;&quot;,&quot;floatingBtnColorHover&quot;:&quot;&quot;,&quot;floatingBtnBackground&quot;:&quot;&quot;,&quot;floatingBtnBackgroundHover&quot;:&quot;&quot;,&quot;floatingBtnRadius&quot;:&quot;&quot;,&quot;floatingBtnMargin&quot;:&quot;&quot;,&quot;floatingBtnSize&quot;:&quot;&quot;,&quot;floatingBtnPadding&quot;:&quot;&quot;,&quot;floatingBtnShadow&quot;:&quot;&quot;,&quot;floatingBtnTextShadow&quot;:&quot;&quot;,&quot;floatingBtnBorder&quot;:&quot;&quot;,&quot;currentPageMarginV&quot;:&quot;5&quot;,&quot;currentPageMarginH&quot;:&quot;5&quot;,&quot;arrowsAlwaysEnabledForNavigation&quot;:&quot;true&quot;,&quot;arrowsDisabledNotFullscreen&quot;:&quot;true&quot;,&quot;touchSwipeEnabled&quot;:&quot;true&quot;,&quot;rightClickEnabled&quot;:&quot;true&quot;,&quot;linkColor&quot;:&quot;rgba(0, 0, 0, 0)&quot;,&quot;linkColorHover&quot;:&quot;rgba(255, 255, 0, 1)&quot;,&quot;linkOpacity&quot;:&quot;0.4&quot;,&quot;linkTarget&quot;:&quot;_blank&quot;,&quot;pdfAutoLinks&quot;:&quot;false&quot;,&quot;strings&quot;:{&quot;print&quot;:&quot;Print&quot;,&quot;printLeftPage&quot;:&quot;Print left page&quot;,&quot;printRightPage&quot;:&quot;Print right page&quot;,&quot;printCurrentPage&quot;:&quot;Print current page&quot;,&quot;printAllPages&quot;:&quot;Print all pages&quot;,&quot;download&quot;:&quot;Download&quot;,&quot;downloadLeftPage&quot;:&quot;Download left page&quot;,&quot;downloadRightPage&quot;:&quot;Download right page&quot;,&quot;downloadCurrentPage&quot;:&quot;Download current page&quot;,&quot;downloadAllPages&quot;:&quot;Download all pages&quot;,&quot;bookmarks&quot;:&quot;Bookmarks&quot;,&quot;bookmarkLeftPage&quot;:&quot;Bookmark left page&quot;,&quot;bookmarkRightPage&quot;:&quot;Bookmark right page&quot;,&quot;bookmarkCurrentPage&quot;:&quot;Bookmark current page&quot;,&quot;search&quot;:&quot;Search&quot;,&quot;findInDocument&quot;:&quot;Find in document&quot;,&quot;pagesFoundContaining&quot;:&quot;pages found containing&quot;,&quot;thumbnails&quot;:&quot;Thumbnails&quot;,&quot;tableOfContent&quot;:&quot;Table of Contents&quot;,&quot;share&quot;:&quot;Share&quot;,&quot;pressEscToClose&quot;:&quot;Press ESC to close&quot;,&quot;addNote&quot;:&quot;Add note&quot;,&quot;typeInYourNote&quot;:&quot;Type in your note...&quot;},&quot;access&quot;:&quot;full&quot;,&quot;backgroundMusic&quot;:&quot;&quot;,&quot;cornerCurl&quot;:&quot;false&quot;,&quot;pdfTools&quot;:{&quot;pageHeight&quot;:1500,&quot;thumbHeight&quot;:200,&quot;quality&quot;:0.8,&quot;textLayer&quot;:&quot;true&quot;,&quot;autoConvert&quot;:&quot;true&quot;},&quot;sideMenuOverBook&quot;:&quot;true&quot;,&quot;sideMenuOverMenu&quot;:&quot;true&quot;,&quot;sideMenuOverMenu2&quot;:&quot;true&quot;,&quot;rewriteSlug&quot;:&quot;Disabled&quot;,&quot;name&quot;:&quot;Next Generation portes rapides&quot;,&quot;post_id&quot;:30770,&quot;deeplinkingEnabled&quot;:&quot;true&quot;,&quot;deeplinkingPrefix&quot;:&quot;book195_&quot;,&quot;deeplinkingprefix&quot;:&quot;book195_&quot;,&quot;rootFolder&quot;:&quot;https:\\\/\\\/www.efaflex.com\\\/wp-content\\\/plugins\\\/real3d-flipbook\\\/&quot;,&quot;version&quot;:&quot;3.43&quot;,&quot;uniqueId&quot;:&quot;195_69f3812e1c148&quot;,&quot;notes&quot;:[]}\"><\/div>                                        <\/span>\r\n                                        <a class=\"load-more-button\" href=\"#book195_1\" >Voir en ligne<\/a>\r\n                                    \r\n                                                                                                    <\/div>\r\n                            <div class=\"thema-box flex-box-thirty\">\r\n                                            <div class=\"bild-box\">\r\n                                                                                                                    <img decoding=\"async\" width=\"1920\" height=\"1281\" src=\"https:\/\/www.efaflex.com\/wp-content\/uploads\/2024\/04\/istock-1189488073-achtung-lizenziert-nur-fuer-com-at-ch-pl-gekauft.jpg\" class=\"attachment-thementease-thumbnail size-thementease-thumbnail\" alt=\"\" srcset=\"https:\/\/www.efaflex.com\/wp-content\/uploads\/2024\/04\/istock-1189488073-achtung-lizenziert-nur-fuer-com-at-ch-pl-gekauft.jpg 1920w, https:\/\/www.efaflex.com\/wp-content\/uploads\/2024\/04\/istock-1189488073-achtung-lizenziert-nur-fuer-com-at-ch-pl-gekauft-300x200.jpg 300w, https:\/\/www.efaflex.com\/wp-content\/uploads\/2024\/04\/istock-1189488073-achtung-lizenziert-nur-fuer-com-at-ch-pl-gekauft-768x512.jpg 768w, https:\/\/www.efaflex.com\/wp-content\/uploads\/2024\/04\/istock-1189488073-achtung-lizenziert-nur-fuer-com-at-ch-pl-gekauft-1024x683.jpg 1024w, https:\/\/www.efaflex.com\/wp-content\/uploads\/2024\/04\/istock-1189488073-achtung-lizenziert-nur-fuer-com-at-ch-pl-gekauft-1536x1025.jpg 1536w, https:\/\/www.efaflex.com\/wp-content\/uploads\/2024\/04\/istock-1189488073-achtung-lizenziert-nur-fuer-com-at-ch-pl-gekauft-382x254.jpg 382w\" sizes=\"(max-width: 1920px) 100vw, 1920px\" \/>                                                    <\/div>\r\n                                            \r\n                                                                <h2 class=\"headline-two\">\r\n                                                        Textes d\u2019appels d\u2019offres                        <\/h2>\r\n                    \r\n                        <p class=\"normal-font\"><\/p>\r\n                                                                                                                                                                                                    \r\n                                      <a href=\"https:\/\/www.efaflex.com\/wp-content\/uploads\/2026\/01\/EFA-SST-Alux-fr.zip\" class=\"load-more-button\">\r\n                                          T\u00e9l\u00e9charger le PDF                                      <\/a>\r\n\r\n                                    \r\n                                                                                                    <\/div>\r\n                        <\/div>\r\n<\/div>\r\n\n\n\n<div style=\"height:100px\" aria-hidden=\"true\" class=\"wp-block-spacer\"><\/div>\n\n\n\r\n\r\n<div id=\"bild-text-modul-rechts-zweizeilig-block_dbe2200df52af7de1f052158077d96d3\" class=\"bild-text-modul-zweizeilig-container\">\r\n            \r\n\r\n\r\n            \r\n                                    \r\n                            <div class=\"bild-text-modul-rechts-zweizeilig bild-text-modul-zweizeilig\">\r\n                                <div class=\"custom-flex-box-no-margin\">\r\n                                    <div class=\"flex-box-fifty-no-margin text-container\">\r\n                                        <div class=\"text-container-flex\">\r\n                                            <div class=\"text-inner\">\r\n\r\n                                                                                                                                                            <div class=\"text-left-border\">\r\n                                                            <div class=\"text-cut\">\r\n                                                                                                                                    <span>Service apr\u00e8s-vente<\/span>\r\n                                                                \r\n                                                                                                                                    <h3 class=\"headline-two medium-h2\">Nous d\u00e9finissions les niveaux de r\u00e9f\u00e9rence du service apr\u00e8s-vente.<\/h3>                                                                \r\n<!--                                                                <h2 class=\"medium-h2\">--><!--<\/h2>-->\r\n                                                                <p class=\"normal-font full-text\">Le client occupe chez nous une place centrale, c\u2019est pourquoi, en tant que prestataire de premier ordre, un bon service apr\u00e8s-vente est \u00e9vident pour nous une \u00e9vidence. Nos collaboratrices et collaborateurs du service apr\u00e8s-vente parfaitement form\u00e9s et nos techniciens de service dot\u00e9s des v\u00e9hicules de service les mieux \u00e9quip\u00e9s vous assistent de mani\u00e8re rapide, fiable et ax\u00e9e sur la r\u00e9solution des probl\u00e8mes. C\u2019est ainsi que nous \u00e9levons le niveau du service apr\u00e8s-vente.<\/p>\r\n                                                            <\/div>\r\n                                                            <div class=\"button-box\">\r\n                                                                                                                                                                                                    <a href=\"https:\/\/www.efaflex.com\/fr\/service-apres-vente\/\" target=\"\" class=\"load-more-button\">\r\n                                                                        En savoir plus                                                                    <\/a>\r\n                                                                                                                            <\/div>\r\n                                                        <\/div>\r\n                                                                                                    \r\n                                            <\/div>\r\n                                        <\/div>\r\n                                    <\/div>\r\n                                    <div class=\"flex-box-fifty-no-margin bild-container\">\r\n                                                                                                                                                                                                                                                                                        <img decoding=\"async\" width=\"960\" height=\"720\" src=\"https:\/\/www.efaflex.com\/wp-content\/uploads\/2022\/07\/startseite_bild_rechts_2.jpg\" class=\"attachment-full size-full\" alt=\"\" srcset=\"https:\/\/www.efaflex.com\/wp-content\/uploads\/2022\/07\/startseite_bild_rechts_2.jpg 960w, https:\/\/www.efaflex.com\/wp-content\/uploads\/2022\/07\/startseite_bild_rechts_2-300x225.jpg 300w, https:\/\/www.efaflex.com\/wp-content\/uploads\/2022\/07\/startseite_bild_rechts_2-768x576.jpg 768w\" sizes=\"(max-width: 960px) 100vw, 960px\" \/>                                                                                                                                                                        <\/div>\r\n                                <\/div>\r\n                            <\/div>\r\n                                    \r\n            \r\n\r\n        \r\n\r\n\r\n    <\/div>\n\n\n<div style=\"height:100px\" aria-hidden=\"true\" class=\"wp-block-spacer\"><\/div>\n\n\n<div class=\"inner\">\r\n    <div id=\"bild-text-modul-1-3-block_5c6cc38b50329830e7e742cb8f784c1a\" class=\"themen-container custom-flex-box\">\r\n                                    <div class=\"thema-box flex-box-thirty\">\r\n                                            <div class=\"bild-box\">\r\n                                                                                                                    <img decoding=\"async\" width=\"1920\" height=\"1280\" src=\"https:\/\/www.efaflex.com\/wp-content\/uploads\/2023\/01\/EFAFLEX_Voegele_177.jpg\" class=\"attachment-thementease-thumbnail size-thementease-thumbnail\" alt=\"\" srcset=\"https:\/\/www.efaflex.com\/wp-content\/uploads\/2023\/01\/EFAFLEX_Voegele_177.jpg 1920w, https:\/\/www.efaflex.com\/wp-content\/uploads\/2023\/01\/EFAFLEX_Voegele_177-300x200.jpg 300w, https:\/\/www.efaflex.com\/wp-content\/uploads\/2023\/01\/EFAFLEX_Voegele_177-1024x683.jpg 1024w, https:\/\/www.efaflex.com\/wp-content\/uploads\/2023\/01\/EFAFLEX_Voegele_177-768x512.jpg 768w, https:\/\/www.efaflex.com\/wp-content\/uploads\/2023\/01\/EFAFLEX_Voegele_177-1536x1024.jpg 1536w, https:\/\/www.efaflex.com\/wp-content\/uploads\/2023\/01\/EFAFLEX_Voegele_177-382x254.jpg 382w\" sizes=\"(max-width: 1920px) 100vw, 1920px\" \/>                                                    <\/div>\r\n                                            \r\n                                                                <h2 class=\"headline-two\">\r\n                                                        Produits                        <\/h2>\r\n                    \r\n                        <p class=\"normal-font\">Nos portes haut de gamme sont rapides et efficaces, s\u00fbres et fiables. Gr\u00e2ce \u00e0 notre d\u00e9partement recherche et d\u00e9veloppement, nous sommes en mesure de trouver la solution parfaite pour r\u00e9pondre aux besoins des clients et de la concr\u00e9tiser.<\/p>\r\n                                                                                                                                                                                                        <a href=\"https:\/\/www.efaflex.com\/fr\/produits\/\" class=\"load-more-button\">En savoir plus<\/a>\r\n                                                                                                                                    <\/div>\r\n                            <div class=\"thema-box flex-box-thirty\">\r\n                                            <div class=\"bild-box\">\r\n                                                                                                                    <img decoding=\"async\" width=\"1032\" height=\"612\" src=\"https:\/\/www.efaflex.com\/wp-content\/uploads\/2022\/06\/modernste-industrietore-loesungen-quicklink-efaflex.jpg\" class=\"attachment-thementease-thumbnail size-thementease-thumbnail\" alt=\"\" srcset=\"https:\/\/www.efaflex.com\/wp-content\/uploads\/2022\/06\/modernste-industrietore-loesungen-quicklink-efaflex.jpg 1032w, https:\/\/www.efaflex.com\/wp-content\/uploads\/2022\/06\/modernste-industrietore-loesungen-quicklink-efaflex-300x178.jpg 300w, https:\/\/www.efaflex.com\/wp-content\/uploads\/2022\/06\/modernste-industrietore-loesungen-quicklink-efaflex-1024x607.jpg 1024w, https:\/\/www.efaflex.com\/wp-content\/uploads\/2022\/06\/modernste-industrietore-loesungen-quicklink-efaflex-768x455.jpg 768w, https:\/\/www.efaflex.com\/wp-content\/uploads\/2022\/06\/modernste-industrietore-loesungen-quicklink-efaflex-517x306.jpg 517w\" sizes=\"(max-width: 1032px) 100vw, 1032px\" \/>                                                    <\/div>\r\n                                            \r\n                                                                <h2 class=\"headline-two\">\r\n                                                        Solutions                        <\/h2>\r\n                    \r\n                        <p class=\"normal-font\">Nous ne fabriquons pas de produits standards, mais d\u00e9veloppons des solutions individuelles parfaitement adapt\u00e9e \u00e0 chaque d\u00e9fi pour tous les secteurs et domaines d\u2019application et pour nos clients du monde entier.<\/p>\r\n                                                                                                                                                                                                        <a href=\"https:\/\/www.efaflex.com\/fr\/solutions\/\" class=\"load-more-button\">En savoir plus<\/a>\r\n                                                                                                                                    <\/div>\r\n                        <\/div>\r\n<\/div>\r\n\n\n\n<div style=\"height:100px\" aria-hidden=\"true\" class=\"wp-block-spacer\"><\/div>\n","protected":false},"excerpt":{"rendered":"","protected":false},"featured_media":22333,"template":"","produktdetails":[584,846,585,588,711,567],"produktfinder":[596,575,572,578,571,583,576,574,581,579],"cad-bim-finder":[985,989],"class_list":["post-22456","produktdetail","type-produktdetail","status-publish","has-post-thumbnail","hentry","produktdetails-airport-industry-solutions-fr","produktdetails-airport-fr","produktdetails-automotive-fr","produktdetails-logistik-fr","produktdetails-next-generation-entwurf-fr","produktdetails-parkgaragen-fr","produktfinder-standard","produktfinder-aussentor-fr","produktfinder-innentor-fr","produktfinder-schallschutz-fr","produktfinder-einbruchschutz-fr","produktfinder-wind-druckbelastung-fr","produktfinder-parksysteme-fr","produktfinder-foerdertechnik-fr","produktfinder-transparenz-fr","produktfinder-geschwindigkeit-fr","cad-bim-finder-application-standard","cad-bim-finder-lamelles-en-aluminium"],"acf":[],"_links":{"self":[{"href":"https:\/\/www.efaflex.com\/fr\/wp-json\/wp\/v2\/produktdetail\/22456","targetHints":{"allow":["GET"]}}],"collection":[{"href":"https:\/\/www.efaflex.com\/fr\/wp-json\/wp\/v2\/produktdetail"}],"about":[{"href":"https:\/\/www.efaflex.com\/fr\/wp-json\/wp\/v2\/types\/produktdetail"}],"version-history":[{"count":20,"href":"https:\/\/www.efaflex.com\/fr\/wp-json\/wp\/v2\/produktdetail\/22456\/revisions"}],"predecessor-version":[{"id":37142,"href":"https:\/\/www.efaflex.com\/fr\/wp-json\/wp\/v2\/produktdetail\/22456\/revisions\/37142"}],"wp:featuredmedia":[{"embeddable":true,"href":"https:\/\/www.efaflex.com\/fr\/wp-json\/wp\/v2\/media\/22333"}],"wp:attachment":[{"href":"https:\/\/www.efaflex.com\/fr\/wp-json\/wp\/v2\/media?parent=22456"}],"wp:term":[{"taxonomy":"produktdetails","embeddable":true,"href":"https:\/\/www.efaflex.com\/fr\/wp-json\/wp\/v2\/produktdetails?post=22456"},{"taxonomy":"produktfinder","embeddable":true,"href":"https:\/\/www.efaflex.com\/fr\/wp-json\/wp\/v2\/produktfinder?post=22456"},{"taxonomy":"cad-bim-finder","embeddable":true,"href":"https:\/\/www.efaflex.com\/fr\/wp-json\/wp\/v2\/cad-bim-finder?post=22456"}],"curies":[{"name":"wp","href":"https:\/\/api.w.org\/{rel}","templated":true}]}}