{"id":26211,"date":"2024-10-21T16:00:09","date_gmt":"2024-10-21T14:00:09","guid":{"rendered":"https:\/\/www.efaflex.com\/?post_type=produktdetail&#038;p=26211"},"modified":"2026-01-08T13:16:59","modified_gmt":"2026-01-08T12:16:59","slug":"flexcore-bollard","status":"publish","type":"produktdetail","link":"https:\/\/www.efaflex.com\/fr\/peripherie-et-accessoires\/protection-antichoc\/flexcore-bollard\/","title":{"rendered":"FlexCore Bollard"},"content":{"rendered":"\r\n<script type=\"application\/javascript\">\r\n    window.addEventListener('DOMContentLoaded', function() {\r\n        jQuery(document).ready(function($){\r\n            var sliderid = \"block_c1a6370a4b0f37e0e9ec2d35464c9562\";\r\n            $('#'+sliderid).slick({\r\n                infinite: true,\r\n                dots: false,\r\n                lazyLoad: 'ondemand',\r\n                autoplay: false,\r\n                arrows: true,\r\n                fade: true,\r\n                speed: 500,\r\n                pauseOnHover: false,\r\n                prevArrow: '<div class=\"slick-prev slick-button\"><svg xmlns=\"http:\/\/www.w3.org\/2000\/svg\" viewBox=\"0 0 448 512\"><!--! Font Awesome Pro 6.1.1 by @fontawesome - https:\/\/fontawesome.com License - https:\/\/fontawesome.com\/license (Commercial License) Copyright 2022 Fonticons, Inc. --><path d=\"M77.25 256l137.4-137.4c12.5-12.5 12.5-32.75 0-45.25s-32.75-12.5-45.25 0l-160 160c-12.5 12.5-12.5 32.75 0 45.25l160 160C175.6 444.9 183.8 448 192 448s16.38-3.125 22.62-9.375c12.5-12.5 12.5-32.75 0-45.25L77.25 256zM269.3 256l137.4-137.4c12.5-12.5 12.5-32.75 0-45.25s-32.75-12.5-45.25 0l-160 160c-12.5 12.5-12.5 32.75 0 45.25l160 160C367.6 444.9 375.8 448 384 448s16.38-3.125 22.62-9.375c12.5-12.5 12.5-32.75 0-45.25L269.3 256z\"\/><\/svg><\/div>',\r\n                nextArrow: '<div class=\"slick-next slick-button\"><svg xmlns=\"http:\/\/www.w3.org\/2000\/svg\" viewBox=\"0 0 448 512\"><!--! Font Awesome Pro 6.1.1 by @fontawesome - https:\/\/fontawesome.com License - https:\/\/fontawesome.com\/license (Commercial License) Copyright 2022 Fonticons, Inc. --><path fill=\"ff0000\" style=\"height: 22px\" d=\"M246.6 233.4l-160-160c-12.5-12.5-32.75-12.5-45.25 0s-12.5 32.75 0 45.25L178.8 256l-137.4 137.4c-12.5 12.5-12.5 32.75 0 45.25C47.63 444.9 55.81 448 64 448s16.38-3.125 22.62-9.375l160-160C259.1 266.1 259.1 245.9 246.6 233.4zM438.6 233.4l-160-160c-12.5-12.5-32.75-12.5-45.25 0s-12.5 32.75 0 45.25L370.8 256l-137.4 137.4c-12.5 12.5-12.5 32.75 0 45.25C239.6 444.9 247.8 448 256 448s16.38-3.125 22.62-9.375l160-160C451.1 266.1 451.1 245.9 438.6 233.4z\"\/><\/svg><\/div>',\r\n            });\r\n        });\r\n    });\r\n<\/script>\r\n\r\n<div id=\"block_c1a6370a4b0f37e0e9ec2d35464c9562\" class=\"bild-video-text-slider block-header-bild-video-text-slider\">\r\n                        <div>\r\n                <div class=\"bild-video-text-slider--slide\">\r\n                                            <div class=\"img-vid-box\">\r\n                            <div class=\"img-sizer\">\r\n                                <img decoding=\"async\" width=\"1920\" height=\"800\" src=\"https:\/\/www.efaflex.com\/wp-content\/uploads\/2024\/10\/img-1450-1-1920x800.jpg\" class=\"attachment-image-big size-image-big\" alt=\"\" \/>                            <\/div>\r\n                        <\/div>\r\n                        <div class=\"video-text\">\r\n                            <h1><span class=\"highlighted\">FlexCore Bollard : <\/span>Protection antichoc maximale pour vos infrastructures industrielles.<\/h1>\n                        <\/div>\r\n                                    <\/div>\r\n\r\n            <\/div>\r\n            <\/div>\n\n\n<div style=\"height:100px\" aria-hidden=\"true\" class=\"wp-block-spacer\"><\/div>\n\n\n\r\n\r\n<div id=\"textmodul-3-spalten-block_9c0a56613af4dbc480e34b3c748f38c4\" class=\"textmodul-3-spalten\">\r\n    <div class=\"inner\">\r\n        <div class=\"custom-flex-box\">\r\n                            <h2 class=\"flex-box-thirty break headline-two\">Protection renforc\u00e9e contre les collisions.<\/h2>                        <div class=\"flex-box-thirty\"><p>La FlexCore Bollard offre un certain nombre de fonctions bien pens\u00e9es pour prot\u00e9ger l&#8217;environnement et les infrastructures. Le couvercle rotatif d\u00e9vie les chocs lat\u00e9raux, minimisant ainsi le risque de dommages. La conception sans vis ni fixations saillantes r\u00e9duit le risque d&#8217;accrochage.<\/p>\n<\/div>\r\n            <div class=\"flex-box-thirty\"><p>Un amortisseur dans les points d\u2018ancrage garantit que les forces ne sont pas transf\u00e9r\u00e9es sur le sol en b\u00e9ton. L\u2018anneau de charge absorbant les chocs et le noyau de la borne absorbent les chocs directs et les r\u00e9partissent pour \u00e9viter les dommages \u00e0 l\u2018environnement. Selon vos besoins, la borne est disponible en versions 4\u201c et 6\u201c.<\/p>\n<\/div>\r\n        <\/div>\r\n    <\/div>\r\n<\/div>\r\n\n\n\n<div style=\"height:100px\" aria-hidden=\"true\" class=\"wp-block-spacer\"><\/div>\n\n\n\r\n\r\n<script type=\"application\/javascript\">\r\n    window.addEventListener('DOMContentLoaded', function() {\r\n        jQuery(document).ready(function($){\r\n            $('.slider-produktvergleich').slick({\r\n                infinite: true,\r\n                dots: false,\r\n                lazyLoad: 'ondemand',\r\n                arrows: false,\r\n                fade: true,\r\n                speed: 500,\r\n                pauseOnHover: true,\r\n                asNavFor: '.slider-produktvergleich-nav',\r\n            });\r\n\r\n            $('.slider-produktvergleich-nav').slick({\r\n                infinite: true,\r\n                dots: false,\r\n                lazyLoad: 'ondemand',\r\n                arrows: true,\r\n                fade: false,\r\n                speed: 500,\r\n                pauseOnHover: true,\r\n                asNavFor: '.slider-produktvergleich',\r\n                focusOnSelect: true,\r\n                slidesToShow: 4,\r\n                slidesToScroll: 1,\r\n                swipeToSlide: true,\r\n                prevArrow: '<div class=\"slick-prev slick-button\"><svg xmlns=\"http:\/\/www.w3.org\/2000\/svg\" viewBox=\"0 0 448 512\"><!--! Font Awesome Pro 6.1.1 by @fontawesome - https:\/\/fontawesome.com License - https:\/\/fontawesome.com\/license (Commercial License) Copyright 2022 Fonticons, Inc. --><path d=\"M77.25 256l137.4-137.4c12.5-12.5 12.5-32.75 0-45.25s-32.75-12.5-45.25 0l-160 160c-12.5 12.5-12.5 32.75 0 45.25l160 160C175.6 444.9 183.8 448 192 448s16.38-3.125 22.62-9.375c12.5-12.5 12.5-32.75 0-45.25L77.25 256zM269.3 256l137.4-137.4c12.5-12.5 12.5-32.75 0-45.25s-32.75-12.5-45.25 0l-160 160c-12.5 12.5-12.5 32.75 0 45.25l160 160C367.6 444.9 375.8 448 384 448s16.38-3.125 22.62-9.375c12.5-12.5 12.5-32.75 0-45.25L269.3 256z\"\/><\/svg><\/div>',\r\n                nextArrow: '<div class=\"slick-next slick-button\"><svg xmlns=\"http:\/\/www.w3.org\/2000\/svg\" viewBox=\"0 0 448 512\"><!--! Font Awesome Pro 6.1.1 by @fontawesome - https:\/\/fontawesome.com License - https:\/\/fontawesome.com\/license (Commercial License) Copyright 2022 Fonticons, Inc. --><path fill=\"ff0000\" style=\"height: 22px\" d=\"M246.6 233.4l-160-160c-12.5-12.5-32.75-12.5-45.25 0s-12.5 32.75 0 45.25L178.8 256l-137.4 137.4c-12.5 12.5-12.5 32.75 0 45.25C47.63 444.9 55.81 448 64 448s16.38-3.125 22.62-9.375l160-160C259.1 266.1 259.1 245.9 246.6 233.4zM438.6 233.4l-160-160c-12.5-12.5-32.75-12.5-45.25 0s-12.5 32.75 0 45.25L370.8 256l-137.4 137.4c-12.5 12.5-12.5 32.75 0 45.25C239.6 444.9 247.8 448 256 448s16.38-3.125 22.62-9.375l160-160C451.1 266.1 451.1 245.9 438.6 233.4z\"\/><\/svg><\/div>',\r\n                responsive: [\r\n                    {\r\n                        breakpoint: 768,\r\n                        settings: {\r\n                            slidesToShow: 3,\r\n                        }\r\n                    },\r\n                    {\r\n                        breakpoint: 480,\r\n                        settings: {\r\n                            slidesToShow: 2,\r\n                        }\r\n                    }\r\n                ]\r\n            });\r\n        });\r\n    });\r\n<\/script>\r\n\r\n<div class=\"inner slider-produktvergleich-container\">\r\n    <div class=\"slider-produktvergleich-container--flex\">\r\n        <div id=\"slider-produktvergleich-block_98651b913f9dd08755053cea7a4b1647\" class=\"slider-produktvergleich\">\r\n                                                <div class=\"single-slide\">\r\n                        <div class=\"single-slide-img-area\">\r\n                                                                                                                    <img decoding=\"async\" width=\"1083\" height=\"720\" src=\"https:\/\/www.efaflex.com\/wp-content\/uploads\/2024\/09\/mccue-flexcore-bollard-hero-in-use-4-1083x720.jpg\" class=\"attachment-slider-produktvergleich-full size-slider-produktvergleich-full\" alt=\"\" srcset=\"https:\/\/www.efaflex.com\/wp-content\/uploads\/2024\/09\/mccue-flexcore-bollard-hero-in-use-4-1083x720.jpg 1083w, https:\/\/www.efaflex.com\/wp-content\/uploads\/2024\/09\/mccue-flexcore-bollard-hero-in-use-4-382x254.jpg 382w\" sizes=\"(max-width: 1083px) 100vw, 1083px\" \/>                                                    <\/div>\r\n                    <\/div>\r\n                                    <div class=\"single-slide\">\r\n                        <div class=\"single-slide-img-area\">\r\n                                                                                                                    <img decoding=\"async\" width=\"1022\" height=\"720\" src=\"https:\/\/www.efaflex.com\/wp-content\/uploads\/2024\/10\/bios-1022x720.jpg\" class=\"attachment-slider-produktvergleich-full size-slider-produktvergleich-full\" alt=\"\" \/>                                                    <\/div>\r\n                    <\/div>\r\n                                    <div class=\"single-slide\">\r\n                        <div class=\"single-slide-img-area\">\r\n                                                                                                                    <img decoding=\"async\" width=\"1083\" height=\"720\" src=\"https:\/\/www.efaflex.com\/wp-content\/uploads\/2024\/10\/img-1450-1-1083x720.jpg\" class=\"attachment-slider-produktvergleich-full size-slider-produktvergleich-full\" alt=\"\" srcset=\"https:\/\/www.efaflex.com\/wp-content\/uploads\/2024\/10\/img-1450-1-1083x720.jpg 1083w, https:\/\/www.efaflex.com\/wp-content\/uploads\/2024\/10\/img-1450-1-382x254.jpg 382w\" sizes=\"(max-width: 1083px) 100vw, 1083px\" \/>                                                    <\/div>\r\n                    <\/div>\r\n                                    <div class=\"single-slide\">\r\n                        <div class=\"single-slide-img-area\">\r\n                                                                                                                    <img decoding=\"async\" width=\"640\" height=\"480\" src=\"https:\/\/www.efaflex.com\/wp-content\/uploads\/2024\/10\/umcg-6.jpg\" class=\"attachment-slider-produktvergleich-full size-slider-produktvergleich-full\" alt=\"\" srcset=\"https:\/\/www.efaflex.com\/wp-content\/uploads\/2024\/10\/umcg-6.jpg 640w, https:\/\/www.efaflex.com\/wp-content\/uploads\/2024\/10\/umcg-6-300x225.jpg 300w\" sizes=\"(max-width: 640px) 100vw, 640px\" \/>                                                    <\/div>\r\n                    <\/div>\r\n                                    <\/div>\r\n\r\n        <div class=\"single-slide-text-area\">\r\n            <h2>Caract\u00e9ristiques de FlexCore Bollard:<\/h2>\n<ul>\n<li>Le noyau en acier et l&#8217;anneau en plastique assurent une absorption maximale des forces entrantes sans endommager le sol<\/li>\n<li>La coque en polym\u00e8re tourne librement autour du noyau, de sorte que les chocs sont dissip\u00e9s en toute s\u00e9curit\u00e9<\/li>\n<li>Pas de raccords ou de vis expos\u00e9s<\/li>\n<li>Installation facile et rapide avec seulement trois vis \u00e0 b\u00e9ton<\/li>\n<li>Diam\u00e8tre de 131 mm sur le FlexCore 4&#8221;<\/li>\n<li>Diam\u00e8tre de 182 mm sur le FlexCore 6&#8221;<\/li>\n<li>Hauteur de 1370 mm<\/li>\n<\/ul>\n        <\/div>\r\n    <\/div>\r\n\r\n    <div class=\"slider-produktvergleich-nav\">\r\n                                    <div class=\"single-nav-slide\">\r\n                                                            <div class=\"img-box\" style=\"background-image: url('https:\/\/www.efaflex.com\/wp-content\/uploads\/2024\/09\/mccue-flexcore-bollard-hero-in-use-4-382x254.jpg')\"><\/div>\r\n                <\/div>\r\n                            <div class=\"single-nav-slide\">\r\n                                                            <div class=\"img-box\" style=\"background-image: url('https:\/\/www.efaflex.com\/wp-content\/uploads\/2024\/10\/bios-382x254.jpg')\"><\/div>\r\n                <\/div>\r\n                            <div class=\"single-nav-slide\">\r\n                                                            <div class=\"img-box\" style=\"background-image: url('https:\/\/www.efaflex.com\/wp-content\/uploads\/2024\/10\/img-1450-1-382x254.jpg')\"><\/div>\r\n                <\/div>\r\n                            <div class=\"single-nav-slide\">\r\n                                                            <div class=\"img-box\" style=\"background-image: url('https:\/\/www.efaflex.com\/wp-content\/uploads\/2024\/10\/umcg-6-382x254.jpg')\"><\/div>\r\n                <\/div>\r\n                        <\/div>\r\n<\/div>\n\n\n<div style=\"height:100px\" aria-hidden=\"true\" class=\"wp-block-spacer\"><\/div>\n\n\n<div id=\"contact-modul-block_747c5e410352b8ebdff8a777fb73475c\" class=\"contact-modul contact-modul-thirty\">\r\n    <div class=\"inner\">\r\n        <div class=\"custom-flex-box\">\r\n            <div class=\"flex-box-thirty\">\r\n                                                            <h2>Vous avez des questions ?<\/h2>\r\n                                                                        <\/div>\r\n            <div class=\"flex-box-thirty contact-modul--contact\">\r\n                                                            <span>Prenez contact avec nous.<\/span>\r\n                        <p>Nous sommes l\u00e0 pour vous!<\/p>\r\n                                                                            <a class=\"load-more-button\" href=\"https:\/\/www.efaflex.com\/fr\/contact\/\" target=\"\">Vers le formulaire de contact en ligne<\/a>\r\n                                                                        <\/div>\r\n        <\/div>\r\n    <\/div>\r\n<\/div>\n\n\n<div style=\"height:100px\" aria-hidden=\"true\" class=\"wp-block-spacer\"><\/div>\n\n\n<div class=\"inner\">\r\n    <div id=\"bild-text-modul-1-3-block_25d444310ee813040fb3c5d45107937d\" class=\"themen-container custom-flex-box\">\r\n                                    <div class=\"thema-box flex-box-thirty\">\r\n                                            <div class=\"bild-box\">\r\n                                                                                                                    <img decoding=\"async\" width=\"1920\" height=\"966\" src=\"https:\/\/www.efaflex.com\/wp-content\/uploads\/2022\/07\/ausschreibungstexte-service-efaflex-header.jpg\" class=\"attachment-thementease-thumbnail size-thementease-thumbnail\" alt=\"\" srcset=\"https:\/\/www.efaflex.com\/wp-content\/uploads\/2022\/07\/ausschreibungstexte-service-efaflex-header.jpg 1920w, https:\/\/www.efaflex.com\/wp-content\/uploads\/2022\/07\/ausschreibungstexte-service-efaflex-header-300x151.jpg 300w, https:\/\/www.efaflex.com\/wp-content\/uploads\/2022\/07\/ausschreibungstexte-service-efaflex-header-1024x515.jpg 1024w, https:\/\/www.efaflex.com\/wp-content\/uploads\/2022\/07\/ausschreibungstexte-service-efaflex-header-768x386.jpg 768w, https:\/\/www.efaflex.com\/wp-content\/uploads\/2022\/07\/ausschreibungstexte-service-efaflex-header-1536x773.jpg 1536w\" sizes=\"(max-width: 1920px) 100vw, 1920px\" \/>                                                    <\/div>\r\n                                            \r\n                                                                <h2 class=\"headline-two\">\r\n                                                        Textes d\u2019appels d\u2019offres                        <\/h2>\r\n                    \r\n                        <p class=\"normal-font\"><\/p>\r\n                                                                                                                                                                                                                                                                        <\/div>\r\n                            <div class=\"thema-box flex-box-thirty\">\r\n                                            <div class=\"bild-box\">\r\n                                                                                                                    <img decoding=\"async\" width=\"1920\" height=\"1667\" src=\"https:\/\/www.efaflex.com\/wp-content\/uploads\/2022\/07\/titelbild-welt-der-tore-prospekt.jpg\" class=\"attachment-thementease-thumbnail size-thementease-thumbnail\" alt=\"\" srcset=\"https:\/\/www.efaflex.com\/wp-content\/uploads\/2022\/07\/titelbild-welt-der-tore-prospekt.jpg 1920w, https:\/\/www.efaflex.com\/wp-content\/uploads\/2022\/07\/titelbild-welt-der-tore-prospekt-300x260.jpg 300w, https:\/\/www.efaflex.com\/wp-content\/uploads\/2022\/07\/titelbild-welt-der-tore-prospekt-1024x889.jpg 1024w, https:\/\/www.efaflex.com\/wp-content\/uploads\/2022\/07\/titelbild-welt-der-tore-prospekt-768x667.jpg 768w, https:\/\/www.efaflex.com\/wp-content\/uploads\/2022\/07\/titelbild-welt-der-tore-prospekt-1536x1334.jpg 1536w\" sizes=\"(max-width: 1920px) 100vw, 1920px\" \/>                                                    <\/div>\r\n                                            \r\n                                                                <h2 class=\"headline-two\">\r\n                                                        Brochure produit                        <\/h2>\r\n                    \r\n                        <p class=\"normal-font\"><\/p>\r\n                                                                                                                                                                                                    \r\n                                      <a href=\"https:\/\/www.efaflex.com\/wp-content\/uploads\/2024\/10\/EFX241017_EFA_FlexCorePoller_Onepager_FR.pdf\" class=\"load-more-button\">\r\n                                          T\u00e9l\u00e9charger le PDF                                      <\/a>\r\n\r\n                                    \r\n                                                                                                    <\/div>\r\n                        <\/div>\r\n<\/div>\r\n\n\n\n<div style=\"height:100px\" aria-hidden=\"true\" class=\"wp-block-spacer\"><\/div>\n\n\n\r\n\r\n<div id=\"bild-text-modul-rechts-zweizeilig-block_46b4042a06bd488d8021292d755195be\" class=\"bild-text-modul-zweizeilig-container\">\r\n            \r\n\r\n\r\n            \r\n                                    \r\n                            <div class=\"bild-text-modul-rechts-zweizeilig bild-text-modul-zweizeilig\">\r\n                                <div class=\"custom-flex-box-no-margin\">\r\n                                    <div class=\"flex-box-fifty-no-margin text-container\">\r\n                                        <div class=\"text-container-flex\">\r\n                                            <div class=\"text-inner\">\r\n\r\n                                                                                                                                                            <div class=\"text-left-border\">\r\n                                                            <div class=\"text-cut\">\r\n                                                                                                                                    <span>Service apr\u00e8s-vente<\/span>\r\n                                                                \r\n                                                                                                                                    <h3 class=\"headline-two medium-h2\">Nous d\u00e9finissions les niveaux de r\u00e9f\u00e9rence du service apr\u00e8s-vente.<\/h3>                                                                \r\n<!--                                                                <h2 class=\"medium-h2\">--><!--<\/h2>-->\r\n                                                                <p class=\"normal-font full-text\">Le client occupe chez nous une place centrale, c\u2019est pourquoi, en tant que prestataire de premier ordre, un bon service apr\u00e8s-vente est \u00e9vident pour nous une \u00e9vidence. Nos collaboratrices et collaborateurs du service apr\u00e8s-vente parfaitement form\u00e9s et nos techniciens de service dot\u00e9s des v\u00e9hicules de service les mieux \u00e9quip\u00e9s vous assistent de mani\u00e8re rapide, fiable et ax\u00e9e sur la r\u00e9solution des probl\u00e8mes. C\u2019est ainsi que nous \u00e9levons le niveau du service apr\u00e8s-vente.<\/p>\r\n                                                            <\/div>\r\n                                                            <div class=\"button-box\">\r\n                                                                                                                                                                                                    <a href=\"https:\/\/www.efaflex.com\/fr\/service-apres-vente\/\" target=\"\" class=\"load-more-button\">\r\n                                                                        En savoir plus                                                                    <\/a>\r\n                                                                                                                            <\/div>\r\n                                                        <\/div>\r\n                                                                                                    \r\n                                            <\/div>\r\n                                        <\/div>\r\n                                    <\/div>\r\n                                    <div class=\"flex-box-fifty-no-margin bild-container\">\r\n                                                                                                                                                                                                                                                                                        <img decoding=\"async\" width=\"960\" height=\"720\" src=\"https:\/\/www.efaflex.com\/wp-content\/uploads\/2022\/07\/startseite_bild_rechts_2.jpg\" class=\"attachment-full size-full\" alt=\"\" srcset=\"https:\/\/www.efaflex.com\/wp-content\/uploads\/2022\/07\/startseite_bild_rechts_2.jpg 960w, https:\/\/www.efaflex.com\/wp-content\/uploads\/2022\/07\/startseite_bild_rechts_2-300x225.jpg 300w, https:\/\/www.efaflex.com\/wp-content\/uploads\/2022\/07\/startseite_bild_rechts_2-768x576.jpg 768w\" sizes=\"(max-width: 960px) 100vw, 960px\" \/>                                                                                                                                                                        <\/div>\r\n                                <\/div>\r\n                            <\/div>\r\n                                    \r\n            \r\n\r\n        \r\n\r\n\r\n    <\/div>\n\n\n<div style=\"height:100px\" aria-hidden=\"true\" class=\"wp-block-spacer\"><\/div>\n\n\n<div class=\"inner\">\r\n    <div id=\"bild-text-modul-1-3-block_ee23b0d38d578b43b5d18bd5a8652094\" class=\"themen-container custom-flex-box\">\r\n                                    <div class=\"thema-box flex-box-thirty\">\r\n                                            <div class=\"bild-box\">\r\n                                                                                                                    <img decoding=\"async\" width=\"517\" height=\"306\" src=\"https:\/\/www.efaflex.com\/wp-content\/uploads\/2023\/07\/referenzen-schnelllauftor-grau-efaflex-quicklink.jpg\" class=\"attachment-thementease-thumbnail size-thementease-thumbnail\" alt=\"\" srcset=\"https:\/\/www.efaflex.com\/wp-content\/uploads\/2023\/07\/referenzen-schnelllauftor-grau-efaflex-quicklink.jpg 517w, https:\/\/www.efaflex.com\/wp-content\/uploads\/2023\/07\/referenzen-schnelllauftor-grau-efaflex-quicklink-300x178.jpg 300w\" sizes=\"(max-width: 517px) 100vw, 517px\" \/>                                                    <\/div>\r\n                                            \r\n                                                                <h2 class=\"headline-two\">\r\n                                                        R\u00e9f\u00e9rences                        <\/h2>\r\n                    \r\n                        <p class=\"normal-font\">EFAFLEX est une marque reconnue dans le monde entier non seulement dans le domaine des portes rapides. Les entreprises leaders aux niveaux national et international de tous les secteurs font confiance \u00e0 nos produits.<\/p>\r\n                                                                                                                                                                                                        <a href=\"https:\/\/www.efaflex.com\/fr\/portes-rapides\/references\/\" class=\"load-more-button\">En savoir plus<\/a>\r\n                                                                                                                                    <\/div>\r\n                            <div class=\"thema-box flex-box-thirty\">\r\n                                            <div class=\"bild-box\">\r\n                                                                                                                    <img decoding=\"async\" width=\"1920\" height=\"966\" src=\"https:\/\/www.efaflex.com\/wp-content\/uploads\/2022\/07\/ausschreibungstexte-schnelllauftore-efaflex.jpg\" class=\"attachment-thementease-thumbnail size-thementease-thumbnail\" alt=\"\" srcset=\"https:\/\/www.efaflex.com\/wp-content\/uploads\/2022\/07\/ausschreibungstexte-schnelllauftore-efaflex.jpg 1920w, https:\/\/www.efaflex.com\/wp-content\/uploads\/2022\/07\/ausschreibungstexte-schnelllauftore-efaflex-300x151.jpg 300w, https:\/\/www.efaflex.com\/wp-content\/uploads\/2022\/07\/ausschreibungstexte-schnelllauftore-efaflex-768x386.jpg 768w, https:\/\/www.efaflex.com\/wp-content\/uploads\/2022\/07\/ausschreibungstexte-schnelllauftore-efaflex-1024x515.jpg 1024w, https:\/\/www.efaflex.com\/wp-content\/uploads\/2022\/07\/ausschreibungstexte-schnelllauftore-efaflex-1536x773.jpg 1536w\" sizes=\"(max-width: 1920px) 100vw, 1920px\" \/>                                                    <\/div>\r\n                                            \r\n                                                                <h2 class=\"headline-two\">\r\n                                                        Textes d\u2019appels d\u2019offres                        <\/h2>\r\n                    \r\n                        <p class=\"normal-font\">Nous mettons des textes d\u2019appels d\u2019offres d\u00e9taill\u00e9s de nos produits \u00e0 la disposition des architectes et planificateurs. Il ne vous reste qu\u2019\u00e0 indiquer la hauteur et la largeur de passage, la couleur et la disposition du moteur.<\/p>\r\n                                                                                                                                                                                                        <a href=\"https:\/\/www.efaflex.com\/fr\/service-apres-vente\/service-architecture\/\" class=\"load-more-button\">En savoir plus<\/a>\r\n                                                                                                                                    <\/div>\r\n                        <\/div>\r\n<\/div>\r\n\n\n\n<div style=\"height:100px\" aria-hidden=\"true\" class=\"wp-block-spacer\"><\/div>\n","protected":false},"excerpt":{"rendered":"","protected":false},"featured_media":27220,"template":"","produktdetails":[779,617],"produktfinder":[],"cad-bim-finder":[],"class_list":["post-26211","produktdetail","type-produktdetail","status-publish","has-post-thumbnail","hentry","produktdetails-anfahrschutz-peripherie-zubehoer-fr","produktdetails-peripherie-zubehoer-fr"],"acf":[],"_links":{"self":[{"href":"https:\/\/www.efaflex.com\/fr\/wp-json\/wp\/v2\/produktdetail\/26211","targetHints":{"allow":["GET"]}}],"collection":[{"href":"https:\/\/www.efaflex.com\/fr\/wp-json\/wp\/v2\/produktdetail"}],"about":[{"href":"https:\/\/www.efaflex.com\/fr\/wp-json\/wp\/v2\/types\/produktdetail"}],"version-history":[{"count":17,"href":"https:\/\/www.efaflex.com\/fr\/wp-json\/wp\/v2\/produktdetail\/26211\/revisions"}],"predecessor-version":[{"id":35535,"href":"https:\/\/www.efaflex.com\/fr\/wp-json\/wp\/v2\/produktdetail\/26211\/revisions\/35535"}],"wp:featuredmedia":[{"embeddable":true,"href":"https:\/\/www.efaflex.com\/fr\/wp-json\/wp\/v2\/media\/27220"}],"wp:attachment":[{"href":"https:\/\/www.efaflex.com\/fr\/wp-json\/wp\/v2\/media?parent=26211"}],"wp:term":[{"taxonomy":"produktdetails","embeddable":true,"href":"https:\/\/www.efaflex.com\/fr\/wp-json\/wp\/v2\/produktdetails?post=26211"},{"taxonomy":"produktfinder","embeddable":true,"href":"https:\/\/www.efaflex.com\/fr\/wp-json\/wp\/v2\/produktfinder?post=26211"},{"taxonomy":"cad-bim-finder","embeddable":true,"href":"https:\/\/www.efaflex.com\/fr\/wp-json\/wp\/v2\/cad-bim-finder?post=26211"}],"curies":[{"name":"wp","href":"https:\/\/api.w.org\/{rel}","templated":true}]}}