{"id":31466,"date":"2025-09-01T08:48:25","date_gmt":"2025-09-01T06:48:25","guid":{"rendered":"https:\/\/www.efaflex.com\/?post_type=produktdetail&#038;p=31466"},"modified":"2026-02-26T13:19:32","modified_gmt":"2026-02-26T12:19:32","slug":"efa-sst-n-premium","status":"publish","type":"produktdetail","link":"https:\/\/www.efaflex.com\/fr\/portes-rapides\/portes-a-spirale\/serie-s\/efa-sst-n-premium\/","title":{"rendered":"Porte rapide \u00e0 spirale \u00e0 linteau bas EFA-SST\u00ae N Premium"},"content":{"rendered":"\r\n<script type=\"application\/javascript\">\r\n    window.addEventListener('DOMContentLoaded', function() {\r\n        jQuery(document).ready(function($){\r\n            var sliderid = \"block_54cb8b70bae8e0ce952f2d9a71de7017\";\r\n            $('#'+sliderid).slick({\r\n                infinite: true,\r\n                dots: false,\r\n                lazyLoad: 'ondemand',\r\n                autoplay: false,\r\n                arrows: true,\r\n                fade: true,\r\n                speed: 500,\r\n                pauseOnHover: false,\r\n                prevArrow: '<div class=\"slick-prev slick-button\"><svg xmlns=\"http:\/\/www.w3.org\/2000\/svg\" viewBox=\"0 0 448 512\"><!--! Font Awesome Pro 6.1.1 by @fontawesome - https:\/\/fontawesome.com License - https:\/\/fontawesome.com\/license (Commercial License) Copyright 2022 Fonticons, Inc. --><path d=\"M77.25 256l137.4-137.4c12.5-12.5 12.5-32.75 0-45.25s-32.75-12.5-45.25 0l-160 160c-12.5 12.5-12.5 32.75 0 45.25l160 160C175.6 444.9 183.8 448 192 448s16.38-3.125 22.62-9.375c12.5-12.5 12.5-32.75 0-45.25L77.25 256zM269.3 256l137.4-137.4c12.5-12.5 12.5-32.75 0-45.25s-32.75-12.5-45.25 0l-160 160c-12.5 12.5-12.5 32.75 0 45.25l160 160C367.6 444.9 375.8 448 384 448s16.38-3.125 22.62-9.375c12.5-12.5 12.5-32.75 0-45.25L269.3 256z\"\/><\/svg><\/div>',\r\n                nextArrow: '<div class=\"slick-next slick-button\"><svg xmlns=\"http:\/\/www.w3.org\/2000\/svg\" viewBox=\"0 0 448 512\"><!--! Font Awesome Pro 6.1.1 by @fontawesome - https:\/\/fontawesome.com License - https:\/\/fontawesome.com\/license (Commercial License) Copyright 2022 Fonticons, Inc. --><path fill=\"ff0000\" style=\"height: 22px\" d=\"M246.6 233.4l-160-160c-12.5-12.5-32.75-12.5-45.25 0s-12.5 32.75 0 45.25L178.8 256l-137.4 137.4c-12.5 12.5-12.5 32.75 0 45.25C47.63 444.9 55.81 448 64 448s16.38-3.125 22.62-9.375l160-160C259.1 266.1 259.1 245.9 246.6 233.4zM438.6 233.4l-160-160c-12.5-12.5-32.75-12.5-45.25 0s-12.5 32.75 0 45.25L370.8 256l-137.4 137.4c-12.5 12.5-12.5 32.75 0 45.25C239.6 444.9 247.8 448 256 448s16.38-3.125 22.62-9.375l160-160C451.1 266.1 451.1 245.9 438.6 233.4z\"\/><\/svg><\/div>',\r\n            });\r\n        });\r\n    });\r\n<\/script>\r\n\r\n<div id=\"block_54cb8b70bae8e0ce952f2d9a71de7017\" class=\"bild-video-text-slider block-header-bild-video-text-slider\">\r\n                        <div>\r\n                <div class=\"bild-video-text-slider--slide\">\r\n                                            <div class=\"img-vid-box\">\r\n                            <div class=\"img-sizer\">\r\n                                <img decoding=\"async\" width=\"1440\" height=\"800\" src=\"https:\/\/www.efaflex.com\/wp-content\/uploads\/2025\/06\/efaflex-niedrigsturz-efa-sst-n-premium-header-1440x800.jpg\" class=\"attachment-image-big size-image-big\" alt=\"\" \/>                            <\/div>\r\n                        <\/div>\r\n                        <div class=\"video-text\">\r\n                            <h1>Porte rapide \u00e0 spirale \u00e0 linteau bas <span class=\"highlighted\">EFA-SST\u00ae N Premium.<\/span><\/h1>\n                        <\/div>\r\n                                    <\/div>\r\n\r\n            <\/div>\r\n            <\/div>\n\n\n<div style=\"height:100px\" aria-hidden=\"true\" class=\"wp-block-spacer\"><\/div>\n\n\n\r\n\r\n<div id=\"textmodul-3-spalten-block_6adb43b83ed77058dd876ab0b58058ea\" class=\"textmodul-3-spalten\">\r\n    <div class=\"inner\">\r\n        <div class=\"custom-flex-box\">\r\n                            <h2 class=\"flex-box-thirty break headline-two\">La nouvelle r\u00e9f\u00e9rence.<\/h2>                        <div class=\"flex-box-thirty\"><p>Avec la porte rapide \u00e0 spirale \u00e0 linteau bas EFA-SST\u00ae N Premium, nous pr\u00e9sentons une v\u00e9ritable nouveaut\u00e9 mondiale : la premi\u00e8re porte \u00e0 linteau bas avec guidage brevet\u00e9, qui emp\u00eache de mani\u00e8re fiable l&#8217;effet polygonal &#8211; pour un fonctionnement silencieux et une rapidit\u00e9 jusqu&#8217;ici in\u00e9gal\u00e9s.<\/p>\n<\/div>\r\n            <div class=\"flex-box-thirty\"><p>Notre porte rapide ne convainc pas seulement par sa vitesse, mais aussi par sa construction peu encombrante, id\u00e9ale pour les situations de montage \u00e9troites. De plus, l&#8217;isolation de haute qualit\u00e9 assure une efficacit\u00e9 \u00e9nerg\u00e9tique optimale. L&#8217;EFA-SST\u00ae N Premium pose de nouveaux jalons &#8211; innovante, compacte et performante.<\/p>\n<\/div>\r\n        <\/div>\r\n    <\/div>\r\n<\/div>\r\n\n\n\n<div style=\"height:100px\" aria-hidden=\"true\" class=\"wp-block-spacer\"><\/div>\n\n\n\r\n\r\n<script type=\"application\/javascript\">\r\n    window.addEventListener('DOMContentLoaded', function() {\r\n        jQuery(document).ready(function($){\r\n            $('.slider-produktvergleich').slick({\r\n                infinite: true,\r\n                dots: false,\r\n                lazyLoad: 'ondemand',\r\n                arrows: false,\r\n                fade: true,\r\n                speed: 500,\r\n                pauseOnHover: true,\r\n                asNavFor: '.slider-produktvergleich-nav',\r\n            });\r\n\r\n            $('.slider-produktvergleich-nav').slick({\r\n                infinite: true,\r\n                dots: false,\r\n                lazyLoad: 'ondemand',\r\n                arrows: true,\r\n                fade: false,\r\n                speed: 500,\r\n                pauseOnHover: true,\r\n                asNavFor: '.slider-produktvergleich',\r\n                focusOnSelect: true,\r\n                slidesToShow: 4,\r\n                slidesToScroll: 1,\r\n                swipeToSlide: true,\r\n                prevArrow: '<div class=\"slick-prev slick-button\"><svg xmlns=\"http:\/\/www.w3.org\/2000\/svg\" viewBox=\"0 0 448 512\"><!--! Font Awesome Pro 6.1.1 by @fontawesome - https:\/\/fontawesome.com License - https:\/\/fontawesome.com\/license (Commercial License) Copyright 2022 Fonticons, Inc. --><path d=\"M77.25 256l137.4-137.4c12.5-12.5 12.5-32.75 0-45.25s-32.75-12.5-45.25 0l-160 160c-12.5 12.5-12.5 32.75 0 45.25l160 160C175.6 444.9 183.8 448 192 448s16.38-3.125 22.62-9.375c12.5-12.5 12.5-32.75 0-45.25L77.25 256zM269.3 256l137.4-137.4c12.5-12.5 12.5-32.75 0-45.25s-32.75-12.5-45.25 0l-160 160c-12.5 12.5-12.5 32.75 0 45.25l160 160C367.6 444.9 375.8 448 384 448s16.38-3.125 22.62-9.375c12.5-12.5 12.5-32.75 0-45.25L269.3 256z\"\/><\/svg><\/div>',\r\n                nextArrow: '<div class=\"slick-next slick-button\"><svg xmlns=\"http:\/\/www.w3.org\/2000\/svg\" viewBox=\"0 0 448 512\"><!--! Font Awesome Pro 6.1.1 by @fontawesome - https:\/\/fontawesome.com License - https:\/\/fontawesome.com\/license (Commercial License) Copyright 2022 Fonticons, Inc. --><path fill=\"ff0000\" style=\"height: 22px\" d=\"M246.6 233.4l-160-160c-12.5-12.5-32.75-12.5-45.25 0s-12.5 32.75 0 45.25L178.8 256l-137.4 137.4c-12.5 12.5-12.5 32.75 0 45.25C47.63 444.9 55.81 448 64 448s16.38-3.125 22.62-9.375l160-160C259.1 266.1 259.1 245.9 246.6 233.4zM438.6 233.4l-160-160c-12.5-12.5-32.75-12.5-45.25 0s-12.5 32.75 0 45.25L370.8 256l-137.4 137.4c-12.5 12.5-12.5 32.75 0 45.25C239.6 444.9 247.8 448 256 448s16.38-3.125 22.62-9.375l160-160C451.1 266.1 451.1 245.9 438.6 233.4z\"\/><\/svg><\/div>',\r\n                responsive: [\r\n                    {\r\n                        breakpoint: 768,\r\n                        settings: {\r\n                            slidesToShow: 3,\r\n                        }\r\n                    },\r\n                    {\r\n                        breakpoint: 480,\r\n                        settings: {\r\n                            slidesToShow: 2,\r\n                        }\r\n                    }\r\n                ]\r\n            });\r\n        });\r\n    });\r\n<\/script>\r\n\r\n<div class=\"inner slider-produktvergleich-container\">\r\n    <div class=\"slider-produktvergleich-container--flex\">\r\n        <div id=\"slider-produktvergleich-block_d73e4d32de4963174c0642ccd9556fca\" class=\"slider-produktvergleich\">\r\n                                                <div class=\"single-slide\">\r\n                        <div class=\"single-slide-img-area\">\r\n                                                                                                                    <img decoding=\"async\" width=\"1083\" height=\"720\" src=\"https:\/\/www.efaflex.com\/wp-content\/uploads\/2025\/06\/efaflex-niedrigsturz-efa-sst-n-premium-1083x720.jpg\" class=\"attachment-slider-produktvergleich-full size-slider-produktvergleich-full\" alt=\"\" srcset=\"https:\/\/www.efaflex.com\/wp-content\/uploads\/2025\/06\/efaflex-niedrigsturz-efa-sst-n-premium-1083x720.jpg 1083w, https:\/\/www.efaflex.com\/wp-content\/uploads\/2025\/06\/efaflex-niedrigsturz-efa-sst-n-premium-382x254.jpg 382w\" sizes=\"(max-width: 1083px) 100vw, 1083px\" \/>                                                    <\/div>\r\n                    <\/div>\r\n                                    <div class=\"single-slide\">\r\n                        <div class=\"single-slide-img-area\">\r\n                                                                                                                    <img decoding=\"async\" width=\"1083\" height=\"720\" src=\"https:\/\/www.efaflex.com\/wp-content\/uploads\/2025\/06\/efaflex-niedrigsturz-efa-sst-n-premium-1-1083x720.jpg\" class=\"attachment-slider-produktvergleich-full size-slider-produktvergleich-full\" alt=\"\" srcset=\"https:\/\/www.efaflex.com\/wp-content\/uploads\/2025\/06\/efaflex-niedrigsturz-efa-sst-n-premium-1-1083x720.jpg 1083w, https:\/\/www.efaflex.com\/wp-content\/uploads\/2025\/06\/efaflex-niedrigsturz-efa-sst-n-premium-1-382x254.jpg 382w\" sizes=\"(max-width: 1083px) 100vw, 1083px\" \/>                                                    <\/div>\r\n                    <\/div>\r\n                                    <div class=\"single-slide\">\r\n                        <div class=\"single-slide-img-area\">\r\n                                                                                                                    <img decoding=\"async\" width=\"1083\" height=\"720\" src=\"https:\/\/www.efaflex.com\/wp-content\/uploads\/2025\/06\/efaflex-niedrigsturz-efa-sst-n-premium-motor-1083x720.jpg\" class=\"attachment-slider-produktvergleich-full size-slider-produktvergleich-full\" alt=\"\" srcset=\"https:\/\/www.efaflex.com\/wp-content\/uploads\/2025\/06\/efaflex-niedrigsturz-efa-sst-n-premium-motor-1083x720.jpg 1083w, https:\/\/www.efaflex.com\/wp-content\/uploads\/2025\/06\/efaflex-niedrigsturz-efa-sst-n-premium-motor-382x254.jpg 382w\" sizes=\"(max-width: 1083px) 100vw, 1083px\" \/>                                                    <\/div>\r\n                    <\/div>\r\n                                    <\/div>\r\n\r\n        <div class=\"single-slide-text-area\">\r\n            <h2>L&#8217;EFA-SST\u00ae N Premium en un coup d&#8217;\u0153il :<\/h2>\n<ul>\n<li>Guidage de tablier innovant et brevet\u00e9<\/li>\n<li>Ouverture jusqu&#8217;\u00e0 2,0 m\/s<\/li>\n<li>Valeur U jusqu&#8217;\u00e0 1,6 W\/m\u00b2K<\/li>\n<li>Jusqu&#8217;\u00e0 400.000 cycles de charge par an<\/li>\n<li>Linteau minimal (335 mm)<\/li>\n<li>Dimensions standard jusqu&#8217;\u00e0 B=4.500 mm, H=5.695 mm<\/li>\n<\/ul>\n        <\/div>\r\n    <\/div>\r\n\r\n    <div class=\"slider-produktvergleich-nav\">\r\n                                    <div class=\"single-nav-slide\">\r\n                                                            <div class=\"img-box\" style=\"background-image: url('https:\/\/www.efaflex.com\/wp-content\/uploads\/2025\/06\/efaflex-niedrigsturz-efa-sst-n-premium-382x254.jpg')\"><\/div>\r\n                <\/div>\r\n                            <div class=\"single-nav-slide\">\r\n                                                            <div class=\"img-box\" style=\"background-image: url('https:\/\/www.efaflex.com\/wp-content\/uploads\/2025\/06\/efaflex-niedrigsturz-efa-sst-n-premium-1-382x254.jpg')\"><\/div>\r\n                <\/div>\r\n                            <div class=\"single-nav-slide\">\r\n                                                            <div class=\"img-box\" style=\"background-image: url('https:\/\/www.efaflex.com\/wp-content\/uploads\/2025\/06\/efaflex-niedrigsturz-efa-sst-n-premium-motor-382x254.jpg')\"><\/div>\r\n                <\/div>\r\n                        <\/div>\r\n<\/div>\n\n\n<div style=\"height:100px\" aria-hidden=\"true\" class=\"wp-block-spacer\"><\/div>\n\n\n\r\n    <div class=\"inner\">\r\n        <div  class=\"dan_akkordeon block_fd8d71b6e4214f53cda45acb21a8ea05\">\r\n            <h2>D\u00e9tails<\/h2>\r\n                            <div class=\"dan_akkordeon_wrapper\">\r\n                    <div class=\"dan_akkordeon_wrapper--header\">\r\n                        <div class=\"content--title\">\r\n                            Nouveaut\u00e9 mondiale                            <img decoding=\"async\" class=\"dan_akkordeon_wrapper--open\" src=\"https:\/\/www.efaflex.com\/wp-content\/themes\/efaflex\/assets\/img\/after-button-arrows.svg\" alt=\"Open\">\r\n                        <\/div>\r\n                    <\/div>\r\n                    <div class=\"dan_akkordeon_wrapper--content\">\r\n                        <p>Avec l&#8217;EFA-SST\u00ae N Premium, nous pr\u00e9sentons une innovation technologique qui n&#8217;a encore jamais exist\u00e9. La technologie de guidage d\u00e9velopp\u00e9e et brevet\u00e9e par nos soins permet d&#8217;\u00e9viter de mani\u00e8re fiable ce que l&#8217;on appelle l&#8217;effet polygonal. Cela signifie : pas de vibrations, pas de secousses &#8211; m\u00eame \u00e0 des vitesses maximales. Pour ce faire, nous mettons \u00e0 disposition non pas une, mais deux lignes de guidage lors de la d\u00e9viation de nos guidages. Notre porte \u00e0 linteau bas pose ainsi de nouveaux jalons en mati\u00e8re de vitesse, de silence et de gain de place. Elle associe une ing\u00e9nierie de pointe \u00e0 une utilisation pratique au quotidien &#8211; pour les applications o\u00f9 les solutions existantes atteignent leurs limites.<\/p>\n<p>Avec le nouveau guidage de tablier brevet\u00e9, nous avons pos\u00e9 un jalon qui repousse \u00e0 jamais les limites de ce que peut faire une porte industrielle. Ce n&#8217;est pas seulement une porte ; c&#8217;est un outil strat\u00e9gique qui acc\u00e9l\u00e8re vos processus, r\u00e9duit vos co\u00fbts et am\u00e9liore votre environnement de travail. C&#8217;est l&#8217;avenir de l&#8217;acc\u00e8s &#8211; d\u00e8s aujourd&#8217;hui chez vous.<\/p>\n                                            <\/div>\r\n                <\/div>\r\n                            <div class=\"dan_akkordeon_wrapper\">\r\n                    <div class=\"dan_akkordeon_wrapper--header\">\r\n                        <div class=\"content--title\">\r\n                            Silencieux et rapide                            <img decoding=\"async\" class=\"dan_akkordeon_wrapper--open\" src=\"https:\/\/www.efaflex.com\/wp-content\/themes\/efaflex\/assets\/img\/after-button-arrows.svg\" alt=\"Open\">\r\n                        <\/div>\r\n                    <\/div>\r\n                    <div class=\"dan_akkordeon_wrapper--content\">\r\n                        <p>Outre des vitesses d&#8217;ouverture impressionnantes allant jusqu&#8217;\u00e0 2,0 m\/s, la porte \u00e0 linteau bas convainc par un fonctionnement exceptionnellement silencieux et sans vibrations &#8211; m\u00eame pour les grandes portes. Le m\u00e9canisme pr\u00e9cis assure un frottement minimal et une faible usure &#8211; ce qui rend la porte non seulement silencieuse, mais aussi particuli\u00e8rement facile \u00e0 entretenir et fiable en fonctionnement continu.<\/p>\n                                            <\/div>\r\n                <\/div>\r\n                            <div class=\"dan_akkordeon_wrapper\">\r\n                    <div class=\"dan_akkordeon_wrapper--header\">\r\n                        <div class=\"content--title\">\r\n                            Linteau minimal                            <img decoding=\"async\" class=\"dan_akkordeon_wrapper--open\" src=\"https:\/\/www.efaflex.com\/wp-content\/themes\/efaflex\/assets\/img\/after-button-arrows.svg\" alt=\"Open\">\r\n                        <\/div>\r\n                    <\/div>\r\n                    <div class=\"dan_akkordeon_wrapper--content\">\r\n                        <p>Gr\u00e2ce \u00e0 sa construction compacte et \u00e0 son linteau minimal, l&#8217;EFA-SST\u00ae N Premium peut \u00eatre utilis\u00e9e de mani\u00e8re id\u00e9ale m\u00eame dans des espaces restreints. La construction peu encombrante ouvre de nouvelles possibilit\u00e9s dans les domaines o\u00f9 les portes sectionnelles traditionnelles se heurtent \u00e0 des limites de construction. Notre solution est polyvalente : Dans les garages, les halls de production, les stations de lavage et bien plus encore.<\/p>\n                                            <\/div>\r\n                <\/div>\r\n                            <div class=\"dan_akkordeon_wrapper\">\r\n                    <div class=\"dan_akkordeon_wrapper--header\">\r\n                        <div class=\"content--title\">\r\n                            Excellente isolation                            <img decoding=\"async\" class=\"dan_akkordeon_wrapper--open\" src=\"https:\/\/www.efaflex.com\/wp-content\/themes\/efaflex\/assets\/img\/after-button-arrows.svg\" alt=\"Open\">\r\n                        <\/div>\r\n                    <\/div>\r\n                    <div class=\"dan_akkordeon_wrapper--content\">\r\n                        <p>EFAFLEX est le premier fabricant de portes industrielles au monde \u00e0 proposer en s\u00e9rie des lames isolantes EFA-THERM\u00ae \u00e0 rupture de pont thermique. La porte atteint ainsi une tr\u00e8s bonne valeur U allant jusqu&#8217;\u00e0 1,6 W\/m\u00b2K et minimise ainsi les pertes de chaleur ou de froid &#8211; ce qui est particuli\u00e8rement important pour les zones \u00e0 temp\u00e9rature contr\u00f4l\u00e9e, les centres logistiques ou les zones de production o\u00f9 l&#8217;on est tr\u00e8s sensible \u00e0 l&#8217;environnement.<\/p>\n                                            <\/div>\r\n                <\/div>\r\n                            <div class=\"dan_akkordeon_wrapper\">\r\n                    <div class=\"dan_akkordeon_wrapper--header\">\r\n                        <div class=\"content--title\">\r\n                            S\u00e9curit\u00e9                            <img decoding=\"async\" class=\"dan_akkordeon_wrapper--open\" src=\"https:\/\/www.efaflex.com\/wp-content\/themes\/efaflex\/assets\/img\/after-button-arrows.svg\" alt=\"Open\">\r\n                        <\/div>\r\n                    <\/div>\r\n                    <div class=\"dan_akkordeon_wrapper--content\">\r\n                        <p>L&#8217;EFA-SST\u00ae N Premium \u00e9tablit \u00e9galement de nouveaux standards en mati\u00e8re de s\u00e9curit\u00e9. Elle r\u00e9pond aux exigences de la Resistance Class 2 (classe de r\u00e9sistance) selon la norme DIN\/TS 18194:2020 et est \u00e9quip\u00e9e d&#8217;une d\u00e9tection intelligente de rupture de ressort. D&#8217;autres caract\u00e9ristiques de s\u00e9curit\u00e9 garantissent que les personnes, les machines et les marchandises sont prot\u00e9g\u00e9es de mani\u00e8re optimale \u00e0 tout moment &#8211; de mani\u00e8re fiable, contr\u00f4l\u00e9e et \u00e0 la pointe de la technologie.<\/p>\n                                            <\/div>\r\n                <\/div>\r\n                            <div class=\"dan_akkordeon_wrapper\">\r\n                    <div class=\"dan_akkordeon_wrapper--header\">\r\n                        <div class=\"content--title\">\r\n                            Longue dur\u00e9e de vie                            <img decoding=\"async\" class=\"dan_akkordeon_wrapper--open\" src=\"https:\/\/www.efaflex.com\/wp-content\/themes\/efaflex\/assets\/img\/after-button-arrows.svg\" alt=\"Open\">\r\n                        <\/div>\r\n                    <\/div>\r\n                    <div class=\"dan_akkordeon_wrapper--content\">\r\n                        <p>Moins de secousses, moins de vibrations signifie une r\u00e9duction drastique de l&#8217;usure. Les contraintes exerc\u00e9es sur le tablier et les pi\u00e8ces de construction sont minimis\u00e9es, ce qui prolonge consid\u00e9rablement la dur\u00e9e de vie de toute votre installation de porte. Moins d&#8217;entretien, moins de r\u00e9parations &#8211; plus de s\u00e9curit\u00e9 de fonctionnement et des co\u00fbts d&#8217;exploitation r\u00e9duits pendant des ann\u00e9es.<\/p>\n                                            <\/div>\r\n                <\/div>\r\n                    <\/div>\r\n    <\/div>\r\n    <script type=\"application\/ld+json\">{\"@context\":\"https:\/\/schema.org\",\"@type\":\"ItemList\",\"name\":\"D\u00e9tails\",\"itemListElement\":[{\"@type\":\"ListItem\",\"position\":1,\"name\":\"Nouveaut\u00e9 mondiale\",\"description\":\"Avec l&#8217;EFA-SST\u00ae N Premium, nous pr\u00e9sentons une innovation technologique qui n&#8217;a encore jamais exist\u00e9. La technologie de guidage d\u00e9velopp\u00e9e et brevet\u00e9e par nos soins permet d&#8217;\u00e9viter de mani\u00e8re fiable ce que l&#8217;on appelle l&#8217;effet polygonal. Cela signifie : pas de vibrations, pas de secousses &#8211; m\u00eame \u00e0 des vitesses maximales. Pour ce faire, nous mettons \u00e0 disposition non pas une, mais deux lignes de guidage lors de la d\u00e9viation de nos guidages. Notre porte \u00e0 linteau bas pose ainsi de nouveaux jalons en mati\u00e8re de vitesse, de silence et de gain de place. Elle associe une ing\u00e9nierie de pointe \u00e0 une utilisation pratique au quotidien &#8211; pour les applications o\u00f9 les solutions existantes atteignent leurs limites.\\nAvec le nouveau guidage de tablier brevet\u00e9, nous avons pos\u00e9 un jalon qui repousse \u00e0 jamais les limites de ce que peut faire une porte industrielle. Ce n&#8217;est pas seulement une porte ; c&#8217;est un outil strat\u00e9gique qui acc\u00e9l\u00e8re vos processus, r\u00e9duit vos co\u00fbts et am\u00e9liore votre environnement de travail. C&#8217;est l&#8217;avenir de l&#8217;acc\u00e8s &#8211; d\u00e8s aujourd&#8217;hui chez vous.\"},{\"@type\":\"ListItem\",\"position\":2,\"name\":\"Silencieux et rapide\",\"description\":\"Outre des vitesses d&#8217;ouverture impressionnantes allant jusqu&#8217;\u00e0 2,0 m\/s, la porte \u00e0 linteau bas convainc par un fonctionnement exceptionnellement silencieux et sans vibrations &#8211; m\u00eame pour les grandes portes. Le m\u00e9canisme pr\u00e9cis assure un frottement minimal et une faible usure &#8211; ce qui rend la porte non seulement silencieuse, mais aussi particuli\u00e8rement facile \u00e0 entretenir et fiable en fonctionnement continu.\"},{\"@type\":\"ListItem\",\"position\":3,\"name\":\"Linteau minimal\",\"description\":\"Gr\u00e2ce \u00e0 sa construction compacte et \u00e0 son linteau minimal, l&#8217;EFA-SST\u00ae N Premium peut \u00eatre utilis\u00e9e de mani\u00e8re id\u00e9ale m\u00eame dans des espaces restreints. La construction peu encombrante ouvre de nouvelles possibilit\u00e9s dans les domaines o\u00f9 les portes sectionnelles traditionnelles se heurtent \u00e0 des limites de construction. Notre solution est polyvalente : Dans les garages, les halls de production, les stations de lavage et bien plus encore.\"},{\"@type\":\"ListItem\",\"position\":4,\"name\":\"Excellente isolation\",\"description\":\"EFAFLEX est le premier fabricant de portes industrielles au monde \u00e0 proposer en s\u00e9rie des lames isolantes EFA-THERM\u00ae \u00e0 rupture de pont thermique. La porte atteint ainsi une tr\u00e8s bonne valeur U allant jusqu&#8217;\u00e0 1,6 W\/m\u00b2K et minimise ainsi les pertes de chaleur ou de froid &#8211; ce qui est particuli\u00e8rement important pour les zones \u00e0 temp\u00e9rature contr\u00f4l\u00e9e, les centres logistiques ou les zones de production o\u00f9 l&#8217;on est tr\u00e8s sensible \u00e0 l&#8217;environnement.\"},{\"@type\":\"ListItem\",\"position\":5,\"name\":\"S\u00e9curit\u00e9\",\"description\":\"L&#8217;EFA-SST\u00ae N Premium \u00e9tablit \u00e9galement de nouveaux standards en mati\u00e8re de s\u00e9curit\u00e9. Elle r\u00e9pond aux exigences de la Resistance Class 2 (classe de r\u00e9sistance) selon la norme DIN\/TS 18194:2020 et est \u00e9quip\u00e9e d&#8217;une d\u00e9tection intelligente de rupture de ressort. D&#8217;autres caract\u00e9ristiques de s\u00e9curit\u00e9 garantissent que les personnes, les machines et les marchandises sont prot\u00e9g\u00e9es de mani\u00e8re optimale \u00e0 tout moment &#8211; de mani\u00e8re fiable, contr\u00f4l\u00e9e et \u00e0 la pointe de la technologie.\"},{\"@type\":\"ListItem\",\"position\":6,\"name\":\"Longue dur\u00e9e de vie\",\"description\":\"Moins de secousses, moins de vibrations signifie une r\u00e9duction drastique de l&#8217;usure. Les contraintes exerc\u00e9es sur le tablier et les pi\u00e8ces de construction sont minimis\u00e9es, ce qui prolonge consid\u00e9rablement la dur\u00e9e de vie de toute votre installation de porte. Moins d&#8217;entretien, moins de r\u00e9parations &#8211; plus de s\u00e9curit\u00e9 de fonctionnement et des co\u00fbts d&#8217;exploitation r\u00e9duits pendant des ann\u00e9es.\"}]}<\/script><script type=\"application\/javascript\">\r\n    window.addEventListener('DOMContentLoaded', function() {\r\n        jQuery(document).ready(function($) {\r\n            $(\".block_fd8d71b6e4214f53cda45acb21a8ea05\").danAkkordeon({\r\n                \"animate\": true, \/\/ \u00d6ffnet mit Slide Effekt\r\n                \"close\": true, \/\/ Schliesst automatisch das ge\u00f6ffneten Akkordeon bei \u00f6ffnen eines anderen Tabs\r\n                \"focus\": false, \/\/ Scrollt zum ge\u00f6ffnete Akkoredon\r\n                \"offset\": 200 \/\/ Abstand von Top zum ge\u00f6ffneten Akkordeon, Focus muss True sein\r\n            });\r\n        });\r\n    });\r\n<\/script>\r\n\n\n\n<div style=\"height:100px\" aria-hidden=\"true\" class=\"wp-block-spacer\"><\/div>\n\n\n\r\n\r\n<div id=\"bild-text-modul-rechts-zweizeilig-block_4bfec1d6adc5907ce07cef3f44ac64b0\" class=\"bild-text-modul-zweizeilig-container\">\r\n            \r\n\r\n\r\n            \r\n                                    \r\n                            <div class=\"bild-text-modul-rechts-zweizeilig bild-text-modul-zweizeilig\">\r\n                                <div class=\"custom-flex-box-no-margin\">\r\n                                    <div class=\"flex-box-fifty-no-margin text-container\">\r\n                                        <div class=\"text-container-flex\">\r\n                                            <div class=\"text-inner\">\r\n\r\n                                                                                                                                                            <div class=\"text-left-border\">\r\n                                                            <div class=\"text-cut\">\r\n                                                                                                                                    <span>R\u00e9f\u00e9rences<\/span>\r\n                                                                \r\n                                                                                                                                    <h3 class=\"headline-two medium-h2\">Nos portes convainquent nos clients &#8211; dans le monde entier.<\/h3>                                                                \r\n<!--                                                                <h2 class=\"medium-h2\">--><!--<\/h2>-->\r\n                                                                <p class=\"normal-font full-text\">EFAFLEX est une marque reconnue dans le monde entier non seulement dans le domaine des portes rapides. Les entreprises leaders aux niveaux national et international de tous les secteurs font confiance \u00e0 nos produits.<\/p>\r\n                                                            <\/div>\r\n                                                            <div class=\"button-box\">\r\n                                                                                                                                                                                                    <a href=\"https:\/\/www.efaflex.com\/fr\/produits\/references\/\" target=\"\" class=\"load-more-button\">\r\n                                                                        En savoir plus                                                                    <\/a>\r\n                                                                                                                            <\/div>\r\n                                                        <\/div>\r\n                                                                                                    \r\n                                            <\/div>\r\n                                        <\/div>\r\n                                    <\/div>\r\n                                    <div class=\"flex-box-fifty-no-margin bild-container\">\r\n                                                                                                                                                                                                                                                                                        <img decoding=\"async\" width=\"960\" height=\"720\" src=\"https:\/\/www.efaflex.com\/wp-content\/uploads\/2023\/07\/referenzen-schnelllauftor-grau-efaflex-teaser.jpg\" class=\"attachment-full size-full\" alt=\"\" srcset=\"https:\/\/www.efaflex.com\/wp-content\/uploads\/2023\/07\/referenzen-schnelllauftor-grau-efaflex-teaser.jpg 960w, https:\/\/www.efaflex.com\/wp-content\/uploads\/2023\/07\/referenzen-schnelllauftor-grau-efaflex-teaser-300x225.jpg 300w, https:\/\/www.efaflex.com\/wp-content\/uploads\/2023\/07\/referenzen-schnelllauftor-grau-efaflex-teaser-768x576.jpg 768w\" sizes=\"(max-width: 960px) 100vw, 960px\" \/>                                                                                                                                                                        <\/div>\r\n                                <\/div>\r\n                            <\/div>\r\n                                    \r\n            \r\n\r\n        \r\n\r\n\r\n    <\/div>\n\n\n<div style=\"height:100px\" aria-hidden=\"true\" class=\"wp-block-spacer\"><\/div>\n\n\n<div id=\"contact-modul-block_563879c6ebb1320583755ead8781e0d4\" class=\"contact-modul contact-modul-thirty\">\r\n    <div class=\"inner\">\r\n        <div class=\"custom-flex-box\">\r\n            <div class=\"flex-box-thirty\">\r\n                                                            <h2>Vous avez des questions ?<\/h2>\r\n                                                                        <\/div>\r\n            <div class=\"flex-box-thirty contact-modul--contact\">\r\n                                                            <span>Prenez contact avec nous.<\/span>\r\n                        <p>Nous sommes l\u00e0 pour vous!<\/p>\r\n                                                                            <a class=\"load-more-button\" href=\"https:\/\/www.efaflex.com\/fr\/contact\/\" target=\"\">Vers le formulaire de contact en ligne<\/a>\r\n                                                                        <\/div>\r\n        <\/div>\r\n    <\/div>\r\n<\/div>\n\n\n<div style=\"height:100px\" aria-hidden=\"true\" class=\"wp-block-spacer\"><\/div>\n\n\n<div class=\"inner\">\r\n    <div id=\"bild-text-modul-1-3-block_3a358a8d476086f5c3a455ae7dd07a45\" class=\"themen-container custom-flex-box\">\r\n                                    <div class=\"thema-box flex-box-thirty\">\r\n                                            <div class=\"bild-box\">\r\n                                                                                                                    <img decoding=\"async\" width=\"1920\" height=\"966\" src=\"https:\/\/www.efaflex.com\/wp-content\/uploads\/2022\/07\/ausschreibungstexte-service-efaflex-header.jpg\" class=\"attachment-thementease-thumbnail size-thementease-thumbnail\" alt=\"\" srcset=\"https:\/\/www.efaflex.com\/wp-content\/uploads\/2022\/07\/ausschreibungstexte-service-efaflex-header.jpg 1920w, https:\/\/www.efaflex.com\/wp-content\/uploads\/2022\/07\/ausschreibungstexte-service-efaflex-header-300x151.jpg 300w, https:\/\/www.efaflex.com\/wp-content\/uploads\/2022\/07\/ausschreibungstexte-service-efaflex-header-1024x515.jpg 1024w, https:\/\/www.efaflex.com\/wp-content\/uploads\/2022\/07\/ausschreibungstexte-service-efaflex-header-768x386.jpg 768w, https:\/\/www.efaflex.com\/wp-content\/uploads\/2022\/07\/ausschreibungstexte-service-efaflex-header-1536x773.jpg 1536w\" sizes=\"(max-width: 1920px) 100vw, 1920px\" \/>                                                    <\/div>\r\n                                            \r\n                                                                <h2 class=\"headline-two\">\r\n                                                        Texte d&#8217;appel d&#8217;offres                        <\/h2>\r\n                    \r\n                        <p class=\"normal-font\"><\/p>\r\n                                                                                                                                                                                                    \r\n                                      <a href=\"https:\/\/www.efaflex.com\/wp-content\/uploads\/2026\/01\/EFA-SST-N-Premium-fr.zip\" class=\"load-more-button\">\r\n                                          T\u00e9l\u00e9charger le PDF                                      <\/a>\r\n\r\n                                    \r\n                                                                                                    <\/div>\r\n                            <div class=\"thema-box flex-box-thirty\">\r\n                                            <div class=\"bild-box\">\r\n                                                                                                                    <img decoding=\"async\" width=\"1920\" height=\"1667\" src=\"https:\/\/www.efaflex.com\/wp-content\/uploads\/2022\/07\/titelbild-welt-der-tore-prospekt.jpg\" class=\"attachment-thementease-thumbnail size-thementease-thumbnail\" alt=\"\" srcset=\"https:\/\/www.efaflex.com\/wp-content\/uploads\/2022\/07\/titelbild-welt-der-tore-prospekt.jpg 1920w, https:\/\/www.efaflex.com\/wp-content\/uploads\/2022\/07\/titelbild-welt-der-tore-prospekt-300x260.jpg 300w, https:\/\/www.efaflex.com\/wp-content\/uploads\/2022\/07\/titelbild-welt-der-tore-prospekt-1024x889.jpg 1024w, https:\/\/www.efaflex.com\/wp-content\/uploads\/2022\/07\/titelbild-welt-der-tore-prospekt-768x667.jpg 768w, https:\/\/www.efaflex.com\/wp-content\/uploads\/2022\/07\/titelbild-welt-der-tore-prospekt-1536x1334.jpg 1536w\" sizes=\"(max-width: 1920px) 100vw, 1920px\" \/>                                                    <\/div>\r\n                                            \r\n                                                                <h2 class=\"headline-two\">\r\n                                                        Brochure produit                        <\/h2>\r\n                    \r\n                        <p class=\"normal-font\"><\/p>\r\n                                                                                                                                                                                                    \r\n                                      <a href=\"https:\/\/www.efaflex.com\/wp-content\/uploads\/2025\/09\/250829_EFX_3_ProductFolder_EFA-SST_N_Premium_EN.pdf\" class=\"load-more-button\">\r\n                                          T\u00e9l\u00e9charger le PDF                                      <\/a>\r\n\r\n                                    \r\n                                                                                                    <\/div>\r\n                        <\/div>\r\n<\/div>\r\n\n\n\n<div style=\"height:100px\" aria-hidden=\"true\" class=\"wp-block-spacer\"><\/div>\n\n\n\r\n\r\n<div id=\"bild-text-modul-rechts-zweizeilig-block_8d6372885f6ed9a4a2233d193590d746\" class=\"bild-text-modul-zweizeilig-container\">\r\n            \r\n\r\n\r\n            \r\n                                    \r\n                            <div class=\"bild-text-modul-rechts-zweizeilig bild-text-modul-zweizeilig\">\r\n                                <div class=\"custom-flex-box-no-margin\">\r\n                                    <div class=\"flex-box-fifty-no-margin text-container\">\r\n                                        <div class=\"text-container-flex\">\r\n                                            <div class=\"text-inner\">\r\n\r\n                                                                                                                                                            <div class=\"text-left-border\">\r\n                                                            <div class=\"text-cut\">\r\n                                                                                                                                    <span>Service apr\u00e8s-vente<\/span>\r\n                                                                \r\n                                                                                                                                    <h3 class=\"headline-two medium-h2\">Nous d\u00e9finissions les niveaux de r\u00e9f\u00e9rence du service apr\u00e8s-vente.<\/h3>                                                                \r\n<!--                                                                <h2 class=\"medium-h2\">--><!--<\/h2>-->\r\n                                                                <p class=\"normal-font full-text\">Le client occupe chez nous une place centrale, c\u2019est pourquoi, en tant que prestataire de premier ordre, un bon service apr\u00e8s-vente est \u00e9vident pour nous une \u00e9vidence. Nos collaboratrices et collaborateurs du service apr\u00e8s-vente parfaitement form\u00e9s et nos techniciens de service dot\u00e9s des v\u00e9hicules de service les mieux \u00e9quip\u00e9s vous assistent de mani\u00e8re rapide, fiable et ax\u00e9e sur la r\u00e9solution des probl\u00e8mes. C\u2019est ainsi que nous \u00e9levons le niveau du service apr\u00e8s-vente.<\/p>\r\n                                                            <\/div>\r\n                                                            <div class=\"button-box\">\r\n                                                                                                                                                                                                    <a href=\"https:\/\/www.efaflex.com\/fr\/service-apres-vente\/\" target=\"\" class=\"load-more-button\">\r\n                                                                        En savoir plus                                                                    <\/a>\r\n                                                                                                                            <\/div>\r\n                                                        <\/div>\r\n                                                                                                    \r\n                                            <\/div>\r\n                                        <\/div>\r\n                                    <\/div>\r\n                                    <div class=\"flex-box-fifty-no-margin bild-container\">\r\n                                                                                                                                                                                                                                                                                        <img decoding=\"async\" width=\"960\" height=\"720\" src=\"https:\/\/www.efaflex.com\/wp-content\/uploads\/2022\/07\/startseite_bild_rechts_2.jpg\" class=\"attachment-full size-full\" alt=\"\" srcset=\"https:\/\/www.efaflex.com\/wp-content\/uploads\/2022\/07\/startseite_bild_rechts_2.jpg 960w, https:\/\/www.efaflex.com\/wp-content\/uploads\/2022\/07\/startseite_bild_rechts_2-300x225.jpg 300w, https:\/\/www.efaflex.com\/wp-content\/uploads\/2022\/07\/startseite_bild_rechts_2-768x576.jpg 768w\" sizes=\"(max-width: 960px) 100vw, 960px\" \/>                                                                                                                                                                        <\/div>\r\n                                <\/div>\r\n                            <\/div>\r\n                                    \r\n            \r\n\r\n        \r\n\r\n\r\n    <\/div>\n\n\n<div style=\"height:100px\" aria-hidden=\"true\" class=\"wp-block-spacer\"><\/div>\n\n\n<div class=\"inner\">\r\n    <div id=\"bild-text-modul-1-3-block_e35c5f1d59c5787b5ec6194002e47973\" class=\"themen-container custom-flex-box\">\r\n                                    <div class=\"thema-box flex-box-thirty\">\r\n                                            <div class=\"bild-box\">\r\n                                                                                                                    <img decoding=\"async\" width=\"1920\" height=\"1280\" src=\"https:\/\/www.efaflex.com\/wp-content\/uploads\/2023\/01\/EFAFLEX_Voegele_177.jpg\" class=\"attachment-thementease-thumbnail size-thementease-thumbnail\" alt=\"\" srcset=\"https:\/\/www.efaflex.com\/wp-content\/uploads\/2023\/01\/EFAFLEX_Voegele_177.jpg 1920w, https:\/\/www.efaflex.com\/wp-content\/uploads\/2023\/01\/EFAFLEX_Voegele_177-300x200.jpg 300w, https:\/\/www.efaflex.com\/wp-content\/uploads\/2023\/01\/EFAFLEX_Voegele_177-1024x683.jpg 1024w, https:\/\/www.efaflex.com\/wp-content\/uploads\/2023\/01\/EFAFLEX_Voegele_177-768x512.jpg 768w, https:\/\/www.efaflex.com\/wp-content\/uploads\/2023\/01\/EFAFLEX_Voegele_177-1536x1024.jpg 1536w, https:\/\/www.efaflex.com\/wp-content\/uploads\/2023\/01\/EFAFLEX_Voegele_177-382x254.jpg 382w\" sizes=\"(max-width: 1920px) 100vw, 1920px\" \/>                                                    <\/div>\r\n                                            \r\n                                                                <h2 class=\"headline-two\">\r\n                                                        Produits                        <\/h2>\r\n                    \r\n                        <p class=\"normal-font\">Nos portes haut de gamme sont rapides et efficaces, s\u00fbres et fiables. Gr\u00e2ce \u00e0 notre d\u00e9partement recherche et d\u00e9veloppement, nous sommes en mesure de trouver la solution parfaite pour r\u00e9pondre aux besoins des clients et de la concr\u00e9tiser.<\/p>\r\n                                                                                                                                                                                                        <a href=\"https:\/\/www.efaflex.com\/fr\/produits\/\" class=\"load-more-button\">En savoir plus<\/a>\r\n                                                                                                                                    <\/div>\r\n                            <div class=\"thema-box flex-box-thirty\">\r\n                                            <div class=\"bild-box\">\r\n                                                                                                                    <img decoding=\"async\" width=\"1032\" height=\"612\" src=\"https:\/\/www.efaflex.com\/wp-content\/uploads\/2022\/06\/modernste-industrietore-loesungen-quicklink-efaflex.jpg\" class=\"attachment-thementease-thumbnail size-thementease-thumbnail\" alt=\"\" srcset=\"https:\/\/www.efaflex.com\/wp-content\/uploads\/2022\/06\/modernste-industrietore-loesungen-quicklink-efaflex.jpg 1032w, https:\/\/www.efaflex.com\/wp-content\/uploads\/2022\/06\/modernste-industrietore-loesungen-quicklink-efaflex-300x178.jpg 300w, https:\/\/www.efaflex.com\/wp-content\/uploads\/2022\/06\/modernste-industrietore-loesungen-quicklink-efaflex-1024x607.jpg 1024w, https:\/\/www.efaflex.com\/wp-content\/uploads\/2022\/06\/modernste-industrietore-loesungen-quicklink-efaflex-768x455.jpg 768w, https:\/\/www.efaflex.com\/wp-content\/uploads\/2022\/06\/modernste-industrietore-loesungen-quicklink-efaflex-517x306.jpg 517w\" sizes=\"(max-width: 1032px) 100vw, 1032px\" \/>                                                    <\/div>\r\n                                            \r\n                                                                <h2 class=\"headline-two\">\r\n                                                        Solutions                        <\/h2>\r\n                    \r\n                        <p class=\"normal-font\">Nous ne fabriquons pas de produits standards, mais d\u00e9veloppons des solutions individuelles parfaitement adapt\u00e9e \u00e0 chaque d\u00e9fi pour tous les secteurs et domaines d\u2019application et pour nos clients du monde entier.<\/p>\r\n                                                                                                                                                                                                        <a href=\"https:\/\/www.efaflex.com\/fr\/solutions\/\" class=\"load-more-button\">En savoir plus<\/a>\r\n                                                                                                                                    <\/div>\r\n                        <\/div>\r\n<\/div>\r\n\n\n\n<div style=\"height:100px\" aria-hidden=\"true\" class=\"wp-block-spacer\"><\/div>\n","protected":false},"excerpt":{"rendered":"","protected":false},"featured_media":31233,"template":"","produktdetails":[592,591,594,595],"produktfinder":[596,577,575,572,578,580,571,581,579],"cad-bim-finder":[],"class_list":["post-31466","produktdetail","type-produktdetail","status-publish","has-post-thumbnail","hentry","produktdetails-branchen-fr","produktdetails-getraenkeindustrie-fr","produktdetails-serie-s-fr","produktdetails-spiraltore-fr","produktfinder-standard","produktfinder-kuehl-tiefkuehl-fr","produktfinder-aussentor-fr","produktfinder-innentor-fr","produktfinder-schallschutz-fr","produktfinder-waermedaemmung-fr","produktfinder-einbruchschutz-fr","produktfinder-transparenz-fr","produktfinder-geschwindigkeit-fr"],"acf":[],"_links":{"self":[{"href":"https:\/\/www.efaflex.com\/fr\/wp-json\/wp\/v2\/produktdetail\/31466","targetHints":{"allow":["GET"]}}],"collection":[{"href":"https:\/\/www.efaflex.com\/fr\/wp-json\/wp\/v2\/produktdetail"}],"about":[{"href":"https:\/\/www.efaflex.com\/fr\/wp-json\/wp\/v2\/types\/produktdetail"}],"version-history":[{"count":14,"href":"https:\/\/www.efaflex.com\/fr\/wp-json\/wp\/v2\/produktdetail\/31466\/revisions"}],"predecessor-version":[{"id":37155,"href":"https:\/\/www.efaflex.com\/fr\/wp-json\/wp\/v2\/produktdetail\/31466\/revisions\/37155"}],"wp:featuredmedia":[{"embeddable":true,"href":"https:\/\/www.efaflex.com\/fr\/wp-json\/wp\/v2\/media\/31233"}],"wp:attachment":[{"href":"https:\/\/www.efaflex.com\/fr\/wp-json\/wp\/v2\/media?parent=31466"}],"wp:term":[{"taxonomy":"produktdetails","embeddable":true,"href":"https:\/\/www.efaflex.com\/fr\/wp-json\/wp\/v2\/produktdetails?post=31466"},{"taxonomy":"produktfinder","embeddable":true,"href":"https:\/\/www.efaflex.com\/fr\/wp-json\/wp\/v2\/produktfinder?post=31466"},{"taxonomy":"cad-bim-finder","embeddable":true,"href":"https:\/\/www.efaflex.com\/fr\/wp-json\/wp\/v2\/cad-bim-finder?post=31466"}],"curies":[{"name":"wp","href":"https:\/\/api.w.org\/{rel}","templated":true}]}}